{"id":6395,"date":"2024-09-21T10:54:14","date_gmt":"2024-09-21T10:54:14","guid":{"rendered":"https:\/\/www.idermic.es\/?page_id=6395"},"modified":"2024-12-24T12:10:39","modified_gmt":"2024-12-24T12:10:39","slug":"dr-oriol-corral","status":"publish","type":"page","link":"https:\/\/www.idermic.es\/es\/dr-oriol-corral\/","title":{"rendered":"DR. ORIOL CORRAL"},"content":{"rendered":"<p><div class=\"fusion-fullwidth fullwidth-box fusion-builder-row-1 nonhundred-percent-fullwidth non-hundred-percent-height-scrolling\" style=\"--awb-border-radius-top-left:0px;--awb-border-radius-top-right:0px;--awb-border-radius-bottom-right:0px;--awb-border-radius-bottom-left:0px;--awb-padding-top:25px;--awb-flex-wrap:wrap;\" ><div class=\"fusion-builder-row fusion-row\"><div class=\"fusion-layout-column fusion_builder_column fusion-builder-column-0 fusion_builder_column_1_1 1_1 fusion-one-full fusion-column-first fusion-column-last\" style=\"--awb-padding-bottom:40px;--awb-bg-size:cover;\"><div class=\"fusion-column-wrapper fusion-flex-column-wrapper-legacy\"><div class=\"fusion-text fusion-text-1\"><h1 style=\"text-align: center;\">EQUIPO<\/h1>\n<p><img decoding=\"async\" class=\"alignnone size-full wp-image-382 aligncenter\" src=\"https:\/\/www.idermic.es\/wp-content\/uploads\/2019\/01\/glass_green-1.jpg\" alt=\"\" width=\"115\" height=\"2\" srcset=\"https:\/\/www.idermic.es\/wp-content\/uploads\/2019\/01\/glass_green-1-66x2.jpg 66w, https:\/\/www.idermic.es\/wp-content\/uploads\/2019\/01\/glass_green-1.jpg 115w\" sizes=\"(max-width: 115px) 100vw, 115px\" \/><\/p>\n<\/div><div class=\"fusion-clearfix\"><\/div><\/div><\/div><\/div><\/div><div class=\"fusion-fullwidth fullwidth-box fusion-builder-row-2 nonhundred-percent-fullwidth non-hundred-percent-height-scrolling\" style=\"--awb-border-radius-top-left:0px;--awb-border-radius-top-right:0px;--awb-border-radius-bottom-right:0px;--awb-border-radius-bottom-left:0px;--awb-flex-wrap:wrap;\" ><div class=\"fusion-builder-row fusion-row\"><div class=\"fusion-layout-column fusion_builder_column fusion-builder-column-1 fusion_builder_column_1_3 1_3 fusion-one-third fusion-column-first\" style=\"--awb-bg-size:cover;width:33.333333333333%;width:calc(33.333333333333% - ( ( 4% + 4% ) * 0.33333333333333 ) );margin-right: 4%;\"><div class=\"fusion-column-wrapper fusion-flex-column-wrapper-legacy\"><div class=\"fusion-image-element in-legacy-container\" style=\"--awb-caption-title-font-family:var(--h2_typography-font-family);--awb-caption-title-font-weight:var(--h2_typography-font-weight);--awb-caption-title-font-style:var(--h2_typography-font-style);--awb-caption-title-size:var(--h2_typography-font-size);--awb-caption-title-transform:var(--h2_typography-text-transform);--awb-caption-title-line-height:var(--h2_typography-line-height);--awb-caption-title-letter-spacing:var(--h2_typography-letter-spacing);\"><span class=\" fusion-imageframe imageframe-none imageframe-1 hover-type-none\"><img decoding=\"async\" width=\"356\" height=\"2\" title=\"line_green\" src=\"https:\/\/www.idermic.es\/wp-content\/uploads\/2019\/01\/line_green.jpg\" alt class=\"img-responsive wp-image-1002\" srcset=\"https:\/\/www.idermic.es\/wp-content\/uploads\/2019\/01\/line_green-200x1.jpg 200w, https:\/\/www.idermic.es\/wp-content\/uploads\/2019\/01\/line_green.jpg 356w\" sizes=\"(max-width: 800px) 100vw, 356px\" \/><\/span><\/div><div class=\"fusion-title title fusion-title-1 fusion-sep-none fusion-title-text fusion-title-size-two\"><h2 class=\"fusion-title-heading title-heading-left\" style=\"margin:0;\">DR. ORIOL CORRAL<\/h2><\/div><div class=\"fusion-text fusion-text-2\"><p>Especialista en cirug\u00eda pl\u00e1stica, reparadora y est\u00e9tica.<\/p>\n<\/div><div class=\"fusion-image-element in-legacy-container\" style=\"--awb-caption-title-font-family:var(--h2_typography-font-family);--awb-caption-title-font-weight:var(--h2_typography-font-weight);--awb-caption-title-font-style:var(--h2_typography-font-style);--awb-caption-title-size:var(--h2_typography-font-size);--awb-caption-title-transform:var(--h2_typography-text-transform);--awb-caption-title-line-height:var(--h2_typography-line-height);--awb-caption-title-letter-spacing:var(--h2_typography-letter-spacing);\"><span class=\" fusion-imageframe imageframe-none imageframe-2 hover-type-none\"><img decoding=\"async\" width=\"300\" height=\"300\" alt=\"Dr. Oriol Corral. Especialista en dermatolog\u00eda. Cl\u00ednica Idermic Terrassa\" title=\"Dr. Oriol Corral. Especialista en dermatologia\" src=\"https:\/\/www.idermic.es\/wp-content\/uploads\/2023\/04\/Dr.-Oriol-Corral.-Especialista-en-dermatologia-300x300.jpg\" class=\"img-responsive wp-image-5557\" srcset=\"https:\/\/www.idermic.es\/wp-content\/uploads\/2023\/04\/Dr.-Oriol-Corral.-Especialista-en-dermatologia-200x200.jpg 200w, https:\/\/www.idermic.es\/wp-content\/uploads\/2023\/04\/Dr.-Oriol-Corral.-Especialista-en-dermatologia-400x400.jpg 400w, https:\/\/www.idermic.es\/wp-content\/uploads\/2023\/04\/Dr.-Oriol-Corral.-Especialista-en-dermatologia-600x600.jpg 600w, https:\/\/www.idermic.es\/wp-content\/uploads\/2023\/04\/Dr.-Oriol-Corral.-Especialista-en-dermatologia.jpg 747w\" sizes=\"(max-width: 800px) 100vw, 300px\" \/><\/span><\/div><div class=\"fusion-clearfix\"><\/div><\/div><\/div><div class=\"fusion-layout-column fusion_builder_column fusion-builder-column-2 fusion_builder_column_1_3 1_3 fusion-one-third\" style=\"--awb-bg-size:cover;width:33.333333333333%;width:calc(33.333333333333% - ( ( 4% + 4% ) * 0.33333333333333 ) );margin-right: 4%;\"><div class=\"fusion-column-wrapper fusion-flex-column-wrapper-legacy\"><div class=\"fusion-image-element in-legacy-container\" style=\"--awb-caption-title-font-family:var(--h2_typography-font-family);--awb-caption-title-font-weight:var(--h2_typography-font-weight);--awb-caption-title-font-style:var(--h2_typography-font-style);--awb-caption-title-size:var(--h2_typography-font-size);--awb-caption-title-transform:var(--h2_typography-text-transform);--awb-caption-title-line-height:var(--h2_typography-line-height);--awb-caption-title-letter-spacing:var(--h2_typography-letter-spacing);\"><span class=\" fusion-imageframe imageframe-none imageframe-3 hover-type-none\"><img decoding=\"async\" width=\"356\" height=\"2\" title=\"line_green\" src=\"https:\/\/www.idermic.es\/wp-content\/uploads\/2019\/01\/line_green.jpg\" alt class=\"img-responsive wp-image-1002\" srcset=\"https:\/\/www.idermic.es\/wp-content\/uploads\/2019\/01\/line_green-200x1.jpg 200w, https:\/\/www.idermic.es\/wp-content\/uploads\/2019\/01\/line_green.jpg 356w\" sizes=\"(max-width: 800px) 100vw, 356px\" \/><\/span><\/div><div class=\"fusion-text fusion-text-3\"><p>Soy el Dr. Oriol Corral Maga\u00f1a, especialista en dermatolog\u00eda m\u00e9dico-quir\u00fargica y venereolog\u00eda, con una s\u00f3lida trayectoria en el tratamiento de enfermedades de la piel, especialmente en el \u00e1mbito del <a href=\"https:\/\/www.idermic.es\/es\/dermatologia_clinica\/acne\/\">acn\u00e9<\/a>, la <a href=\"https:\/\/www.idermic.es\/es\/rosacea\/\">ros\u00e1cea<\/a>, el <a href=\"https:\/\/www.idermic.es\/es\/dermatologia_clinica\/melasma\/\">melasma<\/a>, el c\u00e1ncer de piel, las lesiones pigmentadas, las enfermedades autoinmunes e hidrosadenitis, as\u00ed como la <a href=\"https:\/\/www.idermic.es\/es\/dermatologia-estetica\/\">dermatolog\u00eda est\u00e9tica<\/a> y el uso de dispositivos l\u00e1ser.<\/p>\n<p>Mi objetivo es ofrecer a cada paciente una atenci\u00f3n completa y personalizada, integrando la rama m\u00e9dico y est\u00e9tica de mi profesi\u00f3n, empleando las t\u00e9cnicas m\u00e1s innovadoras y efectivas.<\/p>\n<p>En iDERMIC, estoy comprometido a ofrecer lo mejor de la dermatolog\u00eda cl\u00ednica y est\u00e9tica y aplicarlo de forma individualizada a cada uno de mis pacientes para proporcionar resultados \u00f3ptimos y duraderos.<\/p>\n<p><strong>Formaci\u00f3n y Especializaci\u00f3n<\/strong>:<\/p>\n<ul>\n<li>Especialista en Dermatolog\u00eda M\u00e9dico-quir\u00fargica y Venereolog\u00eda via MIR, en el Hospital Universitario Son Espases, 2015-209.<\/li>\n<li>Formaci\u00f3n Externa en Hospital Universitari Cl\u00ednic de Barcelona en la Unidad de enfermedades autoinmunes y ampollosas.<\/li>\n<li>Formaci\u00f3n Externa en Hospital Universitario de Leon en el uso de Terapia Fotodin\u00e1mica Intralesional y la unidad de hidrosadenitis.<\/li>\n<li>Formaci\u00f3n avanzada en Dermatolog\u00eda est\u00e9tica, l\u00e1ser y cicatrices mediante cursos, congresos y talleres nacionales e internacionales.<\/li>\n<\/ul>\n<\/div><div class=\"fusion-clearfix\"><\/div><\/div><\/div><div class=\"fusion-layout-column fusion_builder_column fusion-builder-column-3 fusion_builder_column_1_3 1_3 fusion-one-third fusion-column-last\" style=\"--awb-bg-size:cover;width:33.333333333333%;width:calc(33.333333333333% - ( ( 4% + 4% ) * 0.33333333333333 ) );\"><div class=\"fusion-column-wrapper fusion-flex-column-wrapper-legacy\"><div class=\"fusion-image-element in-legacy-container\" style=\"--awb-caption-title-font-family:var(--h2_typography-font-family);--awb-caption-title-font-weight:var(--h2_typography-font-weight);--awb-caption-title-font-style:var(--h2_typography-font-style);--awb-caption-title-size:var(--h2_typography-font-size);--awb-caption-title-transform:var(--h2_typography-text-transform);--awb-caption-title-line-height:var(--h2_typography-line-height);--awb-caption-title-letter-spacing:var(--h2_typography-letter-spacing);\"><span class=\" fusion-imageframe imageframe-none imageframe-4 hover-type-none\"><img decoding=\"async\" width=\"356\" height=\"2\" title=\"line_green\" src=\"https:\/\/www.idermic.es\/wp-content\/uploads\/2019\/01\/line_green.jpg\" alt class=\"img-responsive wp-image-1002\" srcset=\"https:\/\/www.idermic.es\/wp-content\/uploads\/2019\/01\/line_green-200x1.jpg 200w, https:\/\/www.idermic.es\/wp-content\/uploads\/2019\/01\/line_green.jpg 356w\" sizes=\"(max-width: 800px) 100vw, 356px\" \/><\/span><\/div><div class=\"fusion-text fusion-text-4\"><p><strong>RECONOCIMIENTOS Y DISTINCIONES<\/strong><\/p>\n<ul>\n<li>Premio a mejor Residente de su promoci\u00f3n del Hospital Universitari Son Espases 2019.<\/li>\n<li>Responsable de la Unidad de Hidrosadenitis del Hospital Universitario M\u00fatua Terrassa.<\/li>\n<li>Responsable de la Unidad de Enfermedades ampollosas y autoinmunes del Hospital Universitario M\u00fatua de Terrassa.<\/li>\n<li>Miembro de la Academia Espa\u00f1ola de Dermatolog\u00eda y Venereolog\u00eda.<\/li>\n<li>Miembro del Grupo Espa\u00f1ol de Dermatolog\u00eda Quir\u00fargica y Oncolog\u00eda Cut\u00e1nea.<\/li>\n<li>Miembro del Grupo Espa\u00f1ol de Enfermedades Autoinmunes y Sist\u00e9micas.<\/li>\n<li>Miembro del Grupo Espa\u00f1ol de Hidrosadenitis Supurativa.<\/li>\n<\/ul>\n<p><strong>CARGOS ACTUALES<\/strong><\/p>\n<ul>\n<li>M\u00e9dico Adjunto del Servicio de Dermatolog\u00eda del Hospital Universitario M\u00fatua Terrassa.<\/li>\n<li>Dermat\u00f3logo en iDERMIC (desde 2020).<\/li>\n<\/ul>\n<\/div><div class=\"fusion-clearfix\"><\/div><\/div><\/div><div class=\"fusion-layout-column fusion_builder_column fusion-builder-column-4 fusion_builder_column_1_5 1_5 fusion-one-fifth fusion-column-first\" style=\"--awb-bg-size:cover;width:20%;width:calc(20% - ( ( 4% + 4% ) * 0.2 ) );margin-right: 4%;\"><div class=\"fusion-column-wrapper fusion-flex-column-wrapper-legacy\"><div class=\"fusion-clearfix\"><\/div><\/div><\/div><div class=\"fusion-layout-column fusion_builder_column fusion-builder-column-5 fusion_builder_column_3_5 3_5 fusion-three-fifth\" style=\"--awb-bg-size:cover;width:60%;width:calc(60% - ( ( 4% + 4% ) * 0.6 ) );margin-right: 4%;\"><div class=\"fusion-column-wrapper fusion-flex-column-wrapper-legacy\"><div class=\"accordian fusion-accordian\" style=\"--awb-border-size:1px;--awb-icon-size:13px;--awb-content-font-size:15px;--awb-icon-alignment:left;--awb-hover-color:#f9f9f9;--awb-border-color:#cccccc;--awb-background-color:#ffffff;--awb-divider-color:#e0dede;--awb-divider-hover-color:#e0dede;--awb-icon-color:#ffffff;--awb-title-color:#ddbcb0;--awb-content-color:#505050;--awb-icon-box-color:#000000;--awb-toggle-hover-accent-color:#ddbcb0;--awb-title-font-family:&quot;Montserrat&quot;;--awb-title-font-weight:400;--awb-title-font-style:normal;--awb-content-font-family:&quot;Montserrat&quot;;--awb-content-font-style:normal;--awb-content-font-weight:300;\"><div class=\"panel-group fusion-toggle-icon-boxed\" id=\"accordion-6395-1\"><div class=\"fusion-panel panel-default panel-745443badb75809fd fusion-toggle-has-divider\"><div class=\"panel-heading\"><h4 class=\"panel-title toggle\" id=\"toggle_745443badb75809fd\"><a aria-expanded=\"false\" aria-controls=\"745443badb75809fd\" role=\"button\" data-toggle=\"collapse\" data-parent=\"#accordion-6395-1\" data-target=\"#745443badb75809fd\" href=\"#745443badb75809fd\"><span class=\"fusion-toggle-icon-wrapper\" aria-hidden=\"true\"><i class=\"fa-fusion-box active-icon awb-icon-minus\" aria-hidden=\"true\"><\/i><i class=\"fa-fusion-box inactive-icon awb-icon-plus\" aria-hidden=\"true\"><\/i><\/span><span class=\"fusion-toggle-heading\">M\u00e1s informaci\u00f3n<\/span><\/a><\/h4><\/div><div id=\"745443badb75809fd\" class=\"panel-collapse collapse \" aria-labelledby=\"toggle_745443badb75809fd\"><div class=\"panel-body toggle-content fusion-clearfix\">\n<p><strong>Valores y Filosof\u00eda de Atenci\u00f3n<\/strong>:<\/p>\n<p>Eleg\u00ed la especialidad de dermatolog\u00eda por la transversalidad y versatilidad que ofrece m\u00ed especialidad y el gran volumen de pacientes afectos de enfermedades dermatol\u00f3gicas. En mi pr\u00e1ctica diaria, combino el conocimiento cient\u00edfico actualizado con la experiencia que te aporta el trabajo diario. Creo en la valoraci\u00f3n global del paciente, desde un enfoque emp\u00e1tico, cercano, sincero y personalizado.<\/p>\n<p>Mi filosof\u00eda se centra en:<\/p>\n<p><strong>Empat\u00eda y compromiso<\/strong>: escuchar y comprender las inquietudes de cada uno de mis pacientes.<\/p>\n<p><strong>Excelencia cl\u00ednica<\/strong>: manteni\u00e9ndome actualizado mediante revistas, congresos y cursos de los \u00faltimos avances en diagn\u00f3stico y terap\u00e9utica cl\u00ednica y est\u00e9tica. Trabajando rodeado de los mejores profesionales en cada \u00e1rea de su especialidad.<\/p>\n<p><strong>Educar e Informar<\/strong>: ofrecer explicaciones suficientes ante cada caso para poder abordar de manera conjunta con mis pacientes el tratamiento que m\u00e1s se adecua a sus expectativas, buscando la opci\u00f3n m\u00e1s efectiva y segura.<\/p>\n<p><strong>Cuidado Integral<\/strong>: llegando m\u00e1s all\u00e1 del motivo de consulta, enfocando la piel de manera hol\u00edstica, considerando los aspectos m\u00e9dicos y est\u00e9ticos, para mejorar la calidad de vida de mis pacientes.<\/p>\n<\/div><\/div><\/div><\/div><\/div><div class=\"fusion-clearfix\"><\/div><\/div><\/div><div class=\"fusion-layout-column fusion_builder_column fusion-builder-column-6 fusion_builder_column_1_5 1_5 fusion-one-fifth fusion-column-last\" style=\"--awb-bg-size:cover;width:20%;width:calc(20% - ( ( 4% + 4% ) * 0.2 ) );\"><div class=\"fusion-column-wrapper fusion-flex-column-wrapper-legacy\"><div class=\"fusion-clearfix\"><\/div><\/div><\/div><\/div><\/div><div class=\"fusion-fullwidth fullwidth-box fusion-builder-row-3 has-pattern-background has-mask-background nonhundred-percent-fullwidth non-hundred-percent-height-scrolling\" style=\"--awb-border-radius-top-left:0px;--awb-border-radius-top-right:0px;--awb-border-radius-bottom-right:0px;--awb-border-radius-bottom-left:0px;--awb-padding-top:20px;--awb-padding-bottom:32px;--awb-margin-top:48px;--awb-margin-bottom:32px;--awb-flex-wrap:wrap;\" ><div class=\"fusion-builder-row fusion-row\"><div class=\"fusion-layout-column fusion_builder_column fusion-builder-column-7 fusion_builder_column_1_2 1_2 fusion-one-half fusion-column-first fusion-column-inner-bg-wrapper\" style=\"--awb-padding-top:20px;--awb-padding-right:20px;--awb-padding-bottom:20px;--awb-padding-left:60px;--awb-inner-bg-color:#f4d0c2;--awb-inner-bg-color-hover:#f4d0c2;--awb-inner-bg-size:cover;width:50%;width:calc(50% - ( ( 4% ) * 0.5 ) );margin-right: 4%;\" data-scroll-devices=\"small-visibility,medium-visibility,large-visibility\"><span class=\"fusion-column-inner-bg hover-type-none\"><a class=\"fusion-column-anchor\" href=\"https:\/\/www.idermic.es\/es\/financiacion\/\"><span class=\"fusion-column-inner-bg-image\"><\/span><\/a><\/span><div class=\"fusion-column-wrapper fusion-column-has-shadow fusion-flex-column-wrapper-legacy\"><div style=\"text-align:center; max-width: 100%; width: calc(100% - 40px); margin: 0 auto;\">\n  <p style=\"color:white;margin:0;padding:15px 15px 0 15px;background-color:#ddbcb0;font-family:Montserrat;font-size:20px;font-weight:500;letter-spacing:2px;line-height:30px;\">\n    FINAN\u00c7AMENT 0% INTER\u00c8S\n  <\/p>\n  <p style=\"color:white;margin:0;padding:0 15px 15px 15px;background-color:#ddbcb0;font-family:Open Sans;font-size:12px;font-weight:500;letter-spacing:2px;line-height:30px;\">\n    LLEGIR M\u00c9S +\n  <\/p>\n<\/div><div class=\"fusion-clearfix\"><\/div><\/div><\/div><div class=\"fusion-layout-column fusion_builder_column fusion-builder-column-8 fusion_builder_column_1_2 1_2 fusion-one-half fusion-column-last fusion-column-inner-bg-wrapper\" style=\"--awb-padding-top:20px;--awb-padding-right:20px;--awb-padding-bottom:20px;--awb-padding-left:60px;--awb-inner-bg-color:#f4d0c2;--awb-inner-bg-color-hover:#f4d0c2;--awb-inner-bg-size:cover;width:50%;width:calc(50% - ( ( 4% ) * 0.5 ) );\" data-scroll-devices=\"small-visibility,medium-visibility,large-visibility\"><span class=\"fusion-column-inner-bg hover-type-none\"><a class=\"fusion-column-anchor\" href=\"https:\/\/www.idermic.es\/es\/preguntas-frecuentes\/\"><span class=\"fusion-column-inner-bg-image\"><\/span><\/a><\/span><div class=\"fusion-column-wrapper fusion-column-has-shadow fusion-flex-column-wrapper-legacy\"><div style=\"text-align:center; max-width: 100%; width: calc(100% - 40px); margin: 0 auto;\">\n  <p style=\"color:white;margin:0;padding:15px 15px 0 15px;background-color:#ddbcb0;font-family:Montserrat;font-size:20px;font-weight:500;letter-spacing:2px;line-height:30px;\">\n    PREGUNTES FREQ\u00dcENTS \n  <\/p>\n  <p style=\"color:white;margin:0;padding:0 15px 15px 15px;background-color:#ddbcb0;font-family:Open Sans;font-size:12px;font-weight:500;letter-spacing:2px;line-height:30px;\">\n    LLEGIR M\u00c9S +\n  <\/p>\n<\/div><div class=\"fusion-clearfix\"><\/div><\/div><\/div><\/div><\/div>\n<\/p>\n","protected":false},"excerpt":{"rendered":"","protected":false},"author":2,"featured_media":5557,"parent":0,"menu_order":0,"comment_status":"closed","ping_status":"closed","template":"","meta":{"_joinchat":[],"footnotes":""},"class_list":["post-6395","page","type-page","status-publish","has-post-thumbnail","hentry"],"yoast_head":"<!-- This site is optimized with the Yoast SEO plugin v28.4 - https:\/\/yoast.com\/product\/yoast-seo-wordpress\/ -->\n<title>DR. ORIOL CORRAL - Idermic. Dermatolog\u00eda en Terrassa<\/title>\n<meta name=\"description\" content=\"El Dr. Oriol Corral es especialista en dermatolog\u00eda m\u00e9dico-quir\u00fargica y venereolog\u00eda en la Cl\u00ednica Dermatol\u00f3gica Idermic de Terrassa.\" \/>\n<meta name=\"robots\" content=\"index, follow, max-snippet:-1, max-image-preview:large, max-video-preview:-1\" \/>\n<link rel=\"canonical\" href=\"https:\/\/www.idermic.es\/es\/dr-oriol-corral\/\" \/>\n<meta property=\"og:locale\" content=\"es_ES\" \/>\n<meta property=\"og:type\" content=\"article\" \/>\n<meta property=\"og:title\" content=\"DR. ORIOL CORRAL - Idermic. Dermatolog\u00eda en Terrassa\" \/>\n<meta property=\"og:description\" content=\"El Dr. Oriol Corral es especialista en dermatolog\u00eda m\u00e9dico-quir\u00fargica y venereolog\u00eda en la Cl\u00ednica Dermatol\u00f3gica Idermic de Terrassa.\" \/>\n<meta property=\"og:url\" content=\"https:\/\/www.idermic.es\/es\/dr-oriol-corral\/\" \/>\n<meta property=\"og:site_name\" content=\"Idermic. Dermatolog\u00eda en Terrassa\" \/>\n<meta property=\"article:publisher\" content=\"https:\/\/www.facebook.com\/Idermic\" \/>\n<meta property=\"article:modified_time\" content=\"2024-12-24T12:10:39+00:00\" \/>\n<meta property=\"og:image\" content=\"https:\/\/www.idermic.es\/wp-content\/uploads\/2023\/04\/Dr.-Oriol-Corral.-Especialista-en-dermatologia.jpg\" \/>\n\t<meta property=\"og:image:width\" content=\"747\" \/>\n\t<meta property=\"og:image:height\" content=\"747\" \/>\n\t<meta property=\"og:image:type\" content=\"image\/jpeg\" \/>\n<meta name=\"twitter:card\" content=\"summary_large_image\" \/>\n<meta name=\"twitter:site\" content=\"@idermic\" \/>\n<meta name=\"twitter:label1\" content=\"Tiempo de lectura\" \/>\n\t<meta name=\"twitter:data1\" content=\"7 minutos\" \/>\n<script type=\"application\/ld+json\" class=\"yoast-schema-graph\">{\"@context\":\"https:\\\/\\\/schema.org\",\"@graph\":[{\"@type\":\"WebPage\",\"@id\":\"https:\\\/\\\/www.idermic.es\\\/es\\\/dr-oriol-corral\\\/\",\"url\":\"https:\\\/\\\/www.idermic.es\\\/es\\\/dr-oriol-corral\\\/\",\"name\":\"DR. ORIOL CORRAL - Idermic. Dermatolog\u00eda en Terrassa\",\"isPartOf\":{\"@id\":\"https:\\\/\\\/www.idermic.es\\\/#website\"},\"primaryImageOfPage\":{\"@id\":\"https:\\\/\\\/www.idermic.es\\\/es\\\/dr-oriol-corral\\\/#primaryimage\"},\"image\":{\"@id\":\"https:\\\/\\\/www.idermic.es\\\/es\\\/dr-oriol-corral\\\/#primaryimage\"},\"thumbnailUrl\":\"https:\\\/\\\/www.idermic.es\\\/wp-content\\\/uploads\\\/2023\\\/04\\\/Dr.-Oriol-Corral.-Especialista-en-dermatologia.jpg\",\"datePublished\":\"2024-09-21T10:54:14+00:00\",\"dateModified\":\"2024-12-24T12:10:39+00:00\",\"description\":\"El Dr. Oriol Corral es especialista en dermatolog\u00eda m\u00e9dico-quir\u00fargica y venereolog\u00eda en la Cl\u00ednica Dermatol\u00f3gica Idermic de Terrassa.\",\"breadcrumb\":{\"@id\":\"https:\\\/\\\/www.idermic.es\\\/es\\\/dr-oriol-corral\\\/#breadcrumb\"},\"inLanguage\":\"es\",\"potentialAction\":[{\"@type\":\"ReadAction\",\"target\":[\"https:\\\/\\\/www.idermic.es\\\/es\\\/dr-oriol-corral\\\/\"]}]},{\"@type\":\"ImageObject\",\"inLanguage\":\"es\",\"@id\":\"https:\\\/\\\/www.idermic.es\\\/es\\\/dr-oriol-corral\\\/#primaryimage\",\"url\":\"https:\\\/\\\/www.idermic.es\\\/wp-content\\\/uploads\\\/2023\\\/04\\\/Dr.-Oriol-Corral.-Especialista-en-dermatologia.jpg\",\"contentUrl\":\"https:\\\/\\\/www.idermic.es\\\/wp-content\\\/uploads\\\/2023\\\/04\\\/Dr.-Oriol-Corral.-Especialista-en-dermatologia.jpg\",\"width\":747,\"height\":747,\"caption\":\"Dr. Oriol Corral. Especialista en dermatolog\u00eda. Cl\u00ednica Idermic Terrassa\"},{\"@type\":\"BreadcrumbList\",\"@id\":\"https:\\\/\\\/www.idermic.es\\\/es\\\/dr-oriol-corral\\\/#breadcrumb\",\"itemListElement\":[{\"@type\":\"ListItem\",\"position\":1,\"name\":\"Inici\",\"item\":\"https:\\\/\\\/www.idermic.es\\\/es\\\/\"},{\"@type\":\"ListItem\",\"position\":2,\"name\":\"DR. ORIOL CORRAL\"}]},{\"@type\":\"WebSite\",\"@id\":\"https:\\\/\\\/www.idermic.es\\\/#website\",\"url\":\"https:\\\/\\\/www.idermic.es\\\/\",\"name\":\"Idermic. Dermatolog\u00eda en Terrassa\",\"description\":\"Dermatolog\u00eda, Medicina est\u00e9tica, Cirurg\u00eda Pl\u00e0stica\",\"publisher\":{\"@id\":\"https:\\\/\\\/www.idermic.es\\\/#organization\"},\"potentialAction\":[{\"@type\":\"SearchAction\",\"target\":{\"@type\":\"EntryPoint\",\"urlTemplate\":\"https:\\\/\\\/www.idermic.es\\\/?s={search_term_string}\"},\"query-input\":{\"@type\":\"PropertyValueSpecification\",\"valueRequired\":true,\"valueName\":\"search_term_string\"}}],\"inLanguage\":\"es\"},{\"@type\":\"Organization\",\"@id\":\"https:\\\/\\\/www.idermic.es\\\/#organization\",\"name\":\"Idermic. Dermatolog\u00eda en Terrassa\",\"url\":\"https:\\\/\\\/www.idermic.es\\\/\",\"logo\":{\"@type\":\"ImageObject\",\"inLanguage\":\"es\",\"@id\":\"https:\\\/\\\/www.idermic.es\\\/#\\\/schema\\\/logo\\\/image\\\/\",\"url\":\"https:\\\/\\\/www.idermic.es\\\/wp-content\\\/uploads\\\/2025\\\/10\\\/Logo-Idermic.jpg\",\"contentUrl\":\"https:\\\/\\\/www.idermic.es\\\/wp-content\\\/uploads\\\/2025\\\/10\\\/Logo-Idermic.jpg\",\"width\":501,\"height\":502,\"caption\":\"Idermic. Dermatolog\u00eda en Terrassa\"},\"image\":{\"@id\":\"https:\\\/\\\/www.idermic.es\\\/#\\\/schema\\\/logo\\\/image\\\/\"},\"sameAs\":[\"https:\\\/\\\/www.facebook.com\\\/Idermic\",\"https:\\\/\\\/x.com\\\/idermic\",\"https:\\\/\\\/www.instagram.com\\\/idermicclinic\\\/\",\"https:\\\/\\\/www.youtube.com\\\/channel\\\/UCyAHC9-p8lc6hr_nguO8p_g\"]}]}<\/script>\n<!-- \/ Yoast SEO plugin. -->","yoast_head_json":{"title":"DR. ORIOL CORRAL - Idermic. Dermatolog\u00eda en Terrassa","description":"El Dr. Oriol Corral es especialista en dermatolog\u00eda m\u00e9dico-quir\u00fargica y venereolog\u00eda en la Cl\u00ednica Dermatol\u00f3gica Idermic de Terrassa.","robots":{"index":"index","follow":"follow","max-snippet":"max-snippet:-1","max-image-preview":"max-image-preview:large","max-video-preview":"max-video-preview:-1"},"canonical":"https:\/\/www.idermic.es\/es\/dr-oriol-corral\/","og_locale":"es_ES","og_type":"article","og_title":"DR. ORIOL CORRAL - Idermic. Dermatolog\u00eda en Terrassa","og_description":"El Dr. Oriol Corral es especialista en dermatolog\u00eda m\u00e9dico-quir\u00fargica y venereolog\u00eda en la Cl\u00ednica Dermatol\u00f3gica Idermic de Terrassa.","og_url":"https:\/\/www.idermic.es\/es\/dr-oriol-corral\/","og_site_name":"Idermic. Dermatolog\u00eda en Terrassa","article_publisher":"https:\/\/www.facebook.com\/Idermic","article_modified_time":"2024-12-24T12:10:39+00:00","og_image":[{"width":747,"height":747,"url":"https:\/\/www.idermic.es\/wp-content\/uploads\/2023\/04\/Dr.-Oriol-Corral.-Especialista-en-dermatologia.jpg","type":"image\/jpeg"}],"twitter_card":"summary_large_image","twitter_site":"@idermic","twitter_misc":{"Tiempo de lectura":"7 minutos"},"schema":{"@context":"https:\/\/schema.org","@graph":[{"@type":"WebPage","@id":"https:\/\/www.idermic.es\/es\/dr-oriol-corral\/","url":"https:\/\/www.idermic.es\/es\/dr-oriol-corral\/","name":"DR. ORIOL CORRAL - Idermic. Dermatolog\u00eda en Terrassa","isPartOf":{"@id":"https:\/\/www.idermic.es\/#website"},"primaryImageOfPage":{"@id":"https:\/\/www.idermic.es\/es\/dr-oriol-corral\/#primaryimage"},"image":{"@id":"https:\/\/www.idermic.es\/es\/dr-oriol-corral\/#primaryimage"},"thumbnailUrl":"https:\/\/www.idermic.es\/wp-content\/uploads\/2023\/04\/Dr.-Oriol-Corral.-Especialista-en-dermatologia.jpg","datePublished":"2024-09-21T10:54:14+00:00","dateModified":"2024-12-24T12:10:39+00:00","description":"El Dr. Oriol Corral es especialista en dermatolog\u00eda m\u00e9dico-quir\u00fargica y venereolog\u00eda en la Cl\u00ednica Dermatol\u00f3gica Idermic de Terrassa.","breadcrumb":{"@id":"https:\/\/www.idermic.es\/es\/dr-oriol-corral\/#breadcrumb"},"inLanguage":"es","potentialAction":[{"@type":"ReadAction","target":["https:\/\/www.idermic.es\/es\/dr-oriol-corral\/"]}]},{"@type":"ImageObject","inLanguage":"es","@id":"https:\/\/www.idermic.es\/es\/dr-oriol-corral\/#primaryimage","url":"https:\/\/www.idermic.es\/wp-content\/uploads\/2023\/04\/Dr.-Oriol-Corral.-Especialista-en-dermatologia.jpg","contentUrl":"https:\/\/www.idermic.es\/wp-content\/uploads\/2023\/04\/Dr.-Oriol-Corral.-Especialista-en-dermatologia.jpg","width":747,"height":747,"caption":"Dr. Oriol Corral. Especialista en dermatolog\u00eda. Cl\u00ednica Idermic Terrassa"},{"@type":"BreadcrumbList","@id":"https:\/\/www.idermic.es\/es\/dr-oriol-corral\/#breadcrumb","itemListElement":[{"@type":"ListItem","position":1,"name":"Inici","item":"https:\/\/www.idermic.es\/es\/"},{"@type":"ListItem","position":2,"name":"DR. ORIOL CORRAL"}]},{"@type":"WebSite","@id":"https:\/\/www.idermic.es\/#website","url":"https:\/\/www.idermic.es\/","name":"Idermic. Dermatolog\u00eda en Terrassa","description":"Dermatolog\u00eda, Medicina est\u00e9tica, Cirurg\u00eda Pl\u00e0stica","publisher":{"@id":"https:\/\/www.idermic.es\/#organization"},"potentialAction":[{"@type":"SearchAction","target":{"@type":"EntryPoint","urlTemplate":"https:\/\/www.idermic.es\/?s={search_term_string}"},"query-input":{"@type":"PropertyValueSpecification","valueRequired":true,"valueName":"search_term_string"}}],"inLanguage":"es"},{"@type":"Organization","@id":"https:\/\/www.idermic.es\/#organization","name":"Idermic. Dermatolog\u00eda en Terrassa","url":"https:\/\/www.idermic.es\/","logo":{"@type":"ImageObject","inLanguage":"es","@id":"https:\/\/www.idermic.es\/#\/schema\/logo\/image\/","url":"https:\/\/www.idermic.es\/wp-content\/uploads\/2025\/10\/Logo-Idermic.jpg","contentUrl":"https:\/\/www.idermic.es\/wp-content\/uploads\/2025\/10\/Logo-Idermic.jpg","width":501,"height":502,"caption":"Idermic. Dermatolog\u00eda en Terrassa"},"image":{"@id":"https:\/\/www.idermic.es\/#\/schema\/logo\/image\/"},"sameAs":["https:\/\/www.facebook.com\/Idermic","https:\/\/x.com\/idermic","https:\/\/www.instagram.com\/idermicclinic\/","https:\/\/www.youtube.com\/channel\/UCyAHC9-p8lc6hr_nguO8p_g"]}]}},"_links":{"self":[{"href":"https:\/\/www.idermic.es\/es\/wp-json\/wp\/v2\/pages\/6395","targetHints":{"allow":["GET"]}}],"collection":[{"href":"https:\/\/www.idermic.es\/es\/wp-json\/wp\/v2\/pages"}],"about":[{"href":"https:\/\/www.idermic.es\/es\/wp-json\/wp\/v2\/types\/page"}],"author":[{"embeddable":true,"href":"https:\/\/www.idermic.es\/es\/wp-json\/wp\/v2\/users\/2"}],"replies":[{"embeddable":true,"href":"https:\/\/www.idermic.es\/es\/wp-json\/wp\/v2\/comments?post=6395"}],"version-history":[{"count":2,"href":"https:\/\/www.idermic.es\/es\/wp-json\/wp\/v2\/pages\/6395\/revisions"}],"predecessor-version":[{"id":6723,"href":"https:\/\/www.idermic.es\/es\/wp-json\/wp\/v2\/pages\/6395\/revisions\/6723"}],"wp:featuredmedia":[{"embeddable":true,"href":"https:\/\/www.idermic.es\/es\/wp-json\/wp\/v2\/media\/5557"}],"wp:attachment":[{"href":"https:\/\/www.idermic.es\/es\/wp-json\/wp\/v2\/media?parent=6395"}],"curies":[{"name":"wp","href":"https:\/\/api.w.org\/{rel}","templated":true}]}}