{"id":6318,"date":"2024-09-02T11:31:58","date_gmt":"2024-09-02T11:31:58","guid":{"rendered":"https:\/\/www.idermic.es\/?page_id=6318"},"modified":"2024-11-05T11:12:52","modified_gmt":"2024-11-05T11:12:52","slug":"dra-raquel-campos","status":"publish","type":"page","link":"https:\/\/www.idermic.es\/es\/dra-raquel-campos\/","title":{"rendered":"DRA. RAQUEL CAMPOS"},"content":{"rendered":"<p><div class=\"fusion-fullwidth fullwidth-box fusion-builder-row-1 nonhundred-percent-fullwidth non-hundred-percent-height-scrolling\" style=\"--awb-border-radius-top-left:0px;--awb-border-radius-top-right:0px;--awb-border-radius-bottom-right:0px;--awb-border-radius-bottom-left:0px;--awb-padding-top:25px;--awb-flex-wrap:wrap;\" ><div class=\"fusion-builder-row fusion-row\"><div class=\"fusion-layout-column fusion_builder_column fusion-builder-column-0 fusion_builder_column_1_1 1_1 fusion-one-full fusion-column-first fusion-column-last\" style=\"--awb-padding-bottom:40px;--awb-bg-size:cover;\"><div class=\"fusion-column-wrapper fusion-flex-column-wrapper-legacy\"><div class=\"fusion-text fusion-text-1\"><h1 style=\"text-align: center;\">EQUIPO<\/h1>\n<p><img decoding=\"async\" class=\"alignnone size-full wp-image-382 aligncenter\" src=\"https:\/\/www.idermic.es\/wp-content\/uploads\/2019\/01\/glass_green-1.jpg\" alt=\"\" width=\"115\" height=\"2\" srcset=\"https:\/\/www.idermic.es\/wp-content\/uploads\/2019\/01\/glass_green-1-66x2.jpg 66w, https:\/\/www.idermic.es\/wp-content\/uploads\/2019\/01\/glass_green-1.jpg 115w\" sizes=\"(max-width: 115px) 100vw, 115px\" \/><\/p>\n<\/div><div class=\"fusion-clearfix\"><\/div><\/div><\/div><\/div><\/div><div class=\"fusion-fullwidth fullwidth-box fusion-builder-row-2 nonhundred-percent-fullwidth non-hundred-percent-height-scrolling\" style=\"--awb-border-radius-top-left:0px;--awb-border-radius-top-right:0px;--awb-border-radius-bottom-right:0px;--awb-border-radius-bottom-left:0px;--awb-flex-wrap:wrap;\" ><div class=\"fusion-builder-row fusion-row\"><div class=\"fusion-layout-column fusion_builder_column fusion-builder-column-1 fusion_builder_column_1_3 1_3 fusion-one-third fusion-column-first\" style=\"--awb-bg-size:cover;width:33.333333333333%;width:calc(33.333333333333% - ( ( 4% + 4% ) * 0.33333333333333 ) );margin-right: 4%;\"><div class=\"fusion-column-wrapper fusion-flex-column-wrapper-legacy\"><div class=\"fusion-image-element in-legacy-container\" style=\"--awb-caption-title-font-family:var(--h2_typography-font-family);--awb-caption-title-font-weight:var(--h2_typography-font-weight);--awb-caption-title-font-style:var(--h2_typography-font-style);--awb-caption-title-size:var(--h2_typography-font-size);--awb-caption-title-transform:var(--h2_typography-text-transform);--awb-caption-title-line-height:var(--h2_typography-line-height);--awb-caption-title-letter-spacing:var(--h2_typography-letter-spacing);\"><span class=\" fusion-imageframe imageframe-none imageframe-1 hover-type-none\"><img decoding=\"async\" width=\"356\" height=\"2\" title=\"line_green\" src=\"https:\/\/www.idermic.es\/wp-content\/uploads\/2019\/01\/line_green.jpg\" alt class=\"img-responsive wp-image-1002\" srcset=\"https:\/\/www.idermic.es\/wp-content\/uploads\/2019\/01\/line_green-200x1.jpg 200w, https:\/\/www.idermic.es\/wp-content\/uploads\/2019\/01\/line_green.jpg 356w\" sizes=\"(max-width: 800px) 100vw, 356px\" \/><\/span><\/div><div class=\"fusion-title title fusion-title-1 fusion-sep-none fusion-title-text fusion-title-size-two\"><h2 class=\"fusion-title-heading title-heading-left\" style=\"margin:0;\">DRA. RAQUEL CAMPOS<\/h2><\/div><div class=\"fusion-text fusion-text-2\"><p>Especialista en Ginecolog\u00eda y Sexolog\u00eda<\/p>\n<\/div><div class=\"fusion-image-element in-legacy-container\" style=\"--awb-caption-title-font-family:var(--h2_typography-font-family);--awb-caption-title-font-weight:var(--h2_typography-font-weight);--awb-caption-title-font-style:var(--h2_typography-font-style);--awb-caption-title-size:var(--h2_typography-font-size);--awb-caption-title-transform:var(--h2_typography-text-transform);--awb-caption-title-line-height:var(--h2_typography-line-height);--awb-caption-title-letter-spacing:var(--h2_typography-letter-spacing);\"><span class=\" fusion-imageframe imageframe-none imageframe-2 hover-type-none\"><img decoding=\"async\" width=\"300\" height=\"300\" alt=\"Dra. Raquel Campos. Ginec\u00f3loga en Idermic. Foto de la Dra. Campos\" title=\"Dra. Raquel Campos. Ginec\u00f3loga en Idermic\" src=\"https:\/\/www.idermic.es\/wp-content\/uploads\/2024\/08\/Dra.-Raquel-Campos.-Ginecologa-en-Idermic-300x300.jpg\" class=\"img-responsive wp-image-6225\" srcset=\"https:\/\/www.idermic.es\/wp-content\/uploads\/2024\/08\/Dra.-Raquel-Campos.-Ginecologa-en-Idermic-200x200.jpg 200w, https:\/\/www.idermic.es\/wp-content\/uploads\/2024\/08\/Dra.-Raquel-Campos.-Ginecologa-en-Idermic.jpg 400w\" sizes=\"(max-width: 800px) 100vw, 300px\" \/><\/span><\/div><div class=\"fusion-clearfix\"><\/div><\/div><\/div><div class=\"fusion-layout-column fusion_builder_column fusion-builder-column-2 fusion_builder_column_1_3 1_3 fusion-one-third\" style=\"--awb-bg-size:cover;width:33.333333333333%;width:calc(33.333333333333% - ( ( 4% + 4% ) * 0.33333333333333 ) );margin-right: 4%;\"><div class=\"fusion-column-wrapper fusion-flex-column-wrapper-legacy\"><div class=\"fusion-image-element in-legacy-container\" style=\"--awb-caption-title-font-family:var(--h2_typography-font-family);--awb-caption-title-font-weight:var(--h2_typography-font-weight);--awb-caption-title-font-style:var(--h2_typography-font-style);--awb-caption-title-size:var(--h2_typography-font-size);--awb-caption-title-transform:var(--h2_typography-text-transform);--awb-caption-title-line-height:var(--h2_typography-line-height);--awb-caption-title-letter-spacing:var(--h2_typography-letter-spacing);\"><span class=\" fusion-imageframe imageframe-none imageframe-3 hover-type-none\"><img decoding=\"async\" width=\"356\" height=\"2\" title=\"line_green\" src=\"https:\/\/www.idermic.es\/wp-content\/uploads\/2019\/01\/line_green.jpg\" alt class=\"img-responsive wp-image-1002\" srcset=\"https:\/\/www.idermic.es\/wp-content\/uploads\/2019\/01\/line_green-200x1.jpg 200w, https:\/\/www.idermic.es\/wp-content\/uploads\/2019\/01\/line_green.jpg 356w\" sizes=\"(max-width: 800px) 100vw, 356px\" \/><\/span><\/div><div class=\"fusion-text fusion-text-3\"><p>Soy la Dra. Raquel Campos Caballero, ginec\u00f3loga y sex\u00f3loga, con una s\u00f3lida trayectoria en el tratamiento de enfermedades ginecol\u00f3gicas y especialista en suelo p\u00e9lvico y menopausia.<\/p>\n<p>Mi trayectoria profesional se ha forjado a trav\u00e9s de una s\u00f3lida formaci\u00f3n acad\u00e9mica y a\u00f1os de experiencia dedicados a la salud integral de la mujer. Mi enfoque combina la ciencia m\u00e9dica con una atenci\u00f3n personalizada, abordando tanto aspectos ginecol\u00f3gicos como la salud sexual de mis pacientes.<\/p>\n<p>En iDERMiC estoy comprometida con ofrecer soluciones innovadoras que promuevan no solo la salud, sino tambi\u00e9n el bienestar emocional y f\u00edsico de cada mujer que conf\u00eda en m\u00ed.<\/p>\n<p><strong>Formaci\u00f3n y Especializaci\u00f3n<\/strong>:<\/p>\n<p>Especialista en Ginecolog\u00eda y Obstetricia, Fundaci\u00f3 Hospital \/ Asil General de Granollers (2001).<br \/>\nNivel III de Ecograf\u00eda, Hospital Cl\u00ednic de Barcelona (2004).<br \/>\nM\u00e1ster en Sexolog\u00eda Cl\u00ednica, Universitat de Barcelona (2014-2016).<br \/>\nFormaci\u00f3n en aplicaciones m\u00e9dico-quir\u00fargicas del l\u00e1ser en salud de la mujer.<br \/>\nFormaci\u00f3n en hormonas bioid\u00e9nticas y modulaci\u00f3n de la salud hormonal sist\u00e9mica.<\/p>\n<\/div><div class=\"fusion-clearfix\"><\/div><\/div><\/div><div class=\"fusion-layout-column fusion_builder_column fusion-builder-column-3 fusion_builder_column_1_3 1_3 fusion-one-third fusion-column-last\" style=\"--awb-bg-size:cover;width:33.333333333333%;width:calc(33.333333333333% - ( ( 4% + 4% ) * 0.33333333333333 ) );\"><div class=\"fusion-column-wrapper fusion-flex-column-wrapper-legacy\"><div class=\"fusion-image-element in-legacy-container\" style=\"--awb-caption-title-font-family:var(--h2_typography-font-family);--awb-caption-title-font-weight:var(--h2_typography-font-weight);--awb-caption-title-font-style:var(--h2_typography-font-style);--awb-caption-title-size:var(--h2_typography-font-size);--awb-caption-title-transform:var(--h2_typography-text-transform);--awb-caption-title-line-height:var(--h2_typography-line-height);--awb-caption-title-letter-spacing:var(--h2_typography-letter-spacing);\"><span class=\" fusion-imageframe imageframe-none imageframe-4 hover-type-none\"><img decoding=\"async\" width=\"356\" height=\"2\" title=\"line_green\" src=\"https:\/\/www.idermic.es\/wp-content\/uploads\/2019\/01\/line_green.jpg\" alt class=\"img-responsive wp-image-1002\" srcset=\"https:\/\/www.idermic.es\/wp-content\/uploads\/2019\/01\/line_green-200x1.jpg 200w, https:\/\/www.idermic.es\/wp-content\/uploads\/2019\/01\/line_green.jpg 356w\" sizes=\"(max-width: 800px) 100vw, 356px\" \/><\/span><\/div><div class=\"fusion-text fusion-text-4\"><p><strong>Experiencia Profesional<\/strong>:<\/p>\n<p>Miembro de la Unidad de Diagn\u00f3stico Prenatal en el Hospital Sant Joan D\u00e9u de Martorell (2004-2013).<\/p>\n<p>Miembro de la Unidad de Suelo P\u00e9lvico en el Hospital Sant Joan D\u00e9u Martorell (2002-2013).<\/p>\n<p>Ginec\u00f3loga en el Servicio de Ginecolog\u00eda y Obstetricia, Cl\u00ednica del Vall\u00e9s, grupo Quir\u00f3n (2010-2018).<\/p>\n<p>Actualmente, ejerciendo actividad privada en ginecolog\u00eda, obstetricia, sexolog\u00eda y ginecolog\u00eda regenerativa en centros m\u00e9dicos en Sabadell, as\u00ed como en iDERMIC y IM CLINIC, donde soy responsable de la Unidad de la Mujer Proaging.<\/p>\n<p><strong>Cargos Actuales<\/strong>:<\/p>\n<p class=\"MsoNormal\">Vocal de sexolog\u00eda en la Sociedad Espa\u00f1ola de Ginecolog\u00eda Est\u00e9tica, Regenerativa y Funcional (SEGERF) (2017-2023).<\/p>\n<p class=\"MsoNormal\">Presidenta de SEGERF (2023-Actualidad).<\/p>\n<\/div><div class=\"fusion-clearfix\"><\/div><\/div><\/div><div class=\"fusion-layout-column fusion_builder_column fusion-builder-column-4 fusion_builder_column_1_5 1_5 fusion-one-fifth fusion-column-first\" style=\"--awb-bg-size:cover;width:20%;width:calc(20% - ( ( 4% + 4% ) * 0.2 ) );margin-right: 4%;\"><div class=\"fusion-column-wrapper fusion-flex-column-wrapper-legacy\"><div class=\"fusion-clearfix\"><\/div><\/div><\/div><div class=\"fusion-layout-column fusion_builder_column fusion-builder-column-5 fusion_builder_column_3_5 3_5 fusion-three-fifth\" style=\"--awb-bg-size:cover;width:60%;width:calc(60% - ( ( 4% + 4% ) * 0.6 ) );margin-right: 4%;\"><div class=\"fusion-column-wrapper fusion-flex-column-wrapper-legacy\"><div class=\"accordian fusion-accordian\" style=\"--awb-border-size:1px;--awb-icon-size:13px;--awb-content-font-size:15px;--awb-icon-alignment:left;--awb-hover-color:#f9f9f9;--awb-border-color:#cccccc;--awb-background-color:#ffffff;--awb-divider-color:#e0dede;--awb-divider-hover-color:#e0dede;--awb-icon-color:#ffffff;--awb-title-color:#ddbcb0;--awb-content-color:#505050;--awb-icon-box-color:#000000;--awb-toggle-hover-accent-color:#ddbcb0;--awb-title-font-family:&quot;Montserrat&quot;;--awb-title-font-weight:400;--awb-title-font-style:normal;--awb-content-font-family:&quot;Montserrat&quot;;--awb-content-font-style:normal;--awb-content-font-weight:300;\"><div class=\"panel-group fusion-toggle-icon-boxed\" id=\"accordion-6318-1\"><div class=\"fusion-panel panel-default panel-991e7361fbbde848a fusion-toggle-has-divider\"><div class=\"panel-heading\"><h4 class=\"panel-title toggle\" id=\"toggle_991e7361fbbde848a\"><a aria-expanded=\"false\" aria-controls=\"991e7361fbbde848a\" role=\"button\" data-toggle=\"collapse\" data-parent=\"#accordion-6318-1\" data-target=\"#991e7361fbbde848a\" href=\"#991e7361fbbde848a\"><span class=\"fusion-toggle-icon-wrapper\" aria-hidden=\"true\"><i class=\"fa-fusion-box active-icon awb-icon-minus\" aria-hidden=\"true\"><\/i><i class=\"fa-fusion-box inactive-icon awb-icon-plus\" aria-hidden=\"true\"><\/i><\/span><span class=\"fusion-toggle-heading\">M\u00e1s informaci\u00f3n<\/span><\/a><\/h4><\/div><div id=\"991e7361fbbde848a\" class=\"panel-collapse collapse \" aria-labelledby=\"toggle_991e7361fbbde848a\"><div class=\"panel-body toggle-content fusion-clearfix\">\n<p><strong>Valores y Filosof\u00eda de Atenci\u00f3n<\/strong>:<\/p>\n<p>Desde el inicio de mi carrera, me ha impulsado la convicci\u00f3n de que cada paciente es \u00fanica, con su propia historia, presente y expectativas de futuro. Acompa\u00f1ar a las mujeres en diferentes etapas de su vida me brinda la oportunidad de ayudarlas de manera integral, motivo por el cual eleg\u00ed esta especialidad.<\/p>\n<p>Uno de los aspectos fundamentales de mi pr\u00e1ctica es el conocimiento del paciente. Creo firmemente que solo mediante un conocimiento profundo y personalizado de la mujer, en todas sus dimensiones\u2014f\u00edsica, emocional y social\u2014, es posible ofrecer un tratamiento que no solo aborde los s\u00edntomas, sino que tambi\u00e9n mejore su calidad de vida en un sentido m\u00e1s amplio.<\/p>\n<p>Este compromiso con la personalizaci\u00f3n del tratamiento me ha llevado a especializarme no solo en ginecolog\u00eda, sino tambi\u00e9n en sexolog\u00eda y ginecolog\u00eda regenerativa, \u00e1reas que me permiten brindar una atenci\u00f3n m\u00e1s completa y adaptada a las necesidades individuales.<\/p>\n<p>El empoderamiento de las paciente es otro pilar de mi filosof\u00eda. Considero esencial que las mujeres se sientan informadas y seguras en sus decisiones relacionadas con su salud. Por ello, dedico tiempo a educar a mis pacientes sobre sus opciones, explicando cada procedimiento y sus beneficios con claridad y transparencia.<\/p>\n<p>Mi objetivo es que cada mujer sienta que tiene el control sobre su propio cuerpo y su salud, facilitando su participaci\u00f3n activa en el proceso de cuidado.<\/p>\n<p>Finalmente, mi enfoque en la ginecolog\u00eda regenerativa refleja mi compromiso con una visi\u00f3n integral de la salud femenina. Este campo emergente ofrece soluciones que no solo tratan, sino que tambi\u00e9n previenen y mejoran las condiciones relacionadas con el envejecimiento y otros factores que afectan la salud ginecol\u00f3gica. Utilizando t\u00e9cnicas de vanguardia, como el l\u00e1ser, busco no solo tratar s\u00edntomas, sino revitalizar y regenerar el cuerpo femenino, promoviendo un bienestar duradero.<\/p>\n<p>En resumen, mi filosof\u00eda de atenci\u00f3n se basa en una combinaci\u00f3n de ciencia, empat\u00eda y personalizaci\u00f3n, con el objetivo de acompa\u00f1ar a cada mujer en su camino hacia una vida saludable y plena.<\/p>\n<p>Estoy en iDERMiC para ofrecerte una atenci\u00f3n m\u00e9dica completa y emp\u00e1tica, siempre actualizada con los \u00faltimos avances cient\u00edficos.<\/p>\n<p>\u00a1Gracias por leerme y espero verte pronto en nuestra cl\u00ednica!<\/p>\n<\/div><\/div><\/div><\/div><\/div><div class=\"fusion-clearfix\"><\/div><\/div><\/div><div class=\"fusion-layout-column fusion_builder_column fusion-builder-column-6 fusion_builder_column_1_5 1_5 fusion-one-fifth fusion-column-last\" style=\"--awb-bg-size:cover;width:20%;width:calc(20% - ( ( 4% + 4% ) * 0.2 ) );\"><div class=\"fusion-column-wrapper fusion-flex-column-wrapper-legacy\"><div class=\"fusion-clearfix\"><\/div><\/div><\/div><\/div><\/div><div class=\"fusion-fullwidth fullwidth-box fusion-builder-row-3 has-pattern-background has-mask-background nonhundred-percent-fullwidth non-hundred-percent-height-scrolling\" style=\"--awb-border-radius-top-left:0px;--awb-border-radius-top-right:0px;--awb-border-radius-bottom-right:0px;--awb-border-radius-bottom-left:0px;--awb-padding-top:20px;--awb-padding-bottom:32px;--awb-margin-top:48px;--awb-margin-bottom:32px;--awb-flex-wrap:wrap;\" ><div class=\"fusion-builder-row fusion-row\"><div class=\"fusion-layout-column fusion_builder_column fusion-builder-column-7 fusion_builder_column_1_2 1_2 fusion-one-half fusion-column-first fusion-column-inner-bg-wrapper\" style=\"--awb-padding-top:20px;--awb-padding-right:20px;--awb-padding-bottom:20px;--awb-padding-left:60px;--awb-inner-bg-color:#f4d0c2;--awb-inner-bg-color-hover:#f4d0c2;--awb-inner-bg-size:cover;width:50%;width:calc(50% - ( ( 4% ) * 0.5 ) );margin-right: 4%;\" data-scroll-devices=\"small-visibility,medium-visibility,large-visibility\"><span class=\"fusion-column-inner-bg hover-type-none\"><a class=\"fusion-column-anchor\" href=\"https:\/\/www.idermic.es\/es\/financiacion\/\"><span class=\"fusion-column-inner-bg-image\"><\/span><\/a><\/span><div class=\"fusion-column-wrapper fusion-column-has-shadow fusion-flex-column-wrapper-legacy\"><div style=\"text-align:center; max-width: 100%; width: calc(100% - 40px); margin: 0 auto;\">\n  <p style=\"color:white;margin:0;padding:15px 15px 0 15px;background-color:#ddbcb0;font-family:Montserrat;font-size:20px;font-weight:500;letter-spacing:2px;line-height:30px;\">\n    FINAN\u00c7AMENT 0% INTER\u00c8S\n  <\/p>\n  <p style=\"color:white;margin:0;padding:0 15px 15px 15px;background-color:#ddbcb0;font-family:Open Sans;font-size:12px;font-weight:500;letter-spacing:2px;line-height:30px;\">\n    LLEGIR M\u00c9S +\n  <\/p>\n<\/div><div class=\"fusion-clearfix\"><\/div><\/div><\/div><div class=\"fusion-layout-column fusion_builder_column fusion-builder-column-8 fusion_builder_column_1_2 1_2 fusion-one-half fusion-column-last fusion-column-inner-bg-wrapper\" style=\"--awb-padding-top:20px;--awb-padding-right:20px;--awb-padding-bottom:20px;--awb-padding-left:60px;--awb-inner-bg-color:#f4d0c2;--awb-inner-bg-color-hover:#f4d0c2;--awb-inner-bg-size:cover;width:50%;width:calc(50% - ( ( 4% ) * 0.5 ) );\" data-scroll-devices=\"small-visibility,medium-visibility,large-visibility\"><span class=\"fusion-column-inner-bg hover-type-none\"><a class=\"fusion-column-anchor\" href=\"https:\/\/www.idermic.es\/es\/preguntas-frecuentes\/\"><span class=\"fusion-column-inner-bg-image\"><\/span><\/a><\/span><div class=\"fusion-column-wrapper fusion-column-has-shadow fusion-flex-column-wrapper-legacy\"><div style=\"text-align:center; max-width: 100%; width: calc(100% - 40px); margin: 0 auto;\">\n  <p style=\"color:white;margin:0;padding:15px 15px 0 15px;background-color:#ddbcb0;font-family:Montserrat;font-size:20px;font-weight:500;letter-spacing:2px;line-height:30px;\">\n    PREGUNTES FREQ\u00dcENTS \n  <\/p>\n  <p style=\"color:white;margin:0;padding:0 15px 15px 15px;background-color:#ddbcb0;font-family:Open Sans;font-size:12px;font-weight:500;letter-spacing:2px;line-height:30px;\">\n    LLEGIR M\u00c9S +\n  <\/p>\n<\/div><div class=\"fusion-clearfix\"><\/div><\/div><\/div><\/div><\/div>\n<\/p>\n","protected":false},"excerpt":{"rendered":"","protected":false},"author":2,"featured_media":0,"parent":0,"menu_order":0,"comment_status":"closed","ping_status":"closed","template":"","meta":{"_joinchat":[],"footnotes":""},"class_list":["post-6318","page","type-page","status-publish","hentry"],"yoast_head":"<!-- This site is optimized with the Yoast SEO plugin v28.4 - https:\/\/yoast.com\/product\/yoast-seo-wordpress\/ -->\n<title>DRA. RAQUEL CAMPOS - Idermic. Dermatolog\u00eda en Terrassa<\/title>\n<meta name=\"description\" content=\"La Dra. Raquel Campos Caballero es especialista en ginecolog\u00eda en la Cl\u00ednica Dermatol\u00f3gica Idermic de Terrassa.\" \/>\n<meta name=\"robots\" content=\"index, follow, max-snippet:-1, max-image-preview:large, max-video-preview:-1\" \/>\n<link rel=\"canonical\" href=\"https:\/\/www.idermic.es\/es\/dra-raquel-campos\/\" \/>\n<meta property=\"og:locale\" content=\"es_ES\" \/>\n<meta property=\"og:type\" content=\"article\" \/>\n<meta property=\"og:title\" content=\"DRA. RAQUEL CAMPOS - Idermic. Dermatolog\u00eda en Terrassa\" \/>\n<meta property=\"og:description\" content=\"La Dra. Raquel Campos Caballero es especialista en ginecolog\u00eda en la Cl\u00ednica Dermatol\u00f3gica Idermic de Terrassa.\" \/>\n<meta property=\"og:url\" content=\"https:\/\/www.idermic.es\/es\/dra-raquel-campos\/\" \/>\n<meta property=\"og:site_name\" content=\"Idermic. Dermatolog\u00eda en Terrassa\" \/>\n<meta property=\"article:publisher\" content=\"https:\/\/www.facebook.com\/Idermic\" \/>\n<meta property=\"article:modified_time\" content=\"2024-11-05T11:12:52+00:00\" \/>\n<meta property=\"og:image\" content=\"https:\/\/www.idermic.es\/wp-content\/uploads\/2019\/01\/glass_green-1.jpg\" \/>\n<meta name=\"twitter:card\" content=\"summary_large_image\" \/>\n<meta name=\"twitter:site\" content=\"@idermic\" \/>\n<meta name=\"twitter:label1\" content=\"Tiempo de lectura\" \/>\n\t<meta name=\"twitter:data1\" content=\"7 minutos\" \/>\n<script type=\"application\/ld+json\" class=\"yoast-schema-graph\">{\"@context\":\"https:\\\/\\\/schema.org\",\"@graph\":[{\"@type\":\"WebPage\",\"@id\":\"https:\\\/\\\/www.idermic.es\\\/es\\\/dra-raquel-campos\\\/\",\"url\":\"https:\\\/\\\/www.idermic.es\\\/es\\\/dra-raquel-campos\\\/\",\"name\":\"DRA. RAQUEL CAMPOS - Idermic. Dermatolog\u00eda en Terrassa\",\"isPartOf\":{\"@id\":\"https:\\\/\\\/www.idermic.es\\\/#website\"},\"primaryImageOfPage\":{\"@id\":\"https:\\\/\\\/www.idermic.es\\\/es\\\/dra-raquel-campos\\\/#primaryimage\"},\"image\":{\"@id\":\"https:\\\/\\\/www.idermic.es\\\/es\\\/dra-raquel-campos\\\/#primaryimage\"},\"thumbnailUrl\":\"https:\\\/\\\/www.idermic.es\\\/wp-content\\\/uploads\\\/2019\\\/01\\\/glass_green-1.jpg\",\"datePublished\":\"2024-09-02T11:31:58+00:00\",\"dateModified\":\"2024-11-05T11:12:52+00:00\",\"description\":\"La Dra. Raquel Campos Caballero es especialista en ginecolog\u00eda en la Cl\u00ednica Dermatol\u00f3gica Idermic de Terrassa.\",\"breadcrumb\":{\"@id\":\"https:\\\/\\\/www.idermic.es\\\/es\\\/dra-raquel-campos\\\/#breadcrumb\"},\"inLanguage\":\"es\",\"potentialAction\":[{\"@type\":\"ReadAction\",\"target\":[\"https:\\\/\\\/www.idermic.es\\\/es\\\/dra-raquel-campos\\\/\"]}]},{\"@type\":\"ImageObject\",\"inLanguage\":\"es\",\"@id\":\"https:\\\/\\\/www.idermic.es\\\/es\\\/dra-raquel-campos\\\/#primaryimage\",\"url\":\"https:\\\/\\\/www.idermic.es\\\/wp-content\\\/uploads\\\/2019\\\/01\\\/glass_green-1.jpg\",\"contentUrl\":\"https:\\\/\\\/www.idermic.es\\\/wp-content\\\/uploads\\\/2019\\\/01\\\/glass_green-1.jpg\"},{\"@type\":\"BreadcrumbList\",\"@id\":\"https:\\\/\\\/www.idermic.es\\\/es\\\/dra-raquel-campos\\\/#breadcrumb\",\"itemListElement\":[{\"@type\":\"ListItem\",\"position\":1,\"name\":\"Inici\",\"item\":\"https:\\\/\\\/www.idermic.es\\\/es\\\/\"},{\"@type\":\"ListItem\",\"position\":2,\"name\":\"DRA. RAQUEL CAMPOS\"}]},{\"@type\":\"WebSite\",\"@id\":\"https:\\\/\\\/www.idermic.es\\\/#website\",\"url\":\"https:\\\/\\\/www.idermic.es\\\/\",\"name\":\"Idermic. Dermatolog\u00eda en Terrassa\",\"description\":\"Dermatolog\u00eda, Medicina est\u00e9tica, Cirurg\u00eda Pl\u00e0stica\",\"publisher\":{\"@id\":\"https:\\\/\\\/www.idermic.es\\\/#organization\"},\"potentialAction\":[{\"@type\":\"SearchAction\",\"target\":{\"@type\":\"EntryPoint\",\"urlTemplate\":\"https:\\\/\\\/www.idermic.es\\\/?s={search_term_string}\"},\"query-input\":{\"@type\":\"PropertyValueSpecification\",\"valueRequired\":true,\"valueName\":\"search_term_string\"}}],\"inLanguage\":\"es\"},{\"@type\":\"Organization\",\"@id\":\"https:\\\/\\\/www.idermic.es\\\/#organization\",\"name\":\"Idermic. Dermatolog\u00eda en Terrassa\",\"url\":\"https:\\\/\\\/www.idermic.es\\\/\",\"logo\":{\"@type\":\"ImageObject\",\"inLanguage\":\"es\",\"@id\":\"https:\\\/\\\/www.idermic.es\\\/#\\\/schema\\\/logo\\\/image\\\/\",\"url\":\"https:\\\/\\\/www.idermic.es\\\/wp-content\\\/uploads\\\/2025\\\/10\\\/Logo-Idermic.jpg\",\"contentUrl\":\"https:\\\/\\\/www.idermic.es\\\/wp-content\\\/uploads\\\/2025\\\/10\\\/Logo-Idermic.jpg\",\"width\":501,\"height\":502,\"caption\":\"Idermic. Dermatolog\u00eda en Terrassa\"},\"image\":{\"@id\":\"https:\\\/\\\/www.idermic.es\\\/#\\\/schema\\\/logo\\\/image\\\/\"},\"sameAs\":[\"https:\\\/\\\/www.facebook.com\\\/Idermic\",\"https:\\\/\\\/x.com\\\/idermic\",\"https:\\\/\\\/www.instagram.com\\\/idermicclinic\\\/\",\"https:\\\/\\\/www.youtube.com\\\/channel\\\/UCyAHC9-p8lc6hr_nguO8p_g\"]}]}<\/script>\n<!-- \/ Yoast SEO plugin. -->","yoast_head_json":{"title":"DRA. RAQUEL CAMPOS - Idermic. Dermatolog\u00eda en Terrassa","description":"La Dra. Raquel Campos Caballero es especialista en ginecolog\u00eda en la Cl\u00ednica Dermatol\u00f3gica Idermic de Terrassa.","robots":{"index":"index","follow":"follow","max-snippet":"max-snippet:-1","max-image-preview":"max-image-preview:large","max-video-preview":"max-video-preview:-1"},"canonical":"https:\/\/www.idermic.es\/es\/dra-raquel-campos\/","og_locale":"es_ES","og_type":"article","og_title":"DRA. RAQUEL CAMPOS - Idermic. Dermatolog\u00eda en Terrassa","og_description":"La Dra. Raquel Campos Caballero es especialista en ginecolog\u00eda en la Cl\u00ednica Dermatol\u00f3gica Idermic de Terrassa.","og_url":"https:\/\/www.idermic.es\/es\/dra-raquel-campos\/","og_site_name":"Idermic. Dermatolog\u00eda en Terrassa","article_publisher":"https:\/\/www.facebook.com\/Idermic","article_modified_time":"2024-11-05T11:12:52+00:00","og_image":[{"url":"https:\/\/www.idermic.es\/wp-content\/uploads\/2019\/01\/glass_green-1.jpg","type":"","width":"","height":""}],"twitter_card":"summary_large_image","twitter_site":"@idermic","twitter_misc":{"Tiempo de lectura":"7 minutos"},"schema":{"@context":"https:\/\/schema.org","@graph":[{"@type":"WebPage","@id":"https:\/\/www.idermic.es\/es\/dra-raquel-campos\/","url":"https:\/\/www.idermic.es\/es\/dra-raquel-campos\/","name":"DRA. RAQUEL CAMPOS - Idermic. Dermatolog\u00eda en Terrassa","isPartOf":{"@id":"https:\/\/www.idermic.es\/#website"},"primaryImageOfPage":{"@id":"https:\/\/www.idermic.es\/es\/dra-raquel-campos\/#primaryimage"},"image":{"@id":"https:\/\/www.idermic.es\/es\/dra-raquel-campos\/#primaryimage"},"thumbnailUrl":"https:\/\/www.idermic.es\/wp-content\/uploads\/2019\/01\/glass_green-1.jpg","datePublished":"2024-09-02T11:31:58+00:00","dateModified":"2024-11-05T11:12:52+00:00","description":"La Dra. Raquel Campos Caballero es especialista en ginecolog\u00eda en la Cl\u00ednica Dermatol\u00f3gica Idermic de Terrassa.","breadcrumb":{"@id":"https:\/\/www.idermic.es\/es\/dra-raquel-campos\/#breadcrumb"},"inLanguage":"es","potentialAction":[{"@type":"ReadAction","target":["https:\/\/www.idermic.es\/es\/dra-raquel-campos\/"]}]},{"@type":"ImageObject","inLanguage":"es","@id":"https:\/\/www.idermic.es\/es\/dra-raquel-campos\/#primaryimage","url":"https:\/\/www.idermic.es\/wp-content\/uploads\/2019\/01\/glass_green-1.jpg","contentUrl":"https:\/\/www.idermic.es\/wp-content\/uploads\/2019\/01\/glass_green-1.jpg"},{"@type":"BreadcrumbList","@id":"https:\/\/www.idermic.es\/es\/dra-raquel-campos\/#breadcrumb","itemListElement":[{"@type":"ListItem","position":1,"name":"Inici","item":"https:\/\/www.idermic.es\/es\/"},{"@type":"ListItem","position":2,"name":"DRA. RAQUEL CAMPOS"}]},{"@type":"WebSite","@id":"https:\/\/www.idermic.es\/#website","url":"https:\/\/www.idermic.es\/","name":"Idermic. Dermatolog\u00eda en Terrassa","description":"Dermatolog\u00eda, Medicina est\u00e9tica, Cirurg\u00eda Pl\u00e0stica","publisher":{"@id":"https:\/\/www.idermic.es\/#organization"},"potentialAction":[{"@type":"SearchAction","target":{"@type":"EntryPoint","urlTemplate":"https:\/\/www.idermic.es\/?s={search_term_string}"},"query-input":{"@type":"PropertyValueSpecification","valueRequired":true,"valueName":"search_term_string"}}],"inLanguage":"es"},{"@type":"Organization","@id":"https:\/\/www.idermic.es\/#organization","name":"Idermic. Dermatolog\u00eda en Terrassa","url":"https:\/\/www.idermic.es\/","logo":{"@type":"ImageObject","inLanguage":"es","@id":"https:\/\/www.idermic.es\/#\/schema\/logo\/image\/","url":"https:\/\/www.idermic.es\/wp-content\/uploads\/2025\/10\/Logo-Idermic.jpg","contentUrl":"https:\/\/www.idermic.es\/wp-content\/uploads\/2025\/10\/Logo-Idermic.jpg","width":501,"height":502,"caption":"Idermic. Dermatolog\u00eda en Terrassa"},"image":{"@id":"https:\/\/www.idermic.es\/#\/schema\/logo\/image\/"},"sameAs":["https:\/\/www.facebook.com\/Idermic","https:\/\/x.com\/idermic","https:\/\/www.instagram.com\/idermicclinic\/","https:\/\/www.youtube.com\/channel\/UCyAHC9-p8lc6hr_nguO8p_g"]}]}},"_links":{"self":[{"href":"https:\/\/www.idermic.es\/es\/wp-json\/wp\/v2\/pages\/6318","targetHints":{"allow":["GET"]}}],"collection":[{"href":"https:\/\/www.idermic.es\/es\/wp-json\/wp\/v2\/pages"}],"about":[{"href":"https:\/\/www.idermic.es\/es\/wp-json\/wp\/v2\/types\/page"}],"author":[{"embeddable":true,"href":"https:\/\/www.idermic.es\/es\/wp-json\/wp\/v2\/users\/2"}],"replies":[{"embeddable":true,"href":"https:\/\/www.idermic.es\/es\/wp-json\/wp\/v2\/comments?post=6318"}],"version-history":[{"count":1,"href":"https:\/\/www.idermic.es\/es\/wp-json\/wp\/v2\/pages\/6318\/revisions"}],"predecessor-version":[{"id":6321,"href":"https:\/\/www.idermic.es\/es\/wp-json\/wp\/v2\/pages\/6318\/revisions\/6321"}],"wp:attachment":[{"href":"https:\/\/www.idermic.es\/es\/wp-json\/wp\/v2\/media?parent=6318"}],"curies":[{"name":"wp","href":"https:\/\/api.w.org\/{rel}","templated":true}]}}