{"id":6156,"date":"2024-07-25T08:29:58","date_gmt":"2024-07-25T08:29:58","guid":{"rendered":"https:\/\/www.idermic.es\/dra-cristina-garcia\/"},"modified":"2024-12-24T12:09:37","modified_gmt":"2024-12-24T12:09:37","slug":"dra-cristina-garcia","status":"publish","type":"page","link":"https:\/\/www.idermic.es\/es\/dra-cristina-garcia\/","title":{"rendered":"DRA. CRISTINA GARC\u00cdA"},"content":{"rendered":"<p><div class=\"fusion-fullwidth fullwidth-box fusion-builder-row-1 nonhundred-percent-fullwidth non-hundred-percent-height-scrolling\" style=\"--awb-border-radius-top-left:0px;--awb-border-radius-top-right:0px;--awb-border-radius-bottom-right:0px;--awb-border-radius-bottom-left:0px;--awb-padding-top:25px;--awb-flex-wrap:wrap;\" ><div class=\"fusion-builder-row fusion-row\"><div class=\"fusion-layout-column fusion_builder_column fusion-builder-column-0 fusion_builder_column_1_1 1_1 fusion-one-full fusion-column-first fusion-column-last\" style=\"--awb-padding-bottom:40px;--awb-bg-size:cover;\"><div class=\"fusion-column-wrapper fusion-flex-column-wrapper-legacy\"><div class=\"fusion-text fusion-text-1\"><h1 style=\"text-align: center;\">EQUIPO<\/h1>\n<p><img decoding=\"async\" class=\"alignnone size-full wp-image-382 aligncenter\" src=\"https:\/\/www.idermic.es\/wp-content\/uploads\/2019\/01\/glass_green-1.jpg\" alt=\"\" width=\"115\" height=\"2\" srcset=\"https:\/\/www.idermic.es\/wp-content\/uploads\/2019\/01\/glass_green-1-66x2.jpg 66w, https:\/\/www.idermic.es\/wp-content\/uploads\/2019\/01\/glass_green-1.jpg 115w\" sizes=\"(max-width: 115px) 100vw, 115px\" \/><\/p>\n<\/div><div class=\"fusion-clearfix\"><\/div><\/div><\/div><\/div><\/div><div class=\"fusion-fullwidth fullwidth-box fusion-builder-row-2 nonhundred-percent-fullwidth non-hundred-percent-height-scrolling\" style=\"--awb-border-radius-top-left:0px;--awb-border-radius-top-right:0px;--awb-border-radius-bottom-right:0px;--awb-border-radius-bottom-left:0px;--awb-flex-wrap:wrap;\" ><div class=\"fusion-builder-row fusion-row\"><div class=\"fusion-layout-column fusion_builder_column fusion-builder-column-1 fusion_builder_column_1_3 1_3 fusion-one-third fusion-column-first\" style=\"--awb-bg-size:cover;width:33.333333333333%;width:calc(33.333333333333% - ( ( 4% + 4% ) * 0.33333333333333 ) );margin-right: 4%;\"><div class=\"fusion-column-wrapper fusion-flex-column-wrapper-legacy\"><div class=\"fusion-image-element in-legacy-container\" style=\"--awb-caption-title-font-family:var(--h2_typography-font-family);--awb-caption-title-font-weight:var(--h2_typography-font-weight);--awb-caption-title-font-style:var(--h2_typography-font-style);--awb-caption-title-size:var(--h2_typography-font-size);--awb-caption-title-transform:var(--h2_typography-text-transform);--awb-caption-title-line-height:var(--h2_typography-line-height);--awb-caption-title-letter-spacing:var(--h2_typography-letter-spacing);\"><span class=\" fusion-imageframe imageframe-none imageframe-1 hover-type-none\"><img decoding=\"async\" width=\"356\" height=\"2\" title=\"line_green\" src=\"https:\/\/www.idermic.es\/wp-content\/uploads\/2019\/01\/line_green.jpg\" alt class=\"img-responsive wp-image-1002\" srcset=\"https:\/\/www.idermic.es\/wp-content\/uploads\/2019\/01\/line_green-200x1.jpg 200w, https:\/\/www.idermic.es\/wp-content\/uploads\/2019\/01\/line_green.jpg 356w\" sizes=\"(max-width: 800px) 100vw, 356px\" \/><\/span><\/div><div class=\"fusion-title title fusion-title-1 fusion-sep-none fusion-title-text fusion-title-size-two\"><h2 class=\"fusion-title-heading title-heading-left\" style=\"margin:0;\">DRA. CRISTINA GARC\u00cdA<\/h2><\/div><div class=\"fusion-text fusion-text-2\"><p>Especialista en dermatolog\u00eda m\u00e9dico-quir\u00fargica y venereolog\u00eda<\/p>\n<\/div><div class=\"fusion-image-element in-legacy-container\" style=\"--awb-caption-title-font-family:var(--h2_typography-font-family);--awb-caption-title-font-weight:var(--h2_typography-font-weight);--awb-caption-title-font-style:var(--h2_typography-font-style);--awb-caption-title-size:var(--h2_typography-font-size);--awb-caption-title-transform:var(--h2_typography-text-transform);--awb-caption-title-line-height:var(--h2_typography-line-height);--awb-caption-title-letter-spacing:var(--h2_typography-letter-spacing);\"><span class=\" fusion-imageframe imageframe-none imageframe-2 hover-type-none\"><img decoding=\"async\" width=\"300\" height=\"300\" alt=\"Dra. Cristina Garc\u00eda. Especialista en dermatolog\u00eda, m\u00e9dico-quir\u00fargica y venereolog\u00eda\" title=\"DRA. CRISTINA GARC\u00cdA. Dermatolog\u00eda i venereologia\" src=\"https:\/\/www.idermic.es\/wp-content\/uploads\/2023\/02\/DRA.-CRISTINA-GARCIA.-Dermatologia-i-venereologia-300x300.jpg\" class=\"img-responsive wp-image-5423\" srcset=\"https:\/\/www.idermic.es\/wp-content\/uploads\/2023\/02\/DRA.-CRISTINA-GARCIA.-Dermatologia-i-venereologia-200x200.jpg 200w, https:\/\/www.idermic.es\/wp-content\/uploads\/2023\/02\/DRA.-CRISTINA-GARCIA.-Dermatologia-i-venereologia-400x400.jpg 400w, https:\/\/www.idermic.es\/wp-content\/uploads\/2023\/02\/DRA.-CRISTINA-GARCIA.-Dermatologia-i-venereologia-600x600.jpg 600w, https:\/\/www.idermic.es\/wp-content\/uploads\/2023\/02\/DRA.-CRISTINA-GARCIA.-Dermatologia-i-venereologia.jpg 747w\" sizes=\"(max-width: 800px) 100vw, 300px\" \/><\/span><\/div><div class=\"fusion-clearfix\"><\/div><\/div><\/div><div class=\"fusion-layout-column fusion_builder_column fusion-builder-column-2 fusion_builder_column_1_3 1_3 fusion-one-third\" style=\"--awb-bg-size:cover;width:33.333333333333%;width:calc(33.333333333333% - ( ( 4% + 4% ) * 0.33333333333333 ) );margin-right: 4%;\"><div class=\"fusion-column-wrapper fusion-flex-column-wrapper-legacy\"><div class=\"fusion-image-element in-legacy-container\" style=\"--awb-caption-title-font-family:var(--h2_typography-font-family);--awb-caption-title-font-weight:var(--h2_typography-font-weight);--awb-caption-title-font-style:var(--h2_typography-font-style);--awb-caption-title-size:var(--h2_typography-font-size);--awb-caption-title-transform:var(--h2_typography-text-transform);--awb-caption-title-line-height:var(--h2_typography-line-height);--awb-caption-title-letter-spacing:var(--h2_typography-letter-spacing);\"><span class=\" fusion-imageframe imageframe-none imageframe-3 hover-type-none\"><img decoding=\"async\" width=\"356\" height=\"2\" title=\"line_green\" src=\"https:\/\/www.idermic.es\/wp-content\/uploads\/2019\/01\/line_green.jpg\" alt class=\"img-responsive wp-image-1002\" srcset=\"https:\/\/www.idermic.es\/wp-content\/uploads\/2019\/01\/line_green-200x1.jpg 200w, https:\/\/www.idermic.es\/wp-content\/uploads\/2019\/01\/line_green.jpg 356w\" sizes=\"(max-width: 800px) 100vw, 356px\" \/><\/span><\/div><div class=\"fusion-text fusion-text-3\"><p>Soy la Dra. Cristina Garc\u00eda Melendo, dermat\u00f3loga especializada en dermatolog\u00eda cl\u00ednica. A lo largo de mi carrera, he desarrollado una s\u00f3lida trayectoria en el tratamiento de enfermedades de la piel y la dermatolog\u00eda est\u00e9tica.<\/p>\n<p>Mi objetivo es proporcionar a cada paciente un cuidado integral y personalizado, empleando las t\u00e9cnicas m\u00e1s avanzadas para lograr resultados \u00f3ptimos y duraderos.<\/p>\n<p>En iDERMIC, contribuyo a ofrecer una atenci\u00f3n de excelencia, combinando ciencia y empat\u00eda para mejorar la salud de la piel de mis pacientes.<\/p>\n<p><strong>Formaci\u00f3n y Especializaci\u00f3n<\/strong>:<\/p>\n<p>Especialista en Dermatolog\u00eda M\u00e9dico-Quir\u00fargica y Venereolog\u00eda por la Universitat Aut\u00f2noma de Barcelona, Hospital de la Santa Creu i Sant Pau (2021)<\/p>\n<\/div><div class=\"fusion-clearfix\"><\/div><\/div><\/div><div class=\"fusion-layout-column fusion_builder_column fusion-builder-column-3 fusion_builder_column_1_3 1_3 fusion-one-third fusion-column-last\" style=\"--awb-bg-size:cover;width:33.333333333333%;width:calc(33.333333333333% - ( ( 4% + 4% ) * 0.33333333333333 ) );\"><div class=\"fusion-column-wrapper fusion-flex-column-wrapper-legacy\"><div class=\"fusion-image-element in-legacy-container\" style=\"--awb-caption-title-font-family:var(--h2_typography-font-family);--awb-caption-title-font-weight:var(--h2_typography-font-weight);--awb-caption-title-font-style:var(--h2_typography-font-style);--awb-caption-title-size:var(--h2_typography-font-size);--awb-caption-title-transform:var(--h2_typography-text-transform);--awb-caption-title-line-height:var(--h2_typography-line-height);--awb-caption-title-letter-spacing:var(--h2_typography-letter-spacing);\"><span class=\" fusion-imageframe imageframe-none imageframe-4 hover-type-none\"><img decoding=\"async\" width=\"356\" height=\"2\" title=\"line_green\" src=\"https:\/\/www.idermic.es\/wp-content\/uploads\/2019\/01\/line_green.jpg\" alt class=\"img-responsive wp-image-1002\" srcset=\"https:\/\/www.idermic.es\/wp-content\/uploads\/2019\/01\/line_green-200x1.jpg 200w, https:\/\/www.idermic.es\/wp-content\/uploads\/2019\/01\/line_green.jpg 356w\" sizes=\"(max-width: 800px) 100vw, 356px\" \/><\/span><\/div><div class=\"fusion-text fusion-text-4\"><p><strong>Reconocimientos y Distinciones<\/strong>:<\/p>\n<p>Ganadora del Premio a la Mejor Comunicaci\u00f3n Oral en la 31\u00aa Reuni\u00f3n Anual del Grupo Espa\u00f1ol de Dermatolog\u00eda Pedi\u00e1trica (GEDP), Madrid 2020 con la comunicaci\u00f3n \u201cHiperpigmentaci\u00f3n lineal en \u00e1reas intertriginosas: clave diagn\u00f3stica en ni\u00f1as\u201d.<\/p>\n<p><strong>Cargos Actuales<\/strong>:<\/p>\n<p>M\u00e9dico Adjunto del Servicio de Dermatolog\u00eda del Hospital Universitari de Terrassa CST<\/p>\n<p>Especialista en Dermatolog\u00eda para consulta m\u00e9dica digital a nivel estatal en MeetingDoctors<\/p>\n<p>Especialista en Dermatolog\u00eda en Cl\u00ednica iDERMIC<\/p>\n<\/div><div class=\"fusion-clearfix\"><\/div><\/div><\/div><div class=\"fusion-layout-column fusion_builder_column fusion-builder-column-4 fusion_builder_column_1_5 1_5 fusion-one-fifth fusion-column-first\" style=\"--awb-bg-size:cover;width:20%;width:calc(20% - ( ( 4% + 4% ) * 0.2 ) );margin-right: 4%;\"><div class=\"fusion-column-wrapper fusion-flex-column-wrapper-legacy\"><div class=\"fusion-clearfix\"><\/div><\/div><\/div><div class=\"fusion-layout-column fusion_builder_column fusion-builder-column-5 fusion_builder_column_3_5 3_5 fusion-three-fifth\" style=\"--awb-bg-size:cover;width:60%;width:calc(60% - ( ( 4% + 4% ) * 0.6 ) );margin-right: 4%;\"><div class=\"fusion-column-wrapper fusion-flex-column-wrapper-legacy\"><div class=\"accordian fusion-accordian\" style=\"--awb-border-size:1px;--awb-icon-size:13px;--awb-content-font-size:15px;--awb-icon-alignment:left;--awb-hover-color:#f9f9f9;--awb-border-color:#cccccc;--awb-background-color:#ffffff;--awb-divider-color:#e0dede;--awb-divider-hover-color:#e0dede;--awb-icon-color:#ffffff;--awb-title-color:#ddbcb0;--awb-content-color:#505050;--awb-icon-box-color:#000000;--awb-toggle-hover-accent-color:#ddbcb0;--awb-title-font-family:&quot;Montserrat&quot;;--awb-title-font-weight:400;--awb-title-font-style:normal;--awb-content-font-family:&quot;Montserrat&quot;;--awb-content-font-style:normal;--awb-content-font-weight:300;\"><div class=\"panel-group fusion-toggle-icon-boxed\" id=\"accordion-6156-1\"><div class=\"fusion-panel panel-default panel-43f8adb67d2ba34b9 fusion-toggle-has-divider\"><div class=\"panel-heading\"><h4 class=\"panel-title toggle\" id=\"toggle_43f8adb67d2ba34b9\"><a aria-expanded=\"false\" aria-controls=\"43f8adb67d2ba34b9\" role=\"button\" data-toggle=\"collapse\" data-parent=\"#accordion-6156-1\" data-target=\"#43f8adb67d2ba34b9\" href=\"#43f8adb67d2ba34b9\"><span class=\"fusion-toggle-icon-wrapper\" aria-hidden=\"true\"><i class=\"fa-fusion-box active-icon awb-icon-minus\" aria-hidden=\"true\"><\/i><i class=\"fa-fusion-box inactive-icon awb-icon-plus\" aria-hidden=\"true\"><\/i><\/span><span class=\"fusion-toggle-heading\">M\u00e1s informaci\u00f3n<\/span><\/a><\/h4><\/div><div id=\"43f8adb67d2ba34b9\" class=\"panel-collapse collapse \" aria-labelledby=\"toggle_43f8adb67d2ba34b9\"><div class=\"panel-body toggle-content fusion-clearfix\">\n<h2>Acerca de la Dra. Cristina Garc\u00eda<\/h2>\n<p><strong>Valores y Filosof\u00eda de Atenci\u00f3n<\/strong>:<\/p>\n<p>En mi pr\u00e1ctica diaria, combino el conocimiento cient\u00edfico con un enfoque humano y emp\u00e1tico. Considero que cada paciente es \u00fanico y merece un tratamiento individualizado que se ajuste a sus necesidades y expectativas. Mi filosof\u00eda se basa en:<\/p>\n<p><strong>Empat\u00eda y Compromiso<\/strong><\/p>\n<p>Escuchar y entender las inquietudes de mis pacientes es fundamental para brindar un tratamiento efectivo y satisfactorio. Me propongo conocer a cada paciente, sus preocupaciones y sus objetivos. Este enfoque personalizado me permite dise\u00f1ar planes de tratamiento que no solo aborden los s\u00edntomas visibles, sino tambi\u00e9n las causas subyacentes, intentando procurar una mejor\u00eda integral y duradera. En iDERMIC, cada visita se convierte en una oportunidad para construir una relaci\u00f3n de confianza y respeto mutuo.<\/p>\n<p><strong>Excelencia Cl\u00ednica<\/strong><\/p>\n<p>La dermatolog\u00eda es un campo en constante evoluci\u00f3n, y en iDERMIC nos comprometemos a estar a la vanguardia. Utilizo tecnolog\u00edas de \u00faltima generaci\u00f3n y m\u00e9todos basados en evidencia para ofrecer diagn\u00f3sticos precisos y terapias innovadoras. Mi objetivo es proporcionar resultados de alta calidad que mejoren tanto la salud como la est\u00e9tica de la piel de mis pacientes.<\/p>\n<p><strong>Cuidado Integral<\/strong><\/p>\n<p>Enfoco la salud de la piel de manera hol\u00edstica, tratando las enfermedades de la piel mientras optimizo su apariencia est\u00e9tica. Ya sea para tratar el <a href=\"https:\/\/www.idermic.es\/es\/dermatologia_clinica\/acne\/\">acn\u00e9<\/a>, el envejecimiento, las enfermedades cr\u00f3nicas de la piel o cualquier otra condici\u00f3n, ofrezco soluciones integrales que promueven el bienestar general.<\/p>\n<p><strong>Educaci\u00f3n y Prevenci\u00f3n<\/strong><\/p>\n<p>Creo en la importancia de educar a mis pacientes sobre el cuidado de la piel y la prevenci\u00f3n de enfermedades dermatol\u00f3gicas, empoder\u00e1ndolos para tomar decisiones informadas sobre su salud. En cada consulta, dedico tiempo a explicar de manera clara y sencilla los diagn\u00f3sticos y las opciones de tratamiento. Adem\u00e1s, proporciono consejos pr\u00e1cticos y personalizados sobre el cuidado diario de la piel, la protecci\u00f3n solar y la prevenci\u00f3n de enfermedades. Mi objetivo es que cada paciente se sienta informado y seguro para gestionar su salud cut\u00e1nea de manera proactiva.<\/p>\n<p><strong>Un Enfoque Personalizado<\/strong><\/p>\n<p>Te invito a conocerme y a compartir tu historia para que juntos podamos alcanzar una nueva forma de cuidar la salud de tu piel. En iDERMIC, cada paciente recibe una atenci\u00f3n integral y personalizada, respaldada por la \u00faltima tecnolog\u00eda y los tratamientos m\u00e1s avanzados en dermatolog\u00eda. \u00a1Gracias por leerme y espero verte pronto en nuestra cl\u00ednica!<\/p>\n<p><strong>Contacto<\/strong>:<\/p>\n<p>Dra. Cristina Garcia Melendo<\/p>\n<p>Cl\u00ednica iDERMIC<\/p>\n<\/div><\/div><\/div><\/div><\/div><div class=\"fusion-clearfix\"><\/div><\/div><\/div><div class=\"fusion-layout-column fusion_builder_column fusion-builder-column-6 fusion_builder_column_1_5 1_5 fusion-one-fifth fusion-column-last\" style=\"--awb-bg-size:cover;width:20%;width:calc(20% - ( ( 4% + 4% ) * 0.2 ) );\"><div class=\"fusion-column-wrapper fusion-flex-column-wrapper-legacy\"><div class=\"fusion-clearfix\"><\/div><\/div><\/div><\/div><\/div><div class=\"fusion-fullwidth fullwidth-box fusion-builder-row-3 has-pattern-background has-mask-background nonhundred-percent-fullwidth non-hundred-percent-height-scrolling\" style=\"--awb-border-radius-top-left:0px;--awb-border-radius-top-right:0px;--awb-border-radius-bottom-right:0px;--awb-border-radius-bottom-left:0px;--awb-padding-top:20px;--awb-padding-bottom:32px;--awb-margin-top:48px;--awb-margin-bottom:32px;--awb-flex-wrap:wrap;\" ><div class=\"fusion-builder-row fusion-row\"><div class=\"fusion-layout-column fusion_builder_column fusion-builder-column-7 fusion_builder_column_1_2 1_2 fusion-one-half fusion-column-first fusion-column-inner-bg-wrapper\" style=\"--awb-padding-top:20px;--awb-padding-right:20px;--awb-padding-bottom:20px;--awb-padding-left:60px;--awb-inner-bg-color:#f4d0c2;--awb-inner-bg-color-hover:#f4d0c2;--awb-inner-bg-size:cover;width:50%;width:calc(50% - ( ( 4% ) * 0.5 ) );margin-right: 4%;\" data-scroll-devices=\"small-visibility,medium-visibility,large-visibility\"><span class=\"fusion-column-inner-bg hover-type-none\"><a class=\"fusion-column-anchor\" href=\"https:\/\/www.idermic.es\/es\/financiacion\/\"><span class=\"fusion-column-inner-bg-image\"><\/span><\/a><\/span><div class=\"fusion-column-wrapper fusion-column-has-shadow fusion-flex-column-wrapper-legacy\"><div style=\"text-align:center; max-width: 100%; width: calc(100% - 40px); margin: 0 auto;\">\n  <p style=\"color:white;margin:0;padding:15px 15px 0 15px;background-color:#ddbcb0;font-family:Montserrat;font-size:20px;font-weight:500;letter-spacing:2px;line-height:30px;\">\n    FINAN\u00c7AMENT 0% INTER\u00c8S\n  <\/p>\n  <p style=\"color:white;margin:0;padding:0 15px 15px 15px;background-color:#ddbcb0;font-family:Open Sans;font-size:12px;font-weight:500;letter-spacing:2px;line-height:30px;\">\n    LLEGIR M\u00c9S +\n  <\/p>\n<\/div><div class=\"fusion-clearfix\"><\/div><\/div><\/div><div class=\"fusion-layout-column fusion_builder_column fusion-builder-column-8 fusion_builder_column_1_2 1_2 fusion-one-half fusion-column-last fusion-column-inner-bg-wrapper\" style=\"--awb-padding-top:20px;--awb-padding-right:20px;--awb-padding-bottom:20px;--awb-padding-left:60px;--awb-inner-bg-color:#f4d0c2;--awb-inner-bg-color-hover:#f4d0c2;--awb-inner-bg-size:cover;width:50%;width:calc(50% - ( ( 4% ) * 0.5 ) );\" data-scroll-devices=\"small-visibility,medium-visibility,large-visibility\"><span class=\"fusion-column-inner-bg hover-type-none\"><a class=\"fusion-column-anchor\" href=\"https:\/\/www.idermic.es\/es\/preguntas-frecuentes\/\"><span class=\"fusion-column-inner-bg-image\"><\/span><\/a><\/span><div class=\"fusion-column-wrapper fusion-column-has-shadow fusion-flex-column-wrapper-legacy\"><div style=\"text-align:center; max-width: 100%; width: calc(100% - 40px); margin: 0 auto;\">\n  <p style=\"color:white;margin:0;padding:15px 15px 0 15px;background-color:#ddbcb0;font-family:Montserrat;font-size:20px;font-weight:500;letter-spacing:2px;line-height:30px;\">\n    PREGUNTES FREQ\u00dcENTS \n  <\/p>\n  <p style=\"color:white;margin:0;padding:0 15px 15px 15px;background-color:#ddbcb0;font-family:Open Sans;font-size:12px;font-weight:500;letter-spacing:2px;line-height:30px;\">\n    LLEGIR M\u00c9S +\n  <\/p>\n<\/div><div class=\"fusion-clearfix\"><\/div><\/div><\/div><\/div><\/div>\n<\/p>\n","protected":false},"excerpt":{"rendered":"","protected":false},"author":2,"featured_media":0,"parent":0,"menu_order":0,"comment_status":"closed","ping_status":"closed","template":"","meta":{"_joinchat":[],"footnotes":""},"class_list":["post-6156","page","type-page","status-publish","hentry"],"yoast_head":"<!-- This site is optimized with the Yoast SEO plugin v28.4 - https:\/\/yoast.com\/product\/yoast-seo-wordpress\/ -->\n<title>DRA. CRISTINA GARC\u00cdA - Idermic. Dermatolog\u00eda en Terrassa<\/title>\n<meta name=\"description\" content=\"La Dra. Cristina Garc\u00eda es especialista en dermatolog\u00eda, m\u00e9dico-quir\u00fargica y venereolog\u00eda en la Cl\u00ednica Dermatol\u00f3gica Idermic de Terrassa.\" \/>\n<meta name=\"robots\" content=\"index, follow, max-snippet:-1, max-image-preview:large, max-video-preview:-1\" \/>\n<link rel=\"canonical\" href=\"https:\/\/www.idermic.es\/es\/dra-cristina-garcia\/\" \/>\n<meta property=\"og:locale\" content=\"es_ES\" \/>\n<meta property=\"og:type\" content=\"article\" \/>\n<meta property=\"og:title\" content=\"DRA. CRISTINA GARC\u00cdA - Idermic. Dermatolog\u00eda en Terrassa\" \/>\n<meta property=\"og:description\" content=\"La Dra. Cristina Garc\u00eda es especialista en dermatolog\u00eda, m\u00e9dico-quir\u00fargica y venereolog\u00eda en la Cl\u00ednica Dermatol\u00f3gica Idermic de Terrassa.\" \/>\n<meta property=\"og:url\" content=\"https:\/\/www.idermic.es\/es\/dra-cristina-garcia\/\" \/>\n<meta property=\"og:site_name\" content=\"Idermic. Dermatolog\u00eda en Terrassa\" \/>\n<meta property=\"article:publisher\" content=\"https:\/\/www.facebook.com\/Idermic\" \/>\n<meta property=\"article:modified_time\" content=\"2024-12-24T12:09:37+00:00\" \/>\n<meta property=\"og:image\" content=\"https:\/\/www.idermic.es\/wp-content\/uploads\/2019\/01\/glass_green-1.jpg\" \/>\n\t<meta property=\"og:image:width\" content=\"115\" \/>\n\t<meta property=\"og:image:height\" content=\"2\" \/>\n\t<meta property=\"og:image:type\" content=\"image\/jpeg\" \/>\n<meta name=\"twitter:card\" content=\"summary_large_image\" \/>\n<meta name=\"twitter:site\" content=\"@idermic\" \/>\n<meta name=\"twitter:label1\" content=\"Tiempo de lectura\" \/>\n\t<meta name=\"twitter:data1\" content=\"7 minutos\" \/>\n<script type=\"application\/ld+json\" class=\"yoast-schema-graph\">{\"@context\":\"https:\\\/\\\/schema.org\",\"@graph\":[{\"@type\":\"WebPage\",\"@id\":\"https:\\\/\\\/www.idermic.es\\\/es\\\/dra-cristina-garcia\\\/\",\"url\":\"https:\\\/\\\/www.idermic.es\\\/es\\\/dra-cristina-garcia\\\/\",\"name\":\"DRA. CRISTINA GARC\u00cdA - Idermic. Dermatolog\u00eda en Terrassa\",\"isPartOf\":{\"@id\":\"https:\\\/\\\/www.idermic.es\\\/#website\"},\"primaryImageOfPage\":{\"@id\":\"https:\\\/\\\/www.idermic.es\\\/es\\\/dra-cristina-garcia\\\/#primaryimage\"},\"image\":{\"@id\":\"https:\\\/\\\/www.idermic.es\\\/es\\\/dra-cristina-garcia\\\/#primaryimage\"},\"thumbnailUrl\":\"https:\\\/\\\/www.idermic.es\\\/wp-content\\\/uploads\\\/2019\\\/01\\\/glass_green-1.jpg\",\"datePublished\":\"2024-07-25T08:29:58+00:00\",\"dateModified\":\"2024-12-24T12:09:37+00:00\",\"description\":\"La Dra. Cristina Garc\u00eda es especialista en dermatolog\u00eda, m\u00e9dico-quir\u00fargica y venereolog\u00eda en la Cl\u00ednica Dermatol\u00f3gica Idermic de Terrassa.\",\"breadcrumb\":{\"@id\":\"https:\\\/\\\/www.idermic.es\\\/es\\\/dra-cristina-garcia\\\/#breadcrumb\"},\"inLanguage\":\"es\",\"potentialAction\":[{\"@type\":\"ReadAction\",\"target\":[\"https:\\\/\\\/www.idermic.es\\\/es\\\/dra-cristina-garcia\\\/\"]}]},{\"@type\":\"ImageObject\",\"inLanguage\":\"es\",\"@id\":\"https:\\\/\\\/www.idermic.es\\\/es\\\/dra-cristina-garcia\\\/#primaryimage\",\"url\":\"https:\\\/\\\/www.idermic.es\\\/wp-content\\\/uploads\\\/2019\\\/01\\\/glass_green-1.jpg\",\"contentUrl\":\"https:\\\/\\\/www.idermic.es\\\/wp-content\\\/uploads\\\/2019\\\/01\\\/glass_green-1.jpg\"},{\"@type\":\"BreadcrumbList\",\"@id\":\"https:\\\/\\\/www.idermic.es\\\/es\\\/dra-cristina-garcia\\\/#breadcrumb\",\"itemListElement\":[{\"@type\":\"ListItem\",\"position\":1,\"name\":\"Inici\",\"item\":\"https:\\\/\\\/www.idermic.es\\\/es\\\/\"},{\"@type\":\"ListItem\",\"position\":2,\"name\":\"DRA. CRISTINA GARC\u00cdA\"}]},{\"@type\":\"WebSite\",\"@id\":\"https:\\\/\\\/www.idermic.es\\\/#website\",\"url\":\"https:\\\/\\\/www.idermic.es\\\/\",\"name\":\"Idermic. Dermatolog\u00eda en Terrassa\",\"description\":\"Dermatolog\u00eda, Medicina est\u00e9tica, Cirurg\u00eda Pl\u00e0stica\",\"publisher\":{\"@id\":\"https:\\\/\\\/www.idermic.es\\\/#organization\"},\"potentialAction\":[{\"@type\":\"SearchAction\",\"target\":{\"@type\":\"EntryPoint\",\"urlTemplate\":\"https:\\\/\\\/www.idermic.es\\\/?s={search_term_string}\"},\"query-input\":{\"@type\":\"PropertyValueSpecification\",\"valueRequired\":true,\"valueName\":\"search_term_string\"}}],\"inLanguage\":\"es\"},{\"@type\":\"Organization\",\"@id\":\"https:\\\/\\\/www.idermic.es\\\/#organization\",\"name\":\"Idermic. Dermatolog\u00eda en Terrassa\",\"url\":\"https:\\\/\\\/www.idermic.es\\\/\",\"logo\":{\"@type\":\"ImageObject\",\"inLanguage\":\"es\",\"@id\":\"https:\\\/\\\/www.idermic.es\\\/#\\\/schema\\\/logo\\\/image\\\/\",\"url\":\"https:\\\/\\\/www.idermic.es\\\/wp-content\\\/uploads\\\/2025\\\/10\\\/Logo-Idermic.jpg\",\"contentUrl\":\"https:\\\/\\\/www.idermic.es\\\/wp-content\\\/uploads\\\/2025\\\/10\\\/Logo-Idermic.jpg\",\"width\":501,\"height\":502,\"caption\":\"Idermic. Dermatolog\u00eda en Terrassa\"},\"image\":{\"@id\":\"https:\\\/\\\/www.idermic.es\\\/#\\\/schema\\\/logo\\\/image\\\/\"},\"sameAs\":[\"https:\\\/\\\/www.facebook.com\\\/Idermic\",\"https:\\\/\\\/x.com\\\/idermic\",\"https:\\\/\\\/www.instagram.com\\\/idermicclinic\\\/\",\"https:\\\/\\\/www.youtube.com\\\/channel\\\/UCyAHC9-p8lc6hr_nguO8p_g\"]}]}<\/script>\n<!-- \/ Yoast SEO plugin. -->","yoast_head_json":{"title":"DRA. CRISTINA GARC\u00cdA - Idermic. Dermatolog\u00eda en Terrassa","description":"La Dra. Cristina Garc\u00eda es especialista en dermatolog\u00eda, m\u00e9dico-quir\u00fargica y venereolog\u00eda en la Cl\u00ednica Dermatol\u00f3gica Idermic de Terrassa.","robots":{"index":"index","follow":"follow","max-snippet":"max-snippet:-1","max-image-preview":"max-image-preview:large","max-video-preview":"max-video-preview:-1"},"canonical":"https:\/\/www.idermic.es\/es\/dra-cristina-garcia\/","og_locale":"es_ES","og_type":"article","og_title":"DRA. CRISTINA GARC\u00cdA - Idermic. Dermatolog\u00eda en Terrassa","og_description":"La Dra. Cristina Garc\u00eda es especialista en dermatolog\u00eda, m\u00e9dico-quir\u00fargica y venereolog\u00eda en la Cl\u00ednica Dermatol\u00f3gica Idermic de Terrassa.","og_url":"https:\/\/www.idermic.es\/es\/dra-cristina-garcia\/","og_site_name":"Idermic. Dermatolog\u00eda en Terrassa","article_publisher":"https:\/\/www.facebook.com\/Idermic","article_modified_time":"2024-12-24T12:09:37+00:00","og_image":[{"width":115,"height":2,"url":"https:\/\/www.idermic.es\/wp-content\/uploads\/2019\/01\/glass_green-1.jpg","type":"image\/jpeg"}],"twitter_card":"summary_large_image","twitter_site":"@idermic","twitter_misc":{"Tiempo de lectura":"7 minutos"},"schema":{"@context":"https:\/\/schema.org","@graph":[{"@type":"WebPage","@id":"https:\/\/www.idermic.es\/es\/dra-cristina-garcia\/","url":"https:\/\/www.idermic.es\/es\/dra-cristina-garcia\/","name":"DRA. CRISTINA GARC\u00cdA - Idermic. Dermatolog\u00eda en Terrassa","isPartOf":{"@id":"https:\/\/www.idermic.es\/#website"},"primaryImageOfPage":{"@id":"https:\/\/www.idermic.es\/es\/dra-cristina-garcia\/#primaryimage"},"image":{"@id":"https:\/\/www.idermic.es\/es\/dra-cristina-garcia\/#primaryimage"},"thumbnailUrl":"https:\/\/www.idermic.es\/wp-content\/uploads\/2019\/01\/glass_green-1.jpg","datePublished":"2024-07-25T08:29:58+00:00","dateModified":"2024-12-24T12:09:37+00:00","description":"La Dra. Cristina Garc\u00eda es especialista en dermatolog\u00eda, m\u00e9dico-quir\u00fargica y venereolog\u00eda en la Cl\u00ednica Dermatol\u00f3gica Idermic de Terrassa.","breadcrumb":{"@id":"https:\/\/www.idermic.es\/es\/dra-cristina-garcia\/#breadcrumb"},"inLanguage":"es","potentialAction":[{"@type":"ReadAction","target":["https:\/\/www.idermic.es\/es\/dra-cristina-garcia\/"]}]},{"@type":"ImageObject","inLanguage":"es","@id":"https:\/\/www.idermic.es\/es\/dra-cristina-garcia\/#primaryimage","url":"https:\/\/www.idermic.es\/wp-content\/uploads\/2019\/01\/glass_green-1.jpg","contentUrl":"https:\/\/www.idermic.es\/wp-content\/uploads\/2019\/01\/glass_green-1.jpg"},{"@type":"BreadcrumbList","@id":"https:\/\/www.idermic.es\/es\/dra-cristina-garcia\/#breadcrumb","itemListElement":[{"@type":"ListItem","position":1,"name":"Inici","item":"https:\/\/www.idermic.es\/es\/"},{"@type":"ListItem","position":2,"name":"DRA. CRISTINA GARC\u00cdA"}]},{"@type":"WebSite","@id":"https:\/\/www.idermic.es\/#website","url":"https:\/\/www.idermic.es\/","name":"Idermic. Dermatolog\u00eda en Terrassa","description":"Dermatolog\u00eda, Medicina est\u00e9tica, Cirurg\u00eda Pl\u00e0stica","publisher":{"@id":"https:\/\/www.idermic.es\/#organization"},"potentialAction":[{"@type":"SearchAction","target":{"@type":"EntryPoint","urlTemplate":"https:\/\/www.idermic.es\/?s={search_term_string}"},"query-input":{"@type":"PropertyValueSpecification","valueRequired":true,"valueName":"search_term_string"}}],"inLanguage":"es"},{"@type":"Organization","@id":"https:\/\/www.idermic.es\/#organization","name":"Idermic. Dermatolog\u00eda en Terrassa","url":"https:\/\/www.idermic.es\/","logo":{"@type":"ImageObject","inLanguage":"es","@id":"https:\/\/www.idermic.es\/#\/schema\/logo\/image\/","url":"https:\/\/www.idermic.es\/wp-content\/uploads\/2025\/10\/Logo-Idermic.jpg","contentUrl":"https:\/\/www.idermic.es\/wp-content\/uploads\/2025\/10\/Logo-Idermic.jpg","width":501,"height":502,"caption":"Idermic. Dermatolog\u00eda en Terrassa"},"image":{"@id":"https:\/\/www.idermic.es\/#\/schema\/logo\/image\/"},"sameAs":["https:\/\/www.facebook.com\/Idermic","https:\/\/x.com\/idermic","https:\/\/www.instagram.com\/idermicclinic\/","https:\/\/www.youtube.com\/channel\/UCyAHC9-p8lc6hr_nguO8p_g"]}]}},"_links":{"self":[{"href":"https:\/\/www.idermic.es\/es\/wp-json\/wp\/v2\/pages\/6156","targetHints":{"allow":["GET"]}}],"collection":[{"href":"https:\/\/www.idermic.es\/es\/wp-json\/wp\/v2\/pages"}],"about":[{"href":"https:\/\/www.idermic.es\/es\/wp-json\/wp\/v2\/types\/page"}],"author":[{"embeddable":true,"href":"https:\/\/www.idermic.es\/es\/wp-json\/wp\/v2\/users\/2"}],"replies":[{"embeddable":true,"href":"https:\/\/www.idermic.es\/es\/wp-json\/wp\/v2\/comments?post=6156"}],"version-history":[{"count":3,"href":"https:\/\/www.idermic.es\/es\/wp-json\/wp\/v2\/pages\/6156\/revisions"}],"predecessor-version":[{"id":6722,"href":"https:\/\/www.idermic.es\/es\/wp-json\/wp\/v2\/pages\/6156\/revisions\/6722"}],"wp:attachment":[{"href":"https:\/\/www.idermic.es\/es\/wp-json\/wp\/v2\/media?parent=6156"}],"curies":[{"name":"wp","href":"https:\/\/api.w.org\/{rel}","templated":true}]}}