{"id":6070,"date":"2024-09-09T11:49:05","date_gmt":"2024-09-09T11:49:05","guid":{"rendered":"https:\/\/www.idermic.es\/?page_id=6070"},"modified":"2024-09-09T11:50:09","modified_gmt":"2024-09-09T11:50:09","slug":"mapa-del-sitio","status":"publish","type":"page","link":"https:\/\/www.idermic.es\/es\/mapa-del-sitio\/","title":{"rendered":"Mapa del sitio"},"content":{"rendered":"<ul style=\"padding: 0px; list-style: none; margin: 0.8em 1em 1em 0px; color: #3c434a; font-family: -apple-system, BlinkMacSystemFont, 'Segoe UI', Roboto, Oxygen-Sans, Ubuntu, Cantarell, 'Helvetica Neue', sans-serif; font-size: 14px; font-style: normal; font-variant-ligatures: normal; font-variant-caps: normal; font-weight: 400; letter-spacing: normal; orphans: 2; text-align: start; text-indent: 0px; text-transform: none; widows: 2; word-spacing: 0px; -webkit-text-stroke-width: 0px; white-space: normal; background-color: #ffffff; text-decoration-thickness: initial; text-decoration-style: initial; text-decoration-color: initial;\">\n<li style=\"margin-bottom: 6px; font-size: 14px; line-height: 1.14286; list-style-type: none; padding: 0px 0px 8px;\"><div class=\"wsp-container\"><h2 class=\"wsp-pages-title\">P\u00e1ginas<\/h2>\n<ul class=\"wsp-pages-list\">\n<li class=\"page_item page-item-2350\"><a href=\"https:\/\/www.idermic.es\/es\/archivo-de-prensa-y-noticias\/\">Archivo de prensa y noticias<\/a><\/li>\n<li class=\"page_item page-item-1906\"><a href=\"https:\/\/www.idermic.es\/es\/aviso-legal\/\">Aviso legal<\/a><\/li>\n<li class=\"page_item page-item-1798 current_page_parent\"><a href=\"https:\/\/www.idermic.es\/es\/blog\/\">Blog<\/a><\/li>\n<li class=\"page_item page-item-10080\"><a href=\"https:\/\/www.idermic.es\/es\/carrito\/\">Carrito<\/a><\/li>\n<li class=\"page_item page-item-1340\"><a href=\"https:\/\/www.idermic.es\/es\/cirurgia-plastica\/\">Cirug\u00eda Pl\u00e1stica<\/a><\/li>\n<li class=\"page_item page-item-3551\"><a href=\"https:\/\/www.idermic.es\/es\/consulta-blefaroplastia\/\">Consulta de Blefaroplastia<\/a><\/li>\n<li class=\"page_item page-item-3467\"><a href=\"https:\/\/www.idermic.es\/es\/consulta-rinoplastia\/\">Consulta rinoplastia<\/a><\/li>\n<li class=\"page_item page-item-1261\"><a href=\"https:\/\/www.idermic.es\/es\/contacto\/\">Contacto<\/a><\/li>\n<li class=\"page_item page-item-3572\"><a href=\"https:\/\/www.idermic.es\/es\/cuestionario-blefaroplastia\/\">Cuestionario-blefaroplastia<\/a><\/li>\n<li class=\"page_item page-item-1343\"><a href=\"https:\/\/www.idermic.es\/es\/dermatologia-clinica\/\">Dermatolog\u00eda Cl\u00ednica<\/a><\/li>\n<li class=\"page_item page-item-1346\"><a href=\"https:\/\/www.idermic.es\/es\/dermatologia-estetica\/\">Dermatolog\u00eda est\u00e9tica<\/a><\/li>\n<li class=\"page_item page-item-1307\"><a href=\"https:\/\/www.idermic.es\/es\/dr-artur-diaz-carandell\/\">DR. ARTUR D\u00cdAZ CARANDELL<\/a><\/li>\n<li class=\"page_item page-item-2726\"><a href=\"https:\/\/www.idermic.es\/es\/dr-cristobal-langdon\/\">Dr. Crist\u00f3bal Langdon<\/a><\/li>\n<li class=\"page_item page-item-6159\"><a href=\"https:\/\/www.idermic.es\/es\/dr-emilio-lopez-trujillo\/\">Dr. Emilio L\u00f3pez Trujillo<\/a><\/li>\n<li class=\"page_item page-item-6395\"><a href=\"https:\/\/www.idermic.es\/es\/dr-oriol-corral\/\">DR. ORIOL CORRAL<\/a><\/li>\n<li class=\"page_item page-item-1321\"><a href=\"https:\/\/www.idermic.es\/es\/dr-xavier-alvarez\/\">DR. XAVIER \u00c1LVAREZ<\/a><\/li>\n<li class=\"page_item page-item-2740\"><a href=\"https:\/\/www.idermic.es\/es\/dra-alicia-barreiro\/\">Dra. Alicia Barreiro<\/a><\/li>\n<li class=\"page_item page-item-6180\"><a href=\"https:\/\/www.idermic.es\/es\/dra-carola-baliu-pique\/\">Dra. Carola Baliu Piqu\u00e9<\/a><\/li>\n<li class=\"page_item page-item-6339\"><a href=\"https:\/\/www.idermic.es\/es\/dra-carolina-prat\/\">DRA. CAROLINA PRAT<\/a><\/li>\n<li class=\"page_item page-item-6169\"><a href=\"https:\/\/www.idermic.es\/es\/dra-claudia-riera-hernandez\/\">Dra. Claudia Riera Hern\u00e1ndez<\/a><\/li>\n<li class=\"page_item page-item-6156\"><a href=\"https:\/\/www.idermic.es\/es\/dra-cristina-garcia\/\">DRA. CRISTINA GARC\u00cdA<\/a><\/li>\n<li class=\"page_item page-item-6244\"><a href=\"https:\/\/www.idermic.es\/es\/dra-elena-canal\/\">DRA. ELENA CANAL<\/a><\/li>\n<li class=\"page_item page-item-1328\"><a href=\"https:\/\/www.idermic.es\/es\/dra-francesca-corella\/\">DRA. FRANCESCA CORELLA<\/a><\/li>\n<li class=\"page_item page-item-1333\"><a href=\"https:\/\/www.idermic.es\/es\/marta-vilavella-rius\/\">DRA. MARTA VILAVELLA I RIUS<\/a><\/li>\n<li class=\"page_item page-item-6318\"><a href=\"https:\/\/www.idermic.es\/es\/dra-raquel-campos\/\">DRA. RAQUEL CAMPOS<\/a><\/li>\n<li class=\"page_item page-item-8579\"><a href=\"https:\/\/www.idermic.es\/es\/enfermedades-dermatologicas\/\">Enfermedades dermatol\u00f3gicas<\/a><\/li>\n<li class=\"page_item page-item-1270\"><a href=\"https:\/\/www.idermic.es\/es\/equipo-humano-idermic\/\">Equipo<\/a><\/li>\n<li class=\"page_item page-item-10081\"><a href=\"https:\/\/www.idermic.es\/es\/finalizar-compra\/\">Finalizar compra<\/a><\/li>\n<li class=\"page_item page-item-1141\"><a href=\"https:\/\/www.idermic.es\/es\/financiacion\/\">Financiaci\u00f3n<\/a><\/li>\n<li class=\"page_item page-item-2036\"><a href=\"https:\/\/www.idermic.es\/es\/fotos-de-antes-y-despues-en-medicina-estetica\/\">Fotos de antes y despu\u00e9s en medicina est\u00e9tica<\/a><\/li>\n<li class=\"page_item page-item-6325\"><a href=\"https:\/\/www.idermic.es\/es\/guia-para-el-cuidado-de-la-piel\/\">Gu\u00eda para el Cuidado de la Piel<\/a><\/li>\n<li class=\"page_item page-item-1350\"><a href=\"https:\/\/www.idermic.es\/es\/\">Idermic &#8211; Dermatolog\u00eda i Cirug\u00eda Pl\u00e1stica<\/a><\/li>\n<li class=\"page_item page-item-1134\"><a href=\"https:\/\/www.idermic.es\/es\/clinica-idermic-terrassa\/\">Instalaciones<\/a><\/li>\n<li class=\"page_item page-item-1231\"><a href=\"https:\/\/www.idermic.es\/es\/jenny-alcantara\/\">Jenny Alc\u00e1ntara<\/a><\/li>\n<li class=\"page_item page-item-5576\"><a href=\"https:\/\/www.idermic.es\/es\/laser-vaginal\/\">L\u00e1ser vaginal<\/a><\/li>\n<li class=\"page_item page-item-6070\"><a href=\"https:\/\/www.idermic.es\/es\/mapa-del-sitio\/\">Mapa del sitio<\/a><\/li>\n<li class=\"page_item page-item-2079\"><a href=\"https:\/\/www.idermic.es\/es\/mastopexia-fotos-de-antes-y-despues\/\">Mastopexia. Fotos de antes y despu\u00e9s<\/a><\/li>\n<li class=\"page_item page-item-10082\"><a href=\"https:\/\/www.idermic.es\/es\/mi-cuenta\/\">Mi cuenta<\/a><\/li>\n<li class=\"page_item page-item-1276\"><a href=\"https:\/\/www.idermic.es\/es\/mutuas-aseguradoras\/\">Mutuas<\/a><\/li>\n<li class=\"page_item page-item-9410\"><a href=\"https:\/\/www.idermic.es\/es\/otros-tratamientos\/\">Otros tratamientos<\/a><\/li>\n<li class=\"page_item page-item-1283\"><a href=\"https:\/\/www.idermic.es\/es\/politica-cookies\/\">PolItica de cookies<\/a><\/li>\n<li class=\"page_item page-item-1296\"><a href=\"https:\/\/www.idermic.es\/es\/preguntas-frecuentes\/\">Preguntas frecuentes de Cirug\u00eda Est\u00e9tica<\/a><\/li>\n<li class=\"page_item page-item-1148\"><a href=\"https:\/\/www.idermic.es\/es\/solicitar-visita\/\">Solicitar visita<\/a><\/li>\n<li class=\"page_item page-item-10079\"><a href=\"https:\/\/www.idermic.es\/es\/tienda\/\">Tienda<\/a><\/li>\n<li class=\"page_item page-item-4327\"><a href=\"https:\/\/www.idermic.es\/es\/tratamiento-facial\/\">Tratamiento facial<\/a><\/li>\n<li class=\"page_item page-item-8512\"><a href=\"https:\/\/www.idermic.es\/es\/tratamientos-en-dermatologia\/\">Tratamientos en dermatolog\u00eda<\/a><\/li>\n<\/ul>\n<h2 class=\"wsp-posts-title\">Posts por categor\u00eda<\/h2>\n<ul class=\"wsp-posts-list\">\n\t<li><strong class=\"wsp-category-title\">Category: <a href=\"https:\/\/www.idermic.es\/es\/category\/dermatologia\/\">Dermatolog\u00eda<\/a><\/strong>\n<ul class=\"wsp-posts-list\">\t\t<li class=\"wsp-post\"><a href=\"https:\/\/www.idermic.es\/es\/el-deporte-rejuvenece-o-envejece-la-piel\/\">\u00bfEl deporte rejuvenece o envejece la piel?<\/a><\/li>\n\t\t<li class=\"wsp-post\"><a href=\"https:\/\/www.idermic.es\/es\/tratamiento-de-la-piel-con-indiba\/\">Tratamiento de la piel con INDIBA<\/a><\/li>\n\t\t<li class=\"wsp-post\"><a href=\"https:\/\/www.idermic.es\/es\/repelente-para-mosquitos-en-dermatologia-pediatrica-como-elegirlo-y-utilizarlo-en-ninos\/\">Repelente para mosquitos en Dermatolog\u00eda pedi\u00e1trica: c\u00f3mo elegirlo y utilizarlo en ni\u00f1os<\/a><\/li>\n\t\t<li class=\"wsp-post\"><a href=\"https:\/\/www.idermic.es\/es\/queratolisis-punctata-que-es-esta-infeccion-bacteriana-sintomas-causas-y-tratamiento\/\">Querat\u00f3lisis punctata: qu\u00e9 es esta infecci\u00f3n bacteriana, s\u00edntomas, causas y tratamiento<\/a><\/li>\n\t\t<li class=\"wsp-post\"><a href=\"https:\/\/www.idermic.es\/es\/techaiderm-2026-sobre-ia-y-dermatologia\/\">TechAiDerm 2026 sobre IA y dermatolog\u00eda<\/a><\/li>\n\t\t<li class=\"wsp-post\"><a href=\"https:\/\/www.idermic.es\/es\/idermic-es-2026-12-meses-12-tratamientos\/\">Idermic.es 2026: 12 meses 12 tratamientos<\/a><\/li>\n\t\t<li class=\"wsp-post\"><a href=\"https:\/\/www.idermic.es\/es\/verrugas-viricas-tipos-causas-y-tratamientos-innovadores\/\">Verrugas v\u00edricas: tipos, causas y tratamientos innovadores<\/a><\/li>\n\t\t<li class=\"wsp-post\"><a href=\"https:\/\/www.idermic.es\/es\/virus-boca-mano-pie-todo-lo-que-se-debe-saber-sobre-esta-enfermedad-viral-infantil\/\">Virus boca, mano, pie: todo lo que se debe saber sobre esta enfermedad viral infantil<\/a><\/li>\n\t\t<li class=\"wsp-post\"><a href=\"https:\/\/www.idermic.es\/es\/en-que-consiste-el-prp-plasma-rico-en-plaquetas\/\">En que consiste el PRP (plasma rico en plaquetas)<\/a><\/li>\n\t\t<li class=\"wsp-post\"><a href=\"https:\/\/www.idermic.es\/es\/poros-dilatados-tratamientos-mas-efectivos\/\">Poros dilatados: tratamientos m\u00e1s efectivos<\/a><\/li>\n\t\t<li class=\"wsp-post\"><a href=\"https:\/\/www.idermic.es\/es\/que-es-liftera\/\">Qu\u00e9 es Liftera<\/a><\/li>\n\t\t<li class=\"wsp-post\"><a href=\"https:\/\/www.idermic.es\/es\/eliminacion-de-micropigmentacion-con-el-laser-de-picosegundos\/\">Eliminaci\u00f3n de Micropigmentaci\u00f3n con el l\u00e1ser de picosegundos<\/a><\/li>\n\t\t<li class=\"wsp-post\"><a href=\"https:\/\/www.idermic.es\/es\/demodecidosis-todo-lo-que-necesitas-saber-sobre-el-demodex-folliculorum\/\">Demodecidosis: Todo lo que necesitas saber sobre el Demodex folliculorum<\/a><\/li>\n\t\t<li class=\"wsp-post\"><a href=\"https:\/\/www.idermic.es\/es\/dermatologia-pediatrica-el-sindrome-del-anageno-suelto\/\">Dermatolog\u00eda pedi\u00e1trica: el s\u00edndrome del an\u00e1geno suelto<\/a><\/li>\n\t\t<li class=\"wsp-post\"><a href=\"https:\/\/www.idermic.es\/es\/costra-lactea-en-bebes\/\">Costra l\u00e1ctea en beb\u00e9s<\/a><\/li>\n\t\t<li class=\"wsp-post\"><a href=\"https:\/\/www.idermic.es\/es\/tratamientos-de-estetica-para-embarazadas\/\">Tratamientos de est\u00e9tica para embarazadas<\/a><\/li>\n\t\t<li class=\"wsp-post\"><a href=\"https:\/\/www.idermic.es\/es\/poiquilodermia-de-civatte-causas-sintomas-y-tratamientos\/\">Poiquilodermia de Civatte: Causas, s\u00edntomas y tratamientos<\/a><\/li>\n\t\t<li class=\"wsp-post\"><a href=\"https:\/\/www.idermic.es\/es\/nevus-dermico-eliminacion-con-laser-co2\/\">Nevus d\u00e9rmico: Eliminaci\u00f3n con l\u00e1ser CO2<\/a><\/li>\n\t\t<li class=\"wsp-post\"><a href=\"https:\/\/www.idermic.es\/es\/mastocitosis-que-es-sintomas-causas-y-tratamientos\/\">Mastocitosis: Qu\u00e9 es, s\u00edntomas, causas y tratamientos<\/a><\/li>\n\t\t<li class=\"wsp-post\"><a href=\"https:\/\/www.idermic.es\/es\/limpieza-profunda-de-la-espalda-con-aquapure\/\">Limpieza profunda de la espalda con Aquapure<\/a><\/li>\n\t\t<li class=\"wsp-post\"><a href=\"https:\/\/www.idermic.es\/es\/imcas-world-congress-2025-la-dra-marta-vilavella-asiste-a-este-prestigiosos-evento\/\">IMCAS World Congress 2025. La Dra. Marta Vilavella asiste a este prestigiosos evento<\/a><\/li>\n\t\t<li class=\"wsp-post\"><a href=\"https:\/\/www.idermic.es\/es\/hidradenitis-supurativa-todo-lo-que-se-debe-saber-sobre-esta-afeccion-cutanea\/\">Hidradenitis supurativa: s\u00edntomas, causas y tratamientos<\/a><\/li>\n\t\t<li class=\"wsp-post\"><a href=\"https:\/\/www.idermic.es\/es\/dermatitis-perioral-causas-sintomas-y-tratamiento\/\">Dermatitis perioral: causas, s\u00edntomas y tratamiento<\/a><\/li>\n\t\t<li class=\"wsp-post\"><a href=\"https:\/\/www.idermic.es\/es\/papula-fibrosa-nasal-eliminacion-con-laser-de-plasma\/\">P\u00e1pula fibrosa nasal: Eliminaci\u00f3n con l\u00e1ser de plasma<\/a><\/li>\n\t\t<li class=\"wsp-post\"><a href=\"https:\/\/www.idermic.es\/es\/terapia-biofotonica\/\">Terapia biofot\u00f3nica<\/a><\/li>\n\t\t<li class=\"wsp-post\"><a href=\"https:\/\/www.idermic.es\/es\/tratamiento-de-estrias\/\">Tratamiento de estr\u00edas<\/a><\/li>\n\t\t<li class=\"wsp-post\"><a href=\"https:\/\/www.idermic.es\/es\/los-quistes-de-millium\/\">Quistes de Millium: causas, tratamientos y prevenci\u00f3n<\/a><\/li>\n\t\t<li class=\"wsp-post\"><a href=\"https:\/\/www.idermic.es\/es\/pitiriasis-versicolor\/\">Pitiriasis versicolor: diagn\u00f3stico y tratamiento eficaz<\/a><\/li>\n\t\t<li class=\"wsp-post\"><a href=\"https:\/\/www.idermic.es\/es\/tratamiento-de-las-cicatrices-atroficas-de-acne-con-laser\/\">Tratamiento de las cicatrices atr\u00f3ficas de acn\u00e9 con l\u00e1ser<\/a><\/li>\n\t\t<li class=\"wsp-post\"><a href=\"https:\/\/www.idermic.es\/es\/como-quitar-verrugas\/\">C\u00f3mo quitar verrugas: m\u00e9todos efectivos y seguros<\/a><\/li>\n\t\t<li class=\"wsp-post\"><a href=\"https:\/\/www.idermic.es\/es\/infecciones-de-transmision-sexual\/\">Infecciones de Transmisi\u00f3n Sexual<\/a><\/li>\n\t\t<li class=\"wsp-post\"><a href=\"https:\/\/www.idermic.es\/es\/impetigo-en-ninos\/\">Imp\u00e9tigo en ni\u00f1os<\/a><\/li>\n\t\t<li class=\"wsp-post\"><a href=\"https:\/\/www.idermic.es\/es\/tratamiento-del-melasma\/\">Tratamiento del Melasma<\/a><\/li>\n\t\t<li class=\"wsp-post\"><a href=\"https:\/\/www.idermic.es\/es\/dermatitis-atopica-en-adultos\/\">Dermatitis at\u00f3pica en adultos<\/a><\/li>\n\t\t<li class=\"wsp-post\"><a href=\"https:\/\/www.idermic.es\/es\/hipersudoracion-palmar\/\">Hipersudoraci\u00f3n palmar: Neuromodulaci\u00f3n eficaz y segura<\/a><\/li>\n\t\t<li class=\"wsp-post\"><a href=\"https:\/\/www.idermic.es\/es\/eliminacion-de-la-hiperplasia-sebacea\/\">Hiperplasia seb\u00e1cea: diagn\u00f3stico, causas y tratamientos<\/a><\/li>\n\t\t<li class=\"wsp-post\"><a href=\"https:\/\/www.idermic.es\/es\/dermografismo-o-escritura-sobre-la-piel\/\">Dermografismo o escritura sobre la piel<\/a><\/li>\n\t\t<li class=\"wsp-post\"><a href=\"https:\/\/www.idermic.es\/es\/picaduras-de-chinches-todo-lo-que-debemos-saber\/\">Picaduras de chinches: s\u00edntomas y tratamientos efectivos<\/a><\/li>\n\t\t<li class=\"wsp-post\"><a href=\"https:\/\/www.idermic.es\/es\/verrugas-viricas-faciales\/\">Verrugas v\u00edricas faciales: causas y tratamientos eficaces<\/a><\/li>\n\t\t<li class=\"wsp-post\"><a href=\"https:\/\/www.idermic.es\/es\/revision-de-lunares-con-fotofinder\/\">Revisi\u00f3n de lunares con Fotofinder<\/a><\/li>\n\t\t<li class=\"wsp-post\"><a href=\"https:\/\/www.idermic.es\/es\/hongos-en-las-unas-onicomicosis\/\">Hongos en las u\u00f1as: Onicomicosis<\/a><\/li>\n\t\t<li class=\"wsp-post\"><a href=\"https:\/\/www.idermic.es\/es\/quemaduras-solares-prevencion-consejos-y-tratamiento\/\">Quemaduras solares: Prevenci\u00f3n, consejos y tratamiento<\/a><\/li>\n\t\t<li class=\"wsp-post\"><a href=\"https:\/\/www.idermic.es\/es\/molluscums-en-ninos\/\">Molluscums en ni\u00f1os: Diagn\u00f3stico y tratamiento eficaz<\/a><\/li>\n\t\t<li class=\"wsp-post\"><a href=\"https:\/\/www.idermic.es\/es\/microneedling\/\">Microneedling<\/a><\/li>\n\t\t<li class=\"wsp-post\"><a href=\"https:\/\/www.idermic.es\/es\/sarna-sintomas-causas-y-tratamiento\/\">Sarna: S\u00edntomas, causas y tratamiento<\/a><\/li>\n\t\t<li class=\"wsp-post\"><a href=\"https:\/\/www.idermic.es\/es\/queratosis-seborreica\/\">Queratosis seborreica: causas y tratamientos eficaces<\/a><\/li>\n\t\t<li class=\"wsp-post\"><a href=\"https:\/\/www.idermic.es\/es\/carcinoma-basocelular\/\">Carcinoma basocelular: gu\u00eda cl\u00ednica y prevenci\u00f3n<\/a><\/li>\n\t\t<li class=\"wsp-post\"><a href=\"https:\/\/www.idermic.es\/es\/cicatrices-queloides\/\">Cicatrices queloides<\/a><\/li>\n\t\t<li class=\"wsp-post\"><a href=\"https:\/\/www.idermic.es\/es\/queratosis-actinicas\/\">Queratosis act\u00ednicas<\/a><\/li>\n\t\t<li class=\"wsp-post\"><a href=\"https:\/\/www.idermic.es\/es\/hiperhidrosis-tratamiento-con-morpheus8\/\">Hiperhidrosis con Morpheus8: controla sudor excesivo<\/a><\/li>\n\t\t<li class=\"wsp-post\"><a href=\"https:\/\/www.idermic.es\/es\/10-mitos-y-verdades-sobre-los-piojos\/\">Los piojos: 10 mitos y verdades<\/a><\/li>\n\t\t<li class=\"wsp-post\"><a href=\"https:\/\/www.idermic.es\/es\/12-consejos-para-no-tener-exposicion-solar\/\">Exposici\u00f3n solar: 12 consejos para mantenerse  protegidos del sol<\/a><\/li>\n\t\t<li class=\"wsp-post\"><a href=\"https:\/\/www.idermic.es\/es\/que-es-el-melanoma\/\">Melanoma<\/a><\/li>\n\t\t<li class=\"wsp-post\"><a href=\"https:\/\/www.idermic.es\/es\/25o-congreso-de-la-academia-europea-de-dermatologia-y-venereologia\/\">XXV Congreso de la Academia Europea de Dermatolog\u00eda y Venereolog\u00eda<\/a><\/li>\n\t\t<li class=\"wsp-post\"><a href=\"https:\/\/www.idermic.es\/es\/cuidado-de-tu-piel-3-claves-que-debes-conocer-antes-del-verano\/\">Cuidado de tu piel: 3 claves que debes conocer antes del verano<\/a><\/li>\n\t\t<li class=\"wsp-post\"><a href=\"https:\/\/www.idermic.es\/es\/cuidados-de-la-piel-durante-el-embarazo\/\">Cuidados de la piel durante el embarazo<\/a><\/li>\n<\/ul><\/li>\n\t<li><strong class=\"wsp-category-title\">Category: <a href=\"https:\/\/www.idermic.es\/es\/category\/dermatologia-estetica-es\/\">Dermatologia est\u00e8tica<\/a><\/strong>\n<ul class=\"wsp-posts-list\">\t\t<li class=\"wsp-post\"><a href=\"https:\/\/www.idermic.es\/es\/hifu-en-terrassa-lifting-facial-sin-cirugia\/\">HIFU en Terrassa: lifting facial sin cirug\u00eda<\/a><\/li>\n\t\t<li class=\"wsp-post\"><a href=\"https:\/\/www.idermic.es\/es\/tratamiento-del-acne-noduloquistico-como-reconocerlo-que-opciones-existen-y-cuando-acudir-al-dermatologo\/\">Tratamiento del acn\u00e9 noduloqu\u00edstico: c\u00f3mo reconocerlo, qu\u00e9 opciones existen y cu\u00e1ndo acudir al dermat\u00f3logo<\/a><\/li>\n\t\t<li class=\"wsp-post\"><a href=\"https:\/\/www.idermic.es\/es\/tratamiento-con-laser-ipl-frax-tecnologia-avanzada-para-mejorar-la-calidad-de-la-piel\/\">Tratamiento con l\u00e1ser IPL + FRAX: tecnolog\u00eda avanzada para mejorar la calidad de la piel<\/a><\/li>\n\t\t<li class=\"wsp-post\"><a href=\"https:\/\/www.idermic.es\/es\/diagnostico-y-tratamiento-del-cancer-de-piel\/\">Diagn\u00f3stico y tratamiento del c\u00e1ncer de piel<\/a><\/li>\n\t\t<li class=\"wsp-post\"><a href=\"https:\/\/www.idermic.es\/es\/rejuvenecimiento-facial-full-face-tratamiento-integral-sin-cirugia-para-armonizar-el-rostro\/\">Rejuvenecimiento facial full face: Tratamiento integral sin cirug\u00eda para armonizar el rostro<\/a><\/li>\n\t\t<li class=\"wsp-post\"><a href=\"https:\/\/www.idermic.es\/es\/beneficios-de-la-radiofrecuencia-fraccionada-con-microagujas\/\">Beneficios de la radiofrecuencia fraccionada con microagujas<\/a><\/li>\n\t\t<li class=\"wsp-post\"><a href=\"https:\/\/www.idermic.es\/es\/repoblamiento-de-cejas-los-mejores-tratamientos-disponibles\/\">Repoblamiento de cejas: los mejores tratamientos disponibles<\/a><\/li>\n\t\t<li class=\"wsp-post\"><a href=\"https:\/\/www.idermic.es\/es\/id-fresh-look-rejuvenecimiento-eficaz-del-contorno-ocular\/\">ID Fresh Look: rejuvenecimiento eficaz del contorno ocular<\/a><\/li>\n\t\t<li class=\"wsp-post\"><a href=\"https:\/\/www.idermic.es\/es\/programa-clearskin-el-enfoque-integral-de-idermic-para-la-recuperacion-de-la-piel-con-acne\/\">Programa ClearSkin, el enfoque integral de Idermic para la recuperaci\u00f3n de la piel con acn\u00e9<\/a><\/li>\n\t\t<li class=\"wsp-post\"><a href=\"https:\/\/www.idermic.es\/es\/arrugas-en-la-frente-y-entrecejo-tratamientos-para-suavizar-su-apariencia\/\">Arrugas en la frente y entrecejo: Tratamientos para suavizar su apariencia<\/a><\/li>\n\t\t<li class=\"wsp-post\"><a href=\"https:\/\/www.idermic.es\/es\/disfuncion-vaginal-posparto-causas-sintomas-y-soluciones\/\">Disfunci\u00f3n vaginal posparto: causas, s\u00edntomas y soluciones<\/a><\/li>\n\t\t<li class=\"wsp-post\"><a href=\"https:\/\/www.idermic.es\/es\/acne-cosmetico-todo-lo-que-debemos-saber\/\">Acn\u00e9 cosm\u00e9tico: todo lo que debemos saber<\/a><\/li>\n\t\t<li class=\"wsp-post\"><a href=\"https:\/\/www.idermic.es\/es\/thiamidol-el-activo-despigmentante-recomendado-por-la-dra-marta-vilavella\/\">Thiamidol: el activo despigmentante recomendado por la Dra. Marta Vilavella<\/a><\/li>\n\t\t<li class=\"wsp-post\"><a href=\"https:\/\/www.idermic.es\/es\/hidrosadenitis-una-afeccion-cronica-que-requiere-mayor-visibilidad\/\">Hidrosadenitis: una afecci\u00f3n cr\u00f3nica que requiere mayor visibilidad<\/a><\/li>\n\t\t<li class=\"wsp-post\"><a href=\"https:\/\/www.idermic.es\/es\/rejuvenecimiento-del-lobulo-de-la-oreja-con-acido-hialuronico\/\">Rejuvenecimiento del l\u00f3bulo de la oreja con \u00e1cido hialur\u00f3nico<\/a><\/li>\n\t\t<li class=\"wsp-post\"><a href=\"https:\/\/www.idermic.es\/es\/tratamientos-para-la-flacidez-facial\/\">Tratamientos para la flacidez facial<\/a><\/li>\n\t\t<li class=\"wsp-post\"><a href=\"https:\/\/www.idermic.es\/es\/codigo-de-barras-las-arrugas-del-labio-superior\/\">C\u00f3digo de barras: Las arrugas del labio superior<\/a><\/li>\n\t\t<li class=\"wsp-post\"><a href=\"https:\/\/www.idermic.es\/es\/rejuvenecimiento-de-manos-tratamientos-y-beneficios\/\">Rejuvenecimiento de manos: Tratamientos y beneficios<\/a><\/li>\n\t\t<li class=\"wsp-post\"><a href=\"https:\/\/www.idermic.es\/es\/como-empezar-un-tratamiento-estetico\/\">C\u00f3mo empezar un tratamiento est\u00e9tico<\/a><\/li>\n\t\t<li class=\"wsp-post\"><a href=\"https:\/\/www.idermic.es\/es\/manchas-en-piel-fotos-y-tratamiento-con-laser\/\">Manchas en piel. Fotos y tratamiento con l\u00e1ser<\/a><\/li>\n\t\t<li class=\"wsp-post\"><a href=\"https:\/\/www.idermic.es\/es\/podemos-cerrar-los-poros\/\">\u00bfPodemos cerrar los poros?<\/a><\/li>\n\t\t<li class=\"wsp-post\"><a href=\"https:\/\/www.idermic.es\/es\/profhilo-structura-rejuvenecimiento-facial\/\">Profhilo Structura. Rejuvenecimiento facial<\/a><\/li>\n\t\t<li class=\"wsp-post\"><a href=\"https:\/\/www.idermic.es\/es\/rejuvenecimiento-facial\/\">Rejuvenecimiento Facial<\/a><\/li>\n\t\t<li class=\"wsp-post\"><a href=\"https:\/\/www.idermic.es\/es\/todo-lo-que-debemos-saber-sobre-la-tina\/\">Ti\u00f1a: causas, s\u00edntomas y tratamientos eficaces<\/a><\/li>\n\t\t<li class=\"wsp-post\"><a href=\"https:\/\/www.idermic.es\/es\/acrocordones-todo-lo-que-debemos-saber\/\">Acrocordones: Todo lo que debemos saber<\/a><\/li>\n\t\t<li class=\"wsp-post\"><a href=\"https:\/\/www.idermic.es\/es\/skincare-en-adolescentes\/\">Skincare en adolescentes<\/a><\/li>\n\t\t<li class=\"wsp-post\"><a href=\"https:\/\/www.idermic.es\/es\/lagos-venosos-labiales\/\">Lagos venosos labiales: causas, diagn\u00f3stico y tratamiento<\/a><\/li>\n\t\t<li class=\"wsp-post\"><a href=\"https:\/\/www.idermic.es\/es\/cicatrices-quirurgicas\/\">Cicatrices quir\u00fargicas: cuidado, tratamientos y mejora est\u00e9tica<\/a><\/li>\n\t\t<li class=\"wsp-post\"><a href=\"https:\/\/www.idermic.es\/es\/esclerosis-de-varices\/\">Esclerosis de varices: Tratamiento eficaz sin cirug\u00eda<\/a><\/li>\n\t\t<li class=\"wsp-post\"><a href=\"https:\/\/www.idermic.es\/es\/eliminacion-de-xantelasmas\/\">Eliminaci\u00f3n de xantelasmas: Tratamiento sin cicatrices<\/a><\/li>\n\t\t<li class=\"wsp-post\"><a href=\"https:\/\/www.idermic.es\/es\/telangiectasias-y-lesiones-vasculares\/\">Telangiectasias y lesiones vasculares: tratamiento l\u00e1ser eficaz<\/a><\/li>\n\t\t<li class=\"wsp-post\"><a href=\"https:\/\/www.idermic.es\/es\/caida-del-cabello-causas-diagnostico-y-tratamientos\/\">Ca\u00edda del cabello: Causas, diagn\u00f3stico y tratamientos<\/a><\/li>\n\t\t<li class=\"wsp-post\"><a href=\"https:\/\/www.idermic.es\/es\/biorevitalizacion-del-escote\/\">Biorevitalizaci\u00f3n del escote<\/a><\/li>\n\t\t<li class=\"wsp-post\"><a href=\"https:\/\/www.idermic.es\/es\/luz-pulsada-intensa-ipl-eliminacion-de-de-los-lentigos-solares\/\">Luz Pulsada Intensa IPL: Eliminaci\u00f3n de de los l\u00e9ntigos solares<\/a><\/li>\n\t\t<li class=\"wsp-post\"><a href=\"https:\/\/www.idermic.es\/es\/lentigos-solares\/\">L\u00e9ntigos solares<\/a><\/li>\n\t\t<li class=\"wsp-post\"><a href=\"https:\/\/www.idermic.es\/es\/como-eliminar-las-papulas-perladas-del-pene\/\">P\u00e1pulas perladas: qu\u00e9 son y c\u00f3mo eliminarlas<\/a><\/li>\n\t\t<li class=\"wsp-post\"><a href=\"https:\/\/www.idermic.es\/es\/fractora-el-nuevo-dispositivo-de-idermic-para-el-tratamiento-de-la-piel\/\">Fractora, el nuevo dispositivo de Idermic para el tratamiento de la piel<\/a><\/li>\n\t\t<li class=\"wsp-post\"><a href=\"https:\/\/www.idermic.es\/es\/gorras-hr3-y-su-aplicacion-en-la-alopecia\/\">Gorras Hr3 y su aplicaci\u00f3n en la alopecia<\/a><\/li>\n\t\t<li class=\"wsp-post\"><a href=\"https:\/\/www.idermic.es\/es\/borrar-o-quitar-un-tatuaje-con-laser\/\">Borrar o quitar un tatuaje con l\u00e1ser<\/a><\/li>\n\t\t<li class=\"wsp-post\"><a href=\"https:\/\/www.idermic.es\/es\/rosacea\/\">Ros\u00e1cea<\/a><\/li>\n<\/ul><\/li>\n\t<li><strong class=\"wsp-category-title\">Category: <a href=\"https:\/\/www.idermic.es\/es\/category\/noticias\/\">Noticias<\/a><\/strong>\n<ul class=\"wsp-posts-list\">\t\t<li class=\"wsp-post\"><a href=\"https:\/\/www.idermic.es\/es\/micropigmentacion-medica-y-estetica-nuevo-servicio-especializado-en-idermic\/\">Micropigmentaci\u00f3n M\u00e9dica y Est\u00e9tica: nuevo servicio especializado en Idermic<\/a><\/li>\n\t\t<li class=\"wsp-post\"><a href=\"https:\/\/www.idermic.es\/es\/perder-peso-sin-efecto-rebote-el-enfoque-medico-del-endocrino-frente-a-las-dietas-milagro\/\">Perder peso sin efecto rebote: el enfoque m\u00e9dico del endocrino frente a las dietas milagro<\/a><\/li>\n\t\t<li class=\"wsp-post\"><a href=\"https:\/\/www.idermic.es\/es\/hipotiroidismo-sintomas-diagnostico-y-como-afecta-tu-metabolismo\/\">Hipotiroidismo: s\u00edntomas, diagn\u00f3stico y c\u00f3mo afecta tu metabolismo<\/a><\/li>\n\t\t<li class=\"wsp-post\"><a href=\"https:\/\/www.idermic.es\/es\/sindrome-de-ovario-poliquistico-sop-sintomas-causas-y-tratamiento-endocrinologico\/\">S\u00edndrome de ovario poliqu\u00edstico (SOP): s\u00edntomas, causas y tratamiento endocrinol\u00f3gico<\/a><\/li>\n\t\t<li class=\"wsp-post\"><a href=\"https:\/\/www.idermic.es\/es\/congreso-dermus-2026\/\">Congreso Dermus 2026<\/a><\/li>\n\t\t<li class=\"wsp-post\"><a href=\"https:\/\/www.idermic.es\/es\/vichy-longevity-clinic-participacion-de-la-dra-marta-vilavella\/\">Vichy Longevity Clinic: Participaci\u00f3n de la Dra. Marta Vilavella<\/a><\/li>\n\t\t<li class=\"wsp-post\"><a href=\"https:\/\/www.idermic.es\/es\/imcas-world-congress-2026-asistencia-de-la-dra-marta-vilavella\/\">IMCAS World Congress 2026: Asistencia de la Dra. Marta Vilavella<\/a><\/li>\n\t\t<li class=\"wsp-post\"><a href=\"https:\/\/www.idermic.es\/es\/36a-reunion-del-gedet-participacion-de-la-dra-marta-vilavella\/\">36\u00aa Reuni\u00f3n del GEDET: Participaci\u00f3n de la Dra. Marta Vilavella<\/a><\/li>\n\t\t<li class=\"wsp-post\"><a href=\"https:\/\/www.idermic.es\/es\/congreso-de-la-academia-europea-de-dermatologia-en-paris\/\">Congreso de la Academia Europea de Dermatolog\u00eda en Par\u00eds<\/a><\/li>\n\t\t<li class=\"wsp-post\"><a href=\"https:\/\/www.idermic.es\/es\/virus-del-papiloma-humano-vph\/\">Virus del Papiloma Humano (VPH)<\/a><\/li>\n\t\t<li class=\"wsp-post\"><a href=\"https:\/\/www.idermic.es\/es\/inmode-preguntas-flash-a-la-dra-vilavella\/\">Inmode: preguntas flash a la Dra. Vilavella<\/a><\/li>\n\t\t<li class=\"wsp-post\"><a href=\"https:\/\/www.idermic.es\/es\/influencers-de-belleza-y-cuidado-de-la-piel-evento-de-caudalie\/\">Influencers de belleza y cuidado de la piel. Evento de Caudalie<\/a><\/li>\n\t\t<li class=\"wsp-post\"><a href=\"https:\/\/www.idermic.es\/es\/congreso-nacional-de-dermatologia-de-la-aedv-la-dra-marta-vilavella-participa-como-ponente\/\">Congreso Nacional de Dermatolog\u00eda de la AEDV. La Dra. Marta Vilavella participa como ponente<\/a><\/li>\n\t\t<li class=\"wsp-post\"><a href=\"https:\/\/www.idermic.es\/es\/la-dra-vilavella-con-los-laboratorios-dermatologicos\/\">La Dra Vilavella con los laboratorios dermatol\u00f3gicos<\/a><\/li>\n\t\t<li class=\"wsp-post\"><a href=\"https:\/\/www.idermic.es\/es\/infarma-2025-la-dra-vilavella-asiste-al-encuentro\/\">Infarma 2025. La Dra. Vilavella asiste al encuentro<\/a><\/li>\n\t\t<li class=\"wsp-post\"><a href=\"https:\/\/www.idermic.es\/es\/regala-salud-y-belleza-estas-navidades-con-las-gift-cards-de-idermic\/\">Regala Salud y Belleza estas Navidades con las Gift Cards de Idermic<\/a><\/li>\n\t\t<li class=\"wsp-post\"><a href=\"https:\/\/www.idermic.es\/es\/premio-dr-talent-2024\/\">Premio Dr TALENT 2024<\/a><\/li>\n\t\t<li class=\"wsp-post\"><a href=\"https:\/\/www.idermic.es\/es\/morpheus8-360-users-meeting\/\">Morpheus8 360 Users Meeting<\/a><\/li>\n\t\t<li class=\"wsp-post\"><a href=\"https:\/\/www.idermic.es\/es\/beneficios-del-resveratrol-para-la-piel\/\">Beneficios del resveratrol para la piel<\/a><\/li>\n\t\t<li class=\"wsp-post\"><a href=\"https:\/\/www.idermic.es\/es\/laser-vaginal-co2\/\">L\u00e1ser Vaginal CO2: Rejuvenecimiento \u00edntimo y funcional<\/a><\/li>\n\t\t<li class=\"wsp-post\"><a href=\"https:\/\/www.idermic.es\/es\/picaduras-de-mosquito-tratamiento-y-prevencion\/\">Picaduras de mosquito: tratamiento y prevenci\u00f3n<\/a><\/li>\n\t\t<li class=\"wsp-post\"><a href=\"https:\/\/www.idermic.es\/es\/las-10-enfermedades-de-transmision-sexual-mas-frecuentes\/\">Enfermedades de transmisi\u00f3n sexual: las 10 m\u00e1s comunes<\/a><\/li>\n\t\t<li class=\"wsp-post\"><a href=\"https:\/\/www.idermic.es\/es\/rejuvenecimiento-vaginal-no-quirurgico-con-laser-co2\/\">Rejuvenecimiento vaginal no quir\u00fargico con l\u00e1ser CO2<\/a><\/li>\n\t\t<li class=\"wsp-post\"><a href=\"https:\/\/www.idermic.es\/es\/beneficios-del-laser-vaginal-co2-para-la-salud-intima\/\">Beneficios del l\u00e1ser vaginal CO2 para la salud \u00edntima<\/a><\/li>\n\t\t<li class=\"wsp-post\"><a href=\"https:\/\/www.idermic.es\/es\/dermatologia-estetica-tratamientos-para-corregir-las-arrugas-de-expresion\/\">Dermatolog\u00eda est\u00e9tica: Tratamientos para corregir las arrugas de expresi\u00f3n<\/a><\/li>\n\t\t<li class=\"wsp-post\"><a href=\"https:\/\/www.idermic.es\/es\/todo-lo-que-necesitamos-saber-sobre-la-dispareunia\/\">Dispareunia: causas, s\u00edntomas y tratamiento eficaz<\/a><\/li>\n\t\t<li class=\"wsp-post\"><a href=\"https:\/\/www.idermic.es\/es\/tratamientos-de-belleza-masculina\/\">Tratamientos de belleza masculina<\/a><\/li>\n\t\t<li class=\"wsp-post\"><a href=\"https:\/\/www.idermic.es\/es\/cuidado-postparto\/\">Cuidado Postparto<\/a><\/li>\n\t\t<li class=\"wsp-post\"><a href=\"https:\/\/www.idermic.es\/es\/incontinencia-urinaria-femenina\/\">Incontinencia urinaria femenina<\/a><\/li>\n\t\t<li class=\"wsp-post\"><a href=\"https:\/\/www.idermic.es\/es\/viruela-del-mono-que-es-sintomas-transmision-y-prevencion\/\">Viruela del mono: Qu\u00e9 es, s\u00edntomas, transmisi\u00f3n y prevenci\u00f3n<\/a><\/li>\n\t\t<li class=\"wsp-post\"><a href=\"https:\/\/www.idermic.es\/es\/la-menopausia\/\">La menopausia<\/a><\/li>\n\t\t<li class=\"wsp-post\"><a href=\"https:\/\/www.idermic.es\/es\/ona-carbonell-confia-en-idermic-para-el-uso-de-los-fotoprotectores-solares\/\">Fotoprotectores solares: protecci\u00f3n diaria recomendada por Ona Carbonell<\/a><\/li>\n\t\t<li class=\"wsp-post\"><a href=\"https:\/\/www.idermic.es\/es\/coaching-nutricional\/\">Coaching nutricional<\/a><\/li>\n\t\t<li class=\"wsp-post\"><a href=\"https:\/\/www.idermic.es\/es\/psoriasis-mas-alla-de-la-piel\/\">Psoriasis, m\u00e1s all\u00e1 de la piel<\/a><\/li>\n\t\t<li class=\"wsp-post\"><a href=\"https:\/\/www.idermic.es\/es\/financiacion-con-un-credito-al-0-de-interes\/\">Financiaci\u00f3n con un cr\u00e9dito al 0% de inter\u00e9s<\/a><\/li>\n\t\t<li class=\"wsp-post\"><a href=\"https:\/\/www.idermic.es\/es\/que-es-la-sonrisa-gingival\/\">\u00bfQu\u00e9 es la sonrisa gingival?<\/a><\/li>\n\t\t<li class=\"wsp-post\"><a href=\"https:\/\/www.idermic.es\/es\/tu-imagen-comunica-optimiza-al-maximo-los-resultados-de-tu-cirugia\/\">Tu imagen comunica: optimiza al m\u00e1ximo los resultados de tu cirug\u00eda<\/a><\/li>\n\t\t<li class=\"wsp-post\"><a href=\"https:\/\/www.idermic.es\/es\/dress-u-up-image-consulting\/\">DRESS \u2018U UP: IMAGE CONSULTING<\/a><\/li>\n\t\t<li class=\"wsp-post\"><a href=\"https:\/\/www.idermic.es\/es\/botox-para-rejuvenecimiento-facial\/\">Botox para rejuvenecimiento facial<\/a><\/li>\n<\/ul><\/li>\n\t<li><strong class=\"wsp-category-title\">Category: <a href=\"https:\/\/www.idermic.es\/es\/category\/tecnologia\/\">Tecnolog\u00eda<\/a><\/strong>\n<ul class=\"wsp-posts-list\">\t\t<li class=\"wsp-post\"><a href=\"https:\/\/www.idermic.es\/es\/radiofrecuencia-facial-como-funciona-para-tensar-la-piel-sin-cirugia\/\">Radiofrecuencia facial: c\u00f3mo funciona para tensar la piel sin cirug\u00eda<\/a><\/li>\n\t\t<li class=\"wsp-post\"><a href=\"https:\/\/www.idermic.es\/es\/sequedad-vaginal-en-la-menopausia-causas-sintomas-y-tratamientos-actuales\/\">Sequedad vaginal en la menopausia: causas, s\u00edntomas y tratamientos actuales<\/a><\/li>\n\t\t<li class=\"wsp-post\"><a href=\"https:\/\/www.idermic.es\/es\/ovalo-facial-y-cuello-mejores-tratamientos-segun-la-flacidez-la-papada-y-la-perdida-de-definicion\/\">\u00d3valo facial y cuello: Mejores tratamientos seg\u00fan la flacidez, la papada y la p\u00e9rdida de definici\u00f3n<\/a><\/li>\n\t\t<li class=\"wsp-post\"><a href=\"https:\/\/www.idermic.es\/es\/aparatologia-lpg-que-es-como-funciona-y-para-que-se-utiliza-en-tratamientos-faciales-y-corporales\/\">Aparatolog\u00eda LPG: qu\u00e9 es, c\u00f3mo funciona y para qu\u00e9 se utiliza en tratamientos faciales y corporales<\/a><\/li>\n\t\t<li class=\"wsp-post\"><a href=\"https:\/\/www.idermic.es\/es\/mesoterapia-facial-que-es-como-funciona-y-sus-beneficios-reales\/\">Mesoterapia facial: qu\u00e9 es, c\u00f3mo funciona y sus beneficios reales<\/a><\/li>\n\t\t<li class=\"wsp-post\"><a href=\"https:\/\/www.idermic.es\/es\/laser-de-co2-en-dermatologia-el-dermatologo-te-explica-sus-aplicaciones\/\">L\u00e1ser de CO2 en dermatolog\u00eda. El dermat\u00f3logo te explica sus aplicaciones<\/a><\/li>\n\t\t<li class=\"wsp-post\"><a href=\"https:\/\/www.idermic.es\/es\/dispositivo-buzzy-innovacion-para-el-control-del-dolor-infantil\/\">Dispositivo Buzzy: Innovaci\u00f3n para el control del dolor infantil<\/a><\/li>\n\t\t<li class=\"wsp-post\"><a href=\"https:\/\/www.idermic.es\/es\/tratamientos-para-reducir-la-grasa-localizada-y-mejorar-el-aspecto-de-la-piel\/\">Tratamientos para reducir la grasa localizada y mejorar el aspecto de la piel<\/a><\/li>\n\t\t<li class=\"wsp-post\"><a href=\"https:\/\/www.idermic.es\/es\/rinoplastia-ultrasonica-la-revolucion-de-la-cirugia-nasal\/\">Rinoplastia ultras\u00f3nica: la revoluci\u00f3n de la cirug\u00eda nasal<\/a><\/li>\n\t\t<li class=\"wsp-post\"><a href=\"https:\/\/www.idermic.es\/es\/quemaduras-en-la-piel-tratamiento-con-laser\/\">Quemaduras en la piel: Tratamiento con l\u00e1ser<\/a><\/li>\n\t\t<li class=\"wsp-post\"><a href=\"https:\/\/www.idermic.es\/es\/rejuvenecimiento-periorbitario-tecnicas-esteticas-para-rejuvenecer-la-mirada\/\">Rejuvenecimiento Periorbitario: T\u00e9cnicas est\u00e9ticas para rejuvenecer la mirada<\/a><\/li>\n\t\t<li class=\"wsp-post\"><a href=\"https:\/\/www.idermic.es\/es\/todo-lo-que-debemos-saber-sobre-la-rinoplastia-ultrasonica\/\">Todo lo que debemos saber sobre la Rinoplastia Ultras\u00f3nica<\/a><\/li>\n\t\t<li class=\"wsp-post\"><a href=\"https:\/\/www.idermic.es\/es\/inductores-de-colageno-que-zonas-podemos-tratar\/\">Inductores de col\u00e1geno: \u00bfQu\u00e9 zonas podemos tratar?<\/a><\/li>\n\t\t<li class=\"wsp-post\"><a href=\"https:\/\/www.idermic.es\/es\/mlt-3-1-o-multi-layering-technique\/\">MLT 3.1 o Multi-Layering Technique<\/a><\/li>\n\t\t<li class=\"wsp-post\"><a href=\"https:\/\/www.idermic.es\/es\/rejuvenecimiento-vaginal-con-laser-core\/\">Rejuvenecimiento vaginal con L\u00e1ser Core<\/a><\/li>\n\t\t<li class=\"wsp-post\"><a href=\"https:\/\/www.idermic.es\/es\/hifu-facial-con-liftera-lifting-facial-no-invasivo-y-eficaz\/\">HIFU Facial con Liftera. Lifting facial no invasivo y eficaz<\/a><\/li>\n\t\t<li class=\"wsp-post\"><a href=\"https:\/\/www.idermic.es\/es\/blefaroplastia-con-laser-co2\/\">Blefaroplastia con l\u00e1ser CO2<\/a><\/li>\n\t\t<li class=\"wsp-post\"><a href=\"https:\/\/www.idermic.es\/es\/limpieza-facial-con-aquapure\/\">Limpieza facial Aquapure: profunda, hidratante y reafirmante<\/a><\/li>\n\t\t<li class=\"wsp-post\"><a href=\"https:\/\/www.idermic.es\/es\/morpheus8-de-inmodemd-tecnologia-de-radiofrecuencia-fraccionada\/\">Morpheus8 de InModeMD. Tecnolog\u00eda de radiofrecuencia fraccionada<\/a><\/li>\n\t\t<li class=\"wsp-post\"><a href=\"https:\/\/www.idermic.es\/es\/tratamiento-de-incontinencia-urinaria-con-laser-vaginal\/\">Tratamiento de incontinencia urinaria con l\u00e1ser vaginal<\/a><\/li>\n\t\t<li class=\"wsp-post\"><a href=\"https:\/\/www.idermic.es\/es\/celulitis-tratamiento-con-ondas-de-choque\/\">Celulitis: Tratamiento con ondas de choque<\/a><\/li>\n\t\t<li class=\"wsp-post\"><a href=\"https:\/\/www.idermic.es\/es\/ecografia-cutanea\/\">Ecograf\u00eda Cut\u00e1nea<\/a><\/li>\n\t\t<li class=\"wsp-post\"><a href=\"https:\/\/www.idermic.es\/es\/como-mejorar-la-flacidez-del-cuello\/\">Flacidez del cuello: tratamientos y ejercicios eficaces<\/a><\/li>\n\t\t<li class=\"wsp-post\"><a href=\"https:\/\/www.idermic.es\/es\/tratamiento-de-las-cicatrices-del-acne-con-morpheus8\/\">Tratamiento de las cicatrices del acn\u00e9 con Morpheus8<\/a><\/li>\n\t\t<li class=\"wsp-post\"><a href=\"https:\/\/www.idermic.es\/es\/kleresca-tratamiento-de-rejuvenecimiento-de-la-piel\/\">Tratamiento de rejuvenecimiento de la piel con Kleresca<\/a><\/li>\n\t\t<li class=\"wsp-post\"><a href=\"https:\/\/www.idermic.es\/es\/diolaze-el-nuevo-laser-de-diodo-de-inmode-para-la-depilacion-definitiva\/\">Diolaze, el nuevo l\u00e1ser de diodo de InMode para la depilaci\u00f3n definitiva<\/a><\/li>\n\t\t<li class=\"wsp-post\"><a href=\"https:\/\/www.idermic.es\/es\/kleresca-tratamiento-para-la-rosacea-y-el-acne\/\">Kleresca. Tratamiento para la ros\u00e1cea y el acn\u00e9<\/a><\/li>\n\t\t<li class=\"wsp-post\"><a href=\"https:\/\/www.idermic.es\/es\/inmode-la-nueva-plataforma-adquirida-por-idermic\/\">InMode la nueva plataforma adquirida por idermic<\/a><\/li>\n\t\t<li class=\"wsp-post\"><a href=\"https:\/\/www.idermic.es\/es\/el-tratamiento-de-la-hiperhidrosis-con-fractora\/\">El tratamiento de la hiperhidrosis con Fractora<\/a><\/li>\n\t\t<li class=\"wsp-post\"><a href=\"https:\/\/www.idermic.es\/es\/nuevo-tratamiento-sin-cremas-ni-pastillas-para-acne\/\">Nuevo tratamiento sin cremas ni pastillas para acn\u00e9<\/a><\/li>\n\t\t<li class=\"wsp-post\"><a href=\"https:\/\/www.idermic.es\/es\/forma-radiofrecuencia-de-ultima-generacion\/\">Forma, radiofrecuencia de \u00faltima generaci\u00f3n<\/a><\/li>\n\t\t<li class=\"wsp-post\"><a href=\"https:\/\/www.idermic.es\/es\/tratamientos-de-fotorejuvenecimiento-con-el-laser-ellipse-multiflex\/\">L\u00e1ser Ellipse Multiflex+: Tratamientos de fotorejuvenecimiento<\/a><\/li>\n\t\t<li class=\"wsp-post\"><a href=\"https:\/\/www.idermic.es\/es\/la-micropigmentacion\/\">La Micropigmentaci\u00f3n<\/a><\/li>\n<\/ul><\/li>\n\t<li><strong class=\"wsp-category-title\">Category: <a href=\"https:\/\/www.idermic.es\/es\/category\/tratamientos-de-cirugia-estetica\/\">Tratamientos de Cirug\u00eda Est\u00e9tica<\/a><\/strong>\n<ul class=\"wsp-posts-list\">\t\t<li class=\"wsp-post\"><a href=\"https:\/\/www.idermic.es\/es\/drenaje-linfatico-beneficios-para-las-piernas-la-retencion-de-liquidos-y-la-celulitis\/\">Drenaje linf\u00e1tico: beneficios para las piernas, la retenci\u00f3n de l\u00edquidos y la celulitis<\/a><\/li>\n\t\t<li class=\"wsp-post\"><a href=\"https:\/\/www.idermic.es\/es\/peeling-quimico-facial-tipos-beneficios-y-para-que-pieles-esta-indicado\/\">Peeling qu\u00edmico facial: tipos, beneficios y para qu\u00e9 pieles est\u00e1 indicado<\/a><\/li>\n\t\t<li class=\"wsp-post\"><a href=\"https:\/\/www.idermic.es\/es\/piernas-hinchadas-y-pesadas-senales-de-insuficiencia-venosa-que-no-debes-ignorar\/\">Piernas hinchadas y pesadas: se\u00f1ales de insuficiencia venosa que no debes ignorar<\/a><\/li>\n\t\t<li class=\"wsp-post\"><a href=\"https:\/\/www.idermic.es\/es\/lobuloplastia-la-cirugia-estetica-que-repara-y-rejuvenece-los-lobulos-de-la-oreja\/\">Lobuloplastia: la cirug\u00eda est\u00e9tica que repara y rejuvenece los l\u00f3bulos de la oreja<\/a><\/li>\n\t\t<li class=\"wsp-post\"><a href=\"https:\/\/www.idermic.es\/es\/marcacion-del-angulo-mandibular-con-acido-hialuronico\/\">Marcaci\u00f3n del \u00e1ngulo mandibular con \u00e1cido hialur\u00f3nico<\/a><\/li>\n\t\t<li class=\"wsp-post\"><a href=\"https:\/\/www.idermic.es\/es\/armonizacion-facial-con-acido-hialuronico\/\">Armonizaci\u00f3n facial con \u00e1cido hialur\u00f3nico<\/a><\/li>\n\t\t<li class=\"wsp-post\"><a href=\"https:\/\/www.idermic.es\/es\/iii-congreso-de-la-sociedad-espanola-de-cirugia-plastica-facial\/\">III Congreso de la Sociedad Espa\u00f1ola de Cirug\u00eda Pl\u00e1stica Facial<\/a><\/li>\n\t\t<li class=\"wsp-post\"><a href=\"https:\/\/www.idermic.es\/es\/que-es-la-mesoterapia\/\">Qu\u00e9 es la mesoterapia<\/a><\/li>\n\t\t<li class=\"wsp-post\"><a href=\"https:\/\/www.idermic.es\/es\/criolipolisis-cooltech-tratamiento-efectivo-contra-la-grasa\/\">Criolip\u00f3lisis Cooltech: Tratamiento efectivo contra la grasa<\/a><\/li>\n\t\t<li class=\"wsp-post\"><a href=\"https:\/\/www.idermic.es\/es\/tratamientos-de-belleza-para-primavera-verano\/\">Tratamientos de belleza para primavera-verano<\/a><\/li>\n\t\t<li class=\"wsp-post\"><a href=\"https:\/\/www.idermic.es\/es\/lipofilling\/\">Lipofilling<\/a><\/li>\n\t\t<li class=\"wsp-post\"><a href=\"https:\/\/www.idermic.es\/es\/optimizacion-facial-beneficios-y-tratamientos\/\">Optimizaci\u00f3n facial: Beneficios y tratamientos<\/a><\/li>\n\t\t<li class=\"wsp-post\"><a href=\"https:\/\/www.idermic.es\/es\/arrugas-de-expresion-como-prevenirlas\/\">Arrugas de expresi\u00f3n: como prevenirlas<\/a><\/li>\n\t\t<li class=\"wsp-post\"><a href=\"https:\/\/www.idermic.es\/es\/el-acido-hialuronico-y-la-cirugia-estetica\/\">El \u00e1cido hialur\u00f3nico y la cirug\u00eda est\u00e9tica<\/a><\/li>\n\t\t<li class=\"wsp-post\"><a href=\"https:\/\/www.idermic.es\/es\/otoplastia\/\">Otoplastia<\/a><\/li>\n\t\t<li class=\"wsp-post\"><a href=\"https:\/\/www.idermic.es\/es\/lipofilling-facial\/\">Lipofilling facial<\/a><\/li>\n\t\t<li class=\"wsp-post\"><a href=\"https:\/\/www.idermic.es\/es\/obesidad-diferencias-con-la-obesidad-morbida\/\">Obesidad: Diferencias con la obesidad m\u00f3rbida<\/a><\/li>\n\t\t<li class=\"wsp-post\"><a href=\"https:\/\/www.idermic.es\/es\/cuidados-postoperatorios-tras-una-cirugia-de-parpados-superiores\/\">P\u00e1rpados superiores: Cuidados Postoperatorios tras una cirug\u00eda<\/a><\/li>\n\t\t<li class=\"wsp-post\"><a href=\"https:\/\/www.idermic.es\/es\/reparar-el-lobulo-rasgado-con-una-sencilla-cirugia\/\">Reparar el l\u00f3bulo rasgado con una sencilla cirug\u00eda<\/a><\/li>\n\t\t<li class=\"wsp-post\"><a href=\"https:\/\/www.idermic.es\/es\/tratamiento-de-las-ojeras\/\">Tratamiento de las ojeras<\/a><\/li>\n\t\t<li class=\"wsp-post\"><a href=\"https:\/\/www.idermic.es\/es\/cambios-cutaneos-en-la-menopausia\/\">Cambios cut\u00e1neos en la menopausia<\/a><\/li>\n\t\t<li class=\"wsp-post\"><a href=\"https:\/\/www.idermic.es\/es\/campana-pideuncirujanoplastico\/\">Campa\u00f1a #Pideuncirujanoplastico<\/a><\/li>\n\t\t<li class=\"wsp-post\"><a href=\"https:\/\/www.idermic.es\/es\/un-caso-real-de-aumento-de-volumen-labial-con-acido-hialuronico\/\">Un caso real de aumento de volumen labial con \u00e1cido hialur\u00f3nico<\/a><\/li>\n\t\t<li class=\"wsp-post\"><a href=\"https:\/\/www.idermic.es\/es\/crisalix-3d-ya-puedes-ver-tu-nuevo-yo-antes-de-la-operacion\/\">Crisalix\u00a03D: Ya puedes ver tu nuevo yo antes de la operaci\u00f3n<\/a><\/li>\n\t\t<li class=\"wsp-post\"><a href=\"https:\/\/www.idermic.es\/es\/estiramiento-facial\/\">Estiramiento facial<\/a><\/li>\n\t\t<li class=\"wsp-post\"><a href=\"https:\/\/www.idermic.es\/es\/conociendo-las-protesis-de-mamas\/\">Conociendo las pr\u00f3tesis de mamas<\/a><\/li>\n\t\t<li class=\"wsp-post\"><a href=\"https:\/\/www.idermic.es\/es\/vias-de-acceso-en-aumento-mamario\/\">V\u00edas de acceso en aumento mamario<\/a><\/li>\n<\/ul><\/li>\n\t<li><strong class=\"wsp-category-title\">Category: <a href=\"https:\/\/www.idermic.es\/es\/category\/tratamientos-de-medicina-estetica\/\">Tratamientos de Medicina Est\u00e9tica<\/a><\/strong>\n<ul class=\"wsp-posts-list\">\t\t<li class=\"wsp-post\"><a href=\"https:\/\/www.idermic.es\/es\/botox-en-terrassa\/\">Botox en Terrassa<\/a><\/li>\n\t\t<li class=\"wsp-post\"><a href=\"https:\/\/www.idermic.es\/es\/neuromoduladores-que-son-como-funcionan-y-por-que-se-utilizan-en-medicina-estetica\/\">Neuromoduladores: qu\u00e9 son, c\u00f3mo funcionan y por qu\u00e9 se utilizan en medicina est\u00e9tica<\/a><\/li>\n\t\t<li class=\"wsp-post\"><a href=\"https:\/\/www.idermic.es\/es\/skin-booster-hidratacion-profunda-y-mejora-de-la-calidad-de-la-piel\/\">Skin Booster: hidrataci\u00f3n profunda y mejora de la calidad de la piel<\/a><\/li>\n\t\t<li class=\"wsp-post\"><a href=\"https:\/\/www.idermic.es\/es\/efluvio-telogeno-causas-sintomas-y-tratamiento-de-una-caida-de-cabello-temporal\/\">Efluvio tel\u00f3geno: causas, s\u00edntomas y tratamiento de una ca\u00edda de cabello temporal<\/a><\/li>\n\t\t<li class=\"wsp-post\"><a href=\"https:\/\/www.idermic.es\/es\/bruxismo-todo-lo-que-necesitamos-saber-del-habito-de-rechinar-los-dientes\/\">Bruxismo: Todo lo que necesitamos saber del h\u00e1bito de rechinar los dientes<\/a><\/li>\n\t\t<li class=\"wsp-post\"><a href=\"https:\/\/www.idermic.es\/es\/luz-pulsada-intensa-ipl\/\">Luz Pulsada Intensa (IPL): manchas, textura y rejuvenecimiento<\/a><\/li>\n\t\t<li class=\"wsp-post\"><a href=\"https:\/\/www.idermic.es\/es\/kleresca-acne-treatment\/\">KLERESCA\u00ae ACNE TREATMENT<\/a><\/li>\n\t\t<li class=\"wsp-post\"><a href=\"https:\/\/www.idermic.es\/es\/como-combatir-la-celulitis-con-carboxiterapia\/\">Carboxiterapia: tratamiento eficaz contra la celulitis y flacidez<\/a><\/li>\n\t\t<li class=\"wsp-post\"><a href=\"https:\/\/www.idermic.es\/es\/hilos-tensores-lifting-facial-sin-cirugia\/\">Lifting facial sin cirug\u00eda con hilos tensores<\/a><\/li>\n<\/ul><\/li>\n<\/ul>\n<h2 class=\"wsp-dermatologia_clinicas-title\">Dermatologia Clinica<\/h2>\n<ul class=\"wsp-dermatologia_clinicas-list\">\n<li><a href=\"https:\/\/www.idermic.es\/es\/dermatologia_clinica\/vitiligo\/\">Vit\u00edligo<\/a><\/li>\n<li><a href=\"https:\/\/www.idermic.es\/es\/dermatologia_clinica\/verrugas\/\">Verrugas<\/a><\/li>\n<li><a href=\"https:\/\/www.idermic.es\/es\/dermatologia_clinica\/tumores-cutaneos\/\">Tumores cut\u00e1neos<\/a><\/li>\n<li><a href=\"https:\/\/www.idermic.es\/es\/dermatologia_clinica\/trastornos-pigmentacion\/\">Trastornos de pigmentaci\u00f3n<\/a><\/li>\n<li><a href=\"https:\/\/www.idermic.es\/es\/dermatologia_clinica\/psoriasis\/\">Psoriasis<\/a><\/li>\n<li><a href=\"https:\/\/www.idermic.es\/es\/dermatologia_clinica\/melasma\/\">Melasma<\/a><\/li>\n<li><a href=\"https:\/\/www.idermic.es\/es\/dermatologia_clinica\/infecciones-cutaneas\/\">Infecciones cut\u00e1neas<\/a><\/li>\n<li><a href=\"https:\/\/www.idermic.es\/es\/dermatologia_clinica\/exceso-sudoracion\/\">Exceso de sudoraci\u00f3n<\/a><\/li>\n<li><a href=\"https:\/\/www.idermic.es\/es\/dermatologia_clinica\/enfermedades-transmision-sexual\/\">Enfermedades de transmisi\u00f3n sexual<\/a><\/li>\n<li><a href=\"https:\/\/www.idermic.es\/es\/dermatologia_clinica\/dermatologia-pediatrica\/\">Dermatolog\u00eda pedi\u00e1trica<\/a><\/li>\n<li><a href=\"https:\/\/www.idermic.es\/es\/dermatologia_clinica\/dermatitis-atopica\/\">Dermatitis at\u00f3pica<\/a><\/li>\n<li><a href=\"https:\/\/www.idermic.es\/es\/dermatologia_clinica\/control-pecas\/\">Control de pecas<\/a><\/li>\n<li><a href=\"https:\/\/www.idermic.es\/es\/dermatologia_clinica\/alergias-cutaneas\/\">Alergias cut\u00e1neas<\/a><\/li>\n<li><a href=\"https:\/\/www.idermic.es\/es\/dermatologia_clinica\/alopecia\/\">Alopecia<\/a><\/li>\n<li><a href=\"https:\/\/www.idermic.es\/es\/dermatologia_clinica\/acne\/\">Acn\u00e9<\/a><\/li>\n<\/ul>\n<h2 class=\"wsp-cirurgia_plasticas-title\">Cirurgia pl\u00e0stica<\/h2>\n<ul class=\"wsp-cirurgia_plasticas-list\">\n<li><a href=\"https:\/\/www.idermic.es\/es\/cirurgia_plastica\/minilifting\/\">Minilifting<\/a><\/li>\n<li><a href=\"https:\/\/www.idermic.es\/es\/cirurgia_plastica\/facetite\/\">FaceTite<\/a><\/li>\n<li><a href=\"https:\/\/www.idermic.es\/es\/cirurgia_plastica\/bodytite\/\">BodyTite<\/a><\/li>\n<li><a href=\"https:\/\/www.idermic.es\/es\/cirurgia_plastica\/mommy-makeover\/\">Mommy Makeover<\/a><\/li>\n<li><a href=\"https:\/\/www.idermic.es\/es\/cirurgia_plastica\/secuelas-obesidad-morbida\/\">Secuelas de la obesidad m\u00f3rbida<\/a><\/li>\n<li><a href=\"https:\/\/www.idermic.es\/es\/cirurgia_plastica\/cirugia-intima\/\">Cirug\u00eda \u00edntima<\/a><\/li>\n<li><a href=\"https:\/\/www.idermic.es\/es\/cirurgia_plastica\/liposuccion\/\">Liposucci\u00f3n<\/a><\/li>\n<li><a href=\"https:\/\/www.idermic.es\/es\/cirurgia_plastica\/abdomen\/\">Abdomen<\/a><\/li>\n<li><a href=\"https:\/\/www.idermic.es\/es\/cirurgia_plastica\/ginecomastia\/\">Ginecomastia<\/a><\/li>\n<li><a href=\"https:\/\/www.idermic.es\/es\/cirurgia_plastica\/mamas\/\">Mamas<\/a><\/li>\n<li><a href=\"https:\/\/www.idermic.es\/es\/cirurgia_plastica\/parpados\/\">P\u00e1rpados<\/a><\/li>\n<li><a href=\"https:\/\/www.idermic.es\/es\/cirurgia_plastica\/nariz-rinoplastia\/\">Nariz<\/a><\/li>\n<li><a href=\"https:\/\/www.idermic.es\/es\/cirurgia_plastica\/orejas\/\">Orejas<\/a><\/li>\n<li><a href=\"https:\/\/www.idermic.es\/es\/cirurgia_plastica\/menton\/\">Ment\u00f3n - Mentoplastia<\/a><\/li>\n<li><a href=\"https:\/\/www.idermic.es\/es\/cirurgia_plastica\/pomulos\/\">P\u00f3mulos<\/a><\/li>\n<li><a href=\"https:\/\/www.idermic.es\/es\/cirurgia_plastica\/lifting\/\">Lifting<\/a><\/li>\n<\/ul>\n<h2 class=\"wsp-dermatologia_estetics-title\">Dermatologia Estetica<\/h2>\n<ul class=\"wsp-dermatologia_estetics-list\">\n<li><a href=\"https:\/\/www.idermic.es\/es\/dermatologia_estetic\/inductores-de-colageno\/\">Inductores de Col\u00e1geno<\/a><\/li>\n<li><a href=\"https:\/\/www.idermic.es\/es\/dermatologia_estetic\/morpheus8\/\">Morpheus8<\/a><\/li>\n<li><a href=\"https:\/\/www.idermic.es\/es\/dermatologia_estetic\/criolipolisis-cooltech\/\">Criolip\u00f3lisis Cooltech<\/a><\/li>\n<li><a href=\"https:\/\/www.idermic.es\/es\/dermatologia_estetic\/light-bright-piel-radiante-y-uniforme\/\">Light &amp; Bright: Piel radiante y uniforme<\/a><\/li>\n<li><a href=\"https:\/\/www.idermic.es\/es\/dermatologia_estetic\/tratamiento-celulitis-flacidez\/\">TRATAMIENTO DE LA CELULITIS Y LA FLACIDEZ<\/a><\/li>\n<li><a href=\"https:\/\/www.idermic.es\/es\/dermatologia_estetic\/plasma-rico-plaquetas\/\">Plasma rico en plaquetas<\/a><\/li>\n<li><a href=\"https:\/\/www.idermic.es\/es\/dermatologia_estetic\/trasplante-pelo\/\">Trasplante de pelo<\/a><\/li>\n<li><a href=\"https:\/\/www.idermic.es\/es\/dermatologia_estetic\/depilacion\/\">Depilaci\u00f3n<\/a><\/li>\n<li><a href=\"https:\/\/www.idermic.es\/es\/dermatologia_estetic\/rejuvenecimiento-con-luz-pulsada\/\">Rejuvenecimiento<\/a><\/li>\n<li><a href=\"https:\/\/www.idermic.es\/es\/dermatologia_estetic\/acne-laser\/\">Acn\u00e9<\/a><\/li>\n<li><a href=\"https:\/\/www.idermic.es\/es\/dermatologia_estetic\/eliminacion-tatuajes\/\">Eliminaci\u00f3n de tatuajes<\/a><\/li>\n<li><a href=\"https:\/\/www.idermic.es\/es\/dermatologia_estetic\/tratamiento-de-aranas-vasculares-cuperosis-angiomas\/\">Ara\u00f1as vasculares, cuperosis y angiomas<\/a><\/li>\n<li><a href=\"https:\/\/www.idermic.es\/es\/dermatologia_estetic\/manchas-laser\/\">Manchas<\/a><\/li>\n<li><a href=\"https:\/\/www.idermic.es\/es\/dermatologia_estetic\/tratamiento-varices\/\">Tratamiento de varices<\/a><\/li>\n<li><a href=\"https:\/\/www.idermic.es\/es\/dermatologia_estetic\/grasa-localizada\/\">grasa localizada<\/a><\/li>\n<li><a href=\"https:\/\/www.idermic.es\/es\/dermatologia_estetic\/hipersudoracion\/\">Hipersudoraci\u00f3n<\/a><\/li>\n<li><a href=\"https:\/\/www.idermic.es\/es\/dermatologia_estetic\/tratamiento-flacidez\/\">Tratamiento de la flacidez<\/a><\/li>\n<li><a href=\"https:\/\/www.idermic.es\/es\/dermatologia_estetic\/lentigos-solares-o-manchas\/\">Lentigos solares o Manchas<\/a><\/li>\n<li><a href=\"https:\/\/www.idermic.es\/es\/dermatologia_estetic\/textura-piel\/\">Textura de la piel<\/a><\/li>\n<li><a href=\"https:\/\/www.idermic.es\/es\/dermatologia_estetic\/telangiectasias-cuperosi\/\">Telangiectasias y cuperosis<\/a><\/li>\n<li><a href=\"https:\/\/www.idermic.es\/es\/dermatologia_estetic\/tratamiento-marcas-acne\/\">Tratamiento de las marcas de acn\u00e9<\/a><\/li>\n<li><a href=\"https:\/\/www.idermic.es\/es\/dermatologia_estetic\/remodelacion-nasal\/\">Remodelaci\u00f3n nasal<\/a><\/li>\n<li><a href=\"https:\/\/www.idermic.es\/es\/dermatologia_estetic\/aumento-menton\/\">Aumento de ment\u00f3n<\/a><\/li>\n<li><a href=\"https:\/\/www.idermic.es\/es\/dermatologia_estetic\/aumento-pomulos\/\">Aumento de p\u00f3mulos<\/a><\/li>\n<li><a href=\"https:\/\/www.idermic.es\/es\/dermatologia_estetic\/aumento-labios\/\">Aumento de labios natural: volumen, hidrataci\u00f3n y perfilado<\/a><\/li>\n<li><a href=\"https:\/\/www.idermic.es\/es\/dermatologia_estetic\/tratamiento-ojeras\/\">Tratamiento de las ojeras<\/a><\/li>\n<li><a href=\"https:\/\/www.idermic.es\/es\/dermatologia_estetic\/correccion-arrugas\/\">Correcci\u00f3n de arrugas<\/a><\/li>\n<li><a href=\"https:\/\/www.idermic.es\/es\/dermatologia_estetic\/asesoramiento-personalizado-dermocosmetico\/\">Asesoramiento personalizado dermocosm\u00e9tico<\/a><\/li>\n<\/ul>\n<h2 class=\"wsp-altres_tractamentss-title\">Altres tractaments<\/h2>\n<ul class=\"wsp-altres_tractamentss-list\">\n<li><a href=\"https:\/\/www.idermic.es\/es\/altres_tractaments\/salud-vascular\/\">SALUD VASCULAR<\/a><\/li>\n<li><a href=\"https:\/\/www.idermic.es\/es\/altres_tractaments\/salud-metabolica-y-hormonal\/\">SALUD METAB\u00d3LICA Y HORMONAL<\/a><\/li>\n<li><a href=\"https:\/\/www.idermic.es\/es\/altres_tractaments\/cabina-dermatologica-avanzada\/\">CABINA DERMATOL\u00d3GICA AVANZADA<\/a><\/li>\n<li><a href=\"https:\/\/www.idermic.es\/es\/altres_tractaments\/salud-intima\/\">SALUD \u00cdNTIMA<\/a><\/li>\n<\/ul>\n<h2 class=\"wsp-element_categorys-title\">Category<\/h2>\n<ul class=\"wsp-element_categorys-list\">\n<li><a href=\"https:\/\/www.idermic.es\/es\/element_category\/elements\/\">elements<\/a><\/li>\n<li><a href=\"https:\/\/www.idermic.es\/es\/element_category\/sections\/\">sections<\/a><\/li>\n<\/ul>\n<\/div><\/li>\n<\/ul>\n","protected":false},"excerpt":{"rendered":"","protected":false},"author":1,"featured_media":6362,"parent":0,"menu_order":0,"comment_status":"closed","ping_status":"closed","template":"","meta":{"_joinchat":[],"footnotes":""},"class_list":["post-6070","page","type-page","status-publish","has-post-thumbnail","hentry"],"yoast_head":"<!-- This site is optimized with the Yoast SEO plugin v28.4 - https:\/\/yoast.com\/product\/yoast-seo-wordpress\/ -->\n<title>Mapa del sitio - Idermic. Dermatolog\u00eda en Terrassa<\/title>\n<meta name=\"description\" content=\"P\u00e1gina del Mapa del Sitio web de la Cl\u00ednica Dermatol\u00f3gica Idermic de Terrassa. Consulta todas nuestras secciones.\" \/>\n<meta name=\"robots\" content=\"index, follow, max-snippet:-1, max-image-preview:large, max-video-preview:-1\" \/>\n<link rel=\"canonical\" href=\"https:\/\/www.idermic.es\/es\/mapa-del-sitio\/\" \/>\n<meta property=\"og:locale\" content=\"es_ES\" \/>\n<meta property=\"og:type\" content=\"article\" \/>\n<meta property=\"og:title\" content=\"Mapa del sitio - Idermic. Dermatolog\u00eda en Terrassa\" \/>\n<meta property=\"og:description\" content=\"P\u00e1gina del Mapa del Sitio web de la Cl\u00ednica Dermatol\u00f3gica Idermic de Terrassa. Consulta todas nuestras secciones.\" \/>\n<meta property=\"og:url\" content=\"https:\/\/www.idermic.es\/es\/mapa-del-sitio\/\" \/>\n<meta property=\"og:site_name\" content=\"Idermic. Dermatolog\u00eda en Terrassa\" \/>\n<meta property=\"article:publisher\" content=\"https:\/\/www.facebook.com\/Idermic\" \/>\n<meta property=\"article:modified_time\" content=\"2024-09-09T11:50:09+00:00\" \/>\n<meta property=\"og:image\" content=\"https:\/\/www.idermic.es\/wp-content\/uploads\/2024\/09\/Mapa-del-sitio.jpg\" \/>\n\t<meta property=\"og:image:width\" content=\"640\" \/>\n\t<meta property=\"og:image:height\" content=\"426\" \/>\n\t<meta property=\"og:image:type\" content=\"image\/jpeg\" \/>\n<meta name=\"twitter:card\" content=\"summary_large_image\" \/>\n<meta name=\"twitter:site\" content=\"@idermic\" \/>\n<meta name=\"twitter:label1\" content=\"Tiempo de lectura\" \/>\n\t<meta name=\"twitter:data1\" content=\"1 minuto\" \/>\n<script type=\"application\/ld+json\" class=\"yoast-schema-graph\">{\"@context\":\"https:\\\/\\\/schema.org\",\"@graph\":[{\"@type\":\"WebPage\",\"@id\":\"https:\\\/\\\/www.idermic.es\\\/es\\\/mapa-del-sitio\\\/\",\"url\":\"https:\\\/\\\/www.idermic.es\\\/es\\\/mapa-del-sitio\\\/\",\"name\":\"Mapa del sitio - Idermic. Dermatolog\u00eda en Terrassa\",\"isPartOf\":{\"@id\":\"https:\\\/\\\/www.idermic.es\\\/#website\"},\"primaryImageOfPage\":{\"@id\":\"https:\\\/\\\/www.idermic.es\\\/es\\\/mapa-del-sitio\\\/#primaryimage\"},\"image\":{\"@id\":\"https:\\\/\\\/www.idermic.es\\\/es\\\/mapa-del-sitio\\\/#primaryimage\"},\"thumbnailUrl\":\"https:\\\/\\\/www.idermic.es\\\/wp-content\\\/uploads\\\/2024\\\/09\\\/Mapa-del-sitio.jpg\",\"datePublished\":\"2024-09-09T11:49:05+00:00\",\"dateModified\":\"2024-09-09T11:50:09+00:00\",\"description\":\"P\u00e1gina del Mapa del Sitio web de la Cl\u00ednica Dermatol\u00f3gica Idermic de Terrassa. Consulta todas nuestras secciones.\",\"breadcrumb\":{\"@id\":\"https:\\\/\\\/www.idermic.es\\\/es\\\/mapa-del-sitio\\\/#breadcrumb\"},\"inLanguage\":\"es\",\"potentialAction\":[{\"@type\":\"ReadAction\",\"target\":[\"https:\\\/\\\/www.idermic.es\\\/es\\\/mapa-del-sitio\\\/\"]}]},{\"@type\":\"ImageObject\",\"inLanguage\":\"es\",\"@id\":\"https:\\\/\\\/www.idermic.es\\\/es\\\/mapa-del-sitio\\\/#primaryimage\",\"url\":\"https:\\\/\\\/www.idermic.es\\\/wp-content\\\/uploads\\\/2024\\\/09\\\/Mapa-del-sitio.jpg\",\"contentUrl\":\"https:\\\/\\\/www.idermic.es\\\/wp-content\\\/uploads\\\/2024\\\/09\\\/Mapa-del-sitio.jpg\",\"width\":640,\"height\":426,\"caption\":\"Mapa del sitio de la Cl\u00ednica Idermic de Terrassa.\"},{\"@type\":\"BreadcrumbList\",\"@id\":\"https:\\\/\\\/www.idermic.es\\\/es\\\/mapa-del-sitio\\\/#breadcrumb\",\"itemListElement\":[{\"@type\":\"ListItem\",\"position\":1,\"name\":\"Inici\",\"item\":\"https:\\\/\\\/www.idermic.es\\\/es\\\/\"},{\"@type\":\"ListItem\",\"position\":2,\"name\":\"Mapa del sitio\"}]},{\"@type\":\"WebSite\",\"@id\":\"https:\\\/\\\/www.idermic.es\\\/#website\",\"url\":\"https:\\\/\\\/www.idermic.es\\\/\",\"name\":\"Idermic. Dermatolog\u00eda en Terrassa\",\"description\":\"Dermatolog\u00eda, Medicina est\u00e9tica, Cirurg\u00eda Pl\u00e0stica\",\"publisher\":{\"@id\":\"https:\\\/\\\/www.idermic.es\\\/#organization\"},\"potentialAction\":[{\"@type\":\"SearchAction\",\"target\":{\"@type\":\"EntryPoint\",\"urlTemplate\":\"https:\\\/\\\/www.idermic.es\\\/?s={search_term_string}\"},\"query-input\":{\"@type\":\"PropertyValueSpecification\",\"valueRequired\":true,\"valueName\":\"search_term_string\"}}],\"inLanguage\":\"es\"},{\"@type\":\"Organization\",\"@id\":\"https:\\\/\\\/www.idermic.es\\\/#organization\",\"name\":\"Idermic. Dermatolog\u00eda en Terrassa\",\"url\":\"https:\\\/\\\/www.idermic.es\\\/\",\"logo\":{\"@type\":\"ImageObject\",\"inLanguage\":\"es\",\"@id\":\"https:\\\/\\\/www.idermic.es\\\/#\\\/schema\\\/logo\\\/image\\\/\",\"url\":\"https:\\\/\\\/www.idermic.es\\\/wp-content\\\/uploads\\\/2025\\\/10\\\/Logo-Idermic.jpg\",\"contentUrl\":\"https:\\\/\\\/www.idermic.es\\\/wp-content\\\/uploads\\\/2025\\\/10\\\/Logo-Idermic.jpg\",\"width\":501,\"height\":502,\"caption\":\"Idermic. Dermatolog\u00eda en Terrassa\"},\"image\":{\"@id\":\"https:\\\/\\\/www.idermic.es\\\/#\\\/schema\\\/logo\\\/image\\\/\"},\"sameAs\":[\"https:\\\/\\\/www.facebook.com\\\/Idermic\",\"https:\\\/\\\/x.com\\\/idermic\",\"https:\\\/\\\/www.instagram.com\\\/idermicclinic\\\/\",\"https:\\\/\\\/www.youtube.com\\\/channel\\\/UCyAHC9-p8lc6hr_nguO8p_g\"]}]}<\/script>\n<!-- \/ Yoast SEO plugin. -->","yoast_head_json":{"title":"Mapa del sitio - Idermic. Dermatolog\u00eda en Terrassa","description":"P\u00e1gina del Mapa del Sitio web de la Cl\u00ednica Dermatol\u00f3gica Idermic de Terrassa. Consulta todas nuestras secciones.","robots":{"index":"index","follow":"follow","max-snippet":"max-snippet:-1","max-image-preview":"max-image-preview:large","max-video-preview":"max-video-preview:-1"},"canonical":"https:\/\/www.idermic.es\/es\/mapa-del-sitio\/","og_locale":"es_ES","og_type":"article","og_title":"Mapa del sitio - Idermic. Dermatolog\u00eda en Terrassa","og_description":"P\u00e1gina del Mapa del Sitio web de la Cl\u00ednica Dermatol\u00f3gica Idermic de Terrassa. Consulta todas nuestras secciones.","og_url":"https:\/\/www.idermic.es\/es\/mapa-del-sitio\/","og_site_name":"Idermic. Dermatolog\u00eda en Terrassa","article_publisher":"https:\/\/www.facebook.com\/Idermic","article_modified_time":"2024-09-09T11:50:09+00:00","og_image":[{"width":640,"height":426,"url":"https:\/\/www.idermic.es\/wp-content\/uploads\/2024\/09\/Mapa-del-sitio.jpg","type":"image\/jpeg"}],"twitter_card":"summary_large_image","twitter_site":"@idermic","twitter_misc":{"Tiempo de lectura":"1 minuto"},"schema":{"@context":"https:\/\/schema.org","@graph":[{"@type":"WebPage","@id":"https:\/\/www.idermic.es\/es\/mapa-del-sitio\/","url":"https:\/\/www.idermic.es\/es\/mapa-del-sitio\/","name":"Mapa del sitio - Idermic. Dermatolog\u00eda en Terrassa","isPartOf":{"@id":"https:\/\/www.idermic.es\/#website"},"primaryImageOfPage":{"@id":"https:\/\/www.idermic.es\/es\/mapa-del-sitio\/#primaryimage"},"image":{"@id":"https:\/\/www.idermic.es\/es\/mapa-del-sitio\/#primaryimage"},"thumbnailUrl":"https:\/\/www.idermic.es\/wp-content\/uploads\/2024\/09\/Mapa-del-sitio.jpg","datePublished":"2024-09-09T11:49:05+00:00","dateModified":"2024-09-09T11:50:09+00:00","description":"P\u00e1gina del Mapa del Sitio web de la Cl\u00ednica Dermatol\u00f3gica Idermic de Terrassa. Consulta todas nuestras secciones.","breadcrumb":{"@id":"https:\/\/www.idermic.es\/es\/mapa-del-sitio\/#breadcrumb"},"inLanguage":"es","potentialAction":[{"@type":"ReadAction","target":["https:\/\/www.idermic.es\/es\/mapa-del-sitio\/"]}]},{"@type":"ImageObject","inLanguage":"es","@id":"https:\/\/www.idermic.es\/es\/mapa-del-sitio\/#primaryimage","url":"https:\/\/www.idermic.es\/wp-content\/uploads\/2024\/09\/Mapa-del-sitio.jpg","contentUrl":"https:\/\/www.idermic.es\/wp-content\/uploads\/2024\/09\/Mapa-del-sitio.jpg","width":640,"height":426,"caption":"Mapa del sitio de la Cl\u00ednica Idermic de Terrassa."},{"@type":"BreadcrumbList","@id":"https:\/\/www.idermic.es\/es\/mapa-del-sitio\/#breadcrumb","itemListElement":[{"@type":"ListItem","position":1,"name":"Inici","item":"https:\/\/www.idermic.es\/es\/"},{"@type":"ListItem","position":2,"name":"Mapa del sitio"}]},{"@type":"WebSite","@id":"https:\/\/www.idermic.es\/#website","url":"https:\/\/www.idermic.es\/","name":"Idermic. Dermatolog\u00eda en Terrassa","description":"Dermatolog\u00eda, Medicina est\u00e9tica, Cirurg\u00eda Pl\u00e0stica","publisher":{"@id":"https:\/\/www.idermic.es\/#organization"},"potentialAction":[{"@type":"SearchAction","target":{"@type":"EntryPoint","urlTemplate":"https:\/\/www.idermic.es\/?s={search_term_string}"},"query-input":{"@type":"PropertyValueSpecification","valueRequired":true,"valueName":"search_term_string"}}],"inLanguage":"es"},{"@type":"Organization","@id":"https:\/\/www.idermic.es\/#organization","name":"Idermic. Dermatolog\u00eda en Terrassa","url":"https:\/\/www.idermic.es\/","logo":{"@type":"ImageObject","inLanguage":"es","@id":"https:\/\/www.idermic.es\/#\/schema\/logo\/image\/","url":"https:\/\/www.idermic.es\/wp-content\/uploads\/2025\/10\/Logo-Idermic.jpg","contentUrl":"https:\/\/www.idermic.es\/wp-content\/uploads\/2025\/10\/Logo-Idermic.jpg","width":501,"height":502,"caption":"Idermic. Dermatolog\u00eda en Terrassa"},"image":{"@id":"https:\/\/www.idermic.es\/#\/schema\/logo\/image\/"},"sameAs":["https:\/\/www.facebook.com\/Idermic","https:\/\/x.com\/idermic","https:\/\/www.instagram.com\/idermicclinic\/","https:\/\/www.youtube.com\/channel\/UCyAHC9-p8lc6hr_nguO8p_g"]}]}},"_links":{"self":[{"href":"https:\/\/www.idermic.es\/es\/wp-json\/wp\/v2\/pages\/6070","targetHints":{"allow":["GET"]}}],"collection":[{"href":"https:\/\/www.idermic.es\/es\/wp-json\/wp\/v2\/pages"}],"about":[{"href":"https:\/\/www.idermic.es\/es\/wp-json\/wp\/v2\/types\/page"}],"author":[{"embeddable":true,"href":"https:\/\/www.idermic.es\/es\/wp-json\/wp\/v2\/users\/1"}],"replies":[{"embeddable":true,"href":"https:\/\/www.idermic.es\/es\/wp-json\/wp\/v2\/comments?post=6070"}],"version-history":[{"count":2,"href":"https:\/\/www.idermic.es\/es\/wp-json\/wp\/v2\/pages\/6070\/revisions"}],"predecessor-version":[{"id":6364,"href":"https:\/\/www.idermic.es\/es\/wp-json\/wp\/v2\/pages\/6070\/revisions\/6364"}],"wp:featuredmedia":[{"embeddable":true,"href":"https:\/\/www.idermic.es\/es\/wp-json\/wp\/v2\/media\/6362"}],"wp:attachment":[{"href":"https:\/\/www.idermic.es\/es\/wp-json\/wp\/v2\/media?parent=6070"}],"curies":[{"name":"wp","href":"https:\/\/api.w.org\/{rel}","templated":true}]}}