{"id":3551,"date":"2020-11-04T18:54:49","date_gmt":"2020-11-04T18:54:49","guid":{"rendered":"https:\/\/www.idermic.es\/?page_id=3551"},"modified":"2025-01-06T18:57:09","modified_gmt":"2025-01-06T18:57:09","slug":"consulta-blefaroplastia","status":"publish","type":"page","link":"https:\/\/www.idermic.es\/es\/consulta-blefaroplastia\/","title":{"rendered":"Consulta de Blefaroplastia"},"content":{"rendered":"<h1>Consulta de Blefaroplastia<\/h1>\n<p><img decoding=\"async\" src=\"https:\/\/www.idermic.es\/wp-content\/uploads\/2019\/02\/idermic_dermatologia_cirurgia-1-200x92.png\" sizes=\"(max-width: 200px) 100vw, 200px\" srcset=\"https:\/\/www.idermic.es\/wp-content\/uploads\/2019\/02\/idermic_dermatologia_cirurgia-1-200x92.png 200w, https:\/\/www.idermic.es\/wp-content\/uploads\/2019\/02\/idermic_dermatologia_cirurgia-1.png 240w\" alt=\"\" width=\"200\" height=\"92\" \/><br \/>\n<a role=\"button\" href=\"tel:937%2080%2014%2041\"><br \/>\n+ 34 937 80 14 41<br \/>\n<\/a><\/p>\n<h1>List@ Para el Cambio Que Siempre Has So\u00f1ado<\/h1>\n<p>Luce tu cara que siempre has so\u00f1ado y consigue un rostro perfecto.<a role=\"button\" href=\"https:\/\/www.idermic.es\/es\/cuestionario-blefaroplastia\/\"><br \/>\nSolicitar mi consulta gratis<br \/>\n<\/a><\/p>\n<h2>Cl\u00ednica L\u00edder en <strong> Blefaroplastia<\/strong><\/h2>\n<p>Nuestra cl\u00ednica de cirug\u00eda pl\u00e1stica en Terrassa ha atra\u00eddo a pacientes de todo el pa\u00eds,\u00a0 gracias a que hemos logrado <strong>los mejores resultados<\/strong> en operaciones de Blefaroplastia.<\/p>\n<p>Nuestra prioridad siempre es la de nuestros pacientes, les ofrecemos un <strong>trato cercano<\/strong>, personalizado y con el m\u00e1ximo rigor cient\u00edfico poniendo a su alcance los tratamientos m\u00e1s efectivos e innovadores del mercado.<\/p>\n<p>Solo si reservas una cita enviando hoy el formulario de esta p\u00e1gina, podr\u00e1 disfrutar de una <strong>primera consulta gratuita<\/strong> y sin compromiso.<\/p>\n<h2>Solo hoy tu primera cita ser\u00e1 gratuita.<\/h2>\n<p>La cl\u00ednica que siempre estar\u00e1 a tu lado.<\/p>\n<p><a role=\"button\" href=\"https:\/\/www.idermic.es\/es\/cuestionario-blefaroplastia\/\">Solicitar mi cita gratis<br \/>\n<\/a><\/p>\n<h2>Operamos con <strong> Todas las Garant\u00edas<\/strong><\/h2>\n<p>Todo los gastos incluidos.<\/p>\n<h3>Instalaciones<\/h3>\n<p>Contamos Con las Mejores Cl\u00ednicas Vanguardistas<\/p>\n<h3>Estudio minucioso<\/h3>\n<p>Estudio minucioso del rostro para asegurar una intervenci\u00f3n arm\u00f3nica<\/p>\n<p>&nbsp;<\/p>\n<h3>Cirug\u00edas<\/h3>\n<p>Todas nuestras cirug\u00edas tienen garant\u00eda de \u00e9xito.<\/p>\n<h3>Post-operatorio<\/h3>\n<p>De 15 a 30 d\u00edas<\/p>\n<p>\u00bfQuieres m\u00e1s informaci\u00f3n sobre quien somos, qu\u00e9 hacemos o como lo hacemos?<\/p>\n<p>No te preocupes tenemos una linea 9:00-14:00 y de 15:00-20:00, para aclararte las dudas, sin compromiso alguno.<\/p>\n<h2><strong> Desde Siempre a Tu Servicio <\/strong><\/h2>\n<p>Llama ahora (N\u00famero Gratuito)<\/p>\n<h2><a href=\"tel:937801441\">+34 937 80 14 41<\/a><\/h2>\n<div style=\"width: 640px;\" class=\"wp-video\"><video class=\"wp-video-shortcode\" id=\"video-3551-1\" width=\"640\" height=\"360\" preload=\"metadata\" controls=\"controls\"><source type=\"video\/mp4\" src=\"https:\/\/www.idermic.es\/wp-content\/uploads\/2020\/11\/Video-blefaroplastia.mp4?_=1\" \/><a href=\"https:\/\/www.idermic.es\/wp-content\/uploads\/2020\/11\/Video-blefaroplastia.mp4\">https:\/\/www.idermic.es\/wp-content\/uploads\/2020\/11\/Video-blefaroplastia.mp4<\/a><\/video><\/div>\n<h2>Preguntas <strong> Frecuentes<\/strong><\/h2>\n<p><a>\u00bfQu\u00e9 es la operaci\u00f3n de p\u00e1rpados?<\/a><\/p>\n<p>La cirug\u00eda de los p\u00e1rpados, t\u00e9cnicamente conocida como blefaroplastia, es un procedimiento para extraer la grasa y el exceso de piel y m\u00fasculo de los p\u00e1rpados superiores e inferiores. La blefaroplastia puede corregir la ca\u00edda de los p\u00e1rpados superiores y las bolsas de los inferiores, caracter\u00edsticas que hacen que parezcamos mayores y m\u00e1s cansados de lo que somos y que, en algunos casos, pueden interferir con la visi\u00f3n<\/p>\n<p><a>\u00bfCu\u00e1nto tiempo dura una cirug\u00eda de parpados?<\/a><\/p>\n<p>La\u00a0<b>cirug\u00eda de p\u00e1rpados<\/b>\u00a0es un procedimiento sencillo que otorgar\u00e1 resultados satisfactorios en poco\u00a0<b>tiempo<\/b>. Esta\u00a0<b>operaci\u00f3n<\/b>\u00a0se lleva a cabo con anestesia general y tiene una duraci\u00f3n aproximada de entre 1 y 2\u00a0<b>horas<\/b>.<\/p>\n<p><a>\u00bfC\u00d3MO SE REALIZA EL PROCEDIMIENTO?<\/a><\/p>\n<p>Generalmente se realiza de forma ambulatoria con anestesia local y sedaci\u00f3n, tiene una duraci\u00f3n de entre 1 y 2 horas y tras unas horas de observaci\u00f3n el paciente puede volver a casa.<\/p>\n<p><a>\u00bfC\u00d3MO ES EL PROCESO DE RECUPERACI\u00d3N?<\/a><\/p>\n<p>Las cicatrices coinciden con los pliegues naturales de los p\u00e1rpados y, con el tiempo, en la mayor\u00eda de los pacientes son imperceptibles. Despu\u00e9s de la blefaroplastia el paciente notar\u00e1 una tensi\u00f3n por la inflamaci\u00f3n de los p\u00e1rpados as\u00ed como la presencia de hematomas que se suelen resolver en 1-2 semanas. Se indicar\u00e1n una serie de analg\u00e9sicos para las molestias y fr\u00edo local para mejorar la inflamaci\u00f3n.<\/p>\n<p>La mayor\u00eda de los pacientes pueden leer o mirar la televisi\u00f3n al cabo de 2-3 d\u00edas, pero no se pueden utilizar lentes de contacto hasta pasadas 2 semanas de la intervenci\u00f3n.<\/p>\n<p>El uso de gafas de sol y protectores solares es importante durante las primeras semanas y se podr\u00e1 maquillar para disimular los hematomas.<\/p>\n<p><a>\u00bfCU\u00c1NDO APRECIAR\u00c9 LOS RESULTADOS?<\/a><\/p>\n<p>A medida que desaparece la inflamaci\u00f3n empiezan a evidenciarse los resultados. Alrededor de la tercera semana son muy notorios. No obstante, el resultado final puede apreciarse a partir de los 3 meses de intervenci\u00f3n.<\/p>\n<p>\u00bfQuieres m\u00e1s informaci\u00f3n sobre quien somos, qu\u00e9 hacemos o como lo hacemos?<\/p>\n<p>No te preocupes tenemos una linea 9:00-14:00 y de 15:00-20:00, para aclararte las dudas, sin compromiso alguno.<\/p>\n<h2><strong> Desde Siempre a Tu Servicio <\/strong><\/h2>\n<p>Llama ahora (N\u00famero Gratuito)<\/p>\n<h2><a href=\"tel:937801441\">+34 937 80 14 41<\/a><\/h2>\n<h2>Solo hoy tu primera cita ser\u00e1 gratuita.<\/h2>\n<p>La cl\u00ednica que siempre estar\u00e1 a tu lado.<\/p>\n<p><a role=\"button\" href=\"https:\/\/www.idermic.es\/es\/cuestionario-blefaroplastia\/\"><br \/>\nSolicitar mi cita gratis<br \/>\n<\/a><br \/>\nDirecci\u00f3n<\/p>\n<p>Carrer del Cardaire, 36, 08221 Terrassa, Barcelona<\/p>\n<p><a href=\"tel:%20937801441\"><br \/>\n<\/a><br \/>\n<a href=\"tel:%20937801441\">Tel\u00e9fono<\/a><\/p>\n<p>+34 937 80 14 41<\/p>\n<p>Email<\/p>\n<p>info@idermic.es<\/p>\n<p><iframe title=\"Carrer del Cardaire, 36, 08221 Terrassa, Barcelona\" src=\"https:\/\/maps.google.com\/maps?q=Carrer%20del%20Cardaire%2C%2036%2C%2008221%20Terrassa%2C%20Barcelona&amp;t=m&amp;z=15&amp;output=embed&amp;iwloc=near\" frameborder=\"0\" marginwidth=\"0\" marginheight=\"0\" scrolling=\"no\" aria-label=\"Carrer del Cardaire, 36, 08221 Terrassa, Barcelona\"><\/iframe><br \/>\n<a href=\"\/\"><br \/>\n<img decoding=\"async\" src=\"https:\/\/www.idermic.es\/wp-content\/uploads\/2020\/10\/logo.001-1.png\" sizes=\"(max-width: 500px) 100vw, 500px\" srcset=\"https:\/\/www.idermic.es\/wp-content\/uploads\/2020\/10\/logo.001-1-200x112.png 200w, https:\/\/www.idermic.es\/wp-content\/uploads\/2020\/10\/logo.001-1-300x169.png 300w, https:\/\/www.idermic.es\/wp-content\/uploads\/2020\/10\/logo.001-1-400x225.png 400w, https:\/\/www.idermic.es\/wp-content\/uploads\/2020\/10\/logo.001-1.png 500w\" alt=\"\" width=\"500\" height=\"281\" \/> <\/a><\/p>\n<p>En la cl\u00ednica Idermic ofrecemos una amplia gama de servicios de cirug\u00eda pl\u00e1stica y est\u00e9tica. M\u00e1s de 5000 pacientes han confiado en nuestras manos. Estos son los tratamientos m\u00e1s solicitados. En nuestra web encontrar\u00e1s toda la informaci\u00f3n sobre estas t\u00e9cnicas y sobre el resto de los tratamientos, incluyendo casos cl\u00ednicos y fotos de antes y despu\u00e9s. Estamos a tu disposici\u00f3n. Tu satisfacci\u00f3n, nuestro objetivo.<\/p>\n<p><a href=\"https:\/\/www.idermic.es\/avis-legal\/\">Aviso Legal<\/a>\u00a0<a href=\"https:\/\/www.idermic.es\/politica-cookies\/\">Pol\u00edtica de Cookies<\/a><\/p>\n<p>Copyright \u00a9 2020 IDERMIC \u2022 Todos los derechos reservados &#8211; C. Cardaire, 36-40 \u00b7 08221 Terrassa &#8211; Tel: 937801441<\/p>\n","protected":false},"excerpt":{"rendered":"<p>Consulta de Blefaroplastia + 34 937 80 14 41 List@  [&#8230;]<\/p>\n","protected":false},"author":1,"featured_media":0,"parent":0,"menu_order":0,"comment_status":"closed","ping_status":"closed","template":"","meta":{"_joinchat":[],"footnotes":""},"class_list":["post-3551","page","type-page","status-publish","hentry"],"yoast_head":"<!-- This site is optimized with the Yoast SEO plugin v28.4 - https:\/\/yoast.com\/product\/yoast-seo-wordpress\/ -->\n<title>Consulta de Blefaroplastia - Idermic. Dermatolog\u00eda en Terrassa<\/title>\n<meta name=\"robots\" content=\"index, follow, max-snippet:-1, max-image-preview:large, max-video-preview:-1\" \/>\n<link rel=\"canonical\" href=\"https:\/\/www.idermic.es\/es\/consulta-blefaroplastia\/\" \/>\n<meta property=\"og:locale\" content=\"es_ES\" \/>\n<meta property=\"og:type\" content=\"article\" \/>\n<meta property=\"og:title\" content=\"Consulta de Blefaroplastia - Idermic. Dermatolog\u00eda en Terrassa\" \/>\n<meta property=\"og:description\" content=\"Consulta de Blefaroplastia + 34 937 80 14 41 List@ [...]\" \/>\n<meta property=\"og:url\" content=\"https:\/\/www.idermic.es\/es\/consulta-blefaroplastia\/\" \/>\n<meta property=\"og:site_name\" content=\"Idermic. Dermatolog\u00eda en Terrassa\" \/>\n<meta property=\"article:publisher\" content=\"https:\/\/www.facebook.com\/Idermic\" \/>\n<meta property=\"article:modified_time\" content=\"2025-01-06T18:57:09+00:00\" \/>\n<meta property=\"og:image\" content=\"https:\/\/www.idermic.es\/wp-content\/uploads\/2019\/02\/idermic_dermatologia_cirurgia-1-200x92.png\" \/>\n<meta name=\"twitter:card\" content=\"summary_large_image\" \/>\n<meta name=\"twitter:site\" content=\"@idermic\" \/>\n<meta name=\"twitter:label1\" content=\"Tiempo de lectura\" \/>\n\t<meta name=\"twitter:data1\" content=\"5 minutos\" \/>\n<script type=\"application\/ld+json\" class=\"yoast-schema-graph\">{\"@context\":\"https:\\\/\\\/schema.org\",\"@graph\":[{\"@type\":\"WebPage\",\"@id\":\"https:\\\/\\\/www.idermic.es\\\/es\\\/consulta-blefaroplastia\\\/\",\"url\":\"https:\\\/\\\/www.idermic.es\\\/es\\\/consulta-blefaroplastia\\\/\",\"name\":\"Consulta de Blefaroplastia - Idermic. Dermatolog\u00eda en Terrassa\",\"isPartOf\":{\"@id\":\"https:\\\/\\\/www.idermic.es\\\/#website\"},\"primaryImageOfPage\":{\"@id\":\"https:\\\/\\\/www.idermic.es\\\/es\\\/consulta-blefaroplastia\\\/#primaryimage\"},\"image\":{\"@id\":\"https:\\\/\\\/www.idermic.es\\\/es\\\/consulta-blefaroplastia\\\/#primaryimage\"},\"thumbnailUrl\":\"https:\\\/\\\/www.idermic.es\\\/wp-content\\\/uploads\\\/2019\\\/02\\\/idermic_dermatologia_cirurgia-1-200x92.png\",\"datePublished\":\"2020-11-04T18:54:49+00:00\",\"dateModified\":\"2025-01-06T18:57:09+00:00\",\"breadcrumb\":{\"@id\":\"https:\\\/\\\/www.idermic.es\\\/es\\\/consulta-blefaroplastia\\\/#breadcrumb\"},\"inLanguage\":\"es\",\"potentialAction\":[{\"@type\":\"ReadAction\",\"target\":[\"https:\\\/\\\/www.idermic.es\\\/es\\\/consulta-blefaroplastia\\\/\"]}]},{\"@type\":\"ImageObject\",\"inLanguage\":\"es\",\"@id\":\"https:\\\/\\\/www.idermic.es\\\/es\\\/consulta-blefaroplastia\\\/#primaryimage\",\"url\":\"https:\\\/\\\/www.idermic.es\\\/wp-content\\\/uploads\\\/2019\\\/02\\\/idermic_dermatologia_cirurgia-1-200x92.png\",\"contentUrl\":\"https:\\\/\\\/www.idermic.es\\\/wp-content\\\/uploads\\\/2019\\\/02\\\/idermic_dermatologia_cirurgia-1-200x92.png\"},{\"@type\":\"BreadcrumbList\",\"@id\":\"https:\\\/\\\/www.idermic.es\\\/es\\\/consulta-blefaroplastia\\\/#breadcrumb\",\"itemListElement\":[{\"@type\":\"ListItem\",\"position\":1,\"name\":\"Inici\",\"item\":\"https:\\\/\\\/www.idermic.es\\\/es\\\/\"},{\"@type\":\"ListItem\",\"position\":2,\"name\":\"Consulta de Blefaroplastia\"}]},{\"@type\":\"WebSite\",\"@id\":\"https:\\\/\\\/www.idermic.es\\\/#website\",\"url\":\"https:\\\/\\\/www.idermic.es\\\/\",\"name\":\"Idermic. Dermatolog\u00eda en Terrassa\",\"description\":\"Dermatolog\u00eda, Medicina est\u00e9tica, Cirurg\u00eda Pl\u00e0stica\",\"publisher\":{\"@id\":\"https:\\\/\\\/www.idermic.es\\\/#organization\"},\"potentialAction\":[{\"@type\":\"SearchAction\",\"target\":{\"@type\":\"EntryPoint\",\"urlTemplate\":\"https:\\\/\\\/www.idermic.es\\\/?s={search_term_string}\"},\"query-input\":{\"@type\":\"PropertyValueSpecification\",\"valueRequired\":true,\"valueName\":\"search_term_string\"}}],\"inLanguage\":\"es\"},{\"@type\":\"Organization\",\"@id\":\"https:\\\/\\\/www.idermic.es\\\/#organization\",\"name\":\"Idermic. Dermatolog\u00eda en Terrassa\",\"url\":\"https:\\\/\\\/www.idermic.es\\\/\",\"logo\":{\"@type\":\"ImageObject\",\"inLanguage\":\"es\",\"@id\":\"https:\\\/\\\/www.idermic.es\\\/#\\\/schema\\\/logo\\\/image\\\/\",\"url\":\"https:\\\/\\\/www.idermic.es\\\/wp-content\\\/uploads\\\/2025\\\/10\\\/Logo-Idermic.jpg\",\"contentUrl\":\"https:\\\/\\\/www.idermic.es\\\/wp-content\\\/uploads\\\/2025\\\/10\\\/Logo-Idermic.jpg\",\"width\":501,\"height\":502,\"caption\":\"Idermic. Dermatolog\u00eda en Terrassa\"},\"image\":{\"@id\":\"https:\\\/\\\/www.idermic.es\\\/#\\\/schema\\\/logo\\\/image\\\/\"},\"sameAs\":[\"https:\\\/\\\/www.facebook.com\\\/Idermic\",\"https:\\\/\\\/x.com\\\/idermic\",\"https:\\\/\\\/www.instagram.com\\\/idermicclinic\\\/\",\"https:\\\/\\\/www.youtube.com\\\/channel\\\/UCyAHC9-p8lc6hr_nguO8p_g\"]}]}<\/script>\n<!-- \/ Yoast SEO plugin. -->","yoast_head_json":{"title":"Consulta de Blefaroplastia - Idermic. Dermatolog\u00eda en Terrassa","robots":{"index":"index","follow":"follow","max-snippet":"max-snippet:-1","max-image-preview":"max-image-preview:large","max-video-preview":"max-video-preview:-1"},"canonical":"https:\/\/www.idermic.es\/es\/consulta-blefaroplastia\/","og_locale":"es_ES","og_type":"article","og_title":"Consulta de Blefaroplastia - Idermic. Dermatolog\u00eda en Terrassa","og_description":"Consulta de Blefaroplastia + 34 937 80 14 41 List@ [...]","og_url":"https:\/\/www.idermic.es\/es\/consulta-blefaroplastia\/","og_site_name":"Idermic. Dermatolog\u00eda en Terrassa","article_publisher":"https:\/\/www.facebook.com\/Idermic","article_modified_time":"2025-01-06T18:57:09+00:00","og_image":[{"url":"https:\/\/www.idermic.es\/wp-content\/uploads\/2019\/02\/idermic_dermatologia_cirurgia-1-200x92.png","type":"","width":"","height":""}],"twitter_card":"summary_large_image","twitter_site":"@idermic","twitter_misc":{"Tiempo de lectura":"5 minutos"},"schema":{"@context":"https:\/\/schema.org","@graph":[{"@type":"WebPage","@id":"https:\/\/www.idermic.es\/es\/consulta-blefaroplastia\/","url":"https:\/\/www.idermic.es\/es\/consulta-blefaroplastia\/","name":"Consulta de Blefaroplastia - Idermic. Dermatolog\u00eda en Terrassa","isPartOf":{"@id":"https:\/\/www.idermic.es\/#website"},"primaryImageOfPage":{"@id":"https:\/\/www.idermic.es\/es\/consulta-blefaroplastia\/#primaryimage"},"image":{"@id":"https:\/\/www.idermic.es\/es\/consulta-blefaroplastia\/#primaryimage"},"thumbnailUrl":"https:\/\/www.idermic.es\/wp-content\/uploads\/2019\/02\/idermic_dermatologia_cirurgia-1-200x92.png","datePublished":"2020-11-04T18:54:49+00:00","dateModified":"2025-01-06T18:57:09+00:00","breadcrumb":{"@id":"https:\/\/www.idermic.es\/es\/consulta-blefaroplastia\/#breadcrumb"},"inLanguage":"es","potentialAction":[{"@type":"ReadAction","target":["https:\/\/www.idermic.es\/es\/consulta-blefaroplastia\/"]}]},{"@type":"ImageObject","inLanguage":"es","@id":"https:\/\/www.idermic.es\/es\/consulta-blefaroplastia\/#primaryimage","url":"https:\/\/www.idermic.es\/wp-content\/uploads\/2019\/02\/idermic_dermatologia_cirurgia-1-200x92.png","contentUrl":"https:\/\/www.idermic.es\/wp-content\/uploads\/2019\/02\/idermic_dermatologia_cirurgia-1-200x92.png"},{"@type":"BreadcrumbList","@id":"https:\/\/www.idermic.es\/es\/consulta-blefaroplastia\/#breadcrumb","itemListElement":[{"@type":"ListItem","position":1,"name":"Inici","item":"https:\/\/www.idermic.es\/es\/"},{"@type":"ListItem","position":2,"name":"Consulta de Blefaroplastia"}]},{"@type":"WebSite","@id":"https:\/\/www.idermic.es\/#website","url":"https:\/\/www.idermic.es\/","name":"Idermic. Dermatolog\u00eda en Terrassa","description":"Dermatolog\u00eda, Medicina est\u00e9tica, Cirurg\u00eda Pl\u00e0stica","publisher":{"@id":"https:\/\/www.idermic.es\/#organization"},"potentialAction":[{"@type":"SearchAction","target":{"@type":"EntryPoint","urlTemplate":"https:\/\/www.idermic.es\/?s={search_term_string}"},"query-input":{"@type":"PropertyValueSpecification","valueRequired":true,"valueName":"search_term_string"}}],"inLanguage":"es"},{"@type":"Organization","@id":"https:\/\/www.idermic.es\/#organization","name":"Idermic. Dermatolog\u00eda en Terrassa","url":"https:\/\/www.idermic.es\/","logo":{"@type":"ImageObject","inLanguage":"es","@id":"https:\/\/www.idermic.es\/#\/schema\/logo\/image\/","url":"https:\/\/www.idermic.es\/wp-content\/uploads\/2025\/10\/Logo-Idermic.jpg","contentUrl":"https:\/\/www.idermic.es\/wp-content\/uploads\/2025\/10\/Logo-Idermic.jpg","width":501,"height":502,"caption":"Idermic. Dermatolog\u00eda en Terrassa"},"image":{"@id":"https:\/\/www.idermic.es\/#\/schema\/logo\/image\/"},"sameAs":["https:\/\/www.facebook.com\/Idermic","https:\/\/x.com\/idermic","https:\/\/www.instagram.com\/idermicclinic\/","https:\/\/www.youtube.com\/channel\/UCyAHC9-p8lc6hr_nguO8p_g"]}]}},"_links":{"self":[{"href":"https:\/\/www.idermic.es\/es\/wp-json\/wp\/v2\/pages\/3551","targetHints":{"allow":["GET"]}}],"collection":[{"href":"https:\/\/www.idermic.es\/es\/wp-json\/wp\/v2\/pages"}],"about":[{"href":"https:\/\/www.idermic.es\/es\/wp-json\/wp\/v2\/types\/page"}],"author":[{"embeddable":true,"href":"https:\/\/www.idermic.es\/es\/wp-json\/wp\/v2\/users\/1"}],"replies":[{"embeddable":true,"href":"https:\/\/www.idermic.es\/es\/wp-json\/wp\/v2\/comments?post=3551"}],"version-history":[{"count":8,"href":"https:\/\/www.idermic.es\/es\/wp-json\/wp\/v2\/pages\/3551\/revisions"}],"predecessor-version":[{"id":6752,"href":"https:\/\/www.idermic.es\/es\/wp-json\/wp\/v2\/pages\/3551\/revisions\/6752"}],"wp:attachment":[{"href":"https:\/\/www.idermic.es\/es\/wp-json\/wp\/v2\/media?parent=3551"}],"curies":[{"name":"wp","href":"https:\/\/api.w.org\/{rel}","templated":true}]}}