{"id":2740,"date":"2020-06-28T05:43:03","date_gmt":"2020-06-28T05:43:03","guid":{"rendered":"https:\/\/www.idermic.es\/?page_id=2740"},"modified":"2022-09-11T17:53:04","modified_gmt":"2022-09-11T17:53:04","slug":"dra-alicia-barreiro","status":"publish","type":"page","link":"https:\/\/www.idermic.es\/es\/dra-alicia-barreiro\/","title":{"rendered":"Dra. Alicia Barreiro"},"content":{"rendered":"<p><div class=\"fusion-fullwidth fullwidth-box fusion-builder-row-1 nonhundred-percent-fullwidth non-hundred-percent-height-scrolling\" style=\"--awb-border-radius-top-left:0px;--awb-border-radius-top-right:0px;--awb-border-radius-bottom-right:0px;--awb-border-radius-bottom-left:0px;--awb-padding-top:25px;--awb-flex-wrap:wrap;\" ><div class=\"fusion-builder-row fusion-row\"><div class=\"fusion-layout-column fusion_builder_column fusion-builder-column-0 fusion_builder_column_1_1 1_1 fusion-one-full fusion-column-first fusion-column-last\" style=\"--awb-padding-bottom:40px;--awb-bg-size:cover;\"><div class=\"fusion-column-wrapper fusion-flex-column-wrapper-legacy\"><div class=\"fusion-text fusion-text-1\"><h1 style=\"text-align: center;\">EQUIP<\/h1>\n<p><img decoding=\"async\" class=\"alignnone size-full wp-image-382 aligncenter\" src=\"https:\/\/www.idermic.es\/wp-content\/uploads\/2019\/01\/glass_green-1.jpg\" alt=\"\" width=\"115\" height=\"2\" srcset=\"https:\/\/www.idermic.es\/wp-content\/uploads\/2019\/01\/glass_green-1-66x2.jpg 66w, https:\/\/www.idermic.es\/wp-content\/uploads\/2019\/01\/glass_green-1.jpg 115w\" sizes=\"(max-width: 115px) 100vw, 115px\" \/><\/p>\n<\/div><div class=\"fusion-text fusion-text-2\"><h2><span style=\"color: #ff0000;\">EL ESPECIALISTA YA NO VISITA ACTUALMENTE EN LA CL\u00cdNICA IDERMIC<\/span><\/h2>\n<p>Consulte la p\u00e1gina de <a href=\"https:\/\/www.idermic.es\/es\/equipo-humano-idermic\/\">equipo m\u00e9dico<\/a> para elegir otro especialista.<\/p>\n<\/div><div class=\"fusion-clearfix\"><\/div><\/div><\/div><\/div><\/div><div class=\"fusion-fullwidth fullwidth-box fusion-builder-row-2 nonhundred-percent-fullwidth non-hundred-percent-height-scrolling\" style=\"--awb-border-radius-top-left:0px;--awb-border-radius-top-right:0px;--awb-border-radius-bottom-right:0px;--awb-border-radius-bottom-left:0px;--awb-flex-wrap:wrap;\" ><div class=\"fusion-builder-row fusion-row\"><div class=\"fusion-layout-column fusion_builder_column fusion-builder-column-1 fusion_builder_column_1_3 1_3 fusion-one-third fusion-column-first\" style=\"--awb-bg-size:cover;width:33.333333333333%;width:calc(33.333333333333% - ( ( 4% + 4% ) * 0.33333333333333 ) );margin-right: 4%;\"><div class=\"fusion-column-wrapper fusion-flex-column-wrapper-legacy\"><div class=\"fusion-image-element in-legacy-container\" style=\"--awb-caption-title-font-family:var(--h2_typography-font-family);--awb-caption-title-font-weight:var(--h2_typography-font-weight);--awb-caption-title-font-style:var(--h2_typography-font-style);--awb-caption-title-size:var(--h2_typography-font-size);--awb-caption-title-transform:var(--h2_typography-text-transform);--awb-caption-title-line-height:var(--h2_typography-line-height);--awb-caption-title-letter-spacing:var(--h2_typography-letter-spacing);\"><span class=\" fusion-imageframe imageframe-none imageframe-1 hover-type-none\"><img decoding=\"async\" width=\"356\" height=\"2\" title=\"line_green\" src=\"https:\/\/www.idermic.es\/wp-content\/uploads\/2019\/01\/line_green.jpg\" alt class=\"img-responsive wp-image-1002\" srcset=\"https:\/\/www.idermic.es\/wp-content\/uploads\/2019\/01\/line_green-200x1.jpg 200w, https:\/\/www.idermic.es\/wp-content\/uploads\/2019\/01\/line_green.jpg 356w\" sizes=\"(max-width: 800px) 100vw, 356px\" \/><\/span><\/div><div class=\"fusion-title title fusion-title-1 fusion-sep-none fusion-title-text fusion-title-size-two\"><h2 class=\"fusion-title-heading title-heading-left\" style=\"margin:0;\">Dra. Alicia Barreiro<\/h2><\/div><div class=\"fusion-text fusion-text-3\"><p>Especialista en dermatologia,<br \/>\nm\u00e9dico-quir\u00fargica i venereologia<\/p>\n<\/div><div class=\"fusion-image-element in-legacy-container\" style=\"--awb-caption-title-font-family:var(--h2_typography-font-family);--awb-caption-title-font-weight:var(--h2_typography-font-weight);--awb-caption-title-font-style:var(--h2_typography-font-style);--awb-caption-title-size:var(--h2_typography-font-size);--awb-caption-title-transform:var(--h2_typography-text-transform);--awb-caption-title-line-height:var(--h2_typography-line-height);--awb-caption-title-letter-spacing:var(--h2_typography-letter-spacing);\"><span class=\" fusion-imageframe imageframe-none imageframe-2 hover-type-none\"><img decoding=\"async\" width=\"800\" height=\"800\" alt=\"La Dra. Dra. Alicia Barreiro Capurro. Especialista en Dermatolog\u00eda M\u00e9dico-Quir\u00fargica y Venereolog\u00eda. \" title=\"Dra. Alicia Barreiro. Especialista en dermatolog\u00eda, m\u00e9dico-quir\u00fargica y venereolog\u00eda\" src=\"https:\/\/www.idermic.es\/wp-content\/uploads\/2020\/03\/Dra.-Alicia-Barreiro.-Especialista-en-dermatolog\u00eda-m\u00e9dico-quir\u00fargica-y-venereolog\u00eda.jpg\" class=\"img-responsive wp-image-2330\" srcset=\"https:\/\/www.idermic.es\/wp-content\/uploads\/2020\/03\/Dra.-Alicia-Barreiro.-Especialista-en-dermatolog\u00eda-m\u00e9dico-quir\u00fargica-y-venereolog\u00eda-200x200.jpg 200w, https:\/\/www.idermic.es\/wp-content\/uploads\/2020\/03\/Dra.-Alicia-Barreiro.-Especialista-en-dermatolog\u00eda-m\u00e9dico-quir\u00fargica-y-venereolog\u00eda-400x400.jpg 400w, https:\/\/www.idermic.es\/wp-content\/uploads\/2020\/03\/Dra.-Alicia-Barreiro.-Especialista-en-dermatolog\u00eda-m\u00e9dico-quir\u00fargica-y-venereolog\u00eda-600x600.jpg 600w, https:\/\/www.idermic.es\/wp-content\/uploads\/2020\/03\/Dra.-Alicia-Barreiro.-Especialista-en-dermatolog\u00eda-m\u00e9dico-quir\u00fargica-y-venereolog\u00eda.jpg 800w\" sizes=\"(max-width: 800px) 100vw, 800px\" \/><\/span><\/div><div class=\"fusion-clearfix\"><\/div><\/div><\/div><div class=\"fusion-layout-column fusion_builder_column fusion-builder-column-2 fusion_builder_column_1_3 1_3 fusion-one-third\" style=\"--awb-bg-size:cover;width:33.333333333333%;width:calc(33.333333333333% - ( ( 4% + 4% ) * 0.33333333333333 ) );margin-right: 4%;\"><div class=\"fusion-column-wrapper fusion-flex-column-wrapper-legacy\"><div class=\"fusion-image-element in-legacy-container\" style=\"--awb-caption-title-font-family:var(--h2_typography-font-family);--awb-caption-title-font-weight:var(--h2_typography-font-weight);--awb-caption-title-font-style:var(--h2_typography-font-style);--awb-caption-title-size:var(--h2_typography-font-size);--awb-caption-title-transform:var(--h2_typography-text-transform);--awb-caption-title-line-height:var(--h2_typography-line-height);--awb-caption-title-letter-spacing:var(--h2_typography-letter-spacing);\"><span class=\" fusion-imageframe imageframe-none imageframe-3 hover-type-none\"><img decoding=\"async\" width=\"356\" height=\"2\" title=\"line_green\" src=\"https:\/\/www.idermic.es\/wp-content\/uploads\/2019\/01\/line_green.jpg\" alt class=\"img-responsive wp-image-1002\" srcset=\"https:\/\/www.idermic.es\/wp-content\/uploads\/2019\/01\/line_green-200x1.jpg 200w, https:\/\/www.idermic.es\/wp-content\/uploads\/2019\/01\/line_green.jpg 356w\" sizes=\"(max-width: 800px) 100vw, 356px\" \/><\/span><\/div><div class=\"fusion-text fusion-text-4\"><p>La <strong>Dra. Alicia Barreiro Capurro<\/strong> es especialista en Dermatolog\u00eda m\u00e9dico-quir\u00fargica y Venereolog\u00eda. Tiene su consulta en la cl\u00ednica idermic de Terrassa.<\/p>\n<ul>\n<li>Formaci\u00f3n especializada MIR realizada en el Hospital Cl\u00ednic de Barcelona de 2010 a 2014<\/li>\n<li>M\u00e9dico especialista en Dermatolog\u00eda M\u00e9dico-Quir\u00fargica y Venereolog\u00eda en la Unidad de Melanoma y C\u00e1ncer Cut\u00e1neo del Hospital Cl\u00ednic de Barcelona de 2014 a 2020<\/li>\n<li>Dermat\u00f3loga en Diagnosis Dermatol\u00f3gica, encargada del \u00e1rea de tratamiento dermato-est\u00e9tico con l\u00e1ser<\/li>\n<li>Formaci\u00f3n especializada MIR realizada en el Hospital Cl\u00ednic de Barcelona de 2010 a 2014<\/li>\n<li>M\u00e9dico especialista en Dermatolog\u00eda M\u00e9dico-Quir\u00fargica y Venereolog\u00eda en la Unidad de Melanoma y C\u00e1ncer Cut\u00e1neo del Hospital Cl\u00ednic de Barcelona de 2014 a 2020<\/li>\n<li>Dermat\u00f3loga en Diagnosis Dermatol\u00f3gica, encargada del \u00e1rea de tratamiento dermato-est\u00e9tico con l\u00e1ser<\/li>\n<\/ul>\n<p>Miembro de:<\/p>\n<ul>\n<li>European Board in Dermato Oncology (enero 2018)<\/li>\n<li>Miembro de la Academia Espa\u00f1ola de Dermatolog\u00eda y Venereolog\u00eda<\/li>\n<li>Miembro de la Sociedad Catalana de Dermatolog\u00eda y Venereolog\u00eda<\/li>\n<li>Miembro de la Academia Europea de Dermatolog\u00eda y Venereolog\u00eda<\/li>\n<li>Miembro del Grupo Espa\u00f1ol de Dermato Oncolog\u00eda (GEDOC)<\/li>\n<li>Miembro de la International Dermoscopy Society<\/li>\n<li>Miembro del Confocal Working Group<\/li>\n<\/ul>\n<\/div><div class=\"fusion-clearfix\"><\/div><\/div><\/div><div class=\"fusion-layout-column fusion_builder_column fusion-builder-column-3 fusion_builder_column_1_3 1_3 fusion-one-third fusion-column-last\" style=\"--awb-bg-size:cover;width:33.333333333333%;width:calc(33.333333333333% - ( ( 4% + 4% ) * 0.33333333333333 ) );\"><div class=\"fusion-column-wrapper fusion-flex-column-wrapper-legacy\"><div class=\"fusion-image-element in-legacy-container\" style=\"--awb-caption-title-font-family:var(--h2_typography-font-family);--awb-caption-title-font-weight:var(--h2_typography-font-weight);--awb-caption-title-font-style:var(--h2_typography-font-style);--awb-caption-title-size:var(--h2_typography-font-size);--awb-caption-title-transform:var(--h2_typography-text-transform);--awb-caption-title-line-height:var(--h2_typography-line-height);--awb-caption-title-letter-spacing:var(--h2_typography-letter-spacing);\"><span class=\" fusion-imageframe imageframe-none imageframe-4 hover-type-none\"><img decoding=\"async\" width=\"356\" height=\"2\" title=\"line_green\" src=\"https:\/\/www.idermic.es\/wp-content\/uploads\/2019\/01\/line_green.jpg\" alt class=\"img-responsive wp-image-1002\" srcset=\"https:\/\/www.idermic.es\/wp-content\/uploads\/2019\/01\/line_green-200x1.jpg 200w, https:\/\/www.idermic.es\/wp-content\/uploads\/2019\/01\/line_green.jpg 356w\" sizes=\"(max-width: 800px) 100vw, 356px\" \/><\/span><\/div><div class=\"fusion-text fusion-text-5\"><p>Ganadora de becas y premios a nivel nacional e internacional<\/p>\n<p>Ha participado en m\u00faltiples proyectos de investigaci\u00f3n nacionales e internacionales<\/p>\n<p>Autora y coautora de varios art\u00edculos en revistas dermatol\u00f3gicas nacionales e internacionales<\/p>\n<p>Autora y coautora de cap\u00edtulos de libros sobre t\u00e9cnicas de imagen no invasivas para el diagn\u00f3stico precoz de patolog\u00edas dermatol\u00f3gicas<\/p>\n<p>Ponente a nivel nacional e internacional en diversos cursos y congresos dermatol\u00f3gicos<\/p>\n<p>Asistente y volcada a la formaci\u00f3n continuada en m\u00faltiples congresos y cursos dermatol\u00f3gicos nacionales e internacionales<\/p>\n<\/div><div class=\"fusion-clearfix\"><\/div><\/div><\/div><\/div><\/div><div class=\"fusion-fullwidth fullwidth-box fusion-builder-row-3 has-pattern-background has-mask-background nonhundred-percent-fullwidth non-hundred-percent-height-scrolling\" style=\"--awb-border-radius-top-left:0px;--awb-border-radius-top-right:0px;--awb-border-radius-bottom-right:0px;--awb-border-radius-bottom-left:0px;--awb-padding-top:20px;--awb-padding-bottom:32px;--awb-margin-top:48px;--awb-margin-bottom:32px;--awb-flex-wrap:wrap;\" ><div class=\"fusion-builder-row fusion-row\"><div class=\"fusion-layout-column fusion_builder_column fusion-builder-column-4 fusion_builder_column_1_2 1_2 fusion-one-half fusion-column-first fusion-column-inner-bg-wrapper\" style=\"--awb-padding-top:20px;--awb-padding-right:20px;--awb-padding-bottom:20px;--awb-padding-left:60px;--awb-inner-bg-color:#f4d0c2;--awb-inner-bg-color-hover:#f4d0c2;--awb-inner-bg-size:cover;width:50%;width:calc(50% - ( ( 4% ) * 0.5 ) );margin-right: 4%;\" data-scroll-devices=\"small-visibility,medium-visibility,large-visibility\"><span class=\"fusion-column-inner-bg hover-type-none\"><a class=\"fusion-column-anchor\" href=\"https:\/\/www.idermic.es\/es\/financiacion\/\"><span class=\"fusion-column-inner-bg-image\"><\/span><\/a><\/span><div class=\"fusion-column-wrapper fusion-column-has-shadow fusion-flex-column-wrapper-legacy\"><div style=\"text-align:center; max-width: 100%; width: calc(100% - 40px); margin: 0 auto;\">\n  <p style=\"color:white;margin:0;padding:15px 15px 0 15px;background-color:#ddbcb0;font-family:Montserrat;font-size:20px;font-weight:500;letter-spacing:2px;line-height:30px;\">\n    FINAN\u00c7AMENT 0% INTER\u00c8S\n  <\/p>\n  <p style=\"color:white;margin:0;padding:0 15px 15px 15px;background-color:#ddbcb0;font-family:Open Sans;font-size:12px;font-weight:500;letter-spacing:2px;line-height:30px;\">\n    LLEGIR M\u00c9S +\n  <\/p>\n<\/div><div class=\"fusion-clearfix\"><\/div><\/div><\/div><div class=\"fusion-layout-column fusion_builder_column fusion-builder-column-5 fusion_builder_column_1_2 1_2 fusion-one-half fusion-column-last fusion-column-inner-bg-wrapper\" style=\"--awb-padding-top:20px;--awb-padding-right:20px;--awb-padding-bottom:20px;--awb-padding-left:60px;--awb-inner-bg-color:#f4d0c2;--awb-inner-bg-color-hover:#f4d0c2;--awb-inner-bg-size:cover;width:50%;width:calc(50% - ( ( 4% ) * 0.5 ) );\" data-scroll-devices=\"small-visibility,medium-visibility,large-visibility\"><span class=\"fusion-column-inner-bg hover-type-none\"><a class=\"fusion-column-anchor\" href=\"https:\/\/www.idermic.es\/es\/preguntas-frecuentes\/\"><span class=\"fusion-column-inner-bg-image\"><\/span><\/a><\/span><div class=\"fusion-column-wrapper fusion-column-has-shadow fusion-flex-column-wrapper-legacy\"><div style=\"text-align:center; max-width: 100%; width: calc(100% - 40px); margin: 0 auto;\">\n  <p style=\"color:white;margin:0;padding:15px 15px 0 15px;background-color:#ddbcb0;font-family:Montserrat;font-size:20px;font-weight:500;letter-spacing:2px;line-height:30px;\">\n    PREGUNTES FREQ\u00dcENTS \n  <\/p>\n  <p style=\"color:white;margin:0;padding:0 15px 15px 15px;background-color:#ddbcb0;font-family:Open Sans;font-size:12px;font-weight:500;letter-spacing:2px;line-height:30px;\">\n    LLEGIR M\u00c9S +\n  <\/p>\n<\/div><div class=\"fusion-clearfix\"><\/div><\/div><\/div><\/div><\/div>\n<\/p>\n","protected":false},"excerpt":{"rendered":"<p>Dra. Alicia Barreiro Capurro es especialista en Dermatolog\u00eda M\u00e9dico-Quir\u00fargica y Venereolog\u00eda. Cl\u00ednica Idermic de Terrassa.<\/p>\n","protected":false},"author":1,"featured_media":2330,"parent":0,"menu_order":0,"comment_status":"closed","ping_status":"closed","template":"","meta":{"_joinchat":[],"footnotes":""},"class_list":["post-2740","page","type-page","status-publish","has-post-thumbnail","hentry"],"yoast_head":"<!-- This site is optimized with the Yoast SEO plugin v28.4 - https:\/\/yoast.com\/product\/yoast-seo-wordpress\/ -->\n<title>Dra. Alicia Barreiro - Idermic. Dermatolog\u00eda en Terrassa<\/title>\n<meta name=\"description\" content=\"Dra. Alicia Barreiro Capurro es especialista en Dermatolog\u00eda M\u00e9dico-Quir\u00fargica y Venereolog\u00eda. Cl\u00ednica Idermic de Terrassa.\" \/>\n<meta name=\"robots\" content=\"index, follow, max-snippet:-1, max-image-preview:large, max-video-preview:-1\" \/>\n<link rel=\"canonical\" href=\"https:\/\/www.idermic.es\/es\/dra-alicia-barreiro\/\" \/>\n<meta property=\"og:locale\" content=\"es_ES\" \/>\n<meta property=\"og:type\" content=\"article\" \/>\n<meta property=\"og:title\" content=\"Dra. Alicia Barreiro - Idermic. Dermatolog\u00eda en Terrassa\" \/>\n<meta property=\"og:description\" content=\"Dra. Alicia Barreiro Capurro es especialista en Dermatolog\u00eda M\u00e9dico-Quir\u00fargica y Venereolog\u00eda. Cl\u00ednica Idermic de Terrassa.\" \/>\n<meta property=\"og:url\" content=\"https:\/\/www.idermic.es\/es\/dra-alicia-barreiro\/\" \/>\n<meta property=\"og:site_name\" content=\"Idermic. Dermatolog\u00eda en Terrassa\" \/>\n<meta property=\"article:publisher\" content=\"https:\/\/www.facebook.com\/Idermic\" \/>\n<meta property=\"article:modified_time\" content=\"2022-09-11T17:53:04+00:00\" \/>\n<meta property=\"og:image\" content=\"https:\/\/www.idermic.es\/wp-content\/uploads\/2020\/03\/Dra.-Alicia-Barreiro.-Especialista-en-dermatolog\u00eda-m\u00e9dico-quir\u00fargica-y-venereolog\u00eda.jpg\" \/>\n\t<meta property=\"og:image:width\" content=\"800\" \/>\n\t<meta property=\"og:image:height\" content=\"800\" \/>\n\t<meta property=\"og:image:type\" content=\"image\/jpeg\" \/>\n<meta name=\"twitter:card\" content=\"summary_large_image\" \/>\n<meta name=\"twitter:site\" content=\"@idermic\" \/>\n<meta name=\"twitter:label1\" content=\"Tiempo de lectura\" \/>\n\t<meta name=\"twitter:data1\" content=\"6 minutos\" \/>\n<script type=\"application\/ld+json\" class=\"yoast-schema-graph\">{\"@context\":\"https:\\\/\\\/schema.org\",\"@graph\":[{\"@type\":\"WebPage\",\"@id\":\"https:\\\/\\\/www.idermic.es\\\/es\\\/dra-alicia-barreiro\\\/\",\"url\":\"https:\\\/\\\/www.idermic.es\\\/es\\\/dra-alicia-barreiro\\\/\",\"name\":\"Dra. Alicia Barreiro - Idermic. Dermatolog\u00eda en Terrassa\",\"isPartOf\":{\"@id\":\"https:\\\/\\\/www.idermic.es\\\/#website\"},\"primaryImageOfPage\":{\"@id\":\"https:\\\/\\\/www.idermic.es\\\/es\\\/dra-alicia-barreiro\\\/#primaryimage\"},\"image\":{\"@id\":\"https:\\\/\\\/www.idermic.es\\\/es\\\/dra-alicia-barreiro\\\/#primaryimage\"},\"thumbnailUrl\":\"https:\\\/\\\/www.idermic.es\\\/wp-content\\\/uploads\\\/2020\\\/03\\\/Dra.-Alicia-Barreiro.-Especialista-en-dermatolog\u00eda-m\u00e9dico-quir\u00fargica-y-venereolog\u00eda.jpg\",\"datePublished\":\"2020-06-28T05:43:03+00:00\",\"dateModified\":\"2022-09-11T17:53:04+00:00\",\"description\":\"Dra. Alicia Barreiro Capurro es especialista en Dermatolog\u00eda M\u00e9dico-Quir\u00fargica y Venereolog\u00eda. Cl\u00ednica Idermic de Terrassa.\",\"breadcrumb\":{\"@id\":\"https:\\\/\\\/www.idermic.es\\\/es\\\/dra-alicia-barreiro\\\/#breadcrumb\"},\"inLanguage\":\"es\",\"potentialAction\":[{\"@type\":\"ReadAction\",\"target\":[\"https:\\\/\\\/www.idermic.es\\\/es\\\/dra-alicia-barreiro\\\/\"]}]},{\"@type\":\"ImageObject\",\"inLanguage\":\"es\",\"@id\":\"https:\\\/\\\/www.idermic.es\\\/es\\\/dra-alicia-barreiro\\\/#primaryimage\",\"url\":\"https:\\\/\\\/www.idermic.es\\\/wp-content\\\/uploads\\\/2020\\\/03\\\/Dra.-Alicia-Barreiro.-Especialista-en-dermatolog\u00eda-m\u00e9dico-quir\u00fargica-y-venereolog\u00eda.jpg\",\"contentUrl\":\"https:\\\/\\\/www.idermic.es\\\/wp-content\\\/uploads\\\/2020\\\/03\\\/Dra.-Alicia-Barreiro.-Especialista-en-dermatolog\u00eda-m\u00e9dico-quir\u00fargica-y-venereolog\u00eda.jpg\",\"width\":800,\"height\":800,\"caption\":\"Dra. Alicia Barreiro. Especialista en dermatolog\u00eda, m\u00e9dico-quir\u00fargica y venereolog\u00eda\"},{\"@type\":\"BreadcrumbList\",\"@id\":\"https:\\\/\\\/www.idermic.es\\\/es\\\/dra-alicia-barreiro\\\/#breadcrumb\",\"itemListElement\":[{\"@type\":\"ListItem\",\"position\":1,\"name\":\"Inici\",\"item\":\"https:\\\/\\\/www.idermic.es\\\/es\\\/\"},{\"@type\":\"ListItem\",\"position\":2,\"name\":\"Dra. Alicia Barreiro\"}]},{\"@type\":\"WebSite\",\"@id\":\"https:\\\/\\\/www.idermic.es\\\/#website\",\"url\":\"https:\\\/\\\/www.idermic.es\\\/\",\"name\":\"Idermic. Dermatolog\u00eda en Terrassa\",\"description\":\"Dermatolog\u00eda, Medicina est\u00e9tica, Cirurg\u00eda Pl\u00e0stica\",\"publisher\":{\"@id\":\"https:\\\/\\\/www.idermic.es\\\/#organization\"},\"potentialAction\":[{\"@type\":\"SearchAction\",\"target\":{\"@type\":\"EntryPoint\",\"urlTemplate\":\"https:\\\/\\\/www.idermic.es\\\/?s={search_term_string}\"},\"query-input\":{\"@type\":\"PropertyValueSpecification\",\"valueRequired\":true,\"valueName\":\"search_term_string\"}}],\"inLanguage\":\"es\"},{\"@type\":\"Organization\",\"@id\":\"https:\\\/\\\/www.idermic.es\\\/#organization\",\"name\":\"Idermic. Dermatolog\u00eda en Terrassa\",\"url\":\"https:\\\/\\\/www.idermic.es\\\/\",\"logo\":{\"@type\":\"ImageObject\",\"inLanguage\":\"es\",\"@id\":\"https:\\\/\\\/www.idermic.es\\\/#\\\/schema\\\/logo\\\/image\\\/\",\"url\":\"https:\\\/\\\/www.idermic.es\\\/wp-content\\\/uploads\\\/2025\\\/10\\\/Logo-Idermic.jpg\",\"contentUrl\":\"https:\\\/\\\/www.idermic.es\\\/wp-content\\\/uploads\\\/2025\\\/10\\\/Logo-Idermic.jpg\",\"width\":501,\"height\":502,\"caption\":\"Idermic. Dermatolog\u00eda en Terrassa\"},\"image\":{\"@id\":\"https:\\\/\\\/www.idermic.es\\\/#\\\/schema\\\/logo\\\/image\\\/\"},\"sameAs\":[\"https:\\\/\\\/www.facebook.com\\\/Idermic\",\"https:\\\/\\\/x.com\\\/idermic\",\"https:\\\/\\\/www.instagram.com\\\/idermicclinic\\\/\",\"https:\\\/\\\/www.youtube.com\\\/channel\\\/UCyAHC9-p8lc6hr_nguO8p_g\"]}]}<\/script>\n<!-- \/ Yoast SEO plugin. -->","yoast_head_json":{"title":"Dra. Alicia Barreiro - Idermic. Dermatolog\u00eda en Terrassa","description":"Dra. Alicia Barreiro Capurro es especialista en Dermatolog\u00eda M\u00e9dico-Quir\u00fargica y Venereolog\u00eda. Cl\u00ednica Idermic de Terrassa.","robots":{"index":"index","follow":"follow","max-snippet":"max-snippet:-1","max-image-preview":"max-image-preview:large","max-video-preview":"max-video-preview:-1"},"canonical":"https:\/\/www.idermic.es\/es\/dra-alicia-barreiro\/","og_locale":"es_ES","og_type":"article","og_title":"Dra. Alicia Barreiro - Idermic. Dermatolog\u00eda en Terrassa","og_description":"Dra. Alicia Barreiro Capurro es especialista en Dermatolog\u00eda M\u00e9dico-Quir\u00fargica y Venereolog\u00eda. Cl\u00ednica Idermic de Terrassa.","og_url":"https:\/\/www.idermic.es\/es\/dra-alicia-barreiro\/","og_site_name":"Idermic. Dermatolog\u00eda en Terrassa","article_publisher":"https:\/\/www.facebook.com\/Idermic","article_modified_time":"2022-09-11T17:53:04+00:00","og_image":[{"width":800,"height":800,"url":"https:\/\/www.idermic.es\/wp-content\/uploads\/2020\/03\/Dra.-Alicia-Barreiro.-Especialista-en-dermatolog\u00eda-m\u00e9dico-quir\u00fargica-y-venereolog\u00eda.jpg","type":"image\/jpeg"}],"twitter_card":"summary_large_image","twitter_site":"@idermic","twitter_misc":{"Tiempo de lectura":"6 minutos"},"schema":{"@context":"https:\/\/schema.org","@graph":[{"@type":"WebPage","@id":"https:\/\/www.idermic.es\/es\/dra-alicia-barreiro\/","url":"https:\/\/www.idermic.es\/es\/dra-alicia-barreiro\/","name":"Dra. Alicia Barreiro - Idermic. Dermatolog\u00eda en Terrassa","isPartOf":{"@id":"https:\/\/www.idermic.es\/#website"},"primaryImageOfPage":{"@id":"https:\/\/www.idermic.es\/es\/dra-alicia-barreiro\/#primaryimage"},"image":{"@id":"https:\/\/www.idermic.es\/es\/dra-alicia-barreiro\/#primaryimage"},"thumbnailUrl":"https:\/\/www.idermic.es\/wp-content\/uploads\/2020\/03\/Dra.-Alicia-Barreiro.-Especialista-en-dermatolog\u00eda-m\u00e9dico-quir\u00fargica-y-venereolog\u00eda.jpg","datePublished":"2020-06-28T05:43:03+00:00","dateModified":"2022-09-11T17:53:04+00:00","description":"Dra. Alicia Barreiro Capurro es especialista en Dermatolog\u00eda M\u00e9dico-Quir\u00fargica y Venereolog\u00eda. Cl\u00ednica Idermic de Terrassa.","breadcrumb":{"@id":"https:\/\/www.idermic.es\/es\/dra-alicia-barreiro\/#breadcrumb"},"inLanguage":"es","potentialAction":[{"@type":"ReadAction","target":["https:\/\/www.idermic.es\/es\/dra-alicia-barreiro\/"]}]},{"@type":"ImageObject","inLanguage":"es","@id":"https:\/\/www.idermic.es\/es\/dra-alicia-barreiro\/#primaryimage","url":"https:\/\/www.idermic.es\/wp-content\/uploads\/2020\/03\/Dra.-Alicia-Barreiro.-Especialista-en-dermatolog\u00eda-m\u00e9dico-quir\u00fargica-y-venereolog\u00eda.jpg","contentUrl":"https:\/\/www.idermic.es\/wp-content\/uploads\/2020\/03\/Dra.-Alicia-Barreiro.-Especialista-en-dermatolog\u00eda-m\u00e9dico-quir\u00fargica-y-venereolog\u00eda.jpg","width":800,"height":800,"caption":"Dra. Alicia Barreiro. Especialista en dermatolog\u00eda, m\u00e9dico-quir\u00fargica y venereolog\u00eda"},{"@type":"BreadcrumbList","@id":"https:\/\/www.idermic.es\/es\/dra-alicia-barreiro\/#breadcrumb","itemListElement":[{"@type":"ListItem","position":1,"name":"Inici","item":"https:\/\/www.idermic.es\/es\/"},{"@type":"ListItem","position":2,"name":"Dra. Alicia Barreiro"}]},{"@type":"WebSite","@id":"https:\/\/www.idermic.es\/#website","url":"https:\/\/www.idermic.es\/","name":"Idermic. Dermatolog\u00eda en Terrassa","description":"Dermatolog\u00eda, Medicina est\u00e9tica, Cirurg\u00eda Pl\u00e0stica","publisher":{"@id":"https:\/\/www.idermic.es\/#organization"},"potentialAction":[{"@type":"SearchAction","target":{"@type":"EntryPoint","urlTemplate":"https:\/\/www.idermic.es\/?s={search_term_string}"},"query-input":{"@type":"PropertyValueSpecification","valueRequired":true,"valueName":"search_term_string"}}],"inLanguage":"es"},{"@type":"Organization","@id":"https:\/\/www.idermic.es\/#organization","name":"Idermic. Dermatolog\u00eda en Terrassa","url":"https:\/\/www.idermic.es\/","logo":{"@type":"ImageObject","inLanguage":"es","@id":"https:\/\/www.idermic.es\/#\/schema\/logo\/image\/","url":"https:\/\/www.idermic.es\/wp-content\/uploads\/2025\/10\/Logo-Idermic.jpg","contentUrl":"https:\/\/www.idermic.es\/wp-content\/uploads\/2025\/10\/Logo-Idermic.jpg","width":501,"height":502,"caption":"Idermic. Dermatolog\u00eda en Terrassa"},"image":{"@id":"https:\/\/www.idermic.es\/#\/schema\/logo\/image\/"},"sameAs":["https:\/\/www.facebook.com\/Idermic","https:\/\/x.com\/idermic","https:\/\/www.instagram.com\/idermicclinic\/","https:\/\/www.youtube.com\/channel\/UCyAHC9-p8lc6hr_nguO8p_g"]}]}},"_links":{"self":[{"href":"https:\/\/www.idermic.es\/es\/wp-json\/wp\/v2\/pages\/2740","targetHints":{"allow":["GET"]}}],"collection":[{"href":"https:\/\/www.idermic.es\/es\/wp-json\/wp\/v2\/pages"}],"about":[{"href":"https:\/\/www.idermic.es\/es\/wp-json\/wp\/v2\/types\/page"}],"author":[{"embeddable":true,"href":"https:\/\/www.idermic.es\/es\/wp-json\/wp\/v2\/users\/1"}],"replies":[{"embeddable":true,"href":"https:\/\/www.idermic.es\/es\/wp-json\/wp\/v2\/comments?post=2740"}],"version-history":[{"count":3,"href":"https:\/\/www.idermic.es\/es\/wp-json\/wp\/v2\/pages\/2740\/revisions"}],"predecessor-version":[{"id":5107,"href":"https:\/\/www.idermic.es\/es\/wp-json\/wp\/v2\/pages\/2740\/revisions\/5107"}],"wp:featuredmedia":[{"embeddable":true,"href":"https:\/\/www.idermic.es\/es\/wp-json\/wp\/v2\/media\/2330"}],"wp:attachment":[{"href":"https:\/\/www.idermic.es\/es\/wp-json\/wp\/v2\/media?parent=2740"}],"curies":[{"name":"wp","href":"https:\/\/api.w.org\/{rel}","templated":true}]}}