{"id":2726,"date":"2020-06-27T15:16:22","date_gmt":"2020-06-27T15:16:22","guid":{"rendered":"https:\/\/www.idermic.es\/?page_id=2726"},"modified":"2022-09-11T17:50:42","modified_gmt":"2022-09-11T17:50:42","slug":"dr-cristobal-langdon","status":"publish","type":"page","link":"https:\/\/www.idermic.es\/es\/dr-cristobal-langdon\/","title":{"rendered":"Dr. Crist\u00f3bal Langdon"},"content":{"rendered":"<p><div class=\"fusion-fullwidth fullwidth-box fusion-builder-row-1 nonhundred-percent-fullwidth non-hundred-percent-height-scrolling\" style=\"--awb-border-radius-top-left:0px;--awb-border-radius-top-right:0px;--awb-border-radius-bottom-right:0px;--awb-border-radius-bottom-left:0px;--awb-padding-top:25px;--awb-flex-wrap:wrap;\" ><div class=\"fusion-builder-row fusion-row\"><div class=\"fusion-layout-column fusion_builder_column fusion-builder-column-0 fusion_builder_column_1_1 1_1 fusion-one-full fusion-column-first fusion-column-last\" style=\"--awb-padding-bottom:40px;--awb-bg-size:cover;\"><div class=\"fusion-column-wrapper fusion-flex-column-wrapper-legacy\"><div class=\"fusion-text fusion-text-1\"><h1 style=\"text-align: center;\">EQUIP<\/h1>\n<p><img decoding=\"async\" class=\"alignnone size-full wp-image-382 aligncenter\" src=\"https:\/\/www.idermic.es\/wp-content\/uploads\/2019\/01\/glass_green-1.jpg\" alt=\"\" width=\"115\" height=\"2\" srcset=\"https:\/\/www.idermic.es\/wp-content\/uploads\/2019\/01\/glass_green-1-66x2.jpg 66w, https:\/\/www.idermic.es\/wp-content\/uploads\/2019\/01\/glass_green-1.jpg 115w\" sizes=\"(max-width: 115px) 100vw, 115px\" \/><\/p>\n<\/div><div class=\"fusion-text fusion-text-2\"><h2><span style=\"color: #ff0000;\">EL ESPECIALISTA YA NO VISITA ACTUALMENTE EN LA CL\u00cdNICA IDERMIC<\/span><\/h2>\n<p>Consulte la p\u00e1gina de <a href=\"https:\/\/www.idermic.es\/es\/equipo-humano-idermic\/\">equipo m\u00e9dico<\/a> para elegir otro especialista.<\/p>\n<\/div><div class=\"fusion-clearfix\"><\/div><\/div><\/div><\/div><\/div><div class=\"fusion-fullwidth fullwidth-box fusion-builder-row-2 nonhundred-percent-fullwidth non-hundred-percent-height-scrolling\" style=\"--awb-border-radius-top-left:0px;--awb-border-radius-top-right:0px;--awb-border-radius-bottom-right:0px;--awb-border-radius-bottom-left:0px;--awb-flex-wrap:wrap;\" ><div class=\"fusion-builder-row fusion-row\"><div class=\"fusion-layout-column fusion_builder_column fusion-builder-column-1 fusion_builder_column_1_3 1_3 fusion-one-third fusion-column-first\" style=\"--awb-bg-size:cover;width:33.333333333333%;width:calc(33.333333333333% - ( ( 4% + 4% ) * 0.33333333333333 ) );margin-right: 4%;\"><div class=\"fusion-column-wrapper fusion-flex-column-wrapper-legacy\"><div class=\"fusion-image-element in-legacy-container\" style=\"--awb-caption-title-font-family:var(--h2_typography-font-family);--awb-caption-title-font-weight:var(--h2_typography-font-weight);--awb-caption-title-font-style:var(--h2_typography-font-style);--awb-caption-title-size:var(--h2_typography-font-size);--awb-caption-title-transform:var(--h2_typography-text-transform);--awb-caption-title-line-height:var(--h2_typography-line-height);--awb-caption-title-letter-spacing:var(--h2_typography-letter-spacing);\"><span class=\" fusion-imageframe imageframe-none imageframe-1 hover-type-none\"><img decoding=\"async\" width=\"356\" height=\"2\" title=\"line_green\" src=\"https:\/\/www.idermic.es\/wp-content\/uploads\/2019\/01\/line_green.jpg\" alt class=\"img-responsive wp-image-1002\" srcset=\"https:\/\/www.idermic.es\/wp-content\/uploads\/2019\/01\/line_green-200x1.jpg 200w, https:\/\/www.idermic.es\/wp-content\/uploads\/2019\/01\/line_green.jpg 356w\" sizes=\"(max-width: 800px) 100vw, 356px\" \/><\/span><\/div><div class=\"fusion-title title fusion-title-1 fusion-sep-none fusion-title-text fusion-title-size-two\"><h2 class=\"fusion-title-heading title-heading-left\" style=\"margin:0;\">Dr. Crist\u00f3bal Langdon<\/h2><\/div><div class=\"fusion-text fusion-text-3\"><p>Especialista Otorrinolaring\u00f3logo con una subespecialidad en<br \/>\nRinolog\u00eda (Cirug\u00eda Nasal) y Cirug\u00eda de la Base del Cr\u00e1neo<\/p>\n<\/div><div class=\"fusion-image-element in-legacy-container\" style=\"--awb-caption-title-font-family:var(--h2_typography-font-family);--awb-caption-title-font-weight:var(--h2_typography-font-weight);--awb-caption-title-font-style:var(--h2_typography-font-style);--awb-caption-title-size:var(--h2_typography-font-size);--awb-caption-title-transform:var(--h2_typography-text-transform);--awb-caption-title-line-height:var(--h2_typography-line-height);--awb-caption-title-letter-spacing:var(--h2_typography-letter-spacing);\"><span class=\" fusion-imageframe imageframe-none imageframe-2 hover-type-none\"><img decoding=\"async\" width=\"800\" height=\"800\" alt=\"Dr. Cristobal Langdon. Especialista Otorrinolaring\u00f3logo con una subespecialidad en Rinolog\u00eda (Cirug\u00eda Nasal) y Cirug\u00eda de la Base del Cr\u00e1neo \" title=\"Dr. Cristobal Langdon\" src=\"https:\/\/www.idermic.es\/wp-content\/uploads\/2020\/06\/Dr.-Cristobal-Langdon-1.jpg\" class=\"img-responsive wp-image-2733\" srcset=\"https:\/\/www.idermic.es\/wp-content\/uploads\/2020\/06\/Dr.-Cristobal-Langdon-1-200x200.jpg 200w, https:\/\/www.idermic.es\/wp-content\/uploads\/2020\/06\/Dr.-Cristobal-Langdon-1-400x400.jpg 400w, https:\/\/www.idermic.es\/wp-content\/uploads\/2020\/06\/Dr.-Cristobal-Langdon-1-600x600.jpg 600w, https:\/\/www.idermic.es\/wp-content\/uploads\/2020\/06\/Dr.-Cristobal-Langdon-1.jpg 800w\" sizes=\"(max-width: 800px) 100vw, 800px\" \/><\/span><\/div><div class=\"fusion-clearfix\"><\/div><\/div><\/div><div class=\"fusion-layout-column fusion_builder_column fusion-builder-column-2 fusion_builder_column_1_3 1_3 fusion-one-third\" style=\"--awb-bg-size:cover;width:33.333333333333%;width:calc(33.333333333333% - ( ( 4% + 4% ) * 0.33333333333333 ) );margin-right: 4%;\"><div class=\"fusion-column-wrapper fusion-flex-column-wrapper-legacy\"><div class=\"fusion-image-element in-legacy-container\" style=\"--awb-caption-title-font-family:var(--h2_typography-font-family);--awb-caption-title-font-weight:var(--h2_typography-font-weight);--awb-caption-title-font-style:var(--h2_typography-font-style);--awb-caption-title-size:var(--h2_typography-font-size);--awb-caption-title-transform:var(--h2_typography-text-transform);--awb-caption-title-line-height:var(--h2_typography-line-height);--awb-caption-title-letter-spacing:var(--h2_typography-letter-spacing);\"><span class=\" fusion-imageframe imageframe-none imageframe-3 hover-type-none\"><img decoding=\"async\" width=\"356\" height=\"2\" title=\"line_green\" src=\"https:\/\/www.idermic.es\/wp-content\/uploads\/2019\/01\/line_green.jpg\" alt class=\"img-responsive wp-image-1002\" srcset=\"https:\/\/www.idermic.es\/wp-content\/uploads\/2019\/01\/line_green-200x1.jpg 200w, https:\/\/www.idermic.es\/wp-content\/uploads\/2019\/01\/line_green.jpg 356w\" sizes=\"(max-width: 800px) 100vw, 356px\" \/><\/span><\/div><div class=\"fusion-text fusion-text-4\"><p>Especialista Otorrinolaring\u00f3logo con una subespecialidad en Rinolog\u00eda (Cirug\u00eda Nasal) y Cirug\u00eda de la Base del Cr\u00e1neo en el Hospital Cl\u00ednic de Barcelona. Desde 2014 ejerce como especialista en la unidad de Rinolog\u00eda del servicio de Otorrinolaringolog\u00eda del Hospital Cl\u00ednic Barcelona. Adem\u00e1s, es profesor asociado en la Facultad de Medicina de la Universidad de Barcelona desde 2015.<\/p>\n<p>Especialista en cirug\u00eda nasal y de base del Cr\u00e1neo de BarnaCl\u00ednic \u2013 Hospital Cl\u00ednic.<\/p>\n<p>Director de los Cursos \u201cSeptal Perforation Repair Course\u201d y del \u201c24<sup>th <\/sup>Endoscopic Sinus Surgery Course\u201d.<\/p>\n<p>Director del canal de formaci\u00f3n subespecializada Barcelona Rhinology School.<\/p>\n<p>Jefe del Laboratorio de Disecci\u00f3n de Nariz y Senos Paranasales del Grupo de Trabajo de Rinolog\u00eda y Base de Cr\u00e1neo del Hospital Cl\u00ednic Barcelona.<\/p>\n<\/div><div class=\"fusion-clearfix\"><\/div><\/div><\/div><div class=\"fusion-layout-column fusion_builder_column fusion-builder-column-3 fusion_builder_column_1_3 1_3 fusion-one-third fusion-column-last\" style=\"--awb-bg-size:cover;width:33.333333333333%;width:calc(33.333333333333% - ( ( 4% + 4% ) * 0.33333333333333 ) );\"><div class=\"fusion-column-wrapper fusion-flex-column-wrapper-legacy\"><div class=\"fusion-image-element in-legacy-container\" style=\"--awb-caption-title-font-family:var(--h2_typography-font-family);--awb-caption-title-font-weight:var(--h2_typography-font-weight);--awb-caption-title-font-style:var(--h2_typography-font-style);--awb-caption-title-size:var(--h2_typography-font-size);--awb-caption-title-transform:var(--h2_typography-text-transform);--awb-caption-title-line-height:var(--h2_typography-line-height);--awb-caption-title-letter-spacing:var(--h2_typography-letter-spacing);\"><span class=\" fusion-imageframe imageframe-none imageframe-4 hover-type-none\"><img decoding=\"async\" width=\"356\" height=\"2\" title=\"line_green\" src=\"https:\/\/www.idermic.es\/wp-content\/uploads\/2019\/01\/line_green.jpg\" alt class=\"img-responsive wp-image-1002\" srcset=\"https:\/\/www.idermic.es\/wp-content\/uploads\/2019\/01\/line_green-200x1.jpg 200w, https:\/\/www.idermic.es\/wp-content\/uploads\/2019\/01\/line_green.jpg 356w\" sizes=\"(max-width: 800px) 100vw, 356px\" \/><\/span><\/div><div class=\"fusion-text fusion-text-5\"><ul>\n<li>Miembro de la Academia Europea de Cirug\u00eda Pl\u00e1stica Facial (EAFPS) desde 2014.<\/li>\n<li>Miembro de la Sociedad Europea de Rinolog\u00eda.<\/li>\n<li>Investigador en \u201cClinical and Experimental Respiratory Immunoallergy Group. August Pi i Sunyer Biomedical Research Institute (IDIBAPS). Barcelona-Spain.<\/li>\n<li>Investigador en \u201cCenter for Biomedical Research in Respiratory Diseases (CIBERES-SPAIN).\u201d<\/li>\n<li>Observeship-Fellow en la unidad de Rinolog\u00eda y Cirug\u00eda de Base de Cr\u00e1neo del Servicio de ORL, Mount Sinai \u2013 Toronto University, Toronto \u2013 Canad\u00e1.<\/li>\n<li>3 Becas Oficiales del Fondo Investigaci\u00f3n en Salud de Instituto de Salud Carlos III (ISCIII)<\/li>\n<li>1 Beca Marat\u00f3<\/li>\n<li>Redes de Investigaci\u00f3n:\n<ul>\n<li>Ag\u00e8ncia de Gesti\u00f3 d&#8217;Ajuts Universitaris i de Recerca (AGAUR), Generalitat de Catalunya. CENTRO: HOSPITAL CL\u00cdNIC &#8211; IDIBAPS. A\u00f1os 2014-16 (2014 SGR 758) y a\u00f1os 2017-19 (2017 SGR 1090).<\/li>\n<li>GA2LEN (Global Allergy &amp; Asthma European Network, 6\u00ba Programa Marco Europeo). N\u00ba Proyecto: FOOD-CT-2004-506378. T\u00cdTULO: Efecto de los corticoides en la infiltraci\u00f3n de c\u00e9lulas proinflamatorias y en el patr\u00f3n de expresi\u00f3n de citocinas en la poliposis nasal. ENTIDAD: GA2LEN &#8211; Red Europea de Excelencia en Alergia, 6\u00ba Programa Marco de la U. Europea (2008-10) \/\/ GA2LEN e. V. CENTRO: IDIBAPS. A\u00f1os: 2010-18.<\/li>\n<\/ul>\n<\/li>\n<li>M\u00e1s de 30 art\u00edculos nacionales e internacionales, 6 libros, 12 cap\u00edtulos.<\/li>\n<li>Revisor en 4 revistas internacionales.<\/li>\n<\/ul>\n<\/div><div class=\"fusion-clearfix\"><\/div><\/div><\/div><\/div><\/div><div class=\"fusion-fullwidth fullwidth-box fusion-builder-row-3 has-pattern-background has-mask-background nonhundred-percent-fullwidth non-hundred-percent-height-scrolling\" style=\"--awb-border-radius-top-left:0px;--awb-border-radius-top-right:0px;--awb-border-radius-bottom-right:0px;--awb-border-radius-bottom-left:0px;--awb-padding-top:20px;--awb-padding-bottom:32px;--awb-margin-top:48px;--awb-margin-bottom:32px;--awb-flex-wrap:wrap;\" ><div class=\"fusion-builder-row fusion-row\"><div class=\"fusion-layout-column fusion_builder_column fusion-builder-column-4 fusion_builder_column_1_2 1_2 fusion-one-half fusion-column-first fusion-column-inner-bg-wrapper\" style=\"--awb-padding-top:20px;--awb-padding-right:20px;--awb-padding-bottom:20px;--awb-padding-left:60px;--awb-inner-bg-color:#f4d0c2;--awb-inner-bg-color-hover:#f4d0c2;--awb-inner-bg-size:cover;width:50%;width:calc(50% - ( ( 4% ) * 0.5 ) );margin-right: 4%;\" data-scroll-devices=\"small-visibility,medium-visibility,large-visibility\"><span class=\"fusion-column-inner-bg hover-type-none\"><a class=\"fusion-column-anchor\" href=\"https:\/\/www.idermic.es\/es\/financiacion\/\"><span class=\"fusion-column-inner-bg-image\"><\/span><\/a><\/span><div class=\"fusion-column-wrapper fusion-column-has-shadow fusion-flex-column-wrapper-legacy\"><div style=\"text-align:center; max-width: 100%; width: calc(100% - 40px); margin: 0 auto;\">\n  <p style=\"color:white;margin:0;padding:15px 15px 0 15px;background-color:#ddbcb0;font-family:Montserrat;font-size:20px;font-weight:500;letter-spacing:2px;line-height:30px;\">\n    FINAN\u00c7AMENT 0% INTER\u00c8S\n  <\/p>\n  <p style=\"color:white;margin:0;padding:0 15px 15px 15px;background-color:#ddbcb0;font-family:Open Sans;font-size:12px;font-weight:500;letter-spacing:2px;line-height:30px;\">\n    LLEGIR M\u00c9S +\n  <\/p>\n<\/div><div class=\"fusion-clearfix\"><\/div><\/div><\/div><div class=\"fusion-layout-column fusion_builder_column fusion-builder-column-5 fusion_builder_column_1_2 1_2 fusion-one-half fusion-column-last fusion-column-inner-bg-wrapper\" style=\"--awb-padding-top:20px;--awb-padding-right:20px;--awb-padding-bottom:20px;--awb-padding-left:60px;--awb-inner-bg-color:#f4d0c2;--awb-inner-bg-color-hover:#f4d0c2;--awb-inner-bg-size:cover;width:50%;width:calc(50% - ( ( 4% ) * 0.5 ) );\" data-scroll-devices=\"small-visibility,medium-visibility,large-visibility\"><span class=\"fusion-column-inner-bg hover-type-none\"><a class=\"fusion-column-anchor\" href=\"https:\/\/www.idermic.es\/es\/preguntas-frecuentes\/\"><span class=\"fusion-column-inner-bg-image\"><\/span><\/a><\/span><div class=\"fusion-column-wrapper fusion-column-has-shadow fusion-flex-column-wrapper-legacy\"><div style=\"text-align:center; max-width: 100%; width: calc(100% - 40px); margin: 0 auto;\">\n  <p style=\"color:white;margin:0;padding:15px 15px 0 15px;background-color:#ddbcb0;font-family:Montserrat;font-size:20px;font-weight:500;letter-spacing:2px;line-height:30px;\">\n    PREGUNTES FREQ\u00dcENTS \n  <\/p>\n  <p style=\"color:white;margin:0;padding:0 15px 15px 15px;background-color:#ddbcb0;font-family:Open Sans;font-size:12px;font-weight:500;letter-spacing:2px;line-height:30px;\">\n    LLEGIR M\u00c9S +\n  <\/p>\n<\/div><div class=\"fusion-clearfix\"><\/div><\/div><\/div><\/div><\/div>\n<\/p>\n","protected":false},"excerpt":{"rendered":"<p>Dr. Crist\u00f3bal Langdon. Especialista Otorrinolaring\u00f3logo con una subespecialidad en Rinolog\u00eda (Cirug\u00eda Nasal) y Cirug\u00eda de la Base del Cr\u00e1neo.<\/p>\n","protected":false},"author":1,"featured_media":2729,"parent":0,"menu_order":0,"comment_status":"closed","ping_status":"closed","template":"","meta":{"_joinchat":[],"footnotes":""},"class_list":["post-2726","page","type-page","status-publish","has-post-thumbnail","hentry"],"yoast_head":"<!-- This site is optimized with the Yoast SEO plugin v28.4 - https:\/\/yoast.com\/product\/yoast-seo-wordpress\/ -->\n<title>Dr. Crist\u00f3bal Langdon - Idermic. Dermatolog\u00eda en Terrassa<\/title>\n<meta name=\"description\" content=\"Dr. Crist\u00f3bal Langdon. Especialista Otorrinolaring\u00f3logo con una subespecialidad en Rinolog\u00eda (Cirug\u00eda Nasal) y Cirug\u00eda de la Base del Cr\u00e1neo.\" \/>\n<meta name=\"robots\" content=\"index, follow, max-snippet:-1, max-image-preview:large, max-video-preview:-1\" \/>\n<link rel=\"canonical\" href=\"https:\/\/www.idermic.es\/es\/dr-cristobal-langdon\/\" \/>\n<meta property=\"og:locale\" content=\"es_ES\" \/>\n<meta property=\"og:type\" content=\"article\" \/>\n<meta property=\"og:title\" content=\"Dr. Crist\u00f3bal Langdon - Idermic. Dermatolog\u00eda en Terrassa\" \/>\n<meta property=\"og:description\" content=\"Dr. Crist\u00f3bal Langdon. Especialista Otorrinolaring\u00f3logo con una subespecialidad en Rinolog\u00eda (Cirug\u00eda Nasal) y Cirug\u00eda de la Base del Cr\u00e1neo.\" \/>\n<meta property=\"og:url\" content=\"https:\/\/www.idermic.es\/es\/dr-cristobal-langdon\/\" \/>\n<meta property=\"og:site_name\" content=\"Idermic. Dermatolog\u00eda en Terrassa\" \/>\n<meta property=\"article:publisher\" content=\"https:\/\/www.facebook.com\/Idermic\" \/>\n<meta property=\"article:modified_time\" content=\"2022-09-11T17:50:42+00:00\" \/>\n<meta property=\"og:image\" content=\"https:\/\/www.idermic.es\/wp-content\/uploads\/2020\/06\/Dr.-Cristobal-Langdon.jpg\" \/>\n\t<meta property=\"og:image:width\" content=\"800\" \/>\n\t<meta property=\"og:image:height\" content=\"800\" \/>\n\t<meta property=\"og:image:type\" content=\"image\/jpeg\" \/>\n<meta name=\"twitter:card\" content=\"summary_large_image\" \/>\n<meta name=\"twitter:site\" content=\"@idermic\" \/>\n<meta name=\"twitter:label1\" content=\"Tiempo de lectura\" \/>\n\t<meta name=\"twitter:data1\" content=\"7 minutos\" \/>\n<script type=\"application\/ld+json\" class=\"yoast-schema-graph\">{\"@context\":\"https:\\\/\\\/schema.org\",\"@graph\":[{\"@type\":\"WebPage\",\"@id\":\"https:\\\/\\\/www.idermic.es\\\/es\\\/dr-cristobal-langdon\\\/\",\"url\":\"https:\\\/\\\/www.idermic.es\\\/es\\\/dr-cristobal-langdon\\\/\",\"name\":\"Dr. Crist\u00f3bal Langdon - Idermic. Dermatolog\u00eda en Terrassa\",\"isPartOf\":{\"@id\":\"https:\\\/\\\/www.idermic.es\\\/#website\"},\"primaryImageOfPage\":{\"@id\":\"https:\\\/\\\/www.idermic.es\\\/es\\\/dr-cristobal-langdon\\\/#primaryimage\"},\"image\":{\"@id\":\"https:\\\/\\\/www.idermic.es\\\/es\\\/dr-cristobal-langdon\\\/#primaryimage\"},\"thumbnailUrl\":\"https:\\\/\\\/www.idermic.es\\\/wp-content\\\/uploads\\\/2020\\\/06\\\/Dr.-Cristobal-Langdon.jpg\",\"datePublished\":\"2020-06-27T15:16:22+00:00\",\"dateModified\":\"2022-09-11T17:50:42+00:00\",\"description\":\"Dr. Crist\u00f3bal Langdon. Especialista Otorrinolaring\u00f3logo con una subespecialidad en Rinolog\u00eda (Cirug\u00eda Nasal) y Cirug\u00eda de la Base del Cr\u00e1neo.\",\"breadcrumb\":{\"@id\":\"https:\\\/\\\/www.idermic.es\\\/es\\\/dr-cristobal-langdon\\\/#breadcrumb\"},\"inLanguage\":\"es\",\"potentialAction\":[{\"@type\":\"ReadAction\",\"target\":[\"https:\\\/\\\/www.idermic.es\\\/es\\\/dr-cristobal-langdon\\\/\"]}]},{\"@type\":\"ImageObject\",\"inLanguage\":\"es\",\"@id\":\"https:\\\/\\\/www.idermic.es\\\/es\\\/dr-cristobal-langdon\\\/#primaryimage\",\"url\":\"https:\\\/\\\/www.idermic.es\\\/wp-content\\\/uploads\\\/2020\\\/06\\\/Dr.-Cristobal-Langdon.jpg\",\"contentUrl\":\"https:\\\/\\\/www.idermic.es\\\/wp-content\\\/uploads\\\/2020\\\/06\\\/Dr.-Cristobal-Langdon.jpg\",\"width\":800,\"height\":800,\"caption\":\"Especialista Otorrinolaring\u00f2leg amb una subespecialitat en Rinologia (Cirurgia Nasal) i Cirurgia de la Base del Crani\"},{\"@type\":\"BreadcrumbList\",\"@id\":\"https:\\\/\\\/www.idermic.es\\\/es\\\/dr-cristobal-langdon\\\/#breadcrumb\",\"itemListElement\":[{\"@type\":\"ListItem\",\"position\":1,\"name\":\"Inici\",\"item\":\"https:\\\/\\\/www.idermic.es\\\/es\\\/\"},{\"@type\":\"ListItem\",\"position\":2,\"name\":\"Dr. Crist\u00f3bal Langdon\"}]},{\"@type\":\"WebSite\",\"@id\":\"https:\\\/\\\/www.idermic.es\\\/#website\",\"url\":\"https:\\\/\\\/www.idermic.es\\\/\",\"name\":\"Idermic. Dermatolog\u00eda en Terrassa\",\"description\":\"Dermatolog\u00eda, Medicina est\u00e9tica, Cirurg\u00eda Pl\u00e0stica\",\"publisher\":{\"@id\":\"https:\\\/\\\/www.idermic.es\\\/#organization\"},\"potentialAction\":[{\"@type\":\"SearchAction\",\"target\":{\"@type\":\"EntryPoint\",\"urlTemplate\":\"https:\\\/\\\/www.idermic.es\\\/?s={search_term_string}\"},\"query-input\":{\"@type\":\"PropertyValueSpecification\",\"valueRequired\":true,\"valueName\":\"search_term_string\"}}],\"inLanguage\":\"es\"},{\"@type\":\"Organization\",\"@id\":\"https:\\\/\\\/www.idermic.es\\\/#organization\",\"name\":\"Idermic. Dermatolog\u00eda en Terrassa\",\"url\":\"https:\\\/\\\/www.idermic.es\\\/\",\"logo\":{\"@type\":\"ImageObject\",\"inLanguage\":\"es\",\"@id\":\"https:\\\/\\\/www.idermic.es\\\/#\\\/schema\\\/logo\\\/image\\\/\",\"url\":\"https:\\\/\\\/www.idermic.es\\\/wp-content\\\/uploads\\\/2025\\\/10\\\/Logo-Idermic.jpg\",\"contentUrl\":\"https:\\\/\\\/www.idermic.es\\\/wp-content\\\/uploads\\\/2025\\\/10\\\/Logo-Idermic.jpg\",\"width\":501,\"height\":502,\"caption\":\"Idermic. Dermatolog\u00eda en Terrassa\"},\"image\":{\"@id\":\"https:\\\/\\\/www.idermic.es\\\/#\\\/schema\\\/logo\\\/image\\\/\"},\"sameAs\":[\"https:\\\/\\\/www.facebook.com\\\/Idermic\",\"https:\\\/\\\/x.com\\\/idermic\",\"https:\\\/\\\/www.instagram.com\\\/idermicclinic\\\/\",\"https:\\\/\\\/www.youtube.com\\\/channel\\\/UCyAHC9-p8lc6hr_nguO8p_g\"]}]}<\/script>\n<!-- \/ Yoast SEO plugin. -->","yoast_head_json":{"title":"Dr. Crist\u00f3bal Langdon - Idermic. Dermatolog\u00eda en Terrassa","description":"Dr. Crist\u00f3bal Langdon. Especialista Otorrinolaring\u00f3logo con una subespecialidad en Rinolog\u00eda (Cirug\u00eda Nasal) y Cirug\u00eda de la Base del Cr\u00e1neo.","robots":{"index":"index","follow":"follow","max-snippet":"max-snippet:-1","max-image-preview":"max-image-preview:large","max-video-preview":"max-video-preview:-1"},"canonical":"https:\/\/www.idermic.es\/es\/dr-cristobal-langdon\/","og_locale":"es_ES","og_type":"article","og_title":"Dr. Crist\u00f3bal Langdon - Idermic. Dermatolog\u00eda en Terrassa","og_description":"Dr. Crist\u00f3bal Langdon. Especialista Otorrinolaring\u00f3logo con una subespecialidad en Rinolog\u00eda (Cirug\u00eda Nasal) y Cirug\u00eda de la Base del Cr\u00e1neo.","og_url":"https:\/\/www.idermic.es\/es\/dr-cristobal-langdon\/","og_site_name":"Idermic. Dermatolog\u00eda en Terrassa","article_publisher":"https:\/\/www.facebook.com\/Idermic","article_modified_time":"2022-09-11T17:50:42+00:00","og_image":[{"width":800,"height":800,"url":"https:\/\/www.idermic.es\/wp-content\/uploads\/2020\/06\/Dr.-Cristobal-Langdon.jpg","type":"image\/jpeg"}],"twitter_card":"summary_large_image","twitter_site":"@idermic","twitter_misc":{"Tiempo de lectura":"7 minutos"},"schema":{"@context":"https:\/\/schema.org","@graph":[{"@type":"WebPage","@id":"https:\/\/www.idermic.es\/es\/dr-cristobal-langdon\/","url":"https:\/\/www.idermic.es\/es\/dr-cristobal-langdon\/","name":"Dr. Crist\u00f3bal Langdon - Idermic. Dermatolog\u00eda en Terrassa","isPartOf":{"@id":"https:\/\/www.idermic.es\/#website"},"primaryImageOfPage":{"@id":"https:\/\/www.idermic.es\/es\/dr-cristobal-langdon\/#primaryimage"},"image":{"@id":"https:\/\/www.idermic.es\/es\/dr-cristobal-langdon\/#primaryimage"},"thumbnailUrl":"https:\/\/www.idermic.es\/wp-content\/uploads\/2020\/06\/Dr.-Cristobal-Langdon.jpg","datePublished":"2020-06-27T15:16:22+00:00","dateModified":"2022-09-11T17:50:42+00:00","description":"Dr. Crist\u00f3bal Langdon. Especialista Otorrinolaring\u00f3logo con una subespecialidad en Rinolog\u00eda (Cirug\u00eda Nasal) y Cirug\u00eda de la Base del Cr\u00e1neo.","breadcrumb":{"@id":"https:\/\/www.idermic.es\/es\/dr-cristobal-langdon\/#breadcrumb"},"inLanguage":"es","potentialAction":[{"@type":"ReadAction","target":["https:\/\/www.idermic.es\/es\/dr-cristobal-langdon\/"]}]},{"@type":"ImageObject","inLanguage":"es","@id":"https:\/\/www.idermic.es\/es\/dr-cristobal-langdon\/#primaryimage","url":"https:\/\/www.idermic.es\/wp-content\/uploads\/2020\/06\/Dr.-Cristobal-Langdon.jpg","contentUrl":"https:\/\/www.idermic.es\/wp-content\/uploads\/2020\/06\/Dr.-Cristobal-Langdon.jpg","width":800,"height":800,"caption":"Especialista Otorrinolaring\u00f2leg amb una subespecialitat en Rinologia (Cirurgia Nasal) i Cirurgia de la Base del Crani"},{"@type":"BreadcrumbList","@id":"https:\/\/www.idermic.es\/es\/dr-cristobal-langdon\/#breadcrumb","itemListElement":[{"@type":"ListItem","position":1,"name":"Inici","item":"https:\/\/www.idermic.es\/es\/"},{"@type":"ListItem","position":2,"name":"Dr. Crist\u00f3bal Langdon"}]},{"@type":"WebSite","@id":"https:\/\/www.idermic.es\/#website","url":"https:\/\/www.idermic.es\/","name":"Idermic. Dermatolog\u00eda en Terrassa","description":"Dermatolog\u00eda, Medicina est\u00e9tica, Cirurg\u00eda Pl\u00e0stica","publisher":{"@id":"https:\/\/www.idermic.es\/#organization"},"potentialAction":[{"@type":"SearchAction","target":{"@type":"EntryPoint","urlTemplate":"https:\/\/www.idermic.es\/?s={search_term_string}"},"query-input":{"@type":"PropertyValueSpecification","valueRequired":true,"valueName":"search_term_string"}}],"inLanguage":"es"},{"@type":"Organization","@id":"https:\/\/www.idermic.es\/#organization","name":"Idermic. Dermatolog\u00eda en Terrassa","url":"https:\/\/www.idermic.es\/","logo":{"@type":"ImageObject","inLanguage":"es","@id":"https:\/\/www.idermic.es\/#\/schema\/logo\/image\/","url":"https:\/\/www.idermic.es\/wp-content\/uploads\/2025\/10\/Logo-Idermic.jpg","contentUrl":"https:\/\/www.idermic.es\/wp-content\/uploads\/2025\/10\/Logo-Idermic.jpg","width":501,"height":502,"caption":"Idermic. Dermatolog\u00eda en Terrassa"},"image":{"@id":"https:\/\/www.idermic.es\/#\/schema\/logo\/image\/"},"sameAs":["https:\/\/www.facebook.com\/Idermic","https:\/\/x.com\/idermic","https:\/\/www.instagram.com\/idermicclinic\/","https:\/\/www.youtube.com\/channel\/UCyAHC9-p8lc6hr_nguO8p_g"]}]}},"_links":{"self":[{"href":"https:\/\/www.idermic.es\/es\/wp-json\/wp\/v2\/pages\/2726","targetHints":{"allow":["GET"]}}],"collection":[{"href":"https:\/\/www.idermic.es\/es\/wp-json\/wp\/v2\/pages"}],"about":[{"href":"https:\/\/www.idermic.es\/es\/wp-json\/wp\/v2\/types\/page"}],"author":[{"embeddable":true,"href":"https:\/\/www.idermic.es\/es\/wp-json\/wp\/v2\/users\/1"}],"replies":[{"embeddable":true,"href":"https:\/\/www.idermic.es\/es\/wp-json\/wp\/v2\/comments?post=2726"}],"version-history":[{"count":3,"href":"https:\/\/www.idermic.es\/es\/wp-json\/wp\/v2\/pages\/2726\/revisions"}],"predecessor-version":[{"id":5104,"href":"https:\/\/www.idermic.es\/es\/wp-json\/wp\/v2\/pages\/2726\/revisions\/5104"}],"wp:featuredmedia":[{"embeddable":true,"href":"https:\/\/www.idermic.es\/es\/wp-json\/wp\/v2\/media\/2729"}],"wp:attachment":[{"href":"https:\/\/www.idermic.es\/es\/wp-json\/wp\/v2\/media?parent=2726"}],"curies":[{"name":"wp","href":"https:\/\/api.w.org\/{rel}","templated":true}]}}