{"id":2350,"date":"2020-05-11T17:15:19","date_gmt":"2020-05-11T17:15:19","guid":{"rendered":"https:\/\/www.idermic.es\/?page_id=2350"},"modified":"2020-05-11T17:18:02","modified_gmt":"2020-05-11T17:18:02","slug":"archivo-de-prensa-y-noticias","status":"publish","type":"page","link":"https:\/\/www.idermic.es\/es\/archivo-de-prensa-y-noticias\/","title":{"rendered":"Archivo de prensa y noticias"},"content":{"rendered":"<p><div class=\"fusion-fullwidth fullwidth-box fusion-builder-row-1 nonhundred-percent-fullwidth non-hundred-percent-height-scrolling\" style=\"--awb-border-radius-top-left:0px;--awb-border-radius-top-right:0px;--awb-border-radius-bottom-right:0px;--awb-border-radius-bottom-left:0px;--awb-margin-top:32px;--awb-flex-wrap:wrap;\" ><div class=\"fusion-builder-row fusion-row\"><div class=\"fusion-layout-column fusion_builder_column fusion-builder-column-0 fusion_builder_column_2_3 2_3 fusion-two-third fusion-column-first\" style=\"--awb-bg-size:cover;width:66.666666666667%;width:calc(66.666666666667% - ( ( 4% ) * 0.66666666666667 ) );margin-right: 4%;\"><div class=\"fusion-column-wrapper fusion-flex-column-wrapper-legacy\"><div class=\"fusion-text fusion-text-1\"><h1>Archivo de prensa y noticias de Idermic<\/h1>\n<p>En esta secci\u00f3n se destacan por orden cronol\u00f3gico distintas noticias publicadas en prensa relacionadas con la actividad profesional del equipo m\u00e9dico la cl\u00ednica dermatol\u00f3gica Idermic de Terrassa.<\/p>\n<p>Es una secci\u00f3n que se mantiene actualizada y en la que tambi\u00e9n se van incluyendo los art\u00edculos relacionados con dermatolog\u00eda est\u00e9tica, dermatolog\u00eda cl\u00ednica y cirug\u00eda est\u00e9tica en los que han participado nuestros especialistas m\u00e9dicos.<\/p>\n<\/div><div class=\"fusion-clearfix\"><\/div><\/div><\/div><div class=\"fusion-layout-column fusion_builder_column fusion-builder-column-1 fusion_builder_column_1_3 1_3 fusion-one-third fusion-column-last\" style=\"--awb-bg-size:cover;width:33.333333333333%;width:calc(33.333333333333% - ( ( 4% ) * 0.33333333333333 ) );\"><div class=\"fusion-column-wrapper fusion-flex-column-wrapper-legacy\"><div class=\"fusion-image-element in-legacy-container\" style=\"--awb-caption-title-font-family:var(--h2_typography-font-family);--awb-caption-title-font-weight:var(--h2_typography-font-weight);--awb-caption-title-font-style:var(--h2_typography-font-style);--awb-caption-title-size:var(--h2_typography-font-size);--awb-caption-title-transform:var(--h2_typography-text-transform);--awb-caption-title-line-height:var(--h2_typography-line-height);--awb-caption-title-letter-spacing:var(--h2_typography-letter-spacing);\"><span class=\" fusion-imageframe imageframe-none imageframe-1 hover-type-none\"><img decoding=\"async\" width=\"763\" height=\"399\" alt=\"Idermic es una cl\u00ednica est\u00e9tica especializada en dermatolog\u00eda cl\u00ednica, dermatolog\u00eda est\u00e9tica, diet\u00e9tica, nutrici\u00f3n y Cirug\u00eda pl\u00e1stica en Terrassa.\" title=\"C\u00ednica dermatol\u00f3gica y est\u00e9tica Idermic de Terrassa\" src=\"https:\/\/www.idermic.es\/wp-content\/uploads\/2020\/05\/C\u00ednica-dermatol\u00f3gica-y-est\u00e9tica-Idermic-de-Terrassa.jpg\" class=\"img-responsive wp-image-2354\" srcset=\"https:\/\/www.idermic.es\/wp-content\/uploads\/2020\/05\/C\u00ednica-dermatol\u00f3gica-y-est\u00e9tica-Idermic-de-Terrassa-200x105.jpg 200w, https:\/\/www.idermic.es\/wp-content\/uploads\/2020\/05\/C\u00ednica-dermatol\u00f3gica-y-est\u00e9tica-Idermic-de-Terrassa-400x209.jpg 400w, https:\/\/www.idermic.es\/wp-content\/uploads\/2020\/05\/C\u00ednica-dermatol\u00f3gica-y-est\u00e9tica-Idermic-de-Terrassa-600x314.jpg 600w, https:\/\/www.idermic.es\/wp-content\/uploads\/2020\/05\/C\u00ednica-dermatol\u00f3gica-y-est\u00e9tica-Idermic-de-Terrassa.jpg 763w\" sizes=\"(max-width: 800px) 100vw, 763px\" \/><\/span><\/div><div class=\"fusion-clearfix\"><\/div><\/div><\/div><div class=\"fusion-layout-column fusion_builder_column fusion-builder-column-2 fusion_builder_column_1_1 1_1 fusion-one-full fusion-column-first fusion-column-last\" style=\"--awb-bg-size:cover;\"><div class=\"fusion-column-wrapper fusion-flex-column-wrapper-legacy\"><div class=\"fusion-sep-clear\"><\/div><div class=\"fusion-separator fusion-full-width-sep\" style=\"margin-left: auto;margin-right: auto;margin-top:24px;margin-bottom:24px;width:100%;\"><div class=\"fusion-separator-border sep-double\" style=\"--awb-height:20px;--awb-amount:20px;border-color:#e0dede;border-top-width:1px;border-bottom-width:1px;\"><\/div><\/div><div class=\"fusion-sep-clear\"><\/div><div class=\"fusion-clearfix\"><\/div><\/div><\/div><\/div><\/div><div class=\"fusion-fullwidth fullwidth-box fusion-builder-row-2 nonhundred-percent-fullwidth non-hundred-percent-height-scrolling\" style=\"--awb-border-radius-top-left:0px;--awb-border-radius-top-right:0px;--awb-border-radius-bottom-right:0px;--awb-border-radius-bottom-left:0px;--awb-flex-wrap:wrap;\" ><div class=\"fusion-builder-row fusion-row\"><div class=\"fusion-layout-column fusion_builder_column fusion-builder-column-3 fusion_builder_column_1_3 1_3 fusion-one-third fusion-column-first\" style=\"--awb-bg-size:cover;width:33.333333333333%;width:calc(33.333333333333% - ( ( 4% + 4% ) * 0.33333333333333 ) );margin-right: 4%;\"><div class=\"fusion-column-wrapper fusion-flex-column-wrapper-legacy\"><div class=\"fusion-image-element in-legacy-container\" style=\"--awb-caption-title-font-family:var(--h2_typography-font-family);--awb-caption-title-font-weight:var(--h2_typography-font-weight);--awb-caption-title-font-style:var(--h2_typography-font-style);--awb-caption-title-size:var(--h2_typography-font-size);--awb-caption-title-transform:var(--h2_typography-text-transform);--awb-caption-title-line-height:var(--h2_typography-line-height);--awb-caption-title-letter-spacing:var(--h2_typography-letter-spacing);\"><span class=\" fusion-imageframe imageframe-none imageframe-2 hover-type-none\"><a class=\"fusion-no-lightbox\" href=\"https:\/\/www.republica.com\/2020\/05\/07\/sol-y-vitamina-d-tandem-perfecto-con-equilibrio-y-sin-quemaduras-en-la-piel\/#\" target=\"_blank\" aria-label=\"2020-05-07. Rep\u00fablica. Dra. Marta Vilavella. Sol y vitamina D equilibrio y sin quemaduras en la piel\" rel=\"noopener noreferrer\"><img decoding=\"async\" width=\"660\" height=\"684\" alt=\"Sol y vitamina D, t\u00e1ndem perfecto con \u201cequilibrio\u201d y sin quemaduras en la piel\" src=\"https:\/\/www.idermic.es\/wp-content\/uploads\/2020\/05\/2020-05-07.-Rep\u00fablica.-Dra.-Marta-Vilavella.-Sol-y-vitamina-D-equilibrio-y-sin-quemaduras-en-la-piel.jpg\" class=\"img-responsive wp-image-2351\" srcset=\"https:\/\/www.idermic.es\/wp-content\/uploads\/2020\/05\/2020-05-07.-Rep\u00fablica.-Dra.-Marta-Vilavella.-Sol-y-vitamina-D-equilibrio-y-sin-quemaduras-en-la-piel-200x207.jpg 200w, https:\/\/www.idermic.es\/wp-content\/uploads\/2020\/05\/2020-05-07.-Rep\u00fablica.-Dra.-Marta-Vilavella.-Sol-y-vitamina-D-equilibrio-y-sin-quemaduras-en-la-piel-400x415.jpg 400w, https:\/\/www.idermic.es\/wp-content\/uploads\/2020\/05\/2020-05-07.-Rep\u00fablica.-Dra.-Marta-Vilavella.-Sol-y-vitamina-D-equilibrio-y-sin-quemaduras-en-la-piel-600x622.jpg 600w, https:\/\/www.idermic.es\/wp-content\/uploads\/2020\/05\/2020-05-07.-Rep\u00fablica.-Dra.-Marta-Vilavella.-Sol-y-vitamina-D-equilibrio-y-sin-quemaduras-en-la-piel.jpg 660w\" sizes=\"(max-width: 800px) 100vw, 660px\" \/><\/a><\/span><\/div><div class=\"fusion-text fusion-text-2\"><p>7 de mayo de 2020. La <a href=\"https:\/\/www.idermic.es\/es\/marta-vilavella-rius\/\">Dra. Marta Vilavella<\/a> participa en el art\u00edculo de Rep\u00fablica junto a otros dermat\u00f3logos de la Fundaci\u00f3n Piel Sana de la AEDV. En el mismo se destaca como el <strong>Sol y vitamina D<\/strong>, t\u00e1ndem perfecto con \u201cequilibrio\u201d y sin <strong>quemaduras en la piel<\/strong>.<\/p>\n<\/div><div class=\"fusion-aligncenter\"><a class=\"fusion-button button-flat fusion-button-default-size button-default fusion-button-default button-1 fusion-button-default-span fusion-button-default-type\" target=\"_blank\" rel=\"noopener noreferrer\" href=\"https:\/\/www.republica.com\/2020\/05\/07\/sol-y-vitamina-d-tandem-perfecto-con-equilibrio-y-sin-quemaduras-en-la-piel\/#\"><span class=\"fusion-button-text awb-button__text awb-button__text--default\">M\u00e1s informaci\u00f3n<\/span><\/a><\/div><div class=\"fusion-clearfix\"><\/div><\/div><\/div><div class=\"fusion-layout-column fusion_builder_column fusion-builder-column-4 fusion_builder_column_1_3 1_3 fusion-one-third\" style=\"--awb-bg-size:cover;width:33.333333333333%;width:calc(33.333333333333% - ( ( 4% + 4% ) * 0.33333333333333 ) );margin-right: 4%;\"><div class=\"fusion-column-wrapper fusion-flex-column-wrapper-legacy\"><div class=\"fusion-image-element in-legacy-container\" style=\"--awb-caption-title-font-family:var(--h2_typography-font-family);--awb-caption-title-font-weight:var(--h2_typography-font-weight);--awb-caption-title-font-style:var(--h2_typography-font-style);--awb-caption-title-size:var(--h2_typography-font-size);--awb-caption-title-transform:var(--h2_typography-text-transform);--awb-caption-title-line-height:var(--h2_typography-line-height);--awb-caption-title-letter-spacing:var(--h2_typography-letter-spacing);\"><span class=\" fusion-imageframe imageframe-none imageframe-3 hover-type-none\"><a class=\"fusion-no-lightbox\" href=\"http:\/\/www.radiostarterrassa.com\/news.php?extend.6105\" target=\"_blank\" aria-label=\"Radio Star Terrassa. Entrevista a la Dra. Marta Vilavella. La diosa Venus\" rel=\"noopener noreferrer\"><img decoding=\"async\" width=\"660\" height=\"684\" alt=\"Esta semana en El Caf\u00e9 de los Sue\u00f1os entrevistamos a la dra.Marta Vilavella y hablaremos de La Diosa Venus\" src=\"https:\/\/www.idermic.es\/wp-content\/uploads\/2020\/05\/Radio-Star-Terrassa.-Entrevista-a-la-Dra.-Marta-Vilavella.-La-diosa-Venus.jpg\" class=\"img-responsive wp-image-2357\" srcset=\"https:\/\/www.idermic.es\/wp-content\/uploads\/2020\/05\/Radio-Star-Terrassa.-Entrevista-a-la-Dra.-Marta-Vilavella.-La-diosa-Venus-200x207.jpg 200w, https:\/\/www.idermic.es\/wp-content\/uploads\/2020\/05\/Radio-Star-Terrassa.-Entrevista-a-la-Dra.-Marta-Vilavella.-La-diosa-Venus-400x415.jpg 400w, https:\/\/www.idermic.es\/wp-content\/uploads\/2020\/05\/Radio-Star-Terrassa.-Entrevista-a-la-Dra.-Marta-Vilavella.-La-diosa-Venus-600x622.jpg 600w, https:\/\/www.idermic.es\/wp-content\/uploads\/2020\/05\/Radio-Star-Terrassa.-Entrevista-a-la-Dra.-Marta-Vilavella.-La-diosa-Venus.jpg 660w\" sizes=\"(max-width: 800px) 100vw, 660px\" \/><\/a><\/span><\/div><div class=\"fusion-text fusion-text-3\"><p>La Dra. Marta Vilavella es entrevistada en el programa El Caf\u00e9 de los sue\u00f1os de Radio Star donde se habl\u00f3 de la diosa romana Venus, s\u00edmbolo de la belleza y la fertilidad y tambi\u00e9n de la fiestas y placeres sexuales, de ah\u00ed el t\u00e9rmino de \u201c<strong>enfermedades ven\u00e9reas<\/strong>\u201d.<\/p>\n<\/div><div class=\"fusion-aligncenter\"><a class=\"fusion-button button-flat fusion-button-default-size button-default fusion-button-default button-2 fusion-button-default-span fusion-button-default-type\" target=\"_blank\" rel=\"noopener noreferrer\" href=\"http:\/\/www.radiostarterrassa.com\/news.php?extend.6105\"><span class=\"fusion-button-text awb-button__text awb-button__text--default\">M\u00e1s informaci\u00f3n<\/span><\/a><\/div><div class=\"fusion-clearfix\"><\/div><\/div><\/div><div class=\"fusion-layout-column fusion_builder_column fusion-builder-column-5 fusion_builder_column_1_3 1_3 fusion-one-third fusion-column-last\" style=\"--awb-bg-size:cover;width:33.333333333333%;width:calc(33.333333333333% - ( ( 4% + 4% ) * 0.33333333333333 ) );\"><div class=\"fusion-column-wrapper fusion-flex-column-wrapper-legacy\"><div class=\"fusion-image-element in-legacy-container\" style=\"--awb-caption-title-font-family:var(--h2_typography-font-family);--awb-caption-title-font-weight:var(--h2_typography-font-weight);--awb-caption-title-font-style:var(--h2_typography-font-style);--awb-caption-title-size:var(--h2_typography-font-size);--awb-caption-title-transform:var(--h2_typography-text-transform);--awb-caption-title-line-height:var(--h2_typography-line-height);--awb-caption-title-letter-spacing:var(--h2_typography-letter-spacing);\"><span class=\" fusion-imageframe imageframe-none imageframe-4 hover-type-none\"><a class=\"fusion-no-lightbox\" href=\"https:\/\/www.capital.es\/2019\/11\/07\/borrar-el-codigo-de-barras\/\" target=\"_blank\" aria-label=\"2019-11-07. Capital. Dra. Marta Vilavella. Borrar el codigo de barras\" rel=\"noopener noreferrer\"><img decoding=\"async\" width=\"660\" height=\"685\" alt=\"Entrevista en la revista Capital a la Dra. Marta Vilavella\" src=\"https:\/\/www.idermic.es\/wp-content\/uploads\/2020\/05\/2019-11-07.-Capital.-Dra.-Marta-Vilavella.-Borrar-el-codigo-de-barras.jpg\" class=\"img-responsive wp-image-2360\" srcset=\"https:\/\/www.idermic.es\/wp-content\/uploads\/2020\/05\/2019-11-07.-Capital.-Dra.-Marta-Vilavella.-Borrar-el-codigo-de-barras-200x208.jpg 200w, https:\/\/www.idermic.es\/wp-content\/uploads\/2020\/05\/2019-11-07.-Capital.-Dra.-Marta-Vilavella.-Borrar-el-codigo-de-barras-400x415.jpg 400w, https:\/\/www.idermic.es\/wp-content\/uploads\/2020\/05\/2019-11-07.-Capital.-Dra.-Marta-Vilavella.-Borrar-el-codigo-de-barras-600x623.jpg 600w, https:\/\/www.idermic.es\/wp-content\/uploads\/2020\/05\/2019-11-07.-Capital.-Dra.-Marta-Vilavella.-Borrar-el-codigo-de-barras.jpg 660w\" sizes=\"(max-width: 800px) 100vw, 660px\" \/><\/a><\/span><\/div><div class=\"fusion-text fusion-text-4\"><p>Ahora hay un nuevo tratamiento que elimina esas arrugas en la zona rebelde del labio superior donde se asientan y dando una expresi\u00f3n nada favorecedora. La especialista de la Cl\u00ednica Idermic explica como funciona la nueva t\u00e9cnica que est\u00e1 siendo muy demandada.<\/p>\n<\/div><div class=\"fusion-aligncenter\"><a class=\"fusion-button button-flat fusion-button-default-size button-default fusion-button-default button-3 fusion-button-default-span fusion-button-default-type\" target=\"_blank\" rel=\"noopener noreferrer\" href=\"https:\/\/www.capital.es\/2019\/11\/07\/borrar-el-codigo-de-barras\/\"><span class=\"fusion-button-text awb-button__text awb-button__text--default\">M\u00e1s informaci\u00f3n<\/span><\/a><\/div><div class=\"fusion-clearfix\"><\/div><\/div><\/div><div class=\"fusion-layout-column fusion_builder_column fusion-builder-column-6 fusion_builder_column_1_1 1_1 fusion-one-full fusion-column-first fusion-column-last\" style=\"--awb-bg-size:cover;\"><div class=\"fusion-column-wrapper fusion-flex-column-wrapper-legacy\"><div class=\"fusion-sep-clear\"><\/div><div class=\"fusion-separator fusion-full-width-sep\" style=\"margin-left: auto;margin-right: auto;margin-top:24px;margin-bottom:24px;width:100%;\"><div class=\"fusion-separator-border sep-double\" style=\"--awb-height:20px;--awb-amount:20px;border-color:#e0dede;border-top-width:1px;border-bottom-width:1px;\"><\/div><\/div><div class=\"fusion-sep-clear\"><\/div><div class=\"fusion-clearfix\"><\/div><\/div><\/div><\/div><\/div><\/p>\n","protected":false},"excerpt":{"rendered":"","protected":false},"author":1,"featured_media":0,"parent":0,"menu_order":0,"comment_status":"closed","ping_status":"closed","template":"","meta":{"_joinchat":[],"footnotes":""},"class_list":["post-2350","page","type-page","status-publish","hentry"],"yoast_head":"<!-- This site is optimized with the Yoast SEO plugin v28.4 - https:\/\/yoast.com\/product\/yoast-seo-wordpress\/ -->\n<title>Archivo de prensa y noticias - Idermic. Dermatolog\u00eda en Terrassa<\/title>\n<meta name=\"robots\" content=\"index, follow, max-snippet:-1, max-image-preview:large, max-video-preview:-1\" \/>\n<link rel=\"canonical\" href=\"https:\/\/www.idermic.es\/es\/archivo-de-prensa-y-noticias\/\" \/>\n<meta property=\"og:locale\" content=\"es_ES\" \/>\n<meta property=\"og:type\" content=\"article\" \/>\n<meta property=\"og:title\" content=\"Archivo de prensa y noticias - Idermic. Dermatolog\u00eda en Terrassa\" \/>\n<meta property=\"og:url\" content=\"https:\/\/www.idermic.es\/es\/archivo-de-prensa-y-noticias\/\" \/>\n<meta property=\"og:site_name\" content=\"Idermic. Dermatolog\u00eda en Terrassa\" \/>\n<meta property=\"article:publisher\" content=\"https:\/\/www.facebook.com\/Idermic\" \/>\n<meta property=\"article:modified_time\" content=\"2020-05-11T17:18:02+00:00\" \/>\n<meta name=\"twitter:card\" content=\"summary_large_image\" \/>\n<meta name=\"twitter:site\" content=\"@idermic\" \/>\n<meta name=\"twitter:label1\" content=\"Tiempo de lectura\" \/>\n\t<meta name=\"twitter:data1\" content=\"8 minutos\" \/>\n<script type=\"application\/ld+json\" class=\"yoast-schema-graph\">{\"@context\":\"https:\\\/\\\/schema.org\",\"@graph\":[{\"@type\":\"WebPage\",\"@id\":\"https:\\\/\\\/www.idermic.es\\\/es\\\/archivo-de-prensa-y-noticias\\\/\",\"url\":\"https:\\\/\\\/www.idermic.es\\\/es\\\/archivo-de-prensa-y-noticias\\\/\",\"name\":\"Archivo de prensa y noticias - Idermic. Dermatolog\u00eda en Terrassa\",\"isPartOf\":{\"@id\":\"https:\\\/\\\/www.idermic.es\\\/#website\"},\"datePublished\":\"2020-05-11T17:15:19+00:00\",\"dateModified\":\"2020-05-11T17:18:02+00:00\",\"breadcrumb\":{\"@id\":\"https:\\\/\\\/www.idermic.es\\\/es\\\/archivo-de-prensa-y-noticias\\\/#breadcrumb\"},\"inLanguage\":\"es\",\"potentialAction\":[{\"@type\":\"ReadAction\",\"target\":[\"https:\\\/\\\/www.idermic.es\\\/es\\\/archivo-de-prensa-y-noticias\\\/\"]}]},{\"@type\":\"BreadcrumbList\",\"@id\":\"https:\\\/\\\/www.idermic.es\\\/es\\\/archivo-de-prensa-y-noticias\\\/#breadcrumb\",\"itemListElement\":[{\"@type\":\"ListItem\",\"position\":1,\"name\":\"Inici\",\"item\":\"https:\\\/\\\/www.idermic.es\\\/es\\\/\"},{\"@type\":\"ListItem\",\"position\":2,\"name\":\"Archivo de prensa y noticias\"}]},{\"@type\":\"WebSite\",\"@id\":\"https:\\\/\\\/www.idermic.es\\\/#website\",\"url\":\"https:\\\/\\\/www.idermic.es\\\/\",\"name\":\"Idermic. Dermatolog\u00eda en Terrassa\",\"description\":\"Dermatolog\u00eda, Medicina est\u00e9tica, Cirurg\u00eda Pl\u00e0stica\",\"publisher\":{\"@id\":\"https:\\\/\\\/www.idermic.es\\\/#organization\"},\"potentialAction\":[{\"@type\":\"SearchAction\",\"target\":{\"@type\":\"EntryPoint\",\"urlTemplate\":\"https:\\\/\\\/www.idermic.es\\\/?s={search_term_string}\"},\"query-input\":{\"@type\":\"PropertyValueSpecification\",\"valueRequired\":true,\"valueName\":\"search_term_string\"}}],\"inLanguage\":\"es\"},{\"@type\":\"Organization\",\"@id\":\"https:\\\/\\\/www.idermic.es\\\/#organization\",\"name\":\"Idermic. Dermatolog\u00eda en Terrassa\",\"url\":\"https:\\\/\\\/www.idermic.es\\\/\",\"logo\":{\"@type\":\"ImageObject\",\"inLanguage\":\"es\",\"@id\":\"https:\\\/\\\/www.idermic.es\\\/#\\\/schema\\\/logo\\\/image\\\/\",\"url\":\"https:\\\/\\\/www.idermic.es\\\/wp-content\\\/uploads\\\/2025\\\/10\\\/Logo-Idermic.jpg\",\"contentUrl\":\"https:\\\/\\\/www.idermic.es\\\/wp-content\\\/uploads\\\/2025\\\/10\\\/Logo-Idermic.jpg\",\"width\":501,\"height\":502,\"caption\":\"Idermic. Dermatolog\u00eda en Terrassa\"},\"image\":{\"@id\":\"https:\\\/\\\/www.idermic.es\\\/#\\\/schema\\\/logo\\\/image\\\/\"},\"sameAs\":[\"https:\\\/\\\/www.facebook.com\\\/Idermic\",\"https:\\\/\\\/x.com\\\/idermic\",\"https:\\\/\\\/www.instagram.com\\\/idermicclinic\\\/\",\"https:\\\/\\\/www.youtube.com\\\/channel\\\/UCyAHC9-p8lc6hr_nguO8p_g\"]}]}<\/script>\n<!-- \/ Yoast SEO plugin. -->","yoast_head_json":{"title":"Archivo de prensa y noticias - Idermic. Dermatolog\u00eda en Terrassa","robots":{"index":"index","follow":"follow","max-snippet":"max-snippet:-1","max-image-preview":"max-image-preview:large","max-video-preview":"max-video-preview:-1"},"canonical":"https:\/\/www.idermic.es\/es\/archivo-de-prensa-y-noticias\/","og_locale":"es_ES","og_type":"article","og_title":"Archivo de prensa y noticias - Idermic. Dermatolog\u00eda en Terrassa","og_url":"https:\/\/www.idermic.es\/es\/archivo-de-prensa-y-noticias\/","og_site_name":"Idermic. Dermatolog\u00eda en Terrassa","article_publisher":"https:\/\/www.facebook.com\/Idermic","article_modified_time":"2020-05-11T17:18:02+00:00","twitter_card":"summary_large_image","twitter_site":"@idermic","twitter_misc":{"Tiempo de lectura":"8 minutos"},"schema":{"@context":"https:\/\/schema.org","@graph":[{"@type":"WebPage","@id":"https:\/\/www.idermic.es\/es\/archivo-de-prensa-y-noticias\/","url":"https:\/\/www.idermic.es\/es\/archivo-de-prensa-y-noticias\/","name":"Archivo de prensa y noticias - Idermic. Dermatolog\u00eda en Terrassa","isPartOf":{"@id":"https:\/\/www.idermic.es\/#website"},"datePublished":"2020-05-11T17:15:19+00:00","dateModified":"2020-05-11T17:18:02+00:00","breadcrumb":{"@id":"https:\/\/www.idermic.es\/es\/archivo-de-prensa-y-noticias\/#breadcrumb"},"inLanguage":"es","potentialAction":[{"@type":"ReadAction","target":["https:\/\/www.idermic.es\/es\/archivo-de-prensa-y-noticias\/"]}]},{"@type":"BreadcrumbList","@id":"https:\/\/www.idermic.es\/es\/archivo-de-prensa-y-noticias\/#breadcrumb","itemListElement":[{"@type":"ListItem","position":1,"name":"Inici","item":"https:\/\/www.idermic.es\/es\/"},{"@type":"ListItem","position":2,"name":"Archivo de prensa y noticias"}]},{"@type":"WebSite","@id":"https:\/\/www.idermic.es\/#website","url":"https:\/\/www.idermic.es\/","name":"Idermic. Dermatolog\u00eda en Terrassa","description":"Dermatolog\u00eda, Medicina est\u00e9tica, Cirurg\u00eda Pl\u00e0stica","publisher":{"@id":"https:\/\/www.idermic.es\/#organization"},"potentialAction":[{"@type":"SearchAction","target":{"@type":"EntryPoint","urlTemplate":"https:\/\/www.idermic.es\/?s={search_term_string}"},"query-input":{"@type":"PropertyValueSpecification","valueRequired":true,"valueName":"search_term_string"}}],"inLanguage":"es"},{"@type":"Organization","@id":"https:\/\/www.idermic.es\/#organization","name":"Idermic. Dermatolog\u00eda en Terrassa","url":"https:\/\/www.idermic.es\/","logo":{"@type":"ImageObject","inLanguage":"es","@id":"https:\/\/www.idermic.es\/#\/schema\/logo\/image\/","url":"https:\/\/www.idermic.es\/wp-content\/uploads\/2025\/10\/Logo-Idermic.jpg","contentUrl":"https:\/\/www.idermic.es\/wp-content\/uploads\/2025\/10\/Logo-Idermic.jpg","width":501,"height":502,"caption":"Idermic. Dermatolog\u00eda en Terrassa"},"image":{"@id":"https:\/\/www.idermic.es\/#\/schema\/logo\/image\/"},"sameAs":["https:\/\/www.facebook.com\/Idermic","https:\/\/x.com\/idermic","https:\/\/www.instagram.com\/idermicclinic\/","https:\/\/www.youtube.com\/channel\/UCyAHC9-p8lc6hr_nguO8p_g"]}]}},"_links":{"self":[{"href":"https:\/\/www.idermic.es\/es\/wp-json\/wp\/v2\/pages\/2350","targetHints":{"allow":["GET"]}}],"collection":[{"href":"https:\/\/www.idermic.es\/es\/wp-json\/wp\/v2\/pages"}],"about":[{"href":"https:\/\/www.idermic.es\/es\/wp-json\/wp\/v2\/types\/page"}],"author":[{"embeddable":true,"href":"https:\/\/www.idermic.es\/es\/wp-json\/wp\/v2\/users\/1"}],"replies":[{"embeddable":true,"href":"https:\/\/www.idermic.es\/es\/wp-json\/wp\/v2\/comments?post=2350"}],"version-history":[{"count":0,"href":"https:\/\/www.idermic.es\/es\/wp-json\/wp\/v2\/pages\/2350\/revisions"}],"wp:attachment":[{"href":"https:\/\/www.idermic.es\/es\/wp-json\/wp\/v2\/media?parent=2350"}],"curies":[{"name":"wp","href":"https:\/\/api.w.org\/{rel}","templated":true}]}}