{"id":2036,"date":"2019-11-23T09:39:47","date_gmt":"2019-11-23T09:39:47","guid":{"rendered":"https:\/\/www.idermic.es\/?page_id=2036"},"modified":"2025-07-17T09:45:23","modified_gmt":"2025-07-17T09:45:23","slug":"fotos-de-antes-y-despues-en-medicina-estetica","status":"publish","type":"page","link":"https:\/\/www.idermic.es\/es\/fotos-de-antes-y-despues-en-medicina-estetica\/","title":{"rendered":"Fotos de antes y despu\u00e9s en medicina est\u00e9tica"},"content":{"rendered":"<p><div class=\"fusion-fullwidth fullwidth-box fusion-builder-row-1 nonhundred-percent-fullwidth non-hundred-percent-height-scrolling\" style=\"--awb-border-radius-top-left:0px;--awb-border-radius-top-right:0px;--awb-border-radius-bottom-right:0px;--awb-border-radius-bottom-left:0px;--awb-padding-top:25px;--awb-flex-wrap:wrap;\" ><div class=\"fusion-builder-row fusion-row\"><div class=\"fusion-layout-column fusion_builder_column fusion-builder-column-0 fusion_builder_column_1_1 1_1 fusion-one-full fusion-column-first fusion-column-last\" style=\"--awb-padding-bottom:40px;--awb-bg-size:cover;\"><div class=\"fusion-column-wrapper fusion-flex-column-wrapper-legacy\"><div class=\"fusion-text fusion-text-1\"><p>En este apartado te vamos a mostrar una selecci\u00f3n de fotos de antes y despu\u00e9s de haber realizado un tratamiento de medicina est\u00e9tica en la cl\u00ednica Idermic de Terrassa. Este suele ser una de las mejores formas de ver el efecto de los tratamientos est\u00e9ticos.<\/p>\n<\/div><div class=\"fusion-text fusion-text-2\"><!-- ab_dictionary_view_cattags --><!-- hidetaglist: --><!-- hidelist: --><h2>Tratamientos de medicina est\u00e9tica<\/h2><a class='buttonidermic' href='https:\/\/www.idermic.es\/es\/wp-json\/wp\/v2\/pages\/2036'> -Todos- <\/a> <a class='buttonidermic' href='?tag=Facial'>Facial (22)<\/a> <a class='buttonidermic' href='?tag=Fotorejuvenecimiento'>Fotorejuvenecimiento (5)<\/a> <a class='buttonidermic' href='?tag=IPL'>IPL (5)<\/a> <a class='buttonidermic' href='?tag=luz pulsada'>luz pulsada (4)<\/a> <a class='buttonidermic' href='?tag=P\u00f3mulos'>P\u00f3mulos (3)<\/a> <a class='buttonidermic' href='?tag=radiofrecuencia'>radiofrecuencia (3)<\/a> <a class='buttonidermic' href='?tag=\u00c1cido hialur\u00f3nico'>\u00c1cido hialur\u00f3nico (10)<\/a> <hr><!-- blocs init --><table class='itemgallerycontainer' width='100%'><tr><td width='33%'><a href='?item_id='><h3><\/h3><\/a><\/td><td width='33%' style='padding: 0px 24px 0px 24px;'><a href='?item_id='><h3><\/h3><\/a><\/td><td width='33%'><a href='?item_id='><h3><\/h3><\/a><\/td><\/tr><tr style='height:12px;'><td colspan=3><\/td><\/tr><tr><td width='33%'><a href='?item_id=49'><img src='https:\/\/www.idermic.es\/wp-content\/uploads\/2020\/08\/dra.martavilavella_derma_85150803_1144595535890813_3568920685924916614_n.jpg' width=300><\/a><\/td><td width='33%' style='padding: 0px 24px 0px 24px;'><a href='?item_id=46'><img src='https:\/\/www.idermic.es\/wp-content\/uploads\/2020\/07\/dra.martavilavella_derma_109769228_313747510006335_1637785230018407195_n.jpg' width=300><\/a><\/td><td width='33%'><a href='?item_id=43'><img src='https:\/\/www.idermic.es\/wp-content\/uploads\/2020\/07\/dra.martavilavella_derma_115820927_391145621860282_4114070747617189735_n.jpg' width=300><\/a><\/td><\/tr><tr style='height:12px;'><td colspan=3><\/td><\/tr><tr><td width='33%'><p align=''>Una piel sin manchas se traduce en una piel m\u00e1s joven y saludable.<\/p><span id='dots49'>...<\/span><span class='abdictionary_more' id='more49'>El Fotorejuvenecimiento con luz pulsada es un procedimiento con luz pulsada en el que tratamos de manera integral la piel: mejoramos textura, cerramos poros y tratamos manchas, consiguiendo una piel sin manchas que se traduce en una piel m\u00e1s joven y saludable.\r\n<ul>\r\n \t<li><strong>Duraci\u00f3n del tratamiento<\/strong>: 20 minutos aproximadamente.<\/li>\r\n \t<li><strong>Dolor:<\/strong> muy soportable, se percibe sensaci\u00f3n de calor localizado en cada disparo.<\/li>\r\n \t<li><strong>Incorporaci\u00f3n a las actividades:<\/strong> inmediata (ojo! Las manchas se oscurecen y se descaman a los 7-10 d\u00edas, nada que no pueda tapar un maquillaje).<\/li>\r\n \t<li><strong>Recomendaciones:<\/strong> utilizar filtro solar 50+ durante un mes despu\u00e9s de realizar el tratamiento.<\/li>\r\n<\/ul>\r\n&nbsp;<\/span><button onclick='abDictionaryExtendedInfo(49)' id='myBtn49'>+info<\/button>  <hr><\/td><td width='33%' style='padding: 0px 24px 0px 24px;'><p align=''>Tratamiento para la ros\u00e1cea p\u00e1pulo-pustulosa.<\/p><span id='dots46'>...<\/span><span class='abdictionary_more' id='more46'>Mujer joven con ros\u00e1cea p\u00e1pulo-pustulosa.\r\n\r\nCon el tratamiento adecuado, en pocas semanas, podemos controlarla y evitar su progresi\u00f3n. En este caso hemos utilizado isotretino\u00edna oral a dosis bajas, luz pulsada intesa (IPL) y cosm\u00e9tica m\u00e9dica de zoskinhealth.<\/span><button onclick='abDictionaryExtendedInfo(46)' id='myBtn46'>+info<\/button>  <hr><\/td><td width='33%'><p align=''>Rinomodelaci\u00f3n sin cirug\u00eda.<\/p><span id='dots43'>...<\/span><span class='abdictionary_more' id='more43'>Hay pacientes que no quieren someterse a una rinoplastia quir\u00fargica.\r\n\r\nEn casos seleccionados es posible corregir el dorso nasal sin cirug\u00eda con \u00e1cido hialur\u00f3nico.\r\n\r\n&nbsp;<\/span><button onclick='abDictionaryExtendedInfo(43)' id='myBtn43'>+info<\/button>  <hr><\/td><\/tr><tr style='height:24px;'><td colspan=3><\/td><\/tr><tr><td width='33%'><a href='?item_id='><h3><\/h3><\/a><\/td><td width='33%' style='padding: 0px 24px 0px 24px;'><a href='?item_id='><h3><\/h3><\/a><\/td><td width='33%'><a href='?item_id='><h3><\/h3><\/a><\/td><\/tr><tr style='height:12px;'><td colspan=3><\/td><\/tr><tr><td width='33%'><a href='?item_id=41'><img src='https:\/\/www.idermic.es\/wp-content\/uploads\/2020\/07\/manos-antes-y-desp.jpg' width=300><\/a><\/td><td width='33%' style='padding: 0px 24px 0px 24px;'><a href='?item_id=40'><img src='https:\/\/www.idermic.es\/wp-content\/uploads\/2020\/07\/dra.martavilavella_derma_79385097_487310571906884_1316554535153465147_n.jpg' width=300><\/a><\/td><td width='33%'><a href='?item_id=39'><img src='https:\/\/www.idermic.es\/wp-content\/uploads\/2020\/07\/dra.martavilavella_derma_81467125_1790233207779769_4982220756748442621_n.jpg' width=300><\/a><\/td><\/tr><tr style='height:12px;'><td colspan=3><\/td><\/tr><tr><td width='33%'><p align=''>L\u00e9ntigos solares tratados con luz pulsada intensa (IPL).<\/p><span id='dots41'>...<\/span><span class='abdictionary_more' id='more41'>El dorso de las manos es una de las zonas corporales m\u00e1s expuestas al sol.\r\n\r\nPocas son las personas que utilizan factor de protecci\u00f3n solar diariamente en las manos... (creo que aqu\u00ed fallamos todos, incluso los dermat\u00f3logos).\r\n\r\nTodo este sol acumulado a lo largo de los a\u00f1os hace que con la edad nos vayan apareciendo peque\u00f1as manchas marrones (l\u00e9ntigos solares).\r\n<h4>\u00bfC\u00f3mo se pueden tratar?.<\/h4>\r\nSin duda para m\u00ed el mejor resultado se consigue con luz pulsada intensa o con l\u00e1ser.\r\nPod\u00e9is ver el resultado despu\u00e9s de una sesi\u00f3n del IPL.<\/span><button onclick='abDictionaryExtendedInfo(41)' id='myBtn41'>+info<\/button>  <hr><\/td><td width='33%' style='padding: 0px 24px 0px 24px;'><p align=''>Sesiones de fotorejuvenecimiento con luz pulsada para el tratamiento de l\u00e9ntigos solares.<\/p><span id='dots40'>...<\/span><span class='abdictionary_more' id='more40'>Paciente con l\u00e9ntigos solares que hab\u00eda intentando el tratamiento de los mismos con varios tipos de peelings sin \u00e9xito.\r\n\r\nAntes y despu\u00e9s de una \u00fanica sesi\u00f3n de fotorejuvenecimiento con luz pulsada (15 d\u00edas de diferencia).\r\n\r\nAdem\u00e1s del tratamiento de las manchas hemos mejorado la textura de la piel!!\r\n\r\n&nbsp;<\/span><button onclick='abDictionaryExtendedInfo(40)' id='myBtn40'>+info<\/button>  <hr><\/td><td width='33%'><p align=''>Tratamiento de la ojera con \u00c1cido Hialur\u00f3nico sorprendente resultado sin entrar a quir\u00f3fano.<\/p><span id='dots39'>...<\/span><span class='abdictionary_more' id='more39'>Tratamiento de la ojera con \u00e1cido hialur\u00f3nico. Este procedimiento no deja de sorprenderme...parece imposible el resultado que ha obtenido esta paciente sin entrar a quir\u00f3fano!:\r\n<ul>\r\n \t<li>Objetivo: mejorar el surco de las ojeras (mejorar el aspecto de cansancio).<\/li>\r\n \t<li>Tiempo: 10-15 minutos.<\/li>\r\n \t<li>Dolor: m\u00ednimo. Se utiliza crema anest\u00e9sica y el producto infiltrado tambi\u00e9n tiene anestesia<\/li>\r\n \t<li>Producto utlizado: \u00e1cido hialur\u00f3nico ESPECIAL para la zona palpebral (\u00a1.ojo!. \u00a1No todos los son!).<\/li>\r\n \t<li>Incorporaci\u00f3n a las actividades de la vida diaria: inmediata.<\/li>\r\n \t<li>Duraci\u00f3n: de 1-2 a\u00f1os.<\/li>\r\n<\/ul><\/span><button onclick='abDictionaryExtendedInfo(39)' id='myBtn39'>+info<\/button>  <hr><\/td><\/tr><tr style='height:24px;'><td colspan=3><\/td><\/tr><tr><td width='33%'><a href='?item_id='><h3><\/h3><\/a><\/td><td width='33%' style='padding: 0px 24px 0px 24px;'><a href='?item_id='><h3><\/h3><\/a><\/td><td width='33%'><a href='?item_id='><h3><\/h3><\/a><\/td><\/tr><tr style='height:12px;'><td colspan=3><\/td><\/tr><tr><td width='33%'><a href='?item_id=38'><img src='https:\/\/www.idermic.es\/wp-content\/uploads\/2020\/07\/dra.martavilavella_derma_83757453_2556986771205231_1930969350209458527_n.jpg' width=300><\/a><\/td><td width='33%' style='padding: 0px 24px 0px 24px;'><a href='?item_id=37'><img src='https:\/\/www.idermic.es\/wp-content\/uploads\/2020\/07\/dra.martavilavella_derma_83915639_196589244759080_9088673853228936476_n.jpg' width=300><\/a><\/td><td width='33%'><a href='?item_id=36'><img src='https:\/\/www.idermic.es\/wp-content\/uploads\/2020\/06\/dra.martavilavella_derma_85114558_518936785476255_8903484469267524243_n.jpg' width=300><\/a><\/td><\/tr><tr style='height:12px;'><td colspan=3><\/td><\/tr><tr><td width='33%'><p align=''>Resposici\u00f3n de los vol\u00famenes perdidos con \u00c1cido Hialur\u00f3nico en p\u00f3mulo y ojera.\r\n<\/p><span id='dots38'>...<\/span><span class='abdictionary_more' id='more38'>Ejemplo de lo que se puede conseguir reposicionando los vol\u00famenes perdidos con \u00e1cido hialur\u00f3nico. A esta paciente le tratamos el p\u00f3mulo y la ojera y el resultado no ha podido ser m\u00e1s satisfactorio. Sin pasar por quir\u00f3fano y en una sola sesi\u00f3n hemos podido armonizar sus facciones sin cambiar su esencia. El conocimiento de la anatom\u00eda y la elecci\u00f3n del producto adecuado puede hacernos conseguir resultados tan naturales como este.<\/span><button onclick='abDictionaryExtendedInfo(38)' id='myBtn38'>+info<\/button>  <hr><\/td><td width='33%' style='padding: 0px 24px 0px 24px;'><p align=''>Hidrataci\u00f3n y perfilado labial con \u00e1cido hialur\u00f3nico.\u00a0<\/p><span id='dots37'>...<\/span><span class='abdictionary_more' id='more37'>Hidrataci\u00f3n y perfilado labial con \u00e1cido hialur\u00f3nico.\r\n<ul>\r\n \t<li><strong>Objetivo<\/strong>: perfilar el contorno labial, proyectar e hidratar los labios.<\/li>\r\n \t<li><strong>Tiempo de tratamiento:<\/strong> 5-10 minutos.<\/li>\r\n \t<li><strong>Dolor<\/strong>: leve-moderado. Se aplica crema anest\u00e9sica potente y el producto infiltrado tambi\u00e9n lleva anestesia.<\/li>\r\n \t<li><strong>Incorporaci\u00f3n a las actividades de la vida diaria:<\/strong> inmediata (ojo! Las primeras 24-48 h los labios pueden hincharse).<\/li>\r\n \t<li><strong>Duraci\u00f3n:<\/strong> de 6-12 meses.<\/li>\r\n<\/ul><\/span><button onclick='abDictionaryExtendedInfo(37)' id='myBtn37'>+info<\/button>  <hr><\/td><td width='33%'><p align=''>Mejora de aspecto facial sin cirug\u00eda con \u00e1cido hialur\u00f3nico.<\/p><span id='dots36'>...<\/span><span class='abdictionary_more' id='more36'>Paciente que consult\u00f3 hace dos meses para mejorar su aspecto facial sin cirug\u00eda.\r\nRealizamos:\r\n. Reposici\u00f3n de vol\u00famenes con \u00e1cido hialur\u00f3nico en:\r\n-p\u00f3mulos\r\n-surco naso-geniano\r\n-c\u00f3digo de barras+perfilado labial\r\n-l\u00edneas de marioneta\r\n\r\nEl paciente se incorpora inmediatamente a sus actividades. El resultado se aprecia al finalizar el tratamiento, con las semanas el efecto del \u00e1cido hialur\u00f3nico mejorar\u00e1 la textura y el aspecto de la piel.<\/span><button onclick='abDictionaryExtendedInfo(36)' id='myBtn36'>+info<\/button>  <hr><\/td><\/tr><tr style='height:24px;'><td colspan=3><\/td><\/tr><tr><td width='33%'><a href='?item_id='><h3><\/h3><\/a><\/td><td width='33%' style='padding: 0px 24px 0px 24px;'><a href='?item_id='><h3><\/h3><\/a><\/td><td width='33%'><a href='?item_id='><h3><\/h3><\/a><\/td><\/tr><tr style='height:12px;'><td colspan=3><\/td><\/tr><tr><td width='33%'><a href='?item_id=35'><img src='https:\/\/www.idermic.es\/wp-content\/uploads\/2020\/06\/dra.martavilavella_derma_101962496_640457399884923_2098076696168645337_n.jpg' width=300><\/a><\/td><td width='33%' style='padding: 0px 24px 0px 24px;'><a href='?item_id=34'><img src='https:\/\/www.idermic.es\/wp-content\/uploads\/2020\/06\/dra.martavilavella_derma_87672195_244367446590346_2032312503748183954_n.jpg' width=300><\/a><\/td><td width='33%'><a href='?item_id=33'><img src='https:\/\/www.idermic.es\/wp-content\/uploads\/2020\/06\/dra.martavilavella_derma_100639744_1566883830138037_8647105852570660846_n.jpg' width=300><\/a><\/td><\/tr><tr style='height:12px;'><td colspan=3><\/td><\/tr><tr><td width='33%'><p align=''> \u00c1cido hialur\u00f3nico para mejorar el perfil facial del tercio inferior (ment\u00f3n y \u00e1ngulo mandibular)<\/p><span id='dots35'>...<\/span><span class='abdictionary_more' id='more35'>La importancia de las proporciones de la arquitectura facial.\r\nMirad como mejora el perfil del tercio inferior de esta paciente tan guapa con \u00e1cido hialur\u00f3nico en ment\u00f3n y en \u00e1ngulo mandibular.<\/span><button onclick='abDictionaryExtendedInfo(35)' id='myBtn35'>+info<\/button>  <hr><\/td><td width='33%' style='padding: 0px 24px 0px 24px;'><p align=''>Para el tratamiento de la papada o doble ment\u00f3n, utilizamos la enereg\u00eda t\u00e9rmica de una radiofrecuencia fraccionada con microagujas que disuelve la grasa submentoniana y estimula el tensado cut\u00e1neo del cuello.<\/p><span id='dots34'>...<\/span><span class='abdictionary_more' id='more34'>Espectacular resultado de una sola sesi\u00f3n de Morpheus8 para el tratamiento de la papada o doble ment\u00f3n. La diferencia entre las fotograf\u00edas es de 5 semanas. Utilizamos la enereg\u00eda t\u00e9rmica de una radiofrecuencia fraccionada con microagujas que disuelve la grasa submentoniana y estimula el tensado cut\u00e1neo del cuello.\r\n\r\n- Tiempo de tratamiento: 15-20 minutos.\r\n- Dolor: leve. Infiltramos anestesia local.\r\n- Incorporaci\u00f3n a las actividades de la vida diaria: inmediata. La zona puede presentar una inflamaci\u00f3n leve las primeras 24-72 h .\r\n- N\u00famero de sesiones: de 1 a 3 sesiones separadas de 1 mes\r\n- \u00bfCu\u00e1ndo notamos los resultados?: a partir de la tercera semana y son progresivos (mejor\u00eda final a los 6 meses).<\/span><button onclick='abDictionaryExtendedInfo(34)' id='myBtn34'>+info<\/button>  <hr><\/td><td width='33%'><p align=''>Acn\u00e9 n\u00f3dulo qu\u00edstico tratado exclusivamente con Morpheus8 (2 sesiones de radiofrecuencia separadas de un mes).<\/p><span id='dots33'>...<\/span><span class='abdictionary_more' id='more33'><span style=\"vertical-align: inherit;\"><span style=\"vertical-align: inherit;\">Acn\u00e9 n\u00f3dulo-qu\u00edstico tratado exclusivamente con Morpheus8 (2 sesiones separadas de un mes). La paciente no quer\u00eda tomar ning\u00fan f\u00e1rmaco oral para el acn\u00e9 as\u00ed que le plante\u00e9 realizar sesiones de radiofrecuencia fraccionada. En un mismo procedimiento tratamos lesiones activas (granos) y cicatrices, sin riesgo de que quede hiperpigmentaci\u00f3n post-inflamatoria.\r\n<\/span><\/span><span style=\"vertical-align: inherit;\"><span style=\"vertical-align: inherit;\">El resultado est\u00e1 siendo m\u00e1s que satisfactorio, todav\u00eda nos queda alguna sesi\u00f3n m\u00e1s pero el resultado salta a la vista.\u00a0<\/span><\/span>\r\n\r\n&nbsp;<\/span><button onclick='abDictionaryExtendedInfo(33)' id='myBtn33'>+info<\/button>  <hr><\/td><\/tr><tr style='height:24px;'><td colspan=3><\/td><\/tr><tr><td width='33%'><a href='?item_id='><h3><\/h3><\/a><\/td><td width='33%' style='padding: 0px 24px 0px 24px;'><a href='?item_id='><h3><\/h3><\/a><\/td><td width='33%'><a href='?item_id='><h3><\/h3><\/a><\/td><\/tr><tr style='height:12px;'><td colspan=3><\/td><\/tr><tr><td width='33%'><a href='?item_id=30'><img src='https:\/\/www.idermic.es\/wp-content\/uploads\/2020\/06\/dra.martavilavella_derma_101501187_579775836295270_4711953080110385789_n.jpg' width=300><\/a><\/td><td width='33%' style='padding: 0px 24px 0px 24px;'><a href='?item_id=28'><img src='https:\/\/www.idermic.es\/wp-content\/uploads\/2020\/03\/Fotorejuvenecimiento-con-luz-pulsada.jpg' width=300><\/a><\/td><td width='33%'><a href='?item_id=21'><img src='https:\/\/www.idermic.es\/wp-content\/uploads\/2020\/02\/Trasplante-capilar-para-la-alopecia.jpg' width=300><\/a><\/td><\/tr><tr style='height:12px;'><td colspan=3><\/td><\/tr><tr><td width='33%'><p align=''>Con \u00e1cido hialur\u00f3nico  mejoramos el perfil proyectando el ment\u00f3n, los labios y el p\u00f3mulo, consiguiendo una armonizaci\u00f3n facial.<\/p><span id='dots30'>...<\/span><span class='abdictionary_more' id='more30'>Hoy, otra armonizaci\u00f3n facial con \u00e1cido hialur\u00f3nico. Hemos mejorado el perfil de esta paciente proyectando el ment\u00f3n, los labios y el p\u00f3mulo. Podemos obtener estos resultados sin entrar a quir\u00f3fano, en pocos minutos, pr\u00e1cticamente sin dolor e incorpor\u00e1ndonos a nuestras actividades de manera inmediata. El resultado se mantiene entre 18-24 meses.<\/span><button onclick='abDictionaryExtendedInfo(30)' id='myBtn30'>+info<\/button>  <hr><\/td><td width='33%' style='padding: 0px 24px 0px 24px;'><p align=''>Un procedimiento con luz pulsada en el que tratamos de manera integral la piel<\/p><span id='dots28'>...<\/span><span class='abdictionary_more' id='more28'>Una piel sin manchas se traduce en una piel m\u00e1s joven y saludable. Este resultado lo conseguimos con una sola sesi\u00f3n. \u00bfQu\u00e9 es el <strong>Fotorejuvenecimiento con luz pulsada<\/strong>? -Un procedimiento con luz pulsada en el que tratamos de manera integral la piel: mejoramos textura, cerramos poros y tratamos manchas.\r\n<ul>\r\n \t<li>Duraci\u00f3n del tratamiento: 20 minutos aproximada.<\/li>\r\n \t<li>Dolor: poco, muy soportable, se percibe sensaci\u00f3n de calor localizado en cada disparo<\/li>\r\n \t<li>Incorporaci\u00f3n a las actividades: inmediata (ojo! Las manchas se oscurecen y se descaman a los 7-10 d\u00edas, nada que no pueda tapar un maquillaje)<\/li>\r\n \t<li>Recomendaciones: utilizar filtro solar 50+ durante un mes despu\u00e9s de realizar el tratamiento<\/li>\r\n<\/ul><\/span><button onclick='abDictionaryExtendedInfo(28)' id='myBtn28'>+info<\/button>  <hr><\/td><td width='33%'><p align=''>Recupera el pelo con un trasplante capilar.<\/p><span id='dots21'>...<\/span><span class='abdictionary_more' id='more21'>Sufres de alopecia, ya sea por gen\u00e9tica o por el paso del tiempo?\r\n?\r\nNo importa la edad que tengas ni si eres hombre o mujer con el trasplante capilar recuperar\u00e1s tu pelo y tu seguridad.\r\n?\r\nCon el trasplante capilar lo que conseguimos es trasladar los fol\u00edculos de una zona del cuero cabelludo poblada, a otra alop\u00e9cica, coloc\u00e1ndolos debajo de la piel con peque\u00f1as incisiones.\r\n<ul>\r\n \t<li><strong>Dolor<\/strong>: anestesia local<\/li>\r\n \t<li><strong>Tiempo<\/strong> de intervenci\u00f3n: tratamiento r\u00e1pido<\/li>\r\n \t<li><strong>Cuidados<\/strong>: evitar la exposici\u00f3n prolongada al sol y los esfuerzos f\u00edsicos.<\/li>\r\n \t<li><strong>Resultados<\/strong>: ser\u00e1n visibles un 50% pasados los 6 o 7 meses. El 100% se ver\u00e1 pasados los 12 o 15 meses.<\/li>\r\n<\/ul>\r\nNo dud\u00e9is en contactar con nosotros, tenemos a vuestra disposici\u00f3n nuestro cirujano capilar, el <a href=\"https:\/\/www.idermic.es\/es\/dr-artur-diaz-carandell\/\">Dr. Artur D\u00edaz Carandell<\/a> que os atender\u00e1 y os realizara una visita informativa gratuita.<\/span><button onclick='abDictionaryExtendedInfo(21)' id='myBtn21'>+info<\/button>  <hr><\/td><\/tr><tr style='height:24px;'><td colspan=3><\/td><\/tr><tr><td width='33%'><a href='?item_id='><h3><\/h3><\/a><\/td><td width='33%' style='padding: 0px 24px 0px 24px;'><a href='?item_id='><h3><\/h3><\/a><\/td><td width='33%'><a href='?item_id='><h3><\/h3><\/a><\/td><\/tr><tr style='height:12px;'><td colspan=3><\/td><\/tr><tr><td width='33%'><a href='?item_id=20'><img src='https:\/\/www.idermic.es\/wp-content\/uploads\/2019\/12\/Hilos-tensores-para-p\u00f3mulos-ca\u00eddos.jpg' width=300><\/a><\/td><td width='33%' style='padding: 0px 24px 0px 24px;'><a href='?item_id=19'><img src='https:\/\/www.idermic.es\/wp-content\/uploads\/2019\/12\/L\u00e9ntigos-solares.jpg' width=300><\/a><\/td><td width='33%'><a href='?item_id=18'><img src='https:\/\/www.idermic.es\/wp-content\/uploads\/2019\/12\/Ojeras-con-\u00e1cido-hialur\u00f3nico.jpg' width=300><\/a><\/td><\/tr><tr style='height:12px;'><td colspan=3><\/td><\/tr><tr><td width='33%'><p align=''>Uso de hilos tensores y \u00e1cido hialur\u00f3nico para levantar p\u00f3mulos.<\/p><span id='dots20'>...<\/span><span class='abdictionary_more' id='more20'>Tratamiento del tercio medio e inferior facial con \u00e1cido hialur\u00f3nico e hilos tensores. Fotograf\u00eda tomada despu\u00e9s del procedimiento.\u00a0Realizado en la consulta sin baja laboral y con incorporaci\u00f3n inmediata a las actividades de la vida diaria.<\/span><button onclick='abDictionaryExtendedInfo(20)' id='myBtn20'>+info<\/button>  <hr><\/td><td width='33%' style='padding: 0px 24px 0px 24px;'><p align=''>Antes y despu\u00e9s de una \u00fanica sesi\u00f3n de fotorejuvenecimiento con luz pulsada.<\/p><span id='dots19'>...<\/span><span class='abdictionary_more' id='more19'>Paciente con <strong>l\u00e9ntigos solares<\/strong>. Hab\u00eda intentando el tratamiento de los mismos con varios tipos de peelings sin \u00e9xito. Esta foto corresponde al antes y despu\u00e9s de una \u00fanica sesi\u00f3n de fotorejuvenecimiento con luz pulsada entre las cuales hay 15 d\u00edas de diferencia. Adem\u00e1s del tratamiento de las manchas hemos mejorado la textura de la piel. <time class=\"FH9sR Nzb55\" title=\"10 de diciembre de 2019\" datetime=\"2019-12-10T12:20:20.000Z\"><\/time><\/span><button onclick='abDictionaryExtendedInfo(19)' id='myBtn19'>+info<\/button>  <hr><\/td><td width='33%'><p align=''>Tratamiento de las ojeras con \u00e1cido hialur\u00f3nico.<\/p><span id='dots18'>...<\/span><span class='abdictionary_more' id='more18'>Resultado del procedimiento de ayer: tratamiento de las ojeras con \u00e1cido hialur\u00f3nico. La fotograf\u00eda est\u00e1 tomada inmediatamente despu\u00e9s. Puedes decir adi\u00f3s a las ojeras.<\/span><button onclick='abDictionaryExtendedInfo(18)' id='myBtn18'>+info<\/button>  <hr><\/td><\/tr><tr style='height:24px;'><td colspan=3><\/td><\/tr><tr><td width='33%'><a href='?item_id='><h3><\/h3><\/a><\/td><td width='33%' style='padding: 0px 24px 0px 24px;'><a href='?item_id='><h3><\/h3><\/a><\/td><td width='33%'><a href='?item_id='><h3><\/h3><\/a><\/td><\/tr><tr style='height:12px;'><td colspan=3><\/td><\/tr><tr><td width='33%'><a href='?item_id=17'><img src='https:\/\/www.idermic.es\/wp-content\/uploads\/2019\/12\/Radiofrecuencia-y-cosm\u00e9tica.jpg' width=300><\/a><\/td><td width='33%' style='padding: 0px 24px 0px 24px;'><a href='?item_id=8'><img src='https:\/\/www.idermic.es\/wp-content\/uploads\/2019\/12\/\u00c1cido-hialur\u00f3nico-para-tratamiento-facial.jpg' width=300><\/a><\/td><td width='33%'><a href='?item_id=7'><img src='https:\/\/www.idermic.es\/wp-content\/uploads\/2019\/11\/P\u00f3mulos-y-ojeras-con-\u00e1cido-hialur\u00f3nico.jpg' width=300><\/a><\/td><\/tr><tr style='height:12px;'><td colspan=3><\/td><\/tr><tr><td width='33%'><p align=''>Ejemplo de tratamiento combinado de radiofrecuencia y cosm\u00e9tica.<\/p><span id='dots17'>...<\/span><span class='abdictionary_more' id='more17'>Y a dos d\u00edas de terminar el a\u00f1o...seguimos mejorando pieles! Aparatolog\u00eda adecuada + cosm\u00e9tica adecuada = tu piel en su mejor. versi\u00f3n! Los resultados est\u00e1n a la vista.<\/span><button onclick='abDictionaryExtendedInfo(17)' id='myBtn17'>+info<\/button>  <hr><\/td><td width='33%' style='padding: 0px 24px 0px 24px;'><p align=''>Tratamiento facial con \u00e1cido hialur\u00f3nico e hilos tensores<\/p><span id='dots8'>...<\/span><span class='abdictionary_more' id='more8'>Tratamiento del tercio medio e inferior facial con \u00e1cido hialur\u00f3nico e hilos tensores. Fotograf\u00eda tomada despu\u00e9s del procedimiento se puede comprobar el excelente resultado del tratamiento. Se tratan los p\u00f3mulos y se logra una eliminaci\u00f3n de arrugas con efecto antiaging y un rejuvenecimiento facial. Este tipo de tratamiento es lo que se llama tambi\u00e9n lifting sin cirug\u00eda.\r\n\r\nRealizado en la consulta sin baja laboral y con incorporaci\u00f3n inmediata a las actividades de la vida diaria.<\/span><button onclick='abDictionaryExtendedInfo(8)' id='myBtn8'>+info<\/button>  <hr><\/td><td width='33%'><p align=''>Tratamiento antiaging de p\u00f3mulos y ojeras con \u00e1cido hialur\u00f3nico que se aprecia en un mes.<\/p><span id='dots7'>...<\/span><span class='abdictionary_more' id='more7'>El objetivo es mejorar las ojeras, suavizar el aspecto de cansancio y reposicionar el volumen perdido en p\u00f3mulos ofreciendo un resultado muy natural. El tiempo de tratamiento son 15 minutos y el dolor: m\u00ednimo. Ponemos crema anest\u00e9sica y se aplica el producto con una c\u00e1nula (peque\u00f1o tubo) flexible.\r\n\r\nEl producto utilizado es \u00e1cido hialur\u00f3nico ESPECIAL para la zona de la ojera (ojo !No todos los son!) y para p\u00f3mulos, <strong>\u00e1cido hialur\u00f3nico de alta densidad<\/strong>.\r\n\r\nLa incorporaci\u00f3n a las actividades de la vida diaria es inmediata (ojo! Pueden aparecer hematomas, alejar el tratamiento de \u201ceventos especiales\u201d al menos dos semanas). Este tratamiento tiene una duraci\u00f3n de uno a dos a\u00f1os.<\/span><button onclick='abDictionaryExtendedInfo(7)' id='myBtn7'>+info<\/button>  <hr><\/td><\/tr><tr style='height:24px;'><td colspan=3><\/td><\/tr><tr><td width='33%'><a href='?item_id='><h3><\/h3><\/a><\/td><td width='33%' style='padding: 0px 24px 0px 24px;'><a href='?item_id='><h3><\/h3><\/a><\/td><td width='33%'><a href='?item_id='><h3><\/h3><\/a><\/td><\/tr><tr style='height:12px;'><td colspan=3><\/td><\/tr><tr><td width='33%'><a href='?item_id=6'><img src='https:\/\/www.idermic.es\/wp-content\/uploads\/2019\/11\/Testimonio-de-fotorejuvenecimiento-facial.jpg' width=300><\/a><\/td><td width='33%' style='padding: 0px 24px 0px 24px;'><a href='?item_id=5'><img src='https:\/\/www.idermic.es\/wp-content\/uploads\/2019\/11\/perfilado-labial-con-\u00e1cido-hialur\u00f3nico.jpg' width=300><\/a><\/td><td width='33%'><a href='?item_id=4'><img src='https:\/\/www.idermic.es\/wp-content\/uploads\/2019\/11\/Efecto-de-los-los-rayos-ultravioletas-del-sol-y-el-envejecimiento-de-la-piel.jpg' width=300><\/a><\/td><\/tr><tr style='height:12px;'><td colspan=3><\/td><\/tr><tr><td width='33%'><p align=''>Un testimonio de una paciente despu\u00e9s de una sesi\u00f3n de fotorejuvenecimiento facial<\/p><span id='dots6'>...<\/span><span class='abdictionary_more' id='more6'><blockquote>Gracias por dejarme esta piel y no puedo estar m\u00e1s feliz como dermat\u00f3loga con estas palabras.<\/blockquote>\r\nLa verdad es que el cambio es espectacular. Seguimos con los fotorejuvenecimientos y muy contentas de hacer felices a nuestros pacientes.<\/span><button onclick='abDictionaryExtendedInfo(6)' id='myBtn6'>+info<\/button>  <hr><\/td><td width='33%' style='padding: 0px 24px 0px 24px;'><p align=''>El perfilado labial con \u00e1cido hialur\u00f3nico logra un efecto muy natural<\/p><span id='dots5'>...<\/span><span class='abdictionary_more' id='more5'>El perfilado labial con \u00e1cido hialur\u00f3nico es sutil, natural y discreto. Hay veces en que nos apetece que los cambios sean as\u00ed.<\/span><button onclick='abDictionaryExtendedInfo(5)' id='myBtn5'>+info<\/button>  <hr><\/td><td width='33%'><p align=''>Efecto de los los rayos ultravioletas del sol y el envejecimiento de la piel.<\/p><span id='dots4'>...<\/span><span class='abdictionary_more' id='more4'>Cuando en la consulta me pregunt\u00e1is por qu\u00e9 es tan importante incluir un factor de protecci\u00f3n solar SPF50+ en vuestra rutina cosm\u00e9tica diaria os suelo ense\u00f1ar esta fotograf\u00eda.\r\n\r\nQuiz\u00e1s muchos de vosotros ya la conoc\u00e9is pero los que no, os aseguro que no la vais a poder olvidar. Se trata de un camionero de 69 a\u00f1os que muestra en su cara lo que parece ser una clara evidencia de la relaci\u00f3n entre los rayos ultravioletas del sol y el envejecimiento de la piel.\r\n\r\nLa parte izquierda de la cara es la que se hab\u00eda expuesto durante 30 a\u00f1os al sol que le entraba por la ventana del cami\u00f3n. La imagen fue publicada por The New England Journal of Medicine.<\/span><button onclick='abDictionaryExtendedInfo(4)' id='myBtn4'>+info<\/button>  <hr><\/td><\/tr><tr style='height:24px;'><td colspan=3><\/td><\/tr><tr><td width='33%'><\/td><td width='33%' style='padding: 0px 24px 0px 24px;'><\/td><td width='33%'><\/td><\/tr><tr style='height:12px;'><td colspan=3><\/td><\/tr><tr><td width='33%'><\/td><td width='33%' style='padding: 0px 24px 0px 24px;'><\/td><td width='33%'><\/td><\/tr><tr style='height:12px;'><td colspan=3><\/td><\/tr><tr><td width='33%'><\/td><td width='33%' style='padding: 0px 24px 0px 24px;'><\/td><td width='33%'><\/td><\/tr><tr style='height:24px;'><td colspan=3><\/td><\/tr><\/table><!-- blocs end --><div class='ab-dictionary-pagination' style='margin:16px 0;text-align:center;font-size:15px;'><span style='color:#aaa;'>&laquo;&laquo;<\/span> <span style='color:#aaa;'>&laquo;<\/span> <strong style='font-size:16px;'>1<\/strong> - <a href='\/es\/wp-json\/wp\/v2\/pages\/2036?paged=2'>2<\/a> <a href='\/es\/wp-json\/wp\/v2\/pages\/2036?paged=2' title='P\u00e1gina siguiente'>&raquo;<\/a> <a href='\/es\/wp-json\/wp\/v2\/pages\/2036?paged=2' title='\u00daltima p\u00e1gina'>&raquo;&raquo;<\/a><\/div><br><br><small>Desarrollado con el <a target='blank_' href='https:\/\/auditour.eu\/plugin-diccionario\/'>Plugin Diccionario<\/a> de <a target='blank_' href='https:\/\/auditour.eu\/mantenimiento-web-wordpress-profesional-por-solo-1250e-mes\/'>WordPress<\/a><\/small>\n<\/div><div class=\"fusion-clearfix\"><\/div><\/div><\/div><\/div><\/div><div class=\"fusion-fullwidth fullwidth-box fusion-builder-row-2 has-pattern-background has-mask-background nonhundred-percent-fullwidth non-hundred-percent-height-scrolling\" style=\"--awb-border-radius-top-left:0px;--awb-border-radius-top-right:0px;--awb-border-radius-bottom-right:0px;--awb-border-radius-bottom-left:0px;--awb-padding-top:20px;--awb-padding-bottom:32px;--awb-margin-top:48px;--awb-margin-bottom:32px;--awb-flex-wrap:wrap;\" ><div class=\"fusion-builder-row fusion-row\"><div class=\"fusion-layout-column fusion_builder_column fusion-builder-column-1 fusion_builder_column_1_2 1_2 fusion-one-half fusion-column-first fusion-column-inner-bg-wrapper\" style=\"--awb-padding-top:20px;--awb-padding-right:20px;--awb-padding-bottom:20px;--awb-padding-left:60px;--awb-inner-bg-color:#f4d0c2;--awb-inner-bg-color-hover:#f4d0c2;--awb-inner-bg-size:cover;width:50%;width:calc(50% - ( ( 4% ) * 0.5 ) );margin-right: 4%;\" data-scroll-devices=\"small-visibility,medium-visibility,large-visibility\"><span class=\"fusion-column-inner-bg hover-type-none\"><a class=\"fusion-column-anchor\" href=\"https:\/\/www.idermic.es\/es\/financiacion\/\"><span class=\"fusion-column-inner-bg-image\"><\/span><\/a><\/span><div class=\"fusion-column-wrapper fusion-column-has-shadow fusion-flex-column-wrapper-legacy\"><div style=\"text-align:center; max-width: 100%; width: calc(100% - 40px); margin: 0 auto;\">\n  <p style=\"color:white;margin:0;padding:15px 15px 0 15px;background-color:#ddbcb0;font-family:Montserrat;font-size:20px;font-weight:500;letter-spacing:2px;line-height:30px;\">\n    FINAN\u00c7AMENT 0% INTER\u00c8S\n  <\/p>\n  <p style=\"color:white;margin:0;padding:0 15px 15px 15px;background-color:#ddbcb0;font-family:Open Sans;font-size:12px;font-weight:500;letter-spacing:2px;line-height:30px;\">\n    LLEGIR M\u00c9S +\n  <\/p>\n<\/div><div class=\"fusion-clearfix\"><\/div><\/div><\/div><div class=\"fusion-layout-column fusion_builder_column fusion-builder-column-2 fusion_builder_column_1_2 1_2 fusion-one-half fusion-column-last fusion-column-inner-bg-wrapper\" style=\"--awb-padding-top:20px;--awb-padding-right:20px;--awb-padding-bottom:20px;--awb-padding-left:60px;--awb-inner-bg-color:#f4d0c2;--awb-inner-bg-color-hover:#f4d0c2;--awb-inner-bg-size:cover;width:50%;width:calc(50% - ( ( 4% ) * 0.5 ) );\" data-scroll-devices=\"small-visibility,medium-visibility,large-visibility\"><span class=\"fusion-column-inner-bg hover-type-none\"><a class=\"fusion-column-anchor\" href=\"https:\/\/www.idermic.es\/es\/preguntas-frecuentes\/\"><span class=\"fusion-column-inner-bg-image\"><\/span><\/a><\/span><div class=\"fusion-column-wrapper fusion-column-has-shadow fusion-flex-column-wrapper-legacy\"><div style=\"text-align:center; max-width: 100%; width: calc(100% - 40px); margin: 0 auto;\">\n  <p style=\"color:white;margin:0;padding:15px 15px 0 15px;background-color:#ddbcb0;font-family:Montserrat;font-size:20px;font-weight:500;letter-spacing:2px;line-height:30px;\">\n    PREGUNTES FREQ\u00dcENTS \n  <\/p>\n  <p style=\"color:white;margin:0;padding:0 15px 15px 15px;background-color:#ddbcb0;font-family:Open Sans;font-size:12px;font-weight:500;letter-spacing:2px;line-height:30px;\">\n    LLEGIR M\u00c9S +\n  <\/p>\n<\/div><div class=\"fusion-clearfix\"><\/div><\/div><\/div><\/div><\/div>\n<\/p>\n","protected":false},"excerpt":{"rendered":"","protected":false},"author":1,"featured_media":0,"parent":0,"menu_order":0,"comment_status":"closed","ping_status":"closed","template":"","meta":{"_joinchat":[],"footnotes":""},"class_list":["post-2036","page","type-page","status-publish","hentry"],"yoast_head":"<!-- This site is optimized with the Yoast SEO plugin v28.4 - https:\/\/yoast.com\/product\/yoast-seo-wordpress\/ -->\n<title>Fotos de antes y despu\u00e9s en medicina est\u00e9tica - Idermic. Dermatolog\u00eda en Terrassa<\/title>\n<meta name=\"robots\" content=\"index, follow, max-snippet:-1, max-image-preview:large, max-video-preview:-1\" \/>\n<link rel=\"canonical\" href=\"https:\/\/www.idermic.es\/es\/fotos-de-antes-y-despues-en-medicina-estetica\/\" \/>\n<meta property=\"og:locale\" content=\"es_ES\" \/>\n<meta property=\"og:type\" content=\"article\" \/>\n<meta property=\"og:title\" content=\"Fotos de antes y despu\u00e9s en medicina est\u00e9tica - Idermic. Dermatolog\u00eda en Terrassa\" \/>\n<meta property=\"og:url\" content=\"https:\/\/www.idermic.es\/es\/fotos-de-antes-y-despues-en-medicina-estetica\/\" \/>\n<meta property=\"og:site_name\" content=\"Idermic. Dermatolog\u00eda en Terrassa\" \/>\n<meta property=\"article:publisher\" content=\"https:\/\/www.facebook.com\/Idermic\" \/>\n<meta property=\"article:modified_time\" content=\"2025-07-17T09:45:23+00:00\" \/>\n<meta name=\"twitter:card\" content=\"summary_large_image\" \/>\n<meta name=\"twitter:site\" content=\"@idermic\" \/>\n<meta name=\"twitter:label1\" content=\"Tiempo de lectura\" \/>\n\t<meta name=\"twitter:data1\" content=\"1 minuto\" \/>\n<script type=\"application\/ld+json\" class=\"yoast-schema-graph\">{\"@context\":\"https:\\\/\\\/schema.org\",\"@graph\":[{\"@type\":\"WebPage\",\"@id\":\"https:\\\/\\\/www.idermic.es\\\/es\\\/fotos-de-antes-y-despues-en-medicina-estetica\\\/\",\"url\":\"https:\\\/\\\/www.idermic.es\\\/es\\\/fotos-de-antes-y-despues-en-medicina-estetica\\\/\",\"name\":\"Fotos de antes y despu\u00e9s en medicina est\u00e9tica - Idermic. Dermatolog\u00eda en Terrassa\",\"isPartOf\":{\"@id\":\"https:\\\/\\\/www.idermic.es\\\/#website\"},\"datePublished\":\"2019-11-23T09:39:47+00:00\",\"dateModified\":\"2025-07-17T09:45:23+00:00\",\"breadcrumb\":{\"@id\":\"https:\\\/\\\/www.idermic.es\\\/es\\\/fotos-de-antes-y-despues-en-medicina-estetica\\\/#breadcrumb\"},\"inLanguage\":\"es\",\"potentialAction\":[{\"@type\":\"ReadAction\",\"target\":[\"https:\\\/\\\/www.idermic.es\\\/es\\\/fotos-de-antes-y-despues-en-medicina-estetica\\\/\"]}]},{\"@type\":\"BreadcrumbList\",\"@id\":\"https:\\\/\\\/www.idermic.es\\\/es\\\/fotos-de-antes-y-despues-en-medicina-estetica\\\/#breadcrumb\",\"itemListElement\":[{\"@type\":\"ListItem\",\"position\":1,\"name\":\"Inici\",\"item\":\"https:\\\/\\\/www.idermic.es\\\/es\\\/\"},{\"@type\":\"ListItem\",\"position\":2,\"name\":\"Fotos de antes y despu\u00e9s en medicina est\u00e9tica\"}]},{\"@type\":\"WebSite\",\"@id\":\"https:\\\/\\\/www.idermic.es\\\/#website\",\"url\":\"https:\\\/\\\/www.idermic.es\\\/\",\"name\":\"Idermic. Dermatolog\u00eda en Terrassa\",\"description\":\"Dermatolog\u00eda, Medicina est\u00e9tica, Cirurg\u00eda Pl\u00e0stica\",\"publisher\":{\"@id\":\"https:\\\/\\\/www.idermic.es\\\/#organization\"},\"potentialAction\":[{\"@type\":\"SearchAction\",\"target\":{\"@type\":\"EntryPoint\",\"urlTemplate\":\"https:\\\/\\\/www.idermic.es\\\/?s={search_term_string}\"},\"query-input\":{\"@type\":\"PropertyValueSpecification\",\"valueRequired\":true,\"valueName\":\"search_term_string\"}}],\"inLanguage\":\"es\"},{\"@type\":\"Organization\",\"@id\":\"https:\\\/\\\/www.idermic.es\\\/#organization\",\"name\":\"Idermic. Dermatolog\u00eda en Terrassa\",\"url\":\"https:\\\/\\\/www.idermic.es\\\/\",\"logo\":{\"@type\":\"ImageObject\",\"inLanguage\":\"es\",\"@id\":\"https:\\\/\\\/www.idermic.es\\\/#\\\/schema\\\/logo\\\/image\\\/\",\"url\":\"https:\\\/\\\/www.idermic.es\\\/wp-content\\\/uploads\\\/2025\\\/10\\\/Logo-Idermic.jpg\",\"contentUrl\":\"https:\\\/\\\/www.idermic.es\\\/wp-content\\\/uploads\\\/2025\\\/10\\\/Logo-Idermic.jpg\",\"width\":501,\"height\":502,\"caption\":\"Idermic. Dermatolog\u00eda en Terrassa\"},\"image\":{\"@id\":\"https:\\\/\\\/www.idermic.es\\\/#\\\/schema\\\/logo\\\/image\\\/\"},\"sameAs\":[\"https:\\\/\\\/www.facebook.com\\\/Idermic\",\"https:\\\/\\\/x.com\\\/idermic\",\"https:\\\/\\\/www.instagram.com\\\/idermicclinic\\\/\",\"https:\\\/\\\/www.youtube.com\\\/channel\\\/UCyAHC9-p8lc6hr_nguO8p_g\"]}]}<\/script>\n<!-- \/ Yoast SEO plugin. -->","yoast_head_json":{"title":"Fotos de antes y despu\u00e9s en medicina est\u00e9tica - Idermic. Dermatolog\u00eda en Terrassa","robots":{"index":"index","follow":"follow","max-snippet":"max-snippet:-1","max-image-preview":"max-image-preview:large","max-video-preview":"max-video-preview:-1"},"canonical":"https:\/\/www.idermic.es\/es\/fotos-de-antes-y-despues-en-medicina-estetica\/","og_locale":"es_ES","og_type":"article","og_title":"Fotos de antes y despu\u00e9s en medicina est\u00e9tica - Idermic. Dermatolog\u00eda en Terrassa","og_url":"https:\/\/www.idermic.es\/es\/fotos-de-antes-y-despues-en-medicina-estetica\/","og_site_name":"Idermic. Dermatolog\u00eda en Terrassa","article_publisher":"https:\/\/www.facebook.com\/Idermic","article_modified_time":"2025-07-17T09:45:23+00:00","twitter_card":"summary_large_image","twitter_site":"@idermic","twitter_misc":{"Tiempo de lectura":"1 minuto"},"schema":{"@context":"https:\/\/schema.org","@graph":[{"@type":"WebPage","@id":"https:\/\/www.idermic.es\/es\/fotos-de-antes-y-despues-en-medicina-estetica\/","url":"https:\/\/www.idermic.es\/es\/fotos-de-antes-y-despues-en-medicina-estetica\/","name":"Fotos de antes y despu\u00e9s en medicina est\u00e9tica - Idermic. Dermatolog\u00eda en Terrassa","isPartOf":{"@id":"https:\/\/www.idermic.es\/#website"},"datePublished":"2019-11-23T09:39:47+00:00","dateModified":"2025-07-17T09:45:23+00:00","breadcrumb":{"@id":"https:\/\/www.idermic.es\/es\/fotos-de-antes-y-despues-en-medicina-estetica\/#breadcrumb"},"inLanguage":"es","potentialAction":[{"@type":"ReadAction","target":["https:\/\/www.idermic.es\/es\/fotos-de-antes-y-despues-en-medicina-estetica\/"]}]},{"@type":"BreadcrumbList","@id":"https:\/\/www.idermic.es\/es\/fotos-de-antes-y-despues-en-medicina-estetica\/#breadcrumb","itemListElement":[{"@type":"ListItem","position":1,"name":"Inici","item":"https:\/\/www.idermic.es\/es\/"},{"@type":"ListItem","position":2,"name":"Fotos de antes y despu\u00e9s en medicina est\u00e9tica"}]},{"@type":"WebSite","@id":"https:\/\/www.idermic.es\/#website","url":"https:\/\/www.idermic.es\/","name":"Idermic. Dermatolog\u00eda en Terrassa","description":"Dermatolog\u00eda, Medicina est\u00e9tica, Cirurg\u00eda Pl\u00e0stica","publisher":{"@id":"https:\/\/www.idermic.es\/#organization"},"potentialAction":[{"@type":"SearchAction","target":{"@type":"EntryPoint","urlTemplate":"https:\/\/www.idermic.es\/?s={search_term_string}"},"query-input":{"@type":"PropertyValueSpecification","valueRequired":true,"valueName":"search_term_string"}}],"inLanguage":"es"},{"@type":"Organization","@id":"https:\/\/www.idermic.es\/#organization","name":"Idermic. Dermatolog\u00eda en Terrassa","url":"https:\/\/www.idermic.es\/","logo":{"@type":"ImageObject","inLanguage":"es","@id":"https:\/\/www.idermic.es\/#\/schema\/logo\/image\/","url":"https:\/\/www.idermic.es\/wp-content\/uploads\/2025\/10\/Logo-Idermic.jpg","contentUrl":"https:\/\/www.idermic.es\/wp-content\/uploads\/2025\/10\/Logo-Idermic.jpg","width":501,"height":502,"caption":"Idermic. Dermatolog\u00eda en Terrassa"},"image":{"@id":"https:\/\/www.idermic.es\/#\/schema\/logo\/image\/"},"sameAs":["https:\/\/www.facebook.com\/Idermic","https:\/\/x.com\/idermic","https:\/\/www.instagram.com\/idermicclinic\/","https:\/\/www.youtube.com\/channel\/UCyAHC9-p8lc6hr_nguO8p_g"]}]}},"_links":{"self":[{"href":"https:\/\/www.idermic.es\/es\/wp-json\/wp\/v2\/pages\/2036","targetHints":{"allow":["GET"]}}],"collection":[{"href":"https:\/\/www.idermic.es\/es\/wp-json\/wp\/v2\/pages"}],"about":[{"href":"https:\/\/www.idermic.es\/es\/wp-json\/wp\/v2\/types\/page"}],"author":[{"embeddable":true,"href":"https:\/\/www.idermic.es\/es\/wp-json\/wp\/v2\/users\/1"}],"replies":[{"embeddable":true,"href":"https:\/\/www.idermic.es\/es\/wp-json\/wp\/v2\/comments?post=2036"}],"version-history":[{"count":0,"href":"https:\/\/www.idermic.es\/es\/wp-json\/wp\/v2\/pages\/2036\/revisions"}],"wp:attachment":[{"href":"https:\/\/www.idermic.es\/es\/wp-json\/wp\/v2\/media?parent=2036"}],"curies":[{"name":"wp","href":"https:\/\/api.w.org\/{rel}","templated":true}]}}