{"id":1350,"date":"2017-02-01T13:13:46","date_gmt":"2017-02-01T13:13:46","guid":{"rendered":"http:\/\/www.idermic.es\/home\/"},"modified":"2026-02-07T11:05:49","modified_gmt":"2026-02-07T11:05:49","slug":"home","status":"publish","type":"page","link":"https:\/\/www.idermic.es\/es\/","title":{"rendered":"Idermic &#8211; Dermatolog\u00eda i Cirug\u00eda Pl\u00e1stica"},"content":{"rendered":"<p><div class=\"fusion-fullwidth fullwidth-box fusion-builder-row-1 hundred-percent-fullwidth non-hundred-percent-height-scrolling\" style=\"--awb-border-radius-top-left:0px;--awb-border-radius-top-right:0px;--awb-border-radius-bottom-right:0px;--awb-border-radius-bottom-left:0px;--awb-padding-top:0px;--awb-padding-right:0px;--awb-padding-left:0px;--awb-flex-wrap:wrap;\" ><div class=\"fusion-builder-row fusion-row\"><div class=\"fusion-layout-column fusion_builder_column fusion-builder-column-0 fusion_builder_column_1_2 1_2 fusion-one-half fusion-column-first\" style=\"--awb-padding-top:0px;--awb-padding-right:0px;--awb-padding-bottom:0px;--awb-padding-left:0px;--awb-bg-size:cover;width:50%;width:calc(50% - ( ( 0 ) * 0.5 ) );margin-right: 0px;\"><div class=\"fusion-column-wrapper fusion-flex-column-wrapper-legacy\">\n<div class=\"fusion-slider-revolution rev_slider_wrapper\">\t\t\t<!-- START portada_idermic_es2 REVOLUTION SLIDER 6.7.39 --><p class=\"rs-p-wp-fix\"><\/p>\n\t\t\t<rs-module-wrap id=\"rev_slider_89_1_wrapper\" data-source=\"gallery\" style=\"visibility:hidden;background:transparent;padding:0;margin:0px auto;margin-top:0;margin-bottom:0;\">\n\t\t\t\t<rs-module id=\"rev_slider_89_1\" style=\"\" data-version=\"6.7.39\">\n\t\t\t\t\t<rs-slides style=\"overflow: hidden; position: absolute;\">\n\t\t\t\t\t\t<rs-slide style=\"position: absolute;\" data-key=\"rs-251\" data-title=\"Slide\" data-link=\"\/\/www.idermic.es\/clinica-idermic-terrassa\/\" data-tag=\"l\" data-target=\"_self\" data-seoz=\"front\" data-anim=\"adpr:false;\">\n\t\t\t\t\t\t\t<img decoding=\"async\" src=\"\/\/www.idermic.es\/wp-content\/plugins\/revslider\/sr6\/assets\/assets\/dummy.png\" alt=\"\" title=\"Idermic &#8211; Dermatolog\u00eda i Cirug\u00eda Pl\u00e1stica\" class=\"rev-slidebg tp-rs-img rs-lazyload\" data-lazyload=\"\/\/www.idermic.es\/wp-content\/uploads\/2026\/01\/600X600_2home1.jpg\" data-no-retina>\n<!--\n\t\t\t\t\t\t\t--><p\n\t\t\t\t\t\t\t\tid=\"slider-89-slide-251-layer-2\" \n\t\t\t\t\t\t\t\tclass=\"rs-layer\"\n\t\t\t\t\t\t\t\tdata-type=\"text\"\n\t\t\t\t\t\t\t\tdata-rsp_ch=\"on\"\n\t\t\t\t\t\t\t\tdata-xy=\"xo:99px,99px,99px,102px;yo:661px,661px,661px,657px;\"\n\t\t\t\t\t\t\t\tdata-text=\"s:30,30,30,50;l:22;ls:2px,2px,2px,0;fw:300,300,300,500;a:inherit;\"\n\t\t\t\t\t\t\t\tdata-frame_0=\"tp:600;\"\n\t\t\t\t\t\t\t\tdata-frame_1=\"tp:600;st:0;sp:12000;\"\n\t\t\t\t\t\t\t\tdata-frame_999=\"o:0;tp:600;st:8999.9984741211;sp:299.934;sR:-3000.0015258789;\"\n\t\t\t\t\t\t\t\tstyle=\"z-index:5;font-family:'Montserrat';\"\n\t\t\t\t\t\t\t>IDERMIC \n\t\t\t\t\t\t\t<\/p><!--\n\n\t\t\t\t\t\t\t--><rs-layer\n\t\t\t\t\t\t\t\tid=\"slider-89-slide-251-layer-4\" \n\t\t\t\t\t\t\t\tdata-type=\"text\"\n\t\t\t\t\t\t\t\tdata-rsp_ch=\"on\"\n\t\t\t\t\t\t\t\tdata-xy=\"xo:102px,102px,102px,100px;yo:784px,784px,784px,835px;\"\n\t\t\t\t\t\t\t\tdata-text=\"s:18,18,18,25;l:22;ls:2px,2px,2px,0;fw:400,500,500,500;a:inherit;\"\n\t\t\t\t\t\t\t\tdata-frame_0=\"tp:600;\"\n\t\t\t\t\t\t\t\tdata-frame_1=\"tp:600;st:-2999.9998474121;sp:12000;sR:-2999.9998474121;\"\n\t\t\t\t\t\t\t\tdata-frame_999=\"o:0;tp:600;st:8999.9984741211;sp:299.934;sR:-0.001678466796875;\"\n\t\t\t\t\t\t\t\tstyle=\"z-index:6;font-family:'Montserrat';\"\n\t\t\t\t\t\t\t>LEER + \n\t\t\t\t\t\t\t<\/rs-layer><!--\n\n\t\t\t\t\t\t\t--><rs-layer\n\t\t\t\t\t\t\t\tid=\"slider-89-slide-251-layer-7\" \n\t\t\t\t\t\t\t\tdata-type=\"text\"\n\t\t\t\t\t\t\t\tdata-rsp_ch=\"on\"\n\t\t\t\t\t\t\t\tdata-xy=\"xo:100px,100px,100px,103px;yo:703px,703px,703px,719px;\"\n\t\t\t\t\t\t\t\tdata-text=\"s:20,20,20,30;l:26,26,26,35;ls:1px;a:inherit;\"\n\t\t\t\t\t\t\t\tdata-dim=\"w:346px;h:73px;\"\n\t\t\t\t\t\t\t\tdata-frame_0=\"tp:600;\"\n\t\t\t\t\t\t\t\tdata-frame_1=\"tp:600;st:-2999.9998474121;sp:12000;sR:-2999.9998474121;\"\n\t\t\t\t\t\t\t\tdata-frame_999=\"o:0;tp:600;st:8999.9984741211;sp:299.934;sR:-0.001678466796875;\"\n\t\t\t\t\t\t\t\tstyle=\"z-index:7;font-family:'Montserrat';\"\n\t\t\t\t\t\t\t>Equipados con la m\u00e1s moderna tecnolog\u00eda para <br>tratar y cuidar la salud y belleza de tu piel. \n\t\t\t\t\t\t\t<\/rs-layer><!--\n\n\t\t\t\t\t\t\t--><p\n\t\t\t\t\t\t\t\tid=\"slider-89-slide-251-layer-11\" \n\t\t\t\t\t\t\t\tclass=\"rs-layer\"\n\t\t\t\t\t\t\t\tdata-type=\"image\"\n\t\t\t\t\t\t\t\tdata-rsp_ch=\"on\"\n\t\t\t\t\t\t\t\tdata-xy=\"xo:103px;yo:613px;\"\n\t\t\t\t\t\t\t\tdata-text=\"l:22;a:inherit;\"\n\t\t\t\t\t\t\t\tdata-dim=\"w:[&#039;110px&#039;,&#039;110px&#039;,&#039;110px&#039;,&#039;110px&#039;];h:[&#039;30px&#039;,&#039;30px&#039;,&#039;30px&#039;,&#039;30px&#039;];\"\n\t\t\t\t\t\t\t\tdata-frame_0=\"tp:600;\"\n\t\t\t\t\t\t\t\tdata-frame_1=\"tp:600;st:0;sp:12000;\"\n\t\t\t\t\t\t\t\tdata-frame_999=\"o:0;tp:600;st:8999.9984741211;sp:299.934;sR:-3000.0015258789;\"\n\t\t\t\t\t\t\t\tstyle=\"z-index:8;\"\n\t\t\t\t\t\t\t><img decoding=\"async\" src=\"\/\/www.idermic.es\/wp-content\/plugins\/revslider\/sr6\/assets\/assets\/dummy.png\" alt=\"\" class=\"tp-rs-img rs-lazyload\" width=\"110\" height=\"30\" data-lazyload=\"\/\/www.idermic.es\/wp-content\/uploads\/2019\/01\/line-1.png\" data-no-retina> \n\t\t\t\t\t\t\t<\/p><!--\n-->\t\t\t\t\t<\/rs-slide>\n\t\t\t\t\t<\/rs-slides>\n\t\t\t\t<\/rs-module>\n\t\t\t\t<script>\n\t\t\t\t\tsetREVStartSize({c: 'rev_slider_89_1',rl:[1240,1024,778,480],el:[],gw:[1024,1024,1024,1024],gh:[1024,1024,1024,1024],type:'standard',justify:'',layout:'fullwidth',mh:\"0\"});if (window.RS_MODULES!==undefined && window.RS_MODULES.modules!==undefined && window.RS_MODULES.modules[\"revslider891\"]!==undefined) {window.RS_MODULES.modules[\"revslider891\"].once = false;window.revapi89 = undefined;if (window.RS_MODULES.checkMinimal!==undefined) window.RS_MODULES.checkMinimal()}\n\t\t\t\t<\/script>\n\t\t\t<\/rs-module-wrap>\n\t\t\t<!-- END REVOLUTION SLIDER -->\n<\/div><div class=\"fusion-clearfix\"><\/div><\/div><\/div><div class=\"fusion-layout-column fusion_builder_column fusion-builder-column-1 fusion_builder_column_1_2 1_2 fusion-one-half fusion-column-last\" style=\"--awb-padding-top:0px;--awb-padding-right:0px;--awb-padding-bottom:0px;--awb-padding-left:0px;--awb-bg-size:cover;width:50%;width:calc(50% - ( ( 0 ) * 0.5 ) );\"><div class=\"fusion-column-wrapper fusion-flex-column-wrapper-legacy\">\n<div class=\"fusion-slider-revolution rev_slider_wrapper\">\t\t\t<!-- START portada_dermatologia_estetica_es2 REVOLUTION SLIDER 6.7.39 --><p class=\"rs-p-wp-fix\"><\/p>\n\t\t\t<rs-module-wrap id=\"rev_slider_88_2_wrapper\" data-source=\"gallery\" style=\"visibility:hidden;background:transparent;padding:0;margin:0px auto;margin-top:0;margin-bottom:0;\">\n\t\t\t\t<rs-module id=\"rev_slider_88_2\" style=\"\" data-version=\"6.7.39\">\n\t\t\t\t\t<rs-slides style=\"overflow: hidden; position: absolute;\">\n\t\t\t\t\t\t<rs-slide style=\"position: absolute;\" data-key=\"rs-249\" data-title=\"Slide\" data-link=\"\/\/www.idermic.es\/dermatologia-estetica\/\" data-tag=\"l\" data-target=\"_self\" data-seoz=\"front\" data-anim=\"adpr:false;\">\n\t\t\t\t\t\t\t<img decoding=\"async\" src=\"\/\/www.idermic.es\/wp-content\/plugins\/revslider\/sr6\/assets\/assets\/dummy.png\" alt=\"\" title=\"Idermic &#8211; Dermatolog\u00eda i Cirug\u00eda Pl\u00e1stica\" class=\"rev-slidebg tp-rs-img rs-lazyload\" data-lazyload=\"\/\/www.idermic.es\/wp-content\/uploads\/2026\/02\/600X600_2home-ES2-1.jpg\" data-no-retina>\n<!---->\t\t\t\t\t<\/rs-slide>\n\t\t\t\t\t<\/rs-slides>\n\t\t\t\t<\/rs-module>\n\t\t\t\t<script>\n\t\t\t\t\tsetREVStartSize({c: 'rev_slider_88_2',rl:[1240,1024,778,480],el:[],gw:[1024,1024,1024,1024],gh:[1024,1024,1024,1024],type:'standard',justify:'',layout:'fullwidth',mh:\"0\"});if (window.RS_MODULES!==undefined && window.RS_MODULES.modules!==undefined && window.RS_MODULES.modules[\"revslider882\"]!==undefined) {window.RS_MODULES.modules[\"revslider882\"].once = false;window.revapi88 = undefined;if (window.RS_MODULES.checkMinimal!==undefined) window.RS_MODULES.checkMinimal()}\n\t\t\t\t<\/script>\n\t\t\t<\/rs-module-wrap>\n\t\t\t<!-- END REVOLUTION SLIDER -->\n<\/div><div class=\"fusion-clearfix\"><\/div><\/div><\/div><div class=\"fusion-layout-column fusion_builder_column fusion-builder-column-2 fusion_builder_column_1_3 1_3 fusion-one-third fusion-column-first\" style=\"--awb-padding-top:0px;--awb-padding-right:0px;--awb-padding-bottom:0px;--awb-padding-left:0px;--awb-bg-size:cover;width:33.333333333333%;width:calc(33.333333333333% - ( ( 0 + 0 ) * 0.33333333333333 ) );margin-right: 0px;\"><div class=\"fusion-column-wrapper fusion-flex-column-wrapper-legacy\">\n<div class=\"fusion-slider-revolution rev_slider_wrapper\">\t\t\t<!-- START portada_cirurgia_plastica_ca REVOLUTION SLIDER 6.7.39 --><p class=\"rs-p-wp-fix\"><\/p>\n\t\t\t<rs-module-wrap id=\"rev_slider_4_3_wrapper\" data-source=\"gallery\" style=\"visibility:hidden;background:transparent;padding:0;margin:0px auto;margin-top:0;margin-bottom:0;\">\n\t\t\t\t<rs-module id=\"rev_slider_4_3\" style=\"\" data-version=\"6.7.39\">\n\t\t\t\t\t<rs-slides style=\"overflow: hidden; position: absolute;\">\n\t\t\t\t\t\t<rs-slide style=\"position: absolute;\" data-key=\"rs-86\" data-title=\"Slide\" data-link=\"\/\/www.idermic.es\/es\/cirurgia-plastica\/\" data-tag=\"l\" data-target=\"_self\" data-seoz=\"front\" data-anim=\"adpr:false;\">\n\t\t\t\t\t\t\t<img decoding=\"async\" src=\"\/\/www.idermic.es\/wp-content\/plugins\/revslider\/sr6\/assets\/assets\/dummy.png\" alt=\"Cl\u00ednica de cirug\u00eda pl\u00e1stica Idermic de Terrassa\" title=\"Cirug\u00eda pl\u00e1stica Terrassa.\" width=\"683\" height=\"881\" class=\"rev-slidebg tp-rs-img rs-lazyload\" data-lazyload=\"\/\/www.idermic.es\/wp-content\/uploads\/2019\/04\/cirurgia_plastica_idermic_terrassa.jpg\" data-no-retina>\n<!--\n\t\t\t\t\t\t\t--><rs-layer\n\t\t\t\t\t\t\t\tid=\"slider-4-slide-86-layer-2\" \n\t\t\t\t\t\t\t\tdata-type=\"text\"\n\t\t\t\t\t\t\t\tdata-rsp_ch=\"on\"\n\t\t\t\t\t\t\t\tdata-xy=\"xo:99px,99px,99px,756px;yo:701px,701px,701px,606px;\"\n\t\t\t\t\t\t\t\tdata-text=\"s:30,30,30,50;l:22,22,22,60;ls:2px,2px,2px,0;fw:300,300,300,500;a:inherit;\"\n\t\t\t\t\t\t\t\tdata-dim=\"w:auto,auto,auto,456px;h:auto,auto,auto,23px;\"\n\t\t\t\t\t\t\t\tdata-vbility=\"t,t,t,f\"\n\t\t\t\t\t\t\t\tdata-frame_0=\"tp:600;\"\n\t\t\t\t\t\t\t\tdata-frame_1=\"tp:600;sp:2000;sR:10;\"\n\t\t\t\t\t\t\t\tdata-frame_999=\"o:0;tp:600;st:w;sR:6990;\"\n\t\t\t\t\t\t\t\tstyle=\"z-index:5;font-family:'Montserrat';\"\n\t\t\t\t\t\t\t>CIRUG\u00cdA PL\u00c1STICA \n\t\t\t\t\t\t\t<\/rs-layer><!--\n\n\t\t\t\t\t\t\t--><rs-layer\n\t\t\t\t\t\t\t\tid=\"slider-4-slide-86-layer-4\" \n\t\t\t\t\t\t\t\tdata-type=\"text\"\n\t\t\t\t\t\t\t\tdata-rsp_ch=\"on\"\n\t\t\t\t\t\t\t\tdata-xy=\"xo:102px,102px,100px,101px;yo:767px,767px,767px,766px;\"\n\t\t\t\t\t\t\t\tdata-text=\"s:18,18,18,25;l:22;ls:2px,2px,2px,0;fw:400,500,500,500;a:inherit;\"\n\t\t\t\t\t\t\t\tdata-frame_0=\"tp:600;\"\n\t\t\t\t\t\t\t\tdata-frame_1=\"tp:600;sR:10;\"\n\t\t\t\t\t\t\t\tdata-frame_999=\"o:0;tp:600;st:w;sR:8690;\"\n\t\t\t\t\t\t\t\tstyle=\"z-index:6;font-family:'Montserrat';\"\n\t\t\t\t\t\t\t>LEER + \n\t\t\t\t\t\t\t<\/rs-layer><!--\n\n\t\t\t\t\t\t\t--><rs-layer\n\t\t\t\t\t\t\t\tid=\"slider-4-slide-86-layer-11\" \n\t\t\t\t\t\t\t\tdata-type=\"image\"\n\t\t\t\t\t\t\t\tdata-rsp_ch=\"on\"\n\t\t\t\t\t\t\t\tdata-xy=\"xo:103px;yo:663px,663px,663px,593px;\"\n\t\t\t\t\t\t\t\tdata-text=\"l:22;a:inherit;\"\n\t\t\t\t\t\t\t\tdata-dim=\"w:[&#039;110&#039;,&#039;110&#039;,&#039;110&#039;,&#039;110&#039;];h:[&#039;30&#039;,&#039;30&#039;,&#039;30&#039;,&#039;30&#039;];\"\n\t\t\t\t\t\t\t\tdata-frame_0=\"tp:600;\"\n\t\t\t\t\t\t\t\tdata-frame_1=\"tp:600;sR:10;\"\n\t\t\t\t\t\t\t\tdata-frame_999=\"o:0;tp:600;st:w;sR:8690;\"\n\t\t\t\t\t\t\t\tstyle=\"z-index:7;\"\n\t\t\t\t\t\t\t><img decoding=\"async\" src=\"\/\/www.idermic.es\/wp-content\/plugins\/revslider\/sr6\/assets\/assets\/dummy.png\" alt=\"\" class=\"tp-rs-img rs-lazyload\" width=\"110\" height=\"30\" data-lazyload=\"\/\/www.idermic.es\/wp-content\/uploads\/2019\/01\/line-1.png\" data-no-retina> \n\t\t\t\t\t\t\t<\/rs-layer><!--\n\n\t\t\t\t\t\t\t--><rs-layer\n\t\t\t\t\t\t\t\tid=\"slider-4-slide-86-layer-13\" \n\t\t\t\t\t\t\t\tdata-type=\"text\"\n\t\t\t\t\t\t\t\tdata-rsp_ch=\"on\"\n\t\t\t\t\t\t\t\tdata-xy=\"xo:109px,109px,109px,100px;yo:683px,683px,683px,620px;\"\n\t\t\t\t\t\t\t\tdata-text=\"s:20,20,20,50;l:22,22,22,60;fw:400,400,400,500;a:inherit;\"\n\t\t\t\t\t\t\t\tdata-vbility=\"f,f,f,t\"\n\t\t\t\t\t\t\t\tdata-frame_0=\"tp:600;\"\n\t\t\t\t\t\t\t\tdata-frame_1=\"tp:600;st:0;\"\n\t\t\t\t\t\t\t\tdata-frame_999=\"o:0;tp:600;st:w;sR:8700;\"\n\t\t\t\t\t\t\t\tstyle=\"z-index:8;font-family:'Montserrat';\"\n\t\t\t\t\t\t\t>CIRUG\u00cdA <BR> PL\u00c1STICA \n\t\t\t\t\t\t\t<\/rs-layer><!--\n-->\t\t\t\t\t<\/rs-slide>\n\t\t\t\t\t<\/rs-slides>\n\t\t\t\t<\/rs-module>\n\t\t\t\t<script>\n\t\t\t\t\tsetREVStartSize({c: 'rev_slider_4_3',rl:[1240,1024,778,480],el:[],gw:[684,684,684,684],gh:[885,885,885,885],type:'standard',justify:'',layout:'fullwidth',mh:\"0\"});if (window.RS_MODULES!==undefined && window.RS_MODULES.modules!==undefined && window.RS_MODULES.modules[\"revslider43\"]!==undefined) {window.RS_MODULES.modules[\"revslider43\"].once = false;window.revapi4 = undefined;if (window.RS_MODULES.checkMinimal!==undefined) window.RS_MODULES.checkMinimal()}\n\t\t\t\t<\/script>\n\t\t\t<\/rs-module-wrap>\n\t\t\t<!-- END REVOLUTION SLIDER -->\n<\/div><div class=\"fusion-clearfix\"><\/div><\/div><\/div><div class=\"fusion-layout-column fusion_builder_column fusion-builder-column-3 fusion_builder_column_1_3 1_3 fusion-one-third\" style=\"--awb-padding-top:0px;--awb-padding-right:0px;--awb-padding-bottom:0px;--awb-padding-left:0px;--awb-bg-size:cover;width:33.333333333333%;width:calc(33.333333333333% - ( ( 0 + 0 ) * 0.33333333333333 ) );margin-right: 0px;\"><div class=\"fusion-column-wrapper fusion-flex-column-wrapper-legacy\">\n<div class=\"fusion-slider-revolution rev_slider_wrapper\">\t\t\t<!-- START portada_dermatologia_clinica_ca REVOLUTION SLIDER 6.7.39 --><p class=\"rs-p-wp-fix\"><\/p>\n\t\t\t<rs-module-wrap id=\"rev_slider_5_4_wrapper\" data-source=\"gallery\" style=\"visibility:hidden;background:transparent;padding:0;margin:0px auto;margin-top:0;margin-bottom:0;\">\n\t\t\t\t<rs-module id=\"rev_slider_5_4\" style=\"\" data-version=\"6.7.39\">\n\t\t\t\t\t<rs-slides style=\"overflow: hidden; position: absolute;\">\n\t\t\t\t\t\t<rs-slide style=\"position: absolute;\" data-key=\"rs-88\" data-title=\"Slide\" data-link=\"\/\/www.idermic.es\/es\/dermatologia-clinica\/\" data-tag=\"l\" data-target=\"_self\" data-seoz=\"front\" data-anim=\"adpr:false;\">\n\t\t\t\t\t\t\t<img decoding=\"async\" src=\"\/\/www.idermic.es\/wp-content\/plugins\/revslider\/sr6\/assets\/assets\/dummy.png\" alt=\"Dermatolog\u00eda cl\u00ednica para hombres. Idermic Terrassa\" title=\"Dermatolog\u00eda cl\u00ednica. Idermic Terrassa\" width=\"683\" height=\"881\" class=\"rev-slidebg tp-rs-img rs-lazyload\" data-lazyload=\"\/\/www.idermic.es\/wp-content\/uploads\/2019\/04\/dermatologia_clinica_idermic_terrassa.jpg\" data-no-retina>\n<!--\n\t\t\t\t\t\t\t--><rs-layer\n\t\t\t\t\t\t\t\tid=\"slider-5-slide-88-layer-2\" \n\t\t\t\t\t\t\t\tdata-type=\"text\"\n\t\t\t\t\t\t\t\tdata-rsp_ch=\"on\"\n\t\t\t\t\t\t\t\tdata-xy=\"xo:99px,99px,99px,756px;yo:701px,701px,701px,606px;\"\n\t\t\t\t\t\t\t\tdata-text=\"s:30,30,30,50;l:30,30,30,60;ls:2px,2px,2px,0;fw:300,300,300,500;a:inherit;\"\n\t\t\t\t\t\t\t\tdata-dim=\"w:auto,auto,auto,456px;h:auto,auto,auto,23px;\"\n\t\t\t\t\t\t\t\tdata-vbility=\"t,t,t,f\"\n\t\t\t\t\t\t\t\tdata-frame_0=\"tp:600;\"\n\t\t\t\t\t\t\t\tdata-frame_1=\"tp:600;sp:2000;sR:10;\"\n\t\t\t\t\t\t\t\tdata-frame_999=\"o:0;tp:600;st:w;sR:6990;\"\n\t\t\t\t\t\t\t\tstyle=\"z-index:5;font-family:'Montserrat';\"\n\t\t\t\t\t\t\t>DERMATOLOG\u00cdA <BR>CL\u00cdNICA \n\t\t\t\t\t\t\t<\/rs-layer><!--\n\n\t\t\t\t\t\t\t--><rs-layer\n\t\t\t\t\t\t\t\tid=\"slider-5-slide-88-layer-4\" \n\t\t\t\t\t\t\t\tdata-type=\"text\"\n\t\t\t\t\t\t\t\tdata-rsp_ch=\"on\"\n\t\t\t\t\t\t\t\tdata-xy=\"xo:102px,102px,99px,101px;yo:797px,797px,797px,766px;\"\n\t\t\t\t\t\t\t\tdata-text=\"s:18,18,18,25;l:22;ls:2px,2px,2px,0;fw:400,500,500,500;a:inherit;\"\n\t\t\t\t\t\t\t\tdata-frame_0=\"tp:600;\"\n\t\t\t\t\t\t\t\tdata-frame_1=\"tp:600;sR:10;\"\n\t\t\t\t\t\t\t\tdata-frame_999=\"o:0;tp:600;st:w;sR:8690;\"\n\t\t\t\t\t\t\t\tstyle=\"z-index:6;font-family:'Montserrat';\"\n\t\t\t\t\t\t\t>LEER + \n\t\t\t\t\t\t\t<\/rs-layer><!--\n\n\t\t\t\t\t\t\t--><rs-layer\n\t\t\t\t\t\t\t\tid=\"slider-5-slide-88-layer-11\" \n\t\t\t\t\t\t\t\tdata-type=\"image\"\n\t\t\t\t\t\t\t\tdata-rsp_ch=\"on\"\n\t\t\t\t\t\t\t\tdata-xy=\"xo:103px;yo:663px,663px,663px,593px;\"\n\t\t\t\t\t\t\t\tdata-text=\"l:22;a:inherit;\"\n\t\t\t\t\t\t\t\tdata-dim=\"w:[&#039;110&#039;,&#039;110&#039;,&#039;110&#039;,&#039;110&#039;];h:[&#039;30&#039;,&#039;30&#039;,&#039;30&#039;,&#039;30&#039;];\"\n\t\t\t\t\t\t\t\tdata-frame_0=\"tp:600;\"\n\t\t\t\t\t\t\t\tdata-frame_1=\"tp:600;sR:10;\"\n\t\t\t\t\t\t\t\tdata-frame_999=\"o:0;tp:600;st:w;sR:8690;\"\n\t\t\t\t\t\t\t\tstyle=\"z-index:7;\"\n\t\t\t\t\t\t\t><img decoding=\"async\" src=\"\/\/www.idermic.es\/wp-content\/plugins\/revslider\/sr6\/assets\/assets\/dummy.png\" alt=\"\" class=\"tp-rs-img rs-lazyload\" width=\"110\" height=\"30\" data-lazyload=\"\/\/www.idermic.es\/wp-content\/uploads\/2019\/01\/line-1.png\" data-no-retina> \n\t\t\t\t\t\t\t<\/rs-layer><!--\n\n\t\t\t\t\t\t\t--><rs-layer\n\t\t\t\t\t\t\t\tid=\"slider-5-slide-88-layer-13\" \n\t\t\t\t\t\t\t\tdata-type=\"text\"\n\t\t\t\t\t\t\t\tdata-rsp_ch=\"on\"\n\t\t\t\t\t\t\t\tdata-xy=\"xo:109px,109px,109px,100px;yo:683px,683px,683px,620px;\"\n\t\t\t\t\t\t\t\tdata-text=\"s:20,20,20,50;l:22,22,22,60;fw:400,400,400,500;a:inherit;\"\n\t\t\t\t\t\t\t\tdata-vbility=\"f,f,f,t\"\n\t\t\t\t\t\t\t\tdata-frame_0=\"tp:600;\"\n\t\t\t\t\t\t\t\tdata-frame_1=\"tp:600;st:0;\"\n\t\t\t\t\t\t\t\tdata-frame_999=\"o:0;tp:600;st:w;sR:8700;\"\n\t\t\t\t\t\t\t\tstyle=\"z-index:8;font-family:'Montserrat';\"\n\t\t\t\t\t\t\t>DERMATOLOG\u00cdA<BR> CL\u00cdNICA \n\t\t\t\t\t\t\t<\/rs-layer><!--\n-->\t\t\t\t\t<\/rs-slide>\n\t\t\t\t\t<\/rs-slides>\n\t\t\t\t<\/rs-module>\n\t\t\t\t<script>\n\t\t\t\t\tsetREVStartSize({c: 'rev_slider_5_4',rl:[1240,1024,778,480],el:[],gw:[684,684,684,684],gh:[885,885,885,885],type:'standard',justify:'',layout:'fullwidth',mh:\"0\"});if (window.RS_MODULES!==undefined && window.RS_MODULES.modules!==undefined && window.RS_MODULES.modules[\"revslider54\"]!==undefined) {window.RS_MODULES.modules[\"revslider54\"].once = false;window.revapi5 = undefined;if (window.RS_MODULES.checkMinimal!==undefined) window.RS_MODULES.checkMinimal()}\n\t\t\t\t<\/script>\n\t\t\t<\/rs-module-wrap>\n\t\t\t<!-- END REVOLUTION SLIDER -->\n<\/div><div class=\"fusion-clearfix\"><\/div><\/div><\/div><div class=\"fusion-layout-column fusion_builder_column fusion-builder-column-4 fusion_builder_column_1_3 1_3 fusion-one-third fusion-column-last\" style=\"--awb-padding-top:0px;--awb-padding-right:0px;--awb-padding-bottom:0px;--awb-padding-left:0px;--awb-bg-size:cover;width:33.333333333333%;width:calc(33.333333333333% - ( ( 0 + 0 ) * 0.33333333333333 ) );\"><div class=\"fusion-column-wrapper fusion-flex-column-wrapper-legacy\">\n<div class=\"fusion-slider-revolution rev_slider_wrapper\">\t\t\t<!-- START portada_que_nos_distingue_es REVOLUTION SLIDER 6.7.39 --><p class=\"rs-p-wp-fix\"><\/p>\n\t\t\t<rs-module-wrap id=\"rev_slider_87_5_wrapper\" data-source=\"gallery\" style=\"visibility:hidden;background:transparent;padding:0;margin:0px auto;margin-top:0;margin-bottom:0;\">\n\t\t\t\t<rs-module id=\"rev_slider_87_5\" style=\"\" data-version=\"6.7.39\">\n\t\t\t\t\t<rs-slides style=\"overflow: hidden; position: absolute;\">\n\t\t\t\t\t\t<rs-slide style=\"position: absolute;\" data-key=\"rs-245\" data-title=\"Slide\" data-link=\"\/\/www.idermic.es\/es\/clinica-idermic-terrassa\/\" data-tag=\"l\" data-target=\"_self\" data-seoz=\"front\" data-anim=\"adpr:false;\">\n\t\t\t\t\t\t\t<img decoding=\"async\" src=\"\/\/www.idermic.es\/wp-content\/plugins\/revslider\/sr6\/assets\/assets\/dummy.png\" alt=\"\" title=\"Idermic &#8211; Dermatolog\u00eda i Cirug\u00eda Pl\u00e1stica\" class=\"rev-slidebg tp-rs-img rs-lazyload\" data-lazyload=\"\/\/www.idermic.es\/wp-content\/uploads\/2026\/01\/idermic.jpg\" data-no-retina>\n<!--\n\t\t\t\t\t\t\t--><rs-layer\n\t\t\t\t\t\t\t\tid=\"slider-87-slide-245-layer-2\" \n\t\t\t\t\t\t\t\tdata-type=\"text\"\n\t\t\t\t\t\t\t\tdata-rsp_ch=\"on\"\n\t\t\t\t\t\t\t\tdata-xy=\"xo:99px,99px,99px,756px;yo:231px,231px,231px,606px;\"\n\t\t\t\t\t\t\t\tdata-text=\"s:30,30,30,50;l:30,30,30,60;ls:2px,2px,2px,0;fw:300,300,300,500;a:inherit;\"\n\t\t\t\t\t\t\t\tdata-dim=\"w:auto,auto,auto,456px;h:auto,auto,auto,23px;\"\n\t\t\t\t\t\t\t\tdata-vbility=\"t,t,t,f\"\n\t\t\t\t\t\t\t\tdata-frame_0=\"tp:600;\"\n\t\t\t\t\t\t\t\tdata-frame_1=\"tp:600;st:9.9203491210938;sp:2000;sR:9.9203491210938;\"\n\t\t\t\t\t\t\t\tdata-frame_999=\"o:0;tp:600;st:8999.9984741211;sp:299.934;sR:6990.078125;\"\n\t\t\t\t\t\t\t\tstyle=\"z-index:5;font-family:'Montserrat';\"\n\t\t\t\t\t\t\t>QU\u00c9 NOS DISTINGUE \n\t\t\t\t\t\t\t<\/rs-layer><!--\n\n\t\t\t\t\t\t\t--><rs-layer\n\t\t\t\t\t\t\t\tid=\"slider-87-slide-245-layer-4\" \n\t\t\t\t\t\t\t\tdata-type=\"text\"\n\t\t\t\t\t\t\t\tdata-rsp_ch=\"on\"\n\t\t\t\t\t\t\t\tdata-xy=\"xo:101px,102px,98px,101px;yo:297px,297px,297px,372px;\"\n\t\t\t\t\t\t\t\tdata-text=\"s:18,18,18,25;l:22;ls:2px,2px,2px,0;fw:400,500,500,500;a:inherit;\"\n\t\t\t\t\t\t\t\tdata-frame_0=\"tp:600;\"\n\t\t\t\t\t\t\t\tdata-frame_1=\"tp:600;st:9.9203491210938;sp:299.934;sR:9.9203491210938;\"\n\t\t\t\t\t\t\t\tdata-frame_999=\"o:0;tp:600;st:8999.9984741211;sp:299.934;sR:8690.144125;\"\n\t\t\t\t\t\t\t\tstyle=\"z-index:6;font-family:'Montserrat';\"\n\t\t\t\t\t\t\t>LEER + \n\t\t\t\t\t\t\t<\/rs-layer><!--\n\n\t\t\t\t\t\t\t--><rs-layer\n\t\t\t\t\t\t\t\tid=\"slider-87-slide-245-layer-11\" \n\t\t\t\t\t\t\t\tdata-type=\"image\"\n\t\t\t\t\t\t\t\tdata-rsp_ch=\"on\"\n\t\t\t\t\t\t\t\tdata-xy=\"xo:103px;yo:193px;\"\n\t\t\t\t\t\t\t\tdata-text=\"l:22,22,22,22;a:inherit;\"\n\t\t\t\t\t\t\t\tdata-dim=\"w:110,110,110,110px;h:30,30,30,30px;\"\n\t\t\t\t\t\t\t\tdata-frame_0=\"tp:600;\"\n\t\t\t\t\t\t\t\tdata-frame_1=\"tp:600;st:9.9203491210938;sp:299.934;sR:9.9203491210938;\"\n\t\t\t\t\t\t\t\tdata-frame_999=\"o:0;tp:600;st:8999.9984741211;sp:299.934;sR:8690.144125;\"\n\t\t\t\t\t\t\t\tstyle=\"z-index:7;\"\n\t\t\t\t\t\t\t><img decoding=\"async\" src=\"\/\/www.idermic.es\/wp-content\/plugins\/revslider\/sr6\/assets\/assets\/dummy.png\" alt=\"\" class=\"tp-rs-img rs-lazyload\" width=\"110\" height=\"30\" data-lazyload=\"\/\/www.idermic.es\/wp-content\/uploads\/2019\/01\/line-1.png\" data-no-retina> \n\t\t\t\t\t\t\t<\/rs-layer><!--\n\n\t\t\t\t\t\t\t--><rs-layer\n\t\t\t\t\t\t\t\tid=\"slider-87-slide-245-layer-13\" \n\t\t\t\t\t\t\t\tdata-type=\"text\"\n\t\t\t\t\t\t\t\tdata-rsp_ch=\"on\"\n\t\t\t\t\t\t\t\tdata-xy=\"xo:109px,109px,109px,100px;yo:213px,683px,683px,214px;\"\n\t\t\t\t\t\t\t\tdata-text=\"s:20,20,20,50;l:22,22,22,60;fw:400,400,400,500;a:inherit;\"\n\t\t\t\t\t\t\t\tdata-vbility=\"f,f,f,t\"\n\t\t\t\t\t\t\t\tdata-frame_0=\"tp:600;\"\n\t\t\t\t\t\t\t\tdata-frame_1=\"tp:600;st:9.9203491210938;sp:299.934;sR:9.9203491210938;\"\n\t\t\t\t\t\t\t\tdata-frame_999=\"o:0;tp:600;st:8999.9984741211;sp:299.934;sR:8690.144125;\"\n\t\t\t\t\t\t\t\tstyle=\"z-index:8;font-family:'Montserrat';\"\n\t\t\t\t\t\t\t>\nQu\u00e9 nos distingue \n\t\t\t\t\t\t\t<\/rs-layer><!--\n-->\t\t\t\t\t<\/rs-slide>\n\t\t\t\t\t<\/rs-slides>\n\t\t\t\t<\/rs-module>\n\t\t\t\t<script>\n\t\t\t\t\tsetREVStartSize({c: 'rev_slider_87_5',rl:[1240,1024,778,480],el:[],gw:[684,684,684,684],gh:[885,885,885,885],type:'standard',justify:'',layout:'fullwidth',mh:\"0\"});if (window.RS_MODULES!==undefined && window.RS_MODULES.modules!==undefined && window.RS_MODULES.modules[\"revslider875\"]!==undefined) {window.RS_MODULES.modules[\"revslider875\"].once = false;window.revapi87 = undefined;if (window.RS_MODULES.checkMinimal!==undefined) window.RS_MODULES.checkMinimal()}\n\t\t\t\t<\/script>\n\t\t\t<\/rs-module-wrap>\n\t\t\t<!-- END REVOLUTION SLIDER -->\n<\/div><div class=\"fusion-clearfix\"><\/div><\/div><\/div><\/div><\/div><div class=\"fusion-fullwidth fullwidth-box fusion-builder-row-2 fusion-flex-container has-pattern-background has-mask-background nonhundred-percent-fullwidth non-hundred-percent-height-scrolling\" style=\"--awb-border-radius-top-left:0px;--awb-border-radius-top-right:0px;--awb-border-radius-bottom-right:0px;--awb-border-radius-bottom-left:0px;--awb-flex-wrap:wrap;\" ><div class=\"fusion-builder-row fusion-row fusion-flex-align-items-flex-start fusion-flex-content-wrap\" style=\"max-width:1227.2px;margin-left: calc(-4% \/ 2 );margin-right: calc(-4% \/ 2 );\"><div class=\"fusion-layout-column fusion_builder_column fusion-builder-column-5 fusion_builder_column_1_1 1_1 fusion-flex-column\" style=\"--awb-bg-size:cover;--awb-width-large:100%;--awb-margin-top-large:0px;--awb-spacing-right-large:1.92%;--awb-margin-bottom-large:0px;--awb-spacing-left-large:1.92%;--awb-width-medium:100%;--awb-order-medium:0;--awb-spacing-right-medium:1.92%;--awb-spacing-left-medium:1.92%;--awb-width-small:100%;--awb-order-small:0;--awb-spacing-right-small:1.92%;--awb-spacing-left-small:1.92%;\"><div class=\"fusion-column-wrapper fusion-column-has-shadow fusion-flex-justify-content-flex-start fusion-content-layout-column\"><div class=\"fusion-image-element \" style=\"text-align:center;--awb-caption-title-font-family:var(--h2_typography-font-family);--awb-caption-title-font-weight:var(--h2_typography-font-weight);--awb-caption-title-font-style:var(--h2_typography-font-style);--awb-caption-title-size:var(--h2_typography-font-size);--awb-caption-title-transform:var(--h2_typography-text-transform);--awb-caption-title-line-height:var(--h2_typography-line-height);--awb-caption-title-letter-spacing:var(--h2_typography-letter-spacing);\"><span class=\" fusion-imageframe imageframe-none imageframe-1 hover-type-none\"><a class=\"fusion-no-lightbox\" href=\"https:\/\/www.idermic.es\/es\/contacto\/\" target=\"_self\" aria-label=\"solicitar_visita ES\"><img decoding=\"async\" width=\"600\" height=\"440\" alt=\"Solicitar visita en Idermic\" src=\"https:\/\/www.idermic.es\/wp-content\/uploads\/2026\/02\/solicitar_visita-ES.jpg\" class=\"img-responsive wp-image-9292\" srcset=\"https:\/\/www.idermic.es\/wp-content\/uploads\/2026\/02\/solicitar_visita-ES-200x147.jpg 200w, https:\/\/www.idermic.es\/wp-content\/uploads\/2026\/02\/solicitar_visita-ES-400x293.jpg 400w, https:\/\/www.idermic.es\/wp-content\/uploads\/2026\/02\/solicitar_visita-ES.jpg 600w\" sizes=\"(max-width: 1024px) 100vw, (max-width: 640px) 100vw, 600px\" \/><\/a><\/span><\/div><\/div><\/div><\/div><\/div><div class=\"fusion-fullwidth fullwidth-box fusion-builder-row-3 nonhundred-percent-fullwidth non-hundred-percent-height-scrolling\" style=\"--awb-border-radius-top-left:0px;--awb-border-radius-top-right:0px;--awb-border-radius-bottom-right:0px;--awb-border-radius-bottom-left:0px;--awb-flex-wrap:wrap;\" ><div class=\"fusion-builder-row fusion-row\"><div class=\"fusion-layout-column fusion_builder_column fusion-builder-column-6 fusion_builder_column_1_1 1_1 fusion-one-full fusion-column-first fusion-column-last\" style=\"--awb-bg-size:cover;\"><div class=\"fusion-column-wrapper fusion-flex-column-wrapper-legacy\"><div class=\"fusion-text fusion-text-1\"><p style=\"text-align: center;\">Idermic, tu dermat\u00f3logo en Terrassa. Contenidos destacados: <a href=\"https:\/\/www.idermic.es\/es\/fotos-de-antes-y-despues-en-medicina-estetica\/\">Medicina est\u00e9tica antes y despues<\/a>, <a href=\"https:\/\/www.idermic.es\/es\/rejuvenecimiento-facial\/\">Rejuvenecimiento facial<\/a>, <a href=\"https:\/\/www.idermic.es\/es\/dermatologia_clinica\/enfermedades-transmision-sexual\/\">Enfermedades de transmisi\u00f3n sexual (ETS)<\/a>, <a href=\"https:\/\/www.idermic.es\/es\/tratamientos-en-dermatologia\/\">Tratamientos de Dermatolog\u00eda<\/a>.<\/p>\n<\/div><div class=\"fusion-clearfix\"><\/div><\/div><\/div><\/div><\/div><\/p>\n","protected":false},"excerpt":{"rendered":"","protected":false},"author":1,"featured_media":0,"parent":0,"menu_order":0,"comment_status":"closed","ping_status":"open","template":"100-width.php","meta":{"_joinchat":[],"footnotes":""},"class_list":["post-1350","page","type-page","status-publish","hentry"],"yoast_head":"<!-- This site is optimized with the Yoast SEO plugin v28.4 - https:\/\/yoast.com\/product\/yoast-seo-wordpress\/ -->\n<title>Dermat\u00f3logo Terrassa - Idermic - Dermatolog\u00eda i Cirug\u00eda Pl\u00e1stica<\/title>\n<meta name=\"description\" content=\"Idermic cl\u00ednica en Terrassa dermatolog\u00eda, cirug\u00eda pl\u00e1stica y est\u00e9tica que se ocupa del cuidado integral de la piel y de la imagen corporal.\" \/>\n<meta name=\"robots\" content=\"index, follow, max-snippet:-1, max-image-preview:large, max-video-preview:-1\" \/>\n<link rel=\"canonical\" href=\"https:\/\/www.idermic.es\/es\/\" \/>\n<meta property=\"og:locale\" content=\"es_ES\" \/>\n<meta property=\"og:type\" content=\"article\" \/>\n<meta property=\"og:title\" content=\"Idermic - Dermatolog\u00eda i Ciurg\u00eda Pl\u00e1stica\" \/>\n<meta property=\"og:description\" content=\"Centro m\u00e9dico especializado en dermatolog\u00eda, cirug\u00eda pl\u00e1stica, reparadora y est\u00e9tica que se ocupa del cuidado integral de la piel y de la imagen corporal.\" \/>\n<meta property=\"og:url\" content=\"https:\/\/www.idermic.es\/es\/\" \/>\n<meta property=\"og:site_name\" content=\"Idermic. Dermatolog\u00eda en Terrassa\" \/>\n<meta property=\"article:publisher\" content=\"https:\/\/www.facebook.com\/Idermic\" \/>\n<meta property=\"article:modified_time\" content=\"2026-02-07T11:05:49+00:00\" \/>\n<meta property=\"og:image\" content=\"https:\/\/www.idermic.es\/wp-content\/uploads\/2019\/01\/idermic-dermatoloia-cirurgia-plastica-terrassa-2.jpg\" \/>\n\t<meta property=\"og:image:width\" content=\"2047\" \/>\n\t<meta property=\"og:image:height\" content=\"1024\" \/>\n\t<meta property=\"og:image:type\" content=\"image\/jpeg\" \/>\n<meta name=\"twitter:card\" content=\"summary_large_image\" \/>\n<meta name=\"twitter:site\" content=\"@idermic\" \/>\n<meta name=\"twitter:label1\" content=\"Tiempo de lectura\" \/>\n\t<meta name=\"twitter:data1\" content=\"3 minutos\" \/>\n<script type=\"application\/ld+json\" class=\"yoast-schema-graph\">{\"@context\":\"https:\\\/\\\/schema.org\",\"@graph\":[{\"@type\":\"WebPage\",\"@id\":\"https:\\\/\\\/www.idermic.es\\\/es\\\/\",\"url\":\"https:\\\/\\\/www.idermic.es\\\/es\\\/\",\"name\":\"Dermat\u00f3logo Terrassa - Idermic - Dermatolog\u00eda i Cirug\u00eda Pl\u00e1stica\",\"isPartOf\":{\"@id\":\"https:\\\/\\\/www.idermic.es\\\/#website\"},\"datePublished\":\"2017-02-01T13:13:46+00:00\",\"dateModified\":\"2026-02-07T11:05:49+00:00\",\"description\":\"Idermic cl\u00ednica en Terrassa dermatolog\u00eda, cirug\u00eda pl\u00e1stica y est\u00e9tica que se ocupa del cuidado integral de la piel y de la imagen corporal.\",\"breadcrumb\":{\"@id\":\"https:\\\/\\\/www.idermic.es\\\/es\\\/#breadcrumb\"},\"inLanguage\":\"es\",\"potentialAction\":[{\"@type\":\"ReadAction\",\"target\":[\"https:\\\/\\\/www.idermic.es\\\/es\\\/\"]}]},{\"@type\":\"BreadcrumbList\",\"@id\":\"https:\\\/\\\/www.idermic.es\\\/es\\\/#breadcrumb\",\"itemListElement\":[{\"@type\":\"ListItem\",\"position\":1,\"name\":\"Inici\",\"item\":\"https:\\\/\\\/www.idermic.es\\\/es\\\/\"},{\"@type\":\"ListItem\",\"position\":2,\"name\":\"Idermic &#8211; Dermatolog\u00eda i Cirug\u00eda Pl\u00e1stica\"}]},{\"@type\":\"WebSite\",\"@id\":\"https:\\\/\\\/www.idermic.es\\\/#website\",\"url\":\"https:\\\/\\\/www.idermic.es\\\/\",\"name\":\"Idermic. Dermatolog\u00eda en Terrassa\",\"description\":\"Dermatolog\u00eda, Medicina est\u00e9tica, Cirurg\u00eda Pl\u00e0stica\",\"publisher\":{\"@id\":\"https:\\\/\\\/www.idermic.es\\\/#organization\"},\"potentialAction\":[{\"@type\":\"SearchAction\",\"target\":{\"@type\":\"EntryPoint\",\"urlTemplate\":\"https:\\\/\\\/www.idermic.es\\\/?s={search_term_string}\"},\"query-input\":{\"@type\":\"PropertyValueSpecification\",\"valueRequired\":true,\"valueName\":\"search_term_string\"}}],\"inLanguage\":\"es\"},{\"@type\":\"Organization\",\"@id\":\"https:\\\/\\\/www.idermic.es\\\/#organization\",\"name\":\"Idermic. Dermatolog\u00eda en Terrassa\",\"url\":\"https:\\\/\\\/www.idermic.es\\\/\",\"logo\":{\"@type\":\"ImageObject\",\"inLanguage\":\"es\",\"@id\":\"https:\\\/\\\/www.idermic.es\\\/#\\\/schema\\\/logo\\\/image\\\/\",\"url\":\"https:\\\/\\\/www.idermic.es\\\/wp-content\\\/uploads\\\/2025\\\/10\\\/Logo-Idermic.jpg\",\"contentUrl\":\"https:\\\/\\\/www.idermic.es\\\/wp-content\\\/uploads\\\/2025\\\/10\\\/Logo-Idermic.jpg\",\"width\":501,\"height\":502,\"caption\":\"Idermic. Dermatolog\u00eda en Terrassa\"},\"image\":{\"@id\":\"https:\\\/\\\/www.idermic.es\\\/#\\\/schema\\\/logo\\\/image\\\/\"},\"sameAs\":[\"https:\\\/\\\/www.facebook.com\\\/Idermic\",\"https:\\\/\\\/x.com\\\/idermic\",\"https:\\\/\\\/www.instagram.com\\\/idermicclinic\\\/\",\"https:\\\/\\\/www.youtube.com\\\/channel\\\/UCyAHC9-p8lc6hr_nguO8p_g\"]}]}<\/script>\n<!-- \/ Yoast SEO plugin. -->","yoast_head_json":{"title":"Dermat\u00f3logo Terrassa - Idermic - Dermatolog\u00eda i Cirug\u00eda Pl\u00e1stica","description":"Idermic cl\u00ednica en Terrassa dermatolog\u00eda, cirug\u00eda pl\u00e1stica y est\u00e9tica que se ocupa del cuidado integral de la piel y de la imagen corporal.","robots":{"index":"index","follow":"follow","max-snippet":"max-snippet:-1","max-image-preview":"max-image-preview:large","max-video-preview":"max-video-preview:-1"},"canonical":"https:\/\/www.idermic.es\/es\/","og_locale":"es_ES","og_type":"article","og_title":"Idermic - Dermatolog\u00eda i Ciurg\u00eda Pl\u00e1stica","og_description":"Centro m\u00e9dico especializado en dermatolog\u00eda, cirug\u00eda pl\u00e1stica, reparadora y est\u00e9tica que se ocupa del cuidado integral de la piel y de la imagen corporal.","og_url":"https:\/\/www.idermic.es\/es\/","og_site_name":"Idermic. Dermatolog\u00eda en Terrassa","article_publisher":"https:\/\/www.facebook.com\/Idermic","article_modified_time":"2026-02-07T11:05:49+00:00","og_image":[{"width":2047,"height":1024,"url":"https:\/\/www.idermic.es\/wp-content\/uploads\/2019\/01\/idermic-dermatoloia-cirurgia-plastica-terrassa-2.jpg","type":"image\/jpeg"}],"twitter_card":"summary_large_image","twitter_site":"@idermic","twitter_misc":{"Tiempo de lectura":"3 minutos"},"schema":{"@context":"https:\/\/schema.org","@graph":[{"@type":"WebPage","@id":"https:\/\/www.idermic.es\/es\/","url":"https:\/\/www.idermic.es\/es\/","name":"Dermat\u00f3logo Terrassa - Idermic - Dermatolog\u00eda i Cirug\u00eda Pl\u00e1stica","isPartOf":{"@id":"https:\/\/www.idermic.es\/#website"},"datePublished":"2017-02-01T13:13:46+00:00","dateModified":"2026-02-07T11:05:49+00:00","description":"Idermic cl\u00ednica en Terrassa dermatolog\u00eda, cirug\u00eda pl\u00e1stica y est\u00e9tica que se ocupa del cuidado integral de la piel y de la imagen corporal.","breadcrumb":{"@id":"https:\/\/www.idermic.es\/es\/#breadcrumb"},"inLanguage":"es","potentialAction":[{"@type":"ReadAction","target":["https:\/\/www.idermic.es\/es\/"]}]},{"@type":"BreadcrumbList","@id":"https:\/\/www.idermic.es\/es\/#breadcrumb","itemListElement":[{"@type":"ListItem","position":1,"name":"Inici","item":"https:\/\/www.idermic.es\/es\/"},{"@type":"ListItem","position":2,"name":"Idermic &#8211; Dermatolog\u00eda i Cirug\u00eda Pl\u00e1stica"}]},{"@type":"WebSite","@id":"https:\/\/www.idermic.es\/#website","url":"https:\/\/www.idermic.es\/","name":"Idermic. Dermatolog\u00eda en Terrassa","description":"Dermatolog\u00eda, Medicina est\u00e9tica, Cirurg\u00eda Pl\u00e0stica","publisher":{"@id":"https:\/\/www.idermic.es\/#organization"},"potentialAction":[{"@type":"SearchAction","target":{"@type":"EntryPoint","urlTemplate":"https:\/\/www.idermic.es\/?s={search_term_string}"},"query-input":{"@type":"PropertyValueSpecification","valueRequired":true,"valueName":"search_term_string"}}],"inLanguage":"es"},{"@type":"Organization","@id":"https:\/\/www.idermic.es\/#organization","name":"Idermic. Dermatolog\u00eda en Terrassa","url":"https:\/\/www.idermic.es\/","logo":{"@type":"ImageObject","inLanguage":"es","@id":"https:\/\/www.idermic.es\/#\/schema\/logo\/image\/","url":"https:\/\/www.idermic.es\/wp-content\/uploads\/2025\/10\/Logo-Idermic.jpg","contentUrl":"https:\/\/www.idermic.es\/wp-content\/uploads\/2025\/10\/Logo-Idermic.jpg","width":501,"height":502,"caption":"Idermic. Dermatolog\u00eda en Terrassa"},"image":{"@id":"https:\/\/www.idermic.es\/#\/schema\/logo\/image\/"},"sameAs":["https:\/\/www.facebook.com\/Idermic","https:\/\/x.com\/idermic","https:\/\/www.instagram.com\/idermicclinic\/","https:\/\/www.youtube.com\/channel\/UCyAHC9-p8lc6hr_nguO8p_g"]}]}},"_links":{"self":[{"href":"https:\/\/www.idermic.es\/es\/wp-json\/wp\/v2\/pages\/1350","targetHints":{"allow":["GET"]}}],"collection":[{"href":"https:\/\/www.idermic.es\/es\/wp-json\/wp\/v2\/pages"}],"about":[{"href":"https:\/\/www.idermic.es\/es\/wp-json\/wp\/v2\/types\/page"}],"author":[{"embeddable":true,"href":"https:\/\/www.idermic.es\/es\/wp-json\/wp\/v2\/users\/1"}],"replies":[{"embeddable":true,"href":"https:\/\/www.idermic.es\/es\/wp-json\/wp\/v2\/comments?post=1350"}],"version-history":[{"count":14,"href":"https:\/\/www.idermic.es\/es\/wp-json\/wp\/v2\/pages\/1350\/revisions"}],"predecessor-version":[{"id":9300,"href":"https:\/\/www.idermic.es\/es\/wp-json\/wp\/v2\/pages\/1350\/revisions\/9300"}],"wp:attachment":[{"href":"https:\/\/www.idermic.es\/es\/wp-json\/wp\/v2\/media?parent=1350"}],"curies":[{"name":"wp","href":"https:\/\/api.w.org\/{rel}","templated":true}]}}