{"id":1346,"date":"2019-01-25T08:39:43","date_gmt":"2019-01-25T08:39:43","guid":{"rendered":"http:\/\/www.idermic.es\/dermatologia-estetica\/"},"modified":"2026-01-21T10:37:24","modified_gmt":"2026-01-21T10:37:24","slug":"dermatologia-estetica","status":"publish","type":"page","link":"https:\/\/www.idermic.es\/es\/dermatologia-estetica\/","title":{"rendered":"Dermatolog\u00eda est\u00e9tica"},"content":{"rendered":"<p><div class=\"fusion-fullwidth fullwidth-box fusion-builder-row-1 nonhundred-percent-fullwidth non-hundred-percent-height-scrolling\" style=\"--awb-border-radius-top-left:0px;--awb-border-radius-top-right:0px;--awb-border-radius-bottom-right:0px;--awb-border-radius-bottom-left:0px;--awb-padding-top:25px;--awb-flex-wrap:wrap;\" ><div class=\"fusion-builder-row fusion-row\"><div class=\"fusion-layout-column fusion_builder_column fusion-builder-column-0 fusion_builder_column_1_1 1_1 fusion-one-full fusion-column-first fusion-column-last\" style=\"--awb-padding-bottom:40px;--awb-bg-size:cover;\"><div class=\"fusion-column-wrapper fusion-flex-column-wrapper-legacy\"><div class=\"fusion-text fusion-text-1\"><h1 style=\"text-align: center;\"><span style=\"color: #000000;\">DERMATOLOG\u00cdA EST\u00c9TICA<\/span><\/h1>\n<h5 style=\"text-align: center;\"><img decoding=\"async\" class=\"alignnone size-full wp-image-382 aligncenter\" src=\"https:\/\/www.idermic.es\/wp-content\/uploads\/2019\/01\/glass_green-1.jpg\" alt=\"\" width=\"115\" height=\"2\" srcset=\"https:\/\/www.idermic.es\/wp-content\/uploads\/2019\/01\/glass_green-1-66x2.jpg 66w, https:\/\/www.idermic.es\/wp-content\/uploads\/2019\/01\/glass_green-1.jpg 115w\" sizes=\"(max-width: 115px) 100vw, 115px\" \/><br \/>\nTRATAMIENTOS FACIALES<\/h5>\n<\/div><div class=\"fusion-clearfix\"><\/div><\/div><\/div><\/div><\/div><div class=\"fusion-fullwidth fullwidth-box fusion-builder-row-2 nonhundred-percent-fullwidth non-hundred-percent-height-scrolling custom-table-col\" style=\"--awb-border-radius-top-left:0px;--awb-border-radius-top-right:0px;--awb-border-radius-bottom-right:0px;--awb-border-radius-bottom-left:0px;--awb-padding-top:0px;--awb-flex-wrap:wrap;\" ><div class=\"fusion-builder-row fusion-row\"><div class=\"fusion-layout-column fusion_builder_column fusion-builder-column-1 fusion_builder_column_1_4 1_4 fusion-one-fourth fusion-column-first\" style=\"--awb-bg-size:cover;width:25%;width:calc(25% - ( ( 2% + 2% + 2% ) * 0.25 ) );margin-right: 2%;\"><div class=\"fusion-column-wrapper fusion-flex-column-wrapper-legacy\"><div class=\"fusion-image-element in-legacy-container\" style=\"--awb-caption-title-font-family:var(--h2_typography-font-family);--awb-caption-title-font-weight:var(--h2_typography-font-weight);--awb-caption-title-font-style:var(--h2_typography-font-style);--awb-caption-title-size:var(--h2_typography-font-size);--awb-caption-title-transform:var(--h2_typography-text-transform);--awb-caption-title-line-height:var(--h2_typography-line-height);--awb-caption-title-letter-spacing:var(--h2_typography-letter-spacing);\"><span class=\" fusion-imageframe imageframe-none imageframe-1 hover-type-zoomin\"><a class=\"fusion-no-lightbox\" href=\"https:\/\/www.idermic.es\/es\/dermatologia_estetic\/asesoramiento-personalizado-dermocosmetico\/\" target=\"_self\" aria-label=\"asesoramiento-personalizado-dermocosmetico-400&#215;400\"><img decoding=\"async\" width=\"400\" height=\"400\" alt=\"Asesoramiento personalizado dermocosm\u00e9tico. Cl\u00ednica Idermic\" src=\"https:\/\/www.idermic.es\/wp-content\/uploads\/2026\/01\/asesoramiento-personalizado-dermocosmetico-400x400-1.jpg\" class=\"img-responsive wp-image-9018\" srcset=\"https:\/\/www.idermic.es\/wp-content\/uploads\/2026\/01\/asesoramiento-personalizado-dermocosmetico-400x400-1-200x200.jpg 200w, https:\/\/www.idermic.es\/wp-content\/uploads\/2026\/01\/asesoramiento-personalizado-dermocosmetico-400x400-1.jpg 400w\" sizes=\"(max-width: 800px) 100vw, 400px\" \/><\/a><\/span><\/div><div class=\"fusion-clearfix\"><\/div><\/div><\/div><div class=\"fusion-layout-column fusion_builder_column fusion-builder-column-2 fusion_builder_column_1_4 1_4 fusion-one-fourth\" style=\"--awb-bg-size:cover;width:25%;width:calc(25% - ( ( 2% + 2% + 2% ) * 0.25 ) );margin-right: 2%;\"><div class=\"fusion-column-wrapper fusion-flex-column-wrapper-legacy\"><div class=\"fusion-image-element in-legacy-container\" style=\"--awb-caption-title-font-family:var(--h2_typography-font-family);--awb-caption-title-font-weight:var(--h2_typography-font-weight);--awb-caption-title-font-style:var(--h2_typography-font-style);--awb-caption-title-size:var(--h2_typography-font-size);--awb-caption-title-transform:var(--h2_typography-text-transform);--awb-caption-title-line-height:var(--h2_typography-line-height);--awb-caption-title-letter-spacing:var(--h2_typography-letter-spacing);\"><span class=\" fusion-imageframe imageframe-none imageframe-2 hover-type-zoomin\"><a class=\"fusion-no-lightbox\" href=\"https:\/\/www.idermic.es\/es\/dermatologia_estetic\/correccion-arrugas\/\" target=\"_self\" aria-label=\"correccion-de-arrugas-400&#215;400\"><img decoding=\"async\" width=\"400\" height=\"400\" alt=\"Correcci\u00f3n de arrugas. Cl\u00ednica Idermic\" src=\"https:\/\/www.idermic.es\/wp-content\/uploads\/2026\/01\/correccion-de-arrugas-400x400-1.jpg\" class=\"img-responsive wp-image-9026\" srcset=\"https:\/\/www.idermic.es\/wp-content\/uploads\/2026\/01\/correccion-de-arrugas-400x400-1-200x200.jpg 200w, https:\/\/www.idermic.es\/wp-content\/uploads\/2026\/01\/correccion-de-arrugas-400x400-1.jpg 400w\" sizes=\"(max-width: 800px) 100vw, 400px\" \/><\/a><\/span><\/div><div class=\"fusion-clearfix\"><\/div><\/div><\/div><div class=\"fusion-layout-column fusion_builder_column fusion-builder-column-3 fusion_builder_column_1_4 1_4 fusion-one-fourth\" style=\"--awb-bg-size:cover;width:25%;width:calc(25% - ( ( 2% + 2% + 2% ) * 0.25 ) );margin-right: 2%;\"><div class=\"fusion-column-wrapper fusion-flex-column-wrapper-legacy\"><div class=\"fusion-image-element in-legacy-container\" style=\"--awb-caption-title-font-family:var(--h2_typography-font-family);--awb-caption-title-font-weight:var(--h2_typography-font-weight);--awb-caption-title-font-style:var(--h2_typography-font-style);--awb-caption-title-size:var(--h2_typography-font-size);--awb-caption-title-transform:var(--h2_typography-text-transform);--awb-caption-title-line-height:var(--h2_typography-line-height);--awb-caption-title-letter-spacing:var(--h2_typography-letter-spacing);\"><span class=\" fusion-imageframe imageframe-none imageframe-3 hover-type-zoomin\"><a class=\"fusion-no-lightbox\" href=\"https:\/\/www.idermic.es\/es\/dermatologia_estetic\/tratamiento-ojeras\/\" target=\"_self\" aria-label=\"tratamiento-de-ojeras-400&#215;400\"><img decoding=\"async\" width=\"400\" height=\"400\" alt=\"Tratamiento de ojeras. Cl\u00ednica Idermic\" src=\"https:\/\/www.idermic.es\/wp-content\/uploads\/2026\/01\/tratamiento-de-ojeras-400x400-1.jpg\" class=\"img-responsive wp-image-9038\" srcset=\"https:\/\/www.idermic.es\/wp-content\/uploads\/2026\/01\/tratamiento-de-ojeras-400x400-1-200x200.jpg 200w, https:\/\/www.idermic.es\/wp-content\/uploads\/2026\/01\/tratamiento-de-ojeras-400x400-1.jpg 400w\" sizes=\"(max-width: 800px) 100vw, 400px\" \/><\/a><\/span><\/div><div class=\"fusion-clearfix\"><\/div><\/div><\/div><div class=\"fusion-layout-column fusion_builder_column fusion-builder-column-4 fusion_builder_column_1_4 1_4 fusion-one-fourth fusion-column-last\" style=\"--awb-bg-size:cover;width:25%;width:calc(25% - ( ( 2% + 2% + 2% ) * 0.25 ) );\"><div class=\"fusion-column-wrapper fusion-flex-column-wrapper-legacy\"><div class=\"fusion-image-element in-legacy-container\" style=\"--awb-caption-title-font-family:var(--h2_typography-font-family);--awb-caption-title-font-weight:var(--h2_typography-font-weight);--awb-caption-title-font-style:var(--h2_typography-font-style);--awb-caption-title-size:var(--h2_typography-font-size);--awb-caption-title-transform:var(--h2_typography-text-transform);--awb-caption-title-line-height:var(--h2_typography-line-height);--awb-caption-title-letter-spacing:var(--h2_typography-letter-spacing);\"><span class=\" fusion-imageframe imageframe-none imageframe-4 hover-type-zoomin\"><a class=\"fusion-no-lightbox\" href=\"https:\/\/www.idermic.es\/es\/dermatologia_estetic\/aumento-labios\/\" target=\"_self\" aria-label=\"aumento-de-labios-400&#215;400\"><img decoding=\"async\" width=\"400\" height=\"400\" alt=\"Aumento de labios. Cl\u00ednica Idermic\" src=\"https:\/\/www.idermic.es\/wp-content\/uploads\/2026\/01\/aumento-de-labios-400x400-1.jpg\" class=\"img-responsive wp-image-9020\" srcset=\"https:\/\/www.idermic.es\/wp-content\/uploads\/2026\/01\/aumento-de-labios-400x400-1-200x200.jpg 200w, https:\/\/www.idermic.es\/wp-content\/uploads\/2026\/01\/aumento-de-labios-400x400-1.jpg 400w\" sizes=\"(max-width: 800px) 100vw, 400px\" \/><\/a><\/span><\/div><div class=\"fusion-clearfix\"><\/div><\/div><\/div><\/div><\/div><div class=\"fusion-fullwidth fullwidth-box fusion-builder-row-3 nonhundred-percent-fullwidth non-hundred-percent-height-scrolling custom-table-col\" style=\"--awb-border-radius-top-left:0px;--awb-border-radius-top-right:0px;--awb-border-radius-bottom-right:0px;--awb-border-radius-bottom-left:0px;--awb-padding-top:25px;--awb-flex-wrap:wrap;\" ><div class=\"fusion-builder-row fusion-row\"><div class=\"fusion-layout-column fusion_builder_column fusion-builder-column-5 fusion_builder_column_1_4 1_4 fusion-one-fourth fusion-column-first\" style=\"--awb-bg-size:cover;width:25%;width:calc(25% - ( ( 2% + 2% + 2% ) * 0.25 ) );margin-right: 2%;\"><div class=\"fusion-column-wrapper fusion-flex-column-wrapper-legacy\"><div class=\"fusion-image-element in-legacy-container\" style=\"--awb-caption-title-font-family:var(--h2_typography-font-family);--awb-caption-title-font-weight:var(--h2_typography-font-weight);--awb-caption-title-font-style:var(--h2_typography-font-style);--awb-caption-title-size:var(--h2_typography-font-size);--awb-caption-title-transform:var(--h2_typography-text-transform);--awb-caption-title-line-height:var(--h2_typography-line-height);--awb-caption-title-letter-spacing:var(--h2_typography-letter-spacing);\"><span class=\" fusion-imageframe imageframe-none imageframe-5 hover-type-zoomin\"><a class=\"fusion-no-lightbox\" href=\"https:\/\/www.idermic.es\/es\/dermatologia_estetic\/aumento-pomulos\/\" target=\"_self\" aria-label=\"aumento-de-pomulos-400&#215;400\"><img decoding=\"async\" width=\"400\" height=\"400\" alt=\"Aumento de p\u00f3mulo. Cl\u00ednica Idermic\" src=\"https:\/\/www.idermic.es\/wp-content\/uploads\/2026\/01\/aumento-de-pomulos-400x400-1.jpg\" class=\"img-responsive wp-image-9024\" srcset=\"https:\/\/www.idermic.es\/wp-content\/uploads\/2026\/01\/aumento-de-pomulos-400x400-1-200x200.jpg 200w, https:\/\/www.idermic.es\/wp-content\/uploads\/2026\/01\/aumento-de-pomulos-400x400-1.jpg 400w\" sizes=\"(max-width: 800px) 100vw, 400px\" \/><\/a><\/span><\/div><div class=\"fusion-clearfix\"><\/div><\/div><\/div><div class=\"fusion-layout-column fusion_builder_column fusion-builder-column-6 fusion_builder_column_1_4 1_4 fusion-one-fourth\" style=\"--awb-bg-size:cover;width:25%;width:calc(25% - ( ( 2% + 2% + 2% ) * 0.25 ) );margin-right: 2%;\"><div class=\"fusion-column-wrapper fusion-flex-column-wrapper-legacy\"><div class=\"fusion-image-element in-legacy-container\" style=\"--awb-caption-title-font-family:var(--h2_typography-font-family);--awb-caption-title-font-weight:var(--h2_typography-font-weight);--awb-caption-title-font-style:var(--h2_typography-font-style);--awb-caption-title-size:var(--h2_typography-font-size);--awb-caption-title-transform:var(--h2_typography-text-transform);--awb-caption-title-line-height:var(--h2_typography-line-height);--awb-caption-title-letter-spacing:var(--h2_typography-letter-spacing);\"><span class=\" fusion-imageframe imageframe-none imageframe-6 hover-type-zoomin\"><a class=\"fusion-no-lightbox\" href=\"https:\/\/www.idermic.es\/es\/dermatologia_estetic\/aumento-menton\/\" target=\"_self\" aria-label=\"aumento-de-menton-400&#215;400\"><img decoding=\"async\" width=\"400\" height=\"400\" alt=\"Aumento de ment\u00f3n. Cl\u00ednica Idermic\" src=\"https:\/\/www.idermic.es\/wp-content\/uploads\/2026\/01\/aumento-de-menton-400x400-1.jpg\" class=\"img-responsive wp-image-9022\" srcset=\"https:\/\/www.idermic.es\/wp-content\/uploads\/2026\/01\/aumento-de-menton-400x400-1-200x200.jpg 200w, https:\/\/www.idermic.es\/wp-content\/uploads\/2026\/01\/aumento-de-menton-400x400-1.jpg 400w\" sizes=\"(max-width: 800px) 100vw, 400px\" \/><\/a><\/span><\/div><div class=\"fusion-clearfix\"><\/div><\/div><\/div><div class=\"fusion-layout-column fusion_builder_column fusion-builder-column-7 fusion_builder_column_1_4 1_4 fusion-one-fourth\" style=\"--awb-bg-size:cover;width:25%;width:calc(25% - ( ( 2% + 2% + 2% ) * 0.25 ) );margin-right: 2%;\"><div class=\"fusion-column-wrapper fusion-flex-column-wrapper-legacy\"><div class=\"fusion-image-element in-legacy-container\" style=\"--awb-caption-title-font-family:var(--h2_typography-font-family);--awb-caption-title-font-weight:var(--h2_typography-font-weight);--awb-caption-title-font-style:var(--h2_typography-font-style);--awb-caption-title-size:var(--h2_typography-font-size);--awb-caption-title-transform:var(--h2_typography-text-transform);--awb-caption-title-line-height:var(--h2_typography-line-height);--awb-caption-title-letter-spacing:var(--h2_typography-letter-spacing);\"><span class=\" fusion-imageframe imageframe-none imageframe-7 hover-type-zoomin\"><a class=\"fusion-no-lightbox\" href=\"https:\/\/www.idermic.es\/es\/dermatologia_estetic\/remodelacion-nasal\/\" target=\"_self\" aria-label=\"remodelacion-nasal-400&#215;400\"><img decoding=\"async\" width=\"400\" height=\"400\" alt=\"Remodelaci\u00f3n nasal. Cl\u00ednica Idermic\" src=\"https:\/\/www.idermic.es\/wp-content\/uploads\/2026\/01\/remodelacion-nasal-400x400-1.jpg\" class=\"img-responsive wp-image-9032\" srcset=\"https:\/\/www.idermic.es\/wp-content\/uploads\/2026\/01\/remodelacion-nasal-400x400-1-200x200.jpg 200w, https:\/\/www.idermic.es\/wp-content\/uploads\/2026\/01\/remodelacion-nasal-400x400-1.jpg 400w\" sizes=\"(max-width: 800px) 100vw, 400px\" \/><\/a><\/span><\/div><div class=\"fusion-clearfix\"><\/div><\/div><\/div><div class=\"fusion-layout-column fusion_builder_column fusion-builder-column-8 fusion_builder_column_1_4 1_4 fusion-one-fourth fusion-column-last\" style=\"--awb-bg-size:cover;width:25%;width:calc(25% - ( ( 2% + 2% + 2% ) * 0.25 ) );\"><div class=\"fusion-column-wrapper fusion-flex-column-wrapper-legacy\"><div class=\"fusion-image-element in-legacy-container\" style=\"--awb-caption-title-font-family:var(--h2_typography-font-family);--awb-caption-title-font-weight:var(--h2_typography-font-weight);--awb-caption-title-font-style:var(--h2_typography-font-style);--awb-caption-title-size:var(--h2_typography-font-size);--awb-caption-title-transform:var(--h2_typography-text-transform);--awb-caption-title-line-height:var(--h2_typography-line-height);--awb-caption-title-letter-spacing:var(--h2_typography-letter-spacing);\"><span class=\" fusion-imageframe imageframe-none imageframe-8 hover-type-zoomin\"><a class=\"fusion-no-lightbox\" href=\"https:\/\/www.idermic.es\/es\/dermatologia_estetic\/tratamiento-marcas-acne\/\" target=\"_self\" aria-label=\"tratamiento-marcas-acne-400&#215;400\"><img decoding=\"async\" width=\"400\" height=\"400\" alt=\"Tratamiento marcas acne. Cl\u00ednica Idermic\" src=\"https:\/\/www.idermic.es\/wp-content\/uploads\/2026\/01\/tratamiento-marcas-acne-400x400-1.jpg\" class=\"img-responsive wp-image-9040\" srcset=\"https:\/\/www.idermic.es\/wp-content\/uploads\/2026\/01\/tratamiento-marcas-acne-400x400-1-200x200.jpg 200w, https:\/\/www.idermic.es\/wp-content\/uploads\/2026\/01\/tratamiento-marcas-acne-400x400-1.jpg 400w\" sizes=\"(max-width: 800px) 100vw, 400px\" \/><\/a><\/span><\/div><div class=\"fusion-clearfix\"><\/div><\/div><\/div><\/div><\/div><div class=\"fusion-fullwidth fullwidth-box fusion-builder-row-4 nonhundred-percent-fullwidth non-hundred-percent-height-scrolling custom-table-col\" style=\"--awb-border-radius-top-left:0px;--awb-border-radius-top-right:0px;--awb-border-radius-bottom-right:0px;--awb-border-radius-bottom-left:0px;--awb-padding-top:25px;--awb-flex-wrap:wrap;\" ><div class=\"fusion-builder-row fusion-row\"><div class=\"fusion-layout-column fusion_builder_column fusion-builder-column-9 fusion_builder_column_1_4 1_4 fusion-one-fourth fusion-column-first\" style=\"--awb-bg-size:cover;width:25%;width:calc(25% - ( ( 2% + 2% + 2% ) * 0.25 ) );margin-right: 2%;\"><div class=\"fusion-column-wrapper fusion-flex-column-wrapper-legacy\"><div class=\"fusion-image-element in-legacy-container\" style=\"--awb-caption-title-font-family:var(--h2_typography-font-family);--awb-caption-title-font-weight:var(--h2_typography-font-weight);--awb-caption-title-font-style:var(--h2_typography-font-style);--awb-caption-title-size:var(--h2_typography-font-size);--awb-caption-title-transform:var(--h2_typography-text-transform);--awb-caption-title-line-height:var(--h2_typography-line-height);--awb-caption-title-letter-spacing:var(--h2_typography-letter-spacing);\"><span class=\" fusion-imageframe imageframe-none imageframe-9 hover-type-zoomin\"><a class=\"fusion-no-lightbox\" href=\"https:\/\/www.idermic.es\/es\/dermatologia_estetic\/telangiectasias-cuperosi\/\" target=\"_self\" aria-label=\"telangiectasias-y-cuperosis-400&#215;400\"><img decoding=\"async\" width=\"400\" height=\"400\" alt=\"Telangiectasias y cuperosis. Cl\u00ednica Idermic\" src=\"https:\/\/www.idermic.es\/wp-content\/uploads\/2026\/01\/telangiectasias-y-cuperosis-400x400-1.jpg\" class=\"img-responsive wp-image-9034\" srcset=\"https:\/\/www.idermic.es\/wp-content\/uploads\/2026\/01\/telangiectasias-y-cuperosis-400x400-1-200x200.jpg 200w, https:\/\/www.idermic.es\/wp-content\/uploads\/2026\/01\/telangiectasias-y-cuperosis-400x400-1.jpg 400w\" sizes=\"(max-width: 800px) 100vw, 400px\" \/><\/a><\/span><\/div><div class=\"fusion-clearfix\"><\/div><\/div><\/div><div class=\"fusion-layout-column fusion_builder_column fusion-builder-column-10 fusion_builder_column_1_4 1_4 fusion-one-fourth\" style=\"--awb-bg-size:cover;width:25%;width:calc(25% - ( ( 2% + 2% + 2% ) * 0.25 ) );margin-right: 2%;\"><div class=\"fusion-column-wrapper fusion-flex-column-wrapper-legacy\"><div class=\"fusion-image-element in-legacy-container\" style=\"--awb-caption-title-font-family:var(--h2_typography-font-family);--awb-caption-title-font-weight:var(--h2_typography-font-weight);--awb-caption-title-font-style:var(--h2_typography-font-style);--awb-caption-title-size:var(--h2_typography-font-size);--awb-caption-title-transform:var(--h2_typography-text-transform);--awb-caption-title-line-height:var(--h2_typography-line-height);--awb-caption-title-letter-spacing:var(--h2_typography-letter-spacing);\"><span class=\" fusion-imageframe imageframe-none imageframe-10 hover-type-zoomin\"><a class=\"fusion-no-lightbox\" href=\"https:\/\/www.idermic.es\/es\/dermatologia_estetic\/textura-piel\/\" target=\"_self\" aria-label=\"textura-de-la-piel\"><img decoding=\"async\" width=\"400\" height=\"400\" alt=\"Textura de la piel. Cl\u00ednica Idermic\" src=\"https:\/\/www.idermic.es\/wp-content\/uploads\/2026\/01\/textura-de-la-piel.jpg\" class=\"img-responsive wp-image-9036\" srcset=\"https:\/\/www.idermic.es\/wp-content\/uploads\/2026\/01\/textura-de-la-piel-200x200.jpg 200w, https:\/\/www.idermic.es\/wp-content\/uploads\/2026\/01\/textura-de-la-piel.jpg 400w\" sizes=\"(max-width: 800px) 100vw, 400px\" \/><\/a><\/span><\/div><div class=\"fusion-clearfix\"><\/div><\/div><\/div><div class=\"fusion-layout-column fusion_builder_column fusion-builder-column-11 fusion_builder_column_1_4 1_4 fusion-one-fourth\" style=\"--awb-bg-size:cover;width:25%;width:calc(25% - ( ( 2% + 2% + 2% ) * 0.25 ) );margin-right: 2%;\"><div class=\"fusion-column-wrapper fusion-flex-column-wrapper-legacy\"><div class=\"fusion-image-element in-legacy-container\" style=\"--awb-caption-title-font-family:var(--h2_typography-font-family);--awb-caption-title-font-weight:var(--h2_typography-font-weight);--awb-caption-title-font-style:var(--h2_typography-font-style);--awb-caption-title-size:var(--h2_typography-font-size);--awb-caption-title-transform:var(--h2_typography-text-transform);--awb-caption-title-line-height:var(--h2_typography-line-height);--awb-caption-title-letter-spacing:var(--h2_typography-letter-spacing);\"><span class=\" fusion-imageframe imageframe-none imageframe-11 hover-type-zoomin\"><a class=\"fusion-no-lightbox\" href=\"https:\/\/www.idermic.es\/es\/dermatologia_estetic\/manchas\/\" target=\"_self\" aria-label=\"manchas-400&#215;400\"><img decoding=\"async\" width=\"400\" height=\"400\" alt=\"Manchas de la piel. Cl\u00ednica Idermic\" src=\"https:\/\/www.idermic.es\/wp-content\/uploads\/2026\/01\/manchas-400x400-1.jpg\" class=\"img-responsive wp-image-9030\" srcset=\"https:\/\/www.idermic.es\/wp-content\/uploads\/2026\/01\/manchas-400x400-1-200x200.jpg 200w, https:\/\/www.idermic.es\/wp-content\/uploads\/2026\/01\/manchas-400x400-1.jpg 400w\" sizes=\"(max-width: 800px) 100vw, 400px\" \/><\/a><\/span><\/div><div class=\"fusion-clearfix\"><\/div><\/div><\/div><div class=\"fusion-layout-column fusion_builder_column fusion-builder-column-12 fusion_builder_column_1_4 1_4 fusion-one-fourth fusion-column-last\" style=\"--awb-bg-size:cover;width:25%;width:calc(25% - ( ( 2% + 2% + 2% ) * 0.25 ) );\"><div class=\"fusion-column-wrapper fusion-flex-column-wrapper-legacy\"><div class=\"fusion-image-element in-legacy-container\" style=\"--awb-caption-title-font-family:var(--h2_typography-font-family);--awb-caption-title-font-weight:var(--h2_typography-font-weight);--awb-caption-title-font-style:var(--h2_typography-font-style);--awb-caption-title-size:var(--h2_typography-font-size);--awb-caption-title-transform:var(--h2_typography-text-transform);--awb-caption-title-line-height:var(--h2_typography-line-height);--awb-caption-title-letter-spacing:var(--h2_typography-letter-spacing);\"><span class=\" fusion-imageframe imageframe-none imageframe-12 hover-type-zoomin\"><a class=\"fusion-no-lightbox\" href=\"https:\/\/www.idermic.es\/es\/dermatologia_estetic\/tratamiento-flacidez\/\" target=\"_self\" aria-label=\"dermatologia-estetica-facial-es-400X400PX_BNtrat\"><img decoding=\"async\" width=\"400\" height=\"400\" alt=\"Dermatologia estetica facial. Cl\u00ednica Idermic\" src=\"https:\/\/www.idermic.es\/wp-content\/uploads\/2026\/01\/dermatologia-estetica-facial-es-400X400PX_BNtrat.jpg\" class=\"img-responsive wp-image-9028\" srcset=\"https:\/\/www.idermic.es\/wp-content\/uploads\/2026\/01\/dermatologia-estetica-facial-es-400X400PX_BNtrat-200x200.jpg 200w, https:\/\/www.idermic.es\/wp-content\/uploads\/2026\/01\/dermatologia-estetica-facial-es-400X400PX_BNtrat.jpg 400w\" sizes=\"(max-width: 800px) 100vw, 400px\" \/><\/a><\/span><\/div><div class=\"fusion-clearfix\"><\/div><\/div><\/div><\/div><\/div><div class=\"fusion-fullwidth fullwidth-box fusion-builder-row-5 nonhundred-percent-fullwidth non-hundred-percent-height-scrolling\" style=\"--awb-border-radius-top-left:0px;--awb-border-radius-top-right:0px;--awb-border-radius-bottom-right:0px;--awb-border-radius-bottom-left:0px;--awb-padding-top:25px;--awb-flex-wrap:wrap;\" ><div class=\"fusion-builder-row fusion-row\"><div class=\"fusion-layout-column fusion_builder_column fusion-builder-column-13 fusion_builder_column_1_1 1_1 fusion-one-full fusion-column-first fusion-column-last\" style=\"--awb-padding-bottom:40px;--awb-bg-size:cover;\"><div class=\"fusion-column-wrapper fusion-flex-column-wrapper-legacy\"><div class=\"fusion-text fusion-text-2\"><h5 style=\"text-align: center;\"><img decoding=\"async\" class=\"alignnone size-full wp-image-382 aligncenter\" src=\"https:\/\/www.idermic.es\/wp-content\/uploads\/2019\/01\/glass_green-1.jpg\" alt=\"\" width=\"115\" height=\"2\" srcset=\"https:\/\/www.idermic.es\/wp-content\/uploads\/2019\/01\/glass_green-1-66x2.jpg 66w, https:\/\/www.idermic.es\/wp-content\/uploads\/2019\/01\/glass_green-1.jpg 115w\" sizes=\"(max-width: 115px) 100vw, 115px\" \/><br \/>\nTRATAMIENTOS CORPORALES<\/h5>\n<\/div><div class=\"fusion-clearfix\"><\/div><\/div><\/div><\/div><\/div><div class=\"fusion-fullwidth fullwidth-box fusion-builder-row-6 nonhundred-percent-fullwidth non-hundred-percent-height-scrolling custom-table-col\" style=\"--awb-border-radius-top-left:0px;--awb-border-radius-top-right:0px;--awb-border-radius-bottom-right:0px;--awb-border-radius-bottom-left:0px;--awb-padding-top:25px;--awb-flex-wrap:wrap;\" ><div class=\"fusion-builder-row fusion-row\"><div class=\"fusion-layout-column fusion_builder_column fusion-builder-column-14 fusion_builder_column_1_4 1_4 fusion-one-fourth fusion-column-first\" style=\"--awb-bg-size:cover;width:25%;width:calc(25% - ( ( 2% + 2% + 2% ) * 0.25 ) );margin-right: 2%;\"><div class=\"fusion-column-wrapper fusion-flex-column-wrapper-legacy\"><div class=\"fusion-image-element in-legacy-container\" style=\"--awb-caption-title-font-family:var(--h2_typography-font-family);--awb-caption-title-font-weight:var(--h2_typography-font-weight);--awb-caption-title-font-style:var(--h2_typography-font-style);--awb-caption-title-size:var(--h2_typography-font-size);--awb-caption-title-transform:var(--h2_typography-text-transform);--awb-caption-title-line-height:var(--h2_typography-line-height);--awb-caption-title-letter-spacing:var(--h2_typography-letter-spacing);\"><span class=\" fusion-imageframe imageframe-none imageframe-13 hover-type-zoomin\"><a class=\"fusion-no-lightbox\" href=\"https:\/\/www.idermic.es\/es\/dermatologia_estetic\/hipersudoracion\/\" target=\"_self\" aria-label=\"corporal-dermatologia-estetica-laser-es-400X400PXBNhiperhidrosi\"><img decoding=\"async\" width=\"400\" height=\"400\" alt=\"Corporal dermatolog\u00eda est\u00e9tica l\u00e1ser. Cl\u00ednica Idermic\" src=\"https:\/\/www.idermic.es\/wp-content\/uploads\/2026\/01\/corporal-dermatologia-estetica-laser-es-400X400PXBNhiperhidrosi.jpg\" class=\"img-responsive wp-image-9046\" srcset=\"https:\/\/www.idermic.es\/wp-content\/uploads\/2026\/01\/corporal-dermatologia-estetica-laser-es-400X400PXBNhiperhidrosi-200x200.jpg 200w, https:\/\/www.idermic.es\/wp-content\/uploads\/2026\/01\/corporal-dermatologia-estetica-laser-es-400X400PXBNhiperhidrosi.jpg 400w\" sizes=\"(max-width: 800px) 100vw, 400px\" \/><\/a><\/span><\/div><div class=\"fusion-clearfix\"><\/div><\/div><\/div><div class=\"fusion-layout-column fusion_builder_column fusion-builder-column-15 fusion_builder_column_1_4 1_4 fusion-one-fourth\" style=\"--awb-bg-size:cover;width:25%;width:calc(25% - ( ( 2% + 2% + 2% ) * 0.25 ) );margin-right: 2%;\"><div class=\"fusion-column-wrapper fusion-flex-column-wrapper-legacy\"><div class=\"fusion-image-element in-legacy-container\" style=\"--awb-caption-title-font-family:var(--h2_typography-font-family);--awb-caption-title-font-weight:var(--h2_typography-font-weight);--awb-caption-title-font-style:var(--h2_typography-font-style);--awb-caption-title-size:var(--h2_typography-font-size);--awb-caption-title-transform:var(--h2_typography-text-transform);--awb-caption-title-line-height:var(--h2_typography-line-height);--awb-caption-title-letter-spacing:var(--h2_typography-letter-spacing);\"><span class=\" fusion-imageframe imageframe-none imageframe-14 hover-type-zoomin\"><a class=\"fusion-no-lightbox\" href=\"https:\/\/www.idermic.es\/es\/dermatologia_estetic\/tratamiento-celulitis-flacidez\/\" target=\"_self\" aria-label=\"corporal-dermatologia-estetica-laser-es-400X400PXBNcl\"><img decoding=\"async\" width=\"400\" height=\"400\" alt=\"Tratamiento de la celulitis y flaccidez. Cl\u00ednica Idermic\" src=\"https:\/\/www.idermic.es\/wp-content\/uploads\/2026\/01\/corporal-dermatologia-estetica-laser-es-400X400PXBNcl.jpg\" class=\"img-responsive wp-image-9050\" srcset=\"https:\/\/www.idermic.es\/wp-content\/uploads\/2026\/01\/corporal-dermatologia-estetica-laser-es-400X400PXBNcl-200x200.jpg 200w, https:\/\/www.idermic.es\/wp-content\/uploads\/2026\/01\/corporal-dermatologia-estetica-laser-es-400X400PXBNcl.jpg 400w\" sizes=\"(max-width: 800px) 100vw, 400px\" \/><\/a><\/span><\/div><div class=\"fusion-clearfix\"><\/div><\/div><\/div><div class=\"fusion-layout-column fusion_builder_column fusion-builder-column-16 fusion_builder_column_1_4 1_4 fusion-one-fourth\" style=\"--awb-bg-size:cover;width:25%;width:calc(25% - ( ( 2% + 2% + 2% ) * 0.25 ) );margin-right: 2%;\"><div class=\"fusion-column-wrapper fusion-flex-column-wrapper-legacy\"><div class=\"fusion-image-element in-legacy-container\" style=\"--awb-caption-title-font-family:var(--h2_typography-font-family);--awb-caption-title-font-weight:var(--h2_typography-font-weight);--awb-caption-title-font-style:var(--h2_typography-font-style);--awb-caption-title-size:var(--h2_typography-font-size);--awb-caption-title-transform:var(--h2_typography-text-transform);--awb-caption-title-line-height:var(--h2_typography-line-height);--awb-caption-title-letter-spacing:var(--h2_typography-letter-spacing);\"><span class=\" fusion-imageframe imageframe-none imageframe-15 hover-type-zoomin\"><a class=\"fusion-no-lightbox\" href=\"https:\/\/www.idermic.es\/es\/dermatologia_estetic\/grasa-localizada\/\" target=\"_self\" aria-label=\"corporal-dermatologia-estetica-laser-es-400X400PXBNgrasa\"><img decoding=\"async\" width=\"400\" height=\"400\" alt=\"Eliminar la grasa localizada. Cl\u00ednica Idermic\" src=\"https:\/\/www.idermic.es\/wp-content\/uploads\/2026\/01\/corporal-dermatologia-estetica-laser-es-400X400PXBNgrasa.jpg\" class=\"img-responsive wp-image-9052\" srcset=\"https:\/\/www.idermic.es\/wp-content\/uploads\/2026\/01\/corporal-dermatologia-estetica-laser-es-400X400PXBNgrasa-200x200.jpg 200w, https:\/\/www.idermic.es\/wp-content\/uploads\/2026\/01\/corporal-dermatologia-estetica-laser-es-400X400PXBNgrasa.jpg 400w\" sizes=\"(max-width: 800px) 100vw, 400px\" \/><\/a><\/span><\/div><div class=\"fusion-clearfix\"><\/div><\/div><\/div><div class=\"fusion-layout-column fusion_builder_column fusion-builder-column-17 fusion_builder_column_1_4 1_4 fusion-one-fourth fusion-column-last\" style=\"--awb-bg-size:cover;width:25%;width:calc(25% - ( ( 2% + 2% + 2% ) * 0.25 ) );\"><div class=\"fusion-column-wrapper fusion-flex-column-wrapper-legacy\"><div class=\"fusion-image-element in-legacy-container\" style=\"--awb-caption-title-font-family:var(--h2_typography-font-family);--awb-caption-title-font-weight:var(--h2_typography-font-weight);--awb-caption-title-font-style:var(--h2_typography-font-style);--awb-caption-title-size:var(--h2_typography-font-size);--awb-caption-title-transform:var(--h2_typography-text-transform);--awb-caption-title-line-height:var(--h2_typography-line-height);--awb-caption-title-letter-spacing:var(--h2_typography-letter-spacing);\"><span class=\" fusion-imageframe imageframe-none imageframe-16 hover-type-zoomin\"><a class=\"fusion-no-lightbox\" href=\"https:\/\/www.idermic.es\/es\/dermatologia_estetic\/tratamiento-varices\/\" target=\"_self\" aria-label=\"corporal-dermatologia-estetica-laser-es-400X400PXBNvarices\"><img decoding=\"async\" width=\"400\" height=\"400\" alt=\"Tratamiento de varices con l\u00e1ser. Cl\u00ednica Idermic\" src=\"https:\/\/www.idermic.es\/wp-content\/uploads\/2026\/01\/corporal-dermatologia-estetica-laser-es-400X400PXBNvarices.jpg\" class=\"img-responsive wp-image-9048\" srcset=\"https:\/\/www.idermic.es\/wp-content\/uploads\/2026\/01\/corporal-dermatologia-estetica-laser-es-400X400PXBNvarices-200x200.jpg 200w, https:\/\/www.idermic.es\/wp-content\/uploads\/2026\/01\/corporal-dermatologia-estetica-laser-es-400X400PXBNvarices.jpg 400w\" sizes=\"(max-width: 800px) 100vw, 400px\" \/><\/a><\/span><\/div><div class=\"fusion-clearfix\"><\/div><\/div><\/div><\/div><\/div><div class=\"fusion-fullwidth fullwidth-box fusion-builder-row-7 nonhundred-percent-fullwidth non-hundred-percent-height-scrolling\" style=\"--awb-border-radius-top-left:0px;--awb-border-radius-top-right:0px;--awb-border-radius-bottom-right:0px;--awb-border-radius-bottom-left:0px;--awb-padding-top:25px;--awb-flex-wrap:wrap;\" ><div class=\"fusion-builder-row fusion-row\"><div class=\"fusion-layout-column fusion_builder_column fusion-builder-column-18 fusion_builder_column_1_1 1_1 fusion-one-full fusion-column-first fusion-column-last\" style=\"--awb-padding-bottom:40px;--awb-bg-size:cover;\"><div class=\"fusion-column-wrapper fusion-flex-column-wrapper-legacy\"><div class=\"fusion-text fusion-text-3\"><h5 style=\"text-align: center;\"><img decoding=\"async\" class=\"alignnone size-full wp-image-382 aligncenter\" src=\"https:\/\/www.idermic.es\/wp-content\/uploads\/2019\/01\/glass_green-1.jpg\" alt=\"\" width=\"115\" height=\"2\" srcset=\"https:\/\/www.idermic.es\/wp-content\/uploads\/2019\/01\/glass_green-1-66x2.jpg 66w, https:\/\/www.idermic.es\/wp-content\/uploads\/2019\/01\/glass_green-1.jpg 115w\" sizes=\"(max-width: 115px) 100vw, 115px\" \/><br \/>\nPLATAFORMA L\u00c1SER<\/h5>\n<\/div><div class=\"fusion-clearfix\"><\/div><\/div><\/div><\/div><\/div><div class=\"fusion-fullwidth fullwidth-box fusion-builder-row-8 nonhundred-percent-fullwidth non-hundred-percent-height-scrolling custom-table-col\" style=\"--awb-border-radius-top-left:0px;--awb-border-radius-top-right:0px;--awb-border-radius-bottom-right:0px;--awb-border-radius-bottom-left:0px;--awb-padding-top:0px;--awb-flex-wrap:wrap;\" ><div class=\"fusion-builder-row fusion-row\"><div class=\"fusion-layout-column fusion_builder_column fusion-builder-column-19 fusion_builder_column_1_4 1_4 fusion-one-fourth fusion-column-first\" style=\"--awb-bg-size:cover;width:25%;width:calc(25% - ( ( 2% + 2% + 2% ) * 0.25 ) );margin-right: 2%;\"><div class=\"fusion-column-wrapper fusion-flex-column-wrapper-legacy\"><div class=\"fusion-image-element in-legacy-container\" style=\"--awb-caption-title-font-family:var(--h2_typography-font-family);--awb-caption-title-font-weight:var(--h2_typography-font-weight);--awb-caption-title-font-style:var(--h2_typography-font-style);--awb-caption-title-size:var(--h2_typography-font-size);--awb-caption-title-transform:var(--h2_typography-text-transform);--awb-caption-title-line-height:var(--h2_typography-line-height);--awb-caption-title-letter-spacing:var(--h2_typography-letter-spacing);\"><span class=\" fusion-imageframe imageframe-none imageframe-17 hover-type-zoomin\"><a class=\"fusion-no-lightbox\" href=\"https:\/\/www.idermic.es\/es\/dermatologia_estetic\/manchas\/\" target=\"_self\" aria-label=\"manchas-400&#215;400\"><img decoding=\"async\" width=\"400\" height=\"400\" alt=\"Manchas de la piel. Cl\u00ednica Idermic\" src=\"https:\/\/www.idermic.es\/wp-content\/uploads\/2026\/01\/manchas-400x400-1.jpg\" class=\"img-responsive wp-image-9030\" srcset=\"https:\/\/www.idermic.es\/wp-content\/uploads\/2026\/01\/manchas-400x400-1-200x200.jpg 200w, https:\/\/www.idermic.es\/wp-content\/uploads\/2026\/01\/manchas-400x400-1.jpg 400w\" sizes=\"(max-width: 800px) 100vw, 400px\" \/><\/a><\/span><\/div><div class=\"fusion-clearfix\"><\/div><\/div><\/div><div class=\"fusion-layout-column fusion_builder_column fusion-builder-column-20 fusion_builder_column_1_4 1_4 fusion-one-fourth\" style=\"--awb-bg-size:cover;width:25%;width:calc(25% - ( ( 2% + 2% + 2% ) * 0.25 ) );margin-right: 2%;\"><div class=\"fusion-column-wrapper fusion-flex-column-wrapper-legacy\"><div class=\"fusion-image-element in-legacy-container\" style=\"--awb-caption-title-font-family:var(--h2_typography-font-family);--awb-caption-title-font-weight:var(--h2_typography-font-weight);--awb-caption-title-font-style:var(--h2_typography-font-style);--awb-caption-title-size:var(--h2_typography-font-size);--awb-caption-title-transform:var(--h2_typography-text-transform);--awb-caption-title-line-height:var(--h2_typography-line-height);--awb-caption-title-letter-spacing:var(--h2_typography-letter-spacing);\"><span class=\" fusion-imageframe imageframe-none imageframe-18 hover-type-zoomin\"><a class=\"fusion-no-lightbox\" href=\"https:\/\/www.idermic.es\/es\/dermatologia_estetic\/tratamiento-de-aranas-vasculares-cuperosis-angiomas\/\" target=\"_self\" aria-label=\"dermatologia-estetica-laser-es-400X400PXbnaranyes\"><img decoding=\"async\" width=\"400\" height=\"400\" alt=\"Tratamiento de ara\u00f1as vasculares, cuperosis y angiomas con l\u00e1ser. Cl\u00ednica Idermic\" src=\"https:\/\/www.idermic.es\/wp-content\/uploads\/2026\/01\/dermatologia-estetica-laser-es-400X400PXbnaranyes.jpg\" class=\"img-responsive wp-image-9058\" srcset=\"https:\/\/www.idermic.es\/wp-content\/uploads\/2026\/01\/dermatologia-estetica-laser-es-400X400PXbnaranyes-200x200.jpg 200w, https:\/\/www.idermic.es\/wp-content\/uploads\/2026\/01\/dermatologia-estetica-laser-es-400X400PXbnaranyes.jpg 400w\" sizes=\"(max-width: 800px) 100vw, 400px\" \/><\/a><\/span><\/div><div class=\"fusion-clearfix\"><\/div><\/div><\/div><div class=\"fusion-layout-column fusion_builder_column fusion-builder-column-21 fusion_builder_column_1_4 1_4 fusion-one-fourth\" style=\"--awb-bg-size:cover;width:25%;width:calc(25% - ( ( 2% + 2% + 2% ) * 0.25 ) );margin-right: 2%;\"><div class=\"fusion-column-wrapper fusion-flex-column-wrapper-legacy\"><div class=\"fusion-image-element in-legacy-container\" style=\"--awb-caption-title-font-family:var(--h2_typography-font-family);--awb-caption-title-font-weight:var(--h2_typography-font-weight);--awb-caption-title-font-style:var(--h2_typography-font-style);--awb-caption-title-size:var(--h2_typography-font-size);--awb-caption-title-transform:var(--h2_typography-text-transform);--awb-caption-title-line-height:var(--h2_typography-line-height);--awb-caption-title-letter-spacing:var(--h2_typography-letter-spacing);\"><span class=\" fusion-imageframe imageframe-none imageframe-19 hover-type-zoomin\"><a class=\"fusion-no-lightbox\" href=\"https:\/\/www.idermic.es\/es\/dermatologia_estetic\/eliminacion-tatuajes\/\" target=\"_self\" aria-label=\"dermatologia-estetica-laser-es-400X400PXbntatuajes\"><img decoding=\"async\" width=\"400\" height=\"400\" alt=\"Eliminaci\u00f3n de tatuajes con l\u00e1ser. Cl\u00ednica Idermic\" src=\"https:\/\/www.idermic.es\/wp-content\/uploads\/2026\/01\/dermatologia-estetica-laser-es-400X400PXbntatuajes.jpg\" class=\"img-responsive wp-image-9066\" srcset=\"https:\/\/www.idermic.es\/wp-content\/uploads\/2026\/01\/dermatologia-estetica-laser-es-400X400PXbntatuajes-200x200.jpg 200w, https:\/\/www.idermic.es\/wp-content\/uploads\/2026\/01\/dermatologia-estetica-laser-es-400X400PXbntatuajes.jpg 400w\" sizes=\"(max-width: 800px) 100vw, 400px\" \/><\/a><\/span><\/div><div class=\"fusion-clearfix\"><\/div><\/div><\/div><div class=\"fusion-layout-column fusion_builder_column fusion-builder-column-22 fusion_builder_column_1_4 1_4 fusion-one-fourth fusion-column-last\" style=\"--awb-bg-size:cover;width:25%;width:calc(25% - ( ( 2% + 2% + 2% ) * 0.25 ) );\"><div class=\"fusion-column-wrapper fusion-flex-column-wrapper-legacy\"><div class=\"fusion-image-element in-legacy-container\" style=\"--awb-caption-title-font-family:var(--h2_typography-font-family);--awb-caption-title-font-weight:var(--h2_typography-font-weight);--awb-caption-title-font-style:var(--h2_typography-font-style);--awb-caption-title-size:var(--h2_typography-font-size);--awb-caption-title-transform:var(--h2_typography-text-transform);--awb-caption-title-line-height:var(--h2_typography-line-height);--awb-caption-title-letter-spacing:var(--h2_typography-letter-spacing);\"><span class=\" fusion-imageframe imageframe-none imageframe-20 hover-type-zoomin\"><a class=\"fusion-no-lightbox\" href=\"https:\/\/www.idermic.es\/es\/dermatologia_estetic\/acne-laser\/\" target=\"_self\" aria-label=\"dermatologia-estetica-laser-es-400X400PXbnacne\"><img decoding=\"async\" width=\"400\" height=\"400\" alt=\"Tratamiento del acn\u00e9 con l\u00e1ser. Cl\u00ednica Idermic\" src=\"https:\/\/www.idermic.es\/wp-content\/uploads\/2026\/01\/dermatologia-estetica-laser-es-400X400PXbnacne.jpg\" class=\"img-responsive wp-image-9056\" srcset=\"https:\/\/www.idermic.es\/wp-content\/uploads\/2026\/01\/dermatologia-estetica-laser-es-400X400PXbnacne-200x200.jpg 200w, https:\/\/www.idermic.es\/wp-content\/uploads\/2026\/01\/dermatologia-estetica-laser-es-400X400PXbnacne.jpg 400w\" sizes=\"(max-width: 800px) 100vw, 400px\" \/><\/a><\/span><\/div><div class=\"fusion-clearfix\"><\/div><\/div><\/div><\/div><\/div><div class=\"fusion-fullwidth fullwidth-box fusion-builder-row-9 nonhundred-percent-fullwidth non-hundred-percent-height-scrolling custom-table-col\" style=\"--awb-border-radius-top-left:0px;--awb-border-radius-top-right:0px;--awb-border-radius-bottom-right:0px;--awb-border-radius-bottom-left:0px;--awb-padding-top:25px;--awb-flex-wrap:wrap;\" ><div class=\"fusion-builder-row fusion-row\"><div class=\"fusion-layout-column fusion_builder_column fusion-builder-column-23 fusion_builder_column_1_4 1_4 fusion-one-fourth fusion-column-first\" style=\"--awb-bg-size:cover;width:25%;width:calc(25% - ( ( 2% + 2% + 2% ) * 0.25 ) );margin-right: 2%;\"><div class=\"fusion-column-wrapper fusion-flex-column-wrapper-legacy\"><div class=\"fusion-image-element in-legacy-container\" style=\"--awb-caption-title-font-family:var(--h2_typography-font-family);--awb-caption-title-font-weight:var(--h2_typography-font-weight);--awb-caption-title-font-style:var(--h2_typography-font-style);--awb-caption-title-size:var(--h2_typography-font-size);--awb-caption-title-transform:var(--h2_typography-text-transform);--awb-caption-title-line-height:var(--h2_typography-line-height);--awb-caption-title-letter-spacing:var(--h2_typography-letter-spacing);\"><span class=\" fusion-imageframe imageframe-none imageframe-21 hover-type-zoomin\"><a class=\"fusion-no-lightbox\" href=\"https:\/\/www.idermic.es\/es\/dermatologia_estetic\/rejuvenecimiento-con-luz-pulsada\/\" target=\"_self\" aria-label=\"dermatologia-estetica-laser-es-400X400PXbnrej\"><img decoding=\"async\" width=\"400\" height=\"400\" alt=\"Rejuvenecimiento con l\u00e1ser. Cl\u00ednica Idermic\" src=\"https:\/\/www.idermic.es\/wp-content\/uploads\/2026\/01\/dermatologia-estetica-laser-es-400X400PXbnrej.jpg\" class=\"img-responsive wp-image-9062\" srcset=\"https:\/\/www.idermic.es\/wp-content\/uploads\/2026\/01\/dermatologia-estetica-laser-es-400X400PXbnrej-200x200.jpg 200w, https:\/\/www.idermic.es\/wp-content\/uploads\/2026\/01\/dermatologia-estetica-laser-es-400X400PXbnrej.jpg 400w\" sizes=\"(max-width: 800px) 100vw, 400px\" \/><\/a><\/span><\/div><div class=\"fusion-clearfix\"><\/div><\/div><\/div><div class=\"fusion-layout-column fusion_builder_column fusion-builder-column-24 fusion_builder_column_1_4 1_4 fusion-one-fourth\" style=\"--awb-bg-size:cover;width:25%;width:calc(25% - ( ( 2% + 2% + 2% ) * 0.25 ) );margin-right: 2%;\"><div class=\"fusion-column-wrapper fusion-flex-column-wrapper-legacy\"><div class=\"fusion-image-element in-legacy-container\" style=\"--awb-caption-title-font-family:var(--h2_typography-font-family);--awb-caption-title-font-weight:var(--h2_typography-font-weight);--awb-caption-title-font-style:var(--h2_typography-font-style);--awb-caption-title-size:var(--h2_typography-font-size);--awb-caption-title-transform:var(--h2_typography-text-transform);--awb-caption-title-line-height:var(--h2_typography-line-height);--awb-caption-title-letter-spacing:var(--h2_typography-letter-spacing);\"><span class=\" fusion-imageframe imageframe-none imageframe-22 hover-type-zoomin\"><a class=\"fusion-no-lightbox\" href=\"https:\/\/www.idermic.es\/es\/dermatologia_estetic\/depilacion\/\" target=\"_self\" aria-label=\"dermatologia-estetica-laser-es-400X400PXbndep\"><img decoding=\"async\" width=\"400\" height=\"400\" alt=\"Depilaci\u00f3n con l\u00e1ser. Cl\u00ednica Idermic\" src=\"https:\/\/www.idermic.es\/wp-content\/uploads\/2026\/01\/dermatologia-estetica-laser-es-400X400PXbndep.jpg\" class=\"img-responsive wp-image-9060\" srcset=\"https:\/\/www.idermic.es\/wp-content\/uploads\/2026\/01\/dermatologia-estetica-laser-es-400X400PXbndep-200x200.jpg 200w, https:\/\/www.idermic.es\/wp-content\/uploads\/2026\/01\/dermatologia-estetica-laser-es-400X400PXbndep.jpg 400w\" sizes=\"(max-width: 800px) 100vw, 400px\" \/><\/a><\/span><\/div><div class=\"fusion-clearfix\"><\/div><\/div><\/div><div class=\"fusion-layout-column fusion_builder_column fusion-builder-column-25 fusion_builder_column_1_4 1_4 fusion-one-fourth\" style=\"--awb-bg-size:cover;width:25%;width:calc(25% - ( ( 2% + 2% + 2% ) * 0.25 ) );margin-right: 2%;\"><div class=\"fusion-column-wrapper fusion-flex-column-wrapper-legacy\"><div class=\"fusion-clearfix\"><\/div><\/div><\/div><div class=\"fusion-layout-column fusion_builder_column fusion-builder-column-26 fusion_builder_column_1_4 1_4 fusion-one-fourth fusion-column-last\" style=\"--awb-bg-size:cover;width:25%;width:calc(25% - ( ( 2% + 2% + 2% ) * 0.25 ) );\"><div class=\"fusion-column-wrapper fusion-flex-column-wrapper-legacy\"><div class=\"fusion-clearfix\"><\/div><\/div><\/div><\/div><\/div><div class=\"fusion-fullwidth fullwidth-box fusion-builder-row-10 nonhundred-percent-fullwidth non-hundred-percent-height-scrolling\" style=\"--awb-border-radius-top-left:0px;--awb-border-radius-top-right:0px;--awb-border-radius-bottom-right:0px;--awb-border-radius-bottom-left:0px;--awb-padding-top:25px;--awb-flex-wrap:wrap;\" ><div class=\"fusion-builder-row fusion-row\"><div class=\"fusion-layout-column fusion_builder_column fusion-builder-column-27 fusion_builder_column_1_1 1_1 fusion-one-full fusion-column-first fusion-column-last\" style=\"--awb-padding-bottom:40px;--awb-bg-size:cover;\"><div class=\"fusion-column-wrapper fusion-flex-column-wrapper-legacy\"><div class=\"fusion-text fusion-text-4\"><h5 style=\"text-align: center;\"><img decoding=\"async\" class=\"alignnone size-full wp-image-382 aligncenter\" src=\"https:\/\/www.idermic.es\/wp-content\/uploads\/2019\/01\/glass_green-1.jpg\" alt=\"\" width=\"115\" height=\"2\" srcset=\"https:\/\/www.idermic.es\/wp-content\/uploads\/2019\/01\/glass_green-1-66x2.jpg 66w, https:\/\/www.idermic.es\/wp-content\/uploads\/2019\/01\/glass_green-1.jpg 115w\" sizes=\"(max-width: 115px) 100vw, 115px\" \/><br \/>\nUNIDAD CAPILAR<\/h5>\n<\/div><div class=\"fusion-clearfix\"><\/div><\/div><\/div><\/div><\/div><div class=\"fusion-fullwidth fullwidth-box fusion-builder-row-11 nonhundred-percent-fullwidth non-hundred-percent-height-scrolling custom-table-col\" style=\"--awb-border-radius-top-left:0px;--awb-border-radius-top-right:0px;--awb-border-radius-bottom-right:0px;--awb-border-radius-bottom-left:0px;--awb-padding-top:0px;--awb-flex-wrap:wrap;\" ><div class=\"fusion-builder-row fusion-row\"><div class=\"fusion-layout-column fusion_builder_column fusion-builder-column-28 fusion_builder_column_1_4 1_4 fusion-one-fourth fusion-column-first\" style=\"--awb-bg-size:cover;width:25%;width:calc(25% - ( ( 2% + 2% + 2% ) * 0.25 ) );margin-right: 2%;\"><div class=\"fusion-column-wrapper fusion-flex-column-wrapper-legacy\"><div class=\"fusion-image-element in-legacy-container\" style=\"--awb-caption-title-font-family:var(--h2_typography-font-family);--awb-caption-title-font-weight:var(--h2_typography-font-weight);--awb-caption-title-font-style:var(--h2_typography-font-style);--awb-caption-title-size:var(--h2_typography-font-size);--awb-caption-title-transform:var(--h2_typography-text-transform);--awb-caption-title-line-height:var(--h2_typography-line-height);--awb-caption-title-letter-spacing:var(--h2_typography-letter-spacing);\"><span class=\" fusion-imageframe imageframe-none imageframe-23 hover-type-zoomin\"><a class=\"fusion-no-lightbox\" href=\"https:\/\/www.idermic.es\/es\/dermatologia_estetic\/trasplante-pelo\/\" target=\"_self\" aria-label=\"transplante-pelo-400&#215;400\"><img decoding=\"async\" width=\"400\" height=\"400\" alt=\"Transplante de pelo. Cl\u00ednica Idermic\" src=\"https:\/\/www.idermic.es\/wp-content\/uploads\/2026\/01\/transplante-pelo-400x400-1.jpg\" class=\"img-responsive wp-image-9072\" srcset=\"https:\/\/www.idermic.es\/wp-content\/uploads\/2026\/01\/transplante-pelo-400x400-1-200x200.jpg 200w, https:\/\/www.idermic.es\/wp-content\/uploads\/2026\/01\/transplante-pelo-400x400-1.jpg 400w\" sizes=\"(max-width: 800px) 100vw, 400px\" \/><\/a><\/span><\/div><div class=\"fusion-clearfix\"><\/div><\/div><\/div><div class=\"fusion-layout-column fusion_builder_column fusion-builder-column-29 fusion_builder_column_1_4 1_4 fusion-one-fourth\" style=\"--awb-bg-size:cover;width:25%;width:calc(25% - ( ( 2% + 2% + 2% ) * 0.25 ) );margin-right: 2%;\"><div class=\"fusion-column-wrapper fusion-flex-column-wrapper-legacy\"><div class=\"fusion-image-element in-legacy-container\" style=\"--awb-caption-title-font-family:var(--h2_typography-font-family);--awb-caption-title-font-weight:var(--h2_typography-font-weight);--awb-caption-title-font-style:var(--h2_typography-font-style);--awb-caption-title-size:var(--h2_typography-font-size);--awb-caption-title-transform:var(--h2_typography-text-transform);--awb-caption-title-line-height:var(--h2_typography-line-height);--awb-caption-title-letter-spacing:var(--h2_typography-letter-spacing);\"><span class=\" fusion-imageframe imageframe-none imageframe-24 hover-type-zoomin\"><a class=\"fusion-no-lightbox\" href=\"https:\/\/www.idermic.es\/es\/dermatologia_estetic\/plasma-rico-plaquetas\/\" target=\"_self\" aria-label=\"plasma-rico-plaquetas-400&#215;400\"><img decoding=\"async\" width=\"400\" height=\"400\" alt=\"Plasma rico en plaquetas. Cl\u00ednica Idermic\" src=\"https:\/\/www.idermic.es\/wp-content\/uploads\/2026\/01\/plasma-rico-plaquetas-400x400-1.jpg\" class=\"img-responsive wp-image-9070\" srcset=\"https:\/\/www.idermic.es\/wp-content\/uploads\/2026\/01\/plasma-rico-plaquetas-400x400-1-200x200.jpg 200w, https:\/\/www.idermic.es\/wp-content\/uploads\/2026\/01\/plasma-rico-plaquetas-400x400-1.jpg 400w\" sizes=\"(max-width: 800px) 100vw, 400px\" \/><\/a><\/span><\/div><div class=\"fusion-clearfix\"><\/div><\/div><\/div><div class=\"fusion-layout-column fusion_builder_column fusion-builder-column-30 fusion_builder_column_1_4 1_4 fusion-one-fourth\" style=\"--awb-bg-size:cover;width:25%;width:calc(25% - ( ( 2% + 2% + 2% ) * 0.25 ) );margin-right: 2%;\"><div class=\"fusion-column-wrapper fusion-flex-column-wrapper-legacy\"><div class=\"fusion-clearfix\"><\/div><\/div><\/div><div class=\"fusion-layout-column fusion_builder_column fusion-builder-column-31 fusion_builder_column_1_4 1_4 fusion-one-fourth fusion-column-last\" style=\"--awb-bg-size:cover;width:25%;width:calc(25% - ( ( 2% + 2% + 2% ) * 0.25 ) );\"><div class=\"fusion-column-wrapper fusion-flex-column-wrapper-legacy\"><div class=\"fusion-clearfix\"><\/div><\/div><\/div><\/div><\/div><div class=\"fusion-fullwidth fullwidth-box fusion-builder-row-12 has-pattern-background has-mask-background nonhundred-percent-fullwidth non-hundred-percent-height-scrolling\" style=\"--awb-border-radius-top-left:0px;--awb-border-radius-top-right:0px;--awb-border-radius-bottom-right:0px;--awb-border-radius-bottom-left:0px;--awb-padding-top:20px;--awb-padding-bottom:32px;--awb-margin-top:48px;--awb-margin-bottom:32px;--awb-flex-wrap:wrap;\" ><div class=\"fusion-builder-row fusion-row\"><div class=\"fusion-layout-column fusion_builder_column fusion-builder-column-32 fusion_builder_column_1_2 1_2 fusion-one-half fusion-column-first fusion-column-inner-bg-wrapper\" style=\"--awb-padding-top:20px;--awb-padding-right:20px;--awb-padding-bottom:20px;--awb-padding-left:60px;--awb-inner-bg-color:#f4d0c2;--awb-inner-bg-color-hover:#f4d0c2;--awb-inner-bg-size:cover;width:50%;width:calc(50% - ( ( 4% ) * 0.5 ) );margin-right: 4%;\" data-scroll-devices=\"small-visibility,medium-visibility,large-visibility\"><span class=\"fusion-column-inner-bg hover-type-none\"><a class=\"fusion-column-anchor\" href=\"https:\/\/www.idermic.es\/es\/financiacion\/\"><span class=\"fusion-column-inner-bg-image\"><\/span><\/a><\/span><div class=\"fusion-column-wrapper fusion-column-has-shadow fusion-flex-column-wrapper-legacy\"><div style=\"text-align:center; max-width: 100%; width: calc(100% - 40px); margin: 0 auto;\">\n  <p style=\"color:white;margin:0;padding:15px 15px 0 15px;background-color:#ddbcb0;font-family:Montserrat;font-size:20px;font-weight:500;letter-spacing:2px;line-height:30px;\">\n    FINAN\u00c7AMENT 0% INTER\u00c8S\n  <\/p>\n  <p style=\"color:white;margin:0;padding:0 15px 15px 15px;background-color:#ddbcb0;font-family:Open Sans;font-size:12px;font-weight:500;letter-spacing:2px;line-height:30px;\">\n    LLEGIR M\u00c9S +\n  <\/p>\n<\/div><div class=\"fusion-clearfix\"><\/div><\/div><\/div><div class=\"fusion-layout-column fusion_builder_column fusion-builder-column-33 fusion_builder_column_1_2 1_2 fusion-one-half fusion-column-last fusion-column-inner-bg-wrapper\" style=\"--awb-padding-top:20px;--awb-padding-right:20px;--awb-padding-bottom:20px;--awb-padding-left:60px;--awb-inner-bg-color:#f4d0c2;--awb-inner-bg-color-hover:#f4d0c2;--awb-inner-bg-size:cover;width:50%;width:calc(50% - ( ( 4% ) * 0.5 ) );\" data-scroll-devices=\"small-visibility,medium-visibility,large-visibility\"><span class=\"fusion-column-inner-bg hover-type-none\"><a class=\"fusion-column-anchor\" href=\"https:\/\/www.idermic.es\/es\/preguntas-frecuentes\/\"><span class=\"fusion-column-inner-bg-image\"><\/span><\/a><\/span><div class=\"fusion-column-wrapper fusion-column-has-shadow fusion-flex-column-wrapper-legacy\"><div style=\"text-align:center; max-width: 100%; width: calc(100% - 40px); margin: 0 auto;\">\n  <p style=\"color:white;margin:0;padding:15px 15px 0 15px;background-color:#ddbcb0;font-family:Montserrat;font-size:20px;font-weight:500;letter-spacing:2px;line-height:30px;\">\n    PREGUNTES FREQ\u00dcENTS \n  <\/p>\n  <p style=\"color:white;margin:0;padding:0 15px 15px 15px;background-color:#ddbcb0;font-family:Open Sans;font-size:12px;font-weight:500;letter-spacing:2px;line-height:30px;\">\n    LLEGIR M\u00c9S +\n  <\/p>\n<\/div><div class=\"fusion-clearfix\"><\/div><\/div><\/div><\/div><\/div>\n<\/p>\n","protected":false},"excerpt":{"rendered":"","protected":false},"author":1,"featured_media":0,"parent":0,"menu_order":0,"comment_status":"closed","ping_status":"closed","template":"","meta":{"_joinchat":[],"footnotes":""},"class_list":["post-1346","page","type-page","status-publish","hentry"],"yoast_head":"<!-- This site is optimized with the Yoast SEO plugin v28.4 - https:\/\/yoast.com\/product\/yoast-seo-wordpress\/ -->\n<title>Dermatolog\u00eda est\u00e9tica - Idermic. Dermatolog\u00eda en Terrassa<\/title>\n<meta name=\"description\" content=\"La Dermatologia est\u00e8tica es un conjunt de t\u00e8cniques m\u00ednimament invasives destinades al rejoveniment integral de la pell\" \/>\n<meta name=\"robots\" content=\"index, follow, max-snippet:-1, max-image-preview:large, max-video-preview:-1\" \/>\n<link rel=\"canonical\" href=\"https:\/\/www.idermic.es\/es\/dermatologia-estetica\/\" \/>\n<meta property=\"og:locale\" content=\"es_ES\" \/>\n<meta property=\"og:type\" content=\"article\" \/>\n<meta property=\"og:title\" content=\"Dermatolog\u00eda est\u00e9tica - Idermic. Dermatolog\u00eda en Terrassa\" \/>\n<meta property=\"og:description\" content=\"La Dermatologia est\u00e8tica es un conjunt de t\u00e8cniques m\u00ednimament invasives destinades al rejoveniment integral de la pell\" \/>\n<meta property=\"og:url\" content=\"https:\/\/www.idermic.es\/es\/dermatologia-estetica\/\" \/>\n<meta property=\"og:site_name\" content=\"Idermic. Dermatolog\u00eda en Terrassa\" \/>\n<meta property=\"article:publisher\" content=\"https:\/\/www.facebook.com\/Idermic\" \/>\n<meta property=\"article:modified_time\" content=\"2026-01-21T10:37:24+00:00\" \/>\n<meta property=\"og:image\" content=\"https:\/\/www.idermic.es\/wp-content\/uploads\/2019\/01\/glass_green-1.jpg\" \/>\n\t<meta property=\"og:image:width\" content=\"115\" \/>\n\t<meta property=\"og:image:height\" content=\"2\" \/>\n\t<meta property=\"og:image:type\" content=\"image\/jpeg\" \/>\n<meta name=\"twitter:card\" content=\"summary_large_image\" \/>\n<meta name=\"twitter:site\" content=\"@idermic\" \/>\n<meta name=\"twitter:label1\" content=\"Tiempo de lectura\" \/>\n\t<meta name=\"twitter:data1\" content=\"6 minutos\" \/>\n<script type=\"application\/ld+json\" class=\"yoast-schema-graph\">{\"@context\":\"https:\\\/\\\/schema.org\",\"@graph\":[{\"@type\":\"WebPage\",\"@id\":\"https:\\\/\\\/www.idermic.es\\\/es\\\/dermatologia-estetica\\\/\",\"url\":\"https:\\\/\\\/www.idermic.es\\\/es\\\/dermatologia-estetica\\\/\",\"name\":\"Dermatolog\u00eda est\u00e9tica - Idermic. Dermatolog\u00eda en Terrassa\",\"isPartOf\":{\"@id\":\"https:\\\/\\\/www.idermic.es\\\/#website\"},\"primaryImageOfPage\":{\"@id\":\"https:\\\/\\\/www.idermic.es\\\/es\\\/dermatologia-estetica\\\/#primaryimage\"},\"image\":{\"@id\":\"https:\\\/\\\/www.idermic.es\\\/es\\\/dermatologia-estetica\\\/#primaryimage\"},\"thumbnailUrl\":\"https:\\\/\\\/www.idermic.es\\\/wp-content\\\/uploads\\\/2019\\\/01\\\/glass_green-1.jpg\",\"datePublished\":\"2019-01-25T08:39:43+00:00\",\"dateModified\":\"2026-01-21T10:37:24+00:00\",\"description\":\"La Dermatologia est\u00e8tica es un conjunt de t\u00e8cniques m\u00ednimament invasives destinades al rejoveniment integral de la pell\",\"breadcrumb\":{\"@id\":\"https:\\\/\\\/www.idermic.es\\\/es\\\/dermatologia-estetica\\\/#breadcrumb\"},\"inLanguage\":\"es\",\"potentialAction\":[{\"@type\":\"ReadAction\",\"target\":[\"https:\\\/\\\/www.idermic.es\\\/es\\\/dermatologia-estetica\\\/\"]}]},{\"@type\":\"ImageObject\",\"inLanguage\":\"es\",\"@id\":\"https:\\\/\\\/www.idermic.es\\\/es\\\/dermatologia-estetica\\\/#primaryimage\",\"url\":\"https:\\\/\\\/www.idermic.es\\\/wp-content\\\/uploads\\\/2019\\\/01\\\/glass_green-1.jpg\",\"contentUrl\":\"https:\\\/\\\/www.idermic.es\\\/wp-content\\\/uploads\\\/2019\\\/01\\\/glass_green-1.jpg\"},{\"@type\":\"BreadcrumbList\",\"@id\":\"https:\\\/\\\/www.idermic.es\\\/es\\\/dermatologia-estetica\\\/#breadcrumb\",\"itemListElement\":[{\"@type\":\"ListItem\",\"position\":1,\"name\":\"Inici\",\"item\":\"https:\\\/\\\/www.idermic.es\\\/es\\\/\"},{\"@type\":\"ListItem\",\"position\":2,\"name\":\"Dermatolog\u00eda est\u00e9tica\"}]},{\"@type\":\"WebSite\",\"@id\":\"https:\\\/\\\/www.idermic.es\\\/#website\",\"url\":\"https:\\\/\\\/www.idermic.es\\\/\",\"name\":\"Idermic. Dermatolog\u00eda en Terrassa\",\"description\":\"Dermatolog\u00eda, Medicina est\u00e9tica, Cirurg\u00eda Pl\u00e0stica\",\"publisher\":{\"@id\":\"https:\\\/\\\/www.idermic.es\\\/#organization\"},\"potentialAction\":[{\"@type\":\"SearchAction\",\"target\":{\"@type\":\"EntryPoint\",\"urlTemplate\":\"https:\\\/\\\/www.idermic.es\\\/?s={search_term_string}\"},\"query-input\":{\"@type\":\"PropertyValueSpecification\",\"valueRequired\":true,\"valueName\":\"search_term_string\"}}],\"inLanguage\":\"es\"},{\"@type\":\"Organization\",\"@id\":\"https:\\\/\\\/www.idermic.es\\\/#organization\",\"name\":\"Idermic. Dermatolog\u00eda en Terrassa\",\"url\":\"https:\\\/\\\/www.idermic.es\\\/\",\"logo\":{\"@type\":\"ImageObject\",\"inLanguage\":\"es\",\"@id\":\"https:\\\/\\\/www.idermic.es\\\/#\\\/schema\\\/logo\\\/image\\\/\",\"url\":\"https:\\\/\\\/www.idermic.es\\\/wp-content\\\/uploads\\\/2025\\\/10\\\/Logo-Idermic.jpg\",\"contentUrl\":\"https:\\\/\\\/www.idermic.es\\\/wp-content\\\/uploads\\\/2025\\\/10\\\/Logo-Idermic.jpg\",\"width\":501,\"height\":502,\"caption\":\"Idermic. Dermatolog\u00eda en Terrassa\"},\"image\":{\"@id\":\"https:\\\/\\\/www.idermic.es\\\/#\\\/schema\\\/logo\\\/image\\\/\"},\"sameAs\":[\"https:\\\/\\\/www.facebook.com\\\/Idermic\",\"https:\\\/\\\/x.com\\\/idermic\",\"https:\\\/\\\/www.instagram.com\\\/idermicclinic\\\/\",\"https:\\\/\\\/www.youtube.com\\\/channel\\\/UCyAHC9-p8lc6hr_nguO8p_g\"]}]}<\/script>\n<!-- \/ Yoast SEO plugin. -->","yoast_head_json":{"title":"Dermatolog\u00eda est\u00e9tica - Idermic. Dermatolog\u00eda en Terrassa","description":"La Dermatologia est\u00e8tica es un conjunt de t\u00e8cniques m\u00ednimament invasives destinades al rejoveniment integral de la pell","robots":{"index":"index","follow":"follow","max-snippet":"max-snippet:-1","max-image-preview":"max-image-preview:large","max-video-preview":"max-video-preview:-1"},"canonical":"https:\/\/www.idermic.es\/es\/dermatologia-estetica\/","og_locale":"es_ES","og_type":"article","og_title":"Dermatolog\u00eda est\u00e9tica - Idermic. Dermatolog\u00eda en Terrassa","og_description":"La Dermatologia est\u00e8tica es un conjunt de t\u00e8cniques m\u00ednimament invasives destinades al rejoveniment integral de la pell","og_url":"https:\/\/www.idermic.es\/es\/dermatologia-estetica\/","og_site_name":"Idermic. Dermatolog\u00eda en Terrassa","article_publisher":"https:\/\/www.facebook.com\/Idermic","article_modified_time":"2026-01-21T10:37:24+00:00","og_image":[{"width":115,"height":2,"url":"https:\/\/www.idermic.es\/wp-content\/uploads\/2019\/01\/glass_green-1.jpg","type":"image\/jpeg"}],"twitter_card":"summary_large_image","twitter_site":"@idermic","twitter_misc":{"Tiempo de lectura":"6 minutos"},"schema":{"@context":"https:\/\/schema.org","@graph":[{"@type":"WebPage","@id":"https:\/\/www.idermic.es\/es\/dermatologia-estetica\/","url":"https:\/\/www.idermic.es\/es\/dermatologia-estetica\/","name":"Dermatolog\u00eda est\u00e9tica - Idermic. Dermatolog\u00eda en Terrassa","isPartOf":{"@id":"https:\/\/www.idermic.es\/#website"},"primaryImageOfPage":{"@id":"https:\/\/www.idermic.es\/es\/dermatologia-estetica\/#primaryimage"},"image":{"@id":"https:\/\/www.idermic.es\/es\/dermatologia-estetica\/#primaryimage"},"thumbnailUrl":"https:\/\/www.idermic.es\/wp-content\/uploads\/2019\/01\/glass_green-1.jpg","datePublished":"2019-01-25T08:39:43+00:00","dateModified":"2026-01-21T10:37:24+00:00","description":"La Dermatologia est\u00e8tica es un conjunt de t\u00e8cniques m\u00ednimament invasives destinades al rejoveniment integral de la pell","breadcrumb":{"@id":"https:\/\/www.idermic.es\/es\/dermatologia-estetica\/#breadcrumb"},"inLanguage":"es","potentialAction":[{"@type":"ReadAction","target":["https:\/\/www.idermic.es\/es\/dermatologia-estetica\/"]}]},{"@type":"ImageObject","inLanguage":"es","@id":"https:\/\/www.idermic.es\/es\/dermatologia-estetica\/#primaryimage","url":"https:\/\/www.idermic.es\/wp-content\/uploads\/2019\/01\/glass_green-1.jpg","contentUrl":"https:\/\/www.idermic.es\/wp-content\/uploads\/2019\/01\/glass_green-1.jpg"},{"@type":"BreadcrumbList","@id":"https:\/\/www.idermic.es\/es\/dermatologia-estetica\/#breadcrumb","itemListElement":[{"@type":"ListItem","position":1,"name":"Inici","item":"https:\/\/www.idermic.es\/es\/"},{"@type":"ListItem","position":2,"name":"Dermatolog\u00eda est\u00e9tica"}]},{"@type":"WebSite","@id":"https:\/\/www.idermic.es\/#website","url":"https:\/\/www.idermic.es\/","name":"Idermic. Dermatolog\u00eda en Terrassa","description":"Dermatolog\u00eda, Medicina est\u00e9tica, Cirurg\u00eda Pl\u00e0stica","publisher":{"@id":"https:\/\/www.idermic.es\/#organization"},"potentialAction":[{"@type":"SearchAction","target":{"@type":"EntryPoint","urlTemplate":"https:\/\/www.idermic.es\/?s={search_term_string}"},"query-input":{"@type":"PropertyValueSpecification","valueRequired":true,"valueName":"search_term_string"}}],"inLanguage":"es"},{"@type":"Organization","@id":"https:\/\/www.idermic.es\/#organization","name":"Idermic. Dermatolog\u00eda en Terrassa","url":"https:\/\/www.idermic.es\/","logo":{"@type":"ImageObject","inLanguage":"es","@id":"https:\/\/www.idermic.es\/#\/schema\/logo\/image\/","url":"https:\/\/www.idermic.es\/wp-content\/uploads\/2025\/10\/Logo-Idermic.jpg","contentUrl":"https:\/\/www.idermic.es\/wp-content\/uploads\/2025\/10\/Logo-Idermic.jpg","width":501,"height":502,"caption":"Idermic. Dermatolog\u00eda en Terrassa"},"image":{"@id":"https:\/\/www.idermic.es\/#\/schema\/logo\/image\/"},"sameAs":["https:\/\/www.facebook.com\/Idermic","https:\/\/x.com\/idermic","https:\/\/www.instagram.com\/idermicclinic\/","https:\/\/www.youtube.com\/channel\/UCyAHC9-p8lc6hr_nguO8p_g"]}]}},"_links":{"self":[{"href":"https:\/\/www.idermic.es\/es\/wp-json\/wp\/v2\/pages\/1346","targetHints":{"allow":["GET"]}}],"collection":[{"href":"https:\/\/www.idermic.es\/es\/wp-json\/wp\/v2\/pages"}],"about":[{"href":"https:\/\/www.idermic.es\/es\/wp-json\/wp\/v2\/types\/page"}],"author":[{"embeddable":true,"href":"https:\/\/www.idermic.es\/es\/wp-json\/wp\/v2\/users\/1"}],"replies":[{"embeddable":true,"href":"https:\/\/www.idermic.es\/es\/wp-json\/wp\/v2\/comments?post=1346"}],"version-history":[{"count":11,"href":"https:\/\/www.idermic.es\/es\/wp-json\/wp\/v2\/pages\/1346\/revisions"}],"predecessor-version":[{"id":9146,"href":"https:\/\/www.idermic.es\/es\/wp-json\/wp\/v2\/pages\/1346\/revisions\/9146"}],"wp:attachment":[{"href":"https:\/\/www.idermic.es\/es\/wp-json\/wp\/v2\/media?parent=1346"}],"curies":[{"name":"wp","href":"https:\/\/api.w.org\/{rel}","templated":true}]}}