{"id":1343,"date":"2019-01-21T10:41:22","date_gmt":"2019-01-21T10:41:22","guid":{"rendered":"http:\/\/www.idermic.es\/dermatologia-clinica\/"},"modified":"2026-03-19T22:20:50","modified_gmt":"2026-03-19T22:20:50","slug":"dermatologia-clinica","status":"publish","type":"page","link":"https:\/\/www.idermic.es\/es\/dermatologia-clinica\/","title":{"rendered":"Dermatolog\u00eda Cl\u00ednica"},"content":{"rendered":"<p><div class=\"fusion-fullwidth fullwidth-box fusion-builder-row-1 nonhundred-percent-fullwidth non-hundred-percent-height-scrolling\" style=\"--awb-border-radius-top-left:0px;--awb-border-radius-top-right:0px;--awb-border-radius-bottom-right:0px;--awb-border-radius-bottom-left:0px;--awb-padding-top:25px;--awb-flex-wrap:wrap;\" ><div class=\"fusion-builder-row fusion-row\"><div class=\"fusion-layout-column fusion_builder_column fusion-builder-column-0 fusion_builder_column_1_1 1_1 fusion-one-full fusion-column-first fusion-column-last\" style=\"--awb-padding-bottom:40px;--awb-bg-size:cover;\"><div class=\"fusion-column-wrapper fusion-flex-column-wrapper-legacy\"><div class=\"fusion-text fusion-text-1\"><h1 style=\"text-align: center;\"><span style=\"color: #000000;\">DERMATOLOG\u00cdA CL\u00cdNICA<\/span><\/h1>\n<p><img decoding=\"async\" class=\"alignnone size-full wp-image-382 aligncenter\" src=\"https:\/\/www.idermic.es\/wp-content\/uploads\/2019\/01\/glass_green-1.jpg\" alt=\"\" width=\"115\" height=\"2\" srcset=\"https:\/\/www.idermic.es\/wp-content\/uploads\/2019\/01\/glass_green-1-66x2.jpg 66w, https:\/\/www.idermic.es\/wp-content\/uploads\/2019\/01\/glass_green-1.jpg 115w\" sizes=\"(max-width: 115px) 100vw, 115px\" \/><\/p>\n<\/div><div class=\"fusion-clearfix\"><\/div><\/div><\/div><\/div><\/div><div class=\"fusion-fullwidth fullwidth-box fusion-builder-row-2 nonhundred-percent-fullwidth non-hundred-percent-height-scrolling custom-table-col\" style=\"--awb-border-radius-top-left:0px;--awb-border-radius-top-right:0px;--awb-border-radius-bottom-right:0px;--awb-border-radius-bottom-left:0px;--awb-padding-top:0px;--awb-flex-wrap:wrap;\" ><div class=\"fusion-builder-row fusion-row\"><div class=\"fusion-layout-column fusion_builder_column fusion-builder-column-1 fusion_builder_column_1_4 1_4 fusion-one-fourth fusion-column-first\" style=\"--awb-bg-size:cover;width:25%;width:calc(25% - ( ( 2% + 2% + 2% ) * 0.25 ) );margin-right: 2%;\"><div class=\"fusion-column-wrapper fusion-flex-column-wrapper-legacy\"><div class=\"fusion-image-element in-legacy-container\" style=\"--awb-caption-title-font-family:var(--h2_typography-font-family);--awb-caption-title-font-weight:var(--h2_typography-font-weight);--awb-caption-title-font-style:var(--h2_typography-font-style);--awb-caption-title-size:var(--h2_typography-font-size);--awb-caption-title-transform:var(--h2_typography-text-transform);--awb-caption-title-line-height:var(--h2_typography-line-height);--awb-caption-title-letter-spacing:var(--h2_typography-letter-spacing);\"><span class=\" fusion-imageframe imageframe-none imageframe-1 hover-type-zoomin\"><a class=\"fusion-no-lightbox\" href=\"https:\/\/www.idermic.es\/es\/dermatologia_clinica\/acne\/\" target=\"_self\" aria-label=\"Acn\u00e9\"><img decoding=\"async\" width=\"400\" height=\"400\" alt=\"Acn\u00e9. Dermatolog\u00eda Cl\u00ednica en Idermic.\" src=\"https:\/\/www.idermic.es\/wp-content\/uploads\/2026\/01\/acne-400x400-3.jpg\" class=\"img-responsive wp-image-9104\" srcset=\"https:\/\/www.idermic.es\/wp-content\/uploads\/2026\/01\/acne-400x400-3-200x200.jpg 200w, https:\/\/www.idermic.es\/wp-content\/uploads\/2026\/01\/acne-400x400-3.jpg 400w\" sizes=\"(max-width: 800px) 100vw, 400px\" \/><\/a><\/span><\/div><div class=\"fusion-clearfix\"><\/div><\/div><\/div><div class=\"fusion-layout-column fusion_builder_column fusion-builder-column-2 fusion_builder_column_1_4 1_4 fusion-one-fourth\" style=\"--awb-bg-size:cover;width:25%;width:calc(25% - ( ( 2% + 2% + 2% ) * 0.25 ) );margin-right: 2%;\"><div class=\"fusion-column-wrapper fusion-flex-column-wrapper-legacy\"><div class=\"fusion-image-element in-legacy-container\" style=\"--awb-caption-title-font-family:var(--h2_typography-font-family);--awb-caption-title-font-weight:var(--h2_typography-font-weight);--awb-caption-title-font-style:var(--h2_typography-font-style);--awb-caption-title-size:var(--h2_typography-font-size);--awb-caption-title-transform:var(--h2_typography-text-transform);--awb-caption-title-line-height:var(--h2_typography-line-height);--awb-caption-title-letter-spacing:var(--h2_typography-letter-spacing);\"><span class=\" fusion-imageframe imageframe-none imageframe-2 hover-type-zoomin\"><a class=\"fusion-no-lightbox\" href=\"https:\/\/www.idermic.es\/es\/dermatologia_clinica\/alopecia\/\" target=\"_self\" aria-label=\"Alopecia\"><img decoding=\"async\" width=\"400\" height=\"400\" alt=\"Alopecia. Dermatolog\u00eda Cl\u00ednica en Idermic.\" src=\"https:\/\/www.idermic.es\/wp-content\/uploads\/2026\/01\/alopecia-400x400-1.jpg\" class=\"img-responsive wp-image-9102\" srcset=\"https:\/\/www.idermic.es\/wp-content\/uploads\/2026\/01\/alopecia-400x400-1-200x200.jpg 200w, https:\/\/www.idermic.es\/wp-content\/uploads\/2026\/01\/alopecia-400x400-1.jpg 400w\" sizes=\"(max-width: 800px) 100vw, 400px\" \/><\/a><\/span><\/div><div class=\"fusion-clearfix\"><\/div><\/div><\/div><div class=\"fusion-layout-column fusion_builder_column fusion-builder-column-3 fusion_builder_column_1_4 1_4 fusion-one-fourth\" style=\"--awb-bg-size:cover;width:25%;width:calc(25% - ( ( 2% + 2% + 2% ) * 0.25 ) );margin-right: 2%;\"><div class=\"fusion-column-wrapper fusion-flex-column-wrapper-legacy\"><div class=\"fusion-image-element in-legacy-container\" style=\"--awb-caption-title-font-family:var(--h2_typography-font-family);--awb-caption-title-font-weight:var(--h2_typography-font-weight);--awb-caption-title-font-style:var(--h2_typography-font-style);--awb-caption-title-size:var(--h2_typography-font-size);--awb-caption-title-transform:var(--h2_typography-text-transform);--awb-caption-title-line-height:var(--h2_typography-line-height);--awb-caption-title-letter-spacing:var(--h2_typography-letter-spacing);\"><span class=\" fusion-imageframe imageframe-none imageframe-3 hover-type-zoomin\"><a class=\"fusion-no-lightbox\" href=\"https:\/\/www.idermic.es\/es\/dermatologia_clinica\/alergias-cutaneas\/\" target=\"_self\" aria-label=\"Alergias cut\u00e1neas\"><img decoding=\"async\" width=\"400\" height=\"400\" alt=\"Alergias cut\u00e1neas. Dermatolog\u00eda Cl\u00ednica en Idermic.\" src=\"https:\/\/www.idermic.es\/wp-content\/uploads\/2026\/01\/alergias-cutaneas-400x400-1.jpg\" class=\"img-responsive wp-image-9100\" srcset=\"https:\/\/www.idermic.es\/wp-content\/uploads\/2026\/01\/alergias-cutaneas-400x400-1-200x200.jpg 200w, https:\/\/www.idermic.es\/wp-content\/uploads\/2026\/01\/alergias-cutaneas-400x400-1.jpg 400w\" sizes=\"(max-width: 800px) 100vw, 400px\" \/><\/a><\/span><\/div><div class=\"fusion-clearfix\"><\/div><\/div><\/div><div class=\"fusion-layout-column fusion_builder_column fusion-builder-column-4 fusion_builder_column_1_4 1_4 fusion-one-fourth fusion-column-last\" style=\"--awb-bg-size:cover;width:25%;width:calc(25% - ( ( 2% + 2% + 2% ) * 0.25 ) );\"><div class=\"fusion-column-wrapper fusion-flex-column-wrapper-legacy\"><div class=\"fusion-image-element in-legacy-container\" style=\"--awb-caption-title-font-family:var(--h2_typography-font-family);--awb-caption-title-font-weight:var(--h2_typography-font-weight);--awb-caption-title-font-style:var(--h2_typography-font-style);--awb-caption-title-size:var(--h2_typography-font-size);--awb-caption-title-transform:var(--h2_typography-text-transform);--awb-caption-title-line-height:var(--h2_typography-line-height);--awb-caption-title-letter-spacing:var(--h2_typography-letter-spacing);\"><span class=\" fusion-imageframe imageframe-none imageframe-4 hover-type-zoomin\"><a class=\"fusion-no-lightbox\" href=\"https:\/\/www.idermic.es\/es\/dermatologia_clinica\/control-pecas\/\" target=\"_self\" aria-label=\"Control pecas\"><img decoding=\"async\" width=\"400\" height=\"400\" alt=\"Control de pecas. Dermatolog\u00eda Cl\u00ednica en Idermic.\" src=\"https:\/\/www.idermic.es\/wp-content\/uploads\/2026\/01\/control-pecas-400x400-1.jpg\" class=\"img-responsive wp-image-9098\" srcset=\"https:\/\/www.idermic.es\/wp-content\/uploads\/2026\/01\/control-pecas-400x400-1-200x200.jpg 200w, https:\/\/www.idermic.es\/wp-content\/uploads\/2026\/01\/control-pecas-400x400-1.jpg 400w\" sizes=\"(max-width: 800px) 100vw, 400px\" \/><\/a><\/span><\/div><div class=\"fusion-clearfix\"><\/div><\/div><\/div><\/div><\/div><div class=\"fusion-fullwidth fullwidth-box fusion-builder-row-3 nonhundred-percent-fullwidth non-hundred-percent-height-scrolling custom-table-col\" style=\"--awb-border-radius-top-left:0px;--awb-border-radius-top-right:0px;--awb-border-radius-bottom-right:0px;--awb-border-radius-bottom-left:0px;--awb-padding-top:25px;--awb-flex-wrap:wrap;\" ><div class=\"fusion-builder-row fusion-row\"><div class=\"fusion-layout-column fusion_builder_column fusion-builder-column-5 fusion_builder_column_1_4 1_4 fusion-one-fourth fusion-column-first\" style=\"--awb-bg-size:cover;width:25%;width:calc(25% - ( ( 2% + 2% + 2% ) * 0.25 ) );margin-right: 2%;\"><div class=\"fusion-column-wrapper fusion-flex-column-wrapper-legacy\"><div class=\"fusion-image-element in-legacy-container\" style=\"--awb-caption-title-font-family:var(--h2_typography-font-family);--awb-caption-title-font-weight:var(--h2_typography-font-weight);--awb-caption-title-font-style:var(--h2_typography-font-style);--awb-caption-title-size:var(--h2_typography-font-size);--awb-caption-title-transform:var(--h2_typography-text-transform);--awb-caption-title-line-height:var(--h2_typography-line-height);--awb-caption-title-letter-spacing:var(--h2_typography-letter-spacing);\"><span class=\" fusion-imageframe imageframe-none imageframe-5 hover-type-zoomin\"><a class=\"fusion-no-lightbox\" href=\"https:\/\/www.idermic.es\/es\/dermatologia_clinica\/dermatitis-atopica\/\" target=\"_self\" aria-label=\"Dermatitis at\u00f3pica\"><img decoding=\"async\" width=\"400\" height=\"400\" alt=\"Dermatitis at\u00f3pica. Dermatolog\u00eda Cl\u00ednica en Idermic.\" src=\"https:\/\/www.idermic.es\/wp-content\/uploads\/2026\/01\/dermatitis-atopica-400x400-2.jpg\" class=\"img-responsive wp-image-9096\" srcset=\"https:\/\/www.idermic.es\/wp-content\/uploads\/2026\/01\/dermatitis-atopica-400x400-2-200x200.jpg 200w, https:\/\/www.idermic.es\/wp-content\/uploads\/2026\/01\/dermatitis-atopica-400x400-2.jpg 400w\" sizes=\"(max-width: 800px) 100vw, 400px\" \/><\/a><\/span><\/div><div class=\"fusion-clearfix\"><\/div><\/div><\/div><div class=\"fusion-layout-column fusion_builder_column fusion-builder-column-6 fusion_builder_column_1_4 1_4 fusion-one-fourth\" style=\"--awb-bg-size:cover;width:25%;width:calc(25% - ( ( 2% + 2% + 2% ) * 0.25 ) );margin-right: 2%;\"><div class=\"fusion-column-wrapper fusion-flex-column-wrapper-legacy\"><div class=\"fusion-image-element in-legacy-container\" style=\"--awb-caption-title-font-family:var(--h2_typography-font-family);--awb-caption-title-font-weight:var(--h2_typography-font-weight);--awb-caption-title-font-style:var(--h2_typography-font-style);--awb-caption-title-size:var(--h2_typography-font-size);--awb-caption-title-transform:var(--h2_typography-text-transform);--awb-caption-title-line-height:var(--h2_typography-line-height);--awb-caption-title-letter-spacing:var(--h2_typography-letter-spacing);\"><span class=\" fusion-imageframe imageframe-none imageframe-6 hover-type-zoomin\"><a class=\"fusion-no-lightbox\" href=\"https:\/\/www.idermic.es\/es\/dermatologia_clinica\/dermatologia-pediatrica\/\" target=\"_self\" aria-label=\"Dermatolog\u00eda pedi\u00e1trica\"><img decoding=\"async\" width=\"400\" height=\"400\" alt=\"Dermatolog\u00eda pedi\u00e1trica. Dermatolog\u00eda Cl\u00ednica en Idermic.\" src=\"https:\/\/www.idermic.es\/wp-content\/uploads\/2026\/01\/dermatologia-pediatrica-400x400-2.jpg\" class=\"img-responsive wp-image-9094\" srcset=\"https:\/\/www.idermic.es\/wp-content\/uploads\/2026\/01\/dermatologia-pediatrica-400x400-2-200x200.jpg 200w, https:\/\/www.idermic.es\/wp-content\/uploads\/2026\/01\/dermatologia-pediatrica-400x400-2.jpg 400w\" sizes=\"(max-width: 800px) 100vw, 400px\" \/><\/a><\/span><\/div><div class=\"fusion-clearfix\"><\/div><\/div><\/div><div class=\"fusion-layout-column fusion_builder_column fusion-builder-column-7 fusion_builder_column_1_4 1_4 fusion-one-fourth\" style=\"--awb-bg-size:cover;width:25%;width:calc(25% - ( ( 2% + 2% + 2% ) * 0.25 ) );margin-right: 2%;\"><div class=\"fusion-column-wrapper fusion-flex-column-wrapper-legacy\"><div class=\"fusion-image-element in-legacy-container\" style=\"--awb-caption-title-font-family:var(--h2_typography-font-family);--awb-caption-title-font-weight:var(--h2_typography-font-weight);--awb-caption-title-font-style:var(--h2_typography-font-style);--awb-caption-title-size:var(--h2_typography-font-size);--awb-caption-title-transform:var(--h2_typography-text-transform);--awb-caption-title-line-height:var(--h2_typography-line-height);--awb-caption-title-letter-spacing:var(--h2_typography-letter-spacing);\"><span class=\" fusion-imageframe imageframe-none imageframe-7 hover-type-zoomin\"><a class=\"fusion-no-lightbox\" href=\"https:\/\/www.idermic.es\/es\/dermatologia_clinica\/enfermedades-transmision-sexual\/\" target=\"_self\" aria-label=\"Enfermedades de transmisi\u00f3n sexual\"><img decoding=\"async\" width=\"400\" height=\"400\" alt=\"Enfermedades de transmisi\u00f3n sexual. Dermatolog\u00eda Cl\u00ednica en Idermic.\" src=\"https:\/\/www.idermic.es\/wp-content\/uploads\/2026\/01\/enfermedades-de-transmision-sexual-400x400-1.jpg\" class=\"img-responsive wp-image-9076\" srcset=\"https:\/\/www.idermic.es\/wp-content\/uploads\/2026\/01\/enfermedades-de-transmision-sexual-400x400-1-200x200.jpg 200w, https:\/\/www.idermic.es\/wp-content\/uploads\/2026\/01\/enfermedades-de-transmision-sexual-400x400-1.jpg 400w\" sizes=\"(max-width: 800px) 100vw, 400px\" \/><\/a><\/span><\/div><div class=\"fusion-clearfix\"><\/div><\/div><\/div><div class=\"fusion-layout-column fusion_builder_column fusion-builder-column-8 fusion_builder_column_1_4 1_4 fusion-one-fourth fusion-column-last\" style=\"--awb-bg-size:cover;width:25%;width:calc(25% - ( ( 2% + 2% + 2% ) * 0.25 ) );\"><div class=\"fusion-column-wrapper fusion-flex-column-wrapper-legacy\"><div class=\"fusion-image-element in-legacy-container\" style=\"--awb-caption-title-font-family:var(--h2_typography-font-family);--awb-caption-title-font-weight:var(--h2_typography-font-weight);--awb-caption-title-font-style:var(--h2_typography-font-style);--awb-caption-title-size:var(--h2_typography-font-size);--awb-caption-title-transform:var(--h2_typography-text-transform);--awb-caption-title-line-height:var(--h2_typography-line-height);--awb-caption-title-letter-spacing:var(--h2_typography-letter-spacing);\"><span class=\" fusion-imageframe imageframe-none imageframe-8 hover-type-zoomin\"><a class=\"fusion-no-lightbox\" href=\"https:\/\/www.idermic.es\/es\/dermatologia_clinica\/exceso-sudoracion\/\" target=\"_self\" aria-label=\"Exceso de sudoraci\u00f3n\"><img decoding=\"async\" width=\"400\" height=\"400\" alt=\"Exceso de sudoraci\u00f3n. Dermatolog\u00eda Cl\u00ednica en Idermic.\" src=\"https:\/\/www.idermic.es\/wp-content\/uploads\/2026\/01\/exceso-de-sudoracion-400x400-1.jpg\" class=\"img-responsive wp-image-9092\" srcset=\"https:\/\/www.idermic.es\/wp-content\/uploads\/2026\/01\/exceso-de-sudoracion-400x400-1-200x200.jpg 200w, https:\/\/www.idermic.es\/wp-content\/uploads\/2026\/01\/exceso-de-sudoracion-400x400-1.jpg 400w\" sizes=\"(max-width: 800px) 100vw, 400px\" \/><\/a><\/span><\/div><div class=\"fusion-clearfix\"><\/div><\/div><\/div><\/div><\/div><div class=\"fusion-fullwidth fullwidth-box fusion-builder-row-4 nonhundred-percent-fullwidth non-hundred-percent-height-scrolling custom-table-col\" style=\"--awb-border-radius-top-left:0px;--awb-border-radius-top-right:0px;--awb-border-radius-bottom-right:0px;--awb-border-radius-bottom-left:0px;--awb-padding-top:25px;--awb-flex-wrap:wrap;\" ><div class=\"fusion-builder-row fusion-row\"><div class=\"fusion-layout-column fusion_builder_column fusion-builder-column-9 fusion_builder_column_1_4 1_4 fusion-one-fourth fusion-column-first\" style=\"--awb-bg-size:cover;width:25%;width:calc(25% - ( ( 2% + 2% + 2% ) * 0.25 ) );margin-right: 2%;\"><div class=\"fusion-column-wrapper fusion-flex-column-wrapper-legacy\"><div class=\"fusion-image-element in-legacy-container\" style=\"--awb-caption-title-font-family:var(--h2_typography-font-family);--awb-caption-title-font-weight:var(--h2_typography-font-weight);--awb-caption-title-font-style:var(--h2_typography-font-style);--awb-caption-title-size:var(--h2_typography-font-size);--awb-caption-title-transform:var(--h2_typography-text-transform);--awb-caption-title-line-height:var(--h2_typography-line-height);--awb-caption-title-letter-spacing:var(--h2_typography-letter-spacing);\"><span class=\" fusion-imageframe imageframe-none imageframe-9 hover-type-zoomin\"><a class=\"fusion-no-lightbox\" href=\"https:\/\/www.idermic.es\/es\/dermatologia_clinica\/infecciones-cutaneas\/\" target=\"_self\" aria-label=\"Infecciones cut\u00e1neas\"><img decoding=\"async\" width=\"400\" height=\"400\" alt=\"Infecciones cut\u00e1neas. Dermatolog\u00eda Cl\u00ednica en Idermic.\" src=\"https:\/\/www.idermic.es\/wp-content\/uploads\/2026\/01\/infecciones-cutaneas-400x400-1.jpg\" class=\"img-responsive wp-image-9090\" srcset=\"https:\/\/www.idermic.es\/wp-content\/uploads\/2026\/01\/infecciones-cutaneas-400x400-1-200x200.jpg 200w, https:\/\/www.idermic.es\/wp-content\/uploads\/2026\/01\/infecciones-cutaneas-400x400-1.jpg 400w\" sizes=\"(max-width: 800px) 100vw, 400px\" \/><\/a><\/span><\/div><div class=\"fusion-clearfix\"><\/div><\/div><\/div><div class=\"fusion-layout-column fusion_builder_column fusion-builder-column-10 fusion_builder_column_1_4 1_4 fusion-one-fourth\" style=\"--awb-bg-size:cover;width:25%;width:calc(25% - ( ( 2% + 2% + 2% ) * 0.25 ) );margin-right: 2%;\"><div class=\"fusion-column-wrapper fusion-flex-column-wrapper-legacy\"><div class=\"fusion-image-element in-legacy-container\" style=\"--awb-caption-title-font-family:var(--h2_typography-font-family);--awb-caption-title-font-weight:var(--h2_typography-font-weight);--awb-caption-title-font-style:var(--h2_typography-font-style);--awb-caption-title-size:var(--h2_typography-font-size);--awb-caption-title-transform:var(--h2_typography-text-transform);--awb-caption-title-line-height:var(--h2_typography-line-height);--awb-caption-title-letter-spacing:var(--h2_typography-letter-spacing);\"><span class=\" fusion-imageframe imageframe-none imageframe-10 hover-type-zoomin\"><a class=\"fusion-no-lightbox\" href=\"https:\/\/www.idermic.es\/es\/dermatologia_clinica\/melasma\/\" target=\"_self\" aria-label=\"Melasma\"><img decoding=\"async\" width=\"400\" height=\"400\" alt=\"Melasma. Dermatolog\u00eda Cl\u00ednica en Idermic.\" src=\"https:\/\/www.idermic.es\/wp-content\/uploads\/2026\/01\/melasma-400x400-2.jpg\" class=\"img-responsive wp-image-9088\" srcset=\"https:\/\/www.idermic.es\/wp-content\/uploads\/2026\/01\/melasma-400x400-2-200x200.jpg 200w, https:\/\/www.idermic.es\/wp-content\/uploads\/2026\/01\/melasma-400x400-2.jpg 400w\" sizes=\"(max-width: 800px) 100vw, 400px\" \/><\/a><\/span><\/div><div class=\"fusion-clearfix\"><\/div><\/div><\/div><div class=\"fusion-layout-column fusion_builder_column fusion-builder-column-11 fusion_builder_column_1_4 1_4 fusion-one-fourth\" style=\"--awb-bg-size:cover;width:25%;width:calc(25% - ( ( 2% + 2% + 2% ) * 0.25 ) );margin-right: 2%;\"><div class=\"fusion-column-wrapper fusion-flex-column-wrapper-legacy\"><div class=\"fusion-image-element in-legacy-container\" style=\"--awb-caption-title-font-family:var(--h2_typography-font-family);--awb-caption-title-font-weight:var(--h2_typography-font-weight);--awb-caption-title-font-style:var(--h2_typography-font-style);--awb-caption-title-size:var(--h2_typography-font-size);--awb-caption-title-transform:var(--h2_typography-text-transform);--awb-caption-title-line-height:var(--h2_typography-line-height);--awb-caption-title-letter-spacing:var(--h2_typography-letter-spacing);\"><span class=\" fusion-imageframe imageframe-none imageframe-11 hover-type-zoomin\"><a class=\"fusion-no-lightbox\" href=\"https:\/\/www.idermic.es\/es\/dermatologia_clinica\/psoriasis\/\" target=\"_self\" aria-label=\"Psoriasis\"><img decoding=\"async\" width=\"400\" height=\"400\" alt=\"Psoriasis. Dermatolog\u00eda Cl\u00ednica en Idermic.\" src=\"https:\/\/www.idermic.es\/wp-content\/uploads\/2026\/01\/psoriasis-400x400-1.jpg\" class=\"img-responsive wp-image-9086\" srcset=\"https:\/\/www.idermic.es\/wp-content\/uploads\/2026\/01\/psoriasis-400x400-1-200x200.jpg 200w, https:\/\/www.idermic.es\/wp-content\/uploads\/2026\/01\/psoriasis-400x400-1.jpg 400w\" sizes=\"(max-width: 800px) 100vw, 400px\" \/><\/a><\/span><\/div><div class=\"fusion-clearfix\"><\/div><\/div><\/div><div class=\"fusion-layout-column fusion_builder_column fusion-builder-column-12 fusion_builder_column_1_4 1_4 fusion-one-fourth fusion-column-last\" style=\"--awb-bg-size:cover;width:25%;width:calc(25% - ( ( 2% + 2% + 2% ) * 0.25 ) );\"><div class=\"fusion-column-wrapper fusion-flex-column-wrapper-legacy\"><div class=\"fusion-image-element in-legacy-container\" style=\"--awb-caption-title-font-family:var(--h2_typography-font-family);--awb-caption-title-font-weight:var(--h2_typography-font-weight);--awb-caption-title-font-style:var(--h2_typography-font-style);--awb-caption-title-size:var(--h2_typography-font-size);--awb-caption-title-transform:var(--h2_typography-text-transform);--awb-caption-title-line-height:var(--h2_typography-line-height);--awb-caption-title-letter-spacing:var(--h2_typography-letter-spacing);\"><span class=\" fusion-imageframe imageframe-none imageframe-12 hover-type-zoomin\"><a class=\"fusion-no-lightbox\" href=\"https:\/\/www.idermic.es\/es\/dermatologia_clinica\/trastornos-pigmentacion\/\" target=\"_self\" aria-label=\"Trastornos de pigmentaci\u00f3n\"><img decoding=\"async\" width=\"400\" height=\"400\" alt=\"Trastornos de pigmentaci\u00f3n. Dermatolog\u00eda Cl\u00ednica en Idermic.\" src=\"https:\/\/www.idermic.es\/wp-content\/uploads\/2026\/01\/trastornos-de-pigmentacion-400x400-1.jpg\" class=\"img-responsive wp-image-9084\" srcset=\"https:\/\/www.idermic.es\/wp-content\/uploads\/2026\/01\/trastornos-de-pigmentacion-400x400-1-200x200.jpg 200w, https:\/\/www.idermic.es\/wp-content\/uploads\/2026\/01\/trastornos-de-pigmentacion-400x400-1.jpg 400w\" sizes=\"(max-width: 800px) 100vw, 400px\" \/><\/a><\/span><\/div><div class=\"fusion-clearfix\"><\/div><\/div><\/div><\/div><\/div><div class=\"fusion-fullwidth fullwidth-box fusion-builder-row-5 nonhundred-percent-fullwidth non-hundred-percent-height-scrolling custom-table-col\" style=\"--awb-border-radius-top-left:0px;--awb-border-radius-top-right:0px;--awb-border-radius-bottom-right:0px;--awb-border-radius-bottom-left:0px;--awb-padding-top:25px;--awb-flex-wrap:wrap;\" ><div class=\"fusion-builder-row fusion-row\"><div class=\"fusion-layout-column fusion_builder_column fusion-builder-column-13 fusion_builder_column_1_4 1_4 fusion-one-fourth fusion-column-first\" style=\"--awb-bg-size:cover;width:25%;width:calc(25% - ( ( 2% + 2% + 2% ) * 0.25 ) );margin-right: 2%;\"><div class=\"fusion-column-wrapper fusion-flex-column-wrapper-legacy\"><div class=\"fusion-image-element in-legacy-container\" style=\"--awb-caption-title-font-family:var(--h2_typography-font-family);--awb-caption-title-font-weight:var(--h2_typography-font-weight);--awb-caption-title-font-style:var(--h2_typography-font-style);--awb-caption-title-size:var(--h2_typography-font-size);--awb-caption-title-transform:var(--h2_typography-text-transform);--awb-caption-title-line-height:var(--h2_typography-line-height);--awb-caption-title-letter-spacing:var(--h2_typography-letter-spacing);\"><span class=\" fusion-imageframe imageframe-none imageframe-13 hover-type-zoomin\"><a class=\"fusion-no-lightbox\" href=\"https:\/\/www.idermic.es\/es\/dermatologia_clinica\/tumores-cutaneos\/\" target=\"_self\" aria-label=\"Tumores cut\u00e1neos\"><img decoding=\"async\" width=\"400\" height=\"400\" alt=\"Tumores cut\u00e1neos. Dermatolog\u00eda Cl\u00ednica en Idermic.\" src=\"https:\/\/www.idermic.es\/wp-content\/uploads\/2026\/01\/tumores-cutaneos-400x400-1.jpg\" class=\"img-responsive wp-image-9082\" srcset=\"https:\/\/www.idermic.es\/wp-content\/uploads\/2026\/01\/tumores-cutaneos-400x400-1-200x200.jpg 200w, https:\/\/www.idermic.es\/wp-content\/uploads\/2026\/01\/tumores-cutaneos-400x400-1.jpg 400w\" sizes=\"(max-width: 800px) 100vw, 400px\" \/><\/a><\/span><\/div><div class=\"fusion-clearfix\"><\/div><\/div><\/div><div class=\"fusion-layout-column fusion_builder_column fusion-builder-column-14 fusion_builder_column_1_4 1_4 fusion-one-fourth\" style=\"--awb-bg-size:cover;width:25%;width:calc(25% - ( ( 2% + 2% + 2% ) * 0.25 ) );margin-right: 2%;\"><div class=\"fusion-column-wrapper fusion-flex-column-wrapper-legacy\"><div class=\"fusion-image-element in-legacy-container\" style=\"--awb-caption-title-font-family:var(--h2_typography-font-family);--awb-caption-title-font-weight:var(--h2_typography-font-weight);--awb-caption-title-font-style:var(--h2_typography-font-style);--awb-caption-title-size:var(--h2_typography-font-size);--awb-caption-title-transform:var(--h2_typography-text-transform);--awb-caption-title-line-height:var(--h2_typography-line-height);--awb-caption-title-letter-spacing:var(--h2_typography-letter-spacing);\"><span class=\" fusion-imageframe imageframe-none imageframe-14 hover-type-zoomin\"><a class=\"fusion-no-lightbox\" href=\"https:\/\/www.idermic.es\/es\/dermatologia_clinica\/verrugas\/\" target=\"_self\" aria-label=\"Verrugas\"><img decoding=\"async\" width=\"400\" height=\"400\" alt=\"Verrugas. Dermatolog\u00eda Cl\u00ednica en Idermic.\" src=\"https:\/\/www.idermic.es\/wp-content\/uploads\/2026\/01\/verrugas-400x400-1.jpg\" class=\"img-responsive wp-image-9080\" srcset=\"https:\/\/www.idermic.es\/wp-content\/uploads\/2026\/01\/verrugas-400x400-1-200x200.jpg 200w, https:\/\/www.idermic.es\/wp-content\/uploads\/2026\/01\/verrugas-400x400-1.jpg 400w\" sizes=\"(max-width: 800px) 100vw, 400px\" \/><\/a><\/span><\/div><div class=\"fusion-clearfix\"><\/div><\/div><\/div><div class=\"fusion-layout-column fusion_builder_column fusion-builder-column-15 fusion_builder_column_1_4 1_4 fusion-one-fourth\" style=\"--awb-bg-size:cover;width:25%;width:calc(25% - ( ( 2% + 2% + 2% ) * 0.25 ) );margin-right: 2%;\"><div class=\"fusion-column-wrapper fusion-flex-column-wrapper-legacy\"><div class=\"fusion-image-element in-legacy-container\" style=\"--awb-caption-title-font-family:var(--h2_typography-font-family);--awb-caption-title-font-weight:var(--h2_typography-font-weight);--awb-caption-title-font-style:var(--h2_typography-font-style);--awb-caption-title-size:var(--h2_typography-font-size);--awb-caption-title-transform:var(--h2_typography-text-transform);--awb-caption-title-line-height:var(--h2_typography-line-height);--awb-caption-title-letter-spacing:var(--h2_typography-letter-spacing);\"><span class=\" fusion-imageframe imageframe-none imageframe-15 hover-type-zoomin\"><a class=\"fusion-no-lightbox\" href=\"https:\/\/www.idermic.es\/es\/dermatologia_clinica\/vitiligo\/\" target=\"_self\" aria-label=\"Vitiligo\"><img decoding=\"async\" width=\"400\" height=\"400\" alt=\"Vitiligo. Dermatolog\u00eda Cl\u00ednica en Idermic.\" src=\"https:\/\/www.idermic.es\/wp-content\/uploads\/2026\/01\/vitiligo-400x400-1.jpg\" class=\"img-responsive wp-image-9078\" srcset=\"https:\/\/www.idermic.es\/wp-content\/uploads\/2026\/01\/vitiligo-400x400-1-200x200.jpg 200w, https:\/\/www.idermic.es\/wp-content\/uploads\/2026\/01\/vitiligo-400x400-1.jpg 400w\" sizes=\"(max-width: 800px) 100vw, 400px\" \/><\/a><\/span><\/div><div class=\"fusion-clearfix\"><\/div><\/div><\/div><div class=\"fusion-layout-column fusion_builder_column fusion-builder-column-16 fusion_builder_column_1_4 1_4 fusion-one-fourth fusion-column-last\" style=\"--awb-bg-size:cover;width:25%;width:calc(25% - ( ( 2% + 2% + 2% ) * 0.25 ) );\"><div class=\"fusion-column-wrapper fusion-flex-column-wrapper-legacy\"><div class=\"fusion-clearfix\"><\/div><\/div><\/div><\/div><\/div><div class=\"fusion-fullwidth fullwidth-box fusion-builder-row-6 has-pattern-background has-mask-background nonhundred-percent-fullwidth non-hundred-percent-height-scrolling\" style=\"--awb-border-radius-top-left:0px;--awb-border-radius-top-right:0px;--awb-border-radius-bottom-right:0px;--awb-border-radius-bottom-left:0px;--awb-padding-top:20px;--awb-padding-bottom:32px;--awb-margin-top:48px;--awb-margin-bottom:32px;--awb-flex-wrap:wrap;\" ><div class=\"fusion-builder-row fusion-row\"><div class=\"fusion-layout-column fusion_builder_column fusion-builder-column-17 fusion_builder_column_1_2 1_2 fusion-one-half fusion-column-first fusion-column-inner-bg-wrapper\" style=\"--awb-padding-top:20px;--awb-padding-right:20px;--awb-padding-bottom:20px;--awb-padding-left:60px;--awb-inner-bg-color:#f4d0c2;--awb-inner-bg-color-hover:#f4d0c2;--awb-inner-bg-size:cover;width:50%;width:calc(50% - ( ( 4% ) * 0.5 ) );margin-right: 4%;\" data-scroll-devices=\"small-visibility,medium-visibility,large-visibility\"><span class=\"fusion-column-inner-bg hover-type-none\"><a class=\"fusion-column-anchor\" href=\"https:\/\/www.idermic.es\/es\/financiacion\/\"><span class=\"fusion-column-inner-bg-image\"><\/span><\/a><\/span><div class=\"fusion-column-wrapper fusion-column-has-shadow fusion-flex-column-wrapper-legacy\"><div style=\"text-align:center; max-width: 100%; width: calc(100% - 40px); margin: 0 auto;\">\n  <p style=\"color:white;margin:0;padding:15px 15px 0 15px;background-color:#ddbcb0;font-family:Montserrat;font-size:20px;font-weight:500;letter-spacing:2px;line-height:30px;\">\n    FINAN\u00c7AMENT 0% INTER\u00c8S\n  <\/p>\n  <p style=\"color:white;margin:0;padding:0 15px 15px 15px;background-color:#ddbcb0;font-family:Open Sans;font-size:12px;font-weight:500;letter-spacing:2px;line-height:30px;\">\n    LLEGIR M\u00c9S +\n  <\/p>\n<\/div><div class=\"fusion-clearfix\"><\/div><\/div><\/div><div class=\"fusion-layout-column fusion_builder_column fusion-builder-column-18 fusion_builder_column_1_2 1_2 fusion-one-half fusion-column-last fusion-column-inner-bg-wrapper\" style=\"--awb-padding-top:20px;--awb-padding-right:20px;--awb-padding-bottom:20px;--awb-padding-left:60px;--awb-inner-bg-color:#f4d0c2;--awb-inner-bg-color-hover:#f4d0c2;--awb-inner-bg-size:cover;width:50%;width:calc(50% - ( ( 4% ) * 0.5 ) );\" data-scroll-devices=\"small-visibility,medium-visibility,large-visibility\"><span class=\"fusion-column-inner-bg hover-type-none\"><a class=\"fusion-column-anchor\" href=\"https:\/\/www.idermic.es\/es\/preguntas-frecuentes\/\"><span class=\"fusion-column-inner-bg-image\"><\/span><\/a><\/span><div class=\"fusion-column-wrapper fusion-column-has-shadow fusion-flex-column-wrapper-legacy\"><div style=\"text-align:center; max-width: 100%; width: calc(100% - 40px); margin: 0 auto;\">\n  <p style=\"color:white;margin:0;padding:15px 15px 0 15px;background-color:#ddbcb0;font-family:Montserrat;font-size:20px;font-weight:500;letter-spacing:2px;line-height:30px;\">\n    PREGUNTES FREQ\u00dcENTS \n  <\/p>\n  <p style=\"color:white;margin:0;padding:0 15px 15px 15px;background-color:#ddbcb0;font-family:Open Sans;font-size:12px;font-weight:500;letter-spacing:2px;line-height:30px;\">\n    LLEGIR M\u00c9S +\n  <\/p>\n<\/div><div class=\"fusion-clearfix\"><\/div><\/div><\/div><\/div><\/div>\n<\/p>\n","protected":false},"excerpt":{"rendered":"","protected":false},"author":1,"featured_media":0,"parent":0,"menu_order":0,"comment_status":"closed","ping_status":"closed","template":"","meta":{"_joinchat":[],"footnotes":""},"class_list":["post-1343","page","type-page","status-publish","hentry"],"yoast_head":"<!-- This site is optimized with the Yoast SEO plugin v28.4 - https:\/\/yoast.com\/product\/yoast-seo-wordpress\/ -->\n<title>Dermatolog\u00eda Cl\u00ednica - Idermic. Dermatolog\u00eda en Terrassa<\/title>\n<meta name=\"description\" content=\"La Dermatologia Cl\u00ednica \u00e9s la ci\u00e8ncia que s&#039;ocupa del diagn\u00f2stic, valoraci\u00f3 i tractament de les malalties de la pell, cabell i ungles\" \/>\n<meta name=\"robots\" content=\"index, follow, max-snippet:-1, max-image-preview:large, max-video-preview:-1\" \/>\n<link rel=\"canonical\" href=\"https:\/\/www.idermic.es\/es\/dermatologia-clinica\/\" \/>\n<meta property=\"og:locale\" content=\"es_ES\" \/>\n<meta property=\"og:type\" content=\"article\" \/>\n<meta property=\"og:title\" content=\"Dermatolog\u00eda Cl\u00ednica - Idermic. Dermatolog\u00eda en Terrassa\" \/>\n<meta property=\"og:description\" content=\"La Dermatologia Cl\u00ednica \u00e9s la ci\u00e8ncia que s&#039;ocupa del diagn\u00f2stic, valoraci\u00f3 i tractament de les malalties de la pell, cabell i ungles\" \/>\n<meta property=\"og:url\" content=\"https:\/\/www.idermic.es\/es\/dermatologia-clinica\/\" \/>\n<meta property=\"og:site_name\" content=\"Idermic. Dermatolog\u00eda en Terrassa\" \/>\n<meta property=\"article:publisher\" content=\"https:\/\/www.facebook.com\/Idermic\" \/>\n<meta property=\"article:modified_time\" content=\"2026-03-19T22:20:50+00:00\" \/>\n<meta property=\"og:image\" content=\"https:\/\/www.idermic.es\/wp-content\/uploads\/2019\/01\/glass_green-1.jpg\" \/>\n\t<meta property=\"og:image:width\" content=\"115\" \/>\n\t<meta property=\"og:image:height\" content=\"2\" \/>\n\t<meta property=\"og:image:type\" content=\"image\/jpeg\" \/>\n<meta name=\"twitter:card\" content=\"summary_large_image\" \/>\n<meta name=\"twitter:site\" content=\"@idermic\" \/>\n<meta name=\"twitter:label1\" content=\"Tiempo de lectura\" \/>\n\t<meta name=\"twitter:data1\" content=\"4 minutos\" \/>\n<script type=\"application\/ld+json\" class=\"yoast-schema-graph\">{\"@context\":\"https:\\\/\\\/schema.org\",\"@graph\":[{\"@type\":\"WebPage\",\"@id\":\"https:\\\/\\\/www.idermic.es\\\/es\\\/dermatologia-clinica\\\/\",\"url\":\"https:\\\/\\\/www.idermic.es\\\/es\\\/dermatologia-clinica\\\/\",\"name\":\"Dermatolog\u00eda Cl\u00ednica - Idermic. Dermatolog\u00eda en Terrassa\",\"isPartOf\":{\"@id\":\"https:\\\/\\\/www.idermic.es\\\/#website\"},\"primaryImageOfPage\":{\"@id\":\"https:\\\/\\\/www.idermic.es\\\/es\\\/dermatologia-clinica\\\/#primaryimage\"},\"image\":{\"@id\":\"https:\\\/\\\/www.idermic.es\\\/es\\\/dermatologia-clinica\\\/#primaryimage\"},\"thumbnailUrl\":\"https:\\\/\\\/www.idermic.es\\\/wp-content\\\/uploads\\\/2019\\\/01\\\/glass_green-1.jpg\",\"datePublished\":\"2019-01-21T10:41:22+00:00\",\"dateModified\":\"2026-03-19T22:20:50+00:00\",\"description\":\"La Dermatologia Cl\u00ednica \u00e9s la ci\u00e8ncia que s'ocupa del diagn\u00f2stic, valoraci\u00f3 i tractament de les malalties de la pell, cabell i ungles\",\"breadcrumb\":{\"@id\":\"https:\\\/\\\/www.idermic.es\\\/es\\\/dermatologia-clinica\\\/#breadcrumb\"},\"inLanguage\":\"es\",\"potentialAction\":[{\"@type\":\"ReadAction\",\"target\":[\"https:\\\/\\\/www.idermic.es\\\/es\\\/dermatologia-clinica\\\/\"]}]},{\"@type\":\"ImageObject\",\"inLanguage\":\"es\",\"@id\":\"https:\\\/\\\/www.idermic.es\\\/es\\\/dermatologia-clinica\\\/#primaryimage\",\"url\":\"https:\\\/\\\/www.idermic.es\\\/wp-content\\\/uploads\\\/2019\\\/01\\\/glass_green-1.jpg\",\"contentUrl\":\"https:\\\/\\\/www.idermic.es\\\/wp-content\\\/uploads\\\/2019\\\/01\\\/glass_green-1.jpg\"},{\"@type\":\"BreadcrumbList\",\"@id\":\"https:\\\/\\\/www.idermic.es\\\/es\\\/dermatologia-clinica\\\/#breadcrumb\",\"itemListElement\":[{\"@type\":\"ListItem\",\"position\":1,\"name\":\"Inici\",\"item\":\"https:\\\/\\\/www.idermic.es\\\/es\\\/\"},{\"@type\":\"ListItem\",\"position\":2,\"name\":\"Dermatolog\u00eda Cl\u00ednica\"}]},{\"@type\":\"WebSite\",\"@id\":\"https:\\\/\\\/www.idermic.es\\\/#website\",\"url\":\"https:\\\/\\\/www.idermic.es\\\/\",\"name\":\"Idermic. Dermatolog\u00eda en Terrassa\",\"description\":\"Dermatolog\u00eda, Medicina est\u00e9tica, Cirurg\u00eda Pl\u00e0stica\",\"publisher\":{\"@id\":\"https:\\\/\\\/www.idermic.es\\\/#organization\"},\"potentialAction\":[{\"@type\":\"SearchAction\",\"target\":{\"@type\":\"EntryPoint\",\"urlTemplate\":\"https:\\\/\\\/www.idermic.es\\\/?s={search_term_string}\"},\"query-input\":{\"@type\":\"PropertyValueSpecification\",\"valueRequired\":true,\"valueName\":\"search_term_string\"}}],\"inLanguage\":\"es\"},{\"@type\":\"Organization\",\"@id\":\"https:\\\/\\\/www.idermic.es\\\/#organization\",\"name\":\"Idermic. Dermatolog\u00eda en Terrassa\",\"url\":\"https:\\\/\\\/www.idermic.es\\\/\",\"logo\":{\"@type\":\"ImageObject\",\"inLanguage\":\"es\",\"@id\":\"https:\\\/\\\/www.idermic.es\\\/#\\\/schema\\\/logo\\\/image\\\/\",\"url\":\"https:\\\/\\\/www.idermic.es\\\/wp-content\\\/uploads\\\/2025\\\/10\\\/Logo-Idermic.jpg\",\"contentUrl\":\"https:\\\/\\\/www.idermic.es\\\/wp-content\\\/uploads\\\/2025\\\/10\\\/Logo-Idermic.jpg\",\"width\":501,\"height\":502,\"caption\":\"Idermic. Dermatolog\u00eda en Terrassa\"},\"image\":{\"@id\":\"https:\\\/\\\/www.idermic.es\\\/#\\\/schema\\\/logo\\\/image\\\/\"},\"sameAs\":[\"https:\\\/\\\/www.facebook.com\\\/Idermic\",\"https:\\\/\\\/x.com\\\/idermic\",\"https:\\\/\\\/www.instagram.com\\\/idermicclinic\\\/\",\"https:\\\/\\\/www.youtube.com\\\/channel\\\/UCyAHC9-p8lc6hr_nguO8p_g\"]}]}<\/script>\n<!-- \/ Yoast SEO plugin. -->","yoast_head_json":{"title":"Dermatolog\u00eda Cl\u00ednica - Idermic. Dermatolog\u00eda en Terrassa","description":"La Dermatologia Cl\u00ednica \u00e9s la ci\u00e8ncia que s'ocupa del diagn\u00f2stic, valoraci\u00f3 i tractament de les malalties de la pell, cabell i ungles","robots":{"index":"index","follow":"follow","max-snippet":"max-snippet:-1","max-image-preview":"max-image-preview:large","max-video-preview":"max-video-preview:-1"},"canonical":"https:\/\/www.idermic.es\/es\/dermatologia-clinica\/","og_locale":"es_ES","og_type":"article","og_title":"Dermatolog\u00eda Cl\u00ednica - Idermic. Dermatolog\u00eda en Terrassa","og_description":"La Dermatologia Cl\u00ednica \u00e9s la ci\u00e8ncia que s'ocupa del diagn\u00f2stic, valoraci\u00f3 i tractament de les malalties de la pell, cabell i ungles","og_url":"https:\/\/www.idermic.es\/es\/dermatologia-clinica\/","og_site_name":"Idermic. Dermatolog\u00eda en Terrassa","article_publisher":"https:\/\/www.facebook.com\/Idermic","article_modified_time":"2026-03-19T22:20:50+00:00","og_image":[{"width":115,"height":2,"url":"https:\/\/www.idermic.es\/wp-content\/uploads\/2019\/01\/glass_green-1.jpg","type":"image\/jpeg"}],"twitter_card":"summary_large_image","twitter_site":"@idermic","twitter_misc":{"Tiempo de lectura":"4 minutos"},"schema":{"@context":"https:\/\/schema.org","@graph":[{"@type":"WebPage","@id":"https:\/\/www.idermic.es\/es\/dermatologia-clinica\/","url":"https:\/\/www.idermic.es\/es\/dermatologia-clinica\/","name":"Dermatolog\u00eda Cl\u00ednica - Idermic. Dermatolog\u00eda en Terrassa","isPartOf":{"@id":"https:\/\/www.idermic.es\/#website"},"primaryImageOfPage":{"@id":"https:\/\/www.idermic.es\/es\/dermatologia-clinica\/#primaryimage"},"image":{"@id":"https:\/\/www.idermic.es\/es\/dermatologia-clinica\/#primaryimage"},"thumbnailUrl":"https:\/\/www.idermic.es\/wp-content\/uploads\/2019\/01\/glass_green-1.jpg","datePublished":"2019-01-21T10:41:22+00:00","dateModified":"2026-03-19T22:20:50+00:00","description":"La Dermatologia Cl\u00ednica \u00e9s la ci\u00e8ncia que s'ocupa del diagn\u00f2stic, valoraci\u00f3 i tractament de les malalties de la pell, cabell i ungles","breadcrumb":{"@id":"https:\/\/www.idermic.es\/es\/dermatologia-clinica\/#breadcrumb"},"inLanguage":"es","potentialAction":[{"@type":"ReadAction","target":["https:\/\/www.idermic.es\/es\/dermatologia-clinica\/"]}]},{"@type":"ImageObject","inLanguage":"es","@id":"https:\/\/www.idermic.es\/es\/dermatologia-clinica\/#primaryimage","url":"https:\/\/www.idermic.es\/wp-content\/uploads\/2019\/01\/glass_green-1.jpg","contentUrl":"https:\/\/www.idermic.es\/wp-content\/uploads\/2019\/01\/glass_green-1.jpg"},{"@type":"BreadcrumbList","@id":"https:\/\/www.idermic.es\/es\/dermatologia-clinica\/#breadcrumb","itemListElement":[{"@type":"ListItem","position":1,"name":"Inici","item":"https:\/\/www.idermic.es\/es\/"},{"@type":"ListItem","position":2,"name":"Dermatolog\u00eda Cl\u00ednica"}]},{"@type":"WebSite","@id":"https:\/\/www.idermic.es\/#website","url":"https:\/\/www.idermic.es\/","name":"Idermic. Dermatolog\u00eda en Terrassa","description":"Dermatolog\u00eda, Medicina est\u00e9tica, Cirurg\u00eda Pl\u00e0stica","publisher":{"@id":"https:\/\/www.idermic.es\/#organization"},"potentialAction":[{"@type":"SearchAction","target":{"@type":"EntryPoint","urlTemplate":"https:\/\/www.idermic.es\/?s={search_term_string}"},"query-input":{"@type":"PropertyValueSpecification","valueRequired":true,"valueName":"search_term_string"}}],"inLanguage":"es"},{"@type":"Organization","@id":"https:\/\/www.idermic.es\/#organization","name":"Idermic. Dermatolog\u00eda en Terrassa","url":"https:\/\/www.idermic.es\/","logo":{"@type":"ImageObject","inLanguage":"es","@id":"https:\/\/www.idermic.es\/#\/schema\/logo\/image\/","url":"https:\/\/www.idermic.es\/wp-content\/uploads\/2025\/10\/Logo-Idermic.jpg","contentUrl":"https:\/\/www.idermic.es\/wp-content\/uploads\/2025\/10\/Logo-Idermic.jpg","width":501,"height":502,"caption":"Idermic. Dermatolog\u00eda en Terrassa"},"image":{"@id":"https:\/\/www.idermic.es\/#\/schema\/logo\/image\/"},"sameAs":["https:\/\/www.facebook.com\/Idermic","https:\/\/x.com\/idermic","https:\/\/www.instagram.com\/idermicclinic\/","https:\/\/www.youtube.com\/channel\/UCyAHC9-p8lc6hr_nguO8p_g"]}]}},"_links":{"self":[{"href":"https:\/\/www.idermic.es\/es\/wp-json\/wp\/v2\/pages\/1343","targetHints":{"allow":["GET"]}}],"collection":[{"href":"https:\/\/www.idermic.es\/es\/wp-json\/wp\/v2\/pages"}],"about":[{"href":"https:\/\/www.idermic.es\/es\/wp-json\/wp\/v2\/types\/page"}],"author":[{"embeddable":true,"href":"https:\/\/www.idermic.es\/es\/wp-json\/wp\/v2\/users\/1"}],"replies":[{"embeddable":true,"href":"https:\/\/www.idermic.es\/es\/wp-json\/wp\/v2\/comments?post=1343"}],"version-history":[{"count":6,"href":"https:\/\/www.idermic.es\/es\/wp-json\/wp\/v2\/pages\/1343\/revisions"}],"predecessor-version":[{"id":9147,"href":"https:\/\/www.idermic.es\/es\/wp-json\/wp\/v2\/pages\/1343\/revisions\/9147"}],"wp:attachment":[{"href":"https:\/\/www.idermic.es\/es\/wp-json\/wp\/v2\/media?parent=1343"}],"curies":[{"name":"wp","href":"https:\/\/api.w.org\/{rel}","templated":true}]}}