{"id":1321,"date":"2019-01-24T12:15:02","date_gmt":"2019-01-24T12:15:02","guid":{"rendered":"http:\/\/www.idermic.es\/dr-xavier-alvarez\/"},"modified":"2019-02-25T13:08:07","modified_gmt":"2019-02-25T13:08:07","slug":"dr-xavier-alvarez","status":"publish","type":"page","link":"https:\/\/www.idermic.es\/es\/dr-xavier-alvarez\/","title":{"rendered":"DR. XAVIER \u00c1LVAREZ"},"content":{"rendered":"<p><div class=\"fusion-fullwidth fullwidth-box fusion-builder-row-1 nonhundred-percent-fullwidth non-hundred-percent-height-scrolling\" style=\"--awb-border-radius-top-left:0px;--awb-border-radius-top-right:0px;--awb-border-radius-bottom-right:0px;--awb-border-radius-bottom-left:0px;--awb-padding-top:25px;--awb-flex-wrap:wrap;\" ><div class=\"fusion-builder-row fusion-row\"><div class=\"fusion-layout-column fusion_builder_column fusion-builder-column-0 fusion_builder_column_1_1 1_1 fusion-one-full fusion-column-first fusion-column-last\" style=\"--awb-padding-bottom:40px;--awb-bg-size:cover;\"><div class=\"fusion-column-wrapper fusion-flex-column-wrapper-legacy\"><div class=\"fusion-text fusion-text-1\"><h1 style=\"text-align: center;\">EQUIPO<\/h1>\n<p><img decoding=\"async\" class=\"alignnone size-full wp-image-382 aligncenter\" src=\"https:\/\/www.idermic.es\/wp-content\/uploads\/2019\/01\/glass_green-1.jpg\" alt=\"\" width=\"115\" height=\"2\" srcset=\"https:\/\/www.idermic.es\/wp-content\/uploads\/2019\/01\/glass_green-1-66x2.jpg 66w, https:\/\/www.idermic.es\/wp-content\/uploads\/2019\/01\/glass_green-1.jpg 115w\" sizes=\"(max-width: 115px) 100vw, 115px\" \/><\/p>\n<\/div><div class=\"fusion-clearfix\"><\/div><\/div><\/div><\/div><\/div><div class=\"fusion-fullwidth fullwidth-box fusion-builder-row-2 nonhundred-percent-fullwidth non-hundred-percent-height-scrolling\" style=\"--awb-border-radius-top-left:0px;--awb-border-radius-top-right:0px;--awb-border-radius-bottom-right:0px;--awb-border-radius-bottom-left:0px;--awb-flex-wrap:wrap;\" ><div class=\"fusion-builder-row fusion-row\"><div class=\"fusion-layout-column fusion_builder_column fusion-builder-column-1 fusion_builder_column_1_3 1_3 fusion-one-third fusion-column-first\" style=\"--awb-bg-size:cover;width:33.333333333333%;width:calc(33.333333333333% - ( ( 4% + 4% ) * 0.33333333333333 ) );margin-right: 4%;\"><div class=\"fusion-column-wrapper fusion-flex-column-wrapper-legacy\"><div class=\"fusion-image-element in-legacy-container\" style=\"--awb-caption-title-font-family:var(--h2_typography-font-family);--awb-caption-title-font-weight:var(--h2_typography-font-weight);--awb-caption-title-font-style:var(--h2_typography-font-style);--awb-caption-title-size:var(--h2_typography-font-size);--awb-caption-title-transform:var(--h2_typography-text-transform);--awb-caption-title-line-height:var(--h2_typography-line-height);--awb-caption-title-letter-spacing:var(--h2_typography-letter-spacing);\"><span class=\" fusion-imageframe imageframe-none imageframe-1 hover-type-none\"><img decoding=\"async\" width=\"356\" height=\"2\" title=\"line_green\" src=\"https:\/\/www.idermic.es\/wp-content\/uploads\/2019\/01\/line_green.jpg\" alt class=\"img-responsive wp-image-1002\" srcset=\"https:\/\/www.idermic.es\/wp-content\/uploads\/2019\/01\/line_green-200x1.jpg 200w, https:\/\/www.idermic.es\/wp-content\/uploads\/2019\/01\/line_green.jpg 356w\" sizes=\"(max-width: 800px) 100vw, 356px\" \/><\/span><\/div><div class=\"fusion-title title fusion-title-1 fusion-sep-none fusion-title-text fusion-title-size-two\"><h2 class=\"fusion-title-heading title-heading-left\" style=\"margin:0;\">DR. XAVIER \u00c1LVAREZ<\/h2><\/div><div class=\"fusion-text fusion-text-2\"><p>&#8212;&#8212;<\/p>\n<\/div><div class=\"fusion-image-element in-legacy-container\" style=\"--awb-caption-title-font-family:var(--h2_typography-font-family);--awb-caption-title-font-weight:var(--h2_typography-font-weight);--awb-caption-title-font-style:var(--h2_typography-font-style);--awb-caption-title-size:var(--h2_typography-font-size);--awb-caption-title-transform:var(--h2_typography-text-transform);--awb-caption-title-line-height:var(--h2_typography-line-height);--awb-caption-title-letter-spacing:var(--h2_typography-letter-spacing);\"><span class=\" fusion-imageframe imageframe-none imageframe-2 hover-type-none\"><img decoding=\"async\" width=\"800\" height=\"838\" alt=\"Dr. Xavier \u00c1lvarez. Actualmente, ejerce su profesi\u00f3n, en dedicaci\u00f3n exclusiva a la Cirug\u00eda Capilar, concretamente el injerto capilar con la t\u00e9cnica FUE. Cl\u00ednica Idermic de Terrassa.\" title=\"xavier_alvarez_idermic\" src=\"https:\/\/www.idermic.es\/wp-content\/uploads\/2019\/01\/xavier_alvarez_idermic-1.jpg\" class=\"img-responsive wp-image-1035\" srcset=\"https:\/\/www.idermic.es\/wp-content\/uploads\/2019\/01\/xavier_alvarez_idermic-1-200x210.jpg 200w, https:\/\/www.idermic.es\/wp-content\/uploads\/2019\/01\/xavier_alvarez_idermic-1-400x419.jpg 400w, https:\/\/www.idermic.es\/wp-content\/uploads\/2019\/01\/xavier_alvarez_idermic-1-600x629.jpg 600w, https:\/\/www.idermic.es\/wp-content\/uploads\/2019\/01\/xavier_alvarez_idermic-1.jpg 800w\" sizes=\"(max-width: 800px) 100vw, 400px\" \/><\/span><\/div><div class=\"fusion-clearfix\"><\/div><\/div><\/div><div class=\"fusion-layout-column fusion_builder_column fusion-builder-column-2 fusion_builder_column_1_3 1_3 fusion-one-third\" style=\"--awb-bg-size:cover;width:33.333333333333%;width:calc(33.333333333333% - ( ( 4% + 4% ) * 0.33333333333333 ) );margin-right: 4%;\"><div class=\"fusion-column-wrapper fusion-flex-column-wrapper-legacy\"><div class=\"fusion-image-element in-legacy-container\" style=\"--awb-caption-title-font-family:var(--h2_typography-font-family);--awb-caption-title-font-weight:var(--h2_typography-font-weight);--awb-caption-title-font-style:var(--h2_typography-font-style);--awb-caption-title-size:var(--h2_typography-font-size);--awb-caption-title-transform:var(--h2_typography-text-transform);--awb-caption-title-line-height:var(--h2_typography-line-height);--awb-caption-title-letter-spacing:var(--h2_typography-letter-spacing);\"><span class=\" fusion-imageframe imageframe-none imageframe-3 hover-type-none\"><img decoding=\"async\" width=\"356\" height=\"2\" title=\"line_green\" src=\"https:\/\/www.idermic.es\/wp-content\/uploads\/2019\/01\/line_green.jpg\" alt class=\"img-responsive wp-image-1002\" srcset=\"https:\/\/www.idermic.es\/wp-content\/uploads\/2019\/01\/line_green-200x1.jpg 200w, https:\/\/www.idermic.es\/wp-content\/uploads\/2019\/01\/line_green.jpg 356w\" sizes=\"(max-width: 800px) 100vw, 356px\" \/><\/span><\/div><div class=\"fusion-text fusion-text-3\"><p>Licenciado en Medicina y Cirug\u00eda por la Universidad de Lleida (promoci\u00f3n del 1993), finaliz\u00f3 las pr\u00e1cticas del \u00faltimo a\u00f1o de la licenciatura en H\u00f4pital Purpan de Tolosa (Francia), en convenio con la Universidad de Tolosa y el Programa S\u00f3crates-Erasmus (1998 ).<\/p>\n<p>Seguidamente, inici\u00f3 la actividad profesional en el sector de la Medicina y Cirug\u00eda Est\u00e9tica, juntamente con la Nutrici\u00f3n y la Fotomedicina, a la vez que fue completando su formaci\u00f3n acad\u00e9mica con diferentes cursos y estudios de postgrado, tanto a nivel nacional como a nivel internacional, siendo los m\u00e1s relevantes el M\u00e1ster en Medicina Est\u00e9tica en la Universidad de las Islas Baleares (2002), el M\u00e1ster en L\u00e1ser en Medicina y Cirug\u00eda en la Universidad Rovira i Virgili (2004), el M\u00e1ster en Fotomedicina: L\u00e1ser y Fototerapia por la Universidad Polit\u00e9cnica de Catalu\u00f1a, Instituto de Ciencias Fot\u00f3nicas y Centro M\u00e9dico Teknon (2007), este \u00faltimo con cualificaci\u00f3n de matr\u00edcula de honor, y el Postgrado en Diet\u00e9tica y Nutrici\u00f3n en la Universidad de Navarra (2005).<\/p>\n<p>Posteriormente, inici\u00f3 su formaci\u00f3n en Medicina y Cirug\u00eda Capilar, combinando el M\u00e1ster en Medicina y Cirug\u00eda Capilar (Universidad de Alcal\u00e1, Madrid) con estadas en varios hospitales y cl\u00ednicas de prestigio, especializ\u00e1ndose en el Trasplante Capilar con la T\u00e9cnica FUE. A destacar la tesina realizada, como proyecto de final de m\u00e1ster, sobre regeneraci\u00f3n celular del cabello.<\/p>\n<p>En sus primeros a\u00f1os profesionales su actividad estuvo relacionada con la Medicina y Cirug\u00eda Est\u00e9tica, la Fotomedicina, y la Medicina y Cirug\u00eda Capilar, con diferentes cargos dentro de los centros m\u00e9dicos en los cuales ha trabajado, desde m\u00e9dico colaborador hasta director m\u00e9dico de servicio, de los cuales hay que destacar el de m\u00e9dico adjunto al Instituto de Fotomedicina de Centro m\u00e9dico Teknon, Barcelona (2005-2009), para dedicarse posteriormente de forma exclusiva a su gran pasi\u00f3n, el Trasplante Capilar.<\/p>\n<p>Gracias a esta formaci\u00f3n y la experiencia profesional atesorada, el Colegio Oficial de M\u00e9dicos de Barcelona le concedi\u00f3 el a\u00f1o 2005, siendo uno de los 100 primeros licenciados en medicina en conseguir esta titulaci\u00f3n, el Diploma Acreditativo de Capacitaci\u00f3n en Medicina Cosm\u00e9tica y Est\u00e9tica.<\/p>\n<\/div><div class=\"fusion-clearfix\"><\/div><\/div><\/div><div class=\"fusion-layout-column fusion_builder_column fusion-builder-column-3 fusion_builder_column_1_3 1_3 fusion-one-third fusion-column-last\" style=\"--awb-bg-size:cover;width:33.333333333333%;width:calc(33.333333333333% - ( ( 4% + 4% ) * 0.33333333333333 ) );\"><div class=\"fusion-column-wrapper fusion-flex-column-wrapper-legacy\"><div class=\"fusion-image-element in-legacy-container\" style=\"--awb-caption-title-font-family:var(--h2_typography-font-family);--awb-caption-title-font-weight:var(--h2_typography-font-weight);--awb-caption-title-font-style:var(--h2_typography-font-style);--awb-caption-title-size:var(--h2_typography-font-size);--awb-caption-title-transform:var(--h2_typography-text-transform);--awb-caption-title-line-height:var(--h2_typography-line-height);--awb-caption-title-letter-spacing:var(--h2_typography-letter-spacing);\"><span class=\" fusion-imageframe imageframe-none imageframe-4 hover-type-none\"><img decoding=\"async\" width=\"356\" height=\"2\" title=\"line_green\" src=\"https:\/\/www.idermic.es\/wp-content\/uploads\/2019\/01\/line_green.jpg\" alt class=\"img-responsive wp-image-1002\" srcset=\"https:\/\/www.idermic.es\/wp-content\/uploads\/2019\/01\/line_green-200x1.jpg 200w, https:\/\/www.idermic.es\/wp-content\/uploads\/2019\/01\/line_green.jpg 356w\" sizes=\"(max-width: 800px) 100vw, 356px\" \/><\/span><\/div><div class=\"fusion-text fusion-text-4\"><p>Actualmente, ejerce su profesi\u00f3n, en dedicaci\u00f3n exclusiva a la Cirug\u00eda Capilar, concretamente el injerto capilar con la t\u00e9cnica FUE.<\/p>\n<p>En otras actividades profesionales, hay que destacar la colaboraci\u00f3n como profesor y director de proyecto en el M\u00e1ster en Fotomedicina: L\u00e1ser y Fototerapia de Centre M\u00e9dico Teknon, Instituto de Ciencias Fot\u00f3nicas y Universidad Polit\u00e9cnica de Catalu\u00f1a, en sus dos ediciones 2007 y 2008, como profesor invitado del M\u00e1ster en Periodoncia, UIC (Universidad Internacional de Catalu\u00f1a) y Facultad de Ciencias de la Salud (2008), y como poniente invitado en varios congresos nacionales e internacionales, as\u00ed como la publicaci\u00f3n de trabajos en revistas cient\u00edficas.<\/p>\n<p>Actualmente se encuentra en convenio de colaboraci\u00f3n con la Universidad de Alcal\u00e1 por la formaci\u00f3n de m\u00e9dicos en el trasplante capilar.<\/p>\n<p>\u2014\u2014\u2014\u2014\u2013<\/p>\n<p>XII Congreso de la Sociedad Espa\u00f1ola de L\u00e1ser M\u00e9dico Quir\u00fargico. Marbella, 2004<\/p>\n<p>III Congreso de la Sociedad Espa\u00f1ola de Medicina Antienvejecimiento y Longevidad. Valencia, 2004<\/p>\n<p>XXI Curso Internacional Pr\u00e1ctico Intensivo L\u00e1ser en Medicina y Cirug\u00eda. Tarragona, 2004<\/p>\n<p>XIII Congreso de la Sociedad Espa\u00f1ola de L\u00e1ser M\u00e9dico Quir\u00fargico. Sevilla, 2005<\/p>\n<p>XXII Curso Internacional Pr\u00e1ctico Intensivo L\u00e1ser en Medicina y Cirug\u00eda. Tarragona, 2005<\/p>\n<p>XXIV Curso Internacional Pr\u00e1ctico Intensivo L\u00e1ser en Medicina y Cirug\u00eda. Tarragona, 2007<\/p>\n<p>I Reuni\u00f3n de usuarios de Ellipse. Mesa de expertos. Fotorejuvenecimiento y tratamiento de lesiones pigmentadas con I2PL. Barcelona, \u200b\u200b2008<\/p>\n<p>2nd Internacional Conference LaserInnsbruck 2008. Advances and controversies in l\u00e0ser and aesthetic surgery. Advances and controversies in Vascular Lesions \u2013 Expert Panel: Laser cromophore absorption: hemoglobin and light. Una nueva approach to treat leg veins. Innsbruck (\u00c0ustria), 2008XXVI<\/p>\n<p>Congreso de la Sociedad Espa\u00f1ola de Medicina Est\u00e9tica. \u00bfRejuvenecimiento de las manos Cuando y como utilizar las terapias actuales? Barcelona, \u200b\u200b2011<\/p>\n<p>M\u00e1ster en Trasplante y Medicina Capilar. Universidad de Alcal\u00e1. Madrid, 2017.<\/p>\n<p>M\u00e1ster en Trasplante y Medicina Capilar. Universidad de Alcal\u00e1. Madrid, 2018.<\/p>\n<\/div><div class=\"fusion-clearfix\"><\/div><\/div><\/div><\/div><\/div><div class=\"fusion-fullwidth fullwidth-box fusion-builder-row-3 nonhundred-percent-fullwidth non-hundred-percent-height-scrolling\" style=\"--awb-border-radius-top-left:0px;--awb-border-radius-top-right:0px;--awb-border-radius-bottom-right:0px;--awb-border-radius-bottom-left:0px;--awb-padding-top:80px;--awb-padding-bottom:50px;--awb-flex-wrap:wrap;\" ><\/div>\n<\/p>\n","protected":false},"excerpt":{"rendered":"","protected":false},"author":1,"featured_media":0,"parent":0,"menu_order":0,"comment_status":"closed","ping_status":"closed","template":"","meta":{"_joinchat":[],"footnotes":""},"class_list":["post-1321","page","type-page","status-publish","hentry"],"yoast_head":"<!-- This site is optimized with the Yoast SEO plugin v28.4 - https:\/\/yoast.com\/product\/yoast-seo-wordpress\/ -->\n<title>DR. XAVIER \u00c1LVAREZ - Idermic. Dermatolog\u00eda en Terrassa<\/title>\n<meta name=\"robots\" content=\"index, follow, max-snippet:-1, max-image-preview:large, max-video-preview:-1\" \/>\n<link rel=\"canonical\" href=\"https:\/\/www.idermic.es\/es\/dr-xavier-alvarez\/\" \/>\n<meta property=\"og:locale\" content=\"es_ES\" \/>\n<meta property=\"og:type\" content=\"article\" \/>\n<meta property=\"og:title\" content=\"DR. XAVIER \u00c1LVAREZ - Idermic. Dermatolog\u00eda en Terrassa\" \/>\n<meta property=\"og:url\" content=\"https:\/\/www.idermic.es\/es\/dr-xavier-alvarez\/\" \/>\n<meta property=\"og:site_name\" content=\"Idermic. Dermatolog\u00eda en Terrassa\" \/>\n<meta property=\"article:publisher\" content=\"https:\/\/www.facebook.com\/Idermic\" \/>\n<meta property=\"article:modified_time\" content=\"2019-02-25T13:08:07+00:00\" \/>\n<meta property=\"og:image\" content=\"https:\/\/www.idermic.es\/wp-content\/uploads\/2019\/01\/glass_green-1.jpg\" \/>\n<meta name=\"twitter:card\" content=\"summary_large_image\" \/>\n<meta name=\"twitter:site\" content=\"@idermic\" \/>\n<meta name=\"twitter:label1\" content=\"Tiempo de lectura\" \/>\n\t<meta name=\"twitter:data1\" content=\"8 minutos\" \/>\n<script type=\"application\/ld+json\" class=\"yoast-schema-graph\">{\"@context\":\"https:\\\/\\\/schema.org\",\"@graph\":[{\"@type\":\"WebPage\",\"@id\":\"https:\\\/\\\/www.idermic.es\\\/es\\\/dr-xavier-alvarez\\\/\",\"url\":\"https:\\\/\\\/www.idermic.es\\\/es\\\/dr-xavier-alvarez\\\/\",\"name\":\"DR. XAVIER \u00c1LVAREZ - Idermic. Dermatolog\u00eda en Terrassa\",\"isPartOf\":{\"@id\":\"https:\\\/\\\/www.idermic.es\\\/#website\"},\"primaryImageOfPage\":{\"@id\":\"https:\\\/\\\/www.idermic.es\\\/es\\\/dr-xavier-alvarez\\\/#primaryimage\"},\"image\":{\"@id\":\"https:\\\/\\\/www.idermic.es\\\/es\\\/dr-xavier-alvarez\\\/#primaryimage\"},\"thumbnailUrl\":\"https:\\\/\\\/www.idermic.es\\\/wp-content\\\/uploads\\\/2019\\\/01\\\/glass_green-1.jpg\",\"datePublished\":\"2019-01-24T12:15:02+00:00\",\"dateModified\":\"2019-02-25T13:08:07+00:00\",\"breadcrumb\":{\"@id\":\"https:\\\/\\\/www.idermic.es\\\/es\\\/dr-xavier-alvarez\\\/#breadcrumb\"},\"inLanguage\":\"es\",\"potentialAction\":[{\"@type\":\"ReadAction\",\"target\":[\"https:\\\/\\\/www.idermic.es\\\/es\\\/dr-xavier-alvarez\\\/\"]}]},{\"@type\":\"ImageObject\",\"inLanguage\":\"es\",\"@id\":\"https:\\\/\\\/www.idermic.es\\\/es\\\/dr-xavier-alvarez\\\/#primaryimage\",\"url\":\"https:\\\/\\\/www.idermic.es\\\/wp-content\\\/uploads\\\/2019\\\/01\\\/glass_green-1.jpg\",\"contentUrl\":\"https:\\\/\\\/www.idermic.es\\\/wp-content\\\/uploads\\\/2019\\\/01\\\/glass_green-1.jpg\"},{\"@type\":\"BreadcrumbList\",\"@id\":\"https:\\\/\\\/www.idermic.es\\\/es\\\/dr-xavier-alvarez\\\/#breadcrumb\",\"itemListElement\":[{\"@type\":\"ListItem\",\"position\":1,\"name\":\"Inici\",\"item\":\"https:\\\/\\\/www.idermic.es\\\/es\\\/\"},{\"@type\":\"ListItem\",\"position\":2,\"name\":\"DR. XAVIER \u00c1LVAREZ\"}]},{\"@type\":\"WebSite\",\"@id\":\"https:\\\/\\\/www.idermic.es\\\/#website\",\"url\":\"https:\\\/\\\/www.idermic.es\\\/\",\"name\":\"Idermic. Dermatolog\u00eda en Terrassa\",\"description\":\"Dermatolog\u00eda, Medicina est\u00e9tica, Cirurg\u00eda Pl\u00e0stica\",\"publisher\":{\"@id\":\"https:\\\/\\\/www.idermic.es\\\/#organization\"},\"potentialAction\":[{\"@type\":\"SearchAction\",\"target\":{\"@type\":\"EntryPoint\",\"urlTemplate\":\"https:\\\/\\\/www.idermic.es\\\/?s={search_term_string}\"},\"query-input\":{\"@type\":\"PropertyValueSpecification\",\"valueRequired\":true,\"valueName\":\"search_term_string\"}}],\"inLanguage\":\"es\"},{\"@type\":\"Organization\",\"@id\":\"https:\\\/\\\/www.idermic.es\\\/#organization\",\"name\":\"Idermic. Dermatolog\u00eda en Terrassa\",\"url\":\"https:\\\/\\\/www.idermic.es\\\/\",\"logo\":{\"@type\":\"ImageObject\",\"inLanguage\":\"es\",\"@id\":\"https:\\\/\\\/www.idermic.es\\\/#\\\/schema\\\/logo\\\/image\\\/\",\"url\":\"https:\\\/\\\/www.idermic.es\\\/wp-content\\\/uploads\\\/2025\\\/10\\\/Logo-Idermic.jpg\",\"contentUrl\":\"https:\\\/\\\/www.idermic.es\\\/wp-content\\\/uploads\\\/2025\\\/10\\\/Logo-Idermic.jpg\",\"width\":501,\"height\":502,\"caption\":\"Idermic. Dermatolog\u00eda en Terrassa\"},\"image\":{\"@id\":\"https:\\\/\\\/www.idermic.es\\\/#\\\/schema\\\/logo\\\/image\\\/\"},\"sameAs\":[\"https:\\\/\\\/www.facebook.com\\\/Idermic\",\"https:\\\/\\\/x.com\\\/idermic\",\"https:\\\/\\\/www.instagram.com\\\/idermicclinic\\\/\",\"https:\\\/\\\/www.youtube.com\\\/channel\\\/UCyAHC9-p8lc6hr_nguO8p_g\"]}]}<\/script>\n<!-- \/ Yoast SEO plugin. -->","yoast_head_json":{"title":"DR. XAVIER \u00c1LVAREZ - Idermic. Dermatolog\u00eda en Terrassa","robots":{"index":"index","follow":"follow","max-snippet":"max-snippet:-1","max-image-preview":"max-image-preview:large","max-video-preview":"max-video-preview:-1"},"canonical":"https:\/\/www.idermic.es\/es\/dr-xavier-alvarez\/","og_locale":"es_ES","og_type":"article","og_title":"DR. XAVIER \u00c1LVAREZ - Idermic. Dermatolog\u00eda en Terrassa","og_url":"https:\/\/www.idermic.es\/es\/dr-xavier-alvarez\/","og_site_name":"Idermic. Dermatolog\u00eda en Terrassa","article_publisher":"https:\/\/www.facebook.com\/Idermic","article_modified_time":"2019-02-25T13:08:07+00:00","og_image":[{"url":"https:\/\/www.idermic.es\/wp-content\/uploads\/2019\/01\/glass_green-1.jpg","type":"","width":"","height":""}],"twitter_card":"summary_large_image","twitter_site":"@idermic","twitter_misc":{"Tiempo de lectura":"8 minutos"},"schema":{"@context":"https:\/\/schema.org","@graph":[{"@type":"WebPage","@id":"https:\/\/www.idermic.es\/es\/dr-xavier-alvarez\/","url":"https:\/\/www.idermic.es\/es\/dr-xavier-alvarez\/","name":"DR. XAVIER \u00c1LVAREZ - Idermic. Dermatolog\u00eda en Terrassa","isPartOf":{"@id":"https:\/\/www.idermic.es\/#website"},"primaryImageOfPage":{"@id":"https:\/\/www.idermic.es\/es\/dr-xavier-alvarez\/#primaryimage"},"image":{"@id":"https:\/\/www.idermic.es\/es\/dr-xavier-alvarez\/#primaryimage"},"thumbnailUrl":"https:\/\/www.idermic.es\/wp-content\/uploads\/2019\/01\/glass_green-1.jpg","datePublished":"2019-01-24T12:15:02+00:00","dateModified":"2019-02-25T13:08:07+00:00","breadcrumb":{"@id":"https:\/\/www.idermic.es\/es\/dr-xavier-alvarez\/#breadcrumb"},"inLanguage":"es","potentialAction":[{"@type":"ReadAction","target":["https:\/\/www.idermic.es\/es\/dr-xavier-alvarez\/"]}]},{"@type":"ImageObject","inLanguage":"es","@id":"https:\/\/www.idermic.es\/es\/dr-xavier-alvarez\/#primaryimage","url":"https:\/\/www.idermic.es\/wp-content\/uploads\/2019\/01\/glass_green-1.jpg","contentUrl":"https:\/\/www.idermic.es\/wp-content\/uploads\/2019\/01\/glass_green-1.jpg"},{"@type":"BreadcrumbList","@id":"https:\/\/www.idermic.es\/es\/dr-xavier-alvarez\/#breadcrumb","itemListElement":[{"@type":"ListItem","position":1,"name":"Inici","item":"https:\/\/www.idermic.es\/es\/"},{"@type":"ListItem","position":2,"name":"DR. XAVIER \u00c1LVAREZ"}]},{"@type":"WebSite","@id":"https:\/\/www.idermic.es\/#website","url":"https:\/\/www.idermic.es\/","name":"Idermic. Dermatolog\u00eda en Terrassa","description":"Dermatolog\u00eda, Medicina est\u00e9tica, Cirurg\u00eda Pl\u00e0stica","publisher":{"@id":"https:\/\/www.idermic.es\/#organization"},"potentialAction":[{"@type":"SearchAction","target":{"@type":"EntryPoint","urlTemplate":"https:\/\/www.idermic.es\/?s={search_term_string}"},"query-input":{"@type":"PropertyValueSpecification","valueRequired":true,"valueName":"search_term_string"}}],"inLanguage":"es"},{"@type":"Organization","@id":"https:\/\/www.idermic.es\/#organization","name":"Idermic. Dermatolog\u00eda en Terrassa","url":"https:\/\/www.idermic.es\/","logo":{"@type":"ImageObject","inLanguage":"es","@id":"https:\/\/www.idermic.es\/#\/schema\/logo\/image\/","url":"https:\/\/www.idermic.es\/wp-content\/uploads\/2025\/10\/Logo-Idermic.jpg","contentUrl":"https:\/\/www.idermic.es\/wp-content\/uploads\/2025\/10\/Logo-Idermic.jpg","width":501,"height":502,"caption":"Idermic. Dermatolog\u00eda en Terrassa"},"image":{"@id":"https:\/\/www.idermic.es\/#\/schema\/logo\/image\/"},"sameAs":["https:\/\/www.facebook.com\/Idermic","https:\/\/x.com\/idermic","https:\/\/www.instagram.com\/idermicclinic\/","https:\/\/www.youtube.com\/channel\/UCyAHC9-p8lc6hr_nguO8p_g"]}]}},"_links":{"self":[{"href":"https:\/\/www.idermic.es\/es\/wp-json\/wp\/v2\/pages\/1321","targetHints":{"allow":["GET"]}}],"collection":[{"href":"https:\/\/www.idermic.es\/es\/wp-json\/wp\/v2\/pages"}],"about":[{"href":"https:\/\/www.idermic.es\/es\/wp-json\/wp\/v2\/types\/page"}],"author":[{"embeddable":true,"href":"https:\/\/www.idermic.es\/es\/wp-json\/wp\/v2\/users\/1"}],"replies":[{"embeddable":true,"href":"https:\/\/www.idermic.es\/es\/wp-json\/wp\/v2\/comments?post=1321"}],"version-history":[{"count":0,"href":"https:\/\/www.idermic.es\/es\/wp-json\/wp\/v2\/pages\/1321\/revisions"}],"wp:attachment":[{"href":"https:\/\/www.idermic.es\/es\/wp-json\/wp\/v2\/media?parent=1321"}],"curies":[{"name":"wp","href":"https:\/\/api.w.org\/{rel}","templated":true}]}}