{"id":1270,"date":"2019-01-24T10:22:48","date_gmt":"2019-01-24T10:22:48","guid":{"rendered":"http:\/\/www.idermic.es\/equip-huma-idermic\/"},"modified":"2026-07-21T10:47:56","modified_gmt":"2026-07-21T10:47:56","slug":"equipo-humano-idermic","status":"publish","type":"page","link":"https:\/\/www.idermic.es\/es\/equipo-humano-idermic\/","title":{"rendered":"Equipo"},"content":{"rendered":"<p><div class=\"fusion-fullwidth fullwidth-box fusion-builder-row-1 nonhundred-percent-fullwidth non-hundred-percent-height-scrolling\" style=\"--awb-border-radius-top-left:0px;--awb-border-radius-top-right:0px;--awb-border-radius-bottom-right:0px;--awb-border-radius-bottom-left:0px;--awb-padding-top:25px;--awb-flex-wrap:wrap;\" ><div class=\"fusion-builder-row fusion-row\"><div class=\"fusion-layout-column fusion_builder_column fusion-builder-column-0 fusion_builder_column_1_1 1_1 fusion-one-full fusion-column-first fusion-column-last\" style=\"--awb-padding-bottom:40px;--awb-bg-size:cover;\"><div class=\"fusion-column-wrapper fusion-flex-column-wrapper-legacy\"><div class=\"fusion-text fusion-text-1\"><h1 style=\"text-align: center;\"><span style=\"color: #000000;\">EQUIPO<\/span><\/h1>\n<p><img decoding=\"async\" class=\"alignnone size-full wp-image-382 aligncenter\" src=\"https:\/\/www.idermic.es\/wp-content\/uploads\/2019\/01\/glass_green-1.jpg\" alt=\"\" width=\"115\" height=\"2\" srcset=\"https:\/\/www.idermic.es\/wp-content\/uploads\/2019\/01\/glass_green-1-66x2.jpg 66w, https:\/\/www.idermic.es\/wp-content\/uploads\/2019\/01\/glass_green-1.jpg 115w\" sizes=\"(max-width: 115px) 100vw, 115px\" \/><\/p>\n<\/div><div class=\"fusion-clearfix\"><\/div><\/div><\/div><\/div><\/div><div class=\"fusion-fullwidth fullwidth-box fusion-builder-row-2 nonhundred-percent-fullwidth non-hundred-percent-height-scrolling custom-table-col\" style=\"--awb-border-radius-top-left:0px;--awb-border-radius-top-right:0px;--awb-border-radius-bottom-right:0px;--awb-border-radius-bottom-left:0px;--awb-padding-top:0px;--awb-flex-wrap:wrap;\" ><div class=\"fusion-builder-row fusion-row\"><div class=\"fusion-layout-column fusion_builder_column fusion-builder-column-1 fusion_builder_column_1_4 1_4 fusion-one-fourth fusion-column-first\" style=\"--awb-bg-size:cover;width:25%;width:calc(25% - ( ( 2% + 2% + 4% ) * 0.25 ) );margin-right: 2%;\"><div class=\"fusion-column-wrapper fusion-flex-column-wrapper-legacy\"><div class=\"fusion-image-element in-legacy-container\" style=\"--awb-caption-title-font-family:var(--h2_typography-font-family);--awb-caption-title-font-weight:var(--h2_typography-font-weight);--awb-caption-title-font-style:var(--h2_typography-font-style);--awb-caption-title-size:var(--h2_typography-font-size);--awb-caption-title-transform:var(--h2_typography-text-transform);--awb-caption-title-line-height:var(--h2_typography-line-height);--awb-caption-title-letter-spacing:var(--h2_typography-letter-spacing);\"><span class=\" fusion-imageframe imageframe-none imageframe-1 hover-type-none\"><a class=\"fusion-no-lightbox\" href=\"https:\/\/www.idermic.es\/es\/marta-vilavella-rius\/\" target=\"_self\" aria-label=\"Dra.-Marta-Vilavella-400&#215;400\"><img decoding=\"async\" width=\"400\" height=\"400\" alt=\"Dra. Marta Vilavella. Especialista en dermatolog\u00eda, m\u00e9dico-quir\u00fargica y venereolog\u00eda\" src=\"https:\/\/www.idermic.es\/wp-content\/uploads\/2026\/01\/Dra.-Marta-Vilavella-400x400-1.jpg\" class=\"img-responsive wp-image-8944\" srcset=\"https:\/\/www.idermic.es\/wp-content\/uploads\/2026\/01\/Dra.-Marta-Vilavella-400x400-1-200x200.jpg 200w, https:\/\/www.idermic.es\/wp-content\/uploads\/2026\/01\/Dra.-Marta-Vilavella-400x400-1.jpg 400w\" sizes=\"(max-width: 800px) 100vw, 400px\" \/><\/a><\/span><\/div><div class=\"fusion-text fusion-text-2\"><h5><a href=\"https:\/\/www.idermic.es\/es\/marta-vilavella-rius\/\">DRA. MARTA VILAVELLA<\/a><\/h5>\n<p>Especialista en dermatolog\u00eda,<br \/>\nm\u00e9dico-quir\u00fargica y venereolog\u00eda<\/p>\n<\/div><div class=\"fusion-clearfix\"><\/div><\/div><\/div><div class=\"fusion-layout-column fusion_builder_column fusion-builder-column-2 fusion_builder_column_1_4 1_4 fusion-one-fourth\" style=\"--awb-bg-size:cover;width:25%;width:calc(25% - ( ( 2% + 2% + 4% ) * 0.25 ) );margin-right: 2%;\"><div class=\"fusion-column-wrapper fusion-flex-column-wrapper-legacy\"><div class=\"fusion-image-element in-legacy-container\" style=\"--awb-caption-title-font-family:var(--h2_typography-font-family);--awb-caption-title-font-weight:var(--h2_typography-font-weight);--awb-caption-title-font-style:var(--h2_typography-font-style);--awb-caption-title-size:var(--h2_typography-font-size);--awb-caption-title-transform:var(--h2_typography-text-transform);--awb-caption-title-line-height:var(--h2_typography-line-height);--awb-caption-title-letter-spacing:var(--h2_typography-letter-spacing);\"><span class=\" fusion-imageframe imageframe-none imageframe-2 hover-type-none\"><a class=\"fusion-no-lightbox\" href=\"https:\/\/www.idermic.es\/es\/dra-francesca-corella\/\" target=\"_self\" aria-label=\"Dra-Corella.-Especialista-en-dermatologia-medico-quirurgica-y-venereologia\"><img decoding=\"async\" width=\"400\" height=\"400\" alt=\"Dra. Francesca Corella. Dermat\u00f3loga en la Cl\u00ednica Idermic de Terrassa.\" src=\"https:\/\/www.idermic.es\/wp-content\/uploads\/2026\/01\/Dra-Corella.-Especialista-en-dermatologia-medico-quirurgica-y-venereologia.jpg\" class=\"img-responsive wp-image-8960\" srcset=\"https:\/\/www.idermic.es\/wp-content\/uploads\/2026\/01\/Dra-Corella.-Especialista-en-dermatologia-medico-quirurgica-y-venereologia-200x200.jpg 200w, https:\/\/www.idermic.es\/wp-content\/uploads\/2026\/01\/Dra-Corella.-Especialista-en-dermatologia-medico-quirurgica-y-venereologia.jpg 400w\" sizes=\"(max-width: 800px) 100vw, 400px\" \/><\/a><\/span><\/div><div class=\"fusion-text fusion-text-3\"><h5><a href=\"https:\/\/www.idermic.es\/es\/dra-francesca-corella\/\">DRA. FRANCESCA CORELLA<\/a><\/h5>\n<p>Especialista en dermatolog\u00eda,<br \/>\nm\u00e9dico-quir\u00fargica y venereolog\u00eda<\/p>\n<\/div><div class=\"fusion-clearfix\"><\/div><\/div><\/div><div class=\"fusion-layout-column fusion_builder_column fusion-builder-column-3 fusion_builder_column_1_4 1_4 fusion-one-fourth\" style=\"--awb-bg-size:cover;width:25%;width:calc(25% - ( ( 2% + 2% + 4% ) * 0.25 ) );margin-right: 4%;\"><div class=\"fusion-column-wrapper fusion-flex-column-wrapper-legacy\"><div class=\"fusion-image-element in-legacy-container\" style=\"--awb-max-width:400px;--awb-caption-title-font-family:var(--h2_typography-font-family);--awb-caption-title-font-weight:var(--h2_typography-font-weight);--awb-caption-title-font-style:var(--h2_typography-font-style);--awb-caption-title-size:var(--h2_typography-font-size);--awb-caption-title-transform:var(--h2_typography-text-transform);--awb-caption-title-line-height:var(--h2_typography-line-height);--awb-caption-title-letter-spacing:var(--h2_typography-letter-spacing);\"><span class=\" fusion-imageframe imageframe-none imageframe-3 hover-type-none\"><a class=\"fusion-no-lightbox\" href=\"https:\/\/www.idermic.es\/es\/dra-carolina-prat\/\" target=\"_self\" aria-label=\"Dra.-Carolina-Prat\"><img decoding=\"async\" width=\"400\" height=\"400\" alt=\"DRA. CAROLINA PRAT Especialista en dermatolog\u00eda, m\u00e9dico-quir\u00fargica y venereolog\u00eda\" src=\"https:\/\/www.idermic.es\/wp-content\/uploads\/2026\/01\/Dra.-Carolina-Prat.jpg\" class=\"img-responsive wp-image-8962\" srcset=\"https:\/\/www.idermic.es\/wp-content\/uploads\/2026\/01\/Dra.-Carolina-Prat-200x200.jpg 200w, https:\/\/www.idermic.es\/wp-content\/uploads\/2026\/01\/Dra.-Carolina-Prat.jpg 400w\" sizes=\"(max-width: 800px) 100vw, 400px\" \/><\/a><\/span><\/div><div class=\"fusion-text fusion-text-4\"><h5>DRA. CAROLINA PRAT<\/h5>\n<p>Especialista en dermatolog\u00eda,<br \/>\nm\u00e9dico-quir\u00fargica y venereolog\u00eda<\/p>\n<\/div><div class=\"fusion-clearfix\"><\/div><\/div><\/div><div class=\"fusion-layout-column fusion_builder_column fusion-builder-column-4 fusion_builder_column_1_4 1_4 fusion-one-fourth fusion-column-last\" style=\"--awb-bg-size:cover;width:25%;width:calc(25% - ( ( 2% + 2% + 4% ) * 0.25 ) );\"><div class=\"fusion-column-wrapper fusion-flex-column-wrapper-legacy\"><div class=\"fusion-image-element in-legacy-container\" style=\"--awb-caption-title-font-family:var(--h2_typography-font-family);--awb-caption-title-font-weight:var(--h2_typography-font-weight);--awb-caption-title-font-style:var(--h2_typography-font-style);--awb-caption-title-size:var(--h2_typography-font-size);--awb-caption-title-transform:var(--h2_typography-text-transform);--awb-caption-title-line-height:var(--h2_typography-line-height);--awb-caption-title-letter-spacing:var(--h2_typography-letter-spacing);\"><span class=\" fusion-imageframe imageframe-none imageframe-4 hover-type-none\"><a class=\"fusion-no-lightbox\" href=\"https:\/\/www.idermic.es\/es\/dr-emilio-lopez-trujillo\/\" target=\"_self\" aria-label=\"Dr.-Emili-Lopez-Trujillo\"><img decoding=\"async\" width=\"400\" height=\"400\" alt=\"Dr. Emili L\u00f3pez- Trujillo. Especialista en dermatologia, m\u00e9dico-quir\u00fargica i venereologia\" src=\"https:\/\/www.idermic.es\/wp-content\/uploads\/2026\/01\/Dr.-Emili-Lopez-Trujillo.jpg\" class=\"img-responsive wp-image-8964\" srcset=\"https:\/\/www.idermic.es\/wp-content\/uploads\/2026\/01\/Dr.-Emili-Lopez-Trujillo-200x200.jpg 200w, https:\/\/www.idermic.es\/wp-content\/uploads\/2026\/01\/Dr.-Emili-Lopez-Trujillo.jpg 400w\" sizes=\"(max-width: 800px) 100vw, 400px\" \/><\/a><\/span><\/div><div class=\"fusion-text fusion-text-5\"><h5>DR. EMILI L\u00d3PEZ-TRUJILLO<\/h5>\n<p>Especialista en dermatolog\u00eda,<br \/>\nm\u00e9dico-quir\u00fargica i venereolog\u00eda.<\/p>\n<\/div><div class=\"fusion-clearfix\"><\/div><\/div><\/div><\/div><\/div><div class=\"fusion-fullwidth fullwidth-box fusion-builder-row-3 nonhundred-percent-fullwidth non-hundred-percent-height-scrolling\" style=\"--awb-border-radius-top-left:0px;--awb-border-radius-top-right:0px;--awb-border-radius-bottom-right:0px;--awb-border-radius-bottom-left:0px;--awb-padding-top:40px;--awb-flex-wrap:wrap;\" ><div class=\"fusion-builder-row fusion-row\"><div class=\"fusion-layout-column fusion_builder_column fusion-builder-column-5 fusion_builder_column_1_3 1_3 fusion-one-third fusion-column-first\" style=\"--awb-bg-size:cover;width:33.333333333333%;width:calc(33.333333333333% - ( ( 4% + 4% ) * 0.33333333333333 ) );margin-right: 4%;\"><div class=\"fusion-column-wrapper fusion-flex-column-wrapper-legacy\"><div class=\"fusion-image-element in-legacy-container\" style=\"--awb-caption-title-font-family:var(--h2_typography-font-family);--awb-caption-title-font-weight:var(--h2_typography-font-weight);--awb-caption-title-font-style:var(--h2_typography-font-style);--awb-caption-title-size:var(--h2_typography-font-size);--awb-caption-title-transform:var(--h2_typography-text-transform);--awb-caption-title-line-height:var(--h2_typography-line-height);--awb-caption-title-letter-spacing:var(--h2_typography-letter-spacing);\"><span class=\" fusion-imageframe imageframe-none imageframe-5 hover-type-none\"><a class=\"fusion-no-lightbox\" href=\"https:\/\/www.idermic.es\/es\/dr-oriol-corral\/\" target=\"_self\" aria-label=\"Dr.-Oriol-Corral.-Especialista-en-dermatologia\"><img decoding=\"async\" width=\"400\" height=\"400\" alt=\"Dr. Oriol Corral. Especialista en dermatologia, m\u00e9dico-quir\u00fargico i venereologia. Cl\u00ednica Idermic Terrassa\" src=\"https:\/\/www.idermic.es\/wp-content\/uploads\/2026\/01\/Dr.-Oriol-Corral.-Especialista-en-dermatologia.jpg\" class=\"img-responsive wp-image-8966\" srcset=\"https:\/\/www.idermic.es\/wp-content\/uploads\/2026\/01\/Dr.-Oriol-Corral.-Especialista-en-dermatologia-200x200.jpg 200w, https:\/\/www.idermic.es\/wp-content\/uploads\/2026\/01\/Dr.-Oriol-Corral.-Especialista-en-dermatologia.jpg 400w\" sizes=\"(max-width: 800px) 100vw, 400px\" \/><\/a><\/span><\/div><div class=\"fusion-text fusion-text-6\"><h5>DR. ORIOL CORRAL<\/h5>\n<p>Especialista en dermatolog\u00eda m\u00e9dico-quir\u00fargico y venereolog\u00eda.<\/p>\n<\/div><div class=\"fusion-clearfix\"><\/div><\/div><\/div><div class=\"fusion-layout-column fusion_builder_column fusion-builder-column-6 fusion_builder_column_1_3 1_3 fusion-one-third\" style=\"--awb-bg-size:cover;width:33.333333333333%;width:calc(33.333333333333% - ( ( 4% + 4% ) * 0.33333333333333 ) );margin-right: 4%;\"><div class=\"fusion-column-wrapper fusion-flex-column-wrapper-legacy\"><div class=\"fusion-image-element in-legacy-container\" style=\"--awb-max-width:400px;--awb-caption-title-font-family:var(--h2_typography-font-family);--awb-caption-title-font-weight:var(--h2_typography-font-weight);--awb-caption-title-font-style:var(--h2_typography-font-style);--awb-caption-title-size:var(--h2_typography-font-size);--awb-caption-title-transform:var(--h2_typography-text-transform);--awb-caption-title-line-height:var(--h2_typography-line-height);--awb-caption-title-letter-spacing:var(--h2_typography-letter-spacing);\"><span class=\" fusion-imageframe imageframe-none imageframe-6 hover-type-none\"><a class=\"fusion-no-lightbox\" href=\"https:\/\/www.idermic.es\/es\/dra-elena-canal\/\" target=\"_self\" aria-label=\"Dra-Elena-Canal.-Especialista-en-dermatologia-medico-quirurgica-y-venereologia-400&#215;400\"><img decoding=\"async\" width=\"400\" height=\"400\" alt=\"Dra Elena Canal. Especialista en dermatolog\u00eda, m\u00e9dico-quir\u00fargica y venereolog\u00eda\" src=\"https:\/\/www.idermic.es\/wp-content\/uploads\/2026\/01\/Dra-Elena-Canal.-Especialista-en-dermatologia-medico-quirurgica-y-venereologia-400x400-1.jpg\" class=\"img-responsive wp-image-8968\" srcset=\"https:\/\/www.idermic.es\/wp-content\/uploads\/2026\/01\/Dra-Elena-Canal.-Especialista-en-dermatologia-medico-quirurgica-y-venereologia-400x400-1-200x200.jpg 200w, https:\/\/www.idermic.es\/wp-content\/uploads\/2026\/01\/Dra-Elena-Canal.-Especialista-en-dermatologia-medico-quirurgica-y-venereologia-400x400-1.jpg 400w\" sizes=\"(max-width: 800px) 100vw, 400px\" \/><\/a><\/span><\/div><div class=\"fusion-text fusion-text-7\"><h5>DRA. ELENA CANAL<\/h5>\n<p>Especialista en dermatolog\u00eda,<br \/>\nm\u00e9dico-quir\u00fargica y venereolog\u00eda<\/p>\n<\/div><div class=\"fusion-clearfix\"><\/div><\/div><\/div><div class=\"fusion-layout-column fusion_builder_column fusion-builder-column-7 fusion_builder_column_1_3 1_3 fusion-one-third fusion-column-last\" style=\"--awb-bg-size:cover;width:33.333333333333%;width:calc(33.333333333333% - ( ( 4% + 4% ) * 0.33333333333333 ) );\"><div class=\"fusion-column-wrapper fusion-flex-column-wrapper-legacy\"><div class=\"fusion-image-element in-legacy-container\" style=\"--awb-caption-title-font-family:var(--h2_typography-font-family);--awb-caption-title-font-weight:var(--h2_typography-font-weight);--awb-caption-title-font-style:var(--h2_typography-font-style);--awb-caption-title-size:var(--h2_typography-font-size);--awb-caption-title-transform:var(--h2_typography-text-transform);--awb-caption-title-line-height:var(--h2_typography-line-height);--awb-caption-title-letter-spacing:var(--h2_typography-letter-spacing);\"><span class=\" fusion-imageframe imageframe-none imageframe-7 hover-type-none\"><a class=\"fusion-no-lightbox\" href=\"https:\/\/www.idermic.es\/es\/dra-cristina-garcia\/\" target=\"_self\" aria-label=\"DRA.-CRISTINA-GARCIA.-Dermatologia-i-venereologia\"><img decoding=\"async\" width=\"400\" height=\"400\" alt=\"DRA. CRISTINA GARC\u00cdA.Especialista en dermatologia m\u00e9dico-quir\u00fargica i venereologia. Idermic Terrassa. Foto de la Dra. Garc\u00eda\" src=\"https:\/\/www.idermic.es\/wp-content\/uploads\/2026\/01\/DRA.-CRISTINA-GARCIA.-Dermatologia-i-venereologia.jpg\" class=\"img-responsive wp-image-8970\" srcset=\"https:\/\/www.idermic.es\/wp-content\/uploads\/2026\/01\/DRA.-CRISTINA-GARCIA.-Dermatologia-i-venereologia-200x200.jpg 200w, https:\/\/www.idermic.es\/wp-content\/uploads\/2026\/01\/DRA.-CRISTINA-GARCIA.-Dermatologia-i-venereologia.jpg 400w\" sizes=\"(max-width: 800px) 100vw, 400px\" \/><\/a><\/span><\/div><div class=\"fusion-text fusion-text-8\"><h5>DRA. CRISTINA GARC\u00cdA<\/h5>\n<p>Especialista en dermatolog\u00eda m\u00e9dico-quir\u00fargica y venereolog\u00eda.<\/p>\n<\/div><div class=\"fusion-clearfix\"><\/div><\/div><\/div><\/div><\/div><div class=\"fusion-fullwidth fullwidth-box fusion-builder-row-4 nonhundred-percent-fullwidth non-hundred-percent-height-scrolling\" style=\"--awb-border-radius-top-left:0px;--awb-border-radius-top-right:0px;--awb-border-radius-bottom-right:0px;--awb-border-radius-bottom-left:0px;--awb-padding-top:40px;--awb-flex-wrap:wrap;\" ><div class=\"fusion-builder-row fusion-row\"><div class=\"fusion-layout-column fusion_builder_column fusion-builder-column-8 fusion_builder_column_1_3 1_3 fusion-one-third fusion-column-first\" style=\"--awb-bg-size:cover;width:33.333333333333%;width:calc(33.333333333333% - ( ( 4% + 4% ) * 0.33333333333333 ) );margin-right: 4%;\"><div class=\"fusion-column-wrapper fusion-flex-column-wrapper-legacy\"><div class=\"fusion-image-element in-legacy-container\" style=\"--awb-caption-title-font-family:var(--h2_typography-font-family);--awb-caption-title-font-weight:var(--h2_typography-font-weight);--awb-caption-title-font-style:var(--h2_typography-font-style);--awb-caption-title-size:var(--h2_typography-font-size);--awb-caption-title-transform:var(--h2_typography-text-transform);--awb-caption-title-line-height:var(--h2_typography-line-height);--awb-caption-title-letter-spacing:var(--h2_typography-letter-spacing);\"><span class=\" fusion-imageframe imageframe-none imageframe-8 hover-type-none\"><a class=\"fusion-no-lightbox\" href=\"https:\/\/www.idermic.es\/es\/dra-carola-baliu-pique\/\" target=\"_self\" aria-label=\"Dra.-Carola-Baliu.-Especialista-en-dermatologia-medico-quirurgica-i-venereologia.-Idermic-Terrassa\"><img decoding=\"async\" width=\"400\" height=\"400\" alt=\"Dra. Carola Baliu. Especialista en dermatolog\u00eda m\u00e9dico-quir\u00fargica y venereolog\u00eda. Idermic Terrassa. Foto de la Dra. Baliu\" src=\"https:\/\/www.idermic.es\/wp-content\/uploads\/2026\/01\/Dra.-Carola-Baliu.-Especialista-en-dermatologia-medico-quirurgica-i-venereologia.-Idermic-Terrassa.jpg\" class=\"img-responsive wp-image-8972\" srcset=\"https:\/\/www.idermic.es\/wp-content\/uploads\/2026\/01\/Dra.-Carola-Baliu.-Especialista-en-dermatologia-medico-quirurgica-i-venereologia.-Idermic-Terrassa-200x200.jpg 200w, https:\/\/www.idermic.es\/wp-content\/uploads\/2026\/01\/Dra.-Carola-Baliu.-Especialista-en-dermatologia-medico-quirurgica-i-venereologia.-Idermic-Terrassa.jpg 400w\" sizes=\"(max-width: 800px) 100vw, 400px\" \/><\/a><\/span><\/div><div class=\"fusion-text fusion-text-9\"><h5>DRA. CAROLA BALIU<\/h5>\n<div><!--StartFragment-->Especialista en dermatolog\u00eda m\u00e9dico-quir\u00fargica y venereolog\u00eda.<\/div>\n<\/div><div class=\"fusion-clearfix\"><\/div><\/div><\/div><div class=\"fusion-layout-column fusion_builder_column fusion-builder-column-9 fusion_builder_column_1_3 1_3 fusion-one-third\" style=\"--awb-bg-size:cover;width:33.333333333333%;width:calc(33.333333333333% - ( ( 4% + 4% ) * 0.33333333333333 ) );margin-right: 4%;\"><div class=\"fusion-column-wrapper fusion-flex-column-wrapper-legacy\"><div class=\"fusion-image-element in-legacy-container\" style=\"--awb-caption-title-font-family:var(--h2_typography-font-family);--awb-caption-title-font-weight:var(--h2_typography-font-weight);--awb-caption-title-font-style:var(--h2_typography-font-style);--awb-caption-title-size:var(--h2_typography-font-size);--awb-caption-title-transform:var(--h2_typography-text-transform);--awb-caption-title-line-height:var(--h2_typography-line-height);--awb-caption-title-letter-spacing:var(--h2_typography-letter-spacing);\"><span class=\" fusion-imageframe imageframe-none imageframe-9 hover-type-none\"><a class=\"fusion-no-lightbox\" href=\"https:\/\/www.idermic.es\/es\/dra-claudia-riera-hernandez\/\" target=\"_self\" aria-label=\"Dra.-Claudia-Riera.-Especialista-en-cirurgia-vascular-y-angiologia-4-400&#215;400\"><img decoding=\"async\" width=\"400\" height=\"400\" alt=\"Dra. Cl\u00e0udia Riera. Especialista en cirug\u00eda vascular y angiolog\u00eda\" src=\"https:\/\/www.idermic.es\/wp-content\/uploads\/2026\/01\/Dra.-Claudia-Riera.-Especialista-en-cirurgia-vascular-y-angiologia-4-400x400-1.jpg\" class=\"img-responsive wp-image-8978\" srcset=\"https:\/\/www.idermic.es\/wp-content\/uploads\/2026\/01\/Dra.-Claudia-Riera.-Especialista-en-cirurgia-vascular-y-angiologia-4-400x400-1-200x200.jpg 200w, https:\/\/www.idermic.es\/wp-content\/uploads\/2026\/01\/Dra.-Claudia-Riera.-Especialista-en-cirurgia-vascular-y-angiologia-4-400x400-1.jpg 400w\" sizes=\"(max-width: 800px) 100vw, 400px\" \/><\/a><\/span><\/div><div class=\"fusion-text fusion-text-10\"><h5>DRA. CL\u00c0UDIA RIERA<\/h5>\n<p>Especialista en cirug\u00eda vascular y angiolog\u00eda<\/p>\n<\/div><div class=\"fusion-clearfix\"><\/div><\/div><\/div><div class=\"fusion-layout-column fusion_builder_column fusion-builder-column-10 fusion_builder_column_1_3 1_3 fusion-one-third fusion-column-last\" style=\"--awb-bg-size:cover;width:33.333333333333%;width:calc(33.333333333333% - ( ( 4% + 4% ) * 0.33333333333333 ) );\"><div class=\"fusion-column-wrapper fusion-flex-column-wrapper-legacy\"><div class=\"fusion-image-element in-legacy-container\" style=\"--awb-caption-title-font-family:var(--h2_typography-font-family);--awb-caption-title-font-weight:var(--h2_typography-font-weight);--awb-caption-title-font-style:var(--h2_typography-font-style);--awb-caption-title-size:var(--h2_typography-font-size);--awb-caption-title-transform:var(--h2_typography-text-transform);--awb-caption-title-line-height:var(--h2_typography-line-height);--awb-caption-title-letter-spacing:var(--h2_typography-letter-spacing);\"><span class=\" fusion-imageframe imageframe-none imageframe-10 hover-type-none\"><a class=\"fusion-no-lightbox\" href=\"https:\/\/www.idermic.es\/es\/dra-raquel-campos\/\" target=\"_self\" aria-label=\"Dra.-Raquel-Campos.-Ginecologa-en-Idermic\"><img decoding=\"async\" width=\"400\" height=\"400\" alt=\"Dra. Raquel Campos. Ginec\u00f3loga en Idermic. Foto de la Dra. Campos\" src=\"https:\/\/www.idermic.es\/wp-content\/uploads\/2026\/01\/Dra.-Raquel-Campos.-Ginecologa-en-Idermic.jpg\" class=\"img-responsive wp-image-8980\" srcset=\"https:\/\/www.idermic.es\/wp-content\/uploads\/2026\/01\/Dra.-Raquel-Campos.-Ginecologa-en-Idermic-200x200.jpg 200w, https:\/\/www.idermic.es\/wp-content\/uploads\/2026\/01\/Dra.-Raquel-Campos.-Ginecologa-en-Idermic.jpg 400w\" sizes=\"(max-width: 800px) 100vw, 400px\" \/><\/a><\/span><\/div><div class=\"fusion-text fusion-text-11\"><h5>DRA. RAQUEL CAMPOS<\/h5>\n<p>Especialista en ginecolog\u00eda<\/p>\n<\/div><div class=\"fusion-clearfix\"><\/div><\/div><\/div><\/div><\/div><div class=\"fusion-fullwidth fullwidth-box fusion-builder-row-5 nonhundred-percent-fullwidth non-hundred-percent-height-scrolling\" style=\"--awb-border-radius-top-left:0px;--awb-border-radius-top-right:0px;--awb-border-radius-bottom-right:0px;--awb-border-radius-bottom-left:0px;--awb-padding-top:25px;--awb-flex-wrap:wrap;\" ><div class=\"fusion-builder-row fusion-row\"><div class=\"fusion-layout-column fusion_builder_column fusion-builder-column-11 fusion_builder_column_1_1 1_1 fusion-one-full fusion-column-first fusion-column-last\" style=\"--awb-padding-bottom:40px;--awb-bg-size:cover;\"><div class=\"fusion-column-wrapper fusion-flex-column-wrapper-legacy\"><div class=\"fusion-text fusion-text-12\"><h1 style=\"text-align: center;\">STAFF<\/h1>\n<p><img decoding=\"async\" class=\"alignnone size-full wp-image-382 aligncenter\" src=\"https:\/\/www.idermic.es\/wp-content\/uploads\/2019\/01\/glass_green-1.jpg\" alt=\"\" width=\"115\" height=\"2\" srcset=\"https:\/\/www.idermic.es\/wp-content\/uploads\/2019\/01\/glass_green-1-66x2.jpg 66w, https:\/\/www.idermic.es\/wp-content\/uploads\/2019\/01\/glass_green-1.jpg 115w\" sizes=\"(max-width: 115px) 100vw, 115px\" \/><\/p>\n<\/div><div class=\"fusion-clearfix\"><\/div><\/div><\/div><\/div><\/div><div class=\"fusion-fullwidth fullwidth-box fusion-builder-row-6 nonhundred-percent-fullwidth non-hundred-percent-height-scrolling custom-table-col\" style=\"--awb-border-radius-top-left:0px;--awb-border-radius-top-right:0px;--awb-border-radius-bottom-right:0px;--awb-border-radius-bottom-left:0px;--awb-padding-top:40px;--awb-flex-wrap:wrap;\" ><div class=\"fusion-builder-row fusion-row\"><div class=\"fusion-layout-column fusion_builder_column fusion-builder-column-12 fusion_builder_column_1_4 1_4 fusion-one-fourth fusion-column-first\" style=\"--awb-bg-size:cover;width:25%;width:calc(25% - ( ( 2% + 2% + 2% ) * 0.25 ) );margin-right: 2%;\"><div class=\"fusion-column-wrapper fusion-flex-column-wrapper-legacy\"><div class=\"fusion-image-element in-legacy-container\" style=\"--awb-caption-title-font-family:var(--h2_typography-font-family);--awb-caption-title-font-weight:var(--h2_typography-font-weight);--awb-caption-title-font-style:var(--h2_typography-font-style);--awb-caption-title-size:var(--h2_typography-font-size);--awb-caption-title-transform:var(--h2_typography-text-transform);--awb-caption-title-line-height:var(--h2_typography-line-height);--awb-caption-title-letter-spacing:var(--h2_typography-letter-spacing);\"><span class=\" fusion-imageframe imageframe-none imageframe-11 hover-type-none\"><img decoding=\"async\" width=\"400\" height=\"400\" alt=\"Ivette Bayo. Administraci\u00f3n de Idermic\" title=\"yvette_bayo_idermic-300&#215;300\" src=\"https:\/\/www.idermic.es\/wp-content\/uploads\/2026\/01\/yvette_bayo_idermic-300x300-1.jpg\" class=\"img-responsive wp-image-8982\" srcset=\"https:\/\/www.idermic.es\/wp-content\/uploads\/2026\/01\/yvette_bayo_idermic-300x300-1-200x200.jpg 200w, https:\/\/www.idermic.es\/wp-content\/uploads\/2026\/01\/yvette_bayo_idermic-300x300-1.jpg 400w\" sizes=\"(max-width: 800px) 100vw, 400px\" \/><\/span><\/div><div class=\"fusion-text fusion-text-13\"><h5>IVETTE BAYO<\/h5>\n<p>Recepci\u00f3n, secretar\u00eda y<br \/>\ncoordinaci\u00f3n general<\/p>\n<\/div><div class=\"fusion-clearfix\"><\/div><\/div><\/div><div class=\"fusion-layout-column fusion_builder_column fusion-builder-column-13 fusion_builder_column_1_4 1_4 fusion-one-fourth\" style=\"--awb-bg-size:cover;width:25%;width:calc(25% - ( ( 2% + 2% + 2% ) * 0.25 ) );margin-right: 2%;\"><div class=\"fusion-column-wrapper fusion-flex-column-wrapper-legacy\"><div class=\"fusion-image-element in-legacy-container\" style=\"--awb-caption-title-font-family:var(--h2_typography-font-family);--awb-caption-title-font-weight:var(--h2_typography-font-weight);--awb-caption-title-font-style:var(--h2_typography-font-style);--awb-caption-title-size:var(--h2_typography-font-size);--awb-caption-title-transform:var(--h2_typography-text-transform);--awb-caption-title-line-height:var(--h2_typography-line-height);--awb-caption-title-letter-spacing:var(--h2_typography-letter-spacing);\"><span class=\" fusion-imageframe imageframe-none imageframe-12 hover-type-none\"><img decoding=\"async\" width=\"400\" height=\"400\" alt=\"Silvia Vilavella. Micropigmentaci\u00f3n est\u00e9tica, re constructiva y oncol\u00f3gica\" title=\"Silvia Vilavella\" src=\"https:\/\/www.idermic.es\/wp-content\/uploads\/2026\/07\/Silvia-Vilavella.jpg\" class=\"img-responsive wp-image-10332\" srcset=\"https:\/\/www.idermic.es\/wp-content\/uploads\/2026\/07\/Silvia-Vilavella-200x200.jpg 200w, https:\/\/www.idermic.es\/wp-content\/uploads\/2026\/07\/Silvia-Vilavella.jpg 400w\" sizes=\"(max-width: 800px) 100vw, 400px\" \/><\/span><\/div><div class=\"fusion-text fusion-text-14\"><h5>SILVIA VILAVELLA<\/h5>\n<p>Micropigmentaci\u00f3n est\u00e9tica, reconstructiva y oncol\u00f3gica<\/p>\n<\/div><div class=\"fusion-clearfix\"><\/div><\/div><\/div><div class=\"fusion-layout-column fusion_builder_column fusion-builder-column-14 fusion_builder_column_1_4 1_4 fusion-one-fourth\" style=\"--awb-bg-size:cover;width:25%;width:calc(25% - ( ( 2% + 2% + 2% ) * 0.25 ) );margin-right: 2%;\"><div class=\"fusion-column-wrapper fusion-flex-column-wrapper-legacy\"><div class=\"fusion-image-element in-legacy-container\" style=\"--awb-caption-title-font-family:var(--h2_typography-font-family);--awb-caption-title-font-weight:var(--h2_typography-font-weight);--awb-caption-title-font-style:var(--h2_typography-font-style);--awb-caption-title-size:var(--h2_typography-font-size);--awb-caption-title-transform:var(--h2_typography-text-transform);--awb-caption-title-line-height:var(--h2_typography-line-height);--awb-caption-title-letter-spacing:var(--h2_typography-letter-spacing);\"><span class=\" fusion-imageframe imageframe-none imageframe-13 hover-type-none\"><img decoding=\"async\" width=\"400\" height=\"400\" alt=\"Recepci\u00f3n y atenci\u00f3n al paciente en la Cl\u00ednica Idermic de Terrassa.\" title=\"cristina_bayo_idermic-300&#215;300\" src=\"https:\/\/www.idermic.es\/wp-content\/uploads\/2026\/01\/cristina_bayo_idermic-300x300-1.jpg\" class=\"img-responsive wp-image-8984\" srcset=\"https:\/\/www.idermic.es\/wp-content\/uploads\/2026\/01\/cristina_bayo_idermic-300x300-1-200x200.jpg 200w, https:\/\/www.idermic.es\/wp-content\/uploads\/2026\/01\/cristina_bayo_idermic-300x300-1.jpg 400w\" sizes=\"(max-width: 800px) 100vw, 400px\" \/><\/span><\/div><div class=\"fusion-text fusion-text-15\"><h5>CRISTINA BAY\u00d3<\/h5>\n<p>Recepci\u00f3n y atenci\u00f3n al paciente<\/p>\n<\/div><div class=\"fusion-clearfix\"><\/div><\/div><\/div><div class=\"fusion-layout-column fusion_builder_column fusion-builder-column-15 fusion_builder_column_1_4 1_4 fusion-one-fourth fusion-column-last\" style=\"--awb-bg-size:cover;width:25%;width:calc(25% - ( ( 2% + 2% + 2% ) * 0.25 ) );\"><div class=\"fusion-column-wrapper fusion-flex-column-wrapper-legacy\"><div class=\"fusion-image-element in-legacy-container\" style=\"--awb-caption-title-font-family:var(--h2_typography-font-family);--awb-caption-title-font-weight:var(--h2_typography-font-weight);--awb-caption-title-font-style:var(--h2_typography-font-style);--awb-caption-title-size:var(--h2_typography-font-size);--awb-caption-title-transform:var(--h2_typography-text-transform);--awb-caption-title-line-height:var(--h2_typography-line-height);--awb-caption-title-letter-spacing:var(--h2_typography-letter-spacing);\"><span class=\" fusion-imageframe imageframe-none imageframe-14 hover-type-none\"><img decoding=\"async\" width=\"400\" height=\"400\" alt=\"Eva Al\u00edas. T\u00e9cnica l\u00e1ser y dermoest\u00e9tica. Equipo de la cl\u00ednica Idermic en Terrassa\" title=\"Eva-Alias.-Tecnica-laser-i-dermoestetica\" src=\"https:\/\/www.idermic.es\/wp-content\/uploads\/2026\/01\/Eva-Alias.-Tecnica-laser-i-dermoestetica.jpg\" class=\"img-responsive wp-image-8986\" srcset=\"https:\/\/www.idermic.es\/wp-content\/uploads\/2026\/01\/Eva-Alias.-Tecnica-laser-i-dermoestetica-200x200.jpg 200w, https:\/\/www.idermic.es\/wp-content\/uploads\/2026\/01\/Eva-Alias.-Tecnica-laser-i-dermoestetica.jpg 400w\" sizes=\"(max-width: 800px) 100vw, 400px\" \/><\/span><\/div><div class=\"fusion-text fusion-text-16\"><h5>EVA AL\u00cdAS<\/h5>\n<p>T\u00e9cnica l\u00e1ser i dermoest\u00e9tica<\/p>\n<\/div><div class=\"fusion-clearfix\"><\/div><\/div><\/div><\/div><\/div><div class=\"fusion-fullwidth fullwidth-box fusion-builder-row-7 nonhundred-percent-fullwidth non-hundred-percent-height-scrolling custom-table-col\" style=\"--awb-border-radius-top-left:0px;--awb-border-radius-top-right:0px;--awb-border-radius-bottom-right:0px;--awb-border-radius-bottom-left:0px;--awb-padding-top:40px;--awb-flex-wrap:wrap;\" ><div class=\"fusion-builder-row fusion-row\"><div class=\"fusion-layout-column fusion_builder_column fusion-builder-column-16 fusion_builder_column_1_3 1_3 fusion-one-third fusion-column-first\" style=\"--awb-bg-size:cover;width:33.333333333333%;width:calc(33.333333333333% - ( ( 2% + 2% ) * 0.33333333333333 ) );margin-right: 2%;\"><div class=\"fusion-column-wrapper fusion-flex-column-wrapper-legacy\"><div class=\"fusion-image-element in-legacy-container\" style=\"--awb-caption-title-font-family:var(--h2_typography-font-family);--awb-caption-title-font-weight:var(--h2_typography-font-weight);--awb-caption-title-font-style:var(--h2_typography-font-style);--awb-caption-title-size:var(--h2_typography-font-size);--awb-caption-title-transform:var(--h2_typography-text-transform);--awb-caption-title-line-height:var(--h2_typography-line-height);--awb-caption-title-letter-spacing:var(--h2_typography-letter-spacing);\"><span class=\" fusion-imageframe imageframe-none imageframe-15 hover-type-none\"><img decoding=\"async\" width=\"400\" height=\"400\" alt=\"Idermic. GEMA FORTIS. Est\u00e9tica\" title=\"Idermic.-GEMA-FORTIS\" src=\"https:\/\/www.idermic.es\/wp-content\/uploads\/2026\/01\/Idermic.-GEMA-FORTIS.jpg\" class=\"img-responsive wp-image-8989\" srcset=\"https:\/\/www.idermic.es\/wp-content\/uploads\/2026\/01\/Idermic.-GEMA-FORTIS-200x200.jpg 200w, https:\/\/www.idermic.es\/wp-content\/uploads\/2026\/01\/Idermic.-GEMA-FORTIS.jpg 400w\" sizes=\"(max-width: 800px) 100vw, 400px\" \/><\/span><\/div><div class=\"fusion-text fusion-text-17\"><h5>GEMA FORTIS<\/h5>\n<p>Est\u00e9tica<\/p>\n<\/div><div class=\"fusion-clearfix\"><\/div><\/div><\/div><div class=\"fusion-layout-column fusion_builder_column fusion-builder-column-17 fusion_builder_column_1_3 1_3 fusion-one-third\" style=\"--awb-bg-size:cover;width:33.333333333333%;width:calc(33.333333333333% - ( ( 2% + 2% ) * 0.33333333333333 ) );margin-right: 2%;\"><div class=\"fusion-column-wrapper fusion-flex-column-wrapper-legacy\"><div class=\"fusion-image-element in-legacy-container\" style=\"--awb-caption-title-font-family:var(--h2_typography-font-family);--awb-caption-title-font-weight:var(--h2_typography-font-weight);--awb-caption-title-font-style:var(--h2_typography-font-style);--awb-caption-title-size:var(--h2_typography-font-size);--awb-caption-title-transform:var(--h2_typography-text-transform);--awb-caption-title-line-height:var(--h2_typography-line-height);--awb-caption-title-letter-spacing:var(--h2_typography-letter-spacing);\"><span class=\" fusion-imageframe imageframe-none imageframe-16 hover-type-none\"><img decoding=\"async\" width=\"400\" height=\"400\" alt=\"Idermic. SARA GUARNIZO. Est\u00e9tica\" title=\"Idermic.-SARA-GUARNIZO\" src=\"https:\/\/www.idermic.es\/wp-content\/uploads\/2026\/01\/Idermic.-SARA-GUARNIZO.jpg\" class=\"img-responsive wp-image-8991\" srcset=\"https:\/\/www.idermic.es\/wp-content\/uploads\/2026\/01\/Idermic.-SARA-GUARNIZO-200x200.jpg 200w, https:\/\/www.idermic.es\/wp-content\/uploads\/2026\/01\/Idermic.-SARA-GUARNIZO.jpg 400w\" sizes=\"(max-width: 800px) 100vw, 400px\" \/><\/span><\/div><div class=\"fusion-text fusion-text-18\"><h5>SARA GUARNIZO<\/h5>\n<p>Est\u00e9tica<\/p>\n<\/div><div class=\"fusion-clearfix\"><\/div><\/div><\/div><div class=\"fusion-layout-column fusion_builder_column fusion-builder-column-18 fusion_builder_column_1_3 1_3 fusion-one-third fusion-column-last\" style=\"--awb-bg-size:cover;width:33.333333333333%;width:calc(33.333333333333% - ( ( 2% + 2% ) * 0.33333333333333 ) );\"><div class=\"fusion-column-wrapper fusion-flex-column-wrapper-legacy\"><div class=\"fusion-image-element in-legacy-container\" style=\"--awb-caption-title-font-family:var(--h2_typography-font-family);--awb-caption-title-font-weight:var(--h2_typography-font-weight);--awb-caption-title-font-style:var(--h2_typography-font-style);--awb-caption-title-size:var(--h2_typography-font-size);--awb-caption-title-transform:var(--h2_typography-text-transform);--awb-caption-title-line-height:var(--h2_typography-line-height);--awb-caption-title-letter-spacing:var(--h2_typography-letter-spacing);\"><span class=\" fusion-imageframe imageframe-none imageframe-17 hover-type-none\"><img decoding=\"async\" width=\"400\" height=\"400\" alt=\"Ana\u00efs Pons - Enfermera en Idermic. Foto de Ana\u00efs.\" title=\"Anais-Pons-Enfermera-en-Idermic\" src=\"https:\/\/www.idermic.es\/wp-content\/uploads\/2026\/01\/Anais-Pons-Enfermera-en-Idermic.jpg\" class=\"img-responsive wp-image-8993\" srcset=\"https:\/\/www.idermic.es\/wp-content\/uploads\/2026\/01\/Anais-Pons-Enfermera-en-Idermic-200x200.jpg 200w, https:\/\/www.idermic.es\/wp-content\/uploads\/2026\/01\/Anais-Pons-Enfermera-en-Idermic.jpg 400w\" sizes=\"(max-width: 800px) 100vw, 400px\" \/><\/span><\/div><div class=\"fusion-text fusion-text-19\"><h5>Ana\u00efs Pons<\/h5>\n<p>Enfermera<\/p>\n<\/div><div class=\"fusion-clearfix\"><\/div><\/div><\/div><\/div><\/div><div class=\"fusion-fullwidth fullwidth-box fusion-builder-row-8 nonhundred-percent-fullwidth non-hundred-percent-height-scrolling custom-table-col\" style=\"--awb-border-radius-top-left:0px;--awb-border-radius-top-right:0px;--awb-border-radius-bottom-right:0px;--awb-border-radius-bottom-left:0px;--awb-padding-top:40px;--awb-flex-wrap:wrap;\" ><div class=\"fusion-builder-row fusion-row\"><div class=\"fusion-layout-column fusion_builder_column fusion-builder-column-19 fusion_builder_column_1_3 1_3 fusion-one-third fusion-column-first\" style=\"--awb-bg-size:cover;width:33.333333333333%;width:calc(33.333333333333% - ( ( 2% + 2% ) * 0.33333333333333 ) );margin-right: 2%;\"><div class=\"fusion-column-wrapper fusion-flex-column-wrapper-legacy\"><div class=\"fusion-image-element in-legacy-container\" style=\"--awb-caption-title-font-family:var(--h2_typography-font-family);--awb-caption-title-font-weight:var(--h2_typography-font-weight);--awb-caption-title-font-style:var(--h2_typography-font-style);--awb-caption-title-size:var(--h2_typography-font-size);--awb-caption-title-transform:var(--h2_typography-text-transform);--awb-caption-title-line-height:var(--h2_typography-line-height);--awb-caption-title-letter-spacing:var(--h2_typography-letter-spacing);\"><span class=\" fusion-imageframe imageframe-none imageframe-18 hover-type-none\"><img decoding=\"async\" width=\"400\" height=\"400\" alt=\"Sonia Pinos. Recepci\u00f3n y atenci\u00f3n al paciente. Idermic Terrassa\" title=\"Idermic.-Sonia-Pinos\" src=\"https:\/\/www.idermic.es\/wp-content\/uploads\/2026\/01\/Idermic.-Sonia-Pinos.jpg\" class=\"img-responsive wp-image-8995\" srcset=\"https:\/\/www.idermic.es\/wp-content\/uploads\/2026\/01\/Idermic.-Sonia-Pinos-200x200.jpg 200w, https:\/\/www.idermic.es\/wp-content\/uploads\/2026\/01\/Idermic.-Sonia-Pinos.jpg 400w\" sizes=\"(max-width: 800px) 100vw, 400px\" \/><\/span><\/div><div class=\"fusion-text fusion-text-20\"><h5>SONIA PINOS<\/h5>\n<p>Recepci\u00f3n y atenci\u00f3n al paciente<\/p>\n<\/div><div class=\"fusion-clearfix\"><\/div><\/div><\/div><div class=\"fusion-layout-column fusion_builder_column fusion-builder-column-20 fusion_builder_column_1_3 1_3 fusion-one-third\" style=\"--awb-bg-size:cover;width:33.333333333333%;width:calc(33.333333333333% - ( ( 2% + 2% ) * 0.33333333333333 ) );margin-right: 2%;\"><div class=\"fusion-column-wrapper fusion-flex-column-wrapper-legacy\"><div class=\"fusion-image-element in-legacy-container\" style=\"--awb-caption-title-font-family:var(--h2_typography-font-family);--awb-caption-title-font-weight:var(--h2_typography-font-weight);--awb-caption-title-font-style:var(--h2_typography-font-style);--awb-caption-title-size:var(--h2_typography-font-size);--awb-caption-title-transform:var(--h2_typography-text-transform);--awb-caption-title-line-height:var(--h2_typography-line-height);--awb-caption-title-letter-spacing:var(--h2_typography-letter-spacing);\"><span class=\" fusion-imageframe imageframe-none imageframe-19 hover-type-none\"><img decoding=\"async\" width=\"400\" height=\"400\" alt=\"Ana Montoya. Idermic. Auxiliar administrativa.\" title=\"Ana-Montoya.-Idermic.-Auxiliar-administrative-1-300&#215;300\" src=\"https:\/\/www.idermic.es\/wp-content\/uploads\/2026\/01\/Ana-Montoya.-Idermic.-Auxiliar-administrative-1-300x300-1.jpg\" class=\"img-responsive wp-image-8997\" srcset=\"https:\/\/www.idermic.es\/wp-content\/uploads\/2026\/01\/Ana-Montoya.-Idermic.-Auxiliar-administrative-1-300x300-1-200x200.jpg 200w, https:\/\/www.idermic.es\/wp-content\/uploads\/2026\/01\/Ana-Montoya.-Idermic.-Auxiliar-administrative-1-300x300-1.jpg 400w\" sizes=\"(max-width: 800px) 100vw, 400px\" \/><\/span><\/div><div class=\"fusion-text fusion-text-21\"><h5>ANA MONTOYA<\/h5>\n<p>Auxiliar administrative<\/p>\n<\/div><div class=\"fusion-clearfix\"><\/div><\/div><\/div><div class=\"fusion-layout-column fusion_builder_column fusion-builder-column-21 fusion_builder_column_1_3 1_3 fusion-one-third fusion-column-last\" style=\"--awb-bg-size:cover;width:33.333333333333%;width:calc(33.333333333333% - ( ( 2% + 2% ) * 0.33333333333333 ) );\"><div class=\"fusion-column-wrapper fusion-flex-column-wrapper-legacy\"><div class=\"fusion-image-element in-legacy-container\" style=\"--awb-caption-title-font-family:var(--h2_typography-font-family);--awb-caption-title-font-weight:var(--h2_typography-font-weight);--awb-caption-title-font-style:var(--h2_typography-font-style);--awb-caption-title-size:var(--h2_typography-font-size);--awb-caption-title-transform:var(--h2_typography-text-transform);--awb-caption-title-line-height:var(--h2_typography-line-height);--awb-caption-title-letter-spacing:var(--h2_typography-letter-spacing);\"><span class=\" fusion-imageframe imageframe-none imageframe-20 hover-type-none\"><img decoding=\"async\" width=\"400\" height=\"400\" alt=\"X\u00e8nia Pe\u00f1a. Recepcionista en Cl\u00ednica Dermatol\u00f3gica Idermic de Terrassa\" title=\"Xenia-Pena\" src=\"https:\/\/www.idermic.es\/wp-content\/uploads\/2026\/01\/Xenia-Pena.jpg\" class=\"img-responsive wp-image-8999\" srcset=\"https:\/\/www.idermic.es\/wp-content\/uploads\/2026\/01\/Xenia-Pena-200x200.jpg 200w, https:\/\/www.idermic.es\/wp-content\/uploads\/2026\/01\/Xenia-Pena.jpg 400w\" sizes=\"(max-width: 800px) 100vw, 400px\" \/><\/span><\/div><div class=\"fusion-text fusion-text-22\"><h5>X\u00c8NIA PE\u00d1A<\/h5>\n<p>Recepcionista<\/p>\n<\/div><div class=\"fusion-clearfix\"><\/div><\/div><\/div><\/div><\/div><div class=\"fusion-fullwidth fullwidth-box fusion-builder-row-9 has-pattern-background has-mask-background nonhundred-percent-fullwidth non-hundred-percent-height-scrolling\" style=\"--awb-border-radius-top-left:0px;--awb-border-radius-top-right:0px;--awb-border-radius-bottom-right:0px;--awb-border-radius-bottom-left:0px;--awb-padding-top:20px;--awb-padding-bottom:32px;--awb-margin-top:48px;--awb-margin-bottom:32px;--awb-flex-wrap:wrap;\" ><div class=\"fusion-builder-row fusion-row\"><div class=\"fusion-layout-column fusion_builder_column fusion-builder-column-22 fusion_builder_column_1_2 1_2 fusion-one-half fusion-column-first fusion-column-inner-bg-wrapper\" style=\"--awb-padding-top:20px;--awb-padding-right:20px;--awb-padding-bottom:20px;--awb-padding-left:60px;--awb-inner-bg-color:#f4d0c2;--awb-inner-bg-color-hover:#f4d0c2;--awb-inner-bg-size:cover;width:50%;width:calc(50% - ( ( 4% ) * 0.5 ) );margin-right: 4%;\" data-scroll-devices=\"small-visibility,medium-visibility,large-visibility\"><span class=\"fusion-column-inner-bg hover-type-none\"><a class=\"fusion-column-anchor\" href=\"https:\/\/www.idermic.es\/es\/financiacion\/\"><span class=\"fusion-column-inner-bg-image\"><\/span><\/a><\/span><div class=\"fusion-column-wrapper fusion-column-has-shadow fusion-flex-column-wrapper-legacy\"><div style=\"text-align:center; max-width: 100%; width: calc(100% - 40px); margin: 0 auto;\">\n  <p style=\"color:white;margin:0;padding:15px 15px 0 15px;background-color:#ddbcb0;font-family:Montserrat;font-size:20px;font-weight:500;letter-spacing:2px;line-height:30px;\">\n    FINAN\u00c7AMENT 0% INTER\u00c8S\n  <\/p>\n  <p style=\"color:white;margin:0;padding:0 15px 15px 15px;background-color:#ddbcb0;font-family:Open Sans;font-size:12px;font-weight:500;letter-spacing:2px;line-height:30px;\">\n    LLEGIR M\u00c9S +\n  <\/p>\n<\/div><div class=\"fusion-clearfix\"><\/div><\/div><\/div><div class=\"fusion-layout-column fusion_builder_column fusion-builder-column-23 fusion_builder_column_1_2 1_2 fusion-one-half fusion-column-last fusion-column-inner-bg-wrapper\" style=\"--awb-padding-top:20px;--awb-padding-right:20px;--awb-padding-bottom:20px;--awb-padding-left:60px;--awb-inner-bg-color:#f4d0c2;--awb-inner-bg-color-hover:#f4d0c2;--awb-inner-bg-size:cover;width:50%;width:calc(50% - ( ( 4% ) * 0.5 ) );\" data-scroll-devices=\"small-visibility,medium-visibility,large-visibility\"><span class=\"fusion-column-inner-bg hover-type-none\"><a class=\"fusion-column-anchor\" href=\"https:\/\/www.idermic.es\/es\/preguntas-frecuentes\/\"><span class=\"fusion-column-inner-bg-image\"><\/span><\/a><\/span><div class=\"fusion-column-wrapper fusion-column-has-shadow fusion-flex-column-wrapper-legacy\"><div style=\"text-align:center; max-width: 100%; width: calc(100% - 40px); margin: 0 auto;\">\n  <p style=\"color:white;margin:0;padding:15px 15px 0 15px;background-color:#ddbcb0;font-family:Montserrat;font-size:20px;font-weight:500;letter-spacing:2px;line-height:30px;\">\n    PREGUNTES FREQ\u00dcENTS \n  <\/p>\n  <p style=\"color:white;margin:0;padding:0 15px 15px 15px;background-color:#ddbcb0;font-family:Open Sans;font-size:12px;font-weight:500;letter-spacing:2px;line-height:30px;\">\n    LLEGIR M\u00c9S +\n  <\/p>\n<\/div><div class=\"fusion-clearfix\"><\/div><\/div><\/div><\/div><\/div>\n<\/p>\n","protected":false},"excerpt":{"rendered":"","protected":false},"author":1,"featured_media":0,"parent":0,"menu_order":0,"comment_status":"closed","ping_status":"closed","template":"","meta":{"_joinchat":[],"footnotes":""},"class_list":["post-1270","page","type-page","status-publish","hentry"],"yoast_head":"<!-- This site is optimized with the Yoast SEO plugin v28.4 - https:\/\/yoast.com\/product\/yoast-seo-wordpress\/ -->\n<title>Equipo - Idermic. Dermatolog\u00eda en Terrassa<\/title>\n<meta name=\"description\" content=\"Equipo Idermic Terrassa. Idermic cl\u00ednica en Terrassa dermatolog\u00eda, cirug\u00eda pl\u00e1stica y est\u00e9tica. Cuidado de la piel y de la imagen corporal.\" \/>\n<meta name=\"robots\" content=\"index, follow, max-snippet:-1, max-image-preview:large, max-video-preview:-1\" \/>\n<link rel=\"canonical\" href=\"https:\/\/www.idermic.es\/es\/equipo-humano-idermic\/\" \/>\n<meta property=\"og:locale\" content=\"es_ES\" \/>\n<meta property=\"og:type\" content=\"article\" \/>\n<meta property=\"og:title\" content=\"Equipo - Idermic. Dermatolog\u00eda en Terrassa\" \/>\n<meta property=\"og:description\" content=\"Equipo Idermic Terrassa. Idermic cl\u00ednica en Terrassa dermatolog\u00eda, cirug\u00eda pl\u00e1stica y est\u00e9tica. Cuidado de la piel y de la imagen corporal.\" \/>\n<meta property=\"og:url\" content=\"https:\/\/www.idermic.es\/es\/equipo-humano-idermic\/\" \/>\n<meta property=\"og:site_name\" content=\"Idermic. Dermatolog\u00eda en Terrassa\" \/>\n<meta property=\"article:publisher\" content=\"https:\/\/www.facebook.com\/Idermic\" \/>\n<meta property=\"article:modified_time\" content=\"2026-07-21T10:47:56+00:00\" \/>\n<meta property=\"og:image\" content=\"https:\/\/www.idermic.es\/wp-content\/uploads\/2019\/01\/glass_green-1.jpg\" \/>\n\t<meta property=\"og:image:width\" content=\"115\" \/>\n\t<meta property=\"og:image:height\" content=\"2\" \/>\n\t<meta property=\"og:image:type\" content=\"image\/jpeg\" \/>\n<meta name=\"twitter:card\" content=\"summary_large_image\" \/>\n<meta name=\"twitter:site\" content=\"@idermic\" \/>\n<meta name=\"twitter:label1\" content=\"Tiempo de lectura\" \/>\n\t<meta name=\"twitter:data1\" content=\"6 minutos\" \/>\n<script type=\"application\/ld+json\" class=\"yoast-schema-graph\">{\"@context\":\"https:\\\/\\\/schema.org\",\"@graph\":[{\"@type\":\"WebPage\",\"@id\":\"https:\\\/\\\/www.idermic.es\\\/es\\\/equipo-humano-idermic\\\/\",\"url\":\"https:\\\/\\\/www.idermic.es\\\/es\\\/equipo-humano-idermic\\\/\",\"name\":\"Equipo - Idermic. Dermatolog\u00eda en Terrassa\",\"isPartOf\":{\"@id\":\"https:\\\/\\\/www.idermic.es\\\/#website\"},\"primaryImageOfPage\":{\"@id\":\"https:\\\/\\\/www.idermic.es\\\/es\\\/equipo-humano-idermic\\\/#primaryimage\"},\"image\":{\"@id\":\"https:\\\/\\\/www.idermic.es\\\/es\\\/equipo-humano-idermic\\\/#primaryimage\"},\"thumbnailUrl\":\"https:\\\/\\\/www.idermic.es\\\/wp-content\\\/uploads\\\/2019\\\/01\\\/glass_green-1.jpg\",\"datePublished\":\"2019-01-24T10:22:48+00:00\",\"dateModified\":\"2026-07-21T10:47:56+00:00\",\"description\":\"Equipo Idermic Terrassa. Idermic cl\u00ednica en Terrassa dermatolog\u00eda, cirug\u00eda pl\u00e1stica y est\u00e9tica. Cuidado de la piel y de la imagen corporal.\",\"breadcrumb\":{\"@id\":\"https:\\\/\\\/www.idermic.es\\\/es\\\/equipo-humano-idermic\\\/#breadcrumb\"},\"inLanguage\":\"es\",\"potentialAction\":[{\"@type\":\"ReadAction\",\"target\":[\"https:\\\/\\\/www.idermic.es\\\/es\\\/equipo-humano-idermic\\\/\"]}]},{\"@type\":\"ImageObject\",\"inLanguage\":\"es\",\"@id\":\"https:\\\/\\\/www.idermic.es\\\/es\\\/equipo-humano-idermic\\\/#primaryimage\",\"url\":\"https:\\\/\\\/www.idermic.es\\\/wp-content\\\/uploads\\\/2019\\\/01\\\/glass_green-1.jpg\",\"contentUrl\":\"https:\\\/\\\/www.idermic.es\\\/wp-content\\\/uploads\\\/2019\\\/01\\\/glass_green-1.jpg\"},{\"@type\":\"BreadcrumbList\",\"@id\":\"https:\\\/\\\/www.idermic.es\\\/es\\\/equipo-humano-idermic\\\/#breadcrumb\",\"itemListElement\":[{\"@type\":\"ListItem\",\"position\":1,\"name\":\"Inici\",\"item\":\"https:\\\/\\\/www.idermic.es\\\/es\\\/\"},{\"@type\":\"ListItem\",\"position\":2,\"name\":\"Equipo\"}]},{\"@type\":\"WebSite\",\"@id\":\"https:\\\/\\\/www.idermic.es\\\/#website\",\"url\":\"https:\\\/\\\/www.idermic.es\\\/\",\"name\":\"Idermic. Dermatolog\u00eda en Terrassa\",\"description\":\"Dermatolog\u00eda, Medicina est\u00e9tica, Cirurg\u00eda Pl\u00e0stica\",\"publisher\":{\"@id\":\"https:\\\/\\\/www.idermic.es\\\/#organization\"},\"potentialAction\":[{\"@type\":\"SearchAction\",\"target\":{\"@type\":\"EntryPoint\",\"urlTemplate\":\"https:\\\/\\\/www.idermic.es\\\/?s={search_term_string}\"},\"query-input\":{\"@type\":\"PropertyValueSpecification\",\"valueRequired\":true,\"valueName\":\"search_term_string\"}}],\"inLanguage\":\"es\"},{\"@type\":\"Organization\",\"@id\":\"https:\\\/\\\/www.idermic.es\\\/#organization\",\"name\":\"Idermic. Dermatolog\u00eda en Terrassa\",\"url\":\"https:\\\/\\\/www.idermic.es\\\/\",\"logo\":{\"@type\":\"ImageObject\",\"inLanguage\":\"es\",\"@id\":\"https:\\\/\\\/www.idermic.es\\\/#\\\/schema\\\/logo\\\/image\\\/\",\"url\":\"https:\\\/\\\/www.idermic.es\\\/wp-content\\\/uploads\\\/2025\\\/10\\\/Logo-Idermic.jpg\",\"contentUrl\":\"https:\\\/\\\/www.idermic.es\\\/wp-content\\\/uploads\\\/2025\\\/10\\\/Logo-Idermic.jpg\",\"width\":501,\"height\":502,\"caption\":\"Idermic. Dermatolog\u00eda en Terrassa\"},\"image\":{\"@id\":\"https:\\\/\\\/www.idermic.es\\\/#\\\/schema\\\/logo\\\/image\\\/\"},\"sameAs\":[\"https:\\\/\\\/www.facebook.com\\\/Idermic\",\"https:\\\/\\\/x.com\\\/idermic\",\"https:\\\/\\\/www.instagram.com\\\/idermicclinic\\\/\",\"https:\\\/\\\/www.youtube.com\\\/channel\\\/UCyAHC9-p8lc6hr_nguO8p_g\"]}]}<\/script>\n<!-- \/ Yoast SEO plugin. -->","yoast_head_json":{"title":"Equipo - Idermic. Dermatolog\u00eda en Terrassa","description":"Equipo Idermic Terrassa. Idermic cl\u00ednica en Terrassa dermatolog\u00eda, cirug\u00eda pl\u00e1stica y est\u00e9tica. Cuidado de la piel y de la imagen corporal.","robots":{"index":"index","follow":"follow","max-snippet":"max-snippet:-1","max-image-preview":"max-image-preview:large","max-video-preview":"max-video-preview:-1"},"canonical":"https:\/\/www.idermic.es\/es\/equipo-humano-idermic\/","og_locale":"es_ES","og_type":"article","og_title":"Equipo - Idermic. Dermatolog\u00eda en Terrassa","og_description":"Equipo Idermic Terrassa. Idermic cl\u00ednica en Terrassa dermatolog\u00eda, cirug\u00eda pl\u00e1stica y est\u00e9tica. Cuidado de la piel y de la imagen corporal.","og_url":"https:\/\/www.idermic.es\/es\/equipo-humano-idermic\/","og_site_name":"Idermic. Dermatolog\u00eda en Terrassa","article_publisher":"https:\/\/www.facebook.com\/Idermic","article_modified_time":"2026-07-21T10:47:56+00:00","og_image":[{"width":115,"height":2,"url":"https:\/\/www.idermic.es\/wp-content\/uploads\/2019\/01\/glass_green-1.jpg","type":"image\/jpeg"}],"twitter_card":"summary_large_image","twitter_site":"@idermic","twitter_misc":{"Tiempo de lectura":"6 minutos"},"schema":{"@context":"https:\/\/schema.org","@graph":[{"@type":"WebPage","@id":"https:\/\/www.idermic.es\/es\/equipo-humano-idermic\/","url":"https:\/\/www.idermic.es\/es\/equipo-humano-idermic\/","name":"Equipo - Idermic. Dermatolog\u00eda en Terrassa","isPartOf":{"@id":"https:\/\/www.idermic.es\/#website"},"primaryImageOfPage":{"@id":"https:\/\/www.idermic.es\/es\/equipo-humano-idermic\/#primaryimage"},"image":{"@id":"https:\/\/www.idermic.es\/es\/equipo-humano-idermic\/#primaryimage"},"thumbnailUrl":"https:\/\/www.idermic.es\/wp-content\/uploads\/2019\/01\/glass_green-1.jpg","datePublished":"2019-01-24T10:22:48+00:00","dateModified":"2026-07-21T10:47:56+00:00","description":"Equipo Idermic Terrassa. Idermic cl\u00ednica en Terrassa dermatolog\u00eda, cirug\u00eda pl\u00e1stica y est\u00e9tica. Cuidado de la piel y de la imagen corporal.","breadcrumb":{"@id":"https:\/\/www.idermic.es\/es\/equipo-humano-idermic\/#breadcrumb"},"inLanguage":"es","potentialAction":[{"@type":"ReadAction","target":["https:\/\/www.idermic.es\/es\/equipo-humano-idermic\/"]}]},{"@type":"ImageObject","inLanguage":"es","@id":"https:\/\/www.idermic.es\/es\/equipo-humano-idermic\/#primaryimage","url":"https:\/\/www.idermic.es\/wp-content\/uploads\/2019\/01\/glass_green-1.jpg","contentUrl":"https:\/\/www.idermic.es\/wp-content\/uploads\/2019\/01\/glass_green-1.jpg"},{"@type":"BreadcrumbList","@id":"https:\/\/www.idermic.es\/es\/equipo-humano-idermic\/#breadcrumb","itemListElement":[{"@type":"ListItem","position":1,"name":"Inici","item":"https:\/\/www.idermic.es\/es\/"},{"@type":"ListItem","position":2,"name":"Equipo"}]},{"@type":"WebSite","@id":"https:\/\/www.idermic.es\/#website","url":"https:\/\/www.idermic.es\/","name":"Idermic. Dermatolog\u00eda en Terrassa","description":"Dermatolog\u00eda, Medicina est\u00e9tica, Cirurg\u00eda Pl\u00e0stica","publisher":{"@id":"https:\/\/www.idermic.es\/#organization"},"potentialAction":[{"@type":"SearchAction","target":{"@type":"EntryPoint","urlTemplate":"https:\/\/www.idermic.es\/?s={search_term_string}"},"query-input":{"@type":"PropertyValueSpecification","valueRequired":true,"valueName":"search_term_string"}}],"inLanguage":"es"},{"@type":"Organization","@id":"https:\/\/www.idermic.es\/#organization","name":"Idermic. Dermatolog\u00eda en Terrassa","url":"https:\/\/www.idermic.es\/","logo":{"@type":"ImageObject","inLanguage":"es","@id":"https:\/\/www.idermic.es\/#\/schema\/logo\/image\/","url":"https:\/\/www.idermic.es\/wp-content\/uploads\/2025\/10\/Logo-Idermic.jpg","contentUrl":"https:\/\/www.idermic.es\/wp-content\/uploads\/2025\/10\/Logo-Idermic.jpg","width":501,"height":502,"caption":"Idermic. Dermatolog\u00eda en Terrassa"},"image":{"@id":"https:\/\/www.idermic.es\/#\/schema\/logo\/image\/"},"sameAs":["https:\/\/www.facebook.com\/Idermic","https:\/\/x.com\/idermic","https:\/\/www.instagram.com\/idermicclinic\/","https:\/\/www.youtube.com\/channel\/UCyAHC9-p8lc6hr_nguO8p_g"]}]}},"_links":{"self":[{"href":"https:\/\/www.idermic.es\/es\/wp-json\/wp\/v2\/pages\/1270","targetHints":{"allow":["GET"]}}],"collection":[{"href":"https:\/\/www.idermic.es\/es\/wp-json\/wp\/v2\/pages"}],"about":[{"href":"https:\/\/www.idermic.es\/es\/wp-json\/wp\/v2\/types\/page"}],"author":[{"embeddable":true,"href":"https:\/\/www.idermic.es\/es\/wp-json\/wp\/v2\/users\/1"}],"replies":[{"embeddable":true,"href":"https:\/\/www.idermic.es\/es\/wp-json\/wp\/v2\/comments?post=1270"}],"version-history":[{"count":100,"href":"https:\/\/www.idermic.es\/es\/wp-json\/wp\/v2\/pages\/1270\/revisions"}],"predecessor-version":[{"id":10336,"href":"https:\/\/www.idermic.es\/es\/wp-json\/wp\/v2\/pages\/1270\/revisions\/10336"}],"wp:attachment":[{"href":"https:\/\/www.idermic.es\/es\/wp-json\/wp\/v2\/media?parent=1270"}],"curies":[{"name":"wp","href":"https:\/\/api.w.org\/{rel}","templated":true}]}}