{"id":1519,"date":"2019-01-28T13:18:10","date_gmt":"2019-01-28T13:18:10","guid":{"rendered":"http:\/\/www.idermic.es\/dermatologia_estetic\/correccio-arrugues\/"},"modified":"2026-06-09T21:03:33","modified_gmt":"2026-06-09T21:03:33","slug":"correccion-arrugas","status":"publish","type":"dermatologia_estetic","link":"https:\/\/www.idermic.es\/es\/dermatologia_estetic\/correccion-arrugas\/","title":{"rendered":"Correcci\u00f3n de arrugas"},"content":{"rendered":"<p><div class=\"fusion-fullwidth fullwidth-box fusion-builder-row-1 nonhundred-percent-fullwidth non-hundred-percent-height-scrolling\" style=\"--awb-border-radius-top-left:0px;--awb-border-radius-top-right:0px;--awb-border-radius-bottom-right:0px;--awb-border-radius-bottom-left:0px;--awb-padding-top:25px;--awb-flex-wrap:wrap;\" ><div class=\"fusion-builder-row fusion-row\"><div class=\"fusion-layout-column fusion_builder_column fusion-builder-column-0 fusion_builder_column_1_1 1_1 fusion-one-full fusion-column-first fusion-column-last\" style=\"--awb-padding-bottom:40px;--awb-bg-size:cover;\"><div class=\"fusion-column-wrapper fusion-flex-column-wrapper-legacy\"><div class=\"fusion-text fusion-text-1\"><p style=\"text-align: center;\"><span style=\"font-size: 24pt;\"><strong>DERMATOLOG\u00cdA EST\u00c9TICA<\/strong><\/span><\/p>\n<h5 style=\"text-align: center;\"><img decoding=\"async\" class=\"alignnone size-full wp-image-382 aligncenter\" src=\"https:\/\/www.idermic.es\/wp-content\/uploads\/2019\/01\/glass_green-1.jpg\" alt=\"\" width=\"115\" height=\"2\" srcset=\"https:\/\/www.idermic.es\/wp-content\/uploads\/2019\/01\/glass_green-1-66x2.jpg 66w, https:\/\/www.idermic.es\/wp-content\/uploads\/2019\/01\/glass_green-1.jpg 115w\" sizes=\"(max-width: 115px) 100vw, 115px\" \/><br \/>\nTRATAMIENTOS FACIALES<\/h5>\n<\/div><div class=\"fusion-clearfix\"><\/div><\/div><\/div><\/div><\/div><div class=\"fusion-fullwidth fullwidth-box fusion-builder-row-2 nonhundred-percent-fullwidth non-hundred-percent-height-scrolling\" style=\"--awb-border-radius-top-left:0px;--awb-border-radius-top-right:0px;--awb-border-radius-bottom-right:0px;--awb-border-radius-bottom-left:0px;--awb-flex-wrap:wrap;\" ><div class=\"fusion-builder-row fusion-row\"><div class=\"fusion-layout-column fusion_builder_column fusion-builder-column-1 fusion_builder_column_1_3 1_3 fusion-one-third fusion-column-first\" style=\"--awb-bg-size:cover;width:33.333333333333%;width:calc(33.333333333333% - ( ( 4% + 4% ) * 0.33333333333333 ) );margin-right: 4%;\"><div class=\"fusion-column-wrapper fusion-flex-column-wrapper-legacy\"><div class=\"fusion-image-element in-legacy-container\" style=\"--awb-caption-title-font-family:var(--h2_typography-font-family);--awb-caption-title-font-weight:var(--h2_typography-font-weight);--awb-caption-title-font-style:var(--h2_typography-font-style);--awb-caption-title-size:var(--h2_typography-font-size);--awb-caption-title-transform:var(--h2_typography-text-transform);--awb-caption-title-line-height:var(--h2_typography-line-height);--awb-caption-title-letter-spacing:var(--h2_typography-letter-spacing);\"><span class=\" fusion-imageframe imageframe-none imageframe-1 hover-type-none\"><img decoding=\"async\" width=\"356\" height=\"2\" title=\"line_green\" src=\"https:\/\/www.idermic.es\/wp-content\/uploads\/2019\/01\/line_green.jpg\" alt class=\"img-responsive wp-image-1002\" srcset=\"https:\/\/www.idermic.es\/wp-content\/uploads\/2019\/01\/line_green-200x1.jpg 200w, https:\/\/www.idermic.es\/wp-content\/uploads\/2019\/01\/line_green.jpg 356w\" sizes=\"(max-width: 800px) 100vw, 356px\" \/><\/span><\/div><div class=\"fusion-title title fusion-title-1 fusion-sep-none fusion-title-text fusion-title-size-two\"><h2 class=\"fusion-title-heading title-heading-left\" style=\"margin:0;\">CORRECCI\u00d3N DE ARRUGAS<\/h2><\/div><div class=\"fusion-title title fusion-title-2 fusion-sep-none fusion-title-text fusion-title-size-six\" style=\"--awb-margin-top:60px;\"><h6 class=\"fusion-title-heading title-heading-left\" style=\"margin:0;\">Consigue un aspecto m\u00e1s joven y relajado<\/h6><\/div><div class=\"fusion-clearfix\"><\/div><\/div><\/div><div class=\"fusion-layout-column fusion_builder_column fusion-builder-column-2 fusion_builder_column_1_3 1_3 fusion-one-third\" style=\"--awb-bg-size:cover;width:33.333333333333%;width:calc(33.333333333333% - ( ( 4% + 4% ) * 0.33333333333333 ) );margin-right: 4%;\"><div class=\"fusion-column-wrapper fusion-flex-column-wrapper-legacy\"><div class=\"fusion-image-element in-legacy-container\" style=\"--awb-caption-title-font-family:var(--h2_typography-font-family);--awb-caption-title-font-weight:var(--h2_typography-font-weight);--awb-caption-title-font-style:var(--h2_typography-font-style);--awb-caption-title-size:var(--h2_typography-font-size);--awb-caption-title-transform:var(--h2_typography-text-transform);--awb-caption-title-line-height:var(--h2_typography-line-height);--awb-caption-title-letter-spacing:var(--h2_typography-letter-spacing);\"><span class=\" fusion-imageframe imageframe-none imageframe-2 hover-type-none\"><img decoding=\"async\" width=\"356\" height=\"2\" title=\"line_green\" src=\"https:\/\/www.idermic.es\/wp-content\/uploads\/2019\/01\/line_green.jpg\" alt class=\"img-responsive wp-image-1002\" srcset=\"https:\/\/www.idermic.es\/wp-content\/uploads\/2019\/01\/line_green-200x1.jpg 200w, https:\/\/www.idermic.es\/wp-content\/uploads\/2019\/01\/line_green.jpg 356w\" sizes=\"(max-width: 800px) 100vw, 356px\" \/><\/span><\/div><div class=\"fusion-text fusion-text-2\"><p>La piel de la cara es m\u00e1s susceptible de sufrir los efectos del tiempo, lo que provoca la p\u00e9rdida de elasticidad, tono y firmeza de las estructuras en general conforme avanzan los a\u00f1os.<\/p>\n<p>Este deterioro se traduce en la aparici\u00f3n de l\u00edneas de expresi\u00f3n que, con el uso y desgaste, dar\u00e1n lugar a las arrugas que surgen en diferentes zonas como las periorbitarias (alrededor de los ojos), las peribucales (alrededor de la boca ), en el entrecejo, en las comisuras labiales o en el \u00abrictus\u00bb o surco nasogeniano.<\/p>\n<\/div><div class=\"accordian fusion-accordian\" style=\"--awb-border-size:1px;--awb-icon-size:13px;--awb-content-font-size:15px;--awb-icon-alignment:left;--awb-hover-color:#f9f9f9;--awb-border-color:#cccccc;--awb-background-color:#ffffff;--awb-divider-color:#e0dede;--awb-divider-hover-color:#e0dede;--awb-icon-color:#ffffff;--awb-title-color:#ddbcb0;--awb-content-color:#505050;--awb-icon-box-color:#000000;--awb-toggle-hover-accent-color:#ddbcb0;--awb-title-font-family:&quot;Montserrat&quot;;--awb-title-font-weight:400;--awb-title-font-style:normal;--awb-content-font-family:&quot;Montserrat&quot;;--awb-content-font-style:normal;--awb-content-font-weight:300;\"><div class=\"panel-group fusion-toggle-icon-boxed\" id=\"accordion-1519-1\"><div class=\"fusion-panel panel-default panel-8530c4aae10c8184f fusion-toggle-has-divider\"><div class=\"panel-heading\"><h4 class=\"panel-title toggle\" id=\"toggle_8530c4aae10c8184f\"><a aria-expanded=\"false\" aria-controls=\"8530c4aae10c8184f\" role=\"button\" data-toggle=\"collapse\" data-parent=\"#accordion-1519-1\" data-target=\"#8530c4aae10c8184f\" href=\"#8530c4aae10c8184f\"><span class=\"fusion-toggle-icon-wrapper\" aria-hidden=\"true\"><i class=\"fa-fusion-box active-icon awb-icon-minus\" aria-hidden=\"true\"><\/i><i class=\"fa-fusion-box inactive-icon awb-icon-plus\" aria-hidden=\"true\"><\/i><\/span><span class=\"fusion-toggle-heading\">CORRECCI\u00d3N DE ARRUGAS NASOLABIALES CON \u00c1CIDO HIALUR\u00d3NICO<\/span><\/a><\/h4><\/div><div id=\"8530c4aae10c8184f\" class=\"panel-collapse collapse \" aria-labelledby=\"toggle_8530c4aae10c8184f\"><div class=\"panel-body toggle-content fusion-clearfix\">\n<p>El \u00e1cido hialur\u00f3nico es el producto estrella para el rejuvenecimiento facial, se utiliza como relleno d\u00e9rmico por su capacidad para retener l\u00edquido y atraer agua, adem\u00e1s de estimular la producci\u00f3n de col\u00e1geno.<\/p>\n<h5>\u00bfC\u00d3MO SE REALIZA EL PROCEDIMIENTO?<\/h5>\n<p>El procedimiento se realiza en la consulta. De forma opcional se puede usar crema anest\u00e9sica antes del procedimiento. La t\u00e9cnica tiene una duraci\u00f3n de unos 20 minutos.<\/p>\n<p>Se trata de una t\u00e9cnica m\u00ednimamente invasiva, que permite al paciente reincorporarse inmediatamente a las actividades de la vida diaria. En ocasiones es posible la aparici\u00f3n de alg\u00fan peque\u00f1o hematoma que se resolver\u00e1 espont\u00e1neamente en pocos d\u00edas y que ser\u00e1 f\u00e1cilmente camuflable con el maquillaje.<\/p>\n<h5>\u00bfCU\u00c1NDO APRECIAR\u00c9 LOS RESULTADOS?<\/h5>\n<p>Los resultados son visibles justo despu\u00e9s del procedimiento aunque debido a la inflamaci\u00f3n inicial de la zona no ser\u00e1 hasta pasada una semana cuando objetiven los resultados definitivos.<br \/>\nSe trata de sustancias reabsorvibles que permiten obtener unos resultados que revierten naturalmente con el paso los meses.<br \/>\nLa duraci\u00f3n del relleno var\u00eda entre 8 y 12 meses, por lo que pueden ir modific\u00e1ndose en funci\u00f3n del gusto y las necesidades de cada paciente. Este tipo de relleno permite a muchas personas probar sin miedo a equivocarse.<\/p>\n<\/div><\/div><\/div><\/div><\/div><div class=\"fusion-clearfix\"><\/div><\/div><\/div><div class=\"fusion-layout-column fusion_builder_column fusion-builder-column-3 fusion_builder_column_1_3 1_3 fusion-one-third fusion-column-last\" style=\"--awb-bg-size:cover;width:33.333333333333%;width:calc(33.333333333333% - ( ( 4% + 4% ) * 0.33333333333333 ) );\"><div class=\"fusion-column-wrapper fusion-flex-column-wrapper-legacy\"><div class=\"fusion-image-element in-legacy-container\" style=\"--awb-caption-title-font-family:var(--h2_typography-font-family);--awb-caption-title-font-weight:var(--h2_typography-font-weight);--awb-caption-title-font-style:var(--h2_typography-font-style);--awb-caption-title-size:var(--h2_typography-font-size);--awb-caption-title-transform:var(--h2_typography-text-transform);--awb-caption-title-line-height:var(--h2_typography-line-height);--awb-caption-title-letter-spacing:var(--h2_typography-letter-spacing);\"><span class=\" fusion-imageframe imageframe-none imageframe-3 hover-type-none\"><img decoding=\"async\" width=\"600\" height=\"757\" alt=\"Dermatolog\u00eda est\u00e9tica. Correcci\u00f3n de arrugas. Cl\u00ednica Idermic\" title=\"dermatologia_estetica_correccio_arrugues_idermic-600&#215;757\" src=\"https:\/\/www.idermic.es\/wp-content\/uploads\/2026\/01\/dermatologia_estetica_correccio_arrugues_idermic-600x757-1.jpg\" class=\"img-responsive wp-image-9200\" srcset=\"https:\/\/www.idermic.es\/wp-content\/uploads\/2026\/01\/dermatologia_estetica_correccio_arrugues_idermic-600x757-1-200x252.jpg 200w, https:\/\/www.idermic.es\/wp-content\/uploads\/2026\/01\/dermatologia_estetica_correccio_arrugues_idermic-600x757-1-400x505.jpg 400w, https:\/\/www.idermic.es\/wp-content\/uploads\/2026\/01\/dermatologia_estetica_correccio_arrugues_idermic-600x757-1.jpg 600w\" sizes=\"(max-width: 800px) 100vw, 400px\" \/><\/span><\/div><div class=\"fusion-clearfix\"><\/div><\/div><\/div><\/div><\/div><div class=\"fusion-fullwidth fullwidth-box fusion-builder-row-3 nonhundred-percent-fullwidth non-hundred-percent-height-scrolling\" style=\"--awb-border-radius-top-left:0px;--awb-border-radius-top-right:0px;--awb-border-radius-bottom-right:0px;--awb-border-radius-bottom-left:0px;--awb-flex-wrap:wrap;\" ><div class=\"fusion-builder-row fusion-row\"><div class=\"fusion-layout-column fusion_builder_column fusion-builder-column-4 fusion_builder_column_1_1 1_1 fusion-one-full fusion-column-first fusion-column-last\" style=\"--awb-bg-size:cover;\"><div class=\"fusion-column-wrapper fusion-flex-column-wrapper-legacy\"><div class=\"fusion-text fusion-text-3\"><p>El <a href=\"https:\/\/www.idermic.es\/es\/rejuvenecimiento-facial\/\"><strong>rejuvenecimiento facial<\/strong><\/a> es una soluci\u00f3n popular para reducir los signos visibles del envejecimiento, como las arrugas de expresi\u00f3n. En Idermic, ofrecemos una variedad de tratamientos avanzados que ayudan a restaurar la firmeza y suavidad de la piel. La aplicaci\u00f3n de \u00e1cido hialur\u00f3nico es una de las opciones m\u00e1s efectivas para rellenar arrugas y surcos profundos, mejorando la textura del rostro.<\/p>\n<p>Tambi\u00e9n contamos con t\u00e9cnicas de toxina botul\u00ednica y tratamientos con l\u00e1ser para un rejuvenecimiento facial completo y duradero. Estos procedimientos no solo aten\u00faan las l\u00edneas de expresi\u00f3n, sino que tambi\u00e9n estimulan la producci\u00f3n de col\u00e1geno, proporcionando un efecto lifting natural. Con un enfoque personalizado, nuestros especialistas aseguran resultados que se adaptan a las necesidades de cada paciente, logrando una piel visiblemente rejuvenecida y saludable. \u00a1Descubre el rejuvenecimiento facial en Idermic y luce una piel m\u00e1s joven y radiante!<\/p>\n<\/div><div class=\"fusion-clearfix\"><\/div><\/div><\/div><\/div><\/div><div class=\"fusion-fullwidth fullwidth-box fusion-builder-row-4 nonhundred-percent-fullwidth non-hundred-percent-height-scrolling\" style=\"--awb-border-radius-top-left:0px;--awb-border-radius-top-right:0px;--awb-border-radius-bottom-right:0px;--awb-border-radius-bottom-left:0px;--awb-flex-wrap:wrap;\" ><div class=\"fusion-builder-row fusion-row\"><div class=\"fusion-layout-column fusion_builder_column fusion-builder-column-5 fusion_builder_column_1_1 1_1 fusion-one-full fusion-column-first fusion-column-last\" style=\"--awb-bg-size:cover;\"><div class=\"fusion-column-wrapper fusion-flex-column-wrapper-legacy\"><div class=\"accordian fusion-accordian\" style=\"--awb-border-size:1px;--awb-icon-size:13px;--awb-content-font-size:15px;--awb-icon-alignment:left;--awb-hover-color:#f9f9f9;--awb-border-color:#cccccc;--awb-background-color:#ffffff;--awb-divider-color:#e0dede;--awb-divider-hover-color:#e0dede;--awb-icon-color:#ffffff;--awb-title-color:#ddbcb0;--awb-content-color:#505050;--awb-icon-box-color:#000000;--awb-toggle-hover-accent-color:#ddbcb0;--awb-title-font-family:&quot;Montserrat&quot;;--awb-title-font-weight:400;--awb-title-font-style:normal;--awb-content-font-family:&quot;Montserrat&quot;;--awb-content-font-style:normal;--awb-content-font-weight:300;\"><div class=\"panel-group fusion-toggle-icon-boxed\" id=\"accordion-1519-2\"><div class=\"fusion-panel panel-default panel-bf8308211a21bf903 fusion-toggle-has-divider\"><div class=\"panel-heading\"><h4 class=\"panel-title toggle\" id=\"toggle_bf8308211a21bf903\"><a aria-expanded=\"false\" aria-controls=\"bf8308211a21bf903\" role=\"button\" data-toggle=\"collapse\" data-parent=\"#accordion-1519-2\" data-target=\"#bf8308211a21bf903\" href=\"#bf8308211a21bf903\"><span class=\"fusion-toggle-icon-wrapper\" aria-hidden=\"true\"><i class=\"fa-fusion-box active-icon awb-icon-minus\" aria-hidden=\"true\"><\/i><i class=\"fa-fusion-box inactive-icon awb-icon-plus\" aria-hidden=\"true\"><\/i><\/span><span class=\"fusion-toggle-heading\">Acerca de la correcci\u00f3n de arrugas<\/span><\/a><\/h4><\/div><div id=\"bf8308211a21bf903\" class=\"panel-collapse collapse \" aria-labelledby=\"toggle_bf8308211a21bf903\"><div class=\"panel-body toggle-content fusion-clearfix\">\n<p>La correcci\u00f3n de arrugas es uno de los procedimientos m\u00e1s demandados en el campo de la medicina est\u00e9tica, ya que las arrugas son uno de los signos m\u00e1s evidentes del envejecimiento. Las arrugas suelen aparecer por la p\u00e9rdida de col\u00e1geno y elastina en la piel, as\u00ed como por la repetici\u00f3n constante de expresiones faciales. Factores como la exposici\u00f3n al sol, el tabaquismo y la gen\u00e9tica tambi\u00e9n influyen en su aparici\u00f3n. Existen diferentes m\u00e9todos para tratar las arrugas, desde opciones no invasivas hasta procedimientos quir\u00fargicos, seg\u00fan las necesidades y expectativas del paciente.<\/p>\n<\/div><\/div><\/div><div class=\"fusion-panel panel-default panel-f544d69e066c77d4a fusion-toggle-has-divider\"><div class=\"panel-heading\"><h4 class=\"panel-title toggle\" id=\"toggle_f544d69e066c77d4a\"><a aria-expanded=\"false\" aria-controls=\"f544d69e066c77d4a\" role=\"button\" data-toggle=\"collapse\" data-parent=\"#accordion-1519-2\" data-target=\"#f544d69e066c77d4a\" href=\"#f544d69e066c77d4a\"><span class=\"fusion-toggle-icon-wrapper\" aria-hidden=\"true\"><i class=\"fa-fusion-box active-icon awb-icon-minus\" aria-hidden=\"true\"><\/i><i class=\"fa-fusion-box inactive-icon awb-icon-plus\" aria-hidden=\"true\"><\/i><\/span><span class=\"fusion-toggle-heading\">S\u00edntomas: \u00bfQu\u00e9 son las arrugas y c\u00f3mo se manifiestan?<\/span><\/a><\/h4><\/div><div id=\"f544d69e066c77d4a\" class=\"panel-collapse collapse \" aria-labelledby=\"toggle_f544d69e066c77d4a\"><div class=\"panel-body toggle-content fusion-clearfix\">\n<p>Las arrugas se presentan como l\u00edneas finas, pliegues o surcos en la piel que pueden variar en profundidad y ubicaci\u00f3n. Existen dos tipos principales de arrugas: las din\u00e1micas, que se forman debido a las contracciones musculares asociadas con expresiones faciales repetitivas, como sonre\u00edr o fruncir el ce\u00f1o, y las est\u00e1ticas, que son visibles incluso en reposo y suelen ser el resultado de la p\u00e9rdida de elasticidad de la piel con el tiempo.<\/p>\n<ul>\n<li><strong>Arrugas de expresi\u00f3n<\/strong>: Estas arrugas suelen aparecer en \u00e1reas como el entrecejo, la frente y alrededor de los ojos (patas de gallo) debido a las contracciones musculares repetidas. Son m\u00e1s notorias cuando se gesticula.<\/li>\n<li><strong>Arrugas est\u00e1ticas<\/strong>: Son las que aparecen debido a la p\u00e9rdida de elasticidad de la piel y est\u00e1n presentes incluso cuando el rostro est\u00e1 en reposo. Suelen ser m\u00e1s profundas y dif\u00edciles de corregir sin procedimientos m\u00e1s avanzados.<\/li>\n<li><strong>Arrugas finas<\/strong>: Estas l\u00edneas superficiales suelen estar asociadas con la deshidrataci\u00f3n y la falta de cuidado adecuado de la piel. Pueden aparecer en todo el rostro, pero son especialmente comunes alrededor de los ojos y los labios.<\/li>\n<\/ul>\n<\/div><\/div><\/div><div class=\"fusion-panel panel-default panel-b3755e7e23d35ead6 fusion-toggle-has-divider\"><div class=\"panel-heading\"><h4 class=\"panel-title toggle\" id=\"toggle_b3755e7e23d35ead6\"><a aria-expanded=\"false\" aria-controls=\"b3755e7e23d35ead6\" role=\"button\" data-toggle=\"collapse\" data-parent=\"#accordion-1519-2\" data-target=\"#b3755e7e23d35ead6\" href=\"#b3755e7e23d35ead6\"><span class=\"fusion-toggle-icon-wrapper\" aria-hidden=\"true\"><i class=\"fa-fusion-box active-icon awb-icon-minus\" aria-hidden=\"true\"><\/i><i class=\"fa-fusion-box inactive-icon awb-icon-plus\" aria-hidden=\"true\"><\/i><\/span><span class=\"fusion-toggle-heading\">Diagn\u00f3stico: C\u00f3mo identificar las arrugas y su severidad<\/span><\/a><\/h4><\/div><div id=\"b3755e7e23d35ead6\" class=\"panel-collapse collapse \" aria-labelledby=\"toggle_b3755e7e23d35ead6\"><div class=\"panel-body toggle-content fusion-clearfix\">\n<p>El diagn\u00f3stico de las arrugas se realiza mediante una evaluaci\u00f3n cl\u00ednica del rostro del paciente, identificando las \u00e1reas donde las arrugas son m\u00e1s pronunciadas. Los especialistas en dermatolog\u00eda y medicina est\u00e9tica tambi\u00e9n eval\u00faan factores como la profundidad de las arrugas y si son din\u00e1micas o est\u00e1ticas, lo que ayudar\u00e1 a determinar el mejor tratamiento.<\/p>\n<ul>\n<li><strong>Examen cl\u00ednico<\/strong>: El m\u00e9dico eval\u00faa la elasticidad de la piel, la presencia de l\u00edneas de expresi\u00f3n y la severidad de las arrugas.<\/li>\n<li><strong>Fotograf\u00edas antes del tratamiento<\/strong>: A menudo se toman im\u00e1genes del rostro para documentar el estado inicial y poder realizar un seguimiento despu\u00e9s del tratamiento.<\/li>\n<\/ul>\n<\/div><\/div><\/div><div class=\"fusion-panel panel-default panel-29d091b1d637e5f78 fusion-toggle-has-divider\" style=\"--awb-title-color:#ddbcb0;--awb-content-color:#505050;\"><div class=\"panel-heading\"><h4 class=\"panel-title toggle\" id=\"toggle_29d091b1d637e5f78\"><a aria-expanded=\"false\" aria-controls=\"29d091b1d637e5f78\" role=\"button\" data-toggle=\"collapse\" data-parent=\"#accordion-1519-2\" data-target=\"#29d091b1d637e5f78\" href=\"#29d091b1d637e5f78\"><span class=\"fusion-toggle-icon-wrapper\" aria-hidden=\"true\"><i class=\"fa-fusion-box active-icon awb-icon-minus\" aria-hidden=\"true\"><\/i><i class=\"fa-fusion-box inactive-icon awb-icon-plus\" aria-hidden=\"true\"><\/i><\/span><span class=\"fusion-toggle-heading\">Tratamientos para la correcci\u00f3n de arrugas<\/span><\/a><\/h4><\/div><div id=\"29d091b1d637e5f78\" class=\"panel-collapse collapse \" aria-labelledby=\"toggle_29d091b1d637e5f78\"><div class=\"panel-body toggle-content fusion-clearfix\">\n<p>La medicina est\u00e9tica ofrece diversas soluciones para corregir las arrugas, que van desde procedimientos no invasivos hasta tratamientos quir\u00fargicos. La elecci\u00f3n del tratamiento depender\u00e1 de la profundidad de las arrugas, la zona afectada y las preferencias del paciente.<\/p>\n<ul>\n<li><strong>Toxina botul\u00ednica (Botox)<\/strong>: Este tratamiento es uno de los m\u00e1s populares para las arrugas de expresi\u00f3n. La <a href=\"https:\/\/www.idermic.es\/es\/botox-en-terrassa\/\">toxina botul\u00ednica<\/a> act\u00faa relajando temporalmente los m\u00fasculos responsables de las arrugas, lo que resulta en una piel m\u00e1s lisa y sin l\u00edneas de expresi\u00f3n. Es ideal para zonas como el entrecejo, la frente y las patas de gallo.<\/li>\n<li><strong>Rellenos d\u00e9rmicos<\/strong>: Los rellenos de \u00e1cido hialur\u00f3nico son otra opci\u00f3n muy demandada para corregir arrugas, especialmente las est\u00e1ticas y las m\u00e1s profundas. Estos rellenos aportan volumen a las zonas hundidas, suavizando las l\u00edneas y arrugas del rostro.<\/li>\n<li><strong>L\u00e1ser fraccionado<\/strong>: Para tratar arrugas m\u00e1s finas y superficiales, los tratamientos con l\u00e1ser fraccionado ayudan a estimular la producci\u00f3n de col\u00e1geno en la piel, mejorando su textura y reduciendo la apariencia de las arrugas.<\/li>\n<li><strong>Lifting facial<\/strong>: Para pacientes con arrugas m\u00e1s severas o piel ca\u00edda, el lifting facial es una opci\u00f3n quir\u00fargica que tensa la piel y elimina el exceso de tejido, ofreciendo resultados duraderos y notables.<\/li>\n<\/ul>\n<\/div><\/div><\/div><div class=\"fusion-panel panel-default panel-e5e9b2d06fbd074cd fusion-toggle-has-divider\"><div class=\"panel-heading\"><h4 class=\"panel-title toggle\" id=\"toggle_e5e9b2d06fbd074cd\"><a aria-expanded=\"false\" aria-controls=\"e5e9b2d06fbd074cd\" role=\"button\" data-toggle=\"collapse\" data-parent=\"#accordion-1519-2\" data-target=\"#e5e9b2d06fbd074cd\" href=\"#e5e9b2d06fbd074cd\"><span class=\"fusion-toggle-icon-wrapper\" aria-hidden=\"true\"><i class=\"fa-fusion-box active-icon awb-icon-minus\" aria-hidden=\"true\"><\/i><i class=\"fa-fusion-box inactive-icon awb-icon-plus\" aria-hidden=\"true\"><\/i><\/span><span class=\"fusion-toggle-heading\">Prevenci\u00f3n: \u00bfC\u00f3mo evitar la aparici\u00f3n de arrugas?<\/span><\/a><\/h4><\/div><div id=\"e5e9b2d06fbd074cd\" class=\"panel-collapse collapse \" aria-labelledby=\"toggle_e5e9b2d06fbd074cd\"><div class=\"panel-body toggle-content fusion-clearfix\">\n<p>Aunque es inevitable que la piel envejezca, existen medidas preventivas que pueden ayudar a retrasar la aparici\u00f3n de arrugas.<\/p>\n<ul>\n<li><strong>Protecci\u00f3n solar<\/strong>: El uso diario de protector solar es crucial para evitar el da\u00f1o por radiaci\u00f3n UV, que acelera el envejecimiento cut\u00e1neo y contribuye a la formaci\u00f3n de arrugas.<\/li>\n<li><strong>Hidrataci\u00f3n<\/strong>: Mantener la piel hidratada ayuda a prevenir la aparici\u00f3n de arrugas finas, ya que una piel bien hidratada es m\u00e1s el\u00e1stica.<\/li>\n<li><strong>H\u00e1bitos saludables<\/strong>: Evitar el tabaquismo y seguir una dieta rica en antioxidantes puede contribuir a una piel m\u00e1s saludable y con menos arrugas.<\/li>\n<\/ul>\n<\/div><\/div><\/div><div class=\"fusion-panel panel-default panel-e8cf9e92f8a0de2e5 fusion-toggle-has-divider\"><div class=\"panel-heading\"><h4 class=\"panel-title toggle\" id=\"toggle_e8cf9e92f8a0de2e5\"><a aria-expanded=\"false\" aria-controls=\"e8cf9e92f8a0de2e5\" role=\"button\" data-toggle=\"collapse\" data-parent=\"#accordion-1519-2\" data-target=\"#e8cf9e92f8a0de2e5\" href=\"#e8cf9e92f8a0de2e5\"><span class=\"fusion-toggle-icon-wrapper\" aria-hidden=\"true\"><i class=\"fa-fusion-box active-icon awb-icon-minus\" aria-hidden=\"true\"><\/i><i class=\"fa-fusion-box inactive-icon awb-icon-plus\" aria-hidden=\"true\"><\/i><\/span><span class=\"fusion-toggle-heading\">Factores de riesgo: \u00bfQu\u00e9 aumenta la probabilidad de desarrollar arrugas?<\/span><\/a><\/h4><\/div><div id=\"e8cf9e92f8a0de2e5\" class=\"panel-collapse collapse \" aria-labelledby=\"toggle_e8cf9e92f8a0de2e5\"><div class=\"panel-body toggle-content fusion-clearfix\">\n<p>Existen varios factores que pueden aumentar la probabilidad de desarrollar arrugas prematuras:<\/p>\n<ul>\n<li><strong>Exposici\u00f3n excesiva al sol<\/strong>: La radiaci\u00f3n ultravioleta da\u00f1a las fibras de col\u00e1geno y elastina en la piel.<\/li>\n<li><strong>Tabaquismo<\/strong>: Fumar acelera el envejecimiento de la piel al reducir el flujo sangu\u00edneo y la oxigenaci\u00f3n.<\/li>\n<li><strong>Predisposici\u00f3n gen\u00e9tica<\/strong>: La gen\u00e9tica tambi\u00e9n juega un papel en la rapidez con que aparecen las arrugas.<\/li>\n<\/ul>\n<\/div><\/div><\/div><\/div><\/div><div class=\"fusion-clearfix\"><\/div><\/div><\/div><\/div><\/div><div class=\"fusion-fullwidth fullwidth-box fusion-builder-row-5 fusion-flex-container has-pattern-background has-mask-background nonhundred-percent-fullwidth non-hundred-percent-height-scrolling\" style=\"--awb-border-radius-top-left:0px;--awb-border-radius-top-right:0px;--awb-border-radius-bottom-right:0px;--awb-border-radius-bottom-left:0px;--awb-flex-wrap:wrap;\" ><div class=\"fusion-builder-row fusion-row fusion-flex-align-items-flex-start fusion-flex-content-wrap\" style=\"max-width:1227.2px;margin-left: calc(-4% \/ 2 );margin-right: calc(-4% \/ 2 );\"><div class=\"fusion-layout-column fusion_builder_column fusion-builder-column-6 fusion_builder_column_1_1 1_1 fusion-flex-column\" style=\"--awb-bg-size:cover;--awb-width-large:100%;--awb-margin-top-large:0px;--awb-spacing-right-large:1.92%;--awb-margin-bottom-large:0px;--awb-spacing-left-large:1.92%;--awb-width-medium:100%;--awb-order-medium:0;--awb-spacing-right-medium:1.92%;--awb-spacing-left-medium:1.92%;--awb-width-small:100%;--awb-order-small:0;--awb-spacing-right-small:1.92%;--awb-spacing-left-small:1.92%;\"><div class=\"fusion-column-wrapper fusion-column-has-shadow fusion-flex-justify-content-flex-start fusion-content-layout-column\"><a class=\"fusion-modal-text-link\" href=\"#\">\n<div class=\"faq-arrugas\" style=\"margin: 2rem 0;\">\n<h2>Preguntas frecuentes sobre la correcci\u00f3n de arrugas<\/h2>\n<h3>\u00bfQu\u00e9 tratamientos existen para corregir las arrugas?<\/h3>\n<p>Existen opciones no invasivas y quir\u00fargicas seg\u00fan la profundidad y el tipo de arruga. Las m\u00e1s habituales son la toxina botul\u00ednica para arrugas de expresi\u00f3n, los rellenos de \u00e1cido hialur\u00f3nico para arrugas est\u00e1ticas y surcos profundos, el l\u00e1ser fraccionado para l\u00edneas finas y la estimulaci\u00f3n de col\u00e1geno, y el lifting facial en casos de flacidez avanzada. El tratamiento id\u00f3neo se determina en una valoraci\u00f3n personalizada en la cl\u00ednica.<\/p>\n<h3>\u00bfCu\u00e1l es la diferencia entre arrugas din\u00e1micas y est\u00e1ticas?<\/h3>\n<p>Las arrugas din\u00e1micas o de expresi\u00f3n se forman por la contracci\u00f3n repetida de los m\u00fasculos faciales y son m\u00e1s visibles al gesticular, apareciendo en el entrecejo, la frente y alrededor de los ojos. Las arrugas est\u00e1ticas son visibles incluso con el rostro en reposo y se deben a la p\u00e9rdida de elasticidad de la piel con el tiempo; suelen ser m\u00e1s profundas y requieren tratamientos m\u00e1s espec\u00edficos.<\/p>\n<h3>\u00bfCu\u00e1nto duran los resultados del relleno con \u00e1cido hialur\u00f3nico?<\/h3>\n<p>La duraci\u00f3n del relleno con \u00e1cido hialur\u00f3nico var\u00eda habitualmente entre 8 y 12 meses, ya que se trata de una sustancia reabsorbible cuyos resultados revierten de forma natural con el paso de los meses. El tratamiento puede repetirse o ajustarse en funci\u00f3n de las necesidades y preferencias de cada paciente. La evoluci\u00f3n concreta depende de cada caso y debe valorarse en consulta.<\/p>\n<h3>\u00bfEl tratamiento de correcci\u00f3n de arrugas con \u00e1cido hialur\u00f3nico es doloroso o requiere recuperaci\u00f3n?<\/h3>\n<p>Es una t\u00e9cnica m\u00ednimamente invasiva que se realiza en consulta, con una duraci\u00f3n aproximada de 20 minutos y la opci\u00f3n de aplicar crema anest\u00e9sica previa. Permite reincorporarse de inmediato a la actividad diaria. En ocasiones puede aparecer alg\u00fan peque\u00f1o hematoma que se resuelve espont\u00e1neamente en pocos d\u00edas y es f\u00e1cilmente camuflable con maquillaje.<\/p>\n<h3>\u00bfSe pueden prevenir las arrugas?<\/h3>\n<p>Aunque el envejecimiento cut\u00e1neo es inevitable, ciertos h\u00e1bitos ayudan a retrasar la aparici\u00f3n de arrugas: el uso diario de protecci\u00f3n solar para evitar el da\u00f1o por radiaci\u00f3n UV, mantener la piel bien hidratada para conservar su elasticidad, evitar el tabaquismo y seguir una dieta rica en antioxidantes. Estas medidas complementan, pero no sustituyen, la valoraci\u00f3n dermatol\u00f3gica personalizada.<\/p>\n<\/div>\n<p><script type=\"application\/ld+json\">\n{\n  \"@context\": \"https:\/\/schema.org\",\n  \"@type\": \"FAQPage\",\n  \"mainEntity\": [\n    {\n      \"@type\": \"Question\",\n      \"name\": \"\u00bfQu\u00e9 tratamientos existen para corregir las arrugas?\",\n      \"acceptedAnswer\": {\n        \"@type\": \"Answer\",\n        \"text\": \"Existen opciones no invasivas y quir\u00fargicas seg\u00fan la profundidad y el tipo de arruga. Las m\u00e1s habituales son la toxina botul\u00ednica para arrugas de expresi\u00f3n, los rellenos de \u00e1cido hialur\u00f3nico para arrugas est\u00e1ticas y surcos profundos, el l\u00e1ser fraccionado para l\u00edneas finas y la estimulaci\u00f3n de col\u00e1geno, y el lifting facial en casos de flacidez avanzada. El tratamiento id\u00f3neo se determina en una valoraci\u00f3n personalizada en la cl\u00ednica.\"\n      }\n    },\n    {\n      \"@type\": \"Question\",\n      \"name\": \"\u00bfCu\u00e1l es la diferencia entre arrugas din\u00e1micas y est\u00e1ticas?\",\n      \"acceptedAnswer\": {\n        \"@type\": \"Answer\",\n        \"text\": \"Las arrugas din\u00e1micas o de expresi\u00f3n se forman por la contracci\u00f3n repetida de los m\u00fasculos faciales y son m\u00e1s visibles al gesticular, apareciendo en el entrecejo, la frente y alrededor de los ojos. Las arrugas est\u00e1ticas son visibles incluso con el rostro en reposo y se deben a la p\u00e9rdida de elasticidad de la piel con el tiempo; suelen ser m\u00e1s profundas y requieren tratamientos m\u00e1s espec\u00edficos.\"\n      }\n    },\n    {\n      \"@type\": \"Question\",\n      \"name\": \"\u00bfCu\u00e1nto duran los resultados del relleno con \u00e1cido hialur\u00f3nico?\",\n      \"acceptedAnswer\": {\n        \"@type\": \"Answer\",\n        \"text\": \"La duraci\u00f3n del relleno con \u00e1cido hialur\u00f3nico var\u00eda habitualmente entre 8 y 12 meses, ya que se trata de una sustancia reabsorbible cuyos resultados revierten de forma natural con el paso de los meses. El tratamiento puede repetirse o ajustarse en funci\u00f3n de las necesidades y preferencias de cada paciente. La evoluci\u00f3n concreta depende de cada caso y debe valorarse en consulta.\"\n      }\n    },\n    {\n      \"@type\": \"Question\",\n      \"name\": \"\u00bfEl tratamiento de correcci\u00f3n de arrugas con \u00e1cido hialur\u00f3nico es doloroso o requiere recuperaci\u00f3n?\",\n      \"acceptedAnswer\": {\n        \"@type\": \"Answer\",\n        \"text\": \"Es una t\u00e9cnica m\u00ednimamente invasiva que se realiza en consulta, con una duraci\u00f3n aproximada de 20 minutos y la opci\u00f3n de aplicar crema anest\u00e9sica previa. Permite reincorporarse de inmediato a la actividad diaria. En ocasiones puede aparecer alg\u00fan peque\u00f1o hematoma que se resuelve espont\u00e1neamente en pocos d\u00edas y es f\u00e1cilmente camuflable con maquillaje.\"\n      }\n    },\n    {\n      \"@type\": \"Question\",\n      \"name\": \"\u00bfSe pueden prevenir las arrugas?\",\n      \"acceptedAnswer\": {\n        \"@type\": \"Answer\",\n        \"text\": \"Aunque el envejecimiento cut\u00e1neo es inevitable, ciertos h\u00e1bitos ayudan a retrasar la aparici\u00f3n de arrugas: el uso diario de protecci\u00f3n solar para evitar el da\u00f1o por radiaci\u00f3n UV, mantener la piel bien hidratada para conservar su elasticidad, evitar el tabaquismo y seguir una dieta rica en antioxidantes. Estas medidas complementan, pero no sustituyen, la valoraci\u00f3n dermatol\u00f3gica personalizada.\"\n      }\n    }\n  ]\n}\n<\/script><\/a><\/div><\/div><\/div><\/div><div class=\"fusion-fullwidth fullwidth-box fusion-builder-row-6 has-pattern-background has-mask-background nonhundred-percent-fullwidth non-hundred-percent-height-scrolling\" style=\"--awb-border-radius-top-left:0px;--awb-border-radius-top-right:0px;--awb-border-radius-bottom-right:0px;--awb-border-radius-bottom-left:0px;--awb-padding-top:20px;--awb-padding-bottom:32px;--awb-margin-top:48px;--awb-margin-bottom:32px;--awb-flex-wrap:wrap;\" ><div class=\"fusion-builder-row fusion-row\"><div class=\"fusion-layout-column fusion_builder_column fusion-builder-column-7 fusion_builder_column_1_2 1_2 fusion-one-half fusion-column-first fusion-column-inner-bg-wrapper\" style=\"--awb-padding-top:20px;--awb-padding-right:20px;--awb-padding-bottom:20px;--awb-padding-left:60px;--awb-inner-bg-color:#f4d0c2;--awb-inner-bg-color-hover:#f4d0c2;--awb-inner-bg-size:cover;width:50%;width:calc(50% - ( ( 4% ) * 0.5 ) );margin-right: 4%;\" data-scroll-devices=\"small-visibility,medium-visibility,large-visibility\"><span class=\"fusion-column-inner-bg hover-type-none\"><a class=\"fusion-column-anchor\" href=\"https:\/\/www.idermic.es\/es\/financiacion\/\"><span class=\"fusion-column-inner-bg-image\"><\/span><\/a><\/span><div class=\"fusion-column-wrapper fusion-column-has-shadow fusion-flex-column-wrapper-legacy\"><div style=\"text-align:center; max-width: 100%; width: calc(100% - 40px); margin: 0 auto;\">\n  <p style=\"color:white;margin:0;padding:15px 15px 0 15px;background-color:#ddbcb0;font-family:Montserrat;font-size:20px;font-weight:500;letter-spacing:2px;line-height:30px;\">\n    FINAN\u00c7AMENT 0% INTER\u00c8S\n  <\/p>\n  <p style=\"color:white;margin:0;padding:0 15px 15px 15px;background-color:#ddbcb0;font-family:Open Sans;font-size:12px;font-weight:500;letter-spacing:2px;line-height:30px;\">\n    LLEGIR M\u00c9S +\n  <\/p>\n<\/div><div class=\"fusion-clearfix\"><\/div><\/div><\/div><div class=\"fusion-layout-column fusion_builder_column fusion-builder-column-8 fusion_builder_column_1_2 1_2 fusion-one-half fusion-column-last fusion-column-inner-bg-wrapper\" style=\"--awb-padding-top:20px;--awb-padding-right:20px;--awb-padding-bottom:20px;--awb-padding-left:60px;--awb-inner-bg-color:#f4d0c2;--awb-inner-bg-color-hover:#f4d0c2;--awb-inner-bg-size:cover;width:50%;width:calc(50% - ( ( 4% ) * 0.5 ) );\" data-scroll-devices=\"small-visibility,medium-visibility,large-visibility\"><span class=\"fusion-column-inner-bg hover-type-none\"><a class=\"fusion-column-anchor\" href=\"https:\/\/www.idermic.es\/es\/preguntas-frecuentes\/\"><span class=\"fusion-column-inner-bg-image\"><\/span><\/a><\/span><div class=\"fusion-column-wrapper fusion-column-has-shadow fusion-flex-column-wrapper-legacy\"><div style=\"text-align:center; max-width: 100%; width: calc(100% - 40px); margin: 0 auto;\">\n  <p style=\"color:white;margin:0;padding:15px 15px 0 15px;background-color:#ddbcb0;font-family:Montserrat;font-size:20px;font-weight:500;letter-spacing:2px;line-height:30px;\">\n    PREGUNTES FREQ\u00dcENTS \n  <\/p>\n  <p style=\"color:white;margin:0;padding:0 15px 15px 15px;background-color:#ddbcb0;font-family:Open Sans;font-size:12px;font-weight:500;letter-spacing:2px;line-height:30px;\">\n    LLEGIR M\u00c9S +\n  <\/p>\n<\/div><div class=\"fusion-clearfix\"><\/div><\/div><\/div><\/div><\/div>\n<\/p>\n","protected":false},"featured_media":0,"template":"","class_list":["post-1519","dermatologia_estetic","type-dermatologia_estetic","status-publish","hentry"],"yoast_head":"<!-- This site is optimized with the Yoast SEO plugin v28.4 - https:\/\/yoast.com\/product\/yoast-seo-wordpress\/ -->\n<title>Correcci\u00f3n de arrugas - Idermic. Dermatolog\u00eda en Terrassa<\/title>\n<meta name=\"description\" content=\"Descubre los mejores tratamientos para la correcci\u00f3n de arrugas, desde toxina botul\u00ednica hasta rellenos d\u00e9rmicos y lifting facial.\" \/>\n<meta name=\"robots\" content=\"index, follow, max-snippet:-1, max-image-preview:large, max-video-preview:-1\" \/>\n<link rel=\"canonical\" href=\"https:\/\/www.idermic.es\/es\/dermatologia_estetic\/correccion-arrugas\/\" \/>\n<meta property=\"og:locale\" content=\"es_ES\" \/>\n<meta property=\"og:type\" content=\"article\" \/>\n<meta property=\"og:title\" content=\"Correcci\u00f3n de arrugas - Idermic. Dermatolog\u00eda en Terrassa\" \/>\n<meta property=\"og:description\" content=\"Descubre los mejores tratamientos para la correcci\u00f3n de arrugas, desde toxina botul\u00ednica hasta rellenos d\u00e9rmicos y lifting facial.\" \/>\n<meta property=\"og:url\" content=\"https:\/\/www.idermic.es\/es\/dermatologia_estetic\/correccion-arrugas\/\" \/>\n<meta property=\"og:site_name\" content=\"Idermic. Dermatolog\u00eda en Terrassa\" \/>\n<meta property=\"article:publisher\" content=\"https:\/\/www.facebook.com\/Idermic\" \/>\n<meta property=\"article:modified_time\" content=\"2026-06-09T21:03:33+00:00\" \/>\n<meta property=\"og:image\" content=\"https:\/\/www.idermic.es\/wp-content\/uploads\/2019\/01\/glass_green-1.jpg\" \/>\n\t<meta property=\"og:image:width\" content=\"115\" \/>\n\t<meta property=\"og:image:height\" content=\"2\" \/>\n\t<meta property=\"og:image:type\" content=\"image\/jpeg\" \/>\n<meta name=\"twitter:card\" content=\"summary_large_image\" \/>\n<meta name=\"twitter:site\" content=\"@idermic\" \/>\n<meta name=\"twitter:label1\" content=\"Tiempo de lectura\" \/>\n\t<meta name=\"twitter:data1\" content=\"7 minutos\" \/>\n<script type=\"application\/ld+json\" class=\"yoast-schema-graph\">{\"@context\":\"https:\\\/\\\/schema.org\",\"@graph\":[{\"@type\":\"WebPage\",\"@id\":\"https:\\\/\\\/www.idermic.es\\\/es\\\/dermatologia_estetic\\\/correccion-arrugas\\\/\",\"url\":\"https:\\\/\\\/www.idermic.es\\\/es\\\/dermatologia_estetic\\\/correccion-arrugas\\\/\",\"name\":\"Correcci\u00f3n de arrugas - Idermic. Dermatolog\u00eda en Terrassa\",\"isPartOf\":{\"@id\":\"https:\\\/\\\/www.idermic.es\\\/#website\"},\"primaryImageOfPage\":{\"@id\":\"https:\\\/\\\/www.idermic.es\\\/es\\\/dermatologia_estetic\\\/correccion-arrugas\\\/#primaryimage\"},\"image\":{\"@id\":\"https:\\\/\\\/www.idermic.es\\\/es\\\/dermatologia_estetic\\\/correccion-arrugas\\\/#primaryimage\"},\"thumbnailUrl\":\"https:\\\/\\\/www.idermic.es\\\/wp-content\\\/uploads\\\/2019\\\/01\\\/glass_green-1.jpg\",\"datePublished\":\"2019-01-28T13:18:10+00:00\",\"dateModified\":\"2026-06-09T21:03:33+00:00\",\"description\":\"Descubre los mejores tratamientos para la correcci\u00f3n de arrugas, desde toxina botul\u00ednica hasta rellenos d\u00e9rmicos y lifting facial.\",\"breadcrumb\":{\"@id\":\"https:\\\/\\\/www.idermic.es\\\/es\\\/dermatologia_estetic\\\/correccion-arrugas\\\/#breadcrumb\"},\"inLanguage\":\"es\",\"potentialAction\":[{\"@type\":\"ReadAction\",\"target\":[\"https:\\\/\\\/www.idermic.es\\\/es\\\/dermatologia_estetic\\\/correccion-arrugas\\\/\"]}]},{\"@type\":\"ImageObject\",\"inLanguage\":\"es\",\"@id\":\"https:\\\/\\\/www.idermic.es\\\/es\\\/dermatologia_estetic\\\/correccion-arrugas\\\/#primaryimage\",\"url\":\"https:\\\/\\\/www.idermic.es\\\/wp-content\\\/uploads\\\/2019\\\/01\\\/glass_green-1.jpg\",\"contentUrl\":\"https:\\\/\\\/www.idermic.es\\\/wp-content\\\/uploads\\\/2019\\\/01\\\/glass_green-1.jpg\"},{\"@type\":\"BreadcrumbList\",\"@id\":\"https:\\\/\\\/www.idermic.es\\\/es\\\/dermatologia_estetic\\\/correccion-arrugas\\\/#breadcrumb\",\"itemListElement\":[{\"@type\":\"ListItem\",\"position\":1,\"name\":\"Inici\",\"item\":\"https:\\\/\\\/www.idermic.es\\\/es\\\/\"},{\"@type\":\"ListItem\",\"position\":2,\"name\":\"Correcci\u00f3n de arrugas\"}]},{\"@type\":\"WebSite\",\"@id\":\"https:\\\/\\\/www.idermic.es\\\/#website\",\"url\":\"https:\\\/\\\/www.idermic.es\\\/\",\"name\":\"Idermic. Dermatolog\u00eda en Terrassa\",\"description\":\"Dermatolog\u00eda, Medicina est\u00e9tica, Cirurg\u00eda Pl\u00e0stica\",\"publisher\":{\"@id\":\"https:\\\/\\\/www.idermic.es\\\/#organization\"},\"potentialAction\":[{\"@type\":\"SearchAction\",\"target\":{\"@type\":\"EntryPoint\",\"urlTemplate\":\"https:\\\/\\\/www.idermic.es\\\/?s={search_term_string}\"},\"query-input\":{\"@type\":\"PropertyValueSpecification\",\"valueRequired\":true,\"valueName\":\"search_term_string\"}}],\"inLanguage\":\"es\"},{\"@type\":\"Organization\",\"@id\":\"https:\\\/\\\/www.idermic.es\\\/#organization\",\"name\":\"Idermic. Dermatolog\u00eda en Terrassa\",\"url\":\"https:\\\/\\\/www.idermic.es\\\/\",\"logo\":{\"@type\":\"ImageObject\",\"inLanguage\":\"es\",\"@id\":\"https:\\\/\\\/www.idermic.es\\\/#\\\/schema\\\/logo\\\/image\\\/\",\"url\":\"https:\\\/\\\/www.idermic.es\\\/wp-content\\\/uploads\\\/2025\\\/10\\\/Logo-Idermic.jpg\",\"contentUrl\":\"https:\\\/\\\/www.idermic.es\\\/wp-content\\\/uploads\\\/2025\\\/10\\\/Logo-Idermic.jpg\",\"width\":501,\"height\":502,\"caption\":\"Idermic. Dermatolog\u00eda en Terrassa\"},\"image\":{\"@id\":\"https:\\\/\\\/www.idermic.es\\\/#\\\/schema\\\/logo\\\/image\\\/\"},\"sameAs\":[\"https:\\\/\\\/www.facebook.com\\\/Idermic\",\"https:\\\/\\\/x.com\\\/idermic\",\"https:\\\/\\\/www.instagram.com\\\/idermicclinic\\\/\",\"https:\\\/\\\/www.youtube.com\\\/channel\\\/UCyAHC9-p8lc6hr_nguO8p_g\"]}]}<\/script>\n<!-- \/ Yoast SEO plugin. -->","yoast_head_json":{"title":"Correcci\u00f3n de arrugas - Idermic. Dermatolog\u00eda en Terrassa","description":"Descubre los mejores tratamientos para la correcci\u00f3n de arrugas, desde toxina botul\u00ednica hasta rellenos d\u00e9rmicos y lifting facial.","robots":{"index":"index","follow":"follow","max-snippet":"max-snippet:-1","max-image-preview":"max-image-preview:large","max-video-preview":"max-video-preview:-1"},"canonical":"https:\/\/www.idermic.es\/es\/dermatologia_estetic\/correccion-arrugas\/","og_locale":"es_ES","og_type":"article","og_title":"Correcci\u00f3n de arrugas - Idermic. Dermatolog\u00eda en Terrassa","og_description":"Descubre los mejores tratamientos para la correcci\u00f3n de arrugas, desde toxina botul\u00ednica hasta rellenos d\u00e9rmicos y lifting facial.","og_url":"https:\/\/www.idermic.es\/es\/dermatologia_estetic\/correccion-arrugas\/","og_site_name":"Idermic. Dermatolog\u00eda en Terrassa","article_publisher":"https:\/\/www.facebook.com\/Idermic","article_modified_time":"2026-06-09T21:03:33+00:00","og_image":[{"width":115,"height":2,"url":"https:\/\/www.idermic.es\/wp-content\/uploads\/2019\/01\/glass_green-1.jpg","type":"image\/jpeg"}],"twitter_card":"summary_large_image","twitter_site":"@idermic","twitter_misc":{"Tiempo de lectura":"7 minutos"},"schema":{"@context":"https:\/\/schema.org","@graph":[{"@type":"WebPage","@id":"https:\/\/www.idermic.es\/es\/dermatologia_estetic\/correccion-arrugas\/","url":"https:\/\/www.idermic.es\/es\/dermatologia_estetic\/correccion-arrugas\/","name":"Correcci\u00f3n de arrugas - Idermic. Dermatolog\u00eda en Terrassa","isPartOf":{"@id":"https:\/\/www.idermic.es\/#website"},"primaryImageOfPage":{"@id":"https:\/\/www.idermic.es\/es\/dermatologia_estetic\/correccion-arrugas\/#primaryimage"},"image":{"@id":"https:\/\/www.idermic.es\/es\/dermatologia_estetic\/correccion-arrugas\/#primaryimage"},"thumbnailUrl":"https:\/\/www.idermic.es\/wp-content\/uploads\/2019\/01\/glass_green-1.jpg","datePublished":"2019-01-28T13:18:10+00:00","dateModified":"2026-06-09T21:03:33+00:00","description":"Descubre los mejores tratamientos para la correcci\u00f3n de arrugas, desde toxina botul\u00ednica hasta rellenos d\u00e9rmicos y lifting facial.","breadcrumb":{"@id":"https:\/\/www.idermic.es\/es\/dermatologia_estetic\/correccion-arrugas\/#breadcrumb"},"inLanguage":"es","potentialAction":[{"@type":"ReadAction","target":["https:\/\/www.idermic.es\/es\/dermatologia_estetic\/correccion-arrugas\/"]}]},{"@type":"ImageObject","inLanguage":"es","@id":"https:\/\/www.idermic.es\/es\/dermatologia_estetic\/correccion-arrugas\/#primaryimage","url":"https:\/\/www.idermic.es\/wp-content\/uploads\/2019\/01\/glass_green-1.jpg","contentUrl":"https:\/\/www.idermic.es\/wp-content\/uploads\/2019\/01\/glass_green-1.jpg"},{"@type":"BreadcrumbList","@id":"https:\/\/www.idermic.es\/es\/dermatologia_estetic\/correccion-arrugas\/#breadcrumb","itemListElement":[{"@type":"ListItem","position":1,"name":"Inici","item":"https:\/\/www.idermic.es\/es\/"},{"@type":"ListItem","position":2,"name":"Correcci\u00f3n de arrugas"}]},{"@type":"WebSite","@id":"https:\/\/www.idermic.es\/#website","url":"https:\/\/www.idermic.es\/","name":"Idermic. Dermatolog\u00eda en Terrassa","description":"Dermatolog\u00eda, Medicina est\u00e9tica, Cirurg\u00eda Pl\u00e0stica","publisher":{"@id":"https:\/\/www.idermic.es\/#organization"},"potentialAction":[{"@type":"SearchAction","target":{"@type":"EntryPoint","urlTemplate":"https:\/\/www.idermic.es\/?s={search_term_string}"},"query-input":{"@type":"PropertyValueSpecification","valueRequired":true,"valueName":"search_term_string"}}],"inLanguage":"es"},{"@type":"Organization","@id":"https:\/\/www.idermic.es\/#organization","name":"Idermic. Dermatolog\u00eda en Terrassa","url":"https:\/\/www.idermic.es\/","logo":{"@type":"ImageObject","inLanguage":"es","@id":"https:\/\/www.idermic.es\/#\/schema\/logo\/image\/","url":"https:\/\/www.idermic.es\/wp-content\/uploads\/2025\/10\/Logo-Idermic.jpg","contentUrl":"https:\/\/www.idermic.es\/wp-content\/uploads\/2025\/10\/Logo-Idermic.jpg","width":501,"height":502,"caption":"Idermic. Dermatolog\u00eda en Terrassa"},"image":{"@id":"https:\/\/www.idermic.es\/#\/schema\/logo\/image\/"},"sameAs":["https:\/\/www.facebook.com\/Idermic","https:\/\/x.com\/idermic","https:\/\/www.instagram.com\/idermicclinic\/","https:\/\/www.youtube.com\/channel\/UCyAHC9-p8lc6hr_nguO8p_g"]}]}},"_links":{"self":[{"href":"https:\/\/www.idermic.es\/es\/wp-json\/wp\/v2\/dermatologia_estetic\/1519","targetHints":{"allow":["GET"]}}],"collection":[{"href":"https:\/\/www.idermic.es\/es\/wp-json\/wp\/v2\/dermatologia_estetic"}],"about":[{"href":"https:\/\/www.idermic.es\/es\/wp-json\/wp\/v2\/types\/dermatologia_estetic"}],"wp:attachment":[{"href":"https:\/\/www.idermic.es\/es\/wp-json\/wp\/v2\/media?parent=1519"}],"curies":[{"name":"wp","href":"https:\/\/api.w.org\/{rel}","templated":true}]}}