{"id":1516,"date":"2019-01-28T13:21:58","date_gmt":"2019-01-28T13:21:58","guid":{"rendered":"http:\/\/www.idermic.es\/dermatologia_estetic\/tractament-ulleres\/"},"modified":"2026-01-24T15:24:17","modified_gmt":"2026-01-24T15:24:17","slug":"tratamiento-ojeras","status":"publish","type":"dermatologia_estetic","link":"https:\/\/www.idermic.es\/es\/dermatologia_estetic\/tratamiento-ojeras\/","title":{"rendered":"Tratamiento de las ojeras"},"content":{"rendered":"<p><div class=\"fusion-fullwidth fullwidth-box fusion-builder-row-1 nonhundred-percent-fullwidth non-hundred-percent-height-scrolling\" style=\"--awb-border-radius-top-left:0px;--awb-border-radius-top-right:0px;--awb-border-radius-bottom-right:0px;--awb-border-radius-bottom-left:0px;--awb-padding-top:25px;--awb-flex-wrap:wrap;\" ><div class=\"fusion-builder-row fusion-row\"><div class=\"fusion-layout-column fusion_builder_column fusion-builder-column-0 fusion_builder_column_1_1 1_1 fusion-one-full fusion-column-first fusion-column-last\" style=\"--awb-padding-bottom:40px;--awb-bg-size:cover;\"><div class=\"fusion-column-wrapper fusion-flex-column-wrapper-legacy\"><div class=\"fusion-text fusion-text-1\"><h1 style=\"text-align: center;\">DERMATOLOG\u00cdA EST\u00c9TICA<\/h1>\n<h5 style=\"text-align: center;\"><img decoding=\"async\" class=\"alignnone size-full wp-image-382 aligncenter\" src=\"https:\/\/www.idermic.es\/wp-content\/uploads\/2019\/01\/glass_green-1.jpg\" alt=\"\" width=\"115\" height=\"2\" srcset=\"https:\/\/www.idermic.es\/wp-content\/uploads\/2019\/01\/glass_green-1-66x2.jpg 66w, https:\/\/www.idermic.es\/wp-content\/uploads\/2019\/01\/glass_green-1.jpg 115w\" sizes=\"(max-width: 115px) 100vw, 115px\" \/><br \/>\nTRATAMIENTOS FACIALES<\/h5>\n<\/div><div class=\"fusion-clearfix\"><\/div><\/div><\/div><\/div><\/div><div class=\"fusion-fullwidth fullwidth-box fusion-builder-row-2 nonhundred-percent-fullwidth non-hundred-percent-height-scrolling\" style=\"--awb-border-radius-top-left:0px;--awb-border-radius-top-right:0px;--awb-border-radius-bottom-right:0px;--awb-border-radius-bottom-left:0px;--awb-flex-wrap:wrap;\" ><div class=\"fusion-builder-row fusion-row\"><div class=\"fusion-layout-column fusion_builder_column fusion-builder-column-1 fusion_builder_column_1_3 1_3 fusion-one-third fusion-column-first\" style=\"--awb-bg-size:cover;width:33.333333333333%;width:calc(33.333333333333% - ( ( 4% + 4% ) * 0.33333333333333 ) );margin-right: 4%;\"><div class=\"fusion-column-wrapper fusion-flex-column-wrapper-legacy\"><div class=\"fusion-image-element in-legacy-container\" style=\"--awb-caption-title-font-family:var(--h2_typography-font-family);--awb-caption-title-font-weight:var(--h2_typography-font-weight);--awb-caption-title-font-style:var(--h2_typography-font-style);--awb-caption-title-size:var(--h2_typography-font-size);--awb-caption-title-transform:var(--h2_typography-text-transform);--awb-caption-title-line-height:var(--h2_typography-line-height);--awb-caption-title-letter-spacing:var(--h2_typography-letter-spacing);\"><span class=\" fusion-imageframe imageframe-none imageframe-1 hover-type-none\"><img decoding=\"async\" width=\"356\" height=\"2\" title=\"line_green\" src=\"https:\/\/www.idermic.es\/wp-content\/uploads\/2019\/01\/line_green.jpg\" alt class=\"img-responsive wp-image-1002\" srcset=\"https:\/\/www.idermic.es\/wp-content\/uploads\/2019\/01\/line_green-200x1.jpg 200w, https:\/\/www.idermic.es\/wp-content\/uploads\/2019\/01\/line_green.jpg 356w\" sizes=\"(max-width: 800px) 100vw, 356px\" \/><\/span><\/div><div class=\"fusion-title title fusion-title-1 fusion-sep-none fusion-title-text fusion-title-size-two\"><h2 class=\"fusion-title-heading title-heading-left\" style=\"margin:0;\">TRATAMIENTO DE LAS OJERAS<\/h2><\/div><div class=\"fusion-title title fusion-title-2 fusion-sep-none fusion-title-text fusion-title-size-six\" style=\"--awb-margin-top:60px;\"><h6 class=\"fusion-title-heading title-heading-left\" style=\"margin:0;\">Potencia e ilumina tu mirada<\/h6><\/div><div class=\"fusion-clearfix\"><\/div><\/div><\/div><div class=\"fusion-layout-column fusion_builder_column fusion-builder-column-2 fusion_builder_column_1_3 1_3 fusion-one-third\" style=\"--awb-bg-size:cover;width:33.333333333333%;width:calc(33.333333333333% - ( ( 4% + 4% ) * 0.33333333333333 ) );margin-right: 4%;\"><div class=\"fusion-column-wrapper fusion-flex-column-wrapper-legacy\"><div class=\"fusion-image-element in-legacy-container\" style=\"--awb-caption-title-font-family:var(--h2_typography-font-family);--awb-caption-title-font-weight:var(--h2_typography-font-weight);--awb-caption-title-font-style:var(--h2_typography-font-style);--awb-caption-title-size:var(--h2_typography-font-size);--awb-caption-title-transform:var(--h2_typography-text-transform);--awb-caption-title-line-height:var(--h2_typography-line-height);--awb-caption-title-letter-spacing:var(--h2_typography-letter-spacing);\"><span class=\" fusion-imageframe imageframe-none imageframe-2 hover-type-none\"><img decoding=\"async\" width=\"356\" height=\"2\" title=\"line_green\" src=\"https:\/\/www.idermic.es\/wp-content\/uploads\/2019\/01\/line_green.jpg\" alt class=\"img-responsive wp-image-1002\" srcset=\"https:\/\/www.idermic.es\/wp-content\/uploads\/2019\/01\/line_green-200x1.jpg 200w, https:\/\/www.idermic.es\/wp-content\/uploads\/2019\/01\/line_green.jpg 356w\" sizes=\"(max-width: 800px) 100vw, 356px\" \/><\/span><\/div><div class=\"fusion-text fusion-text-2\"><p>Las gafas pueden aparecer a cualquier edad y sexo por cansancio, preocupaci\u00f3n o simplemente ser una condici\u00f3n gen\u00e9tica presente desde la juventud. En ocasiones, lo que predomina es un surco en los p\u00e1rpados inferiores, en otros se asocia tambi\u00e9n una coloraci\u00f3n viol\u00e1cea de las mismas. Las gafas pueden causar complejo en las personas que las padecen ya que la mirada es una de las zonas de la cara que recibe m\u00e1s atenci\u00f3n. La t\u00e9cnica para mejorar la zona periocular y en concreto el surco de la gafa consiste en la infiltraci\u00f3n de un \u00e1cido hialur\u00f3nico espec\u00edfico.<\/p>\n<h5>\u00bfC\u00d3MO SE REALIZA EL PROCEDIMIENTO?<\/h5>\n<p>En la inyecci\u00f3n de \u00e1cido hialur\u00f3nico en el surco de la gafa mediante una c\u00e1nula de peque\u00f1o calibre. Es un procedimiento r\u00e1pido (unos 15 minutos) que se realiza en la consulta. No es un tratamiento doloroso ya que de forma opcional, se puede aplicar previamente en la zona una crema anest\u00e9sica.<\/p>\n<h5>\u00bfC\u00d3MO ES EL PROCESO DE RECUPERACI\u00d3N?<\/h5>\n<p>El \u00fanico \u00e1cido hialur\u00f3nico del mercado que tiene indicaci\u00f3n para tratar esta zona es el Redensity II de Teosyal. Redensifica la zona periocular ya que adem\u00e1s del \u00e1cido hialur\u00f3nico que contiene tambi\u00e9n lleva una serie de amino\u00e1cidos y vitamina B que hidratan los tejidos. Adem\u00e1s contiene anest\u00e9sico, un hecho que hace confortable el tratamiento.<\/p>\n<h5>\u00bfQU\u00c9 DURABILIDAD TIENE?<\/h5>\n<p>Se trata de un producto est\u00e9ril, viscoel\u00e1stico y no permanente que no precisa ninguna prueba de alergia previa. La durabilidad del tratamiento se estima alrededor del a\u00f1o.<\/p>\n<h5>\u00bfCU\u00c1NDO APRECIAR\u00c9 LOS RESULTADOS?<\/h5>\n<p>Los resultados son inmediatos y completamente naturales. El paciente puede reincorporarse de manera inmediata a las actividades de la vida diaria.<\/p>\n<\/div><div class=\"fusion-clearfix\"><\/div><\/div><\/div><div class=\"fusion-layout-column fusion_builder_column fusion-builder-column-3 fusion_builder_column_1_3 1_3 fusion-one-third fusion-column-last\" style=\"--awb-bg-size:cover;width:33.333333333333%;width:calc(33.333333333333% - ( ( 4% + 4% ) * 0.33333333333333 ) );\"><div class=\"fusion-column-wrapper fusion-flex-column-wrapper-legacy\"><div class=\"fusion-image-element in-legacy-container\" style=\"--awb-caption-title-font-family:var(--h2_typography-font-family);--awb-caption-title-font-weight:var(--h2_typography-font-weight);--awb-caption-title-font-style:var(--h2_typography-font-style);--awb-caption-title-size:var(--h2_typography-font-size);--awb-caption-title-transform:var(--h2_typography-text-transform);--awb-caption-title-line-height:var(--h2_typography-line-height);--awb-caption-title-letter-spacing:var(--h2_typography-letter-spacing);\"><span class=\" fusion-imageframe imageframe-none imageframe-3 hover-type-none\"><img decoding=\"async\" width=\"600\" height=\"757\" alt=\"Dermatolog\u00eda est\u00e9tica. Ojeras. Cl\u00ednica Idermic\" title=\"dermatologia_estetica_tractaments_ulleres_idermic-600&#215;757\" src=\"https:\/\/www.idermic.es\/wp-content\/uploads\/2026\/01\/dermatologia_estetica_tractaments_ulleres_idermic-600x757-1.jpg\" class=\"img-responsive wp-image-9220\" srcset=\"https:\/\/www.idermic.es\/wp-content\/uploads\/2026\/01\/dermatologia_estetica_tractaments_ulleres_idermic-600x757-1-200x252.jpg 200w, https:\/\/www.idermic.es\/wp-content\/uploads\/2026\/01\/dermatologia_estetica_tractaments_ulleres_idermic-600x757-1-400x505.jpg 400w, https:\/\/www.idermic.es\/wp-content\/uploads\/2026\/01\/dermatologia_estetica_tractaments_ulleres_idermic-600x757-1.jpg 600w\" sizes=\"(max-width: 800px) 100vw, 400px\" \/><\/span><\/div><div class=\"fusion-clearfix\"><\/div><\/div><\/div><\/div><\/div><div class=\"fusion-fullwidth fullwidth-box fusion-builder-row-3 nonhundred-percent-fullwidth non-hundred-percent-height-scrolling\" style=\"--awb-border-radius-top-left:0px;--awb-border-radius-top-right:0px;--awb-border-radius-bottom-right:0px;--awb-border-radius-bottom-left:0px;--awb-flex-wrap:wrap;\" ><div class=\"fusion-builder-row fusion-row\"><div class=\"fusion-layout-column fusion_builder_column fusion-builder-column-4 fusion_builder_column_1_1 1_1 fusion-one-full fusion-column-first fusion-column-last\" style=\"--awb-bg-size:cover;\"><div class=\"fusion-column-wrapper fusion-flex-column-wrapper-legacy\"><div class=\"accordian fusion-accordian\" style=\"--awb-border-size:1px;--awb-icon-size:13px;--awb-content-font-size:15px;--awb-icon-alignment:left;--awb-hover-color:#f9f9f9;--awb-border-color:#cccccc;--awb-background-color:#ffffff;--awb-divider-color:#e0dede;--awb-divider-hover-color:#e0dede;--awb-icon-color:#ffffff;--awb-title-color:#ddbcb0;--awb-content-color:#505050;--awb-icon-box-color:#000000;--awb-toggle-hover-accent-color:#ddbcb0;--awb-title-font-family:&quot;Montserrat&quot;;--awb-title-font-weight:400;--awb-title-font-style:normal;--awb-content-font-family:&quot;Montserrat&quot;;--awb-content-font-style:normal;--awb-content-font-weight:300;\"><div class=\"panel-group fusion-toggle-icon-boxed\" id=\"accordion-1516-1\"><div class=\"fusion-panel panel-default panel-40c1ead5a3e347e53 fusion-toggle-has-divider\"><div class=\"panel-heading\"><h4 class=\"panel-title toggle\" id=\"toggle_40c1ead5a3e347e53\"><a aria-expanded=\"false\" aria-controls=\"40c1ead5a3e347e53\" role=\"button\" data-toggle=\"collapse\" data-parent=\"#accordion-1516-1\" data-target=\"#40c1ead5a3e347e53\" href=\"#40c1ead5a3e347e53\"><span class=\"fusion-toggle-icon-wrapper\" aria-hidden=\"true\"><i class=\"fa-fusion-box active-icon awb-icon-minus\" aria-hidden=\"true\"><\/i><i class=\"fa-fusion-box inactive-icon awb-icon-plus\" aria-hidden=\"true\"><\/i><\/span><span class=\"fusion-toggle-heading\">Acerca de las ojeras<\/span><\/a><\/h4><\/div><div id=\"40c1ead5a3e347e53\" class=\"panel-collapse collapse \" aria-labelledby=\"toggle_40c1ead5a3e347e53\"><div class=\"panel-body toggle-content fusion-clearfix\">\n<p>Las ojeras son una preocupaci\u00f3n com\u00fan tanto para hombres como para mujeres, ya que pueden dar al rostro un aspecto cansado y envejecido. Estas sombras oscuras o hundimientos bajo los ojos pueden ser causadas por diversos factores, incluyendo la gen\u00e9tica, el estr\u00e9s, la falta de sue\u00f1o, alergias, y el proceso natural de envejecimiento. Aunque no suelen ser un problema m\u00e9dico grave, su impacto est\u00e9tico puede afectar la autoestima de muchas personas. Afortunadamente, existen varios tratamientos efectivos para corregir las ojeras y recuperar un aspecto fresco y rejuvenecido.<\/p>\n<\/div><\/div><\/div><div class=\"fusion-panel panel-default panel-9f52e7d81150b3c32 fusion-toggle-has-divider\"><div class=\"panel-heading\"><h4 class=\"panel-title toggle\" id=\"toggle_9f52e7d81150b3c32\"><a aria-expanded=\"false\" aria-controls=\"9f52e7d81150b3c32\" role=\"button\" data-toggle=\"collapse\" data-parent=\"#accordion-1516-1\" data-target=\"#9f52e7d81150b3c32\" href=\"#9f52e7d81150b3c32\"><span class=\"fusion-toggle-icon-wrapper\" aria-hidden=\"true\"><i class=\"fa-fusion-box active-icon awb-icon-minus\" aria-hidden=\"true\"><\/i><i class=\"fa-fusion-box inactive-icon awb-icon-plus\" aria-hidden=\"true\"><\/i><\/span><span class=\"fusion-toggle-heading\">S\u00edntomas de las ojeras<\/span><\/a><\/h4><\/div><div id=\"9f52e7d81150b3c32\" class=\"panel-collapse collapse \" aria-labelledby=\"toggle_9f52e7d81150b3c32\"><div class=\"panel-body toggle-content fusion-clearfix\">\n<p>Las ojeras pueden manifestarse de diferentes maneras, dependiendo de su causa subyacente:<\/p>\n<ol>\n<li><strong>Oscurecimiento de la piel<\/strong>: Esta es la manifestaci\u00f3n m\u00e1s com\u00fan, donde la piel bajo los ojos se vuelve visiblemente m\u00e1s oscura. Puede ser debido a la hiperpigmentaci\u00f3n o a la acumulaci\u00f3n de sangre en los vasos sangu\u00edneos superficiales.<\/li>\n<li><strong>Hundimiento<\/strong>: Con el envejecimiento, la p\u00e9rdida de volumen en la regi\u00f3n infraorbital puede causar un hundimiento notable, creando una sombra que se percibe como ojera.<\/li>\n<li><strong>Bolsas bajo los ojos<\/strong>: Aunque no son lo mismo que las ojeras, las bolsas pueden acentuar la apariencia de estas. Son causadas por la acumulaci\u00f3n de l\u00edquido o grasa en el \u00e1rea bajo los ojos.<\/li>\n<li><strong>Apariencia cansada<\/strong>: Las ojeras pueden dar un aspecto constante de fatiga, incluso en personas que duermen bien.<\/li>\n<\/ol>\n<\/div><\/div><\/div><div class=\"fusion-panel panel-default panel-f8975dc4a34f4f640 fusion-toggle-has-divider\"><div class=\"panel-heading\"><h4 class=\"panel-title toggle\" id=\"toggle_f8975dc4a34f4f640\"><a aria-expanded=\"false\" aria-controls=\"f8975dc4a34f4f640\" role=\"button\" data-toggle=\"collapse\" data-parent=\"#accordion-1516-1\" data-target=\"#f8975dc4a34f4f640\" href=\"#f8975dc4a34f4f640\"><span class=\"fusion-toggle-icon-wrapper\" aria-hidden=\"true\"><i class=\"fa-fusion-box active-icon awb-icon-minus\" aria-hidden=\"true\"><\/i><i class=\"fa-fusion-box inactive-icon awb-icon-plus\" aria-hidden=\"true\"><\/i><\/span><span class=\"fusion-toggle-heading\">Diagn\u00f3stico de las ojeras<\/span><\/a><\/h4><\/div><div id=\"f8975dc4a34f4f640\" class=\"panel-collapse collapse \" aria-labelledby=\"toggle_f8975dc4a34f4f640\"><div class=\"panel-body toggle-content fusion-clearfix\">\n<p>El diagn\u00f3stico de las ojeras generalmente se realiza a trav\u00e9s de una evaluaci\u00f3n visual y una historia cl\u00ednica detallada. Es importante identificar la causa subyacente para seleccionar el tratamiento m\u00e1s adecuado. Los dermat\u00f3logos y especialistas en medicina est\u00e9tica pueden utilizar m\u00e9todos como:<\/p>\n<ul>\n<li><strong>Examen f\u00edsico<\/strong>: Permite al m\u00e9dico observar el color, la textura y la profundidad de las ojeras.<\/li>\n<li><strong>Evaluaci\u00f3n de la piel<\/strong>: Determina si la hiperpigmentaci\u00f3n es causada por la exposici\u00f3n al sol, alergias, o factores hereditarios.<\/li>\n<li><strong>An\u00e1lisis de h\u00e1bitos de vida<\/strong>: Factores como el sue\u00f1o, la alimentaci\u00f3n y el estr\u00e9s se eval\u00faan para determinar su impacto en la aparici\u00f3n de ojeras.<\/li>\n<\/ul>\n<\/div><\/div><\/div><div class=\"fusion-panel panel-default panel-6205ca7e7b303d699 fusion-toggle-has-divider\"><div class=\"panel-heading\"><h4 class=\"panel-title toggle\" id=\"toggle_6205ca7e7b303d699\"><a aria-expanded=\"false\" aria-controls=\"6205ca7e7b303d699\" role=\"button\" data-toggle=\"collapse\" data-parent=\"#accordion-1516-1\" data-target=\"#6205ca7e7b303d699\" href=\"#6205ca7e7b303d699\"><span class=\"fusion-toggle-icon-wrapper\" aria-hidden=\"true\"><i class=\"fa-fusion-box active-icon awb-icon-minus\" aria-hidden=\"true\"><\/i><i class=\"fa-fusion-box inactive-icon awb-icon-plus\" aria-hidden=\"true\"><\/i><\/span><span class=\"fusion-toggle-heading\">Tratamiento de las ojeras<\/span><\/a><\/h4><\/div><div id=\"6205ca7e7b303d699\" class=\"panel-collapse collapse \" aria-labelledby=\"toggle_6205ca7e7b303d699\"><div class=\"panel-body toggle-content fusion-clearfix\">\n<p>Existen varios tratamientos efectivos para reducir o eliminar las ojeras, que var\u00edan dependiendo de la causa espec\u00edfica y la severidad de las mismas.<\/p>\n<ol>\n<li><a href=\"https:\/\/www.idermic.es\/es\/el-acido-hialuronico-y-la-cirugia-estetica\/\"><strong>\u00c1cido Hialur\u00f3nico<\/strong><\/a>: Es uno de los tratamientos m\u00e1s populares para las ojeras hundidas. Consiste en inyecciones de relleno d\u00e9rmico que restauran el volumen perdido en el \u00e1rea infraorbital, suavizando las sombras y mejorando la apariencia general del rostro.<\/li>\n<li><strong>L\u00e1ser<\/strong>: El tratamiento con l\u00e1ser es eficaz para tratar las ojeras causadas por la hiperpigmentaci\u00f3n. El l\u00e1ser ayuda a aclarar la piel oscura estimulando la regeneraci\u00f3n celular y promoviendo la producci\u00f3n de col\u00e1geno.<\/li>\n<li><a href=\"https:\/\/www.idermic.es\/peelings-quimics\/\"><strong>Peelings Qu\u00edmicos<\/strong><\/a>: Estos tratamientos exfolian las capas superficiales de la piel, ayudando a reducir la pigmentaci\u00f3n oscura bajo los ojos.<\/li>\n<li><strong>Cremas despigmentantes<\/strong>: Productos t\u00f3picos que contienen ingredientes como la hidroquinona o el retinol pueden ser \u00fatiles para aclarar la piel en casos de hiperpigmentaci\u00f3n leve.<\/li>\n<li><strong>Tratamientos caseros<\/strong>: Aunque no son tan efectivos como los tratamientos m\u00e9dicos, el uso de compresas fr\u00edas, mascarillas de pepino y bolsas de t\u00e9 pueden ayudar a reducir la hinchaz\u00f3n y el oscurecimiento leve de las ojeras.<\/li>\n<\/ol>\n<\/div><\/div><\/div><div class=\"fusion-panel panel-default panel-3b679431c2961ee0c fusion-toggle-has-divider\"><div class=\"panel-heading\"><h4 class=\"panel-title toggle\" id=\"toggle_3b679431c2961ee0c\"><a aria-expanded=\"false\" aria-controls=\"3b679431c2961ee0c\" role=\"button\" data-toggle=\"collapse\" data-parent=\"#accordion-1516-1\" data-target=\"#3b679431c2961ee0c\" href=\"#3b679431c2961ee0c\"><span class=\"fusion-toggle-icon-wrapper\" aria-hidden=\"true\"><i class=\"fa-fusion-box active-icon awb-icon-minus\" aria-hidden=\"true\"><\/i><i class=\"fa-fusion-box inactive-icon awb-icon-plus\" aria-hidden=\"true\"><\/i><\/span><span class=\"fusion-toggle-heading\">Prevenci\u00f3n de las ojeras<\/span><\/a><\/h4><\/div><div id=\"3b679431c2961ee0c\" class=\"panel-collapse collapse \" aria-labelledby=\"toggle_3b679431c2961ee0c\"><div class=\"panel-body toggle-content fusion-clearfix\">\n<p>Algunos h\u00e1bitos y cuidados pueden ayudar a prevenir o minimizar la aparici\u00f3n de ojeras:<\/p>\n<ul>\n<li><strong>Dormir adecuadamente<\/strong>: Asegurarse de descansar lo suficiente es crucial para prevenir la aparici\u00f3n de ojeras inducidas por la fatiga.<\/li>\n<li><strong>Protecci\u00f3n solar<\/strong>: Usar protector solar alrededor de los ojos puede prevenir la hiperpigmentaci\u00f3n causada por el da\u00f1o solar.<\/li>\n<li><strong>Hidrataci\u00f3n<\/strong>: Mantener la piel bien hidratada con cremas espec\u00edficas para el contorno de ojos puede prevenir la formaci\u00f3n de ojeras.<\/li>\n<\/ul>\n<\/div><\/div><\/div><div class=\"fusion-panel panel-default panel-2b36e0b7806539c9d fusion-toggle-has-divider\"><div class=\"panel-heading\"><h4 class=\"panel-title toggle\" id=\"toggle_2b36e0b7806539c9d\"><a aria-expanded=\"false\" aria-controls=\"2b36e0b7806539c9d\" role=\"button\" data-toggle=\"collapse\" data-parent=\"#accordion-1516-1\" data-target=\"#2b36e0b7806539c9d\" href=\"#2b36e0b7806539c9d\"><span class=\"fusion-toggle-icon-wrapper\" aria-hidden=\"true\"><i class=\"fa-fusion-box active-icon awb-icon-minus\" aria-hidden=\"true\"><\/i><i class=\"fa-fusion-box inactive-icon awb-icon-plus\" aria-hidden=\"true\"><\/i><\/span><span class=\"fusion-toggle-heading\">Factores de riesgo<\/span><\/a><\/h4><\/div><div id=\"2b36e0b7806539c9d\" class=\"panel-collapse collapse \" aria-labelledby=\"toggle_2b36e0b7806539c9d\"><div class=\"panel-body toggle-content fusion-clearfix\">\n<p>Algunos factores pueden aumentar la probabilidad de desarrollar ojeras:<\/p>\n<ul>\n<li><strong>Gen\u00e9tica<\/strong>: La predisposici\u00f3n gen\u00e9tica es uno de los factores m\u00e1s comunes en la aparici\u00f3n de ojeras.<\/li>\n<li><strong>Edad<\/strong>: A medida que envejecemos, la piel pierde col\u00e1geno y se vuelve m\u00e1s delgada, lo que hace que las ojeras sean m\u00e1s visibles.<\/li>\n<li><strong>Estilo de vida<\/strong>: Estr\u00e9s, falta de sue\u00f1o y una dieta inadecuada pueden exacerbar la aparici\u00f3n de ojeras.<\/li>\n<\/ul>\n<\/div><\/div><\/div><\/div><\/div><div class=\"fusion-clearfix\"><\/div><\/div><\/div><\/div><\/div><div class=\"fusion-fullwidth fullwidth-box fusion-builder-row-4 has-pattern-background has-mask-background nonhundred-percent-fullwidth non-hundred-percent-height-scrolling\" style=\"--awb-border-radius-top-left:0px;--awb-border-radius-top-right:0px;--awb-border-radius-bottom-right:0px;--awb-border-radius-bottom-left:0px;--awb-padding-top:20px;--awb-padding-bottom:32px;--awb-margin-top:48px;--awb-margin-bottom:32px;--awb-flex-wrap:wrap;\" ><div class=\"fusion-builder-row fusion-row\"><div class=\"fusion-layout-column fusion_builder_column fusion-builder-column-5 fusion_builder_column_1_2 1_2 fusion-one-half fusion-column-first fusion-column-inner-bg-wrapper\" style=\"--awb-padding-top:20px;--awb-padding-right:20px;--awb-padding-bottom:20px;--awb-padding-left:60px;--awb-inner-bg-color:#f4d0c2;--awb-inner-bg-color-hover:#f4d0c2;--awb-inner-bg-size:cover;width:50%;width:calc(50% - ( ( 4% ) * 0.5 ) );margin-right: 4%;\" data-scroll-devices=\"small-visibility,medium-visibility,large-visibility\"><span class=\"fusion-column-inner-bg hover-type-none\"><a class=\"fusion-column-anchor\" href=\"https:\/\/www.idermic.es\/es\/financiacion\/\"><span class=\"fusion-column-inner-bg-image\"><\/span><\/a><\/span><div class=\"fusion-column-wrapper fusion-column-has-shadow fusion-flex-column-wrapper-legacy\"><div style=\"text-align:center; max-width: 100%; width: calc(100% - 40px); margin: 0 auto;\">\n  <p style=\"color:white;margin:0;padding:15px 15px 0 15px;background-color:#ddbcb0;font-family:Montserrat;font-size:20px;font-weight:500;letter-spacing:2px;line-height:30px;\">\n    FINAN\u00c7AMENT 0% INTER\u00c8S\n  <\/p>\n  <p style=\"color:white;margin:0;padding:0 15px 15px 15px;background-color:#ddbcb0;font-family:Open Sans;font-size:12px;font-weight:500;letter-spacing:2px;line-height:30px;\">\n    LLEGIR M\u00c9S +\n  <\/p>\n<\/div><div class=\"fusion-clearfix\"><\/div><\/div><\/div><div class=\"fusion-layout-column fusion_builder_column fusion-builder-column-6 fusion_builder_column_1_2 1_2 fusion-one-half fusion-column-last fusion-column-inner-bg-wrapper\" style=\"--awb-padding-top:20px;--awb-padding-right:20px;--awb-padding-bottom:20px;--awb-padding-left:60px;--awb-inner-bg-color:#f4d0c2;--awb-inner-bg-color-hover:#f4d0c2;--awb-inner-bg-size:cover;width:50%;width:calc(50% - ( ( 4% ) * 0.5 ) );\" data-scroll-devices=\"small-visibility,medium-visibility,large-visibility\"><span class=\"fusion-column-inner-bg hover-type-none\"><a class=\"fusion-column-anchor\" href=\"https:\/\/www.idermic.es\/es\/preguntas-frecuentes\/\"><span class=\"fusion-column-inner-bg-image\"><\/span><\/a><\/span><div class=\"fusion-column-wrapper fusion-column-has-shadow fusion-flex-column-wrapper-legacy\"><div style=\"text-align:center; max-width: 100%; width: calc(100% - 40px); margin: 0 auto;\">\n  <p style=\"color:white;margin:0;padding:15px 15px 0 15px;background-color:#ddbcb0;font-family:Montserrat;font-size:20px;font-weight:500;letter-spacing:2px;line-height:30px;\">\n    PREGUNTES FREQ\u00dcENTS \n  <\/p>\n  <p style=\"color:white;margin:0;padding:0 15px 15px 15px;background-color:#ddbcb0;font-family:Open Sans;font-size:12px;font-weight:500;letter-spacing:2px;line-height:30px;\">\n    LLEGIR M\u00c9S +\n  <\/p>\n<\/div><div class=\"fusion-clearfix\"><\/div><\/div><\/div><\/div><\/div>\n<\/p>\n","protected":false},"featured_media":0,"template":"","class_list":["post-1516","dermatologia_estetic","type-dermatologia_estetic","status-publish","hentry"],"yoast_head":"<!-- This site is optimized with the Yoast SEO plugin v28.4 - https:\/\/yoast.com\/product\/yoast-seo-wordpress\/ -->\n<title>Tratamiento de las ojeras - Idermic. Dermatolog\u00eda en Terrassa<\/title>\n<meta name=\"description\" content=\"Corrige ojeras con \u00e1cido hialur\u00f3nico u otros tratamientos m\u00e9dicos. Resultados visibles, recuperaci\u00f3n inmediata y efecto natural.\" \/>\n<meta name=\"robots\" content=\"index, follow, max-snippet:-1, max-image-preview:large, max-video-preview:-1\" \/>\n<link rel=\"canonical\" href=\"https:\/\/www.idermic.es\/es\/dermatologia_estetic\/tratamiento-ojeras\/\" \/>\n<meta property=\"og:locale\" content=\"es_ES\" \/>\n<meta property=\"og:type\" content=\"article\" \/>\n<meta property=\"og:title\" content=\"Tratamiento de las ojeras - Idermic. Dermatolog\u00eda en Terrassa\" \/>\n<meta property=\"og:description\" content=\"Corrige ojeras con \u00e1cido hialur\u00f3nico u otros tratamientos m\u00e9dicos. Resultados visibles, recuperaci\u00f3n inmediata y efecto natural.\" \/>\n<meta property=\"og:url\" content=\"https:\/\/www.idermic.es\/es\/dermatologia_estetic\/tratamiento-ojeras\/\" \/>\n<meta property=\"og:site_name\" content=\"Idermic. Dermatolog\u00eda en Terrassa\" \/>\n<meta property=\"article:publisher\" content=\"https:\/\/www.facebook.com\/Idermic\" \/>\n<meta property=\"article:modified_time\" content=\"2026-01-24T15:24:17+00:00\" \/>\n<meta property=\"og:image\" content=\"https:\/\/www.idermic.es\/wp-content\/uploads\/2019\/01\/glass_green-1.jpg\" \/>\n\t<meta property=\"og:image:width\" content=\"115\" \/>\n\t<meta property=\"og:image:height\" content=\"2\" \/>\n\t<meta property=\"og:image:type\" content=\"image\/jpeg\" \/>\n<meta name=\"twitter:card\" content=\"summary_large_image\" \/>\n<meta name=\"twitter:site\" content=\"@idermic\" \/>\n<meta name=\"twitter:label1\" content=\"Tiempo de lectura\" \/>\n\t<meta name=\"twitter:data1\" content=\"6 minutos\" \/>\n<script type=\"application\/ld+json\" class=\"yoast-schema-graph\">{\"@context\":\"https:\\\/\\\/schema.org\",\"@graph\":[{\"@type\":\"WebPage\",\"@id\":\"https:\\\/\\\/www.idermic.es\\\/es\\\/dermatologia_estetic\\\/tratamiento-ojeras\\\/\",\"url\":\"https:\\\/\\\/www.idermic.es\\\/es\\\/dermatologia_estetic\\\/tratamiento-ojeras\\\/\",\"name\":\"Tratamiento de las ojeras - Idermic. Dermatolog\u00eda en Terrassa\",\"isPartOf\":{\"@id\":\"https:\\\/\\\/www.idermic.es\\\/#website\"},\"primaryImageOfPage\":{\"@id\":\"https:\\\/\\\/www.idermic.es\\\/es\\\/dermatologia_estetic\\\/tratamiento-ojeras\\\/#primaryimage\"},\"image\":{\"@id\":\"https:\\\/\\\/www.idermic.es\\\/es\\\/dermatologia_estetic\\\/tratamiento-ojeras\\\/#primaryimage\"},\"thumbnailUrl\":\"https:\\\/\\\/www.idermic.es\\\/wp-content\\\/uploads\\\/2019\\\/01\\\/glass_green-1.jpg\",\"datePublished\":\"2019-01-28T13:21:58+00:00\",\"dateModified\":\"2026-01-24T15:24:17+00:00\",\"description\":\"Corrige ojeras con \u00e1cido hialur\u00f3nico u otros tratamientos m\u00e9dicos. Resultados visibles, recuperaci\u00f3n inmediata y efecto natural.\",\"breadcrumb\":{\"@id\":\"https:\\\/\\\/www.idermic.es\\\/es\\\/dermatologia_estetic\\\/tratamiento-ojeras\\\/#breadcrumb\"},\"inLanguage\":\"es\",\"potentialAction\":[{\"@type\":\"ReadAction\",\"target\":[\"https:\\\/\\\/www.idermic.es\\\/es\\\/dermatologia_estetic\\\/tratamiento-ojeras\\\/\"]}]},{\"@type\":\"ImageObject\",\"inLanguage\":\"es\",\"@id\":\"https:\\\/\\\/www.idermic.es\\\/es\\\/dermatologia_estetic\\\/tratamiento-ojeras\\\/#primaryimage\",\"url\":\"https:\\\/\\\/www.idermic.es\\\/wp-content\\\/uploads\\\/2019\\\/01\\\/glass_green-1.jpg\",\"contentUrl\":\"https:\\\/\\\/www.idermic.es\\\/wp-content\\\/uploads\\\/2019\\\/01\\\/glass_green-1.jpg\"},{\"@type\":\"BreadcrumbList\",\"@id\":\"https:\\\/\\\/www.idermic.es\\\/es\\\/dermatologia_estetic\\\/tratamiento-ojeras\\\/#breadcrumb\",\"itemListElement\":[{\"@type\":\"ListItem\",\"position\":1,\"name\":\"Inici\",\"item\":\"https:\\\/\\\/www.idermic.es\\\/es\\\/\"},{\"@type\":\"ListItem\",\"position\":2,\"name\":\"Tratamiento de las ojeras\"}]},{\"@type\":\"WebSite\",\"@id\":\"https:\\\/\\\/www.idermic.es\\\/#website\",\"url\":\"https:\\\/\\\/www.idermic.es\\\/\",\"name\":\"Idermic. Dermatolog\u00eda en Terrassa\",\"description\":\"Dermatolog\u00eda, Medicina est\u00e9tica, Cirurg\u00eda Pl\u00e0stica\",\"publisher\":{\"@id\":\"https:\\\/\\\/www.idermic.es\\\/#organization\"},\"potentialAction\":[{\"@type\":\"SearchAction\",\"target\":{\"@type\":\"EntryPoint\",\"urlTemplate\":\"https:\\\/\\\/www.idermic.es\\\/?s={search_term_string}\"},\"query-input\":{\"@type\":\"PropertyValueSpecification\",\"valueRequired\":true,\"valueName\":\"search_term_string\"}}],\"inLanguage\":\"es\"},{\"@type\":\"Organization\",\"@id\":\"https:\\\/\\\/www.idermic.es\\\/#organization\",\"name\":\"Idermic. Dermatolog\u00eda en Terrassa\",\"url\":\"https:\\\/\\\/www.idermic.es\\\/\",\"logo\":{\"@type\":\"ImageObject\",\"inLanguage\":\"es\",\"@id\":\"https:\\\/\\\/www.idermic.es\\\/#\\\/schema\\\/logo\\\/image\\\/\",\"url\":\"https:\\\/\\\/www.idermic.es\\\/wp-content\\\/uploads\\\/2025\\\/10\\\/Logo-Idermic.jpg\",\"contentUrl\":\"https:\\\/\\\/www.idermic.es\\\/wp-content\\\/uploads\\\/2025\\\/10\\\/Logo-Idermic.jpg\",\"width\":501,\"height\":502,\"caption\":\"Idermic. Dermatolog\u00eda en Terrassa\"},\"image\":{\"@id\":\"https:\\\/\\\/www.idermic.es\\\/#\\\/schema\\\/logo\\\/image\\\/\"},\"sameAs\":[\"https:\\\/\\\/www.facebook.com\\\/Idermic\",\"https:\\\/\\\/x.com\\\/idermic\",\"https:\\\/\\\/www.instagram.com\\\/idermicclinic\\\/\",\"https:\\\/\\\/www.youtube.com\\\/channel\\\/UCyAHC9-p8lc6hr_nguO8p_g\"]}]}<\/script>\n<!-- \/ Yoast SEO plugin. -->","yoast_head_json":{"title":"Tratamiento de las ojeras - Idermic. Dermatolog\u00eda en Terrassa","description":"Corrige ojeras con \u00e1cido hialur\u00f3nico u otros tratamientos m\u00e9dicos. Resultados visibles, recuperaci\u00f3n inmediata y efecto natural.","robots":{"index":"index","follow":"follow","max-snippet":"max-snippet:-1","max-image-preview":"max-image-preview:large","max-video-preview":"max-video-preview:-1"},"canonical":"https:\/\/www.idermic.es\/es\/dermatologia_estetic\/tratamiento-ojeras\/","og_locale":"es_ES","og_type":"article","og_title":"Tratamiento de las ojeras - Idermic. Dermatolog\u00eda en Terrassa","og_description":"Corrige ojeras con \u00e1cido hialur\u00f3nico u otros tratamientos m\u00e9dicos. Resultados visibles, recuperaci\u00f3n inmediata y efecto natural.","og_url":"https:\/\/www.idermic.es\/es\/dermatologia_estetic\/tratamiento-ojeras\/","og_site_name":"Idermic. Dermatolog\u00eda en Terrassa","article_publisher":"https:\/\/www.facebook.com\/Idermic","article_modified_time":"2026-01-24T15:24:17+00:00","og_image":[{"width":115,"height":2,"url":"https:\/\/www.idermic.es\/wp-content\/uploads\/2019\/01\/glass_green-1.jpg","type":"image\/jpeg"}],"twitter_card":"summary_large_image","twitter_site":"@idermic","twitter_misc":{"Tiempo de lectura":"6 minutos"},"schema":{"@context":"https:\/\/schema.org","@graph":[{"@type":"WebPage","@id":"https:\/\/www.idermic.es\/es\/dermatologia_estetic\/tratamiento-ojeras\/","url":"https:\/\/www.idermic.es\/es\/dermatologia_estetic\/tratamiento-ojeras\/","name":"Tratamiento de las ojeras - Idermic. Dermatolog\u00eda en Terrassa","isPartOf":{"@id":"https:\/\/www.idermic.es\/#website"},"primaryImageOfPage":{"@id":"https:\/\/www.idermic.es\/es\/dermatologia_estetic\/tratamiento-ojeras\/#primaryimage"},"image":{"@id":"https:\/\/www.idermic.es\/es\/dermatologia_estetic\/tratamiento-ojeras\/#primaryimage"},"thumbnailUrl":"https:\/\/www.idermic.es\/wp-content\/uploads\/2019\/01\/glass_green-1.jpg","datePublished":"2019-01-28T13:21:58+00:00","dateModified":"2026-01-24T15:24:17+00:00","description":"Corrige ojeras con \u00e1cido hialur\u00f3nico u otros tratamientos m\u00e9dicos. Resultados visibles, recuperaci\u00f3n inmediata y efecto natural.","breadcrumb":{"@id":"https:\/\/www.idermic.es\/es\/dermatologia_estetic\/tratamiento-ojeras\/#breadcrumb"},"inLanguage":"es","potentialAction":[{"@type":"ReadAction","target":["https:\/\/www.idermic.es\/es\/dermatologia_estetic\/tratamiento-ojeras\/"]}]},{"@type":"ImageObject","inLanguage":"es","@id":"https:\/\/www.idermic.es\/es\/dermatologia_estetic\/tratamiento-ojeras\/#primaryimage","url":"https:\/\/www.idermic.es\/wp-content\/uploads\/2019\/01\/glass_green-1.jpg","contentUrl":"https:\/\/www.idermic.es\/wp-content\/uploads\/2019\/01\/glass_green-1.jpg"},{"@type":"BreadcrumbList","@id":"https:\/\/www.idermic.es\/es\/dermatologia_estetic\/tratamiento-ojeras\/#breadcrumb","itemListElement":[{"@type":"ListItem","position":1,"name":"Inici","item":"https:\/\/www.idermic.es\/es\/"},{"@type":"ListItem","position":2,"name":"Tratamiento de las ojeras"}]},{"@type":"WebSite","@id":"https:\/\/www.idermic.es\/#website","url":"https:\/\/www.idermic.es\/","name":"Idermic. Dermatolog\u00eda en Terrassa","description":"Dermatolog\u00eda, Medicina est\u00e9tica, Cirurg\u00eda Pl\u00e0stica","publisher":{"@id":"https:\/\/www.idermic.es\/#organization"},"potentialAction":[{"@type":"SearchAction","target":{"@type":"EntryPoint","urlTemplate":"https:\/\/www.idermic.es\/?s={search_term_string}"},"query-input":{"@type":"PropertyValueSpecification","valueRequired":true,"valueName":"search_term_string"}}],"inLanguage":"es"},{"@type":"Organization","@id":"https:\/\/www.idermic.es\/#organization","name":"Idermic. Dermatolog\u00eda en Terrassa","url":"https:\/\/www.idermic.es\/","logo":{"@type":"ImageObject","inLanguage":"es","@id":"https:\/\/www.idermic.es\/#\/schema\/logo\/image\/","url":"https:\/\/www.idermic.es\/wp-content\/uploads\/2025\/10\/Logo-Idermic.jpg","contentUrl":"https:\/\/www.idermic.es\/wp-content\/uploads\/2025\/10\/Logo-Idermic.jpg","width":501,"height":502,"caption":"Idermic. Dermatolog\u00eda en Terrassa"},"image":{"@id":"https:\/\/www.idermic.es\/#\/schema\/logo\/image\/"},"sameAs":["https:\/\/www.facebook.com\/Idermic","https:\/\/x.com\/idermic","https:\/\/www.instagram.com\/idermicclinic\/","https:\/\/www.youtube.com\/channel\/UCyAHC9-p8lc6hr_nguO8p_g"]}]}},"_links":{"self":[{"href":"https:\/\/www.idermic.es\/es\/wp-json\/wp\/v2\/dermatologia_estetic\/1516","targetHints":{"allow":["GET"]}}],"collection":[{"href":"https:\/\/www.idermic.es\/es\/wp-json\/wp\/v2\/dermatologia_estetic"}],"about":[{"href":"https:\/\/www.idermic.es\/es\/wp-json\/wp\/v2\/types\/dermatologia_estetic"}],"wp:attachment":[{"href":"https:\/\/www.idermic.es\/es\/wp-json\/wp\/v2\/media?parent=1516"}],"curies":[{"name":"wp","href":"https:\/\/api.w.org\/{rel}","templated":true}]}}