{"id":1508,"date":"2019-01-28T13:28:33","date_gmt":"2019-01-28T13:28:33","guid":{"rendered":"http:\/\/www.idermic.es\/dermatologia_estetic\/augment-de-mento\/"},"modified":"2026-01-24T15:26:20","modified_gmt":"2026-01-24T15:26:20","slug":"aumento-menton","status":"publish","type":"dermatologia_estetic","link":"https:\/\/www.idermic.es\/es\/dermatologia_estetic\/aumento-menton\/","title":{"rendered":"Aumento de ment\u00f3n"},"content":{"rendered":"<p><div class=\"fusion-fullwidth fullwidth-box fusion-builder-row-1 nonhundred-percent-fullwidth non-hundred-percent-height-scrolling\" style=\"--awb-border-radius-top-left:0px;--awb-border-radius-top-right:0px;--awb-border-radius-bottom-right:0px;--awb-border-radius-bottom-left:0px;--awb-padding-top:25px;--awb-flex-wrap:wrap;\" ><div class=\"fusion-builder-row fusion-row\"><div class=\"fusion-layout-column fusion_builder_column fusion-builder-column-0 fusion_builder_column_1_1 1_1 fusion-one-full fusion-column-first fusion-column-last\" style=\"--awb-padding-bottom:40px;--awb-bg-size:cover;\"><div class=\"fusion-column-wrapper fusion-flex-column-wrapper-legacy\"><div class=\"fusion-text fusion-text-1\"><h1 style=\"text-align: center;\">DERMATOLOG\u00cdA EST\u00c9TICA<\/h1>\n<h5 style=\"text-align: center;\"><img decoding=\"async\" class=\"alignnone size-full wp-image-382 aligncenter\" src=\"https:\/\/www.idermic.es\/wp-content\/uploads\/2019\/01\/glass_green-1.jpg\" alt=\"\" width=\"115\" height=\"2\" srcset=\"https:\/\/www.idermic.es\/wp-content\/uploads\/2019\/01\/glass_green-1-66x2.jpg 66w, https:\/\/www.idermic.es\/wp-content\/uploads\/2019\/01\/glass_green-1.jpg 115w\" sizes=\"(max-width: 115px) 100vw, 115px\" \/><br \/>\nTRATAMIENTOS FACIALES<\/h5>\n<\/div><div class=\"fusion-clearfix\"><\/div><\/div><\/div><\/div><\/div><div class=\"fusion-fullwidth fullwidth-box fusion-builder-row-2 nonhundred-percent-fullwidth non-hundred-percent-height-scrolling\" style=\"--awb-border-radius-top-left:0px;--awb-border-radius-top-right:0px;--awb-border-radius-bottom-right:0px;--awb-border-radius-bottom-left:0px;--awb-flex-wrap:wrap;\" ><div class=\"fusion-builder-row fusion-row\"><div class=\"fusion-layout-column fusion_builder_column fusion-builder-column-1 fusion_builder_column_1_3 1_3 fusion-one-third fusion-column-first\" style=\"--awb-bg-size:cover;width:33.333333333333%;width:calc(33.333333333333% - ( ( 4% + 4% ) * 0.33333333333333 ) );margin-right: 4%;\"><div class=\"fusion-column-wrapper fusion-flex-column-wrapper-legacy\"><div class=\"fusion-image-element in-legacy-container\" style=\"--awb-caption-title-font-family:var(--h2_typography-font-family);--awb-caption-title-font-weight:var(--h2_typography-font-weight);--awb-caption-title-font-style:var(--h2_typography-font-style);--awb-caption-title-size:var(--h2_typography-font-size);--awb-caption-title-transform:var(--h2_typography-text-transform);--awb-caption-title-line-height:var(--h2_typography-line-height);--awb-caption-title-letter-spacing:var(--h2_typography-letter-spacing);\"><span class=\" fusion-imageframe imageframe-none imageframe-1 hover-type-none\"><img decoding=\"async\" width=\"356\" height=\"2\" title=\"line_green\" src=\"https:\/\/www.idermic.es\/wp-content\/uploads\/2019\/01\/line_green.jpg\" alt class=\"img-responsive wp-image-1002\" srcset=\"https:\/\/www.idermic.es\/wp-content\/uploads\/2019\/01\/line_green-200x1.jpg 200w, https:\/\/www.idermic.es\/wp-content\/uploads\/2019\/01\/line_green.jpg 356w\" sizes=\"(max-width: 800px) 100vw, 356px\" \/><\/span><\/div><div class=\"fusion-title title fusion-title-1 fusion-sep-none fusion-title-text fusion-title-size-two\"><h2 class=\"fusion-title-heading title-heading-left\" style=\"margin:0;\">AUMENTO DE MENT\u00d3N<\/h2><\/div><div class=\"fusion-title title fusion-title-2 fusion-sep-none fusion-title-text fusion-title-size-six\" style=\"--awb-margin-top:60px;\"><h6 class=\"fusion-title-heading title-heading-left\" style=\"margin:0;\">Equilibra y armoniza tu aspecto<\/h6><\/div><div class=\"fusion-clearfix\"><\/div><\/div><\/div><div class=\"fusion-layout-column fusion_builder_column fusion-builder-column-2 fusion_builder_column_1_3 1_3 fusion-one-third\" style=\"--awb-bg-size:cover;width:33.333333333333%;width:calc(33.333333333333% - ( ( 4% + 4% ) * 0.33333333333333 ) );margin-right: 4%;\"><div class=\"fusion-column-wrapper fusion-flex-column-wrapper-legacy\"><div class=\"fusion-image-element in-legacy-container\" style=\"--awb-caption-title-font-family:var(--h2_typography-font-family);--awb-caption-title-font-weight:var(--h2_typography-font-weight);--awb-caption-title-font-style:var(--h2_typography-font-style);--awb-caption-title-size:var(--h2_typography-font-size);--awb-caption-title-transform:var(--h2_typography-text-transform);--awb-caption-title-line-height:var(--h2_typography-line-height);--awb-caption-title-letter-spacing:var(--h2_typography-letter-spacing);\"><span class=\" fusion-imageframe imageframe-none imageframe-2 hover-type-none\"><img decoding=\"async\" width=\"356\" height=\"2\" title=\"line_green\" src=\"https:\/\/www.idermic.es\/wp-content\/uploads\/2019\/01\/line_green.jpg\" alt class=\"img-responsive wp-image-1002\" srcset=\"https:\/\/www.idermic.es\/wp-content\/uploads\/2019\/01\/line_green-200x1.jpg 200w, https:\/\/www.idermic.es\/wp-content\/uploads\/2019\/01\/line_green.jpg 356w\" sizes=\"(max-width: 800px) 100vw, 356px\" \/><\/span><\/div><div class=\"fusion-text fusion-text-2\"><p>Podemos armonizar el tercio inferior de la cara mediante \u00e1cido hialur\u00f3nico en la zona del ment\u00f3n. Una barbilla poco prominente puede hacer que se marque m\u00e1s un doble ment\u00f3n o papada o incluso que la nariz se vea m\u00e1s voluminosa.<\/p>\n<h5>\u00bfC\u00d3MO SE REALIZA EL PROCEDIMIENTO?<\/h5>\n<p>El procedimiento se realiza en la consulta. Se suele aplicar una crema anest\u00e9sica antes del procedimiento. El \u00e1cido hialur\u00f3nico se aplica mediante peque\u00f1os pinchazos en la zona. La t\u00e9cnica tiene una duraci\u00f3n de unos 20 minutos.<\/p>\n<h5>\u00bfC\u00d3MO ES EL PROCESO DE RECUPERACI\u00d3N?<\/h5>\n<p>Se trata de una t\u00e9cnica m\u00ednimamente invasiva, que permite al paciente reincorporarse inmediatamente a las actividades de la vida diaria. En ocasiones es posible la aparici\u00f3n de alg\u00fan peque\u00f1o hematoma que se resolver\u00e1 espont\u00e1neamente en pocos d\u00edas y que ser\u00e1 f\u00e1cilmente camuflable con el maquillaje.<\/p>\n<h5>\u00bfCU\u00c1NDO APRECIAR\u00c9 LOS RESULTADOS?<\/h5>\n<p>Los resultados son visibles justo despu\u00e9s del procedimiento aunque debido a la inflamaci\u00f3n inicial de la zona no ser\u00e1 hasta pasada una semana cuando objetiven los resultados definitivos.<br \/>\nSe trata de sustancias reabsorbibles que permiten obtener unos resultados que revierten naturalmente con el paso los meses.<br \/>\nLa duraci\u00f3n del relleno var\u00eda entre 12-18 meses, por lo que pueden ir modific\u00e1ndose en funci\u00f3n del gusto y las necesidades de cada paciente. Este tipo de relleno permite a muchas personas probar sin miedo a equivocarse.<\/p>\n<\/div><div class=\"fusion-clearfix\"><\/div><\/div><\/div><div class=\"fusion-layout-column fusion_builder_column fusion-builder-column-3 fusion_builder_column_1_3 1_3 fusion-one-third fusion-column-last\" style=\"--awb-bg-size:cover;width:33.333333333333%;width:calc(33.333333333333% - ( ( 4% + 4% ) * 0.33333333333333 ) );\"><div class=\"fusion-column-wrapper fusion-flex-column-wrapper-legacy\"><div class=\"fusion-image-element in-legacy-container\" style=\"--awb-caption-title-font-family:var(--h2_typography-font-family);--awb-caption-title-font-weight:var(--h2_typography-font-weight);--awb-caption-title-font-style:var(--h2_typography-font-style);--awb-caption-title-size:var(--h2_typography-font-size);--awb-caption-title-transform:var(--h2_typography-text-transform);--awb-caption-title-line-height:var(--h2_typography-line-height);--awb-caption-title-letter-spacing:var(--h2_typography-letter-spacing);\"><span class=\" fusion-imageframe imageframe-none imageframe-3 hover-type-none\"><img decoding=\"async\" width=\"600\" height=\"757\" alt=\"Dermatolog\u00eda est\u00e9tica. Aumento de ment\u00f3n. Cl\u00ednica Idermic\" title=\"dermatologia_estetica_aument_mento_idermic-600&#215;757\" src=\"https:\/\/www.idermic.es\/wp-content\/uploads\/2026\/01\/dermatologia_estetica_aument_mento_idermic-600x757-1.jpg\" class=\"img-responsive wp-image-9194\" srcset=\"https:\/\/www.idermic.es\/wp-content\/uploads\/2026\/01\/dermatologia_estetica_aument_mento_idermic-600x757-1-200x252.jpg 200w, https:\/\/www.idermic.es\/wp-content\/uploads\/2026\/01\/dermatologia_estetica_aument_mento_idermic-600x757-1-400x505.jpg 400w, https:\/\/www.idermic.es\/wp-content\/uploads\/2026\/01\/dermatologia_estetica_aument_mento_idermic-600x757-1.jpg 600w\" sizes=\"(max-width: 800px) 100vw, 400px\" \/><\/span><\/div><div class=\"fusion-clearfix\"><\/div><\/div><\/div><\/div><\/div><div class=\"fusion-fullwidth fullwidth-box fusion-builder-row-3 nonhundred-percent-fullwidth non-hundred-percent-height-scrolling\" style=\"--awb-border-radius-top-left:0px;--awb-border-radius-top-right:0px;--awb-border-radius-bottom-right:0px;--awb-border-radius-bottom-left:0px;--awb-flex-wrap:wrap;\" ><div class=\"fusion-builder-row fusion-row\"><div class=\"fusion-layout-column fusion_builder_column fusion-builder-column-4 fusion_builder_column_1_1 1_1 fusion-one-full fusion-column-first fusion-column-last\" style=\"--awb-bg-size:cover;\"><div class=\"fusion-column-wrapper fusion-flex-column-wrapper-legacy\"><div class=\"accordian fusion-accordian\" style=\"--awb-border-size:1px;--awb-icon-size:13px;--awb-content-font-size:15px;--awb-icon-alignment:left;--awb-hover-color:#f9f9f9;--awb-border-color:#cccccc;--awb-background-color:#ffffff;--awb-divider-color:#e0dede;--awb-divider-hover-color:#e0dede;--awb-icon-color:#ffffff;--awb-title-color:#ddbcb0;--awb-content-color:#505050;--awb-icon-box-color:#000000;--awb-toggle-hover-accent-color:#ddbcb0;--awb-title-font-family:&quot;Montserrat&quot;;--awb-title-font-weight:400;--awb-title-font-style:normal;--awb-content-font-family:&quot;Montserrat&quot;;--awb-content-font-style:normal;--awb-content-font-weight:300;\"><div class=\"panel-group fusion-toggle-icon-boxed\" id=\"accordion-1508-1\"><div class=\"fusion-panel panel-default panel-399a49cb3b024fe05 fusion-toggle-has-divider\"><div class=\"panel-heading\"><h4 class=\"panel-title toggle\" id=\"toggle_399a49cb3b024fe05\"><a aria-expanded=\"false\" aria-controls=\"399a49cb3b024fe05\" role=\"button\" data-toggle=\"collapse\" data-parent=\"#accordion-1508-1\" data-target=\"#399a49cb3b024fe05\" href=\"#399a49cb3b024fe05\"><span class=\"fusion-toggle-icon-wrapper\" aria-hidden=\"true\"><i class=\"fa-fusion-box active-icon awb-icon-minus\" aria-hidden=\"true\"><\/i><i class=\"fa-fusion-box inactive-icon awb-icon-plus\" aria-hidden=\"true\"><\/i><\/span><span class=\"fusion-toggle-heading\">Acerca del aumento del ment\u00f3n<\/span><\/a><\/h4><\/div><div id=\"399a49cb3b024fe05\" class=\"panel-collapse collapse \" aria-labelledby=\"toggle_399a49cb3b024fe05\"><div class=\"panel-body toggle-content fusion-clearfix\">\n<p>El aumento de ment\u00f3n, tambi\u00e9n conocido como mentoplastia, es un procedimiento de cirug\u00eda est\u00e9tica destinado a mejorar la proyecci\u00f3n y el contorno del ment\u00f3n. Esta intervenci\u00f3n es muy solicitada por pacientes que desean equilibrar su perfil facial, corregir una retracci\u00f3n mandibular o simplemente mejorar la armon\u00eda de su rostro. La cirug\u00eda puede realizarse mediante la colocaci\u00f3n de un implante o mediante t\u00e9cnicas que remodelan el hueso del ment\u00f3n.<\/p>\n<p>La causa principal para optar por un aumento de ment\u00f3n es una falta de proyecci\u00f3n mandibular que puede ser cong\u00e9nita o desarrollarse con el tiempo debido a factores como el envejecimiento. Los pacientes que tienen un ment\u00f3n peque\u00f1o o retra\u00eddo suelen buscar esta intervenci\u00f3n para mejorar el equilibrio est\u00e9tico de su rostro, ya que un ment\u00f3n poco prominente puede hacer que la nariz o el cuello parezcan desproporcionados.<\/p>\n<\/div><\/div><\/div><div class=\"fusion-panel panel-default panel-05ed2f94a98a79d0d fusion-toggle-has-divider\"><div class=\"panel-heading\"><h4 class=\"panel-title toggle\" id=\"toggle_05ed2f94a98a79d0d\"><a aria-expanded=\"false\" aria-controls=\"05ed2f94a98a79d0d\" role=\"button\" data-toggle=\"collapse\" data-parent=\"#accordion-1508-1\" data-target=\"#05ed2f94a98a79d0d\" href=\"#05ed2f94a98a79d0d\"><span class=\"fusion-toggle-icon-wrapper\" aria-hidden=\"true\"><i class=\"fa-fusion-box active-icon awb-icon-minus\" aria-hidden=\"true\"><\/i><i class=\"fa-fusion-box inactive-icon awb-icon-plus\" aria-hidden=\"true\"><\/i><\/span><span class=\"fusion-toggle-heading\">S\u00edntomas y caracter\u00edsticas de un ment\u00f3n retra\u00eddo<\/span><\/a><\/h4><\/div><div id=\"05ed2f94a98a79d0d\" class=\"panel-collapse collapse \" aria-labelledby=\"toggle_05ed2f94a98a79d0d\"><div class=\"panel-body toggle-content fusion-clearfix\">\n<p>Aunque no es una \u00abenfermedad\u00bb, el ment\u00f3n retra\u00eddo o hipoplasia mandibular puede presentar las siguientes caracter\u00edsticas que hacen que una persona considere el aumento de ment\u00f3n:<\/p>\n<ul>\n<li><strong>Proporciones faciales desbalanceadas<\/strong>: Un ment\u00f3n peque\u00f1o o retra\u00eddo puede hacer que otras partes del rostro, como la nariz o los labios, se vean m\u00e1s prominentes.<\/li>\n<li><strong>Cuello y mand\u00edbula menos definidos<\/strong>: La falta de proyecci\u00f3n en el ment\u00f3n puede hacer que la l\u00ednea de la mand\u00edbula y el cuello no est\u00e9n bien definidos, lo que afecta al contorno del rostro.<\/li>\n<li><strong>Percepci\u00f3n de desarmon\u00eda facial<\/strong>: Las personas con un ment\u00f3n poco pronunciado a menudo sienten que su perfil facial no est\u00e1 equilibrado, lo que puede generar inseguridades sobre su apariencia.<\/li>\n<li><strong>Problemas de autoestima<\/strong>: Aunque no siempre es el caso, algunas personas con un ment\u00f3n retra\u00eddo pueden experimentar una baja autoestima, ya que no se sienten a gusto con su imagen facial.<\/li>\n<\/ul>\n<p>El aumento de ment\u00f3n puede corregir estos s\u00edntomas y proporcionar una mejor simetr\u00eda y definici\u00f3n facial.<\/p>\n<\/div><\/div><\/div><div class=\"fusion-panel panel-default panel-ed75f96823376c5ba fusion-toggle-has-divider\"><div class=\"panel-heading\"><h4 class=\"panel-title toggle\" id=\"toggle_ed75f96823376c5ba\"><a aria-expanded=\"false\" aria-controls=\"ed75f96823376c5ba\" role=\"button\" data-toggle=\"collapse\" data-parent=\"#accordion-1508-1\" data-target=\"#ed75f96823376c5ba\" href=\"#ed75f96823376c5ba\"><span class=\"fusion-toggle-icon-wrapper\" aria-hidden=\"true\"><i class=\"fa-fusion-box active-icon awb-icon-minus\" aria-hidden=\"true\"><\/i><i class=\"fa-fusion-box inactive-icon awb-icon-plus\" aria-hidden=\"true\"><\/i><\/span><span class=\"fusion-toggle-heading\">Diagn\u00f3stico y evaluaci\u00f3n antes del aumento de ment\u00f3n<\/span><\/a><\/h4><\/div><div id=\"ed75f96823376c5ba\" class=\"panel-collapse collapse \" aria-labelledby=\"toggle_ed75f96823376c5ba\"><div class=\"panel-body toggle-content fusion-clearfix\">\n<p>Antes de someterse a una mentoplastia, es esencial realizar una evaluaci\u00f3n detallada con un cirujano pl\u00e1stico especializado en cirug\u00eda facial. El diagn\u00f3stico implica una revisi\u00f3n exhaustiva del perfil facial y una planificaci\u00f3n cuidadosa del procedimiento para obtener resultados naturales y proporcionados. Algunos de los pasos m\u00e1s comunes en la evaluaci\u00f3n incluyen:<\/p>\n<ul>\n<li><strong>An\u00e1lisis facial<\/strong>: El cirujano evaluar\u00e1 las proporciones de la cara, el perfil y la relaci\u00f3n del ment\u00f3n con otras estructuras faciales como la nariz y los p\u00f3mulos.<\/li>\n<li><strong>Pruebas de imagen<\/strong>: En algunos casos, se utilizan im\u00e1genes de rayos X o tomograf\u00edas para evaluar la estructura \u00f3sea y la posici\u00f3n del ment\u00f3n. Esto ayuda a determinar si es necesario un implante o si se puede remodelar el hueso.<\/li>\n<li><strong>Simulaci\u00f3n digital<\/strong>: Muchos cirujanos ofrecen simulaciones digitales para mostrar c\u00f3mo se ver\u00e1 el paciente despu\u00e9s de la cirug\u00eda. Esto facilita la toma de decisiones sobre el tama\u00f1o y tipo de implante, si es necesario.<\/li>\n<li><strong>Historial m\u00e9dico<\/strong>: Durante la consulta, el m\u00e9dico tambi\u00e9n revisar\u00e1 el historial m\u00e9dico del paciente para asegurarse de que no existan contraindicaciones para la cirug\u00eda.<\/li>\n<\/ul>\n<\/div><\/div><\/div><div class=\"fusion-panel panel-default panel-d5d5a4d1a2f1d5f3e fusion-toggle-has-divider\"><div class=\"panel-heading\"><h4 class=\"panel-title toggle\" id=\"toggle_d5d5a4d1a2f1d5f3e\"><a aria-expanded=\"false\" aria-controls=\"d5d5a4d1a2f1d5f3e\" role=\"button\" data-toggle=\"collapse\" data-parent=\"#accordion-1508-1\" data-target=\"#d5d5a4d1a2f1d5f3e\" href=\"#d5d5a4d1a2f1d5f3e\"><span class=\"fusion-toggle-icon-wrapper\" aria-hidden=\"true\"><i class=\"fa-fusion-box active-icon awb-icon-minus\" aria-hidden=\"true\"><\/i><i class=\"fa-fusion-box inactive-icon awb-icon-plus\" aria-hidden=\"true\"><\/i><\/span><span class=\"fusion-toggle-heading\">Tratamiento: el procedimiento de aumento de ment\u00f3n<\/span><\/a><\/h4><\/div><div id=\"d5d5a4d1a2f1d5f3e\" class=\"panel-collapse collapse \" aria-labelledby=\"toggle_d5d5a4d1a2f1d5f3e\"><div class=\"panel-body toggle-content fusion-clearfix\">\n<p>Existen dos t\u00e9cnicas principales para el aumento de ment\u00f3n: el uso de implantes y la remodelaci\u00f3n \u00f3sea.<\/p>\n<ul>\n<li><strong>Aumento de ment\u00f3n con implantes<\/strong>: Este procedimiento implica la inserci\u00f3n de una pr\u00f3tesis o implante en el ment\u00f3n para aumentar su proyecci\u00f3n. Los implantes suelen estar hechos de materiales como silicona o polietileno, y se eligen en funci\u00f3n de las necesidades del paciente. El cirujano realiza una incisi\u00f3n interna (dentro de la boca) o externa (debajo del ment\u00f3n) para colocar el implante y ajustarlo de manera precisa.El proceso de recuperaci\u00f3n despu\u00e9s de la cirug\u00eda suele durar unas pocas semanas. Durante este tiempo, el paciente debe seguir las indicaciones del cirujano para evitar infecciones o desplazamientos del implante.<\/li>\n<li><strong>Mentoplastia \u00f3sea<\/strong>: En este caso, se realiza una osteotom\u00eda, un procedimiento en el que el hueso del ment\u00f3n se corta y se reposiciona para aumentar su proyecci\u00f3n. Esta t\u00e9cnica no requiere de un implante y se utiliza principalmente en pacientes con una estructura \u00f3sea que permite este tipo de modificaci\u00f3n. El tiempo de recuperaci\u00f3n es similar al de los implantes, pero puede implicar un poco m\u00e1s de dolor y molestias postoperatorias.<\/li>\n<\/ul>\n<p>En ambos procedimientos, los resultados suelen ser permanentes, y proporcionan una mejora significativa en la definici\u00f3n del ment\u00f3n y la armon\u00eda facial.<\/p>\n<\/div><\/div><\/div><div class=\"fusion-panel panel-default panel-3945541e01ce3687c fusion-toggle-has-divider\"><div class=\"panel-heading\"><h4 class=\"panel-title toggle\" id=\"toggle_3945541e01ce3687c\"><a aria-expanded=\"false\" aria-controls=\"3945541e01ce3687c\" role=\"button\" data-toggle=\"collapse\" data-parent=\"#accordion-1508-1\" data-target=\"#3945541e01ce3687c\" href=\"#3945541e01ce3687c\"><span class=\"fusion-toggle-icon-wrapper\" aria-hidden=\"true\"><i class=\"fa-fusion-box active-icon awb-icon-minus\" aria-hidden=\"true\"><\/i><i class=\"fa-fusion-box inactive-icon awb-icon-plus\" aria-hidden=\"true\"><\/i><\/span><span class=\"fusion-toggle-heading\">Prevenci\u00f3n y cuidados despu\u00e9s de la cirug\u00eda de aumento de ment\u00f3n<\/span><\/a><\/h4><\/div><div id=\"3945541e01ce3687c\" class=\"panel-collapse collapse \" aria-labelledby=\"toggle_3945541e01ce3687c\"><div class=\"panel-body toggle-content fusion-clearfix\">\n<p>Aunque no se pueden prevenir las razones que llevan a considerar un aumento de ment\u00f3n, es importante seguir ciertos cuidados despu\u00e9s de la cirug\u00eda para garantizar una recuperaci\u00f3n exitosa:<\/p>\n<ul>\n<li><strong>Uso de vendajes<\/strong>: Despu\u00e9s de la cirug\u00eda, el paciente puede necesitar usar vendajes para mantener el implante o la estructura \u00f3sea en su lugar mientras cicatriza.<\/li>\n<li><strong>Evitar el ejercicio intenso<\/strong>: Durante las primeras semanas, es recomendable evitar actividades f\u00edsicas que puedan impactar el \u00e1rea del ment\u00f3n.<\/li>\n<li><strong>Buena higiene oral<\/strong>: En caso de incisiones internas, es fundamental mantener una excelente higiene oral para prevenir infecciones.<\/li>\n<li><strong>Seguimiento m\u00e9dico<\/strong>: Las consultas de seguimiento con el cirujano son esenciales para monitorear la recuperaci\u00f3n y asegurarse de que los resultados sean satisfactorios.<\/li>\n<\/ul>\n<\/div><\/div><\/div><div class=\"fusion-panel panel-default panel-02bec60c71c2f0dfa fusion-toggle-has-divider\"><div class=\"panel-heading\"><h4 class=\"panel-title toggle\" id=\"toggle_02bec60c71c2f0dfa\"><a aria-expanded=\"false\" aria-controls=\"02bec60c71c2f0dfa\" role=\"button\" data-toggle=\"collapse\" data-parent=\"#accordion-1508-1\" data-target=\"#02bec60c71c2f0dfa\" href=\"#02bec60c71c2f0dfa\"><span class=\"fusion-toggle-icon-wrapper\" aria-hidden=\"true\"><i class=\"fa-fusion-box active-icon awb-icon-minus\" aria-hidden=\"true\"><\/i><i class=\"fa-fusion-box inactive-icon awb-icon-plus\" aria-hidden=\"true\"><\/i><\/span><span class=\"fusion-toggle-heading\">Factores de riesgo<\/span><\/a><\/h4><\/div><div id=\"02bec60c71c2f0dfa\" class=\"panel-collapse collapse \" aria-labelledby=\"toggle_02bec60c71c2f0dfa\"><div class=\"panel-body toggle-content fusion-clearfix\">\n<p>Como en cualquier procedimiento quir\u00fargico, existen algunos factores de riesgo que es importante considerar antes de someterse a un aumento de ment\u00f3n:<\/p>\n<ul>\n<li><strong>Infecci\u00f3n<\/strong>: Aunque rara, la infecci\u00f3n es un riesgo asociado con la cirug\u00eda. Se minimiza con el uso de antibi\u00f3ticos y siguiendo las indicaciones postoperatorias del cirujano.<\/li>\n<li><strong>Desplazamiento del implante<\/strong>: En el caso de los implantes, existe la posibilidad de que se muevan de su posici\u00f3n inicial. Por esto es fundamental evitar golpes en la zona durante el proceso de cicatrizaci\u00f3n.<\/li>\n<li><strong>Cicatrizaci\u00f3n anormal<\/strong>: Aunque las incisiones suelen ser peque\u00f1as y discretas, existe el riesgo de que las cicatrices no cicatricen correctamente, especialmente en casos de incisiones externas.<\/li>\n<li><strong>Reacci\u00f3n adversa al implante<\/strong>: Aunque es poco com\u00fan, algunos pacientes pueden experimentar una reacci\u00f3n a los materiales del implante.<\/li>\n<\/ul>\n<\/div><\/div><\/div><\/div><\/div><div class=\"fusion-clearfix\"><\/div><\/div><\/div><\/div><\/div><div class=\"fusion-fullwidth fullwidth-box fusion-builder-row-4 has-pattern-background has-mask-background nonhundred-percent-fullwidth non-hundred-percent-height-scrolling\" style=\"--awb-border-radius-top-left:0px;--awb-border-radius-top-right:0px;--awb-border-radius-bottom-right:0px;--awb-border-radius-bottom-left:0px;--awb-padding-top:20px;--awb-padding-bottom:32px;--awb-margin-top:48px;--awb-margin-bottom:32px;--awb-flex-wrap:wrap;\" ><div class=\"fusion-builder-row fusion-row\"><div class=\"fusion-layout-column fusion_builder_column fusion-builder-column-5 fusion_builder_column_1_2 1_2 fusion-one-half fusion-column-first fusion-column-inner-bg-wrapper\" style=\"--awb-padding-top:20px;--awb-padding-right:20px;--awb-padding-bottom:20px;--awb-padding-left:60px;--awb-inner-bg-color:#f4d0c2;--awb-inner-bg-color-hover:#f4d0c2;--awb-inner-bg-size:cover;width:50%;width:calc(50% - ( ( 4% ) * 0.5 ) );margin-right: 4%;\" data-scroll-devices=\"small-visibility,medium-visibility,large-visibility\"><span class=\"fusion-column-inner-bg hover-type-none\"><a class=\"fusion-column-anchor\" href=\"https:\/\/www.idermic.es\/es\/financiacion\/\"><span class=\"fusion-column-inner-bg-image\"><\/span><\/a><\/span><div class=\"fusion-column-wrapper fusion-column-has-shadow fusion-flex-column-wrapper-legacy\"><div style=\"text-align:center; max-width: 100%; width: calc(100% - 40px); margin: 0 auto;\">\n  <p style=\"color:white;margin:0;padding:15px 15px 0 15px;background-color:#ddbcb0;font-family:Montserrat;font-size:20px;font-weight:500;letter-spacing:2px;line-height:30px;\">\n    FINAN\u00c7AMENT 0% INTER\u00c8S\n  <\/p>\n  <p style=\"color:white;margin:0;padding:0 15px 15px 15px;background-color:#ddbcb0;font-family:Open Sans;font-size:12px;font-weight:500;letter-spacing:2px;line-height:30px;\">\n    LLEGIR M\u00c9S +\n  <\/p>\n<\/div><div class=\"fusion-clearfix\"><\/div><\/div><\/div><div class=\"fusion-layout-column fusion_builder_column fusion-builder-column-6 fusion_builder_column_1_2 1_2 fusion-one-half fusion-column-last fusion-column-inner-bg-wrapper\" style=\"--awb-padding-top:20px;--awb-padding-right:20px;--awb-padding-bottom:20px;--awb-padding-left:60px;--awb-inner-bg-color:#f4d0c2;--awb-inner-bg-color-hover:#f4d0c2;--awb-inner-bg-size:cover;width:50%;width:calc(50% - ( ( 4% ) * 0.5 ) );\" data-scroll-devices=\"small-visibility,medium-visibility,large-visibility\"><span class=\"fusion-column-inner-bg hover-type-none\"><a class=\"fusion-column-anchor\" href=\"https:\/\/www.idermic.es\/es\/preguntas-frecuentes\/\"><span class=\"fusion-column-inner-bg-image\"><\/span><\/a><\/span><div class=\"fusion-column-wrapper fusion-column-has-shadow fusion-flex-column-wrapper-legacy\"><div style=\"text-align:center; max-width: 100%; width: calc(100% - 40px); margin: 0 auto;\">\n  <p style=\"color:white;margin:0;padding:15px 15px 0 15px;background-color:#ddbcb0;font-family:Montserrat;font-size:20px;font-weight:500;letter-spacing:2px;line-height:30px;\">\n    PREGUNTES FREQ\u00dcENTS \n  <\/p>\n  <p style=\"color:white;margin:0;padding:0 15px 15px 15px;background-color:#ddbcb0;font-family:Open Sans;font-size:12px;font-weight:500;letter-spacing:2px;line-height:30px;\">\n    LLEGIR M\u00c9S +\n  <\/p>\n<\/div><div class=\"fusion-clearfix\"><\/div><\/div><\/div><\/div><\/div>\n<\/p>\n","protected":false},"featured_media":0,"template":"","class_list":["post-1508","dermatologia_estetic","type-dermatologia_estetic","status-publish","hentry"],"yoast_head":"<!-- This site is optimized with the Yoast SEO plugin v28.4 - https:\/\/yoast.com\/product\/yoast-seo-wordpress\/ -->\n<title>Aumento de ment\u00f3n - Idermic. Dermatolog\u00eda en Terrassa<\/title>\n<meta name=\"description\" content=\"Aumento de ment\u00f3n o mentoplastia: mejora la proyecci\u00f3n del ment\u00f3n y equilibra tu perfil facial con t\u00e9cnicas avanzadas de cirug\u00eda est\u00e9tica.\" \/>\n<meta name=\"robots\" content=\"index, follow, max-snippet:-1, max-image-preview:large, max-video-preview:-1\" \/>\n<link rel=\"canonical\" href=\"https:\/\/www.idermic.es\/es\/dermatologia_estetic\/aumento-menton\/\" \/>\n<meta property=\"og:locale\" content=\"es_ES\" \/>\n<meta property=\"og:type\" content=\"article\" \/>\n<meta property=\"og:title\" content=\"Aumento de ment\u00f3n - Idermic. Dermatolog\u00eda en Terrassa\" \/>\n<meta property=\"og:description\" content=\"Aumento de ment\u00f3n o mentoplastia: mejora la proyecci\u00f3n del ment\u00f3n y equilibra tu perfil facial con t\u00e9cnicas avanzadas de cirug\u00eda est\u00e9tica.\" \/>\n<meta property=\"og:url\" content=\"https:\/\/www.idermic.es\/es\/dermatologia_estetic\/aumento-menton\/\" \/>\n<meta property=\"og:site_name\" content=\"Idermic. Dermatolog\u00eda en Terrassa\" \/>\n<meta property=\"article:publisher\" content=\"https:\/\/www.facebook.com\/Idermic\" \/>\n<meta property=\"article:modified_time\" content=\"2026-01-24T15:26:20+00:00\" \/>\n<meta property=\"og:image\" content=\"https:\/\/www.idermic.es\/wp-content\/uploads\/2019\/01\/glass_green-1.jpg\" \/>\n\t<meta property=\"og:image:width\" content=\"115\" \/>\n\t<meta property=\"og:image:height\" content=\"2\" \/>\n\t<meta property=\"og:image:type\" content=\"image\/jpeg\" \/>\n<meta name=\"twitter:card\" content=\"summary_large_image\" \/>\n<meta name=\"twitter:site\" content=\"@idermic\" \/>\n<meta name=\"twitter:label1\" content=\"Tiempo de lectura\" \/>\n\t<meta name=\"twitter:data1\" content=\"7 minutos\" \/>\n<script type=\"application\/ld+json\" class=\"yoast-schema-graph\">{\"@context\":\"https:\\\/\\\/schema.org\",\"@graph\":[{\"@type\":\"WebPage\",\"@id\":\"https:\\\/\\\/www.idermic.es\\\/es\\\/dermatologia_estetic\\\/aumento-menton\\\/\",\"url\":\"https:\\\/\\\/www.idermic.es\\\/es\\\/dermatologia_estetic\\\/aumento-menton\\\/\",\"name\":\"Aumento de ment\u00f3n - Idermic. Dermatolog\u00eda en Terrassa\",\"isPartOf\":{\"@id\":\"https:\\\/\\\/www.idermic.es\\\/#website\"},\"primaryImageOfPage\":{\"@id\":\"https:\\\/\\\/www.idermic.es\\\/es\\\/dermatologia_estetic\\\/aumento-menton\\\/#primaryimage\"},\"image\":{\"@id\":\"https:\\\/\\\/www.idermic.es\\\/es\\\/dermatologia_estetic\\\/aumento-menton\\\/#primaryimage\"},\"thumbnailUrl\":\"https:\\\/\\\/www.idermic.es\\\/wp-content\\\/uploads\\\/2019\\\/01\\\/glass_green-1.jpg\",\"datePublished\":\"2019-01-28T13:28:33+00:00\",\"dateModified\":\"2026-01-24T15:26:20+00:00\",\"description\":\"Aumento de ment\u00f3n o mentoplastia: mejora la proyecci\u00f3n del ment\u00f3n y equilibra tu perfil facial con t\u00e9cnicas avanzadas de cirug\u00eda est\u00e9tica.\",\"breadcrumb\":{\"@id\":\"https:\\\/\\\/www.idermic.es\\\/es\\\/dermatologia_estetic\\\/aumento-menton\\\/#breadcrumb\"},\"inLanguage\":\"es\",\"potentialAction\":[{\"@type\":\"ReadAction\",\"target\":[\"https:\\\/\\\/www.idermic.es\\\/es\\\/dermatologia_estetic\\\/aumento-menton\\\/\"]}]},{\"@type\":\"ImageObject\",\"inLanguage\":\"es\",\"@id\":\"https:\\\/\\\/www.idermic.es\\\/es\\\/dermatologia_estetic\\\/aumento-menton\\\/#primaryimage\",\"url\":\"https:\\\/\\\/www.idermic.es\\\/wp-content\\\/uploads\\\/2019\\\/01\\\/glass_green-1.jpg\",\"contentUrl\":\"https:\\\/\\\/www.idermic.es\\\/wp-content\\\/uploads\\\/2019\\\/01\\\/glass_green-1.jpg\"},{\"@type\":\"BreadcrumbList\",\"@id\":\"https:\\\/\\\/www.idermic.es\\\/es\\\/dermatologia_estetic\\\/aumento-menton\\\/#breadcrumb\",\"itemListElement\":[{\"@type\":\"ListItem\",\"position\":1,\"name\":\"Inici\",\"item\":\"https:\\\/\\\/www.idermic.es\\\/es\\\/\"},{\"@type\":\"ListItem\",\"position\":2,\"name\":\"Aumento de ment\u00f3n\"}]},{\"@type\":\"WebSite\",\"@id\":\"https:\\\/\\\/www.idermic.es\\\/#website\",\"url\":\"https:\\\/\\\/www.idermic.es\\\/\",\"name\":\"Idermic. Dermatolog\u00eda en Terrassa\",\"description\":\"Dermatolog\u00eda, Medicina est\u00e9tica, Cirurg\u00eda Pl\u00e0stica\",\"publisher\":{\"@id\":\"https:\\\/\\\/www.idermic.es\\\/#organization\"},\"potentialAction\":[{\"@type\":\"SearchAction\",\"target\":{\"@type\":\"EntryPoint\",\"urlTemplate\":\"https:\\\/\\\/www.idermic.es\\\/?s={search_term_string}\"},\"query-input\":{\"@type\":\"PropertyValueSpecification\",\"valueRequired\":true,\"valueName\":\"search_term_string\"}}],\"inLanguage\":\"es\"},{\"@type\":\"Organization\",\"@id\":\"https:\\\/\\\/www.idermic.es\\\/#organization\",\"name\":\"Idermic. Dermatolog\u00eda en Terrassa\",\"url\":\"https:\\\/\\\/www.idermic.es\\\/\",\"logo\":{\"@type\":\"ImageObject\",\"inLanguage\":\"es\",\"@id\":\"https:\\\/\\\/www.idermic.es\\\/#\\\/schema\\\/logo\\\/image\\\/\",\"url\":\"https:\\\/\\\/www.idermic.es\\\/wp-content\\\/uploads\\\/2025\\\/10\\\/Logo-Idermic.jpg\",\"contentUrl\":\"https:\\\/\\\/www.idermic.es\\\/wp-content\\\/uploads\\\/2025\\\/10\\\/Logo-Idermic.jpg\",\"width\":501,\"height\":502,\"caption\":\"Idermic. Dermatolog\u00eda en Terrassa\"},\"image\":{\"@id\":\"https:\\\/\\\/www.idermic.es\\\/#\\\/schema\\\/logo\\\/image\\\/\"},\"sameAs\":[\"https:\\\/\\\/www.facebook.com\\\/Idermic\",\"https:\\\/\\\/x.com\\\/idermic\",\"https:\\\/\\\/www.instagram.com\\\/idermicclinic\\\/\",\"https:\\\/\\\/www.youtube.com\\\/channel\\\/UCyAHC9-p8lc6hr_nguO8p_g\"]}]}<\/script>\n<!-- \/ Yoast SEO plugin. -->","yoast_head_json":{"title":"Aumento de ment\u00f3n - Idermic. Dermatolog\u00eda en Terrassa","description":"Aumento de ment\u00f3n o mentoplastia: mejora la proyecci\u00f3n del ment\u00f3n y equilibra tu perfil facial con t\u00e9cnicas avanzadas de cirug\u00eda est\u00e9tica.","robots":{"index":"index","follow":"follow","max-snippet":"max-snippet:-1","max-image-preview":"max-image-preview:large","max-video-preview":"max-video-preview:-1"},"canonical":"https:\/\/www.idermic.es\/es\/dermatologia_estetic\/aumento-menton\/","og_locale":"es_ES","og_type":"article","og_title":"Aumento de ment\u00f3n - Idermic. Dermatolog\u00eda en Terrassa","og_description":"Aumento de ment\u00f3n o mentoplastia: mejora la proyecci\u00f3n del ment\u00f3n y equilibra tu perfil facial con t\u00e9cnicas avanzadas de cirug\u00eda est\u00e9tica.","og_url":"https:\/\/www.idermic.es\/es\/dermatologia_estetic\/aumento-menton\/","og_site_name":"Idermic. Dermatolog\u00eda en Terrassa","article_publisher":"https:\/\/www.facebook.com\/Idermic","article_modified_time":"2026-01-24T15:26:20+00:00","og_image":[{"width":115,"height":2,"url":"https:\/\/www.idermic.es\/wp-content\/uploads\/2019\/01\/glass_green-1.jpg","type":"image\/jpeg"}],"twitter_card":"summary_large_image","twitter_site":"@idermic","twitter_misc":{"Tiempo de lectura":"7 minutos"},"schema":{"@context":"https:\/\/schema.org","@graph":[{"@type":"WebPage","@id":"https:\/\/www.idermic.es\/es\/dermatologia_estetic\/aumento-menton\/","url":"https:\/\/www.idermic.es\/es\/dermatologia_estetic\/aumento-menton\/","name":"Aumento de ment\u00f3n - Idermic. Dermatolog\u00eda en Terrassa","isPartOf":{"@id":"https:\/\/www.idermic.es\/#website"},"primaryImageOfPage":{"@id":"https:\/\/www.idermic.es\/es\/dermatologia_estetic\/aumento-menton\/#primaryimage"},"image":{"@id":"https:\/\/www.idermic.es\/es\/dermatologia_estetic\/aumento-menton\/#primaryimage"},"thumbnailUrl":"https:\/\/www.idermic.es\/wp-content\/uploads\/2019\/01\/glass_green-1.jpg","datePublished":"2019-01-28T13:28:33+00:00","dateModified":"2026-01-24T15:26:20+00:00","description":"Aumento de ment\u00f3n o mentoplastia: mejora la proyecci\u00f3n del ment\u00f3n y equilibra tu perfil facial con t\u00e9cnicas avanzadas de cirug\u00eda est\u00e9tica.","breadcrumb":{"@id":"https:\/\/www.idermic.es\/es\/dermatologia_estetic\/aumento-menton\/#breadcrumb"},"inLanguage":"es","potentialAction":[{"@type":"ReadAction","target":["https:\/\/www.idermic.es\/es\/dermatologia_estetic\/aumento-menton\/"]}]},{"@type":"ImageObject","inLanguage":"es","@id":"https:\/\/www.idermic.es\/es\/dermatologia_estetic\/aumento-menton\/#primaryimage","url":"https:\/\/www.idermic.es\/wp-content\/uploads\/2019\/01\/glass_green-1.jpg","contentUrl":"https:\/\/www.idermic.es\/wp-content\/uploads\/2019\/01\/glass_green-1.jpg"},{"@type":"BreadcrumbList","@id":"https:\/\/www.idermic.es\/es\/dermatologia_estetic\/aumento-menton\/#breadcrumb","itemListElement":[{"@type":"ListItem","position":1,"name":"Inici","item":"https:\/\/www.idermic.es\/es\/"},{"@type":"ListItem","position":2,"name":"Aumento de ment\u00f3n"}]},{"@type":"WebSite","@id":"https:\/\/www.idermic.es\/#website","url":"https:\/\/www.idermic.es\/","name":"Idermic. Dermatolog\u00eda en Terrassa","description":"Dermatolog\u00eda, Medicina est\u00e9tica, Cirurg\u00eda Pl\u00e0stica","publisher":{"@id":"https:\/\/www.idermic.es\/#organization"},"potentialAction":[{"@type":"SearchAction","target":{"@type":"EntryPoint","urlTemplate":"https:\/\/www.idermic.es\/?s={search_term_string}"},"query-input":{"@type":"PropertyValueSpecification","valueRequired":true,"valueName":"search_term_string"}}],"inLanguage":"es"},{"@type":"Organization","@id":"https:\/\/www.idermic.es\/#organization","name":"Idermic. Dermatolog\u00eda en Terrassa","url":"https:\/\/www.idermic.es\/","logo":{"@type":"ImageObject","inLanguage":"es","@id":"https:\/\/www.idermic.es\/#\/schema\/logo\/image\/","url":"https:\/\/www.idermic.es\/wp-content\/uploads\/2025\/10\/Logo-Idermic.jpg","contentUrl":"https:\/\/www.idermic.es\/wp-content\/uploads\/2025\/10\/Logo-Idermic.jpg","width":501,"height":502,"caption":"Idermic. Dermatolog\u00eda en Terrassa"},"image":{"@id":"https:\/\/www.idermic.es\/#\/schema\/logo\/image\/"},"sameAs":["https:\/\/www.facebook.com\/Idermic","https:\/\/x.com\/idermic","https:\/\/www.instagram.com\/idermicclinic\/","https:\/\/www.youtube.com\/channel\/UCyAHC9-p8lc6hr_nguO8p_g"]}]}},"_links":{"self":[{"href":"https:\/\/www.idermic.es\/es\/wp-json\/wp\/v2\/dermatologia_estetic\/1508","targetHints":{"allow":["GET"]}}],"collection":[{"href":"https:\/\/www.idermic.es\/es\/wp-json\/wp\/v2\/dermatologia_estetic"}],"about":[{"href":"https:\/\/www.idermic.es\/es\/wp-json\/wp\/v2\/types\/dermatologia_estetic"}],"wp:attachment":[{"href":"https:\/\/www.idermic.es\/es\/wp-json\/wp\/v2\/media?parent=1508"}],"curies":[{"name":"wp","href":"https:\/\/api.w.org\/{rel}","templated":true}]}}