{"id":1495,"date":"2019-01-29T10:33:28","date_gmt":"2019-01-29T10:33:28","guid":{"rendered":"http:\/\/www.idermic.es\/dermatologia_estetic\/textura-pell\/"},"modified":"2026-03-14T10:04:39","modified_gmt":"2026-03-14T10:04:39","slug":"textura-piel","status":"publish","type":"dermatologia_estetic","link":"https:\/\/www.idermic.es\/es\/dermatologia_estetic\/textura-piel\/","title":{"rendered":"Textura de la piel"},"content":{"rendered":"<p><div class=\"fusion-fullwidth fullwidth-box fusion-builder-row-1 nonhundred-percent-fullwidth non-hundred-percent-height-scrolling\" style=\"--awb-border-radius-top-left:0px;--awb-border-radius-top-right:0px;--awb-border-radius-bottom-right:0px;--awb-border-radius-bottom-left:0px;--awb-padding-top:25px;--awb-flex-wrap:wrap;\" ><div class=\"fusion-builder-row fusion-row\"><div class=\"fusion-layout-column fusion_builder_column fusion-builder-column-0 fusion_builder_column_1_1 1_1 fusion-one-full fusion-column-first fusion-column-last\" style=\"--awb-padding-bottom:40px;--awb-bg-size:cover;\"><div class=\"fusion-column-wrapper fusion-flex-column-wrapper-legacy\"><div class=\"fusion-text fusion-text-1\"><h1 style=\"text-align: center;\">DERMATOLOG\u00cdA EST\u00c9TICA<\/h1>\n<h5 style=\"text-align: center;\"><img decoding=\"async\" class=\"alignnone size-full wp-image-382 aligncenter\" src=\"https:\/\/www.idermic.es\/wp-content\/uploads\/2019\/01\/glass_green-1.jpg\" alt=\"\" width=\"115\" height=\"2\" srcset=\"https:\/\/www.idermic.es\/wp-content\/uploads\/2019\/01\/glass_green-1-66x2.jpg 66w, https:\/\/www.idermic.es\/wp-content\/uploads\/2019\/01\/glass_green-1.jpg 115w\" sizes=\"(max-width: 115px) 100vw, 115px\" \/><br \/>\nTRATAMIENTOS FACIALES<\/h5>\n<\/div><div class=\"fusion-clearfix\"><\/div><\/div><\/div><\/div><\/div><div class=\"fusion-fullwidth fullwidth-box fusion-builder-row-2 nonhundred-percent-fullwidth non-hundred-percent-height-scrolling\" style=\"--awb-border-radius-top-left:0px;--awb-border-radius-top-right:0px;--awb-border-radius-bottom-right:0px;--awb-border-radius-bottom-left:0px;--awb-flex-wrap:wrap;\" ><div class=\"fusion-builder-row fusion-row\"><div class=\"fusion-layout-column fusion_builder_column fusion-builder-column-1 fusion_builder_column_1_3 1_3 fusion-one-third fusion-column-first\" style=\"--awb-bg-size:cover;width:33.333333333333%;width:calc(33.333333333333% - ( ( 4% + 4% ) * 0.33333333333333 ) );margin-right: 4%;\"><div class=\"fusion-column-wrapper fusion-flex-column-wrapper-legacy\"><div class=\"fusion-image-element in-legacy-container\" style=\"--awb-caption-title-font-family:var(--h2_typography-font-family);--awb-caption-title-font-weight:var(--h2_typography-font-weight);--awb-caption-title-font-style:var(--h2_typography-font-style);--awb-caption-title-size:var(--h2_typography-font-size);--awb-caption-title-transform:var(--h2_typography-text-transform);--awb-caption-title-line-height:var(--h2_typography-line-height);--awb-caption-title-letter-spacing:var(--h2_typography-letter-spacing);\"><span class=\" fusion-imageframe imageframe-none imageframe-1 hover-type-none\"><img decoding=\"async\" width=\"356\" height=\"2\" title=\"line_green\" src=\"https:\/\/www.idermic.es\/wp-content\/uploads\/2019\/01\/line_green.jpg\" alt class=\"img-responsive wp-image-1002\" srcset=\"https:\/\/www.idermic.es\/wp-content\/uploads\/2019\/01\/line_green-200x1.jpg 200w, https:\/\/www.idermic.es\/wp-content\/uploads\/2019\/01\/line_green.jpg 356w\" sizes=\"(max-width: 800px) 100vw, 356px\" \/><\/span><\/div><div class=\"fusion-title title fusion-title-1 fusion-sep-none fusion-title-text fusion-title-size-two\"><h2 class=\"fusion-title-heading title-heading-left\" style=\"margin:0;\">TEXTURA DE LA PIEL<\/h2><\/div><div class=\"fusion-title title fusion-title-2 fusion-sep-none fusion-title-text fusion-title-size-six\" style=\"--awb-margin-top:60px;\"><h6 class=\"fusion-title-heading title-heading-left\" style=\"margin:0;\">Recupera la elasticidad, el tono y la hidrataci\u00f3n de siempre<\/h6><\/div><div class=\"fusion-clearfix\"><\/div><\/div><\/div><div class=\"fusion-layout-column fusion_builder_column fusion-builder-column-2 fusion_builder_column_1_3 1_3 fusion-one-third\" style=\"--awb-bg-size:cover;width:33.333333333333%;width:calc(33.333333333333% - ( ( 4% + 4% ) * 0.33333333333333 ) );margin-right: 4%;\"><div class=\"fusion-column-wrapper fusion-flex-column-wrapper-legacy\"><div class=\"fusion-image-element in-legacy-container\" style=\"--awb-caption-title-font-family:var(--h2_typography-font-family);--awb-caption-title-font-weight:var(--h2_typography-font-weight);--awb-caption-title-font-style:var(--h2_typography-font-style);--awb-caption-title-size:var(--h2_typography-font-size);--awb-caption-title-transform:var(--h2_typography-text-transform);--awb-caption-title-line-height:var(--h2_typography-line-height);--awb-caption-title-letter-spacing:var(--h2_typography-letter-spacing);\"><span class=\" fusion-imageframe imageframe-none imageframe-2 hover-type-none\"><img decoding=\"async\" width=\"356\" height=\"2\" title=\"line_green\" src=\"https:\/\/www.idermic.es\/wp-content\/uploads\/2019\/01\/line_green.jpg\" alt class=\"img-responsive wp-image-1002\" srcset=\"https:\/\/www.idermic.es\/wp-content\/uploads\/2019\/01\/line_green-200x1.jpg 200w, https:\/\/www.idermic.es\/wp-content\/uploads\/2019\/01\/line_green.jpg 356w\" sizes=\"(max-width: 800px) 100vw, 356px\" \/><\/span><\/div><div class=\"fusion-text fusion-text-2\"><p>La piel de la cara es m\u00e1s susceptible de sufrir los efectos del tiempo, lo que provoca la p\u00e9rdida de elasticidad, tono y firmeza de las estructuras en general conforme avanzan los a\u00f1os. Este deterioro se traduce en la aparici\u00f3n de l\u00edneas de expresi\u00f3n que, con el uso y desgaste, dar\u00e1n lugar a las arrugas que surgen en diferentes zonas como las periorbitarias (alrededor de los ojos), las peribucales (alrededor de la boca ), en el entrecejo, en las comisuras labiales o al \u00abrictus\u00bb o surco nasogeniano.<\/p>\n<p>PARA ESTE TRATAMIENTO PODEMOS APLICAR DIFERENTES PROCEDIMIENTOS:<\/p>\n<\/div><div class=\"accordian fusion-accordian\" style=\"--awb-border-size:1px;--awb-icon-size:13px;--awb-content-font-size:15px;--awb-icon-alignment:left;--awb-hover-color:#f9f9f9;--awb-border-color:#cccccc;--awb-background-color:#ffffff;--awb-divider-color:#e0dede;--awb-divider-hover-color:#e0dede;--awb-icon-color:#ffffff;--awb-title-color:#ddbcb0;--awb-content-color:#505050;--awb-icon-box-color:#000000;--awb-toggle-hover-accent-color:#ddbcb0;--awb-title-font-family:&quot;Montserrat&quot;;--awb-title-font-weight:400;--awb-title-font-style:normal;--awb-content-font-family:&quot;Montserrat&quot;;--awb-content-font-style:normal;--awb-content-font-weight:300;\"><div class=\"panel-group fusion-toggle-icon-boxed\" id=\"accordion-1495-1\"><div class=\"fusion-panel panel-default panel-bce159a657c33a8ab fusion-toggle-has-divider\"><div class=\"panel-heading\"><h4 class=\"panel-title toggle\" id=\"toggle_bce159a657c33a8ab\"><a aria-expanded=\"false\" aria-controls=\"bce159a657c33a8ab\" role=\"button\" data-toggle=\"collapse\" data-parent=\"#accordion-1495-1\" data-target=\"#bce159a657c33a8ab\" href=\"#bce159a657c33a8ab\"><span class=\"fusion-toggle-icon-wrapper\" aria-hidden=\"true\"><i class=\"fa-fusion-box active-icon awb-icon-minus\" aria-hidden=\"true\"><\/i><i class=\"fa-fusion-box inactive-icon awb-icon-plus\" aria-hidden=\"true\"><\/i><\/span><span class=\"fusion-toggle-heading\">PEELINGS QU\u00cdMICOS<\/span><\/a><\/h4><\/div><div id=\"bce159a657c33a8ab\" class=\"panel-collapse collapse \" aria-labelledby=\"toggle_bce159a657c33a8ab\"><div class=\"panel-body toggle-content fusion-clearfix\">\n<p>El peeling qu\u00edmico es una t\u00e9cnica utilizada para mejorar el aspecto del cutis. Consiste en la eliminaci\u00f3n de diferentes capas de la epidermis mediante la aplicaci\u00f3n de un agente qu\u00edmico irritante o c\u00e1ustico. Esto produce una renovaci\u00f3n de las capas de la piel siendo sustituidas por otras nuevas de mejor calidad, con menos manchas y arrugas y mejor textura. Se obtienen diferentes beneficios: entre ellos el aumento del col\u00e1geno y la elastina que mejora las arrugas, la despigmentaci\u00f3n de manchas o el control sobre la grasa y bacterias en las pieles acneicas. Se usan para mejorar el aspecto de la piel da\u00f1ada por el sol o por la ros\u00e1cea, disminuir arrugas, mejorar las cicatrices de acn\u00e9 o varicela y decolorar o eliminar manchas. Dependiendo del poder de penetraci\u00f3n de la sustancia qu\u00edmica se eliminar\u00e1n m\u00e1s capas de piel. Aunque el peeling est\u00e1 indicado en casos de envejecimiento fisiol\u00f3gico o solar y para el tratamiento de manchas y acn\u00e9, tambi\u00e9n puede emplearse como un medio para \u00ab<em><a href=\"https:\/\/www.idermic.es\/es\/guia-para-el-cuidado-de-la-piel\/\">mantener una piel sana<\/a>, tersa, libre de impurezas y luminos<\/em>a\u00bb ya que cierra los poros, aporta uniformidad al tono de la piel y da un aspecto m\u00e1s juvenil y saludable. Por otra parte tambi\u00e9n pone en condiciones la piel para recibir cualquier tipo de tratamiento dermatol\u00f3gico.<\/p>\n<h5>\u00bfC\u00d3MO SE REALIZA EL PROCEDIMIENTO?<\/h5>\n<p>Los peelings qu\u00edmicos se realizan en la consulta de forma ambulatoria. El procedimiento consiste en aplicar una sustancia qu\u00edmica en la piel mediante un pincel o torunda. El tiempo de aplicaci\u00f3n depende de la extensi\u00f3n tratada y de la sustancia empleada. Var\u00eda entre 10 minutos y 2 horas. Durante el procedimiento se puede notar una leve sensaci\u00f3n de picor m\u00e1s intensa cuanto m\u00e1s profundo sea el peeling que desaparece al retirar el producto. Entre las sustancias empleadas en el peeling se encuentran el fenol y los \u00e1cidos: glic\u00f3lico, triclorac\u00e9tico, salic\u00edlico y k\u00f3jico. La elecci\u00f3n de estas sustancias depender\u00e1 del objetivo del tratamiento (despigmentante, antiacneico o antiarrugas). La periodicidad del peeling tambi\u00e9n depender\u00e1 del objetivo del tratamiento as\u00ed como de la sustancia empleada. En algunos tipos de peelings (peelings intermedios) una \u00fanica aplicaci\u00f3n es suficiente para apreciar cambios significativos mientras que en los peelings m\u00e1s superficiales para aportar luminosidad al rostro se realizan entre tres y cinco sesiones cada 2 o 3 semanas.<\/p>\n<h5>\u00bfC\u00d3MO ES EL PROCESO DE RECUPERACI\u00d3N?<\/h5>\n<p>Permiten una incorporaci\u00f3n inmediata a las actividades de la vida diaria. Despu\u00e9s del peeling es imprescindible la protecci\u00f3n solar al menos durante 3 semanas posteriores a la realizaci\u00f3n del mismo.<\/p>\n<h5>\u00bfCU\u00c1NDO APRECIAR\u00c9 LOS RESULTADOS?<\/h5>\n<p>La mejora de la piel se nota despu\u00e9s de 1 o 2 d\u00edas con los peelings m\u00e1s suaves y hasta despu\u00e9s de un mes con los m\u00e1s intensos.<\/p>\n<\/div><\/div><\/div><div class=\"fusion-panel panel-default panel-d366f91ac52d430a7 fusion-toggle-has-divider\"><div class=\"panel-heading\"><h4 class=\"panel-title toggle\" id=\"toggle_d366f91ac52d430a7\"><a aria-expanded=\"false\" aria-controls=\"d366f91ac52d430a7\" role=\"button\" data-toggle=\"collapse\" data-parent=\"#accordion-1495-1\" data-target=\"#d366f91ac52d430a7\" href=\"#d366f91ac52d430a7\"><span class=\"fusion-toggle-icon-wrapper\" aria-hidden=\"true\"><i class=\"fa-fusion-box active-icon awb-icon-minus\" aria-hidden=\"true\"><\/i><i class=\"fa-fusion-box inactive-icon awb-icon-plus\" aria-hidden=\"true\"><\/i><\/span><span class=\"fusion-toggle-heading\">MESOTERAPIA CON \u00c1CIDO HIALUR\u00d3NICO<\/span><\/a><\/h4><\/div><div id=\"d366f91ac52d430a7\" class=\"panel-collapse collapse \" aria-labelledby=\"toggle_d366f91ac52d430a7\"><div class=\"panel-body toggle-content fusion-clearfix\">\n<h5>\u00bfC\u00d3MO SE REALIZA EL PROCEDIMIENTO?<\/h5>\n<p>La <a href=\"https:\/\/www.idermic.es\/es\/que-es-la-mesoterapia\/\"><strong>mesoterapia<\/strong><\/a> facial consiste en realizar una hidrataci\u00f3n profunda de la piel mediante microinyecciones compuestas por \u00e1cido hialur\u00f3nico y un complejo nutritivo y revitalizador (vitaminas, minerales, \u00e1cidos nucleicos y hasta 23 amino\u00e1cidos) que permiten la mejora visible, integral y sobre todo natural de la calidad, luminosidad, tonicidad y firmeza de la piel. Est\u00e1 especialmente indicado en la prevenci\u00f3n del envejecimiento en pacientes con falta de luminosidad, deshidrataci\u00f3n de la piel, relajaci\u00f3n cut\u00e1nea y flacidez, p\u00e9rdida de tonicidad y flexibilidad. Se realiza la consulta y suele durar de 15 a 20 minutos.<\/p>\n<h5>\u00bfC\u00d3MO ES EL PROCESO DE RECUPERACI\u00d3N?<\/h5>\n<p>Despu\u00e9s de la sesi\u00f3n puede aparecer cierto enrojecimiento y \/ o inflamaci\u00f3n que se soluciona espont\u00e1neamente en las siguientes horas. El paciente se puede incorporar de manera inmediata a las actividades de la vida diaria. Despu\u00e9s del procedimiento se pueden aplicar los cosm\u00e9ticos habituales y el maquillaje.<\/p>\n<h5>\u00bfCU\u00c1NDO APRECIAR\u00c9 LOS RESULTADOS?<\/h5>\n<p>El efecto se manifiesta a las pocas horas de la primera sesi\u00f3n, mejorando las arrugas y la flacidez. La mesoterapia facial es un tratamiento biol\u00f3gico progresivo que necesita un m\u00ednimo de 2-3 sesiones para el rejuvenecimiento visible de la piel.<\/p>\n<p>La frecuencia de aplicaci\u00f3n ser\u00e1 aconsejada por nuestro especialista, en funci\u00f3n de cada paciente y de sus necesidades.<\/p>\n<\/div><\/div><\/div><div class=\"fusion-panel panel-default panel-3de6b65f7ce27aa8f fusion-toggle-has-divider\"><div class=\"panel-heading\"><h4 class=\"panel-title toggle\" id=\"toggle_3de6b65f7ce27aa8f\"><a aria-expanded=\"false\" aria-controls=\"3de6b65f7ce27aa8f\" role=\"button\" data-toggle=\"collapse\" data-parent=\"#accordion-1495-1\" data-target=\"#3de6b65f7ce27aa8f\" href=\"#3de6b65f7ce27aa8f\"><span class=\"fusion-toggle-icon-wrapper\" aria-hidden=\"true\"><i class=\"fa-fusion-box active-icon awb-icon-minus\" aria-hidden=\"true\"><\/i><i class=\"fa-fusion-box inactive-icon awb-icon-plus\" aria-hidden=\"true\"><\/i><\/span><span class=\"fusion-toggle-heading\">REJUVENECIMIENTO CON LUZ PULSADA (IPL)<\/span><\/a><\/h4><\/div><div id=\"3de6b65f7ce27aa8f\" class=\"panel-collapse collapse \" aria-labelledby=\"toggle_3de6b65f7ce27aa8f\"><div class=\"panel-body toggle-content fusion-clearfix\">\n<p>El fotorejuvenecimiento mediante la aplicaci\u00f3n de la Luz Intensa Pulsada (IPL), es uno de los m\u00e1s modernos tratamientos para recuperar la belleza natural de la piel de forma r\u00e1pida, indolora y sin periodo de recuperaci\u00f3n. La aplicaci\u00f3n de pulsos de luz mejora eficazmente los signos visibles del envejecimiento cut\u00e1neo, disminuye las arrugas existentes, mejora la textura de la piel y devuelve a la cara su luminosidad. Tambi\u00e9n se utiliza para tratar manchas y pigmentaciones, cuperosis, peque\u00f1as venitas y capilares, rojeces, poros dilatados y secuelas de la exposici\u00f3n solar. Se pueden tratar diferentes \u00e1reas: cara, cuello, escote, dorso de las manos y diferentes zonas corporales. Las sesiones duran de 20 a 30 minutos.<\/p>\n<h5>\u00bfC\u00d3MO SE REALIZA EL PROCEDIMIENTO?<\/h5>\n<p>Cada polvo o emisi\u00f3n de luz, se percibe como una leve picada o pellizco. Aunque se tolera bien se puede aplicar anestesia en crema para minimizar la sensaci\u00f3n.<\/p>\n<h5>\u00bfC\u00d3MO ES EL PROCESO DE RECUPERACI\u00d3N?<\/h5>\n<p>Puede aparecer alg\u00fan enrojecimiento ligero o hinchaz\u00f3n local en la zona de tratamiento que desaparece r\u00e1pidamente de manera que la incorporaci\u00f3n a las actividades de la vida diaria es inmediata. Es importante limitar la exposici\u00f3n al sol antes y despu\u00e9s del tratamiento (utilizar un FP50 + menos unas 2-3 semanas despu\u00e9s del procedimiento).<\/p>\n<h5>\u00bfCU\u00c1NDO APRECIAR\u00c9 LOS RESULTADOS?<\/h5>\n<p>Los resultados son visibles desde la primera sesi\u00f3n. La luminosidad se percibe desde la primera semana y las manchas desaparecen a los 10 d\u00edas. Suelen hacer falta de 1 a 3 sesiones dependiendo del caso con un intervalo de 4 semanas. Despu\u00e9s se puede pasar a la etapa de mantenimiento, con 1 o 2 sesiones al a\u00f1o.<\/p>\n<\/div><\/div><\/div><\/div><\/div><div class=\"fusion-clearfix\"><\/div><\/div><\/div><div class=\"fusion-layout-column fusion_builder_column fusion-builder-column-3 fusion_builder_column_1_3 1_3 fusion-one-third fusion-column-last\" style=\"--awb-bg-size:cover;width:33.333333333333%;width:calc(33.333333333333% - ( ( 4% + 4% ) * 0.33333333333333 ) );\"><div class=\"fusion-column-wrapper fusion-flex-column-wrapper-legacy\"><div class=\"fusion-image-element in-legacy-container\" style=\"--awb-caption-title-font-family:var(--h2_typography-font-family);--awb-caption-title-font-weight:var(--h2_typography-font-weight);--awb-caption-title-font-style:var(--h2_typography-font-style);--awb-caption-title-size:var(--h2_typography-font-size);--awb-caption-title-transform:var(--h2_typography-text-transform);--awb-caption-title-line-height:var(--h2_typography-line-height);--awb-caption-title-letter-spacing:var(--h2_typography-letter-spacing);\"><span class=\" fusion-imageframe imageframe-none imageframe-3 hover-type-none\"><img decoding=\"async\" width=\"600\" height=\"757\" alt=\"Dermatolog\u00eda est\u00e9tica. Tratamiento de la textura de la piel. Cl\u00ednica Idermic\" title=\"dermatologia_estetica_tractament_textura_pell_idermic-600&#215;757\" src=\"https:\/\/www.idermic.es\/wp-content\/uploads\/2026\/01\/dermatologia_estetica_tractament_textura_pell_idermic-600x757-1.jpg\" class=\"img-responsive wp-image-9218\" srcset=\"https:\/\/www.idermic.es\/wp-content\/uploads\/2026\/01\/dermatologia_estetica_tractament_textura_pell_idermic-600x757-1-200x252.jpg 200w, https:\/\/www.idermic.es\/wp-content\/uploads\/2026\/01\/dermatologia_estetica_tractament_textura_pell_idermic-600x757-1-400x505.jpg 400w, https:\/\/www.idermic.es\/wp-content\/uploads\/2026\/01\/dermatologia_estetica_tractament_textura_pell_idermic-600x757-1.jpg 600w\" sizes=\"(max-width: 800px) 100vw, 400px\" \/><\/span><\/div><div class=\"fusion-clearfix\"><\/div><\/div><\/div><\/div><\/div><div class=\"fusion-fullwidth fullwidth-box fusion-builder-row-3 nonhundred-percent-fullwidth non-hundred-percent-height-scrolling\" style=\"--awb-border-radius-top-left:0px;--awb-border-radius-top-right:0px;--awb-border-radius-bottom-right:0px;--awb-border-radius-bottom-left:0px;--awb-flex-wrap:wrap;\" ><div class=\"fusion-builder-row fusion-row\"><div class=\"fusion-layout-column fusion_builder_column fusion-builder-column-4 fusion_builder_column_1_1 1_1 fusion-one-full fusion-column-first fusion-column-last\" style=\"--awb-bg-size:cover;\"><div class=\"fusion-column-wrapper fusion-flex-column-wrapper-legacy\"><div class=\"fusion-text fusion-text-3\"><h2>Tratamientos para mejorar la textura de la piel a largo plazo<\/h2>\n<p>Para quienes buscan una mejora duradera en el <a href=\"https:\/\/www.idermic.es\/es\/guia-para-el-cuidado-de-la-piel\/\">cuidado de su piel<\/a>, existen tratamientos dermatol\u00f3gicos efectivos que proporcionan resultados sostenibles. Entre ellos, el uso de \u00e1cido retinoico en cremas o sueros puede ayudar a estimular la renovaci\u00f3n celular, suavizando la superficie de la piel y mejorando su textura con el tiempo. Los peelings qu\u00edmicos, en sus diversas intensidades, tambi\u00e9n son \u00fatiles para eliminar c\u00e9lulas muertas, reducir l\u00edneas finas y mejorar la apariencia de los poros dilatados.<\/p>\n<p>Por otro lado, los tratamientos con l\u00e1ser, como el l\u00e1ser de CO2 fraccionado, permiten regenerar el tejido cut\u00e1neo en profundidad y favorecen una piel m\u00e1s uniforme y tersa. Es importante que estos tratamientos sean recomendados por un dermat\u00f3logo, ya que cada piel tiene necesidades y reacciones espec\u00edficas.<\/p>\n<p>Para ver m\u00e1s protocolos pensados para mejorar la calidad cut\u00e1nea, puedes acceder a <a href=\"https:\/\/www.idermic.es\/es\/altres_tractaments\/cabina-dermatologica-avanzada\/\">Cabina dermatol\u00f3gica avanzada<\/a>.<\/p>\n<\/div><div class=\"fusion-text fusion-text-4\"><h2>Cuidado de la textura de la piel<\/h2>\n<p>Cuidar la textura de la piel es fundamental para mantener su salud y apariencia, seg\u00fan los profesionales de la dermatolog\u00eda. La textura de la piel se refiere a su suavidad, uniformidad y ausencia de imperfecciones como poros dilatados, l\u00edneas de expresi\u00f3n o asperezas. Una textura saludable no solo contribuye a una apariencia juvenil y radiante, sino que tambi\u00e9n refleja una barrera cut\u00e1nea fuerte y funcional.<\/p>\n<p>Desde una perspectiva m\u00e9dica, la piel es la primera l\u00ednea de defensa del cuerpo contra agentes externos como bacterias, al\u00e9rgenos y contaminantes. Cuando la textura de la piel est\u00e1 comprometida, su barrera natural puede debilitarse, aumentando el riesgo de irritaciones, infecciones o condiciones como el acn\u00e9. Adem\u00e1s, una textura irregular puede ser indicativa de problemas subyacentes como deshidrataci\u00f3n, da\u00f1o solar, envejecimiento prematuro o trastornos dermatol\u00f3gicos.<\/p>\n<p>Para mantener una textura \u00f3ptima, los dermat\u00f3logos recomiendan una rutina de cuidado personalizada que incluya limpieza suave, hidrataci\u00f3n adecuada y protecci\u00f3n solar diaria. Tambi\u00e9n sugieren incorporar exfoliantes qu\u00edmicos o f\u00edsicos para estimular la renovaci\u00f3n celular y tratar problemas espec\u00edficos como manchas o cicatrices. Los tratamientos cl\u00ednicos, como peelings o l\u00e1seres, pueden ser opciones avanzadas para mejorar significativamente la textura.<\/p>\n<p>Cuidar de la textura de la piel no solo tiene beneficios est\u00e9ticos, sino que tambi\u00e9n fortalece su funci\u00f3n protectora, promueve la autoconfianza y mejora la calidad de vida. Un enfoque preventivo y guiado por expertos es clave para lograr resultados duraderos<\/p>\n<\/div><div class=\"fusion-clearfix\"><\/div><\/div><\/div><\/div><\/div><div class=\"fusion-fullwidth fullwidth-box fusion-builder-row-4 has-pattern-background has-mask-background nonhundred-percent-fullwidth non-hundred-percent-height-scrolling\" style=\"--awb-border-radius-top-left:0px;--awb-border-radius-top-right:0px;--awb-border-radius-bottom-right:0px;--awb-border-radius-bottom-left:0px;--awb-padding-top:20px;--awb-padding-bottom:32px;--awb-margin-top:48px;--awb-margin-bottom:32px;--awb-flex-wrap:wrap;\" ><div class=\"fusion-builder-row fusion-row\"><div class=\"fusion-layout-column fusion_builder_column fusion-builder-column-5 fusion_builder_column_1_2 1_2 fusion-one-half fusion-column-first fusion-column-inner-bg-wrapper\" style=\"--awb-padding-top:20px;--awb-padding-right:20px;--awb-padding-bottom:20px;--awb-padding-left:60px;--awb-inner-bg-color:#f4d0c2;--awb-inner-bg-color-hover:#f4d0c2;--awb-inner-bg-size:cover;width:50%;width:calc(50% - ( ( 4% ) * 0.5 ) );margin-right: 4%;\" data-scroll-devices=\"small-visibility,medium-visibility,large-visibility\"><span class=\"fusion-column-inner-bg hover-type-none\"><a class=\"fusion-column-anchor\" href=\"https:\/\/www.idermic.es\/es\/financiacion\/\"><span class=\"fusion-column-inner-bg-image\"><\/span><\/a><\/span><div class=\"fusion-column-wrapper fusion-column-has-shadow fusion-flex-column-wrapper-legacy\"><div style=\"text-align:center; max-width: 100%; width: calc(100% - 40px); margin: 0 auto;\">\n  <p style=\"color:white;margin:0;padding:15px 15px 0 15px;background-color:#ddbcb0;font-family:Montserrat;font-size:20px;font-weight:500;letter-spacing:2px;line-height:30px;\">\n    FINAN\u00c7AMENT 0% INTER\u00c8S\n  <\/p>\n  <p style=\"color:white;margin:0;padding:0 15px 15px 15px;background-color:#ddbcb0;font-family:Open Sans;font-size:12px;font-weight:500;letter-spacing:2px;line-height:30px;\">\n    LLEGIR M\u00c9S +\n  <\/p>\n<\/div><div class=\"fusion-clearfix\"><\/div><\/div><\/div><div class=\"fusion-layout-column fusion_builder_column fusion-builder-column-6 fusion_builder_column_1_2 1_2 fusion-one-half fusion-column-last fusion-column-inner-bg-wrapper\" style=\"--awb-padding-top:20px;--awb-padding-right:20px;--awb-padding-bottom:20px;--awb-padding-left:60px;--awb-inner-bg-color:#f4d0c2;--awb-inner-bg-color-hover:#f4d0c2;--awb-inner-bg-size:cover;width:50%;width:calc(50% - ( ( 4% ) * 0.5 ) );\" data-scroll-devices=\"small-visibility,medium-visibility,large-visibility\"><span class=\"fusion-column-inner-bg hover-type-none\"><a class=\"fusion-column-anchor\" href=\"https:\/\/www.idermic.es\/es\/preguntas-frecuentes\/\"><span class=\"fusion-column-inner-bg-image\"><\/span><\/a><\/span><div class=\"fusion-column-wrapper fusion-column-has-shadow fusion-flex-column-wrapper-legacy\"><div style=\"text-align:center; max-width: 100%; width: calc(100% - 40px); margin: 0 auto;\">\n  <p style=\"color:white;margin:0;padding:15px 15px 0 15px;background-color:#ddbcb0;font-family:Montserrat;font-size:20px;font-weight:500;letter-spacing:2px;line-height:30px;\">\n    PREGUNTES FREQ\u00dcENTS \n  <\/p>\n  <p style=\"color:white;margin:0;padding:0 15px 15px 15px;background-color:#ddbcb0;font-family:Open Sans;font-size:12px;font-weight:500;letter-spacing:2px;line-height:30px;\">\n    LLEGIR M\u00c9S +\n  <\/p>\n<\/div><div class=\"fusion-clearfix\"><\/div><\/div><\/div><\/div><\/div>\n<\/p>\n","protected":false},"featured_media":0,"template":"","class_list":["post-1495","dermatologia_estetic","type-dermatologia_estetic","status-publish","hentry"],"yoast_head":"<!-- This site is optimized with the Yoast SEO plugin v28.4 - https:\/\/yoast.com\/product\/yoast-seo-wordpress\/ -->\n<title>Textura de la piel - Idermic. Dermatolog\u00eda en Terrassa<\/title>\n<meta name=\"description\" content=\"La piel de la cara es m\u00e1s susceptible de sufrir los efectos del tiempo, lo que provoca p\u00e9rdida de elasticidad, tono y firmeza en la textura de la piel.\" \/>\n<meta name=\"robots\" content=\"index, follow, max-snippet:-1, max-image-preview:large, max-video-preview:-1\" \/>\n<link rel=\"canonical\" href=\"https:\/\/www.idermic.es\/es\/dermatologia_estetic\/textura-piel\/\" \/>\n<meta property=\"og:locale\" content=\"es_ES\" \/>\n<meta property=\"og:type\" content=\"article\" \/>\n<meta property=\"og:title\" content=\"Textura de la piel - Idermic. Dermatolog\u00eda en Terrassa\" \/>\n<meta property=\"og:description\" content=\"La piel de la cara es m\u00e1s susceptible de sufrir los efectos del tiempo, lo que provoca p\u00e9rdida de elasticidad, tono y firmeza en la textura de la piel.\" \/>\n<meta property=\"og:url\" content=\"https:\/\/www.idermic.es\/es\/dermatologia_estetic\/textura-piel\/\" \/>\n<meta property=\"og:site_name\" content=\"Idermic. Dermatolog\u00eda en Terrassa\" \/>\n<meta property=\"article:publisher\" content=\"https:\/\/www.facebook.com\/Idermic\" \/>\n<meta property=\"article:modified_time\" content=\"2026-03-14T10:04:39+00:00\" \/>\n<meta property=\"og:image\" content=\"https:\/\/www.idermic.es\/wp-content\/uploads\/2019\/01\/glass_green-1.jpg\" \/>\n\t<meta property=\"og:image:width\" content=\"115\" \/>\n\t<meta property=\"og:image:height\" content=\"2\" \/>\n\t<meta property=\"og:image:type\" content=\"image\/jpeg\" \/>\n<meta name=\"twitter:card\" content=\"summary_large_image\" \/>\n<meta name=\"twitter:site\" content=\"@idermic\" \/>\n<meta name=\"twitter:label1\" content=\"Tiempo de lectura\" \/>\n\t<meta name=\"twitter:data1\" content=\"9 minutos\" \/>\n<script type=\"application\/ld+json\" class=\"yoast-schema-graph\">{\"@context\":\"https:\\\/\\\/schema.org\",\"@graph\":[{\"@type\":\"WebPage\",\"@id\":\"https:\\\/\\\/www.idermic.es\\\/es\\\/dermatologia_estetic\\\/textura-piel\\\/\",\"url\":\"https:\\\/\\\/www.idermic.es\\\/es\\\/dermatologia_estetic\\\/textura-piel\\\/\",\"name\":\"Textura de la piel - Idermic. Dermatolog\u00eda en Terrassa\",\"isPartOf\":{\"@id\":\"https:\\\/\\\/www.idermic.es\\\/#website\"},\"primaryImageOfPage\":{\"@id\":\"https:\\\/\\\/www.idermic.es\\\/es\\\/dermatologia_estetic\\\/textura-piel\\\/#primaryimage\"},\"image\":{\"@id\":\"https:\\\/\\\/www.idermic.es\\\/es\\\/dermatologia_estetic\\\/textura-piel\\\/#primaryimage\"},\"thumbnailUrl\":\"https:\\\/\\\/www.idermic.es\\\/wp-content\\\/uploads\\\/2019\\\/01\\\/glass_green-1.jpg\",\"datePublished\":\"2019-01-29T10:33:28+00:00\",\"dateModified\":\"2026-03-14T10:04:39+00:00\",\"description\":\"La piel de la cara es m\u00e1s susceptible de sufrir los efectos del tiempo, lo que provoca p\u00e9rdida de elasticidad, tono y firmeza en la textura de la piel.\",\"breadcrumb\":{\"@id\":\"https:\\\/\\\/www.idermic.es\\\/es\\\/dermatologia_estetic\\\/textura-piel\\\/#breadcrumb\"},\"inLanguage\":\"es\",\"potentialAction\":[{\"@type\":\"ReadAction\",\"target\":[\"https:\\\/\\\/www.idermic.es\\\/es\\\/dermatologia_estetic\\\/textura-piel\\\/\"]}]},{\"@type\":\"ImageObject\",\"inLanguage\":\"es\",\"@id\":\"https:\\\/\\\/www.idermic.es\\\/es\\\/dermatologia_estetic\\\/textura-piel\\\/#primaryimage\",\"url\":\"https:\\\/\\\/www.idermic.es\\\/wp-content\\\/uploads\\\/2019\\\/01\\\/glass_green-1.jpg\",\"contentUrl\":\"https:\\\/\\\/www.idermic.es\\\/wp-content\\\/uploads\\\/2019\\\/01\\\/glass_green-1.jpg\"},{\"@type\":\"BreadcrumbList\",\"@id\":\"https:\\\/\\\/www.idermic.es\\\/es\\\/dermatologia_estetic\\\/textura-piel\\\/#breadcrumb\",\"itemListElement\":[{\"@type\":\"ListItem\",\"position\":1,\"name\":\"Inici\",\"item\":\"https:\\\/\\\/www.idermic.es\\\/es\\\/\"},{\"@type\":\"ListItem\",\"position\":2,\"name\":\"Textura de la piel\"}]},{\"@type\":\"WebSite\",\"@id\":\"https:\\\/\\\/www.idermic.es\\\/#website\",\"url\":\"https:\\\/\\\/www.idermic.es\\\/\",\"name\":\"Idermic. Dermatolog\u00eda en Terrassa\",\"description\":\"Dermatolog\u00eda, Medicina est\u00e9tica, Cirurg\u00eda Pl\u00e0stica\",\"publisher\":{\"@id\":\"https:\\\/\\\/www.idermic.es\\\/#organization\"},\"potentialAction\":[{\"@type\":\"SearchAction\",\"target\":{\"@type\":\"EntryPoint\",\"urlTemplate\":\"https:\\\/\\\/www.idermic.es\\\/?s={search_term_string}\"},\"query-input\":{\"@type\":\"PropertyValueSpecification\",\"valueRequired\":true,\"valueName\":\"search_term_string\"}}],\"inLanguage\":\"es\"},{\"@type\":\"Organization\",\"@id\":\"https:\\\/\\\/www.idermic.es\\\/#organization\",\"name\":\"Idermic. Dermatolog\u00eda en Terrassa\",\"url\":\"https:\\\/\\\/www.idermic.es\\\/\",\"logo\":{\"@type\":\"ImageObject\",\"inLanguage\":\"es\",\"@id\":\"https:\\\/\\\/www.idermic.es\\\/#\\\/schema\\\/logo\\\/image\\\/\",\"url\":\"https:\\\/\\\/www.idermic.es\\\/wp-content\\\/uploads\\\/2025\\\/10\\\/Logo-Idermic.jpg\",\"contentUrl\":\"https:\\\/\\\/www.idermic.es\\\/wp-content\\\/uploads\\\/2025\\\/10\\\/Logo-Idermic.jpg\",\"width\":501,\"height\":502,\"caption\":\"Idermic. Dermatolog\u00eda en Terrassa\"},\"image\":{\"@id\":\"https:\\\/\\\/www.idermic.es\\\/#\\\/schema\\\/logo\\\/image\\\/\"},\"sameAs\":[\"https:\\\/\\\/www.facebook.com\\\/Idermic\",\"https:\\\/\\\/x.com\\\/idermic\",\"https:\\\/\\\/www.instagram.com\\\/idermicclinic\\\/\",\"https:\\\/\\\/www.youtube.com\\\/channel\\\/UCyAHC9-p8lc6hr_nguO8p_g\"]}]}<\/script>\n<!-- \/ Yoast SEO plugin. -->","yoast_head_json":{"title":"Textura de la piel - Idermic. Dermatolog\u00eda en Terrassa","description":"La piel de la cara es m\u00e1s susceptible de sufrir los efectos del tiempo, lo que provoca p\u00e9rdida de elasticidad, tono y firmeza en la textura de la piel.","robots":{"index":"index","follow":"follow","max-snippet":"max-snippet:-1","max-image-preview":"max-image-preview:large","max-video-preview":"max-video-preview:-1"},"canonical":"https:\/\/www.idermic.es\/es\/dermatologia_estetic\/textura-piel\/","og_locale":"es_ES","og_type":"article","og_title":"Textura de la piel - Idermic. Dermatolog\u00eda en Terrassa","og_description":"La piel de la cara es m\u00e1s susceptible de sufrir los efectos del tiempo, lo que provoca p\u00e9rdida de elasticidad, tono y firmeza en la textura de la piel.","og_url":"https:\/\/www.idermic.es\/es\/dermatologia_estetic\/textura-piel\/","og_site_name":"Idermic. Dermatolog\u00eda en Terrassa","article_publisher":"https:\/\/www.facebook.com\/Idermic","article_modified_time":"2026-03-14T10:04:39+00:00","og_image":[{"width":115,"height":2,"url":"https:\/\/www.idermic.es\/wp-content\/uploads\/2019\/01\/glass_green-1.jpg","type":"image\/jpeg"}],"twitter_card":"summary_large_image","twitter_site":"@idermic","twitter_misc":{"Tiempo de lectura":"9 minutos"},"schema":{"@context":"https:\/\/schema.org","@graph":[{"@type":"WebPage","@id":"https:\/\/www.idermic.es\/es\/dermatologia_estetic\/textura-piel\/","url":"https:\/\/www.idermic.es\/es\/dermatologia_estetic\/textura-piel\/","name":"Textura de la piel - Idermic. Dermatolog\u00eda en Terrassa","isPartOf":{"@id":"https:\/\/www.idermic.es\/#website"},"primaryImageOfPage":{"@id":"https:\/\/www.idermic.es\/es\/dermatologia_estetic\/textura-piel\/#primaryimage"},"image":{"@id":"https:\/\/www.idermic.es\/es\/dermatologia_estetic\/textura-piel\/#primaryimage"},"thumbnailUrl":"https:\/\/www.idermic.es\/wp-content\/uploads\/2019\/01\/glass_green-1.jpg","datePublished":"2019-01-29T10:33:28+00:00","dateModified":"2026-03-14T10:04:39+00:00","description":"La piel de la cara es m\u00e1s susceptible de sufrir los efectos del tiempo, lo que provoca p\u00e9rdida de elasticidad, tono y firmeza en la textura de la piel.","breadcrumb":{"@id":"https:\/\/www.idermic.es\/es\/dermatologia_estetic\/textura-piel\/#breadcrumb"},"inLanguage":"es","potentialAction":[{"@type":"ReadAction","target":["https:\/\/www.idermic.es\/es\/dermatologia_estetic\/textura-piel\/"]}]},{"@type":"ImageObject","inLanguage":"es","@id":"https:\/\/www.idermic.es\/es\/dermatologia_estetic\/textura-piel\/#primaryimage","url":"https:\/\/www.idermic.es\/wp-content\/uploads\/2019\/01\/glass_green-1.jpg","contentUrl":"https:\/\/www.idermic.es\/wp-content\/uploads\/2019\/01\/glass_green-1.jpg"},{"@type":"BreadcrumbList","@id":"https:\/\/www.idermic.es\/es\/dermatologia_estetic\/textura-piel\/#breadcrumb","itemListElement":[{"@type":"ListItem","position":1,"name":"Inici","item":"https:\/\/www.idermic.es\/es\/"},{"@type":"ListItem","position":2,"name":"Textura de la piel"}]},{"@type":"WebSite","@id":"https:\/\/www.idermic.es\/#website","url":"https:\/\/www.idermic.es\/","name":"Idermic. Dermatolog\u00eda en Terrassa","description":"Dermatolog\u00eda, Medicina est\u00e9tica, Cirurg\u00eda Pl\u00e0stica","publisher":{"@id":"https:\/\/www.idermic.es\/#organization"},"potentialAction":[{"@type":"SearchAction","target":{"@type":"EntryPoint","urlTemplate":"https:\/\/www.idermic.es\/?s={search_term_string}"},"query-input":{"@type":"PropertyValueSpecification","valueRequired":true,"valueName":"search_term_string"}}],"inLanguage":"es"},{"@type":"Organization","@id":"https:\/\/www.idermic.es\/#organization","name":"Idermic. Dermatolog\u00eda en Terrassa","url":"https:\/\/www.idermic.es\/","logo":{"@type":"ImageObject","inLanguage":"es","@id":"https:\/\/www.idermic.es\/#\/schema\/logo\/image\/","url":"https:\/\/www.idermic.es\/wp-content\/uploads\/2025\/10\/Logo-Idermic.jpg","contentUrl":"https:\/\/www.idermic.es\/wp-content\/uploads\/2025\/10\/Logo-Idermic.jpg","width":501,"height":502,"caption":"Idermic. Dermatolog\u00eda en Terrassa"},"image":{"@id":"https:\/\/www.idermic.es\/#\/schema\/logo\/image\/"},"sameAs":["https:\/\/www.facebook.com\/Idermic","https:\/\/x.com\/idermic","https:\/\/www.instagram.com\/idermicclinic\/","https:\/\/www.youtube.com\/channel\/UCyAHC9-p8lc6hr_nguO8p_g"]}]}},"_links":{"self":[{"href":"https:\/\/www.idermic.es\/es\/wp-json\/wp\/v2\/dermatologia_estetic\/1495","targetHints":{"allow":["GET"]}}],"collection":[{"href":"https:\/\/www.idermic.es\/es\/wp-json\/wp\/v2\/dermatologia_estetic"}],"about":[{"href":"https:\/\/www.idermic.es\/es\/wp-json\/wp\/v2\/types\/dermatologia_estetic"}],"wp:attachment":[{"href":"https:\/\/www.idermic.es\/es\/wp-json\/wp\/v2\/media?parent=1495"}],"curies":[{"name":"wp","href":"https:\/\/api.w.org\/{rel}","templated":true}]}}