{"id":1492,"date":"2019-01-29T10:36:39","date_gmt":"2019-01-29T10:36:39","guid":{"rendered":"http:\/\/www.idermic.es\/dermatologia_estetic\/taques\/"},"modified":"2025-08-07T11:15:28","modified_gmt":"2025-08-07T11:15:28","slug":"lentigos-solares-o-manchas","status":"publish","type":"dermatologia_estetic","link":"https:\/\/www.idermic.es\/es\/dermatologia_estetic\/lentigos-solares-o-manchas\/","title":{"rendered":"Lentigos solares o Manchas"},"content":{"rendered":"<p><div class=\"fusion-fullwidth fullwidth-box fusion-builder-row-1 nonhundred-percent-fullwidth non-hundred-percent-height-scrolling\" style=\"--awb-border-radius-top-left:0px;--awb-border-radius-top-right:0px;--awb-border-radius-bottom-right:0px;--awb-border-radius-bottom-left:0px;--awb-padding-top:25px;--awb-flex-wrap:wrap;\" ><div class=\"fusion-builder-row fusion-row\"><div class=\"fusion-layout-column fusion_builder_column fusion-builder-column-0 fusion_builder_column_1_1 1_1 fusion-one-full fusion-column-first fusion-column-last\" style=\"--awb-padding-bottom:40px;--awb-bg-size:cover;\"><div class=\"fusion-column-wrapper fusion-flex-column-wrapper-legacy\"><div class=\"fusion-text fusion-text-1\"><h1 style=\"text-align: center;\">DERMATOLOG\u00cdA EST\u00c9TICA<\/h1>\n<h5 style=\"text-align: center;\"><img decoding=\"async\" class=\"alignnone size-full wp-image-382 aligncenter\" src=\"https:\/\/www.idermic.es\/wp-content\/uploads\/2019\/01\/glass_green-1.jpg\" alt=\"\" width=\"115\" height=\"2\" srcset=\"https:\/\/www.idermic.es\/wp-content\/uploads\/2019\/01\/glass_green-1-66x2.jpg 66w, https:\/\/www.idermic.es\/wp-content\/uploads\/2019\/01\/glass_green-1.jpg 115w\" sizes=\"(max-width: 115px) 100vw, 115px\" \/><br \/>\nTRACTAMIENTOS FACIALES<\/h5>\n<\/div><div class=\"fusion-clearfix\"><\/div><\/div><\/div><\/div><\/div><div class=\"fusion-fullwidth fullwidth-box fusion-builder-row-2 nonhundred-percent-fullwidth non-hundred-percent-height-scrolling\" style=\"--awb-border-radius-top-left:0px;--awb-border-radius-top-right:0px;--awb-border-radius-bottom-right:0px;--awb-border-radius-bottom-left:0px;--awb-flex-wrap:wrap;\" ><div class=\"fusion-builder-row fusion-row\"><div class=\"fusion-layout-column fusion_builder_column fusion-builder-column-1 fusion_builder_column_1_3 1_3 fusion-one-third fusion-column-first\" style=\"--awb-bg-size:cover;width:33.333333333333%;width:calc(33.333333333333% - ( ( 4% + 4% ) * 0.33333333333333 ) );margin-right: 4%;\"><div class=\"fusion-column-wrapper fusion-flex-column-wrapper-legacy\"><div class=\"fusion-image-element in-legacy-container\" style=\"--awb-caption-title-font-family:var(--h2_typography-font-family);--awb-caption-title-font-weight:var(--h2_typography-font-weight);--awb-caption-title-font-style:var(--h2_typography-font-style);--awb-caption-title-size:var(--h2_typography-font-size);--awb-caption-title-transform:var(--h2_typography-text-transform);--awb-caption-title-line-height:var(--h2_typography-line-height);--awb-caption-title-letter-spacing:var(--h2_typography-letter-spacing);\"><span class=\" fusion-imageframe imageframe-none imageframe-1 hover-type-none\"><img decoding=\"async\" width=\"356\" height=\"2\" title=\"line_green\" src=\"https:\/\/www.idermic.es\/wp-content\/uploads\/2019\/01\/line_green.jpg\" alt class=\"img-responsive wp-image-1002\" srcset=\"https:\/\/www.idermic.es\/wp-content\/uploads\/2019\/01\/line_green-200x1.jpg 200w, https:\/\/www.idermic.es\/wp-content\/uploads\/2019\/01\/line_green.jpg 356w\" sizes=\"(max-width: 800px) 100vw, 356px\" \/><\/span><\/div><div class=\"fusion-title title fusion-title-1 fusion-sep-none fusion-title-text fusion-title-size-two\"><h2 class=\"fusion-title-heading title-heading-left\" style=\"margin:0;\">LENTIGOS SOLARES O MANCHAS<\/h2><\/div><div class=\"fusion-title title fusion-title-2 fusion-sep-none fusion-title-text fusion-title-size-six\" style=\"--awb-margin-top:60px;\"><h6 class=\"fusion-title-heading title-heading-left\" style=\"margin:0;\">Consigue una piel m\u00e1s radiante y luminosa<\/h6><\/div><div class=\"fusion-clearfix\"><\/div><\/div><\/div><div class=\"fusion-layout-column fusion_builder_column fusion-builder-column-2 fusion_builder_column_1_3 1_3 fusion-one-third\" style=\"--awb-bg-size:cover;width:33.333333333333%;width:calc(33.333333333333% - ( ( 4% + 4% ) * 0.33333333333333 ) );margin-right: 4%;\"><div class=\"fusion-column-wrapper fusion-flex-column-wrapper-legacy\"><div class=\"fusion-image-element in-legacy-container\" style=\"--awb-caption-title-font-family:var(--h2_typography-font-family);--awb-caption-title-font-weight:var(--h2_typography-font-weight);--awb-caption-title-font-style:var(--h2_typography-font-style);--awb-caption-title-size:var(--h2_typography-font-size);--awb-caption-title-transform:var(--h2_typography-text-transform);--awb-caption-title-line-height:var(--h2_typography-line-height);--awb-caption-title-letter-spacing:var(--h2_typography-letter-spacing);\"><span class=\" fusion-imageframe imageframe-none imageframe-2 hover-type-none\"><img decoding=\"async\" width=\"356\" height=\"2\" title=\"line_green\" src=\"https:\/\/www.idermic.es\/wp-content\/uploads\/2019\/01\/line_green.jpg\" alt class=\"img-responsive wp-image-1002\" srcset=\"https:\/\/www.idermic.es\/wp-content\/uploads\/2019\/01\/line_green-200x1.jpg 200w, https:\/\/www.idermic.es\/wp-content\/uploads\/2019\/01\/line_green.jpg 356w\" sizes=\"(max-width: 800px) 100vw, 356px\" \/><\/span><\/div><div class=\"fusion-text fusion-text-2\"><p>Los lentigos solares suelen aparecer despu\u00e9s de los 30 o 40 a\u00f1os. Se trata de manchas ovaladas o redondas, de diferentes tonalidades de marr\u00f3n, uniformes y que se localizan en la cara, en el escote, en los brazos o en el dorso de las manos. Son m\u00e1s grandes que los lunares \/ ef\u00e9lides y no desaparecen en invierno. Los lentigos solares no son cancerosos ni tienen riesgo de producir un c\u00e1ncer de piel pero nos dicen que la exposici\u00f3n solar ha sido excesiva.<\/p>\n<p>La mejor forma de prevenci\u00f3n es el uso de protectores solares y controlar la exposici\u00f3n al sol y una vez ya han aparecido se pueden eliminar de manera r\u00e1pida e indolora con la aplicaci\u00f3n de la luz pulsada intensa (IPL).<\/p>\n<h5>\u00bfC\u00d3MO SE REALIZA EL PROCEDIMIENTO?<\/h5>\n<p>Cada polvo o emisi\u00f3n de luz, se percibe como una leve picada o pellizco. Aunque se tolera bien se puede aplicar de forma opcional, una anestesia en crema para minimizar la sensaci\u00f3n.<\/p>\n<h5>\u00bfC\u00d3MO ES EL PROCESO DE RECUPERACI\u00d3N?<\/h5>\n<p>Puede aparecer alg\u00fan enrojecimiento ligero o hinchaz\u00f3n local en la zona de tratamiento que desaparece r\u00e1pidamente de manera que la incorporaci\u00f3n a las actividades de la vida diaria es inmediata. Es importante limitar la exposici\u00f3n al sol antes y despu\u00e9s del tratamiento (utilizar un FP50 + menos unas 2-3 semanas despu\u00e9s del procedimiento).<\/p>\n<h5>\u00bfCU\u00c1NDO APRECIAR\u00c9 LOS RESULTADOS?<\/h5>\n<p>Los resultados son visibles desde la primera sesi\u00f3n. La luminosidad se percibe desde la primera semana y las manchas desaparecen a los 10 d\u00edas. Suelen hacer falta de 1 a 3 sesiones dependiendo del caso con un intervalo de 4 semanas. Despu\u00e9s se puede pasar a la etapa de mantenimiento, con 1 o 2 sesiones al a\u00f1o.<\/p>\n<\/div><div class=\"fusion-clearfix\"><\/div><\/div><\/div><div class=\"fusion-layout-column fusion_builder_column fusion-builder-column-3 fusion_builder_column_1_3 1_3 fusion-one-third fusion-column-last\" style=\"--awb-bg-size:cover;width:33.333333333333%;width:calc(33.333333333333% - ( ( 4% + 4% ) * 0.33333333333333 ) );\"><div class=\"fusion-column-wrapper fusion-flex-column-wrapper-legacy\"><div class=\"fusion-image-element in-legacy-container\" style=\"--awb-caption-title-font-family:var(--h2_typography-font-family);--awb-caption-title-font-weight:var(--h2_typography-font-weight);--awb-caption-title-font-style:var(--h2_typography-font-style);--awb-caption-title-size:var(--h2_typography-font-size);--awb-caption-title-transform:var(--h2_typography-text-transform);--awb-caption-title-line-height:var(--h2_typography-line-height);--awb-caption-title-letter-spacing:var(--h2_typography-letter-spacing);\"><span class=\" fusion-imageframe imageframe-none imageframe-3 hover-type-none\"><img decoding=\"async\" width=\"800\" height=\"1009\" title=\"dermatologia_estetica_taques_idermic\" src=\"https:\/\/www.idermic.es\/wp-content\/uploads\/2019\/01\/dermatologia_estetica_taques_idermic.jpg\" alt class=\"img-responsive wp-image-1056\" srcset=\"https:\/\/www.idermic.es\/wp-content\/uploads\/2019\/01\/dermatologia_estetica_taques_idermic-200x252.jpg 200w, https:\/\/www.idermic.es\/wp-content\/uploads\/2019\/01\/dermatologia_estetica_taques_idermic-400x505.jpg 400w, https:\/\/www.idermic.es\/wp-content\/uploads\/2019\/01\/dermatologia_estetica_taques_idermic-600x757.jpg 600w, https:\/\/www.idermic.es\/wp-content\/uploads\/2019\/01\/dermatologia_estetica_taques_idermic.jpg 800w\" sizes=\"(max-width: 800px) 100vw, 400px\" \/><\/span><\/div><div class=\"fusion-clearfix\"><\/div><\/div><\/div><\/div><\/div><div class=\"fusion-fullwidth fullwidth-box fusion-builder-row-3 nonhundred-percent-fullwidth non-hundred-percent-height-scrolling\" style=\"--awb-border-radius-top-left:0px;--awb-border-radius-top-right:0px;--awb-border-radius-bottom-right:0px;--awb-border-radius-bottom-left:0px;--awb-flex-wrap:wrap;\" ><div class=\"fusion-builder-row fusion-row\"><div class=\"fusion-layout-column fusion_builder_column fusion-builder-column-4 fusion_builder_column_1_1 1_1 fusion-one-full fusion-column-first fusion-column-last\" style=\"--awb-bg-size:cover;\"><div class=\"fusion-column-wrapper fusion-flex-column-wrapper-legacy\"><div class=\"accordian fusion-accordian\" style=\"--awb-border-size:1px;--awb-icon-size:13px;--awb-content-font-size:15px;--awb-icon-alignment:left;--awb-hover-color:#f9f9f9;--awb-border-color:#cccccc;--awb-background-color:#ffffff;--awb-divider-color:#e0dede;--awb-divider-hover-color:#e0dede;--awb-icon-color:#ffffff;--awb-title-color:#ddbcb0;--awb-content-color:#505050;--awb-icon-box-color:#000000;--awb-toggle-hover-accent-color:#ddbcb0;--awb-title-font-family:&quot;Montserrat&quot;;--awb-title-font-weight:400;--awb-title-font-style:normal;--awb-content-font-family:&quot;Montserrat&quot;;--awb-content-font-style:normal;--awb-content-font-weight:300;\"><div class=\"panel-group fusion-toggle-icon-boxed\" id=\"accordion-1492-1\"><div class=\"fusion-panel panel-default panel-7f432f4dc900d7e66 fusion-toggle-has-divider\"><div class=\"panel-heading\"><h4 class=\"panel-title toggle\" id=\"toggle_7f432f4dc900d7e66\"><a aria-expanded=\"false\" aria-controls=\"7f432f4dc900d7e66\" role=\"button\" data-toggle=\"collapse\" data-parent=\"#accordion-1492-1\" data-target=\"#7f432f4dc900d7e66\" href=\"#7f432f4dc900d7e66\"><span class=\"fusion-toggle-icon-wrapper\" aria-hidden=\"true\"><i class=\"fa-fusion-box active-icon awb-icon-minus\" aria-hidden=\"true\"><\/i><i class=\"fa-fusion-box inactive-icon awb-icon-plus\" aria-hidden=\"true\"><\/i><\/span><span class=\"fusion-toggle-heading\">Acerca de los lentigos solares<\/span><\/a><\/h4><\/div><div id=\"7f432f4dc900d7e66\" class=\"panel-collapse collapse \" aria-labelledby=\"toggle_7f432f4dc900d7e66\"><div class=\"panel-body toggle-content fusion-clearfix\">\n<p>Los lentigos solares, tambi\u00e9n conocidos como manchas solares o manchas seniles, son lesiones pigmentadas que aparecen en la piel debido a la exposici\u00f3n prolongada al sol. Estas manchas suelen ser de color marr\u00f3n o negro y tienen un contorno bien definido. Se forman principalmente en \u00e1reas del cuerpo expuestas al sol, como la cara, el dorso de las manos, los hombros y el escote.<\/p>\n<p>El principal factor detr\u00e1s de los lentigos solares es la exposici\u00f3n acumulativa a los rayos ultravioleta (UV), ya sea por pasar mucho tiempo al aire libre o por el uso de camas solares. Con el tiempo, los melanocitos, las c\u00e9lulas encargadas de producir melanina, se estimulan de forma excesiva, lo que provoca una producci\u00f3n desigual de pigmento en ciertas \u00e1reas de la piel. Aunque estas manchas son benignas, pueden ser un signo de da\u00f1o solar acumulado y suelen aparecer en personas mayores de 40 a\u00f1os.<\/p>\n<\/div><\/div><\/div><div class=\"fusion-panel panel-default panel-bb0dfca5d60597705 fusion-toggle-has-divider\"><div class=\"panel-heading\"><h4 class=\"panel-title toggle\" id=\"toggle_bb0dfca5d60597705\"><a aria-expanded=\"false\" aria-controls=\"bb0dfca5d60597705\" role=\"button\" data-toggle=\"collapse\" data-parent=\"#accordion-1492-1\" data-target=\"#bb0dfca5d60597705\" href=\"#bb0dfca5d60597705\"><span class=\"fusion-toggle-icon-wrapper\" aria-hidden=\"true\"><i class=\"fa-fusion-box active-icon awb-icon-minus\" aria-hidden=\"true\"><\/i><i class=\"fa-fusion-box inactive-icon awb-icon-plus\" aria-hidden=\"true\"><\/i><\/span><span class=\"fusion-toggle-heading\">S\u00edntomas de los lentigos solares<\/span><\/a><\/h4><\/div><div id=\"bb0dfca5d60597705\" class=\"panel-collapse collapse \" aria-labelledby=\"toggle_bb0dfca5d60597705\"><div class=\"panel-body toggle-content fusion-clearfix\">\n<p>El principal s\u00edntoma de los lentigos solares es la aparici\u00f3n de manchas en la piel. A continuaci\u00f3n, describo sus caracter\u00edsticas m\u00e1s destacadas:<\/p>\n<ul>\n<li><strong>Coloraci\u00f3n oscura<\/strong>: Las manchas var\u00edan en color desde marr\u00f3n claro a negro. A menudo, su tonalidad se oscurece con el tiempo debido a la exposici\u00f3n continua al sol.<\/li>\n<li><strong>Tama\u00f1o y forma<\/strong>: Los lentigos solares suelen ser de tama\u00f1o variable, desde unos pocos mil\u00edmetros hasta varios cent\u00edmetros. Suelen tener bordes bien definidos y una superficie plana, lo que los diferencia de otros tipos de manchas.<\/li>\n<li><strong>Zonas afectada<\/strong>s: Aparecen principalmente en \u00e1reas expuestas al sol, como el rostro, las manos, los brazos, los hombros y el escote. A medida que envejecemos, estas \u00e1reas est\u00e1n m\u00e1s predispuestas a la aparici\u00f3n de lentigos.<\/li>\n<li><strong>Sensaci\u00f3n al tacto<\/strong>: A diferencia de otras lesiones de la piel, como los lunares o verrugas, los lentigos solares no se elevan sobre la superficie de la piel y no provocan dolor ni picaz\u00f3n.<\/li>\n<\/ul>\n<p>Aunque estas manchas son inofensivas, en ocasiones pueden confundirse con otros tipos de lesiones m\u00e1s graves, como el melanoma. Por ello, es importante prestar atenci\u00f3n a cualquier cambio en su aspecto, tama\u00f1o o color.<\/p>\n<\/div><\/div><\/div><div class=\"fusion-panel panel-default panel-69e524a99a80ee64b fusion-toggle-has-divider\"><div class=\"panel-heading\"><h4 class=\"panel-title toggle\" id=\"toggle_69e524a99a80ee64b\"><a aria-expanded=\"false\" aria-controls=\"69e524a99a80ee64b\" role=\"button\" data-toggle=\"collapse\" data-parent=\"#accordion-1492-1\" data-target=\"#69e524a99a80ee64b\" href=\"#69e524a99a80ee64b\"><span class=\"fusion-toggle-icon-wrapper\" aria-hidden=\"true\"><i class=\"fa-fusion-box active-icon awb-icon-minus\" aria-hidden=\"true\"><\/i><i class=\"fa-fusion-box inactive-icon awb-icon-plus\" aria-hidden=\"true\"><\/i><\/span><span class=\"fusion-toggle-heading\">Diagn\u00f3stico<\/span><\/a><\/h4><\/div><div id=\"69e524a99a80ee64b\" class=\"panel-collapse collapse \" aria-labelledby=\"toggle_69e524a99a80ee64b\"><div class=\"panel-body toggle-content fusion-clearfix\">\n<p>El diagn\u00f3stico de los lentigos solares es cl\u00ednico y generalmente sencillo. Los dermat\u00f3logos pueden identificar estas manchas mediante una inspecci\u00f3n visual de la piel. Sin embargo, en algunos casos, es posible que se utilicen herramientas adicionales para asegurar un diagn\u00f3stico preciso:<\/p>\n<ul>\n<li><strong>Dermatoscopia<\/strong>: Se emplea un dermatoscopio, que es una lupa especial que permite observar la estructura interna de las manchas. Esto ayuda a descartar otras lesiones m\u00e1s peligrosas, como los melanomas.<\/li>\n<li><strong>Biopsia de piel<\/strong>: En casos raros, si el dermat\u00f3logo sospecha que la mancha podr\u00eda ser cancerosa o si presenta caracter\u00edsticas at\u00edpicas, se puede realizar una biopsia. Esto implica extraer una peque\u00f1a muestra de tejido para analizarla en un laboratorio.<\/li>\n<\/ul>\n<p>El diagn\u00f3stico preciso es crucial para diferenciar los lentigos solares de otras manchas o lesiones cut\u00e1neas que puedan requerir un tratamiento m\u00e1s agresivo.<\/p>\n<\/div><\/div><\/div><div class=\"fusion-panel panel-default panel-566c99218bc2e8997 fusion-toggle-has-divider\"><div class=\"panel-heading\"><h4 class=\"panel-title toggle\" id=\"toggle_566c99218bc2e8997\"><a aria-expanded=\"false\" aria-controls=\"566c99218bc2e8997\" role=\"button\" data-toggle=\"collapse\" data-parent=\"#accordion-1492-1\" data-target=\"#566c99218bc2e8997\" href=\"#566c99218bc2e8997\"><span class=\"fusion-toggle-icon-wrapper\" aria-hidden=\"true\"><i class=\"fa-fusion-box active-icon awb-icon-minus\" aria-hidden=\"true\"><\/i><i class=\"fa-fusion-box inactive-icon awb-icon-plus\" aria-hidden=\"true\"><\/i><\/span><span class=\"fusion-toggle-heading\">Tratamiento de los lentigos solares<\/span><\/a><\/h4><\/div><div id=\"566c99218bc2e8997\" class=\"panel-collapse collapse \" aria-labelledby=\"toggle_566c99218bc2e8997\"><div class=\"panel-body toggle-content fusion-clearfix\">\n<p>Aunque los lentigos solares no suponen un riesgo para la salud, muchas personas buscan tratamiento para reducir su visibilidad por razones est\u00e9ticas. Existen diferentes opciones para eliminar o atenuar estas manchas:<\/p>\n<ul>\n<li><strong>Cremas despigmentantes<\/strong>: El uso de cremas con ingredientes como la hidroquinona, el \u00e1cido k\u00f3jico o el \u00e1cido glic\u00f3lico puede ayudar a aclarar las manchas con el tiempo. Estos productos act\u00faan reduciendo la producci\u00f3n de melanina en la piel.<\/li>\n<li><strong>Peeling qu\u00edmico<\/strong>: Los peelings qu\u00edmicos utilizan \u00e1cidos para exfoliar las capas superficiales de la piel, promoviendo la renovaci\u00f3n celular y ayudando a atenuar las manchas solares.<\/li>\n<li><strong>L\u00e1ser y luz pulsada intensa (IPL)<\/strong>: Los tratamientos con l\u00e1ser o luz pulsada intensa son opciones efectivas para eliminar lentigos solares. Estas tecnolog\u00edas act\u00faan destruyendo las c\u00e9lulas pigmentadas sin da\u00f1ar el tejido circundante. Tras varias sesiones, las manchas pueden desaparecer casi por completo.<\/li>\n<li><strong>Crioterapia<\/strong>: La crioterapia utiliza nitr\u00f3geno l\u00edquido para congelar las manchas, haciendo que las c\u00e9lulas pigmentadas se destruyan. Este m\u00e9todo es efectivo para manchas peque\u00f1as y aisladas.<\/li>\n<li><strong>Microdermoabrasi\u00f3n<\/strong>: Este tratamiento consiste en exfoliar la piel con un dispositivo que libera part\u00edculas diminutas. La microdermoabrasi\u00f3n elimina la capa externa de la piel, lo que ayuda a disminuir la apariencia de las manchas.<\/li>\n<\/ul>\n<p>El dermat\u00f3logo evaluar\u00e1 el tratamiento m\u00e1s adecuado seg\u00fan el tipo de piel del paciente, el n\u00famero de manchas y su profundidad.<\/p>\n<\/div><\/div><\/div><div class=\"fusion-panel panel-default panel-e050b7ce599107c22 fusion-toggle-has-divider\"><div class=\"panel-heading\"><h4 class=\"panel-title toggle\" id=\"toggle_e050b7ce599107c22\"><a aria-expanded=\"false\" aria-controls=\"e050b7ce599107c22\" role=\"button\" data-toggle=\"collapse\" data-parent=\"#accordion-1492-1\" data-target=\"#e050b7ce599107c22\" href=\"#e050b7ce599107c22\"><span class=\"fusion-toggle-icon-wrapper\" aria-hidden=\"true\"><i class=\"fa-fusion-box active-icon awb-icon-minus\" aria-hidden=\"true\"><\/i><i class=\"fa-fusion-box inactive-icon awb-icon-plus\" aria-hidden=\"true\"><\/i><\/span><span class=\"fusion-toggle-heading\">Prevenci\u00f3n<\/span><\/a><\/h4><\/div><div id=\"e050b7ce599107c22\" class=\"panel-collapse collapse \" aria-labelledby=\"toggle_e050b7ce599107c22\"><div class=\"panel-body toggle-content fusion-clearfix\">\n<p>La mejor forma de prevenir los lentigos solares es evitar la exposici\u00f3n prolongada al sol y proteger adecuadamente la piel. Algunas recomendaciones incluyen:<\/p>\n<ul>\n<li><strong>Uso de protector solar<\/strong>: Aplicar un protector solar de amplio espectro con un factor de protecci\u00f3n solar (FPS) de al menos 30 es fundamental para prevenir la aparici\u00f3n de nuevas manchas. Este debe aplicarse todos los d\u00edas, incluso en d\u00edas nublados.<\/li>\n<li><strong>Ropa protectora<\/strong>: Usar sombreros de ala ancha, gafas de sol y ropa que cubra las \u00e1reas expuestas ayuda a minimizar la exposici\u00f3n a los rayos UV.<\/li>\n<li><strong>Evitar las camas de bronceado<\/strong>: Las camas solares emiten rayos UV que contribuyen al desarrollo de lentigos solares y aumentan el riesgo de c\u00e1ncer de piel.<\/li>\n<li><strong>Evitar el sol en horas pico<\/strong>: Limitar la exposici\u00f3n al sol entre las 10 a.m. y las 4 p.m., cuando los rayos UV son m\u00e1s intensos, tambi\u00e9n ayuda a prevenir el da\u00f1o solar.<\/li>\n<\/ul>\n<\/div><\/div><\/div><div class=\"fusion-panel panel-default panel-4ded8508e66dcd28a fusion-toggle-has-divider\"><div class=\"panel-heading\"><h4 class=\"panel-title toggle\" id=\"toggle_4ded8508e66dcd28a\"><a aria-expanded=\"false\" aria-controls=\"4ded8508e66dcd28a\" role=\"button\" data-toggle=\"collapse\" data-parent=\"#accordion-1492-1\" data-target=\"#4ded8508e66dcd28a\" href=\"#4ded8508e66dcd28a\"><span class=\"fusion-toggle-icon-wrapper\" aria-hidden=\"true\"><i class=\"fa-fusion-box active-icon awb-icon-minus\" aria-hidden=\"true\"><\/i><i class=\"fa-fusion-box inactive-icon awb-icon-plus\" aria-hidden=\"true\"><\/i><\/span><span class=\"fusion-toggle-heading\">Factores de riesgo<\/span><\/a><\/h4><\/div><div id=\"4ded8508e66dcd28a\" class=\"panel-collapse collapse \" aria-labelledby=\"toggle_4ded8508e66dcd28a\"><div class=\"panel-body toggle-content fusion-clearfix\">\n<p>Algunos factores de riesgo pueden aumentar la probabilidad de desarrollar lentigos solares:<\/p>\n<ul>\n<li><strong>Exposici\u00f3n prolongada al sol<\/strong>: Las personas que pasan mucho tiempo al aire libre, ya sea por trabajo o actividades recreativas, tienen m\u00e1s probabilidades de desarrollar manchas solares.<\/li>\n<li><strong>Edad:<\/strong> A medida que envejecemos, la piel se vuelve m\u00e1s susceptible al da\u00f1o solar, lo que favorece la aparici\u00f3n de lentigos.<br \/>\nTipo de piel: Las personas con piel clara son m\u00e1s propensas a desarrollar lentigos solares, ya que tienen menos melanina, el pigmento que protege la piel del da\u00f1o solar.<\/li>\n<\/ul>\n<\/div><\/div><\/div><\/div><\/div><div class=\"fusion-clearfix\"><\/div><\/div><\/div><\/div><\/div><div class=\"fusion-fullwidth fullwidth-box fusion-builder-row-4 has-pattern-background has-mask-background nonhundred-percent-fullwidth non-hundred-percent-height-scrolling\" style=\"--awb-border-radius-top-left:0px;--awb-border-radius-top-right:0px;--awb-border-radius-bottom-right:0px;--awb-border-radius-bottom-left:0px;--awb-padding-top:20px;--awb-padding-bottom:32px;--awb-margin-top:48px;--awb-margin-bottom:32px;--awb-flex-wrap:wrap;\" ><div class=\"fusion-builder-row fusion-row\"><div class=\"fusion-layout-column fusion_builder_column fusion-builder-column-5 fusion_builder_column_1_2 1_2 fusion-one-half fusion-column-first fusion-column-inner-bg-wrapper\" style=\"--awb-padding-top:20px;--awb-padding-right:20px;--awb-padding-bottom:20px;--awb-padding-left:60px;--awb-inner-bg-color:#f4d0c2;--awb-inner-bg-color-hover:#f4d0c2;--awb-inner-bg-size:cover;width:50%;width:calc(50% - ( ( 4% ) * 0.5 ) );margin-right: 4%;\" data-scroll-devices=\"small-visibility,medium-visibility,large-visibility\"><span class=\"fusion-column-inner-bg hover-type-none\"><a class=\"fusion-column-anchor\" href=\"https:\/\/www.idermic.es\/es\/financiacion\/\"><span class=\"fusion-column-inner-bg-image\"><\/span><\/a><\/span><div class=\"fusion-column-wrapper fusion-column-has-shadow fusion-flex-column-wrapper-legacy\"><div style=\"text-align:center; max-width: 100%; width: calc(100% - 40px); margin: 0 auto;\">\n  <p style=\"color:white;margin:0;padding:15px 15px 0 15px;background-color:#ddbcb0;font-family:Montserrat;font-size:20px;font-weight:500;letter-spacing:2px;line-height:30px;\">\n    FINAN\u00c7AMENT 0% INTER\u00c8S\n  <\/p>\n  <p style=\"color:white;margin:0;padding:0 15px 15px 15px;background-color:#ddbcb0;font-family:Open Sans;font-size:12px;font-weight:500;letter-spacing:2px;line-height:30px;\">\n    LLEGIR M\u00c9S +\n  <\/p>\n<\/div><div class=\"fusion-clearfix\"><\/div><\/div><\/div><div class=\"fusion-layout-column fusion_builder_column fusion-builder-column-6 fusion_builder_column_1_2 1_2 fusion-one-half fusion-column-last fusion-column-inner-bg-wrapper\" style=\"--awb-padding-top:20px;--awb-padding-right:20px;--awb-padding-bottom:20px;--awb-padding-left:60px;--awb-inner-bg-color:#f4d0c2;--awb-inner-bg-color-hover:#f4d0c2;--awb-inner-bg-size:cover;width:50%;width:calc(50% - ( ( 4% ) * 0.5 ) );\" data-scroll-devices=\"small-visibility,medium-visibility,large-visibility\"><span class=\"fusion-column-inner-bg hover-type-none\"><a class=\"fusion-column-anchor\" href=\"https:\/\/www.idermic.es\/es\/preguntas-frecuentes\/\"><span class=\"fusion-column-inner-bg-image\"><\/span><\/a><\/span><div class=\"fusion-column-wrapper fusion-column-has-shadow fusion-flex-column-wrapper-legacy\"><div style=\"text-align:center; max-width: 100%; width: calc(100% - 40px); margin: 0 auto;\">\n  <p style=\"color:white;margin:0;padding:15px 15px 0 15px;background-color:#ddbcb0;font-family:Montserrat;font-size:20px;font-weight:500;letter-spacing:2px;line-height:30px;\">\n    PREGUNTES FREQ\u00dcENTS \n  <\/p>\n  <p style=\"color:white;margin:0;padding:0 15px 15px 15px;background-color:#ddbcb0;font-family:Open Sans;font-size:12px;font-weight:500;letter-spacing:2px;line-height:30px;\">\n    LLEGIR M\u00c9S +\n  <\/p>\n<\/div><div class=\"fusion-clearfix\"><\/div><\/div><\/div><\/div><\/div>\n<\/p>\n","protected":false},"featured_media":0,"template":"","class_list":["post-1492","dermatologia_estetic","type-dermatologia_estetic","status-publish","hentry"],"yoast_head":"<!-- This site is optimized with the Yoast SEO plugin v28.4 - https:\/\/yoast.com\/product\/yoast-seo-wordpress\/ -->\n<title>Lentigos solares o Manchas - Idermic. Dermatolog\u00eda en Terrassa<\/title>\n<meta name=\"description\" content=\"Protege tu piel: aprende a prevenir los lentigos solares con fotoprotecci\u00f3n y descubre tratamientos como IPL, l\u00e1ser, crioterapia o peelings.\" \/>\n<meta name=\"robots\" content=\"index, follow, max-snippet:-1, max-image-preview:large, max-video-preview:-1\" \/>\n<link rel=\"canonical\" href=\"https:\/\/www.idermic.es\/es\/dermatologia_estetic\/lentigos-solares-o-manchas\/\" \/>\n<meta property=\"og:locale\" content=\"es_ES\" \/>\n<meta property=\"og:type\" content=\"article\" \/>\n<meta property=\"og:title\" content=\"Lentigos solares o Manchas - Idermic. Dermatolog\u00eda en Terrassa\" \/>\n<meta property=\"og:description\" content=\"Protege tu piel: aprende a prevenir los lentigos solares con fotoprotecci\u00f3n y descubre tratamientos como IPL, l\u00e1ser, crioterapia o peelings.\" \/>\n<meta property=\"og:url\" content=\"https:\/\/www.idermic.es\/es\/dermatologia_estetic\/lentigos-solares-o-manchas\/\" \/>\n<meta property=\"og:site_name\" content=\"Idermic. Dermatolog\u00eda en Terrassa\" \/>\n<meta property=\"article:publisher\" content=\"https:\/\/www.facebook.com\/Idermic\" \/>\n<meta property=\"article:modified_time\" content=\"2025-08-07T11:15:28+00:00\" \/>\n<meta property=\"og:image\" content=\"https:\/\/www.idermic.es\/wp-content\/uploads\/2019\/01\/glass_green-1.jpg\" \/>\n\t<meta property=\"og:image:width\" content=\"115\" \/>\n\t<meta property=\"og:image:height\" content=\"2\" \/>\n\t<meta property=\"og:image:type\" content=\"image\/jpeg\" \/>\n<meta name=\"twitter:card\" content=\"summary_large_image\" \/>\n<meta name=\"twitter:site\" content=\"@idermic\" \/>\n<meta name=\"twitter:label1\" content=\"Tiempo de lectura\" \/>\n\t<meta name=\"twitter:data1\" content=\"10 minutos\" \/>\n<script type=\"application\/ld+json\" class=\"yoast-schema-graph\">{\"@context\":\"https:\\\/\\\/schema.org\",\"@graph\":[{\"@type\":\"WebPage\",\"@id\":\"https:\\\/\\\/www.idermic.es\\\/es\\\/dermatologia_estetic\\\/lentigos-solares-o-manchas\\\/\",\"url\":\"https:\\\/\\\/www.idermic.es\\\/es\\\/dermatologia_estetic\\\/lentigos-solares-o-manchas\\\/\",\"name\":\"Lentigos solares o Manchas - Idermic. Dermatolog\u00eda en Terrassa\",\"isPartOf\":{\"@id\":\"https:\\\/\\\/www.idermic.es\\\/#website\"},\"primaryImageOfPage\":{\"@id\":\"https:\\\/\\\/www.idermic.es\\\/es\\\/dermatologia_estetic\\\/lentigos-solares-o-manchas\\\/#primaryimage\"},\"image\":{\"@id\":\"https:\\\/\\\/www.idermic.es\\\/es\\\/dermatologia_estetic\\\/lentigos-solares-o-manchas\\\/#primaryimage\"},\"thumbnailUrl\":\"https:\\\/\\\/www.idermic.es\\\/wp-content\\\/uploads\\\/2019\\\/01\\\/glass_green-1.jpg\",\"datePublished\":\"2019-01-29T10:36:39+00:00\",\"dateModified\":\"2025-08-07T11:15:28+00:00\",\"description\":\"Protege tu piel: aprende a prevenir los lentigos solares con fotoprotecci\u00f3n y descubre tratamientos como IPL, l\u00e1ser, crioterapia o peelings.\",\"breadcrumb\":{\"@id\":\"https:\\\/\\\/www.idermic.es\\\/es\\\/dermatologia_estetic\\\/lentigos-solares-o-manchas\\\/#breadcrumb\"},\"inLanguage\":\"es\",\"potentialAction\":[{\"@type\":\"ReadAction\",\"target\":[\"https:\\\/\\\/www.idermic.es\\\/es\\\/dermatologia_estetic\\\/lentigos-solares-o-manchas\\\/\"]}]},{\"@type\":\"ImageObject\",\"inLanguage\":\"es\",\"@id\":\"https:\\\/\\\/www.idermic.es\\\/es\\\/dermatologia_estetic\\\/lentigos-solares-o-manchas\\\/#primaryimage\",\"url\":\"https:\\\/\\\/www.idermic.es\\\/wp-content\\\/uploads\\\/2019\\\/01\\\/glass_green-1.jpg\",\"contentUrl\":\"https:\\\/\\\/www.idermic.es\\\/wp-content\\\/uploads\\\/2019\\\/01\\\/glass_green-1.jpg\"},{\"@type\":\"BreadcrumbList\",\"@id\":\"https:\\\/\\\/www.idermic.es\\\/es\\\/dermatologia_estetic\\\/lentigos-solares-o-manchas\\\/#breadcrumb\",\"itemListElement\":[{\"@type\":\"ListItem\",\"position\":1,\"name\":\"Inici\",\"item\":\"https:\\\/\\\/www.idermic.es\\\/es\\\/\"},{\"@type\":\"ListItem\",\"position\":2,\"name\":\"Lentigos solares o Manchas\"}]},{\"@type\":\"WebSite\",\"@id\":\"https:\\\/\\\/www.idermic.es\\\/#website\",\"url\":\"https:\\\/\\\/www.idermic.es\\\/\",\"name\":\"Idermic. Dermatolog\u00eda en Terrassa\",\"description\":\"Dermatolog\u00eda, Medicina est\u00e9tica, Cirurg\u00eda Pl\u00e0stica\",\"publisher\":{\"@id\":\"https:\\\/\\\/www.idermic.es\\\/#organization\"},\"potentialAction\":[{\"@type\":\"SearchAction\",\"target\":{\"@type\":\"EntryPoint\",\"urlTemplate\":\"https:\\\/\\\/www.idermic.es\\\/?s={search_term_string}\"},\"query-input\":{\"@type\":\"PropertyValueSpecification\",\"valueRequired\":true,\"valueName\":\"search_term_string\"}}],\"inLanguage\":\"es\"},{\"@type\":\"Organization\",\"@id\":\"https:\\\/\\\/www.idermic.es\\\/#organization\",\"name\":\"Idermic. Dermatolog\u00eda en Terrassa\",\"url\":\"https:\\\/\\\/www.idermic.es\\\/\",\"logo\":{\"@type\":\"ImageObject\",\"inLanguage\":\"es\",\"@id\":\"https:\\\/\\\/www.idermic.es\\\/#\\\/schema\\\/logo\\\/image\\\/\",\"url\":\"https:\\\/\\\/www.idermic.es\\\/wp-content\\\/uploads\\\/2025\\\/10\\\/Logo-Idermic.jpg\",\"contentUrl\":\"https:\\\/\\\/www.idermic.es\\\/wp-content\\\/uploads\\\/2025\\\/10\\\/Logo-Idermic.jpg\",\"width\":501,\"height\":502,\"caption\":\"Idermic. Dermatolog\u00eda en Terrassa\"},\"image\":{\"@id\":\"https:\\\/\\\/www.idermic.es\\\/#\\\/schema\\\/logo\\\/image\\\/\"},\"sameAs\":[\"https:\\\/\\\/www.facebook.com\\\/Idermic\",\"https:\\\/\\\/x.com\\\/idermic\",\"https:\\\/\\\/www.instagram.com\\\/idermicclinic\\\/\",\"https:\\\/\\\/www.youtube.com\\\/channel\\\/UCyAHC9-p8lc6hr_nguO8p_g\"]}]}<\/script>\n<!-- \/ Yoast SEO plugin. -->","yoast_head_json":{"title":"Lentigos solares o Manchas - Idermic. Dermatolog\u00eda en Terrassa","description":"Protege tu piel: aprende a prevenir los lentigos solares con fotoprotecci\u00f3n y descubre tratamientos como IPL, l\u00e1ser, crioterapia o peelings.","robots":{"index":"index","follow":"follow","max-snippet":"max-snippet:-1","max-image-preview":"max-image-preview:large","max-video-preview":"max-video-preview:-1"},"canonical":"https:\/\/www.idermic.es\/es\/dermatologia_estetic\/lentigos-solares-o-manchas\/","og_locale":"es_ES","og_type":"article","og_title":"Lentigos solares o Manchas - Idermic. Dermatolog\u00eda en Terrassa","og_description":"Protege tu piel: aprende a prevenir los lentigos solares con fotoprotecci\u00f3n y descubre tratamientos como IPL, l\u00e1ser, crioterapia o peelings.","og_url":"https:\/\/www.idermic.es\/es\/dermatologia_estetic\/lentigos-solares-o-manchas\/","og_site_name":"Idermic. Dermatolog\u00eda en Terrassa","article_publisher":"https:\/\/www.facebook.com\/Idermic","article_modified_time":"2025-08-07T11:15:28+00:00","og_image":[{"width":115,"height":2,"url":"https:\/\/www.idermic.es\/wp-content\/uploads\/2019\/01\/glass_green-1.jpg","type":"image\/jpeg"}],"twitter_card":"summary_large_image","twitter_site":"@idermic","twitter_misc":{"Tiempo de lectura":"10 minutos"},"schema":{"@context":"https:\/\/schema.org","@graph":[{"@type":"WebPage","@id":"https:\/\/www.idermic.es\/es\/dermatologia_estetic\/lentigos-solares-o-manchas\/","url":"https:\/\/www.idermic.es\/es\/dermatologia_estetic\/lentigos-solares-o-manchas\/","name":"Lentigos solares o Manchas - Idermic. Dermatolog\u00eda en Terrassa","isPartOf":{"@id":"https:\/\/www.idermic.es\/#website"},"primaryImageOfPage":{"@id":"https:\/\/www.idermic.es\/es\/dermatologia_estetic\/lentigos-solares-o-manchas\/#primaryimage"},"image":{"@id":"https:\/\/www.idermic.es\/es\/dermatologia_estetic\/lentigos-solares-o-manchas\/#primaryimage"},"thumbnailUrl":"https:\/\/www.idermic.es\/wp-content\/uploads\/2019\/01\/glass_green-1.jpg","datePublished":"2019-01-29T10:36:39+00:00","dateModified":"2025-08-07T11:15:28+00:00","description":"Protege tu piel: aprende a prevenir los lentigos solares con fotoprotecci\u00f3n y descubre tratamientos como IPL, l\u00e1ser, crioterapia o peelings.","breadcrumb":{"@id":"https:\/\/www.idermic.es\/es\/dermatologia_estetic\/lentigos-solares-o-manchas\/#breadcrumb"},"inLanguage":"es","potentialAction":[{"@type":"ReadAction","target":["https:\/\/www.idermic.es\/es\/dermatologia_estetic\/lentigos-solares-o-manchas\/"]}]},{"@type":"ImageObject","inLanguage":"es","@id":"https:\/\/www.idermic.es\/es\/dermatologia_estetic\/lentigos-solares-o-manchas\/#primaryimage","url":"https:\/\/www.idermic.es\/wp-content\/uploads\/2019\/01\/glass_green-1.jpg","contentUrl":"https:\/\/www.idermic.es\/wp-content\/uploads\/2019\/01\/glass_green-1.jpg"},{"@type":"BreadcrumbList","@id":"https:\/\/www.idermic.es\/es\/dermatologia_estetic\/lentigos-solares-o-manchas\/#breadcrumb","itemListElement":[{"@type":"ListItem","position":1,"name":"Inici","item":"https:\/\/www.idermic.es\/es\/"},{"@type":"ListItem","position":2,"name":"Lentigos solares o Manchas"}]},{"@type":"WebSite","@id":"https:\/\/www.idermic.es\/#website","url":"https:\/\/www.idermic.es\/","name":"Idermic. Dermatolog\u00eda en Terrassa","description":"Dermatolog\u00eda, Medicina est\u00e9tica, Cirurg\u00eda Pl\u00e0stica","publisher":{"@id":"https:\/\/www.idermic.es\/#organization"},"potentialAction":[{"@type":"SearchAction","target":{"@type":"EntryPoint","urlTemplate":"https:\/\/www.idermic.es\/?s={search_term_string}"},"query-input":{"@type":"PropertyValueSpecification","valueRequired":true,"valueName":"search_term_string"}}],"inLanguage":"es"},{"@type":"Organization","@id":"https:\/\/www.idermic.es\/#organization","name":"Idermic. Dermatolog\u00eda en Terrassa","url":"https:\/\/www.idermic.es\/","logo":{"@type":"ImageObject","inLanguage":"es","@id":"https:\/\/www.idermic.es\/#\/schema\/logo\/image\/","url":"https:\/\/www.idermic.es\/wp-content\/uploads\/2025\/10\/Logo-Idermic.jpg","contentUrl":"https:\/\/www.idermic.es\/wp-content\/uploads\/2025\/10\/Logo-Idermic.jpg","width":501,"height":502,"caption":"Idermic. Dermatolog\u00eda en Terrassa"},"image":{"@id":"https:\/\/www.idermic.es\/#\/schema\/logo\/image\/"},"sameAs":["https:\/\/www.facebook.com\/Idermic","https:\/\/x.com\/idermic","https:\/\/www.instagram.com\/idermicclinic\/","https:\/\/www.youtube.com\/channel\/UCyAHC9-p8lc6hr_nguO8p_g"]}]}},"_links":{"self":[{"href":"https:\/\/www.idermic.es\/es\/wp-json\/wp\/v2\/dermatologia_estetic\/1492","targetHints":{"allow":["GET"]}}],"collection":[{"href":"https:\/\/www.idermic.es\/es\/wp-json\/wp\/v2\/dermatologia_estetic"}],"about":[{"href":"https:\/\/www.idermic.es\/es\/wp-json\/wp\/v2\/types\/dermatologia_estetic"}],"wp:attachment":[{"href":"https:\/\/www.idermic.es\/es\/wp-json\/wp\/v2\/media?parent=1492"}],"curies":[{"name":"wp","href":"https:\/\/api.w.org\/{rel}","templated":true}]}}