{"id":1469,"date":"2019-01-29T11:13:51","date_gmt":"2019-01-29T11:13:51","guid":{"rendered":"http:\/\/www.idermic.es\/dermatologia_estetic\/acne-laser\/"},"modified":"2026-09-03T07:53:28","modified_gmt":"2026-09-03T07:53:28","slug":"acne-laser","status":"publish","type":"dermatologia_estetic","link":"https:\/\/www.idermic.es\/es\/dermatologia_estetic\/acne-laser\/","title":{"rendered":"Acn\u00e9"},"content":{"rendered":"<p><div class=\"fusion-fullwidth fullwidth-box fusion-builder-row-1 nonhundred-percent-fullwidth non-hundred-percent-height-scrolling\" style=\"--awb-border-radius-top-left:0px;--awb-border-radius-top-right:0px;--awb-border-radius-bottom-right:0px;--awb-border-radius-bottom-left:0px;--awb-padding-top:25px;--awb-flex-wrap:wrap;\" ><div class=\"fusion-builder-row fusion-row\"><div class=\"fusion-layout-column fusion_builder_column fusion-builder-column-0 fusion_builder_column_1_1 1_1 fusion-one-full fusion-column-first fusion-column-last\" style=\"--awb-padding-bottom:40px;--awb-bg-size:cover;\"><div class=\"fusion-column-wrapper fusion-flex-column-wrapper-legacy\"><div class=\"fusion-text fusion-text-1\"><h1 style=\"text-align: center;\">DERMATOLOG\u00cdA EST\u00c9TICA<\/h1>\n<h5 style=\"text-align: center;\"><img decoding=\"async\" class=\"alignnone size-full wp-image-382 aligncenter\" src=\"https:\/\/www.idermic.es\/wp-content\/uploads\/2019\/01\/glass_green-1.jpg\" alt=\"\" width=\"115\" height=\"2\" srcset=\"https:\/\/www.idermic.es\/wp-content\/uploads\/2019\/01\/glass_green-1-66x2.jpg 66w, https:\/\/www.idermic.es\/wp-content\/uploads\/2019\/01\/glass_green-1.jpg 115w\" sizes=\"(max-width: 115px) 100vw, 115px\" \/><br \/>\nPLATAFORMA L\u00c1SER<\/h5>\n<\/div><div class=\"fusion-clearfix\"><\/div><\/div><\/div><\/div><\/div><div class=\"fusion-fullwidth fullwidth-box fusion-builder-row-2 nonhundred-percent-fullwidth non-hundred-percent-height-scrolling\" style=\"--awb-border-radius-top-left:0px;--awb-border-radius-top-right:0px;--awb-border-radius-bottom-right:0px;--awb-border-radius-bottom-left:0px;--awb-flex-wrap:wrap;\" ><div class=\"fusion-builder-row fusion-row\"><div class=\"fusion-layout-column fusion_builder_column fusion-builder-column-1 fusion_builder_column_1_3 1_3 fusion-one-third fusion-column-first\" style=\"--awb-bg-size:cover;width:33.333333333333%;width:calc(33.333333333333% - ( ( 4% + 4% ) * 0.33333333333333 ) );margin-right: 4%;\"><div class=\"fusion-column-wrapper fusion-flex-column-wrapper-legacy\"><div class=\"fusion-image-element in-legacy-container\" style=\"--awb-caption-title-font-family:var(--h2_typography-font-family);--awb-caption-title-font-weight:var(--h2_typography-font-weight);--awb-caption-title-font-style:var(--h2_typography-font-style);--awb-caption-title-size:var(--h2_typography-font-size);--awb-caption-title-transform:var(--h2_typography-text-transform);--awb-caption-title-line-height:var(--h2_typography-line-height);--awb-caption-title-letter-spacing:var(--h2_typography-letter-spacing);\"><span class=\" fusion-imageframe imageframe-none imageframe-1 hover-type-none\"><img decoding=\"async\" width=\"356\" height=\"2\" title=\"line_green\" src=\"https:\/\/www.idermic.es\/wp-content\/uploads\/2019\/01\/line_green.jpg\" alt class=\"img-responsive wp-image-1002\" srcset=\"https:\/\/www.idermic.es\/wp-content\/uploads\/2019\/01\/line_green-200x1.jpg 200w, https:\/\/www.idermic.es\/wp-content\/uploads\/2019\/01\/line_green.jpg 356w\" sizes=\"(max-width: 800px) 100vw, 356px\" \/><\/span><\/div><div class=\"fusion-title title fusion-title-1 fusion-sep-none fusion-title-text fusion-title-size-two\"><h2 class=\"fusion-title-heading title-heading-left\" style=\"margin:0;\">ACN\u00c9<\/h2><\/div><div class=\"fusion-title title fusion-title-2 fusion-sep-none fusion-title-text fusion-title-size-six\" style=\"--awb-margin-top:60px;\"><h6 class=\"fusion-title-heading title-heading-left\" style=\"margin:0;\">Consigue una piel m\u00e1s radiante y luminosa<\/h6><\/div><div class=\"fusion-clearfix\"><\/div><\/div><\/div><div class=\"fusion-layout-column fusion_builder_column fusion-builder-column-2 fusion_builder_column_1_3 1_3 fusion-one-third\" style=\"--awb-bg-size:cover;width:33.333333333333%;width:calc(33.333333333333% - ( ( 4% + 4% ) * 0.33333333333333 ) );margin-right: 4%;\"><div class=\"fusion-column-wrapper fusion-flex-column-wrapper-legacy\"><div class=\"fusion-image-element in-legacy-container\" style=\"--awb-caption-title-font-family:var(--h2_typography-font-family);--awb-caption-title-font-weight:var(--h2_typography-font-weight);--awb-caption-title-font-style:var(--h2_typography-font-style);--awb-caption-title-size:var(--h2_typography-font-size);--awb-caption-title-transform:var(--h2_typography-text-transform);--awb-caption-title-line-height:var(--h2_typography-line-height);--awb-caption-title-letter-spacing:var(--h2_typography-letter-spacing);\"><span class=\" fusion-imageframe imageframe-none imageframe-2 hover-type-none\"><img decoding=\"async\" width=\"356\" height=\"2\" title=\"line_green\" src=\"https:\/\/www.idermic.es\/wp-content\/uploads\/2019\/01\/line_green.jpg\" alt class=\"img-responsive wp-image-1002\" srcset=\"https:\/\/www.idermic.es\/wp-content\/uploads\/2019\/01\/line_green-200x1.jpg 200w, https:\/\/www.idermic.es\/wp-content\/uploads\/2019\/01\/line_green.jpg 356w\" sizes=\"(max-width: 800px) 100vw, 356px\" \/><\/span><\/div><div class=\"fusion-text fusion-text-2\"><div class=\"wpb_text_column wpb_content_element \">\n<div class=\"wpb_wrapper\">\n<div class=\"wpb_text_column wpb_content_element \">\n<div class=\"wpb_wrapper\">\n<p>Uno de los factores principales en la producci\u00f3n de <a href=\"https:\/\/www.idermic.es\/es\/dermatologia_clinica\/acne\/\">acn\u00e9<\/a> es el exceso de sebo y la hiperplasia de las gl\u00e1ndulas seb\u00e1ceas.<\/p>\n<p>El acn\u00e9 aparece cuando el sebo no puede dejar la piel porque el fol\u00edculo piloso est\u00e1 bloqueado. Esto puede dar como resultado el crecimiento de bacterias bajo la superficie de la piel. Puede aparecer una inflamaci\u00f3n y la rotura de una \u00e1rea inflamada puede llevar a cicatrices.<\/p>\n<\/div>\n<\/div>\n<\/div>\n<\/div>\n<h5>\u00bfC\u00d3MO SE REALIZA EL PROCEDIMIENTO?<\/h5>\n<p><span id=\"result_box\" class=\"\" lang=\"ca\"><span title=\"El resultado est\u00e9tico final depender\u00e1 de factores como el color de la tinta, el tipo de tatuaje, la localizaci\u00f3n, la antig\u00fcedad del mismo y el color de la piel del paciente. \">El tratamiento con luz pulsada intensa puede mejorar las lesiones producidas por el acn\u00e9 ya que funciona reduciendo la irrigaci\u00f3n de sangre en la gl\u00e1ndula seb\u00e1cea, la cual reduce la producci\u00f3n de sebo sin da\u00f1ar el tejido circundante. Se recomiendan unas 3 sesiones separadas de 1 mes aproximadamente. Es una t\u00e9cnica perfectamente combinable con la realizaci\u00f3n de peelings qu\u00edmicos para mejorar el aspecto de marcas y cicatrices de acn\u00e9.<\/span><\/span><\/p>\n<h5>\u00bfC\u00d3MO ES EL PROCESO DE RECUPERACI\u00d3N?<\/h5>\n<div class=\"wpb_text_column wpb_content_element vc_custom_1541420659024 inherit\">\n<div class=\"wpb_wrapper\">\n<p><span id=\"result_box\" class=\"\" lang=\"ca\"><span title=\"Se recomienda proteger el tatuaje tratado del sol y, si \u00e9ste est\u00e1 en una zona fotoexpuesta, aplicar filtro solar alto FP50+ \">El paciente puede incorporarse de manera inmediata a las actividades de la vida diaria. Se recomienda protegerse de la exposici\u00f3n solar con un fotoprotector alto (FP50 +) no graso ni comedog\u00e9nico al menos hasta 15 d\u00edas despu\u00e9s del procedimiento.<\/span><\/span><\/p>\n<\/div>\n<\/div>\n<h5>\u00bfCU\u00c1NDO APRECIAR\u00c9 LOS RESULTADOS?<\/h5>\n<div class=\"wpb_text_column wpb_content_element vc_custom_1541420667761 inherit\">\n<div class=\"wpb_wrapper\">\n<p><span id=\"result_box\" class=\"\" lang=\"ca\"><span title=\"La media de sesiones de un tratamiento completo suele estar entre 8 y 15.\">Los resultados son visibles dos semanas despu\u00e9s de la sesi\u00f3n.<\/span><\/span><\/p>\n<\/div>\n<\/div>\n<\/div><div class=\"fusion-clearfix\"><\/div><\/div><\/div><div class=\"fusion-layout-column fusion_builder_column fusion-builder-column-3 fusion_builder_column_1_3 1_3 fusion-one-third fusion-column-last\" style=\"--awb-bg-size:cover;width:33.333333333333%;width:calc(33.333333333333% - ( ( 4% + 4% ) * 0.33333333333333 ) );\"><div class=\"fusion-column-wrapper fusion-flex-column-wrapper-legacy\"><div class=\"fusion-image-element in-legacy-container\" style=\"--awb-caption-title-font-family:var(--h2_typography-font-family);--awb-caption-title-font-weight:var(--h2_typography-font-weight);--awb-caption-title-font-style:var(--h2_typography-font-style);--awb-caption-title-size:var(--h2_typography-font-size);--awb-caption-title-transform:var(--h2_typography-text-transform);--awb-caption-title-line-height:var(--h2_typography-line-height);--awb-caption-title-letter-spacing:var(--h2_typography-letter-spacing);\"><span class=\" fusion-imageframe imageframe-none imageframe-3 hover-type-none\"><img decoding=\"async\" width=\"600\" height=\"757\" alt=\"Dermatolog\u00eda est\u00e9tica. Acn\u00e9. Cl\u00ednica Idermic\" title=\"dermatologia_estetica_acne_idermic-600&#215;757\" src=\"https:\/\/www.idermic.es\/wp-content\/uploads\/2026\/01\/dermatologia_estetica_acne_idermic-600x757-1.jpg\" class=\"img-responsive wp-image-9186\" srcset=\"https:\/\/www.idermic.es\/wp-content\/uploads\/2026\/01\/dermatologia_estetica_acne_idermic-600x757-1-200x252.jpg 200w, https:\/\/www.idermic.es\/wp-content\/uploads\/2026\/01\/dermatologia_estetica_acne_idermic-600x757-1-400x505.jpg 400w, https:\/\/www.idermic.es\/wp-content\/uploads\/2026\/01\/dermatologia_estetica_acne_idermic-600x757-1.jpg 600w\" sizes=\"(max-width: 800px) 100vw, 400px\" \/><\/span><\/div><div class=\"fusion-clearfix\"><\/div><\/div><\/div><\/div><\/div><div class=\"fusion-fullwidth fullwidth-box fusion-builder-row-3 has-pattern-background has-mask-background nonhundred-percent-fullwidth non-hundred-percent-height-scrolling\" style=\"--awb-border-radius-top-left:0px;--awb-border-radius-top-right:0px;--awb-border-radius-bottom-right:0px;--awb-border-radius-bottom-left:0px;--awb-padding-top:20px;--awb-padding-bottom:32px;--awb-margin-top:48px;--awb-margin-bottom:32px;--awb-flex-wrap:wrap;\" ><div class=\"fusion-builder-row fusion-row\"><div class=\"fusion-layout-column fusion_builder_column fusion-builder-column-4 fusion_builder_column_1_2 1_2 fusion-one-half fusion-column-first fusion-column-inner-bg-wrapper\" style=\"--awb-padding-top:20px;--awb-padding-right:20px;--awb-padding-bottom:20px;--awb-padding-left:60px;--awb-inner-bg-color:#f4d0c2;--awb-inner-bg-color-hover:#f4d0c2;--awb-inner-bg-size:cover;width:50%;width:calc(50% - ( ( 4% ) * 0.5 ) );margin-right: 4%;\" data-scroll-devices=\"small-visibility,medium-visibility,large-visibility\"><span class=\"fusion-column-inner-bg hover-type-none\"><a class=\"fusion-column-anchor\" href=\"https:\/\/www.idermic.es\/es\/financiacion\/\"><span class=\"fusion-column-inner-bg-image\"><\/span><\/a><\/span><div class=\"fusion-column-wrapper fusion-column-has-shadow fusion-flex-column-wrapper-legacy\"><div style=\"text-align:center; max-width: 100%; width: calc(100% - 40px); margin: 0 auto;\">\n  <p style=\"color:white;margin:0;padding:15px 15px 0 15px;background-color:#ddbcb0;font-family:Montserrat;font-size:20px;font-weight:500;letter-spacing:2px;line-height:30px;\">\n    FINAN\u00c7AMENT 0% INTER\u00c8S\n  <\/p>\n  <p style=\"color:white;margin:0;padding:0 15px 15px 15px;background-color:#ddbcb0;font-family:Open Sans;font-size:12px;font-weight:500;letter-spacing:2px;line-height:30px;\">\n    LLEGIR M\u00c9S +\n  <\/p>\n<\/div><div class=\"fusion-clearfix\"><\/div><\/div><\/div><div class=\"fusion-layout-column fusion_builder_column fusion-builder-column-5 fusion_builder_column_1_2 1_2 fusion-one-half fusion-column-last fusion-column-inner-bg-wrapper\" style=\"--awb-padding-top:20px;--awb-padding-right:20px;--awb-padding-bottom:20px;--awb-padding-left:60px;--awb-inner-bg-color:#f4d0c2;--awb-inner-bg-color-hover:#f4d0c2;--awb-inner-bg-size:cover;width:50%;width:calc(50% - ( ( 4% ) * 0.5 ) );\" data-scroll-devices=\"small-visibility,medium-visibility,large-visibility\"><span class=\"fusion-column-inner-bg hover-type-none\"><a class=\"fusion-column-anchor\" href=\"https:\/\/www.idermic.es\/es\/preguntas-frecuentes\/\"><span class=\"fusion-column-inner-bg-image\"><\/span><\/a><\/span><div class=\"fusion-column-wrapper fusion-column-has-shadow fusion-flex-column-wrapper-legacy\"><div style=\"text-align:center; max-width: 100%; width: calc(100% - 40px); margin: 0 auto;\">\n  <p style=\"color:white;margin:0;padding:15px 15px 0 15px;background-color:#ddbcb0;font-family:Montserrat;font-size:20px;font-weight:500;letter-spacing:2px;line-height:30px;\">\n    PREGUNTES FREQ\u00dcENTS \n  <\/p>\n  <p style=\"color:white;margin:0;padding:0 15px 15px 15px;background-color:#ddbcb0;font-family:Open Sans;font-size:12px;font-weight:500;letter-spacing:2px;line-height:30px;\">\n    LLEGIR M\u00c9S +\n  <\/p>\n<\/div><div class=\"fusion-clearfix\"><\/div><\/div><\/div><\/div><\/div>\n<\/p>\n","protected":false},"featured_media":0,"template":"","class_list":["post-1469","dermatologia_estetic","type-dermatologia_estetic","status-publish","hentry"],"yoast_head":"<!-- This site is optimized with the Yoast SEO plugin v28.4 - https:\/\/yoast.com\/product\/yoast-seo-wordpress\/ -->\n<title>Acn\u00e9 l\u00e1ser - Idermic. Dermatolog\u00eda en Terrassa<\/title>\n<meta name=\"description\" content=\"Acn\u00e9: tratamiento con l\u00e1ser para mejorar lesiones, marcas y aspecto de la piel mediante procedimientos dermatol\u00f3gicos personalizados.\" \/>\n<meta name=\"robots\" content=\"index, follow, max-snippet:-1, max-image-preview:large, max-video-preview:-1\" \/>\n<link rel=\"canonical\" href=\"https:\/\/www.idermic.es\/es\/dermatologia_estetic\/acne-laser\/\" \/>\n<meta property=\"og:locale\" content=\"es_ES\" \/>\n<meta property=\"og:type\" content=\"article\" \/>\n<meta property=\"og:title\" content=\"Acn\u00e9 l\u00e1ser - Idermic. Dermatolog\u00eda en Terrassa\" \/>\n<meta property=\"og:description\" content=\"Acn\u00e9: tratamiento con l\u00e1ser para mejorar lesiones, marcas y aspecto de la piel mediante procedimientos dermatol\u00f3gicos personalizados.\" \/>\n<meta property=\"og:url\" content=\"https:\/\/www.idermic.es\/es\/dermatologia_estetic\/acne-laser\/\" \/>\n<meta property=\"og:site_name\" content=\"Idermic. Dermatolog\u00eda en Terrassa\" \/>\n<meta property=\"article:publisher\" content=\"https:\/\/www.facebook.com\/Idermic\" \/>\n<meta property=\"article:modified_time\" content=\"2026-09-03T07:53:28+00:00\" \/>\n<meta property=\"og:image\" content=\"https:\/\/www.idermic.es\/wp-content\/uploads\/2019\/01\/glass_green-1.jpg\" \/>\n\t<meta property=\"og:image:width\" content=\"115\" \/>\n\t<meta property=\"og:image:height\" content=\"2\" \/>\n\t<meta property=\"og:image:type\" content=\"image\/jpeg\" \/>\n<meta name=\"twitter:card\" content=\"summary_large_image\" \/>\n<meta name=\"twitter:site\" content=\"@idermic\" \/>\n<meta name=\"twitter:label1\" content=\"Tiempo de lectura\" \/>\n\t<meta name=\"twitter:data1\" content=\"3 minutos\" \/>\n<script type=\"application\/ld+json\" class=\"yoast-schema-graph\">{\"@context\":\"https:\\\/\\\/schema.org\",\"@graph\":[{\"@type\":\"WebPage\",\"@id\":\"https:\\\/\\\/www.idermic.es\\\/es\\\/dermatologia_estetic\\\/acne-laser\\\/\",\"url\":\"https:\\\/\\\/www.idermic.es\\\/es\\\/dermatologia_estetic\\\/acne-laser\\\/\",\"name\":\"Acn\u00e9 l\u00e1ser - Idermic. Dermatolog\u00eda en Terrassa\",\"isPartOf\":{\"@id\":\"https:\\\/\\\/www.idermic.es\\\/#website\"},\"primaryImageOfPage\":{\"@id\":\"https:\\\/\\\/www.idermic.es\\\/es\\\/dermatologia_estetic\\\/acne-laser\\\/#primaryimage\"},\"image\":{\"@id\":\"https:\\\/\\\/www.idermic.es\\\/es\\\/dermatologia_estetic\\\/acne-laser\\\/#primaryimage\"},\"thumbnailUrl\":\"https:\\\/\\\/www.idermic.es\\\/wp-content\\\/uploads\\\/2019\\\/01\\\/glass_green-1.jpg\",\"datePublished\":\"2019-01-29T11:13:51+00:00\",\"dateModified\":\"2026-09-03T07:53:28+00:00\",\"description\":\"Acn\u00e9: tratamiento con l\u00e1ser para mejorar lesiones, marcas y aspecto de la piel mediante procedimientos dermatol\u00f3gicos personalizados.\",\"breadcrumb\":{\"@id\":\"https:\\\/\\\/www.idermic.es\\\/es\\\/dermatologia_estetic\\\/acne-laser\\\/#breadcrumb\"},\"inLanguage\":\"es\",\"potentialAction\":[{\"@type\":\"ReadAction\",\"target\":[\"https:\\\/\\\/www.idermic.es\\\/es\\\/dermatologia_estetic\\\/acne-laser\\\/\"]}]},{\"@type\":\"ImageObject\",\"inLanguage\":\"es\",\"@id\":\"https:\\\/\\\/www.idermic.es\\\/es\\\/dermatologia_estetic\\\/acne-laser\\\/#primaryimage\",\"url\":\"https:\\\/\\\/www.idermic.es\\\/wp-content\\\/uploads\\\/2019\\\/01\\\/glass_green-1.jpg\",\"contentUrl\":\"https:\\\/\\\/www.idermic.es\\\/wp-content\\\/uploads\\\/2019\\\/01\\\/glass_green-1.jpg\"},{\"@type\":\"BreadcrumbList\",\"@id\":\"https:\\\/\\\/www.idermic.es\\\/es\\\/dermatologia_estetic\\\/acne-laser\\\/#breadcrumb\",\"itemListElement\":[{\"@type\":\"ListItem\",\"position\":1,\"name\":\"Inici\",\"item\":\"https:\\\/\\\/www.idermic.es\\\/es\\\/\"},{\"@type\":\"ListItem\",\"position\":2,\"name\":\"Acn\u00e9\"}]},{\"@type\":\"WebSite\",\"@id\":\"https:\\\/\\\/www.idermic.es\\\/#website\",\"url\":\"https:\\\/\\\/www.idermic.es\\\/\",\"name\":\"Idermic. Dermatolog\u00eda en Terrassa\",\"description\":\"Dermatolog\u00eda, Medicina est\u00e9tica, Cirurg\u00eda Pl\u00e0stica\",\"publisher\":{\"@id\":\"https:\\\/\\\/www.idermic.es\\\/#organization\"},\"potentialAction\":[{\"@type\":\"SearchAction\",\"target\":{\"@type\":\"EntryPoint\",\"urlTemplate\":\"https:\\\/\\\/www.idermic.es\\\/?s={search_term_string}\"},\"query-input\":{\"@type\":\"PropertyValueSpecification\",\"valueRequired\":true,\"valueName\":\"search_term_string\"}}],\"inLanguage\":\"es\"},{\"@type\":\"Organization\",\"@id\":\"https:\\\/\\\/www.idermic.es\\\/#organization\",\"name\":\"Idermic. Dermatolog\u00eda en Terrassa\",\"url\":\"https:\\\/\\\/www.idermic.es\\\/\",\"logo\":{\"@type\":\"ImageObject\",\"inLanguage\":\"es\",\"@id\":\"https:\\\/\\\/www.idermic.es\\\/#\\\/schema\\\/logo\\\/image\\\/\",\"url\":\"https:\\\/\\\/www.idermic.es\\\/wp-content\\\/uploads\\\/2025\\\/10\\\/Logo-Idermic.jpg\",\"contentUrl\":\"https:\\\/\\\/www.idermic.es\\\/wp-content\\\/uploads\\\/2025\\\/10\\\/Logo-Idermic.jpg\",\"width\":501,\"height\":502,\"caption\":\"Idermic. Dermatolog\u00eda en Terrassa\"},\"image\":{\"@id\":\"https:\\\/\\\/www.idermic.es\\\/#\\\/schema\\\/logo\\\/image\\\/\"},\"sameAs\":[\"https:\\\/\\\/www.facebook.com\\\/Idermic\",\"https:\\\/\\\/x.com\\\/idermic\",\"https:\\\/\\\/www.instagram.com\\\/idermicclinic\\\/\",\"https:\\\/\\\/www.youtube.com\\\/channel\\\/UCyAHC9-p8lc6hr_nguO8p_g\"]}]}<\/script>\n<!-- \/ Yoast SEO plugin. -->","yoast_head_json":{"title":"Acn\u00e9 l\u00e1ser - Idermic. Dermatolog\u00eda en Terrassa","description":"Acn\u00e9: tratamiento con l\u00e1ser para mejorar lesiones, marcas y aspecto de la piel mediante procedimientos dermatol\u00f3gicos personalizados.","robots":{"index":"index","follow":"follow","max-snippet":"max-snippet:-1","max-image-preview":"max-image-preview:large","max-video-preview":"max-video-preview:-1"},"canonical":"https:\/\/www.idermic.es\/es\/dermatologia_estetic\/acne-laser\/","og_locale":"es_ES","og_type":"article","og_title":"Acn\u00e9 l\u00e1ser - Idermic. Dermatolog\u00eda en Terrassa","og_description":"Acn\u00e9: tratamiento con l\u00e1ser para mejorar lesiones, marcas y aspecto de la piel mediante procedimientos dermatol\u00f3gicos personalizados.","og_url":"https:\/\/www.idermic.es\/es\/dermatologia_estetic\/acne-laser\/","og_site_name":"Idermic. Dermatolog\u00eda en Terrassa","article_publisher":"https:\/\/www.facebook.com\/Idermic","article_modified_time":"2026-09-03T07:53:28+00:00","og_image":[{"width":115,"height":2,"url":"https:\/\/www.idermic.es\/wp-content\/uploads\/2019\/01\/glass_green-1.jpg","type":"image\/jpeg"}],"twitter_card":"summary_large_image","twitter_site":"@idermic","twitter_misc":{"Tiempo de lectura":"3 minutos"},"schema":{"@context":"https:\/\/schema.org","@graph":[{"@type":"WebPage","@id":"https:\/\/www.idermic.es\/es\/dermatologia_estetic\/acne-laser\/","url":"https:\/\/www.idermic.es\/es\/dermatologia_estetic\/acne-laser\/","name":"Acn\u00e9 l\u00e1ser - Idermic. Dermatolog\u00eda en Terrassa","isPartOf":{"@id":"https:\/\/www.idermic.es\/#website"},"primaryImageOfPage":{"@id":"https:\/\/www.idermic.es\/es\/dermatologia_estetic\/acne-laser\/#primaryimage"},"image":{"@id":"https:\/\/www.idermic.es\/es\/dermatologia_estetic\/acne-laser\/#primaryimage"},"thumbnailUrl":"https:\/\/www.idermic.es\/wp-content\/uploads\/2019\/01\/glass_green-1.jpg","datePublished":"2019-01-29T11:13:51+00:00","dateModified":"2026-09-03T07:53:28+00:00","description":"Acn\u00e9: tratamiento con l\u00e1ser para mejorar lesiones, marcas y aspecto de la piel mediante procedimientos dermatol\u00f3gicos personalizados.","breadcrumb":{"@id":"https:\/\/www.idermic.es\/es\/dermatologia_estetic\/acne-laser\/#breadcrumb"},"inLanguage":"es","potentialAction":[{"@type":"ReadAction","target":["https:\/\/www.idermic.es\/es\/dermatologia_estetic\/acne-laser\/"]}]},{"@type":"ImageObject","inLanguage":"es","@id":"https:\/\/www.idermic.es\/es\/dermatologia_estetic\/acne-laser\/#primaryimage","url":"https:\/\/www.idermic.es\/wp-content\/uploads\/2019\/01\/glass_green-1.jpg","contentUrl":"https:\/\/www.idermic.es\/wp-content\/uploads\/2019\/01\/glass_green-1.jpg"},{"@type":"BreadcrumbList","@id":"https:\/\/www.idermic.es\/es\/dermatologia_estetic\/acne-laser\/#breadcrumb","itemListElement":[{"@type":"ListItem","position":1,"name":"Inici","item":"https:\/\/www.idermic.es\/es\/"},{"@type":"ListItem","position":2,"name":"Acn\u00e9"}]},{"@type":"WebSite","@id":"https:\/\/www.idermic.es\/#website","url":"https:\/\/www.idermic.es\/","name":"Idermic. Dermatolog\u00eda en Terrassa","description":"Dermatolog\u00eda, Medicina est\u00e9tica, Cirurg\u00eda Pl\u00e0stica","publisher":{"@id":"https:\/\/www.idermic.es\/#organization"},"potentialAction":[{"@type":"SearchAction","target":{"@type":"EntryPoint","urlTemplate":"https:\/\/www.idermic.es\/?s={search_term_string}"},"query-input":{"@type":"PropertyValueSpecification","valueRequired":true,"valueName":"search_term_string"}}],"inLanguage":"es"},{"@type":"Organization","@id":"https:\/\/www.idermic.es\/#organization","name":"Idermic. Dermatolog\u00eda en Terrassa","url":"https:\/\/www.idermic.es\/","logo":{"@type":"ImageObject","inLanguage":"es","@id":"https:\/\/www.idermic.es\/#\/schema\/logo\/image\/","url":"https:\/\/www.idermic.es\/wp-content\/uploads\/2025\/10\/Logo-Idermic.jpg","contentUrl":"https:\/\/www.idermic.es\/wp-content\/uploads\/2025\/10\/Logo-Idermic.jpg","width":501,"height":502,"caption":"Idermic. Dermatolog\u00eda en Terrassa"},"image":{"@id":"https:\/\/www.idermic.es\/#\/schema\/logo\/image\/"},"sameAs":["https:\/\/www.facebook.com\/Idermic","https:\/\/x.com\/idermic","https:\/\/www.instagram.com\/idermicclinic\/","https:\/\/www.youtube.com\/channel\/UCyAHC9-p8lc6hr_nguO8p_g"]}]}},"_links":{"self":[{"href":"https:\/\/www.idermic.es\/es\/wp-json\/wp\/v2\/dermatologia_estetic\/1469","targetHints":{"allow":["GET"]}}],"collection":[{"href":"https:\/\/www.idermic.es\/es\/wp-json\/wp\/v2\/dermatologia_estetic"}],"about":[{"href":"https:\/\/www.idermic.es\/es\/wp-json\/wp\/v2\/types\/dermatologia_estetic"}],"wp:attachment":[{"href":"https:\/\/www.idermic.es\/es\/wp-json\/wp\/v2\/media?parent=1469"}],"curies":[{"name":"wp","href":"https:\/\/api.w.org\/{rel}","templated":true}]}}