{"id":1454,"date":"2019-01-30T10:33:02","date_gmt":"2019-01-30T10:33:02","guid":{"rendered":"http:\/\/www.idermic.es\/dermatologia_estetic\/tractament-celulitis-flaccidesa\/"},"modified":"2026-09-02T06:23:21","modified_gmt":"2026-09-02T06:23:21","slug":"tratamiento-celulitis-flacidez","status":"publish","type":"dermatologia_estetic","link":"https:\/\/www.idermic.es\/es\/dermatologia_estetic\/tratamiento-celulitis-flacidez\/","title":{"rendered":"TRATAMIENTO DE LA CELULITIS Y LA FLACIDEZ"},"content":{"rendered":"<p><div class=\"fusion-fullwidth fullwidth-box fusion-builder-row-1 nonhundred-percent-fullwidth non-hundred-percent-height-scrolling\" style=\"--awb-border-radius-top-left:0px;--awb-border-radius-top-right:0px;--awb-border-radius-bottom-right:0px;--awb-border-radius-bottom-left:0px;--awb-padding-top:25px;--awb-flex-wrap:wrap;\" ><div class=\"fusion-builder-row fusion-row\"><div class=\"fusion-layout-column fusion_builder_column fusion-builder-column-0 fusion_builder_column_1_1 1_1 fusion-one-full fusion-column-first fusion-column-last\" style=\"--awb-padding-bottom:40px;--awb-bg-size:cover;\"><div class=\"fusion-column-wrapper fusion-flex-column-wrapper-legacy\"><div class=\"fusion-text fusion-text-1\"><h1 style=\"text-align: center;\">DERMATOLOG\u00cdA EST\u00c9TICA<\/h1>\n<h5 style=\"text-align: center;\"><img decoding=\"async\" class=\"alignnone size-full wp-image-382 aligncenter\" src=\"https:\/\/www.idermic.es\/wp-content\/uploads\/2019\/01\/glass_green-1.jpg\" alt=\"\" width=\"115\" height=\"2\" srcset=\"https:\/\/www.idermic.es\/wp-content\/uploads\/2019\/01\/glass_green-1-66x2.jpg 66w, https:\/\/www.idermic.es\/wp-content\/uploads\/2019\/01\/glass_green-1.jpg 115w\" sizes=\"(max-width: 115px) 100vw, 115px\" \/><br \/>\nTRACTAMIENTOS CORPORALES<\/h5>\n<\/div><div class=\"fusion-clearfix\"><\/div><\/div><\/div><\/div><\/div><div class=\"fusion-fullwidth fullwidth-box fusion-builder-row-2 nonhundred-percent-fullwidth non-hundred-percent-height-scrolling\" style=\"--awb-border-radius-top-left:0px;--awb-border-radius-top-right:0px;--awb-border-radius-bottom-right:0px;--awb-border-radius-bottom-left:0px;--awb-flex-wrap:wrap;\" ><div class=\"fusion-builder-row fusion-row\"><div class=\"fusion-layout-column fusion_builder_column fusion-builder-column-1 fusion_builder_column_1_3 1_3 fusion-one-third fusion-column-first\" style=\"--awb-bg-size:cover;width:33.333333333333%;width:calc(33.333333333333% - ( ( 4% + 4% ) * 0.33333333333333 ) );margin-right: 4%;\"><div class=\"fusion-column-wrapper fusion-flex-column-wrapper-legacy\"><div class=\"fusion-image-element in-legacy-container\" style=\"--awb-caption-title-font-family:var(--h2_typography-font-family);--awb-caption-title-font-weight:var(--h2_typography-font-weight);--awb-caption-title-font-style:var(--h2_typography-font-style);--awb-caption-title-size:var(--h2_typography-font-size);--awb-caption-title-transform:var(--h2_typography-text-transform);--awb-caption-title-line-height:var(--h2_typography-line-height);--awb-caption-title-letter-spacing:var(--h2_typography-letter-spacing);\"><span class=\" fusion-imageframe imageframe-none imageframe-1 hover-type-none\"><img decoding=\"async\" width=\"356\" height=\"2\" title=\"line_green\" src=\"https:\/\/www.idermic.es\/wp-content\/uploads\/2019\/01\/line_green.jpg\" alt class=\"img-responsive wp-image-1002\" srcset=\"https:\/\/www.idermic.es\/wp-content\/uploads\/2019\/01\/line_green-200x1.jpg 200w, https:\/\/www.idermic.es\/wp-content\/uploads\/2019\/01\/line_green.jpg 356w\" sizes=\"(max-width: 800px) 100vw, 356px\" \/><\/span><\/div><div class=\"fusion-title title fusion-title-1 fusion-sep-none fusion-title-text fusion-title-size-two\"><h2 class=\"fusion-title-heading title-heading-left\" style=\"margin:0;\">TRATAMIENTO DE LA CELULITIS Y DE LA FLACIDEZ<\/h2><\/div><div class=\"fusion-title title fusion-title-2 fusion-sep-none fusion-title-text fusion-title-size-six\" style=\"--awb-margin-top:60px;\"><h6 class=\"fusion-title-heading title-heading-left\" style=\"margin:0;\">Presume de una piel firme y m\u00e1s sana<\/h6><\/div><div class=\"fusion-clearfix\"><\/div><\/div><\/div><div class=\"fusion-layout-column fusion_builder_column fusion-builder-column-2 fusion_builder_column_1_3 1_3 fusion-one-third\" style=\"--awb-bg-size:cover;width:33.333333333333%;width:calc(33.333333333333% - ( ( 4% + 4% ) * 0.33333333333333 ) );margin-right: 4%;\"><div class=\"fusion-column-wrapper fusion-flex-column-wrapper-legacy\"><div class=\"fusion-image-element in-legacy-container\" style=\"--awb-caption-title-font-family:var(--h2_typography-font-family);--awb-caption-title-font-weight:var(--h2_typography-font-weight);--awb-caption-title-font-style:var(--h2_typography-font-style);--awb-caption-title-size:var(--h2_typography-font-size);--awb-caption-title-transform:var(--h2_typography-text-transform);--awb-caption-title-line-height:var(--h2_typography-line-height);--awb-caption-title-letter-spacing:var(--h2_typography-letter-spacing);\"><span class=\" fusion-imageframe imageframe-none imageframe-2 hover-type-none\"><img decoding=\"async\" width=\"356\" height=\"2\" title=\"line_green\" src=\"https:\/\/www.idermic.es\/wp-content\/uploads\/2019\/01\/line_green.jpg\" alt class=\"img-responsive wp-image-1002\" srcset=\"https:\/\/www.idermic.es\/wp-content\/uploads\/2019\/01\/line_green-200x1.jpg 200w, https:\/\/www.idermic.es\/wp-content\/uploads\/2019\/01\/line_green.jpg 356w\" sizes=\"(max-width: 800px) 100vw, 356px\" \/><\/span><\/div><div class=\"fusion-text fusion-text-2\"><p>La celulitis es una alteraci\u00f3n que se produce en las capas profundas de la piel y la grasa superficial preferentemente en la mitad inferior del cuerpo. No hay una causa espec\u00edfica y en su origen influyen factores hormonales, gen\u00e9ticos, raciales alimentarios y ambientales.<br \/>\nSe sabe que existe una alteraci\u00f3n de la circulaci\u00f3n de retorno y linf\u00e1tica que se traduce en un problema est\u00e9tico, dando lugar a unos bultos m\u00e1s o menos visibles dependiendo del grado de afectaci\u00f3n, llamados coloquialmente \u00abpiel de naranja\u00bb.<br \/>\nTratar la celulitis es todo un reto y es necesario realizar un mantenimiento ya que no existe un tratamiento curativo o definitivo.<br \/>\nLos mejores resultados se consiguen con la combinaci\u00f3n de tratamientos y el control de los factores agravantes.<\/p>\n<h5>TRATAMIENTOS<\/h5>\n<p>\u2022 Cambio de h\u00e1bitos: Evitar el sedentarismo, evitar prendas ajustadas y hacer ejercicio f\u00edsico moderado y de forma regular.<br \/>\n\u2022 Nutrici\u00f3n y diet\u00e9tica: Prevenir el sobrepeso reduciendo el consumo de sal, pasteler\u00eda industrial y embutidos y aumentando el consumo de verduras y frutas. Prevenir el estre\u00f1imiento y realizar una ingesta h\u00eddrica adecuada (beber agua o infusiones).<br \/>\n\u2022 Carboxiterapia: Es una de las mejores t\u00e9cnicas para combatir la celulitis y la flacidez. Consiste en la introducci\u00f3n a nivel hipod\u00e9rmico (subcut\u00e1neo) de gas carb\u00f3nico que produce una vasodilataci\u00f3n inmediata que cursa con aumento de calor en la zona y un aumento de la presi\u00f3n parcial del ox\u00edgeno, lo que origina una mayor cantidad de ox\u00edgeno disponible para los tejidos y la mejora del componente inflamatorio que define la celulitis. Encontrar\u00e1s m\u00e1s opciones de cuidado corporal y facial en <a href=\"https:\/\/www.idermic.es\/es\/altres_tractaments\/cabina-dermatologica-avanzada\/\">Cabina dermatol\u00f3gica avanzada<\/a>.<\/p>\n<h5>\u00bfC\u00d3MO SE REALIZA EL PROCEDIMIENTO?<\/h5>\n<p>La t\u00e9cnica es muy sencilla: consiste en la infiltraci\u00f3n de CO2 a trav\u00e9s de una aguja muy fina. Cuando se introduce a nivel de la grasa subcut\u00e1nea, es decir, por debajo de la piel, produce una mejora de la circulaci\u00f3n y quema la grasa. Cuando se infiltra m\u00e1s superficialmente estimula la producci\u00f3n de col\u00e1geno y act\u00faa contra la flacidez. El gas difunde r\u00e1pidamente los tejidos adyacentes. No presenta efectos secundarios salvo un ligero y fugaz dolor en la zona de aplicaci\u00f3n y un peque\u00f1o enrojecimiento de la zona que perdura unos minutos. Tambi\u00e9n podemos apreciar alguna peque\u00f1a equimosis en el punto de punci\u00f3n que desaparecer\u00e1 en pocos d\u00edas. Cada sesi\u00f3n dura aproximadamente entre 15 -30 minutos. El n\u00famero de sesiones es variable y depende de las caracter\u00edsticas y necesidades concretas de cada paciente, pero se consideran necesarias un m\u00ednimo de 8-10 sesiones que se realizar\u00e1n una vez por semana.<\/p>\n<h5>\u00bfC\u00d3MO ES EL PROCESO DE RECUPERACI\u00d3N?<\/h5>\n<p>Una vez finalizada la sesi\u00f3n el paciente puede incorporarse de manera inmediata a sus actividades de la vida diaria, evitando el sol durante las siguientes 24-48 horas.<\/p>\n<h5>\u00bfCU\u00c1NDO APRECIAR\u00c9 LOS RESULTADOS?<\/h5>\n<p>Aunque depende de cada paciente, normalmente los resultados empiezan a hacerse evidentes a partir de la quinta sesi\u00f3n.<\/p>\n<\/div><div class=\"fusion-clearfix\"><\/div><\/div><\/div><div class=\"fusion-layout-column fusion_builder_column fusion-builder-column-3 fusion_builder_column_1_3 1_3 fusion-one-third fusion-column-last\" style=\"--awb-bg-size:cover;width:33.333333333333%;width:calc(33.333333333333% - ( ( 4% + 4% ) * 0.33333333333333 ) );\"><div class=\"fusion-column-wrapper fusion-flex-column-wrapper-legacy\"><div class=\"fusion-image-element in-legacy-container\" style=\"--awb-caption-title-font-family:var(--h2_typography-font-family);--awb-caption-title-font-weight:var(--h2_typography-font-weight);--awb-caption-title-font-style:var(--h2_typography-font-style);--awb-caption-title-size:var(--h2_typography-font-size);--awb-caption-title-transform:var(--h2_typography-text-transform);--awb-caption-title-line-height:var(--h2_typography-line-height);--awb-caption-title-letter-spacing:var(--h2_typography-letter-spacing);\"><span class=\" fusion-imageframe imageframe-none imageframe-3 hover-type-none\"><img decoding=\"async\" width=\"600\" height=\"757\" alt=\"Dermatolog\u00eda est\u00e9tica. Flacidez. Cl\u00ednica Idermic\" title=\"dermatologia_estetica_ceulitis_flaccidesa_idermic-600&#215;757\" src=\"https:\/\/www.idermic.es\/wp-content\/uploads\/2026\/01\/dermatologia_estetica_ceulitis_flaccidesa_idermic-600x757-1.jpg\" class=\"img-responsive wp-image-9198\" srcset=\"https:\/\/www.idermic.es\/wp-content\/uploads\/2026\/01\/dermatologia_estetica_ceulitis_flaccidesa_idermic-600x757-1-200x252.jpg 200w, https:\/\/www.idermic.es\/wp-content\/uploads\/2026\/01\/dermatologia_estetica_ceulitis_flaccidesa_idermic-600x757-1-400x505.jpg 400w, https:\/\/www.idermic.es\/wp-content\/uploads\/2026\/01\/dermatologia_estetica_ceulitis_flaccidesa_idermic-600x757-1.jpg 600w\" sizes=\"(max-width: 800px) 100vw, 400px\" \/><\/span><\/div><div class=\"fusion-clearfix\"><\/div><\/div><\/div><\/div><\/div><div class=\"fusion-fullwidth fullwidth-box fusion-builder-row-3 has-pattern-background has-mask-background nonhundred-percent-fullwidth non-hundred-percent-height-scrolling\" style=\"--awb-border-radius-top-left:0px;--awb-border-radius-top-right:0px;--awb-border-radius-bottom-right:0px;--awb-border-radius-bottom-left:0px;--awb-padding-top:20px;--awb-padding-bottom:32px;--awb-margin-top:48px;--awb-margin-bottom:32px;--awb-flex-wrap:wrap;\" ><div class=\"fusion-builder-row fusion-row\"><div class=\"fusion-layout-column fusion_builder_column fusion-builder-column-4 fusion_builder_column_1_2 1_2 fusion-one-half fusion-column-first fusion-column-inner-bg-wrapper\" style=\"--awb-padding-top:20px;--awb-padding-right:20px;--awb-padding-bottom:20px;--awb-padding-left:60px;--awb-inner-bg-color:#f4d0c2;--awb-inner-bg-color-hover:#f4d0c2;--awb-inner-bg-size:cover;width:50%;width:calc(50% - ( ( 4% ) * 0.5 ) );margin-right: 4%;\" data-scroll-devices=\"small-visibility,medium-visibility,large-visibility\"><span class=\"fusion-column-inner-bg hover-type-none\"><a class=\"fusion-column-anchor\" href=\"https:\/\/www.idermic.es\/es\/financiacion\/\"><span class=\"fusion-column-inner-bg-image\"><\/span><\/a><\/span><div class=\"fusion-column-wrapper fusion-column-has-shadow fusion-flex-column-wrapper-legacy\"><div style=\"text-align:center; max-width: 100%; width: calc(100% - 40px); margin: 0 auto;\">\n  <p style=\"color:white;margin:0;padding:15px 15px 0 15px;background-color:#ddbcb0;font-family:Montserrat;font-size:20px;font-weight:500;letter-spacing:2px;line-height:30px;\">\n    FINAN\u00c7AMENT 0% INTER\u00c8S\n  <\/p>\n  <p style=\"color:white;margin:0;padding:0 15px 15px 15px;background-color:#ddbcb0;font-family:Open Sans;font-size:12px;font-weight:500;letter-spacing:2px;line-height:30px;\">\n    LLEGIR M\u00c9S +\n  <\/p>\n<\/div><div class=\"fusion-clearfix\"><\/div><\/div><\/div><div class=\"fusion-layout-column fusion_builder_column fusion-builder-column-5 fusion_builder_column_1_2 1_2 fusion-one-half fusion-column-last fusion-column-inner-bg-wrapper\" style=\"--awb-padding-top:20px;--awb-padding-right:20px;--awb-padding-bottom:20px;--awb-padding-left:60px;--awb-inner-bg-color:#f4d0c2;--awb-inner-bg-color-hover:#f4d0c2;--awb-inner-bg-size:cover;width:50%;width:calc(50% - ( ( 4% ) * 0.5 ) );\" data-scroll-devices=\"small-visibility,medium-visibility,large-visibility\"><span class=\"fusion-column-inner-bg hover-type-none\"><a class=\"fusion-column-anchor\" href=\"https:\/\/www.idermic.es\/es\/preguntas-frecuentes\/\"><span class=\"fusion-column-inner-bg-image\"><\/span><\/a><\/span><div class=\"fusion-column-wrapper fusion-column-has-shadow fusion-flex-column-wrapper-legacy\"><div style=\"text-align:center; max-width: 100%; width: calc(100% - 40px); margin: 0 auto;\">\n  <p style=\"color:white;margin:0;padding:15px 15px 0 15px;background-color:#ddbcb0;font-family:Montserrat;font-size:20px;font-weight:500;letter-spacing:2px;line-height:30px;\">\n    PREGUNTES FREQ\u00dcENTS \n  <\/p>\n  <p style=\"color:white;margin:0;padding:0 15px 15px 15px;background-color:#ddbcb0;font-family:Open Sans;font-size:12px;font-weight:500;letter-spacing:2px;line-height:30px;\">\n    LLEGIR M\u00c9S +\n  <\/p>\n<\/div><div class=\"fusion-clearfix\"><\/div><\/div><\/div><\/div><\/div>\n<\/p>\n","protected":false},"featured_media":0,"template":"","class_list":["post-1454","dermatologia_estetic","type-dermatologia_estetic","status-publish","hentry"],"yoast_head":"<!-- This site is optimized with the Yoast SEO plugin v28.4 - https:\/\/yoast.com\/product\/yoast-seo-wordpress\/ -->\n<title>TRATAMIENTO DE LA CELULITIS Y LA FLACIDEZ - Idermic. Dermatolog\u00eda en Terrassa<\/title>\n<meta name=\"description\" content=\"Celulitis y flacidez: conoce los tratamientos para mejorar la firmeza de la piel, reducir la piel de naranja y remodelar la silueta.\" \/>\n<meta name=\"robots\" content=\"index, follow, max-snippet:-1, max-image-preview:large, max-video-preview:-1\" \/>\n<link rel=\"canonical\" href=\"https:\/\/www.idermic.es\/es\/dermatologia_estetic\/tratamiento-celulitis-flacidez\/\" \/>\n<meta property=\"og:locale\" content=\"es_ES\" \/>\n<meta property=\"og:type\" content=\"article\" \/>\n<meta property=\"og:title\" content=\"TRATAMIENTO DE LA CELULITIS Y LA FLACIDEZ - Idermic. Dermatolog\u00eda en Terrassa\" \/>\n<meta property=\"og:description\" content=\"Celulitis y flacidez: conoce los tratamientos para mejorar la firmeza de la piel, reducir la piel de naranja y remodelar la silueta.\" \/>\n<meta property=\"og:url\" content=\"https:\/\/www.idermic.es\/es\/dermatologia_estetic\/tratamiento-celulitis-flacidez\/\" \/>\n<meta property=\"og:site_name\" content=\"Idermic. Dermatolog\u00eda en Terrassa\" \/>\n<meta property=\"article:publisher\" content=\"https:\/\/www.facebook.com\/Idermic\" \/>\n<meta property=\"article:modified_time\" content=\"2026-09-02T06:23:21+00:00\" \/>\n<meta property=\"og:image\" content=\"https:\/\/www.idermic.es\/wp-content\/uploads\/2019\/01\/glass_green-1.jpg\" \/>\n\t<meta property=\"og:image:width\" content=\"115\" \/>\n\t<meta property=\"og:image:height\" content=\"2\" \/>\n\t<meta property=\"og:image:type\" content=\"image\/jpeg\" \/>\n<meta name=\"twitter:card\" content=\"summary_large_image\" \/>\n<meta name=\"twitter:site\" content=\"@idermic\" \/>\n<script type=\"application\/ld+json\" class=\"yoast-schema-graph\">{\"@context\":\"https:\\\/\\\/schema.org\",\"@graph\":[{\"@type\":\"WebPage\",\"@id\":\"https:\\\/\\\/www.idermic.es\\\/es\\\/dermatologia_estetic\\\/tratamiento-celulitis-flacidez\\\/\",\"url\":\"https:\\\/\\\/www.idermic.es\\\/es\\\/dermatologia_estetic\\\/tratamiento-celulitis-flacidez\\\/\",\"name\":\"TRATAMIENTO DE LA CELULITIS Y LA FLACIDEZ - Idermic. Dermatolog\u00eda en Terrassa\",\"isPartOf\":{\"@id\":\"https:\\\/\\\/www.idermic.es\\\/#website\"},\"primaryImageOfPage\":{\"@id\":\"https:\\\/\\\/www.idermic.es\\\/es\\\/dermatologia_estetic\\\/tratamiento-celulitis-flacidez\\\/#primaryimage\"},\"image\":{\"@id\":\"https:\\\/\\\/www.idermic.es\\\/es\\\/dermatologia_estetic\\\/tratamiento-celulitis-flacidez\\\/#primaryimage\"},\"thumbnailUrl\":\"https:\\\/\\\/www.idermic.es\\\/wp-content\\\/uploads\\\/2019\\\/01\\\/glass_green-1.jpg\",\"datePublished\":\"2019-01-30T10:33:02+00:00\",\"dateModified\":\"2026-09-02T06:23:21+00:00\",\"description\":\"Celulitis y flacidez: conoce los tratamientos para mejorar la firmeza de la piel, reducir la piel de naranja y remodelar la silueta.\",\"breadcrumb\":{\"@id\":\"https:\\\/\\\/www.idermic.es\\\/es\\\/dermatologia_estetic\\\/tratamiento-celulitis-flacidez\\\/#breadcrumb\"},\"inLanguage\":\"es\",\"potentialAction\":[{\"@type\":\"ReadAction\",\"target\":[\"https:\\\/\\\/www.idermic.es\\\/es\\\/dermatologia_estetic\\\/tratamiento-celulitis-flacidez\\\/\"]}]},{\"@type\":\"ImageObject\",\"inLanguage\":\"es\",\"@id\":\"https:\\\/\\\/www.idermic.es\\\/es\\\/dermatologia_estetic\\\/tratamiento-celulitis-flacidez\\\/#primaryimage\",\"url\":\"https:\\\/\\\/www.idermic.es\\\/wp-content\\\/uploads\\\/2019\\\/01\\\/glass_green-1.jpg\",\"contentUrl\":\"https:\\\/\\\/www.idermic.es\\\/wp-content\\\/uploads\\\/2019\\\/01\\\/glass_green-1.jpg\"},{\"@type\":\"BreadcrumbList\",\"@id\":\"https:\\\/\\\/www.idermic.es\\\/es\\\/dermatologia_estetic\\\/tratamiento-celulitis-flacidez\\\/#breadcrumb\",\"itemListElement\":[{\"@type\":\"ListItem\",\"position\":1,\"name\":\"Inici\",\"item\":\"https:\\\/\\\/www.idermic.es\\\/es\\\/\"},{\"@type\":\"ListItem\",\"position\":2,\"name\":\"TRATAMIENTO DE LA CELULITIS Y LA FLACIDEZ\"}]},{\"@type\":\"WebSite\",\"@id\":\"https:\\\/\\\/www.idermic.es\\\/#website\",\"url\":\"https:\\\/\\\/www.idermic.es\\\/\",\"name\":\"Idermic. Dermatolog\u00eda en Terrassa\",\"description\":\"Dermatolog\u00eda, Medicina est\u00e9tica, Cirurg\u00eda Pl\u00e0stica\",\"publisher\":{\"@id\":\"https:\\\/\\\/www.idermic.es\\\/#organization\"},\"potentialAction\":[{\"@type\":\"SearchAction\",\"target\":{\"@type\":\"EntryPoint\",\"urlTemplate\":\"https:\\\/\\\/www.idermic.es\\\/?s={search_term_string}\"},\"query-input\":{\"@type\":\"PropertyValueSpecification\",\"valueRequired\":true,\"valueName\":\"search_term_string\"}}],\"inLanguage\":\"es\"},{\"@type\":\"Organization\",\"@id\":\"https:\\\/\\\/www.idermic.es\\\/#organization\",\"name\":\"Idermic. Dermatolog\u00eda en Terrassa\",\"url\":\"https:\\\/\\\/www.idermic.es\\\/\",\"logo\":{\"@type\":\"ImageObject\",\"inLanguage\":\"es\",\"@id\":\"https:\\\/\\\/www.idermic.es\\\/#\\\/schema\\\/logo\\\/image\\\/\",\"url\":\"https:\\\/\\\/www.idermic.es\\\/wp-content\\\/uploads\\\/2025\\\/10\\\/Logo-Idermic.jpg\",\"contentUrl\":\"https:\\\/\\\/www.idermic.es\\\/wp-content\\\/uploads\\\/2025\\\/10\\\/Logo-Idermic.jpg\",\"width\":501,\"height\":502,\"caption\":\"Idermic. Dermatolog\u00eda en Terrassa\"},\"image\":{\"@id\":\"https:\\\/\\\/www.idermic.es\\\/#\\\/schema\\\/logo\\\/image\\\/\"},\"sameAs\":[\"https:\\\/\\\/www.facebook.com\\\/Idermic\",\"https:\\\/\\\/x.com\\\/idermic\",\"https:\\\/\\\/www.instagram.com\\\/idermicclinic\\\/\",\"https:\\\/\\\/www.youtube.com\\\/channel\\\/UCyAHC9-p8lc6hr_nguO8p_g\"]}]}<\/script>\n<!-- \/ Yoast SEO plugin. -->","yoast_head_json":{"title":"TRATAMIENTO DE LA CELULITIS Y LA FLACIDEZ - Idermic. Dermatolog\u00eda en Terrassa","description":"Celulitis y flacidez: conoce los tratamientos para mejorar la firmeza de la piel, reducir la piel de naranja y remodelar la silueta.","robots":{"index":"index","follow":"follow","max-snippet":"max-snippet:-1","max-image-preview":"max-image-preview:large","max-video-preview":"max-video-preview:-1"},"canonical":"https:\/\/www.idermic.es\/es\/dermatologia_estetic\/tratamiento-celulitis-flacidez\/","og_locale":"es_ES","og_type":"article","og_title":"TRATAMIENTO DE LA CELULITIS Y LA FLACIDEZ - Idermic. Dermatolog\u00eda en Terrassa","og_description":"Celulitis y flacidez: conoce los tratamientos para mejorar la firmeza de la piel, reducir la piel de naranja y remodelar la silueta.","og_url":"https:\/\/www.idermic.es\/es\/dermatologia_estetic\/tratamiento-celulitis-flacidez\/","og_site_name":"Idermic. Dermatolog\u00eda en Terrassa","article_publisher":"https:\/\/www.facebook.com\/Idermic","article_modified_time":"2026-09-02T06:23:21+00:00","og_image":[{"width":115,"height":2,"url":"https:\/\/www.idermic.es\/wp-content\/uploads\/2019\/01\/glass_green-1.jpg","type":"image\/jpeg"}],"twitter_card":"summary_large_image","twitter_site":"@idermic","schema":{"@context":"https:\/\/schema.org","@graph":[{"@type":"WebPage","@id":"https:\/\/www.idermic.es\/es\/dermatologia_estetic\/tratamiento-celulitis-flacidez\/","url":"https:\/\/www.idermic.es\/es\/dermatologia_estetic\/tratamiento-celulitis-flacidez\/","name":"TRATAMIENTO DE LA CELULITIS Y LA FLACIDEZ - Idermic. Dermatolog\u00eda en Terrassa","isPartOf":{"@id":"https:\/\/www.idermic.es\/#website"},"primaryImageOfPage":{"@id":"https:\/\/www.idermic.es\/es\/dermatologia_estetic\/tratamiento-celulitis-flacidez\/#primaryimage"},"image":{"@id":"https:\/\/www.idermic.es\/es\/dermatologia_estetic\/tratamiento-celulitis-flacidez\/#primaryimage"},"thumbnailUrl":"https:\/\/www.idermic.es\/wp-content\/uploads\/2019\/01\/glass_green-1.jpg","datePublished":"2019-01-30T10:33:02+00:00","dateModified":"2026-09-02T06:23:21+00:00","description":"Celulitis y flacidez: conoce los tratamientos para mejorar la firmeza de la piel, reducir la piel de naranja y remodelar la silueta.","breadcrumb":{"@id":"https:\/\/www.idermic.es\/es\/dermatologia_estetic\/tratamiento-celulitis-flacidez\/#breadcrumb"},"inLanguage":"es","potentialAction":[{"@type":"ReadAction","target":["https:\/\/www.idermic.es\/es\/dermatologia_estetic\/tratamiento-celulitis-flacidez\/"]}]},{"@type":"ImageObject","inLanguage":"es","@id":"https:\/\/www.idermic.es\/es\/dermatologia_estetic\/tratamiento-celulitis-flacidez\/#primaryimage","url":"https:\/\/www.idermic.es\/wp-content\/uploads\/2019\/01\/glass_green-1.jpg","contentUrl":"https:\/\/www.idermic.es\/wp-content\/uploads\/2019\/01\/glass_green-1.jpg"},{"@type":"BreadcrumbList","@id":"https:\/\/www.idermic.es\/es\/dermatologia_estetic\/tratamiento-celulitis-flacidez\/#breadcrumb","itemListElement":[{"@type":"ListItem","position":1,"name":"Inici","item":"https:\/\/www.idermic.es\/es\/"},{"@type":"ListItem","position":2,"name":"TRATAMIENTO DE LA CELULITIS Y LA FLACIDEZ"}]},{"@type":"WebSite","@id":"https:\/\/www.idermic.es\/#website","url":"https:\/\/www.idermic.es\/","name":"Idermic. Dermatolog\u00eda en Terrassa","description":"Dermatolog\u00eda, Medicina est\u00e9tica, Cirurg\u00eda Pl\u00e0stica","publisher":{"@id":"https:\/\/www.idermic.es\/#organization"},"potentialAction":[{"@type":"SearchAction","target":{"@type":"EntryPoint","urlTemplate":"https:\/\/www.idermic.es\/?s={search_term_string}"},"query-input":{"@type":"PropertyValueSpecification","valueRequired":true,"valueName":"search_term_string"}}],"inLanguage":"es"},{"@type":"Organization","@id":"https:\/\/www.idermic.es\/#organization","name":"Idermic. Dermatolog\u00eda en Terrassa","url":"https:\/\/www.idermic.es\/","logo":{"@type":"ImageObject","inLanguage":"es","@id":"https:\/\/www.idermic.es\/#\/schema\/logo\/image\/","url":"https:\/\/www.idermic.es\/wp-content\/uploads\/2025\/10\/Logo-Idermic.jpg","contentUrl":"https:\/\/www.idermic.es\/wp-content\/uploads\/2025\/10\/Logo-Idermic.jpg","width":501,"height":502,"caption":"Idermic. Dermatolog\u00eda en Terrassa"},"image":{"@id":"https:\/\/www.idermic.es\/#\/schema\/logo\/image\/"},"sameAs":["https:\/\/www.facebook.com\/Idermic","https:\/\/x.com\/idermic","https:\/\/www.instagram.com\/idermicclinic\/","https:\/\/www.youtube.com\/channel\/UCyAHC9-p8lc6hr_nguO8p_g"]}]}},"_links":{"self":[{"href":"https:\/\/www.idermic.es\/es\/wp-json\/wp\/v2\/dermatologia_estetic\/1454","targetHints":{"allow":["GET"]}}],"collection":[{"href":"https:\/\/www.idermic.es\/es\/wp-json\/wp\/v2\/dermatologia_estetic"}],"about":[{"href":"https:\/\/www.idermic.es\/es\/wp-json\/wp\/v2\/types\/dermatologia_estetic"}],"wp:attachment":[{"href":"https:\/\/www.idermic.es\/es\/wp-json\/wp\/v2\/media?parent=1454"}],"curies":[{"name":"wp","href":"https:\/\/api.w.org\/{rel}","templated":true}]}}