{"id":1400,"date":"2019-01-23T10:29:32","date_gmt":"2019-01-23T10:29:32","guid":{"rendered":"http:\/\/www.idermic.es\/dermatologia_clinica\/acne\/"},"modified":"2026-07-11T08:16:43","modified_gmt":"2026-07-11T08:16:43","slug":"acne","status":"publish","type":"dermatologia_clinica","link":"https:\/\/www.idermic.es\/es\/dermatologia_clinica\/acne\/","title":{"rendered":"Acn\u00e9"},"content":{"rendered":"<p><div class=\"fusion-fullwidth fullwidth-box fusion-builder-row-1 nonhundred-percent-fullwidth non-hundred-percent-height-scrolling\" style=\"--awb-border-radius-top-left:0px;--awb-border-radius-top-right:0px;--awb-border-radius-bottom-right:0px;--awb-border-radius-bottom-left:0px;--awb-padding-top:25px;--awb-flex-wrap:wrap;\" ><div class=\"fusion-builder-row fusion-row\"><div class=\"fusion-layout-column fusion_builder_column fusion-builder-column-0 fusion_builder_column_1_1 1_1 fusion-one-full fusion-column-first fusion-column-last\" style=\"--awb-padding-bottom:40px;--awb-bg-size:cover;\"><div class=\"fusion-column-wrapper fusion-flex-column-wrapper-legacy\"><div class=\"fusion-text fusion-text-1\"><h1 style=\"text-align: center;\">DERMATOLOG\u00cdA CL\u00cdNICA<\/h1>\n<p><img decoding=\"async\" class=\"alignnone size-full wp-image-382 aligncenter\" src=\"https:\/\/www.idermic.es\/wp-content\/uploads\/2019\/01\/glass_green-1.jpg\" alt=\"\" width=\"115\" height=\"2\" srcset=\"https:\/\/www.idermic.es\/wp-content\/uploads\/2019\/01\/glass_green-1-66x2.jpg 66w, https:\/\/www.idermic.es\/wp-content\/uploads\/2019\/01\/glass_green-1.jpg 115w\" sizes=\"(max-width: 115px) 100vw, 115px\" \/><\/p>\n<\/div><div class=\"fusion-clearfix\"><\/div><\/div><\/div><\/div><\/div><div class=\"fusion-fullwidth fullwidth-box fusion-builder-row-2 nonhundred-percent-fullwidth non-hundred-percent-height-scrolling\" style=\"--awb-border-radius-top-left:0px;--awb-border-radius-top-right:0px;--awb-border-radius-bottom-right:0px;--awb-border-radius-bottom-left:0px;--awb-flex-wrap:wrap;\" ><div class=\"fusion-builder-row fusion-row\"><div class=\"fusion-layout-column fusion_builder_column fusion-builder-column-1 fusion_builder_column_1_3 1_3 fusion-one-third fusion-column-first\" style=\"--awb-bg-size:cover;width:33.333333333333%;width:calc(33.333333333333% - ( ( 4% + 4% ) * 0.33333333333333 ) );margin-right: 4%;\"><div class=\"fusion-column-wrapper fusion-flex-column-wrapper-legacy\"><div class=\"fusion-image-element in-legacy-container\" style=\"--awb-caption-title-font-family:var(--h2_typography-font-family);--awb-caption-title-font-weight:var(--h2_typography-font-weight);--awb-caption-title-font-style:var(--h2_typography-font-style);--awb-caption-title-size:var(--h2_typography-font-size);--awb-caption-title-transform:var(--h2_typography-text-transform);--awb-caption-title-line-height:var(--h2_typography-line-height);--awb-caption-title-letter-spacing:var(--h2_typography-letter-spacing);\"><span class=\" fusion-imageframe imageframe-none imageframe-1 hover-type-none\"><img decoding=\"async\" width=\"356\" height=\"2\" title=\"line_green\" src=\"https:\/\/www.idermic.es\/wp-content\/uploads\/2019\/01\/line_green.jpg\" alt class=\"img-responsive wp-image-1002\" srcset=\"https:\/\/www.idermic.es\/wp-content\/uploads\/2019\/01\/line_green-200x1.jpg 200w, https:\/\/www.idermic.es\/wp-content\/uploads\/2019\/01\/line_green.jpg 356w\" sizes=\"(max-width: 800px) 100vw, 356px\" \/><\/span><\/div><div class=\"fusion-title title fusion-title-1 fusion-sep-none fusion-title-text fusion-title-size-two\"><h2 class=\"fusion-title-heading title-heading-left\" style=\"margin:0;\">ACN\u00c9<\/h2><\/div><div class=\"fusion-title title fusion-title-2 fusion-sep-none fusion-title-text fusion-title-size-six\" style=\"--awb-margin-top:60px;\"><h6 class=\"fusion-title-heading title-heading-left\" style=\"margin:0;\">Para lucir una piel m\u00e1s sana<\/h6><\/div><div class=\"fusion-clearfix\"><\/div><\/div><\/div><div class=\"fusion-layout-column fusion_builder_column fusion-builder-column-2 fusion_builder_column_1_3 1_3 fusion-one-third\" style=\"--awb-bg-size:cover;width:33.333333333333%;width:calc(33.333333333333% - ( ( 4% + 4% ) * 0.33333333333333 ) );margin-right: 4%;\"><div class=\"fusion-column-wrapper fusion-flex-column-wrapper-legacy\"><div class=\"fusion-image-element in-legacy-container\" style=\"--awb-caption-title-font-family:var(--h2_typography-font-family);--awb-caption-title-font-weight:var(--h2_typography-font-weight);--awb-caption-title-font-style:var(--h2_typography-font-style);--awb-caption-title-size:var(--h2_typography-font-size);--awb-caption-title-transform:var(--h2_typography-text-transform);--awb-caption-title-line-height:var(--h2_typography-line-height);--awb-caption-title-letter-spacing:var(--h2_typography-letter-spacing);\"><span class=\" fusion-imageframe imageframe-none imageframe-2 hover-type-none\"><img decoding=\"async\" width=\"356\" height=\"2\" title=\"line_green\" src=\"https:\/\/www.idermic.es\/wp-content\/uploads\/2019\/01\/line_green.jpg\" alt class=\"img-responsive wp-image-1002\" srcset=\"https:\/\/www.idermic.es\/wp-content\/uploads\/2019\/01\/line_green-200x1.jpg 200w, https:\/\/www.idermic.es\/wp-content\/uploads\/2019\/01\/line_green.jpg 356w\" sizes=\"(max-width: 800px) 100vw, 356px\" \/><\/span><\/div><div class=\"fusion-text fusion-text-2\"><p>El <a href=\"https:\/\/www.idermic.es\/es\/enfermedades-dermatologicas\/#acne\">acn\u00e9<\/a> es una enfermedad cr\u00f3nica inflamatoria de la piel que involucra las unidades piloseb\u00e1ceas (fol\u00edculo piloso y gl\u00e1ndulas seb\u00e1ceas), caracterizada por la formaci\u00f3n de barbos, p\u00e0pules, p\u00fastulas, n\u00f3dulos y cicatrices, que aparece principalmente a la cara y parte superior del tronco.<\/p>\n<p>El 85% de los adolescentes se ven afectados por esta condici\u00f3n, algunos manteni\u00e9ndola durante su vida adulta. La etiolog\u00eda del acn\u00e9 es multifactorial y se desconoce por qu\u00e9 algunas personas padeixen acn\u00e9 y otros no, pero se sabe que es parcialmente hereditario y hay nada implicados en la predisposici\u00f3n a desarrollarlo.<\/p>\n<p>El tratamiento del acn\u00e9 depende de la extensi\u00f3n y la intensidad de la enfermedad, de la producci\u00f3n de cicatrices y de factores del paciente como su edad, estado hormonal o caracter\u00edsticas de la piel, as\u00ed como de las secuelas psicol\u00f3gicas e impacto en la calidad de vida. Iniciar el tratamiento de forma precoz puede evitar las cicatrices f\u00edsicas y psicol\u00f3gicas.<\/p>\n<\/div><div class=\"fusion-clearfix\"><\/div><\/div><\/div><div class=\"fusion-layout-column fusion_builder_column fusion-builder-column-3 fusion_builder_column_1_3 1_3 fusion-one-third fusion-column-last\" style=\"--awb-bg-size:cover;width:33.333333333333%;width:calc(33.333333333333% - ( ( 4% + 4% ) * 0.33333333333333 ) );\"><div class=\"fusion-column-wrapper fusion-flex-column-wrapper-legacy\"><div class=\"fusion-image-element in-legacy-container\" style=\"--awb-caption-title-font-family:var(--h2_typography-font-family);--awb-caption-title-font-weight:var(--h2_typography-font-weight);--awb-caption-title-font-style:var(--h2_typography-font-style);--awb-caption-title-size:var(--h2_typography-font-size);--awb-caption-title-transform:var(--h2_typography-text-transform);--awb-caption-title-line-height:var(--h2_typography-line-height);--awb-caption-title-letter-spacing:var(--h2_typography-letter-spacing);\"><span class=\" fusion-imageframe imageframe-none imageframe-3 hover-type-none\"><img decoding=\"async\" width=\"600\" height=\"757\" alt=\"Dermatolog\u00eda cl\u00ednica. Liposucci\u00f3n. Cl\u00ednica Idermic\" title=\"cp_liposuccio_idermic-600&#215;757\" src=\"https:\/\/www.idermic.es\/wp-content\/uploads\/2026\/01\/cp_liposuccio_idermic-600x757-2.jpg\" class=\"img-responsive wp-image-9226\" srcset=\"https:\/\/www.idermic.es\/wp-content\/uploads\/2026\/01\/cp_liposuccio_idermic-600x757-2-200x252.jpg 200w, https:\/\/www.idermic.es\/wp-content\/uploads\/2026\/01\/cp_liposuccio_idermic-600x757-2-400x505.jpg 400w, https:\/\/www.idermic.es\/wp-content\/uploads\/2026\/01\/cp_liposuccio_idermic-600x757-2.jpg 600w\" sizes=\"(max-width: 800px) 100vw, 400px\" \/><\/span><\/div><div class=\"fusion-clearfix\"><\/div><\/div><\/div><\/div><\/div><div class=\"fusion-fullwidth fullwidth-box fusion-builder-row-3 nonhundred-percent-fullwidth non-hundred-percent-height-scrolling\" style=\"--awb-border-radius-top-left:0px;--awb-border-radius-top-right:0px;--awb-border-radius-bottom-right:0px;--awb-border-radius-bottom-left:0px;--awb-flex-wrap:wrap;\" ><div class=\"fusion-builder-row fusion-row\"><div class=\"fusion-layout-column fusion_builder_column fusion-builder-column-4 fusion_builder_column_1_1 1_1 fusion-one-full fusion-column-first fusion-column-last\" style=\"--awb-bg-size:cover;\"><div class=\"fusion-column-wrapper fusion-flex-column-wrapper-legacy\"><div class=\"accordian fusion-accordian\" style=\"--awb-border-size:1px;--awb-icon-size:13px;--awb-content-font-size:15px;--awb-icon-alignment:left;--awb-hover-color:#f9f9f9;--awb-border-color:#cccccc;--awb-background-color:#ffffff;--awb-divider-color:#e0dede;--awb-divider-hover-color:#e0dede;--awb-icon-color:#ffffff;--awb-title-color:#ddbcb0;--awb-content-color:#505050;--awb-icon-box-color:#000000;--awb-toggle-hover-accent-color:#ddbcb0;--awb-title-font-family:&quot;Montserrat&quot;;--awb-title-font-weight:400;--awb-title-font-style:normal;--awb-content-font-family:&quot;Montserrat&quot;;--awb-content-font-style:normal;--awb-content-font-weight:300;\"><div class=\"panel-group fusion-toggle-icon-boxed\" id=\"accordion-1400-1\"><div class=\"fusion-panel panel-default panel-5c5baa48157988b59 fusion-toggle-has-divider\"><div class=\"panel-heading\"><h4 class=\"panel-title toggle\" id=\"toggle_5c5baa48157988b59\"><a aria-expanded=\"false\" aria-controls=\"5c5baa48157988b59\" role=\"button\" data-toggle=\"collapse\" data-parent=\"#accordion-1400-1\" data-target=\"#5c5baa48157988b59\" href=\"#5c5baa48157988b59\"><span class=\"fusion-toggle-icon-wrapper\" aria-hidden=\"true\"><i class=\"fa-fusion-box active-icon awb-icon-minus\" aria-hidden=\"true\"><\/i><i class=\"fa-fusion-box inactive-icon awb-icon-plus\" aria-hidden=\"true\"><\/i><\/span><span class=\"fusion-toggle-heading\">Acerca del acn\u00e9<\/span><\/a><\/h4><\/div><div id=\"5c5baa48157988b59\" class=\"panel-collapse collapse \" aria-labelledby=\"toggle_5c5baa48157988b59\"><div class=\"panel-body toggle-content fusion-clearfix\">\n<p>El acn\u00e9 es una enfermedad inflamatoria cr\u00f3nica de la piel que afecta con mayor frecuencia a adolescentes durante la pubertad, aunque tambi\u00e9n puede persistir o aparecer en la edad adulta. Se manifiesta en forma de lesiones como comedones abiertos (puntos negros), comedones cerrados (puntos blancos), p\u00e1pulas, p\u00fastulas, n\u00f3dulos y quistes, localizados sobre todo en el rostro, la zona superior del pecho y la espalda.<\/p>\n<p>Su origen est\u00e1 relacionado con la obstrucci\u00f3n de los fol\u00edculos piloseb\u00e1ceos debido a un exceso de sebo, acumulaci\u00f3n de c\u00e9lulas muertas y proliferaci\u00f3n de la bacteria <em>Cutibacterium acnes<\/em>, lo que desencadena inflamaci\u00f3n. Factores hormonales como el aumento de andr\u00f3genos, predisposici\u00f3n gen\u00e9tica, estr\u00e9s, determinados medicamentos y el uso de productos cosm\u00e9ticos comedog\u00e9nicos pueden agravar el cuadro. Aunque el acn\u00e9 no es una enfermedad grave, puede afectar significativamente la autoestima y dejar cicatrices si no se trata de manera adecuada. Por ello, su abordaje m\u00e9dico es esencial.<\/p>\n<\/div><\/div><\/div><div class=\"fusion-panel panel-default panel-9bf2b33e045a33d3c fusion-toggle-has-divider\"><div class=\"panel-heading\"><h4 class=\"panel-title toggle\" id=\"toggle_9bf2b33e045a33d3c\"><a aria-expanded=\"false\" aria-controls=\"9bf2b33e045a33d3c\" role=\"button\" data-toggle=\"collapse\" data-parent=\"#accordion-1400-1\" data-target=\"#9bf2b33e045a33d3c\" href=\"#9bf2b33e045a33d3c\"><span class=\"fusion-toggle-icon-wrapper\" aria-hidden=\"true\"><i class=\"fa-fusion-box active-icon awb-icon-minus\" aria-hidden=\"true\"><\/i><i class=\"fa-fusion-box inactive-icon awb-icon-plus\" aria-hidden=\"true\"><\/i><\/span><span class=\"fusion-toggle-heading\">S\u00edntomas del acn\u00e9<\/span><\/a><\/h4><\/div><div id=\"9bf2b33e045a33d3c\" class=\"panel-collapse collapse \" aria-labelledby=\"toggle_9bf2b33e045a33d3c\"><div class=\"panel-body toggle-content fusion-clearfix\">\n<p>El acn\u00e9 se manifiesta a trav\u00e9s de una serie de s\u00edntomas visibles en la piel, que var\u00edan en gravedad dependiendo del tipo de acn\u00e9 y del individuo:<\/p>\n<ol>\n<li><strong>Puntos negros y blancos<\/strong>: Los puntos negros (comedones abiertos) y los puntos blancos (comedones cerrados) son el resultado de poros obstruidos. Los puntos negros tienen un aspecto oscuro debido a la oxidaci\u00f3n de la grasa en la superficie de la piel, mientras que los puntos blancos permanecen cerrados.<\/li>\n<li><strong>P\u00e1pulas<\/strong>: Son peque\u00f1as protuberancias rojizas y dolorosas que aparecen en la piel. Se forman cuando la pared de un fol\u00edculo piloso se inflama o se infecta.<\/li>\n<li><strong>P\u00fastulas<\/strong>: Similar a las p\u00e1pulas, las p\u00fastulas son protuberancias inflamadas pero con un centro blanco o amarillo, que indica la presencia de pus.<\/li>\n<li><strong>N\u00f3dulos<\/strong>: Estas son lesiones cut\u00e1neas m\u00e1s profundas y dolorosas, que se forman debajo de la superficie de la piel. Los n\u00f3dulos pueden dejar cicatrices si no se tratan adecuadamente.<\/li>\n<li><strong>Quistes<\/strong>: Los quistes de acn\u00e9 son las lesiones m\u00e1s graves y se presentan como bultos grandes, dolorosos y llenos de pus. Los quistes suelen dejar cicatrices notables.<\/li>\n<\/ol>\n<\/div><\/div><\/div><div class=\"fusion-panel panel-default panel-8f8dec2dbbb768d0c fusion-toggle-has-divider\"><div class=\"panel-heading\"><h4 class=\"panel-title toggle\" id=\"toggle_8f8dec2dbbb768d0c\"><a aria-expanded=\"false\" aria-controls=\"8f8dec2dbbb768d0c\" role=\"button\" data-toggle=\"collapse\" data-parent=\"#accordion-1400-1\" data-target=\"#8f8dec2dbbb768d0c\" href=\"#8f8dec2dbbb768d0c\"><span class=\"fusion-toggle-icon-wrapper\" aria-hidden=\"true\"><i class=\"fa-fusion-box active-icon awb-icon-minus\" aria-hidden=\"true\"><\/i><i class=\"fa-fusion-box inactive-icon awb-icon-plus\" aria-hidden=\"true\"><\/i><\/span><span class=\"fusion-toggle-heading\">Diagn\u00f3stico<\/span><\/a><\/h4><\/div><div id=\"8f8dec2dbbb768d0c\" class=\"panel-collapse collapse \" aria-labelledby=\"toggle_8f8dec2dbbb768d0c\"><div class=\"panel-body toggle-content fusion-clearfix\">\n<p>El diagn\u00f3stico del acn\u00e9 se basa fundamentalmente en una evaluaci\u00f3n cl\u00ednica realizada por un dermat\u00f3logo. A trav\u00e9s de la observaci\u00f3n directa de la piel, el especialista identifica el tipo de lesiones presentes (comedones, p\u00e1pulas, p\u00fastulas, n\u00f3dulos o quistes), su localizaci\u00f3n y extensi\u00f3n, lo que permite clasificar el acn\u00e9 en leve, moderado o severo. Esta clasificaci\u00f3n es esencial para seleccionar el tratamiento m\u00e1s adecuado.<\/p>\n<p>En la mayor\u00eda de los casos, no se requieren pruebas complementarias. Sin embargo, cuando el acn\u00e9 aparece de forma tard\u00eda en adultos, es persistente, resistente a tratamientos previos o se asocia a signos de alteraciones hormonales (como irregularidades menstruales, hirsutismo o alopecia), pueden indicarse an\u00e1lisis de sangre para valorar los niveles hormonales. Tambi\u00e9n es importante descartar la influencia de medicamentos, cosm\u00e9ticos o condiciones m\u00e9dicas subyacentes. Un diagn\u00f3stico preciso no solo permite tratar eficazmente el acn\u00e9, sino tambi\u00e9n prevenir complicaciones como las cicatrices permanentes o el impacto psicol\u00f3gico asociado.<\/p>\n<\/div><\/div><\/div><div class=\"fusion-panel panel-default panel-c8070de573adf34a5 fusion-toggle-has-divider\"><div class=\"panel-heading\"><h4 class=\"panel-title toggle\" id=\"toggle_c8070de573adf34a5\"><a aria-expanded=\"false\" aria-controls=\"c8070de573adf34a5\" role=\"button\" data-toggle=\"collapse\" data-parent=\"#accordion-1400-1\" data-target=\"#c8070de573adf34a5\" href=\"#c8070de573adf34a5\"><span class=\"fusion-toggle-icon-wrapper\" aria-hidden=\"true\"><i class=\"fa-fusion-box active-icon awb-icon-minus\" aria-hidden=\"true\"><\/i><i class=\"fa-fusion-box inactive-icon awb-icon-plus\" aria-hidden=\"true\"><\/i><\/span><span class=\"fusion-toggle-heading\">Tratamiento del acn\u00e9<\/span><\/a><\/h4><\/div><div id=\"c8070de573adf34a5\" class=\"panel-collapse collapse \" aria-labelledby=\"toggle_c8070de573adf34a5\"><div class=\"panel-body toggle-content fusion-clearfix\">\n<p>El abordaje terap\u00e9utico del acn\u00e9 debe adaptarse al tipo y grado de severidad de las lesiones, as\u00ed como a la edad, el sexo y las condiciones de salud del paciente. En muchos casos se combinan varios enfoques para lograr resultados eficaces y duraderos:<\/p>\n<ul>\n<li><strong>Tratamientos t\u00f3picos<\/strong>:<br \/>\nSon la primera l\u00ednea de tratamiento en casos leves o moderados. Incluyen cremas, geles o lociones que contienen principios activos como el <em>per\u00f3xido de benzoilo<\/em>, con acci\u00f3n antibacteriana y antiinflamatoria; el <em>\u00e1cido salic\u00edlico<\/em>, que favorece la exfoliaci\u00f3n de la piel y desobstruye los poros; y los <em>retinoides t\u00f3picos<\/em> (como adapaleno o tretino\u00edna), que regulan la renovaci\u00f3n celular y previenen la formaci\u00f3n de comedones. La constancia en su aplicaci\u00f3n es clave para su efectividad.<\/li>\n<li><strong>Antibi\u00f3ticos<\/strong>:<br \/>\nSe emplean cuando hay inflamaci\u00f3n moderada o severa. Pueden aplicarse de forma t\u00f3pica (clindamicina, eritromicina) o administrarse por v\u00eda oral (doxiciclina, minociclina). Su objetivo es reducir la proliferaci\u00f3n de <em>Cutibacterium acnes<\/em>, la bacteria implicada en el proceso inflamatorio. El uso prolongado debe evitarse para prevenir resistencias.<\/li>\n<li><strong>Terapia hormonal<\/strong>:<br \/>\nIndicada especialmente en mujeres con acn\u00e9 hormonal o asociado a irregularidades menstruales. Los anticonceptivos orales con acci\u00f3n antiandrog\u00e9nica y medicamentos como la <em>espironolactona<\/em> ayudan a controlar la producci\u00f3n de sebo regulando el efecto de los andr\u00f3genos sobre las gl\u00e1ndulas seb\u00e1ceas.<\/li>\n<li><strong>Procedimientos dermatol\u00f3gicos<\/strong>:<br \/>\nPara casos persistentes, severos o con cicatrices, se pueden emplear t\u00e9cnicas como el <em>peeling qu\u00edmico<\/em> (que exfolia las capas superficiales de la piel), la <em>terapia con l\u00e1ser<\/em> (que reduce inflamaci\u00f3n y mejora cicatrices), o la <em>microdermoabrasi\u00f3n<\/em> (que estimula la regeneraci\u00f3n cut\u00e1nea). Estos procedimientos deben ser realizados por dermat\u00f3logos en entornos controlados y tras una evaluaci\u00f3n individualizada.<\/li>\n<\/ul>\n<\/div><\/div><\/div><div class=\"fusion-panel panel-default panel-27de6b07db52d41fb fusion-toggle-has-divider\"><div class=\"panel-heading\"><h4 class=\"panel-title toggle\" id=\"toggle_27de6b07db52d41fb\"><a aria-expanded=\"false\" aria-controls=\"27de6b07db52d41fb\" role=\"button\" data-toggle=\"collapse\" data-parent=\"#accordion-1400-1\" data-target=\"#27de6b07db52d41fb\" href=\"#27de6b07db52d41fb\"><span class=\"fusion-toggle-icon-wrapper\" aria-hidden=\"true\"><i class=\"fa-fusion-box active-icon awb-icon-minus\" aria-hidden=\"true\"><\/i><i class=\"fa-fusion-box inactive-icon awb-icon-plus\" aria-hidden=\"true\"><\/i><\/span><span class=\"fusion-toggle-heading\">Prevenci\u00f3n del acn\u00e9<\/span><\/a><\/h4><\/div><div id=\"27de6b07db52d41fb\" class=\"panel-collapse collapse \" aria-labelledby=\"toggle_27de6b07db52d41fb\"><div class=\"panel-body toggle-content fusion-clearfix\">\n<p>Prevenir la aparici\u00f3n del acn\u00e9 o evitar su empeoramiento requiere constancia en el cuidado diario de la piel, as\u00ed como la adopci\u00f3n de h\u00e1bitos saludables que favorezcan su equilibrio:<\/p>\n<ul>\n<li><strong>Higiene facial<\/strong>:<br \/>\nEs fundamental limpiar el rostro dos veces al d\u00eda, por la ma\u00f1ana y antes de acostarse, con un limpiador suave y adecuado al tipo de piel. Esto permite eliminar el exceso de sebo, las c\u00e9lulas muertas y los residuos ambientales que pueden acumularse y obstruir los poros.<\/li>\n<li><strong>No manipular las lesiones<\/strong>:<br \/>\nTocarse, apretar o rascar los granos puede agravar la inflamaci\u00f3n y provocar infecciones secundarias, adem\u00e1s de aumentar el riesgo de dejar marcas o cicatrices permanentes.<\/li>\n<li><strong>Dieta equilibrada<\/strong>:<br \/>\nAunque no hay una dieta \u00fanica para prevenir el acn\u00e9, diversos estudios sugieren que una alimentaci\u00f3n baja en az\u00facares refinados y grasas saturadas, y rica en frutas, verduras y alimentos con bajo \u00edndice gluc\u00e9mico, puede contribuir a mejorar el aspecto general de la piel.<\/li>\n<li><strong>Evitar productos comedog\u00e9nicos<\/strong>:<br \/>\nEs recomendable utilizar cosm\u00e9ticos, protectores solares y productos de higiene etiquetados como \u201cno comedog\u00e9nicos\u201d, ya que est\u00e1n formulados para no obstruir los poros y minimizar la aparici\u00f3n de brotes.<\/li>\n<\/ul>\n<\/div><\/div><\/div><div class=\"fusion-panel panel-default panel-7cc67c13a1c0d2129 fusion-toggle-has-divider\"><div class=\"panel-heading\"><h4 class=\"panel-title toggle\" id=\"toggle_7cc67c13a1c0d2129\"><a aria-expanded=\"false\" aria-controls=\"7cc67c13a1c0d2129\" role=\"button\" data-toggle=\"collapse\" data-parent=\"#accordion-1400-1\" data-target=\"#7cc67c13a1c0d2129\" href=\"#7cc67c13a1c0d2129\"><span class=\"fusion-toggle-icon-wrapper\" aria-hidden=\"true\"><i class=\"fa-fusion-box active-icon awb-icon-minus\" aria-hidden=\"true\"><\/i><i class=\"fa-fusion-box inactive-icon awb-icon-plus\" aria-hidden=\"true\"><\/i><\/span><span class=\"fusion-toggle-heading\">Factores de riesgo<\/span><\/a><\/h4><\/div><div id=\"7cc67c13a1c0d2129\" class=\"panel-collapse collapse \" aria-labelledby=\"toggle_7cc67c13a1c0d2129\"><div class=\"panel-body toggle-content fusion-clearfix\">\n<p>Diversos factores pueden influir en la aparici\u00f3n o agravamiento del acn\u00e9. Aunque no siempre son determinantes por s\u00ed solos, su presencia puede aumentar la probabilidad de desarrollar esta afecci\u00f3n cut\u00e1nea:<\/p>\n<ul>\n<li><strong>Factores hormonales<\/strong>:<br \/>\nLos cambios hormonales juegan un papel central en el desarrollo del acn\u00e9. Durante la adolescencia, el aumento de andr\u00f3genos estimula las gl\u00e1ndulas seb\u00e1ceas, incrementando la producci\u00f3n de sebo. En mujeres, los brotes tambi\u00e9n pueden estar relacionados con el ciclo menstrual, el embarazo o trastornos hormonales como el s\u00edndrome de ovario poliqu\u00edstico.<\/li>\n<li><strong>Gen\u00e9tica<\/strong>:<br \/>\nExiste una predisposici\u00f3n hereditaria importante. Si uno o ambos progenitores han tenido acn\u00e9, es m\u00e1s probable que los hijos tambi\u00e9n lo desarrollen, especialmente en formas moderadas o severas.<\/li>\n<li><strong>Estr\u00e9s<\/strong>:<br \/>\nAunque no es una causa directa, el estr\u00e9s emocional puede empeorar el acn\u00e9. Al aumentar los niveles de cortisol y otras hormonas, se estimula la producci\u00f3n de sebo y se favorece la inflamaci\u00f3n cut\u00e1nea.<\/li>\n<li><strong>Uso de ciertos medicamentos<\/strong>:<br \/>\nAlgunos f\u00e1rmacos como los corticosteroides, los anticonvulsivos, el litio o ciertos tratamientos hormonales pueden desencadenar o agravar el acn\u00e9. Es importante informar al dermat\u00f3logo sobre cualquier medicaci\u00f3n en curso al valorar un tratamiento.<\/li>\n<\/ul>\n<\/div><\/div><\/div><\/div><\/div><div class=\"fusion-clearfix\"><\/div><\/div><\/div><\/div><\/div><div class=\"fusion-fullwidth fullwidth-box fusion-builder-row-4 has-pattern-background has-mask-background nonhundred-percent-fullwidth non-hundred-percent-height-scrolling\" style=\"--awb-border-radius-top-left:0px;--awb-border-radius-top-right:0px;--awb-border-radius-bottom-right:0px;--awb-border-radius-bottom-left:0px;--awb-padding-top:20px;--awb-padding-bottom:32px;--awb-margin-top:48px;--awb-margin-bottom:32px;--awb-flex-wrap:wrap;\" ><div class=\"fusion-builder-row fusion-row\"><div class=\"fusion-layout-column fusion_builder_column fusion-builder-column-5 fusion_builder_column_1_2 1_2 fusion-one-half fusion-column-first fusion-column-inner-bg-wrapper\" style=\"--awb-padding-top:20px;--awb-padding-right:20px;--awb-padding-bottom:20px;--awb-padding-left:60px;--awb-inner-bg-color:#f4d0c2;--awb-inner-bg-color-hover:#f4d0c2;--awb-inner-bg-size:cover;width:50%;width:calc(50% - ( ( 4% ) * 0.5 ) );margin-right: 4%;\" data-scroll-devices=\"small-visibility,medium-visibility,large-visibility\"><span class=\"fusion-column-inner-bg hover-type-none\"><a class=\"fusion-column-anchor\" href=\"https:\/\/www.idermic.es\/es\/financiacion\/\"><span class=\"fusion-column-inner-bg-image\"><\/span><\/a><\/span><div class=\"fusion-column-wrapper fusion-column-has-shadow fusion-flex-column-wrapper-legacy\"><div style=\"text-align:center; max-width: 100%; width: calc(100% - 40px); margin: 0 auto;\">\n  <p style=\"color:white;margin:0;padding:15px 15px 0 15px;background-color:#ddbcb0;font-family:Montserrat;font-size:20px;font-weight:500;letter-spacing:2px;line-height:30px;\">\n    FINAN\u00c7AMENT 0% INTER\u00c8S\n  <\/p>\n  <p style=\"color:white;margin:0;padding:0 15px 15px 15px;background-color:#ddbcb0;font-family:Open Sans;font-size:12px;font-weight:500;letter-spacing:2px;line-height:30px;\">\n    LLEGIR M\u00c9S +\n  <\/p>\n<\/div><div class=\"fusion-clearfix\"><\/div><\/div><\/div><div class=\"fusion-layout-column fusion_builder_column fusion-builder-column-6 fusion_builder_column_1_2 1_2 fusion-one-half fusion-column-last fusion-column-inner-bg-wrapper\" style=\"--awb-padding-top:20px;--awb-padding-right:20px;--awb-padding-bottom:20px;--awb-padding-left:60px;--awb-inner-bg-color:#f4d0c2;--awb-inner-bg-color-hover:#f4d0c2;--awb-inner-bg-size:cover;width:50%;width:calc(50% - ( ( 4% ) * 0.5 ) );\" data-scroll-devices=\"small-visibility,medium-visibility,large-visibility\"><span class=\"fusion-column-inner-bg hover-type-none\"><a class=\"fusion-column-anchor\" href=\"https:\/\/www.idermic.es\/es\/preguntas-frecuentes\/\"><span class=\"fusion-column-inner-bg-image\"><\/span><\/a><\/span><div class=\"fusion-column-wrapper fusion-column-has-shadow fusion-flex-column-wrapper-legacy\"><div style=\"text-align:center; max-width: 100%; width: calc(100% - 40px); margin: 0 auto;\">\n  <p style=\"color:white;margin:0;padding:15px 15px 0 15px;background-color:#ddbcb0;font-family:Montserrat;font-size:20px;font-weight:500;letter-spacing:2px;line-height:30px;\">\n    PREGUNTES FREQ\u00dcENTS \n  <\/p>\n  <p style=\"color:white;margin:0;padding:0 15px 15px 15px;background-color:#ddbcb0;font-family:Open Sans;font-size:12px;font-weight:500;letter-spacing:2px;line-height:30px;\">\n    LLEGIR M\u00c9S +\n  <\/p>\n<\/div><div class=\"fusion-clearfix\"><\/div><\/div><\/div><\/div><\/div>\n<div class=\"fusion-fullwidth fullwidth-box fusion-builder-row-5 nonhundred-percent-fullwidth non-hundred-percent-height-scrolling\" style=\"--awb-border-radius-top-left:0px;--awb-border-radius-top-right:0px;--awb-border-radius-bottom-right:0px;--awb-border-radius-bottom-left:0px;--awb-flex-wrap:wrap;\" ><div class=\"fusion-builder-row fusion-row\"><div class=\"fusion-layout-column fusion_builder_column fusion-builder-column-7 fusion_builder_column_1_1 1_1 fusion-one-full fusion-column-first fusion-column-last\" style=\"--awb-bg-size:cover;\"><div class=\"fusion-column-wrapper fusion-flex-column-wrapper-legacy\"><div class=\"fusion-text fusion-text-3\"><h2 id=\"articulos\">Art\u00edculos sobre acn\u00e9<\/h2>\n<\/div><div class=\"fusion-recent-posts fusion-recent-posts-1 avada-container layout-default layout-columns-3\"><section class=\"fusion-columns columns fusion-columns-3 columns-3\"><article class=\"post fusion-column column col col-lg-4 col-md-4 col-sm-4\"><div class=\"fusion-flexslider fusion-flexslider-loading flexslider flexslider-hover-type-none\"><ul class=\"slides\"><li><a href=\"https:\/\/www.idermic.es\/es\/virus-del-papiloma-humano-vph\/\" aria-label=\"Virus del Papiloma Humano (VPH)\" class=\"hover-type-none\"><img decoding=\"async\" width=\"700\" height=\"441\" src=\"https:\/\/www.idermic.es\/wp-content\/uploads\/2025\/08\/Virus-del-Papiloma-Humano-VPH-700x441.jpg\" class=\"attachment-recent-posts size-recent-posts\" alt=\"Virus del Papiloma Humano (VPH)\" srcset=\"https:\/\/www.idermic.es\/wp-content\/uploads\/2025\/08\/Virus-del-Papiloma-Humano-VPH-320x202.jpg 320w, https:\/\/www.idermic.es\/wp-content\/uploads\/2025\/08\/Virus-del-Papiloma-Humano-VPH-700x441.jpg 700w\" sizes=\"(max-width: 700px) 100vw, 700px\" \/><\/a><\/li><\/ul><\/div><div class=\"recent-posts-content\"><span class=\"vcard\" style=\"display: none;\"><span class=\"fn\"><a href=\"https:\/\/www.idermic.es\/es\/author\/diccionario\/\" rel=\"author\">Equipo<\/a><\/span><\/span><span class=\"updated\" style=\"display:none;\">2025-08-15T13:25:33+00:00<\/span><h4 class=\"entry-title\"><a href=\"https:\/\/www.idermic.es\/es\/virus-del-papiloma-humano-vph\/\">Virus del Papiloma Humano (VPH)<\/a><\/h4><p class=\"meta\"><span class=\"vcard\" style=\"display: none;\"><span class=\"fn\"><a href=\"https:\/\/www.idermic.es\/es\/author\/diccionario\/\" rel=\"author\">Equipo<\/a><\/span><\/span><span class=\"updated\" style=\"display:none;\">2025-08-15T13:25:33+00:00<\/span><span>agosto 15th, 2025<\/span><span class=\"fusion-inline-sep\">|<\/span><span class=\"fusion-comments\"><a href=\"https:\/\/www.idermic.es\/es\/virus-del-papiloma-humano-vph\/#respond\">0 Comments<\/a><\/span><\/p><p>Todo sobre el VPH: causas, transmisi\u00f3n, s\u00edntomas, diagn\u00f3stico, prevenci\u00f3n y tratamiento para reducir riesgos y cuidar la salud.<\/p><\/div><\/article><article class=\"post fusion-column column col col-lg-4 col-md-4 col-sm-4\"><div class=\"fusion-flexslider fusion-flexslider-loading flexslider flexslider-hover-type-none\"><ul class=\"slides\"><li><a href=\"https:\/\/www.idermic.es\/es\/acne-cosmetico-todo-lo-que-debemos-saber\/\" aria-label=\"Acn\u00e9 cosm\u00e9tico: todo lo que debemos saber\" class=\"hover-type-none\"><img decoding=\"async\" width=\"452\" height=\"441\" src=\"https:\/\/www.idermic.es\/wp-content\/uploads\/2025\/07\/Captura-de-pantalla-2025-07-18-091601-452x441.png\" class=\"attachment-recent-posts size-recent-posts\" alt=\"Acn\u00e9 cosm\u00e9tico: todo lo que debemos saber\" \/><\/a><\/li><\/ul><\/div><div class=\"recent-posts-content\"><span class=\"vcard\" style=\"display: none;\"><span class=\"fn\"><a href=\"https:\/\/www.idermic.es\/es\/author\/diccionario\/\" rel=\"author\">Equipo<\/a><\/span><\/span><span class=\"updated\" style=\"display:none;\">2025-11-21T12:37:16+00:00<\/span><h4 class=\"entry-title\"><a href=\"https:\/\/www.idermic.es\/es\/acne-cosmetico-todo-lo-que-debemos-saber\/\">Acn\u00e9 cosm\u00e9tico: todo lo que debemos saber<\/a><\/h4><p class=\"meta\"><span class=\"vcard\" style=\"display: none;\"><span class=\"fn\"><a href=\"https:\/\/www.idermic.es\/es\/author\/diccionario\/\" rel=\"author\">Equipo<\/a><\/span><\/span><span class=\"updated\" style=\"display:none;\">2025-11-21T12:37:16+00:00<\/span><span>julio 18th, 2025<\/span><span class=\"fusion-inline-sep\">|<\/span><span class=\"fusion-comments\"><a href=\"https:\/\/www.idermic.es\/es\/acne-cosmetico-todo-lo-que-debemos-saber\/#respond\">0 Comments<\/a><\/span><\/p><p>Descubre qu\u00e9 es el acn\u00e9 cosm\u00e9tico, causas, c\u00f3mo prevenirlo y los tratamientos m\u00e1s eficaces para cuidar tu piel sin renunciar al maquillaje.<\/p><\/div><\/article><article class=\"post fusion-column column col col-lg-4 col-md-4 col-sm-4\"><div class=\"fusion-flexslider fusion-flexslider-loading flexslider flexslider-hover-type-none\"><ul class=\"slides\"><li><a href=\"https:\/\/www.idermic.es\/es\/tratamiento-de-las-cicatrices-atroficas-de-acne-con-laser\/\" aria-label=\"Tratamiento de las cicatrices atr\u00f3ficas de acn\u00e9 con l\u00e1ser\" class=\"hover-type-none\"><img decoding=\"async\" width=\"460\" height=\"441\" src=\"https:\/\/www.idermic.es\/wp-content\/uploads\/2024\/12\/Acne-460x441.jpg\" class=\"attachment-recent-posts size-recent-posts\" alt=\"Tratamiento de las cicatrices atr\u00f3ficas de acn\u00e9 con l\u00e1ser\" \/><\/a><\/li><\/ul><\/div><div class=\"recent-posts-content\"><span class=\"vcard\" style=\"display: none;\"><span class=\"fn\"><a href=\"https:\/\/www.idermic.es\/es\/author\/diccionario\/\" rel=\"author\">Equipo<\/a><\/span><\/span><span class=\"updated\" style=\"display:none;\">2026-05-26T09:45:06+00:00<\/span><h4 class=\"entry-title\"><a href=\"https:\/\/www.idermic.es\/es\/tratamiento-de-las-cicatrices-atroficas-de-acne-con-laser\/\">Tratamiento de las cicatrices atr\u00f3ficas de acn\u00e9 con l\u00e1ser<\/a><\/h4><p class=\"meta\"><span class=\"vcard\" style=\"display: none;\"><span class=\"fn\"><a href=\"https:\/\/www.idermic.es\/es\/author\/diccionario\/\" rel=\"author\">Equipo<\/a><\/span><\/span><span class=\"updated\" style=\"display:none;\">2026-05-26T09:45:06+00:00<\/span><span>diciembre 24th, 2024<\/span><span class=\"fusion-inline-sep\">|<\/span><span class=\"fusion-comments\"><a href=\"https:\/\/www.idermic.es\/es\/tratamiento-de-las-cicatrices-atroficas-de-acne-con-laser\/#respond\">0 Comments<\/a><\/span><\/p><p>Repara cicatrices atrofias de acn\u00e9 con l\u00e1ser fraccionado en Terrassa. Resultados visibles y recuperaci\u00f3n r\u00e1pida.<\/p><\/div><\/article><article class=\"post fusion-column column col col-lg-4 col-md-4 col-sm-4\"><div class=\"fusion-flexslider fusion-flexslider-loading flexslider flexslider-hover-type-none\"><ul class=\"slides\"><li><a href=\"https:\/\/www.idermic.es\/es\/tratamiento-de-las-cicatrices-del-acne-con-morpheus8\/\" aria-label=\"Tratamiento de las cicatrices del acn\u00e9 con Morpheus8\" class=\"hover-type-none\"><img decoding=\"async\" width=\"700\" height=\"441\" src=\"https:\/\/www.idermic.es\/wp-content\/uploads\/2020\/01\/Tratamiento-de-las-cicatrices-del-acn\u00e9-con-Morpheus8-700x441.jpg\" class=\"attachment-recent-posts size-recent-posts\" alt=\"Tratamiento de las cicatrices del acn\u00e9 con Morpheus8 en Idermic de Terrassa\" srcset=\"https:\/\/www.idermic.es\/wp-content\/uploads\/2020\/01\/Tratamiento-de-las-cicatrices-del-acn\u00e9-con-Morpheus8-320x202.jpg 320w, https:\/\/www.idermic.es\/wp-content\/uploads\/2020\/01\/Tratamiento-de-las-cicatrices-del-acn\u00e9-con-Morpheus8-700x441.jpg 700w\" sizes=\"(max-width: 700px) 100vw, 700px\" \/><\/a><\/li><\/ul><\/div><div class=\"recent-posts-content\"><span class=\"vcard\" style=\"display: none;\"><span class=\"fn\"><a href=\"https:\/\/www.idermic.es\/es\/author\/adminwww\/\" rel=\"author\">admin@www<\/a><\/span><\/span><span class=\"updated\" style=\"display:none;\">2026-07-15T09:40:14+00:00<\/span><h4 class=\"entry-title\"><a href=\"https:\/\/www.idermic.es\/es\/tratamiento-de-las-cicatrices-del-acne-con-morpheus8\/\">Tratamiento de las cicatrices del acn\u00e9 con Morpheus8<\/a><\/h4><p class=\"meta\"><span class=\"vcard\" style=\"display: none;\"><span class=\"fn\"><a href=\"https:\/\/www.idermic.es\/es\/author\/adminwww\/\" rel=\"author\">admin@www<\/a><\/span><\/span><span class=\"updated\" style=\"display:none;\">2026-07-15T09:40:14+00:00<\/span><span>enero 15th, 2020<\/span><span class=\"fusion-inline-sep\">|<\/span><span class=\"fusion-comments\"><a href=\"https:\/\/www.idermic.es\/es\/tratamiento-de-las-cicatrices-del-acne-con-morpheus8\/#respond\">0 Comments<\/a><\/span><\/p><p>Tratamiento de cicatrices del acn\u00e9 con Morpheus8: mejora textura, elasticidad y tensa la piel sin cirug\u00eda. Sesiones c\u00f3modas y resultados.<\/p><\/div><\/article><article class=\"post fusion-column column col col-lg-4 col-md-4 col-sm-4\"><div class=\"fusion-flexslider fusion-flexslider-loading flexslider flexslider-hover-type-none\"><ul class=\"slides\"><li><a href=\"https:\/\/www.idermic.es\/es\/kleresca-acne-treatment\/\" aria-label=\"KLERESCA\u00ae ACNE TREATMENT\" class=\"hover-type-none\"><img decoding=\"async\" width=\"700\" height=\"441\" src=\"https:\/\/www.idermic.es\/wp-content\/uploads\/2019\/10\/Antes-y-despues-del-tratamiento-del-acne-con-Kleresca-700x441.jpg\" class=\"attachment-recent-posts size-recent-posts\" alt=\"Antes y despu\u00e9s del tratamiento del acn\u00e9 con Kleresca\" srcset=\"https:\/\/www.idermic.es\/wp-content\/uploads\/2019\/10\/Antes-y-despues-del-tratamiento-del-acne-con-Kleresca-200x127.jpg 200w, https:\/\/www.idermic.es\/wp-content\/uploads\/2019\/10\/Antes-y-despues-del-tratamiento-del-acne-con-Kleresca-300x190.jpg 300w, https:\/\/www.idermic.es\/wp-content\/uploads\/2019\/10\/Antes-y-despues-del-tratamiento-del-acne-con-Kleresca-320x202.jpg 320w, https:\/\/www.idermic.es\/wp-content\/uploads\/2019\/10\/Antes-y-despues-del-tratamiento-del-acne-con-Kleresca-700x441.jpg 700w\" sizes=\"(max-width: 700px) 100vw, 700px\" \/><\/a><\/li><\/ul><\/div><div class=\"recent-posts-content\"><span class=\"vcard\" style=\"display: none;\"><span class=\"fn\"><a href=\"https:\/\/www.idermic.es\/es\/author\/adminwww\/\" rel=\"author\">admin@www<\/a><\/span><\/span><span class=\"updated\" style=\"display:none;\">2025-07-19T12:06:53+00:00<\/span><h4 class=\"entry-title\"><a href=\"https:\/\/www.idermic.es\/es\/kleresca-acne-treatment\/\">KLERESCA\u00ae ACNE TREATMENT<\/a><\/h4><p class=\"meta\"><span class=\"vcard\" style=\"display: none;\"><span class=\"fn\"><a href=\"https:\/\/www.idermic.es\/es\/author\/adminwww\/\" rel=\"author\">admin@www<\/a><\/span><\/span><span class=\"updated\" style=\"display:none;\">2025-07-19T12:06:53+00:00<\/span><span>octubre 12th, 2019<\/span><span class=\"fusion-inline-sep\">|<\/span><span class=\"fusion-comments\"><a href=\"https:\/\/www.idermic.es\/es\/kleresca-acne-treatment\/#respond\">0 Comments<\/a><\/span><\/p><p>KLERESCA\u00ae ACNE TREATMENT es un m\u00e9todo sin dolor que act\u00faa contra el acn\u00e9. Es una alternativa suave a los tratamientos convencionales.<\/p><\/div><\/article><article class=\"post fusion-column column col col-lg-4 col-md-4 col-sm-4\"><div class=\"fusion-flexslider fusion-flexslider-loading flexslider flexslider-hover-type-none\"><ul class=\"slides\"><li><a href=\"https:\/\/www.idermic.es\/es\/kleresca-tratamiento-para-la-rosacea-y-el-acne\/\" aria-label=\"Kleresca. Tratamiento para la ros\u00e1cea y el acn\u00e9\" class=\"hover-type-none\"><img decoding=\"async\" width=\"700\" height=\"441\" src=\"https:\/\/www.idermic.es\/wp-content\/uploads\/2019\/08\/Kleresca.-Plataforma-para-el-tratamiento-del-acne-rosa-y-rejuvenecimiento-700x441.jpg\" class=\"attachment-recent-posts size-recent-posts\" alt=\"Kleresca. Plataforma para el tratamiento del acn\u00e9, ros\u00e1cea y rejuvenecimiento\" srcset=\"https:\/\/www.idermic.es\/wp-content\/uploads\/2019\/08\/Kleresca.-Plataforma-para-el-tratamiento-del-acne-rosa-y-rejuvenecimiento-320x202.jpg 320w, https:\/\/www.idermic.es\/wp-content\/uploads\/2019\/08\/Kleresca.-Plataforma-para-el-tratamiento-del-acne-rosa-y-rejuvenecimiento-700x441.jpg 700w\" sizes=\"(max-width: 700px) 100vw, 700px\" \/><\/a><\/li><\/ul><\/div><div class=\"recent-posts-content\"><span class=\"vcard\" style=\"display: none;\"><span class=\"fn\"><a href=\"https:\/\/www.idermic.es\/es\/author\/clinica\/\" rel=\"author\">Clinica<\/a><\/span><\/span><span class=\"updated\" style=\"display:none;\">2026-07-14T09:17:30+00:00<\/span><h4 class=\"entry-title\"><a href=\"https:\/\/www.idermic.es\/es\/kleresca-tratamiento-para-la-rosacea-y-el-acne\/\">Kleresca. Tratamiento para la ros\u00e1cea y el acn\u00e9<\/a><\/h4><p class=\"meta\"><span class=\"vcard\" style=\"display: none;\"><span class=\"fn\"><a href=\"https:\/\/www.idermic.es\/es\/author\/clinica\/\" rel=\"author\">Clinica<\/a><\/span><\/span><span class=\"updated\" style=\"display:none;\">2026-07-14T09:17:30+00:00<\/span><span>agosto 17th, 2019<\/span><span class=\"fusion-inline-sep\">|<\/span><span class=\"fusion-comments\"><a href=\"https:\/\/www.idermic.es\/es\/kleresca-tratamiento-para-la-rosacea-y-el-acne\/#respond\">0 Comments<\/a><\/span><\/p><p>Kleresca mejora acn\u00e9 y ros\u00e1cea con luz fluorescente. Tratamiento no invasivo, sin f\u00e1rmacos y sin tiempo de recuperaci\u00f3n.<\/p><\/div><\/article><article class=\"post fusion-column column col col-lg-4 col-md-4 col-sm-4\"><div class=\"fusion-flexslider fusion-flexslider-loading flexslider flexslider-hover-type-none\"><ul class=\"slides\"><li><a href=\"https:\/\/www.idermic.es\/es\/nuevo-tratamiento-sin-cremas-ni-pastillas-para-acne\/\" aria-label=\"Nuevo tratamiento sin cremas ni pastillas para acn\u00e9\" class=\"hover-type-none\"><img decoding=\"async\" width=\"436\" height=\"441\" src=\"https:\/\/www.idermic.es\/wp-content\/uploads\/2017\/05\/Acne-436x441.jpg\" class=\"attachment-recent-posts size-recent-posts\" alt=\"Acn\u00e9\" srcset=\"https:\/\/www.idermic.es\/wp-content\/uploads\/2017\/05\/Acne-66x66.jpg 66w, https:\/\/www.idermic.es\/wp-content\/uploads\/2017\/05\/Acne-436x441.jpg 436w\" sizes=\"(max-width: 436px) 100vw, 436px\" \/><\/a><\/li><\/ul><\/div><div class=\"recent-posts-content\"><span class=\"vcard\" style=\"display: none;\"><span class=\"fn\"><a href=\"https:\/\/www.idermic.es\/es\/author\/diccionario\/\" rel=\"author\">Equipo<\/a><\/span><\/span><span class=\"updated\" style=\"display:none;\">2026-05-26T09:45:13+00:00<\/span><h4 class=\"entry-title\"><a href=\"https:\/\/www.idermic.es\/es\/nuevo-tratamiento-sin-cremas-ni-pastillas-para-acne\/\">Nuevo tratamiento sin cremas ni pastillas para acn\u00e9<\/a><\/h4><p class=\"meta\"><span class=\"vcard\" style=\"display: none;\"><span class=\"fn\"><a href=\"https:\/\/www.idermic.es\/es\/author\/diccionario\/\" rel=\"author\">Equipo<\/a><\/span><\/span><span class=\"updated\" style=\"display:none;\">2026-05-26T09:45:13+00:00<\/span><span>mayo 23rd, 2017<\/span><span class=\"fusion-inline-sep\">|<\/span><span class=\"fusion-comments\"><a href=\"https:\/\/www.idermic.es\/es\/nuevo-tratamiento-sin-cremas-ni-pastillas-para-acne\/#respond\">0 Comments<\/a><\/span><\/p><p>El\u00a0acn\u00e9\u00a0es el\u00a0problema cut\u00e1neo\u00a0m\u00e1s frecuente en\u00a0adolescentes\u00a0y\u00a0j\u00f3venes. Puede observarse en personas adultas, especialmente en mujeres.<\/p><\/div><\/article><article class=\"post fusion-column column col col-lg-4 col-md-4 col-sm-4\"><div class=\"fusion-flexslider fusion-flexslider-loading flexslider flexslider-hover-type-none\"><ul class=\"slides\"><li><a href=\"https:\/\/www.idermic.es\/es\/fractora-el-nuevo-dispositivo-de-idermic-para-el-tratamiento-de-la-piel\/\" aria-label=\"Fractora, el nuevo dispositivo de Idermic para el tratamiento de la piel\" class=\"hover-type-none\"><img decoding=\"async\" width=\"600\" height=\"400\" src=\"https:\/\/www.idermic.es\/wp-content\/uploads\/2020\/07\/WhatsApp-Image-2020-07-28-at-13.57.20.jpeg\" class=\"attachment-recent-posts size-recent-posts\" alt=\"Fractora el dispositivo que emite radiofrecuencia bipolar\" srcset=\"https:\/\/www.idermic.es\/wp-content\/uploads\/2020\/07\/WhatsApp-Image-2020-07-28-at-13.57.20-200x133.jpeg 200w, https:\/\/www.idermic.es\/wp-content\/uploads\/2020\/07\/WhatsApp-Image-2020-07-28-at-13.57.20-300x200.jpeg 300w, https:\/\/www.idermic.es\/wp-content\/uploads\/2020\/07\/WhatsApp-Image-2020-07-28-at-13.57.20-400x267.jpeg 400w, https:\/\/www.idermic.es\/wp-content\/uploads\/2020\/07\/WhatsApp-Image-2020-07-28-at-13.57.20.jpeg 600w\" sizes=\"(max-width: 600px) 100vw, 600px\" \/><\/a><\/li><\/ul><\/div><div class=\"recent-posts-content\"><span class=\"vcard\" style=\"display: none;\"><span class=\"fn\"><a href=\"https:\/\/www.idermic.es\/es\/author\/diccionario\/\" rel=\"author\">Equipo<\/a><\/span><\/span><span class=\"updated\" style=\"display:none;\">2026-05-26T09:45:13+00:00<\/span><h4 class=\"entry-title\"><a href=\"https:\/\/www.idermic.es\/es\/fractora-el-nuevo-dispositivo-de-idermic-para-el-tratamiento-de-la-piel\/\">Fractora, el nuevo dispositivo de Idermic para el tratamiento de la piel<\/a><\/h4><p class=\"meta\"><span class=\"vcard\" style=\"display: none;\"><span class=\"fn\"><a href=\"https:\/\/www.idermic.es\/es\/author\/diccionario\/\" rel=\"author\">Equipo<\/a><\/span><\/span><span class=\"updated\" style=\"display:none;\">2026-05-26T09:45:13+00:00<\/span><span>abril 19th, 2017<\/span><span class=\"fusion-inline-sep\">|<\/span><span class=\"fusion-comments\"><a href=\"https:\/\/www.idermic.es\/es\/fractora-el-nuevo-dispositivo-de-idermic-para-el-tratamiento-de-la-piel\/#respond\">0 Comments<\/a><\/span><\/p><p>Fractora en Idermic: tratamiento con radiofrecuencia fraccionada para arrugas, poros, cicatrices y tono uniforme. Resultados visibles pronto<\/p><\/div><\/article><article class=\"post fusion-column column col col-lg-4 col-md-4 col-sm-4\"><div class=\"fusion-flexslider fusion-flexslider-loading flexslider flexslider-hover-type-none\"><ul class=\"slides\"><li><a href=\"https:\/\/www.idermic.es\/es\/tratamientos-de-fotorejuvenecimiento-con-el-laser-ellipse-multiflex\/\" aria-label=\"L\u00e1ser Ellipse Multiflex+: Tratamientos de fotorejuvenecimiento\" class=\"hover-type-none\"><img decoding=\"async\" width=\"552\" height=\"366\" src=\"https:\/\/www.idermic.es\/wp-content\/uploads\/2017\/02\/fotorejuvenecimiento-facial-con-laser-1.jpg\" class=\"attachment-recent-posts size-recent-posts\" alt=\"fotorejuvenecimiento facial con l\u00e1ser\" srcset=\"https:\/\/www.idermic.es\/wp-content\/uploads\/2017\/02\/fotorejuvenecimiento-facial-con-laser-1-200x133.jpg 200w, https:\/\/www.idermic.es\/wp-content\/uploads\/2017\/02\/fotorejuvenecimiento-facial-con-laser-1-300x199.jpg 300w, https:\/\/www.idermic.es\/wp-content\/uploads\/2017\/02\/fotorejuvenecimiento-facial-con-laser-1-400x265.jpg 400w, https:\/\/www.idermic.es\/wp-content\/uploads\/2017\/02\/fotorejuvenecimiento-facial-con-laser-1.jpg 552w\" sizes=\"(max-width: 552px) 100vw, 552px\" \/><\/a><\/li><\/ul><\/div><div class=\"recent-posts-content\"><span class=\"vcard\" style=\"display: none;\"><span class=\"fn\"><a href=\"https:\/\/www.idermic.es\/es\/author\/adminwww\/\" rel=\"author\">admin@www<\/a><\/span><\/span><span class=\"updated\" style=\"display:none;\">2025-07-09T06:37:19+00:00<\/span><h4 class=\"entry-title\"><a href=\"https:\/\/www.idermic.es\/es\/tratamientos-de-fotorejuvenecimiento-con-el-laser-ellipse-multiflex\/\">L\u00e1ser Ellipse Multiflex+: Tratamientos de fotorejuvenecimiento<\/a><\/h4><p class=\"meta\"><span class=\"vcard\" style=\"display: none;\"><span class=\"fn\"><a href=\"https:\/\/www.idermic.es\/es\/author\/adminwww\/\" rel=\"author\">admin@www<\/a><\/span><\/span><span class=\"updated\" style=\"display:none;\">2025-07-09T06:37:19+00:00<\/span><span>febrero 28th, 2017<\/span><span class=\"fusion-inline-sep\">|<\/span><span class=\"fusion-comments\"><a href=\"https:\/\/www.idermic.es\/es\/tratamientos-de-fotorejuvenecimiento-con-el-laser-ellipse-multiflex\/#respond\">0 Comments<\/a><\/span><\/p><p>Revitaliza tu piel con l\u00e1ser\u202fEllipse Multiflex+: renueva textura, elimina manchas y mejora venas, acn\u00e9, ros\u00e1cea con tecnolog\u00eda avanzada.<\/p><\/div><\/article><article class=\"post fusion-column column col col-lg-4 col-md-4 col-sm-4\"><div class=\"fusion-flexslider fusion-flexslider-loading flexslider flexslider-hover-type-none\"><ul class=\"slides\"><li><a href=\"https:\/\/www.idermic.es\/es\/cuidados-de-la-piel-durante-el-embarazo\/\" aria-label=\"Cuidados de la piel durante el embarazo\" class=\"hover-type-none\"><img decoding=\"async\" width=\"700\" height=\"441\" src=\"https:\/\/www.idermic.es\/wp-content\/uploads\/2020\/06\/pregnant-pregnant-woman-m-mother-700x441.jpg\" class=\"attachment-recent-posts size-recent-posts\" alt=\"mujer embarazada que cuida su piel\" srcset=\"https:\/\/www.idermic.es\/wp-content\/uploads\/2020\/06\/pregnant-pregnant-woman-m-mother-320x202.jpg 320w, https:\/\/www.idermic.es\/wp-content\/uploads\/2020\/06\/pregnant-pregnant-woman-m-mother-700x441.jpg 700w\" sizes=\"(max-width: 700px) 100vw, 700px\" \/><\/a><\/li><\/ul><\/div><div class=\"recent-posts-content\"><span class=\"vcard\" style=\"display: none;\"><span class=\"fn\"><a href=\"https:\/\/www.idermic.es\/es\/author\/diccionario\/\" rel=\"author\">Equipo<\/a><\/span><\/span><span class=\"updated\" style=\"display:none;\">2022-05-06T09:59:38+00:00<\/span><h4 class=\"entry-title\"><a href=\"https:\/\/www.idermic.es\/es\/cuidados-de-la-piel-durante-el-embarazo\/\">Cuidados de la piel durante el embarazo<\/a><\/h4><p class=\"meta\"><span class=\"vcard\" style=\"display: none;\"><span class=\"fn\"><a href=\"https:\/\/www.idermic.es\/es\/author\/diccionario\/\" rel=\"author\">Equipo<\/a><\/span><\/span><span class=\"updated\" style=\"display:none;\">2022-05-06T09:59:38+00:00<\/span><span>octubre 22nd, 2014<\/span><span class=\"fusion-inline-sep\">|<\/span><span class=\"fusion-comments\"><a href=\"https:\/\/www.idermic.es\/es\/cuidados-de-la-piel-durante-el-embarazo\/#respond\">0 Comments<\/a><\/span><\/p><p>Principios b\u00e1sicos para los cuidados de la piel durante el embarazo, \u00e9poca en que es uno de los \u00f3rganos que m\u00e1s se modifica y resiente.<\/p><\/div><\/article><\/section><\/div><div class=\"fusion-clearfix\"><\/div><\/div><\/div><\/div><\/div><\/p>\n","protected":false},"featured_media":0,"template":"","class_list":["post-1400","dermatologia_clinica","type-dermatologia_clinica","status-publish","hentry"],"yoast_head":"<!-- This site is optimized with the Yoast SEO plugin v28.4 - https:\/\/yoast.com\/product\/yoast-seo-wordpress\/ -->\n<title>Acn\u00e9 - Idermic. Dermatolog\u00eda en Terrassa<\/title>\n<meta name=\"description\" content=\"Todo sobre el acn\u00e9: s\u00edntomas, diagn\u00f3stico, tratamientos y consejos de prevenci\u00f3n para mantener tu piel saludable y libre de imperfecciones.\" \/>\n<meta name=\"robots\" content=\"index, follow, max-snippet:-1, max-image-preview:large, max-video-preview:-1\" \/>\n<link rel=\"canonical\" href=\"https:\/\/www.idermic.es\/es\/dermatologia_clinica\/acne\/\" \/>\n<meta property=\"og:locale\" content=\"es_ES\" \/>\n<meta property=\"og:type\" content=\"article\" \/>\n<meta property=\"og:title\" content=\"Acn\u00e9 - Idermic. Dermatolog\u00eda en Terrassa\" \/>\n<meta property=\"og:description\" content=\"Todo sobre el acn\u00e9: s\u00edntomas, diagn\u00f3stico, tratamientos y consejos de prevenci\u00f3n para mantener tu piel saludable y libre de imperfecciones.\" \/>\n<meta property=\"og:url\" content=\"https:\/\/www.idermic.es\/es\/dermatologia_clinica\/acne\/\" \/>\n<meta property=\"og:site_name\" content=\"Idermic. Dermatolog\u00eda en Terrassa\" \/>\n<meta property=\"article:publisher\" content=\"https:\/\/www.facebook.com\/Idermic\" \/>\n<meta property=\"article:modified_time\" content=\"2026-07-11T08:16:43+00:00\" \/>\n<meta property=\"og:image\" content=\"https:\/\/www.idermic.es\/wp-content\/uploads\/2019\/01\/glass_green-1.jpg\" \/>\n\t<meta property=\"og:image:width\" content=\"115\" \/>\n\t<meta property=\"og:image:height\" content=\"2\" \/>\n\t<meta property=\"og:image:type\" content=\"image\/jpeg\" \/>\n<meta name=\"twitter:card\" content=\"summary_large_image\" \/>\n<meta name=\"twitter:site\" content=\"@idermic\" \/>\n<meta name=\"twitter:label1\" content=\"Tiempo de lectura\" \/>\n\t<meta name=\"twitter:data1\" content=\"12 minutos\" \/>\n<script type=\"application\/ld+json\" class=\"yoast-schema-graph\">{\"@context\":\"https:\\\/\\\/schema.org\",\"@graph\":[{\"@type\":\"WebPage\",\"@id\":\"https:\\\/\\\/www.idermic.es\\\/es\\\/dermatologia_clinica\\\/acne\\\/\",\"url\":\"https:\\\/\\\/www.idermic.es\\\/es\\\/dermatologia_clinica\\\/acne\\\/\",\"name\":\"Acn\u00e9 - Idermic. Dermatolog\u00eda en Terrassa\",\"isPartOf\":{\"@id\":\"https:\\\/\\\/www.idermic.es\\\/#website\"},\"primaryImageOfPage\":{\"@id\":\"https:\\\/\\\/www.idermic.es\\\/es\\\/dermatologia_clinica\\\/acne\\\/#primaryimage\"},\"image\":{\"@id\":\"https:\\\/\\\/www.idermic.es\\\/es\\\/dermatologia_clinica\\\/acne\\\/#primaryimage\"},\"thumbnailUrl\":\"https:\\\/\\\/www.idermic.es\\\/wp-content\\\/uploads\\\/2019\\\/01\\\/glass_green-1.jpg\",\"datePublished\":\"2019-01-23T10:29:32+00:00\",\"dateModified\":\"2026-07-11T08:16:43+00:00\",\"description\":\"Todo sobre el acn\u00e9: s\u00edntomas, diagn\u00f3stico, tratamientos y consejos de prevenci\u00f3n para mantener tu piel saludable y libre de imperfecciones.\",\"breadcrumb\":{\"@id\":\"https:\\\/\\\/www.idermic.es\\\/es\\\/dermatologia_clinica\\\/acne\\\/#breadcrumb\"},\"inLanguage\":\"es\",\"potentialAction\":[{\"@type\":\"ReadAction\",\"target\":[\"https:\\\/\\\/www.idermic.es\\\/es\\\/dermatologia_clinica\\\/acne\\\/\"]}]},{\"@type\":\"ImageObject\",\"inLanguage\":\"es\",\"@id\":\"https:\\\/\\\/www.idermic.es\\\/es\\\/dermatologia_clinica\\\/acne\\\/#primaryimage\",\"url\":\"https:\\\/\\\/www.idermic.es\\\/wp-content\\\/uploads\\\/2019\\\/01\\\/glass_green-1.jpg\",\"contentUrl\":\"https:\\\/\\\/www.idermic.es\\\/wp-content\\\/uploads\\\/2019\\\/01\\\/glass_green-1.jpg\"},{\"@type\":\"BreadcrumbList\",\"@id\":\"https:\\\/\\\/www.idermic.es\\\/es\\\/dermatologia_clinica\\\/acne\\\/#breadcrumb\",\"itemListElement\":[{\"@type\":\"ListItem\",\"position\":1,\"name\":\"Inici\",\"item\":\"https:\\\/\\\/www.idermic.es\\\/es\\\/\"},{\"@type\":\"ListItem\",\"position\":2,\"name\":\"Acn\u00e9\"}]},{\"@type\":\"WebSite\",\"@id\":\"https:\\\/\\\/www.idermic.es\\\/#website\",\"url\":\"https:\\\/\\\/www.idermic.es\\\/\",\"name\":\"Idermic. Dermatolog\u00eda en Terrassa\",\"description\":\"Dermatolog\u00eda, Medicina est\u00e9tica, Cirurg\u00eda Pl\u00e0stica\",\"publisher\":{\"@id\":\"https:\\\/\\\/www.idermic.es\\\/#organization\"},\"potentialAction\":[{\"@type\":\"SearchAction\",\"target\":{\"@type\":\"EntryPoint\",\"urlTemplate\":\"https:\\\/\\\/www.idermic.es\\\/?s={search_term_string}\"},\"query-input\":{\"@type\":\"PropertyValueSpecification\",\"valueRequired\":true,\"valueName\":\"search_term_string\"}}],\"inLanguage\":\"es\"},{\"@type\":\"Organization\",\"@id\":\"https:\\\/\\\/www.idermic.es\\\/#organization\",\"name\":\"Idermic. Dermatolog\u00eda en Terrassa\",\"url\":\"https:\\\/\\\/www.idermic.es\\\/\",\"logo\":{\"@type\":\"ImageObject\",\"inLanguage\":\"es\",\"@id\":\"https:\\\/\\\/www.idermic.es\\\/#\\\/schema\\\/logo\\\/image\\\/\",\"url\":\"https:\\\/\\\/www.idermic.es\\\/wp-content\\\/uploads\\\/2025\\\/10\\\/Logo-Idermic.jpg\",\"contentUrl\":\"https:\\\/\\\/www.idermic.es\\\/wp-content\\\/uploads\\\/2025\\\/10\\\/Logo-Idermic.jpg\",\"width\":501,\"height\":502,\"caption\":\"Idermic. Dermatolog\u00eda en Terrassa\"},\"image\":{\"@id\":\"https:\\\/\\\/www.idermic.es\\\/#\\\/schema\\\/logo\\\/image\\\/\"},\"sameAs\":[\"https:\\\/\\\/www.facebook.com\\\/Idermic\",\"https:\\\/\\\/x.com\\\/idermic\",\"https:\\\/\\\/www.instagram.com\\\/idermicclinic\\\/\",\"https:\\\/\\\/www.youtube.com\\\/channel\\\/UCyAHC9-p8lc6hr_nguO8p_g\"]}]}<\/script>\n<!-- \/ Yoast SEO plugin. -->","yoast_head_json":{"title":"Acn\u00e9 - Idermic. Dermatolog\u00eda en Terrassa","description":"Todo sobre el acn\u00e9: s\u00edntomas, diagn\u00f3stico, tratamientos y consejos de prevenci\u00f3n para mantener tu piel saludable y libre de imperfecciones.","robots":{"index":"index","follow":"follow","max-snippet":"max-snippet:-1","max-image-preview":"max-image-preview:large","max-video-preview":"max-video-preview:-1"},"canonical":"https:\/\/www.idermic.es\/es\/dermatologia_clinica\/acne\/","og_locale":"es_ES","og_type":"article","og_title":"Acn\u00e9 - Idermic. Dermatolog\u00eda en Terrassa","og_description":"Todo sobre el acn\u00e9: s\u00edntomas, diagn\u00f3stico, tratamientos y consejos de prevenci\u00f3n para mantener tu piel saludable y libre de imperfecciones.","og_url":"https:\/\/www.idermic.es\/es\/dermatologia_clinica\/acne\/","og_site_name":"Idermic. Dermatolog\u00eda en Terrassa","article_publisher":"https:\/\/www.facebook.com\/Idermic","article_modified_time":"2026-07-11T08:16:43+00:00","og_image":[{"width":115,"height":2,"url":"https:\/\/www.idermic.es\/wp-content\/uploads\/2019\/01\/glass_green-1.jpg","type":"image\/jpeg"}],"twitter_card":"summary_large_image","twitter_site":"@idermic","twitter_misc":{"Tiempo de lectura":"12 minutos"},"schema":{"@context":"https:\/\/schema.org","@graph":[{"@type":"WebPage","@id":"https:\/\/www.idermic.es\/es\/dermatologia_clinica\/acne\/","url":"https:\/\/www.idermic.es\/es\/dermatologia_clinica\/acne\/","name":"Acn\u00e9 - Idermic. Dermatolog\u00eda en Terrassa","isPartOf":{"@id":"https:\/\/www.idermic.es\/#website"},"primaryImageOfPage":{"@id":"https:\/\/www.idermic.es\/es\/dermatologia_clinica\/acne\/#primaryimage"},"image":{"@id":"https:\/\/www.idermic.es\/es\/dermatologia_clinica\/acne\/#primaryimage"},"thumbnailUrl":"https:\/\/www.idermic.es\/wp-content\/uploads\/2019\/01\/glass_green-1.jpg","datePublished":"2019-01-23T10:29:32+00:00","dateModified":"2026-07-11T08:16:43+00:00","description":"Todo sobre el acn\u00e9: s\u00edntomas, diagn\u00f3stico, tratamientos y consejos de prevenci\u00f3n para mantener tu piel saludable y libre de imperfecciones.","breadcrumb":{"@id":"https:\/\/www.idermic.es\/es\/dermatologia_clinica\/acne\/#breadcrumb"},"inLanguage":"es","potentialAction":[{"@type":"ReadAction","target":["https:\/\/www.idermic.es\/es\/dermatologia_clinica\/acne\/"]}]},{"@type":"ImageObject","inLanguage":"es","@id":"https:\/\/www.idermic.es\/es\/dermatologia_clinica\/acne\/#primaryimage","url":"https:\/\/www.idermic.es\/wp-content\/uploads\/2019\/01\/glass_green-1.jpg","contentUrl":"https:\/\/www.idermic.es\/wp-content\/uploads\/2019\/01\/glass_green-1.jpg"},{"@type":"BreadcrumbList","@id":"https:\/\/www.idermic.es\/es\/dermatologia_clinica\/acne\/#breadcrumb","itemListElement":[{"@type":"ListItem","position":1,"name":"Inici","item":"https:\/\/www.idermic.es\/es\/"},{"@type":"ListItem","position":2,"name":"Acn\u00e9"}]},{"@type":"WebSite","@id":"https:\/\/www.idermic.es\/#website","url":"https:\/\/www.idermic.es\/","name":"Idermic. Dermatolog\u00eda en Terrassa","description":"Dermatolog\u00eda, Medicina est\u00e9tica, Cirurg\u00eda Pl\u00e0stica","publisher":{"@id":"https:\/\/www.idermic.es\/#organization"},"potentialAction":[{"@type":"SearchAction","target":{"@type":"EntryPoint","urlTemplate":"https:\/\/www.idermic.es\/?s={search_term_string}"},"query-input":{"@type":"PropertyValueSpecification","valueRequired":true,"valueName":"search_term_string"}}],"inLanguage":"es"},{"@type":"Organization","@id":"https:\/\/www.idermic.es\/#organization","name":"Idermic. Dermatolog\u00eda en Terrassa","url":"https:\/\/www.idermic.es\/","logo":{"@type":"ImageObject","inLanguage":"es","@id":"https:\/\/www.idermic.es\/#\/schema\/logo\/image\/","url":"https:\/\/www.idermic.es\/wp-content\/uploads\/2025\/10\/Logo-Idermic.jpg","contentUrl":"https:\/\/www.idermic.es\/wp-content\/uploads\/2025\/10\/Logo-Idermic.jpg","width":501,"height":502,"caption":"Idermic. Dermatolog\u00eda en Terrassa"},"image":{"@id":"https:\/\/www.idermic.es\/#\/schema\/logo\/image\/"},"sameAs":["https:\/\/www.facebook.com\/Idermic","https:\/\/x.com\/idermic","https:\/\/www.instagram.com\/idermicclinic\/","https:\/\/www.youtube.com\/channel\/UCyAHC9-p8lc6hr_nguO8p_g"]}]}},"_links":{"self":[{"href":"https:\/\/www.idermic.es\/es\/wp-json\/wp\/v2\/dermatologia_clinica\/1400","targetHints":{"allow":["GET"]}}],"collection":[{"href":"https:\/\/www.idermic.es\/es\/wp-json\/wp\/v2\/dermatologia_clinica"}],"about":[{"href":"https:\/\/www.idermic.es\/es\/wp-json\/wp\/v2\/types\/dermatologia_clinica"}],"wp:attachment":[{"href":"https:\/\/www.idermic.es\/es\/wp-json\/wp\/v2\/media?parent=1400"}],"curies":[{"name":"wp","href":"https:\/\/api.w.org\/{rel}","templated":true}]}}