{"id":1378,"date":"2019-01-23T12:51:23","date_gmt":"2019-01-23T12:51:23","guid":{"rendered":"http:\/\/www.idermic.es\/dermatologia_clinica\/melasma\/"},"modified":"2026-07-06T08:01:12","modified_gmt":"2026-07-06T08:01:12","slug":"melasma","status":"publish","type":"dermatologia_clinica","link":"https:\/\/www.idermic.es\/es\/dermatologia_clinica\/melasma\/","title":{"rendered":"Melasma"},"content":{"rendered":"<p><div class=\"fusion-fullwidth fullwidth-box fusion-builder-row-1 nonhundred-percent-fullwidth non-hundred-percent-height-scrolling\" style=\"--awb-border-radius-top-left:0px;--awb-border-radius-top-right:0px;--awb-border-radius-bottom-right:0px;--awb-border-radius-bottom-left:0px;--awb-padding-top:25px;--awb-flex-wrap:wrap;\" ><div class=\"fusion-builder-row fusion-row\"><div class=\"fusion-layout-column fusion_builder_column fusion-builder-column-0 fusion_builder_column_1_1 1_1 fusion-one-full fusion-column-first fusion-column-last\" style=\"--awb-padding-bottom:40px;--awb-bg-size:cover;\"><div class=\"fusion-column-wrapper fusion-flex-column-wrapper-legacy\"><div class=\"fusion-text fusion-text-1\"><h1 style=\"text-align: center;\">DERMATOLOG\u00cdA CL\u00cdNICA<\/h1>\n<p><img decoding=\"async\" class=\"alignnone size-full wp-image-382 aligncenter\" src=\"https:\/\/www.idermic.es\/wp-content\/uploads\/2019\/01\/glass_green-1.jpg\" alt=\"\" width=\"115\" height=\"2\" srcset=\"https:\/\/www.idermic.es\/wp-content\/uploads\/2019\/01\/glass_green-1-66x2.jpg 66w, https:\/\/www.idermic.es\/wp-content\/uploads\/2019\/01\/glass_green-1.jpg 115w\" sizes=\"(max-width: 115px) 100vw, 115px\" \/><\/p>\n<\/div><div class=\"fusion-clearfix\"><\/div><\/div><\/div><\/div><\/div><div class=\"fusion-fullwidth fullwidth-box fusion-builder-row-2 nonhundred-percent-fullwidth non-hundred-percent-height-scrolling\" style=\"--awb-border-radius-top-left:0px;--awb-border-radius-top-right:0px;--awb-border-radius-bottom-right:0px;--awb-border-radius-bottom-left:0px;--awb-flex-wrap:wrap;\" ><div class=\"fusion-builder-row fusion-row\"><div class=\"fusion-layout-column fusion_builder_column fusion-builder-column-1 fusion_builder_column_1_3 1_3 fusion-one-third fusion-column-first\" style=\"--awb-bg-size:cover;width:33.333333333333%;width:calc(33.333333333333% - ( ( 4% + 4% ) * 0.33333333333333 ) );margin-right: 4%;\"><div class=\"fusion-column-wrapper fusion-flex-column-wrapper-legacy\"><div class=\"fusion-image-element in-legacy-container\" style=\"--awb-caption-title-font-family:var(--h2_typography-font-family);--awb-caption-title-font-weight:var(--h2_typography-font-weight);--awb-caption-title-font-style:var(--h2_typography-font-style);--awb-caption-title-size:var(--h2_typography-font-size);--awb-caption-title-transform:var(--h2_typography-text-transform);--awb-caption-title-line-height:var(--h2_typography-line-height);--awb-caption-title-letter-spacing:var(--h2_typography-letter-spacing);\"><span class=\" fusion-imageframe imageframe-none imageframe-1 hover-type-none\"><img decoding=\"async\" width=\"356\" height=\"2\" title=\"line_green\" src=\"https:\/\/www.idermic.es\/wp-content\/uploads\/2019\/01\/line_green.jpg\" alt class=\"img-responsive wp-image-1002\" srcset=\"https:\/\/www.idermic.es\/wp-content\/uploads\/2019\/01\/line_green-200x1.jpg 200w, https:\/\/www.idermic.es\/wp-content\/uploads\/2019\/01\/line_green.jpg 356w\" sizes=\"(max-width: 800px) 100vw, 356px\" \/><\/span><\/div><div class=\"fusion-title title fusion-title-1 fusion-sep-none fusion-title-text fusion-title-size-two\"><h2 class=\"fusion-title-heading title-heading-left\" style=\"margin:0;\">MELASMA<\/h2><\/div><div class=\"fusion-title title fusion-title-2 fusion-sep-none fusion-title-text fusion-title-size-six\" style=\"--awb-margin-top:60px;\"><h6 class=\"fusion-title-heading title-heading-left\" style=\"margin:0;\"><span class=\"tlid-translation translation\"><span title=\"\">Los mejores<\/span> <span class=\"\" title=\"\">resultados<\/span> <span class=\"\" title=\"\">contra<\/span> <span class=\"\" title=\"\">las manchas<\/span><\/span><\/h6><\/div><div class=\"fusion-clearfix\"><\/div><\/div><\/div><div class=\"fusion-layout-column fusion_builder_column fusion-builder-column-2 fusion_builder_column_1_3 1_3 fusion-one-third\" style=\"--awb-bg-size:cover;width:33.333333333333%;width:calc(33.333333333333% - ( ( 4% + 4% ) * 0.33333333333333 ) );margin-right: 4%;\"><div class=\"fusion-column-wrapper fusion-flex-column-wrapper-legacy\"><div class=\"fusion-image-element in-legacy-container\" style=\"--awb-caption-title-font-family:var(--h2_typography-font-family);--awb-caption-title-font-weight:var(--h2_typography-font-weight);--awb-caption-title-font-style:var(--h2_typography-font-style);--awb-caption-title-size:var(--h2_typography-font-size);--awb-caption-title-transform:var(--h2_typography-text-transform);--awb-caption-title-line-height:var(--h2_typography-line-height);--awb-caption-title-letter-spacing:var(--h2_typography-letter-spacing);\"><span class=\" fusion-imageframe imageframe-none imageframe-2 hover-type-none\"><img decoding=\"async\" width=\"356\" height=\"2\" title=\"line_green\" src=\"https:\/\/www.idermic.es\/wp-content\/uploads\/2019\/01\/line_green.jpg\" alt class=\"img-responsive wp-image-1002\" srcset=\"https:\/\/www.idermic.es\/wp-content\/uploads\/2019\/01\/line_green-200x1.jpg 200w, https:\/\/www.idermic.es\/wp-content\/uploads\/2019\/01\/line_green.jpg 356w\" sizes=\"(max-width: 800px) 100vw, 356px\" \/><\/span><\/div><div class=\"fusion-text fusion-text-2\"><p>El <a href=\"https:\/\/www.idermic.es\/es\/enfermedades-dermatologicas\/#melasma\">melasma<\/a>, tambi\u00e9n llamado cloasma consiste en la aparici\u00f3n de manchas irregulares de color marr\u00f3n claro localizadas en la cara y distribuidas habitualmente de forma bilateral y sim\u00e9trica. La causa es desconocida pero hay m\u00faltiples factores que pueden estar implicados en su desarrollo como la predisposici\u00f3n gen\u00e9tica, la exposici\u00f3n a la luz ultravioleta, factores hormonales (anticonceptivos o embarazo), irritaciones por cosm\u00e9ticos o f\u00e1rmacos. Aunque se trata de una enfermedad principalmente est\u00e9tica es uno de los retos terap\u00e9uticos de la dermatolog\u00eda ya que la recidiva de las lesiones es la norma y el tratamiento de ellas suele ser a largo plazo.<\/p>\n<p>El tratamiento se basa principalmente en dos pilares:<br \/>\n1) La prevenci\u00f3n de las lesiones utilizando un filtro solar alto tanto en verano como en invierno.<br \/>\n2) Producir un blanqueamiento de las manchas existentes. Para aclarar estas lesiones marrones podemos utilizar tratamientos despigmentantes t\u00f3picos en forma de cremas con \u00e1cido k\u00f3jico, hidroquinona, \u00e1cido ti\u00f3ctico, \u00e1cido el\u00e1gico, \u00e1cido azelaico o arbutina. Para obtener mejores resultados se pueden combinar los tratamientos anteriores con una despigmentaci\u00f3n qu\u00edmica con peelings m\u00e9dicos en la consulta que lleven \u00e1cido glic\u00f3lico y salic\u00edlico. Finalmente, en algunos casos tambi\u00e9n pueden ser \u00fatiles algunos l\u00e1seres fraccionados.<\/p>\n<\/div><div class=\"fusion-clearfix\"><\/div><\/div><\/div><div class=\"fusion-layout-column fusion_builder_column fusion-builder-column-3 fusion_builder_column_1_3 1_3 fusion-one-third fusion-column-last\" style=\"--awb-bg-size:cover;width:33.333333333333%;width:calc(33.333333333333% - ( ( 4% + 4% ) * 0.33333333333333 ) );\"><div class=\"fusion-column-wrapper fusion-flex-column-wrapper-legacy\"><div class=\"fusion-image-element in-legacy-container\" style=\"--awb-caption-title-font-family:var(--h2_typography-font-family);--awb-caption-title-font-weight:var(--h2_typography-font-weight);--awb-caption-title-font-style:var(--h2_typography-font-style);--awb-caption-title-size:var(--h2_typography-font-size);--awb-caption-title-transform:var(--h2_typography-text-transform);--awb-caption-title-line-height:var(--h2_typography-line-height);--awb-caption-title-letter-spacing:var(--h2_typography-letter-spacing);\"><span class=\" fusion-imageframe imageframe-none imageframe-3 hover-type-none\"><img decoding=\"async\" width=\"600\" height=\"757\" alt=\"Dermatolog\u00eda cl\u00ednica. Melasma. Cl\u00ednica Idermic\" title=\"dc_melasma_idermic-600&#215;757\" src=\"https:\/\/www.idermic.es\/wp-content\/uploads\/2026\/01\/dc_melasma_idermic-600x757-1.jpg\" class=\"img-responsive wp-image-9246\" srcset=\"https:\/\/www.idermic.es\/wp-content\/uploads\/2026\/01\/dc_melasma_idermic-600x757-1-200x252.jpg 200w, https:\/\/www.idermic.es\/wp-content\/uploads\/2026\/01\/dc_melasma_idermic-600x757-1-400x505.jpg 400w, https:\/\/www.idermic.es\/wp-content\/uploads\/2026\/01\/dc_melasma_idermic-600x757-1.jpg 600w\" sizes=\"(max-width: 800px) 100vw, 400px\" \/><\/span><\/div><div class=\"fusion-clearfix\"><\/div><\/div><\/div><\/div><\/div><div class=\"fusion-fullwidth fullwidth-box fusion-builder-row-3 nonhundred-percent-fullwidth non-hundred-percent-height-scrolling\" style=\"--awb-border-radius-top-left:0px;--awb-border-radius-top-right:0px;--awb-border-radius-bottom-right:0px;--awb-border-radius-bottom-left:0px;--awb-flex-wrap:wrap;\" ><div class=\"fusion-builder-row fusion-row\"><div class=\"fusion-layout-column fusion_builder_column fusion-builder-column-4 fusion_builder_column_1_1 1_1 fusion-one-full fusion-column-first fusion-column-last\" style=\"--awb-bg-size:cover;\"><div class=\"fusion-column-wrapper fusion-flex-column-wrapper-legacy\"><div class=\"accordian fusion-accordian\" style=\"--awb-border-size:1px;--awb-icon-size:13px;--awb-content-font-size:15px;--awb-icon-alignment:left;--awb-hover-color:#f9f9f9;--awb-border-color:#cccccc;--awb-background-color:#ffffff;--awb-divider-color:#e0dede;--awb-divider-hover-color:#e0dede;--awb-icon-color:#ffffff;--awb-title-color:#ddbcb0;--awb-content-color:#505050;--awb-icon-box-color:#000000;--awb-toggle-hover-accent-color:#ddbcb0;--awb-title-font-family:&quot;Montserrat&quot;;--awb-title-font-weight:400;--awb-title-font-style:normal;--awb-content-font-family:&quot;Montserrat&quot;;--awb-content-font-style:normal;--awb-content-font-weight:300;\"><div class=\"panel-group fusion-toggle-icon-boxed\" id=\"accordion-1378-1\"><div class=\"fusion-panel panel-default panel-25e4c640413ce416e fusion-toggle-has-divider\"><div class=\"panel-heading\"><h4 class=\"panel-title toggle\" id=\"toggle_25e4c640413ce416e\"><a aria-expanded=\"false\" aria-controls=\"25e4c640413ce416e\" role=\"button\" data-toggle=\"collapse\" data-parent=\"#accordion-1378-1\" data-target=\"#25e4c640413ce416e\" href=\"#25e4c640413ce416e\"><span class=\"fusion-toggle-icon-wrapper\" aria-hidden=\"true\"><i class=\"fa-fusion-box active-icon awb-icon-minus\" aria-hidden=\"true\"><\/i><i class=\"fa-fusion-box inactive-icon awb-icon-plus\" aria-hidden=\"true\"><\/i><\/span><span class=\"fusion-toggle-heading\">Acerca del melasma<\/span><\/a><\/h4><\/div><div id=\"25e4c640413ce416e\" class=\"panel-collapse collapse \" aria-labelledby=\"toggle_25e4c640413ce416e\"><div class=\"panel-body toggle-content fusion-clearfix\">\n<p>El melasma es una afecci\u00f3n dermatol\u00f3gica caracterizada por la aparici\u00f3n de manchas oscuras en la piel, especialmente en \u00e1reas expuestas al sol como la cara. Esta enfermedad, tambi\u00e9n conocida como \u00abm\u00e1scara del embarazo\u00bb debido a su prevalencia en mujeres embarazadas, es com\u00fan en personas de piel m\u00e1s oscura y aquellas que viven en \u00e1reas con alta exposici\u00f3n solar. Las causas exactas del melasma no est\u00e1n completamente claras, pero se cree que factores hormonales, la exposici\u00f3n a la radiaci\u00f3n ultravioleta (UV), predisposici\u00f3n gen\u00e9tica y ciertos medicamentos juegan un papel importante en su desarrollo.<\/p>\n<\/div><\/div><\/div><div class=\"fusion-panel panel-default panel-713adf2bc5417dad6 fusion-toggle-has-divider\"><div class=\"panel-heading\"><h4 class=\"panel-title toggle\" id=\"toggle_713adf2bc5417dad6\"><a aria-expanded=\"false\" aria-controls=\"713adf2bc5417dad6\" role=\"button\" data-toggle=\"collapse\" data-parent=\"#accordion-1378-1\" data-target=\"#713adf2bc5417dad6\" href=\"#713adf2bc5417dad6\"><span class=\"fusion-toggle-icon-wrapper\" aria-hidden=\"true\"><i class=\"fa-fusion-box active-icon awb-icon-minus\" aria-hidden=\"true\"><\/i><i class=\"fa-fusion-box inactive-icon awb-icon-plus\" aria-hidden=\"true\"><\/i><\/span><span class=\"fusion-toggle-heading\">S\u00edntomas del melasma<\/span><\/a><\/h4><\/div><div id=\"713adf2bc5417dad6\" class=\"panel-collapse collapse \" aria-labelledby=\"toggle_713adf2bc5417dad6\"><div class=\"panel-body toggle-content fusion-clearfix\">\n<p>El melasma se manifiesta principalmente a trav\u00e9s de manchas marrones o grises en la piel. Estos parches hiperpigmentados suelen ser sim\u00e9tricos y aparecen en \u00e1reas del rostro como las mejillas, el puente de la nariz, la frente, el ment\u00f3n y sobre el labio superior. En algunos casos, el melasma tambi\u00e9n puede afectar otras partes del cuerpo que est\u00e1n expuestas al sol, como los antebrazos y el cuello.<\/p>\n<p><strong>Manchas oscuras:<\/strong> Las manchas de melasma son de un color marr\u00f3n claro a oscuro y var\u00edan en tama\u00f1o. Estas manchas suelen tener bordes irregulares y no causan dolor ni picaz\u00f3n.<\/p>\n<p><strong>Disposici\u00f3n sim\u00e9trica:<\/strong> Una caracter\u00edstica distintiva del melasma es su distribuci\u00f3n sim\u00e9trica. Las manchas a menudo aparecen de manera similar en ambos lados del rostro.<\/p>\n<p><strong>\u00c1reas afectadas:<\/strong> Las zonas m\u00e1s com\u00fanmente afectadas incluyen las mejillas, la frente, el puente de la nariz, el ment\u00f3n y sobre el labio superior. En menor medida, tambi\u00e9n puede presentarse en otras partes del cuerpo expuestas al sol.<\/p>\n<\/div><\/div><\/div><div class=\"fusion-panel panel-default panel-2650178fa76fdd5c5 fusion-toggle-has-divider\"><div class=\"panel-heading\"><h4 class=\"panel-title toggle\" id=\"toggle_2650178fa76fdd5c5\"><a aria-expanded=\"false\" aria-controls=\"2650178fa76fdd5c5\" role=\"button\" data-toggle=\"collapse\" data-parent=\"#accordion-1378-1\" data-target=\"#2650178fa76fdd5c5\" href=\"#2650178fa76fdd5c5\"><span class=\"fusion-toggle-icon-wrapper\" aria-hidden=\"true\"><i class=\"fa-fusion-box active-icon awb-icon-minus\" aria-hidden=\"true\"><\/i><i class=\"fa-fusion-box inactive-icon awb-icon-plus\" aria-hidden=\"true\"><\/i><\/span><span class=\"fusion-toggle-heading\">Diagn\u00f3stico del melasma<\/span><\/a><\/h4><\/div><div id=\"2650178fa76fdd5c5\" class=\"panel-collapse collapse \" aria-labelledby=\"toggle_2650178fa76fdd5c5\"><div class=\"panel-body toggle-content fusion-clearfix\">\n<p>El diagn\u00f3stico del melasma generalmente se realiza a trav\u00e9s de un examen f\u00edsico por parte de un dermat\u00f3logo. El m\u00e9dico evaluar\u00e1 las manchas en la piel y considerar\u00e1 la historia cl\u00ednica del paciente. En algunos casos, se pueden utilizar herramientas adicionales para confirmar el diagn\u00f3stico y descartar otras afecciones dermatol\u00f3gicas.<\/p>\n<p><strong>Examen f\u00edsico:<\/strong> Un dermat\u00f3logo examinar\u00e1 la piel afectada bajo luz visible. Este examen es generalmente suficiente para identificar el melasma.<\/p>\n<p><strong>L\u00e1mpara de Wood:<\/strong> En ciertos casos, el dermat\u00f3logo puede utilizar una l\u00e1mpara de Wood, que emite luz ultravioleta, para evaluar la extensi\u00f3n de la hiperpigmentaci\u00f3n y para distinguir el melasma de otras condiciones de la piel.<\/p>\n<p><strong>Biopsia de piel:<\/strong> Raramente, se puede realizar una biopsia de piel para descartar otras causas de hiperpigmentaci\u00f3n si el diagn\u00f3stico no es claro con los m\u00e9todos anteriores.<\/p>\n<\/div><\/div><\/div><div class=\"fusion-panel panel-default panel-a555a970f6a6a898b fusion-toggle-has-divider\"><div class=\"panel-heading\"><h4 class=\"panel-title toggle\" id=\"toggle_a555a970f6a6a898b\"><a aria-expanded=\"false\" aria-controls=\"a555a970f6a6a898b\" role=\"button\" data-toggle=\"collapse\" data-parent=\"#accordion-1378-1\" data-target=\"#a555a970f6a6a898b\" href=\"#a555a970f6a6a898b\"><span class=\"fusion-toggle-icon-wrapper\" aria-hidden=\"true\"><i class=\"fa-fusion-box active-icon awb-icon-minus\" aria-hidden=\"true\"><\/i><i class=\"fa-fusion-box inactive-icon awb-icon-plus\" aria-hidden=\"true\"><\/i><\/span><span class=\"fusion-toggle-heading\">Tratamiento del melasma<\/span><\/a><\/h4><\/div><div id=\"a555a970f6a6a898b\" class=\"panel-collapse collapse \" aria-labelledby=\"toggle_a555a970f6a6a898b\"><div class=\"panel-body toggle-content fusion-clearfix\">\n<p>El tratamiento del melasma puede ser un desaf\u00edo y suele implicar una combinaci\u00f3n de enfoques. El objetivo principal es aclarar las manchas y prevenir su reaparici\u00f3n.<\/p>\n<p><strong>Protecci\u00f3n solar:<\/strong> El uso diario de protector solar con un alto factor de protecci\u00f3n (SPF 30 o superior) es esencial. La protecci\u00f3n solar ayuda a prevenir el empeoramiento del melasma y es una parte fundamental del tratamiento.<\/p>\n<p><strong>Tratamientos t\u00f3picos:<\/strong> Los dermat\u00f3logos a menudo recetan cremas o geles que contienen ingredientes como hidroquinona, tretino\u00edna, corticosteroides o \u00e1cido azelaico. Estos tratamientos ayudan a aclarar las manchas oscuras.<\/p>\n<p><strong>Peelings qu\u00edmicos:<\/strong> Los peelings qu\u00edmicos, que utilizan \u00e1cidos como el \u00e1cido glic\u00f3lico, pueden ayudar a exfoliar la piel y reducir la apariencia de las manchas.<\/p>\n<p><strong>Terapia con l\u00e1ser:<\/strong> En algunos casos, se puede utilizar terapia con l\u00e1ser para tratar el melasma. Sin embargo, este tratamiento debe realizarse con precauci\u00f3n, ya que puede causar hiperpigmentaci\u00f3n postinflamatoria.<\/p>\n<p><strong>Microdermoabrasi\u00f3n:<\/strong> Este procedimiento exfolia las capas superficiales de la piel y puede ser beneficioso para algunos pacientes con melasma.<\/p>\n<\/div><\/div><\/div><div class=\"fusion-panel panel-default panel-31e7ccbcc8aae687f fusion-toggle-has-divider\"><div class=\"panel-heading\"><h4 class=\"panel-title toggle\" id=\"toggle_31e7ccbcc8aae687f\"><a aria-expanded=\"false\" aria-controls=\"31e7ccbcc8aae687f\" role=\"button\" data-toggle=\"collapse\" data-parent=\"#accordion-1378-1\" data-target=\"#31e7ccbcc8aae687f\" href=\"#31e7ccbcc8aae687f\"><span class=\"fusion-toggle-icon-wrapper\" aria-hidden=\"true\"><i class=\"fa-fusion-box active-icon awb-icon-minus\" aria-hidden=\"true\"><\/i><i class=\"fa-fusion-box inactive-icon awb-icon-plus\" aria-hidden=\"true\"><\/i><\/span><span class=\"fusion-toggle-heading\">Prevenci\u00f3n del melasma<\/span><\/a><\/h4><\/div><div id=\"31e7ccbcc8aae687f\" class=\"panel-collapse collapse \" aria-labelledby=\"toggle_31e7ccbcc8aae687f\"><div class=\"panel-body toggle-content fusion-clearfix\">\n<p>Aunque no siempre es posible prevenir el melasma, hay varias estrategias que pueden reducir el riesgo de desarrollar esta afecci\u00f3n o evitar que empeore.<\/p>\n<p><strong>Uso diario de protector solar:<\/strong> Aplicar protector solar de amplio espectro todos los d\u00edas, incluso en d\u00edas nublados, es crucial. El protector solar debe aplicarse generosamente y reaplicarse cada dos horas.<\/p>\n<p><strong>Evitar la exposici\u00f3n solar:<\/strong> Limitar el tiempo al sol, especialmente durante las horas pico (10 a.m. a 4 p.m.), y usar sombreros de ala ancha y ropa protectora puede ayudar a prevenir el melasma.<\/p>\n<p><strong>Productos suaves para el cuidado de la piel:<\/strong> Evitar productos para el cuidado de la piel que puedan irritar la piel y desencadenar el melasma, como ciertos jabones y lociones.<\/p>\n<\/div><\/div><\/div><div class=\"fusion-panel panel-default panel-0ebccaa7f34720111 fusion-toggle-has-divider\"><div class=\"panel-heading\"><h4 class=\"panel-title toggle\" id=\"toggle_0ebccaa7f34720111\"><a aria-expanded=\"false\" aria-controls=\"0ebccaa7f34720111\" role=\"button\" data-toggle=\"collapse\" data-parent=\"#accordion-1378-1\" data-target=\"#0ebccaa7f34720111\" href=\"#0ebccaa7f34720111\"><span class=\"fusion-toggle-icon-wrapper\" aria-hidden=\"true\"><i class=\"fa-fusion-box active-icon awb-icon-minus\" aria-hidden=\"true\"><\/i><i class=\"fa-fusion-box inactive-icon awb-icon-plus\" aria-hidden=\"true\"><\/i><\/span><span class=\"fusion-toggle-heading\">Factores de riesgo<\/span><\/a><\/h4><\/div><div id=\"0ebccaa7f34720111\" class=\"panel-collapse collapse \" aria-labelledby=\"toggle_0ebccaa7f34720111\"><div class=\"panel-body toggle-content fusion-clearfix\">\n<p>Algunos factores pueden aumentar el riesgo de desarrollar melasma, incluyendo:<\/p>\n<p><strong>G\u00e9nero:<\/strong> Las mujeres son m\u00e1s propensas a desarrollar melasma que los hombres, especialmente durante el embarazo debido a cambios hormonales.<\/p>\n<p><strong>Color de piel:<\/strong> Las personas con piel m\u00e1s oscura tienen un mayor riesgo de desarrollar melasma.<\/p>\n<p><strong>Exposici\u00f3n al sol:<\/strong> La exposici\u00f3n prolongada y sin protecci\u00f3n a la radiaci\u00f3n UV es un factor de riesgo significativo.<\/p>\n<p><strong>Medicamentos y tratamientos hormonales:<\/strong> El uso de anticonceptivos orales, terapia hormonal y ciertos medicamentos que aumentan la sensibilidad a la luz pueden desencadenar el melasma.<\/p>\n<p><strong>Historia familiar:<\/strong> Tener antecedentes familiares de melasma puede aumentar el riesgo de desarrollar esta afecci\u00f3n.<\/p>\n<\/div><\/div><\/div><\/div><\/div><div class=\"fusion-clearfix\"><\/div><\/div><\/div><\/div><\/div><div class=\"fusion-fullwidth fullwidth-box fusion-builder-row-4 has-pattern-background has-mask-background nonhundred-percent-fullwidth non-hundred-percent-height-scrolling\" style=\"--awb-border-radius-top-left:0px;--awb-border-radius-top-right:0px;--awb-border-radius-bottom-right:0px;--awb-border-radius-bottom-left:0px;--awb-padding-top:20px;--awb-padding-bottom:32px;--awb-margin-top:48px;--awb-margin-bottom:32px;--awb-flex-wrap:wrap;\" ><div class=\"fusion-builder-row fusion-row\"><div class=\"fusion-layout-column fusion_builder_column fusion-builder-column-5 fusion_builder_column_1_2 1_2 fusion-one-half fusion-column-first fusion-column-inner-bg-wrapper\" style=\"--awb-padding-top:20px;--awb-padding-right:20px;--awb-padding-bottom:20px;--awb-padding-left:60px;--awb-inner-bg-color:#f4d0c2;--awb-inner-bg-color-hover:#f4d0c2;--awb-inner-bg-size:cover;width:50%;width:calc(50% - ( ( 4% ) * 0.5 ) );margin-right: 4%;\" data-scroll-devices=\"small-visibility,medium-visibility,large-visibility\"><span class=\"fusion-column-inner-bg hover-type-none\"><a class=\"fusion-column-anchor\" href=\"https:\/\/www.idermic.es\/es\/financiacion\/\"><span class=\"fusion-column-inner-bg-image\"><\/span><\/a><\/span><div class=\"fusion-column-wrapper fusion-column-has-shadow fusion-flex-column-wrapper-legacy\"><div style=\"text-align:center; max-width: 100%; width: calc(100% - 40px); margin: 0 auto;\">\n  <p style=\"color:white;margin:0;padding:15px 15px 0 15px;background-color:#ddbcb0;font-family:Montserrat;font-size:20px;font-weight:500;letter-spacing:2px;line-height:30px;\">\n    FINAN\u00c7AMENT 0% INTER\u00c8S\n  <\/p>\n  <p style=\"color:white;margin:0;padding:0 15px 15px 15px;background-color:#ddbcb0;font-family:Open Sans;font-size:12px;font-weight:500;letter-spacing:2px;line-height:30px;\">\n    LLEGIR M\u00c9S +\n  <\/p>\n<\/div><div class=\"fusion-clearfix\"><\/div><\/div><\/div><div class=\"fusion-layout-column fusion_builder_column fusion-builder-column-6 fusion_builder_column_1_2 1_2 fusion-one-half fusion-column-last fusion-column-inner-bg-wrapper\" style=\"--awb-padding-top:20px;--awb-padding-right:20px;--awb-padding-bottom:20px;--awb-padding-left:60px;--awb-inner-bg-color:#f4d0c2;--awb-inner-bg-color-hover:#f4d0c2;--awb-inner-bg-size:cover;width:50%;width:calc(50% - ( ( 4% ) * 0.5 ) );\" data-scroll-devices=\"small-visibility,medium-visibility,large-visibility\"><span class=\"fusion-column-inner-bg hover-type-none\"><a class=\"fusion-column-anchor\" href=\"https:\/\/www.idermic.es\/es\/preguntas-frecuentes\/\"><span class=\"fusion-column-inner-bg-image\"><\/span><\/a><\/span><div class=\"fusion-column-wrapper fusion-column-has-shadow fusion-flex-column-wrapper-legacy\"><div style=\"text-align:center; max-width: 100%; width: calc(100% - 40px); margin: 0 auto;\">\n  <p style=\"color:white;margin:0;padding:15px 15px 0 15px;background-color:#ddbcb0;font-family:Montserrat;font-size:20px;font-weight:500;letter-spacing:2px;line-height:30px;\">\n    PREGUNTES FREQ\u00dcENTS \n  <\/p>\n  <p style=\"color:white;margin:0;padding:0 15px 15px 15px;background-color:#ddbcb0;font-family:Open Sans;font-size:12px;font-weight:500;letter-spacing:2px;line-height:30px;\">\n    LLEGIR M\u00c9S +\n  <\/p>\n<\/div><div class=\"fusion-clearfix\"><\/div><\/div><\/div><\/div><\/div>\n<\/p>\n","protected":false},"featured_media":0,"template":"","class_list":["post-1378","dermatologia_clinica","type-dermatologia_clinica","status-publish","hentry"],"yoast_head":"<!-- This site is optimized with the Yoast SEO plugin v28.4 - https:\/\/yoast.com\/product\/yoast-seo-wordpress\/ -->\n<title>Melasma - Idermic. Dermatolog\u00eda en Terrassa<\/title>\n<meta name=\"description\" content=\"Recupera una piel uniforme: tratamiento del melasma con peeling, l\u00e1ser y cuidados dermatol\u00f3gicos profesionales en Idermic.\" \/>\n<meta name=\"robots\" content=\"index, follow, max-snippet:-1, max-image-preview:large, max-video-preview:-1\" \/>\n<link rel=\"canonical\" href=\"https:\/\/www.idermic.es\/es\/dermatologia_clinica\/melasma\/\" \/>\n<meta property=\"og:locale\" content=\"es_ES\" \/>\n<meta property=\"og:type\" content=\"article\" \/>\n<meta property=\"og:title\" content=\"Melasma - Idermic. Dermatolog\u00eda en Terrassa\" \/>\n<meta property=\"og:description\" content=\"Recupera una piel uniforme: tratamiento del melasma con peeling, l\u00e1ser y cuidados dermatol\u00f3gicos profesionales en Idermic.\" \/>\n<meta property=\"og:url\" content=\"https:\/\/www.idermic.es\/es\/dermatologia_clinica\/melasma\/\" \/>\n<meta property=\"og:site_name\" content=\"Idermic. Dermatolog\u00eda en Terrassa\" \/>\n<meta property=\"article:publisher\" content=\"https:\/\/www.facebook.com\/Idermic\" \/>\n<meta property=\"article:modified_time\" content=\"2026-07-06T08:01:12+00:00\" \/>\n<meta property=\"og:image\" content=\"https:\/\/www.idermic.es\/wp-content\/uploads\/2019\/01\/glass_green-1.jpg\" \/>\n\t<meta property=\"og:image:width\" content=\"115\" \/>\n\t<meta property=\"og:image:height\" content=\"2\" \/>\n\t<meta property=\"og:image:type\" content=\"image\/jpeg\" \/>\n<meta name=\"twitter:card\" content=\"summary_large_image\" \/>\n<meta name=\"twitter:site\" content=\"@idermic\" \/>\n<meta name=\"twitter:label1\" content=\"Tiempo de lectura\" \/>\n\t<meta name=\"twitter:data1\" content=\"7 minutos\" \/>\n<script type=\"application\/ld+json\" class=\"yoast-schema-graph\">{\"@context\":\"https:\\\/\\\/schema.org\",\"@graph\":[{\"@type\":\"WebPage\",\"@id\":\"https:\\\/\\\/www.idermic.es\\\/es\\\/dermatologia_clinica\\\/melasma\\\/\",\"url\":\"https:\\\/\\\/www.idermic.es\\\/es\\\/dermatologia_clinica\\\/melasma\\\/\",\"name\":\"Melasma - Idermic. Dermatolog\u00eda en Terrassa\",\"isPartOf\":{\"@id\":\"https:\\\/\\\/www.idermic.es\\\/#website\"},\"primaryImageOfPage\":{\"@id\":\"https:\\\/\\\/www.idermic.es\\\/es\\\/dermatologia_clinica\\\/melasma\\\/#primaryimage\"},\"image\":{\"@id\":\"https:\\\/\\\/www.idermic.es\\\/es\\\/dermatologia_clinica\\\/melasma\\\/#primaryimage\"},\"thumbnailUrl\":\"https:\\\/\\\/www.idermic.es\\\/wp-content\\\/uploads\\\/2019\\\/01\\\/glass_green-1.jpg\",\"datePublished\":\"2019-01-23T12:51:23+00:00\",\"dateModified\":\"2026-07-06T08:01:12+00:00\",\"description\":\"Recupera una piel uniforme: tratamiento del melasma con peeling, l\u00e1ser y cuidados dermatol\u00f3gicos profesionales en Idermic.\",\"breadcrumb\":{\"@id\":\"https:\\\/\\\/www.idermic.es\\\/es\\\/dermatologia_clinica\\\/melasma\\\/#breadcrumb\"},\"inLanguage\":\"es\",\"potentialAction\":[{\"@type\":\"ReadAction\",\"target\":[\"https:\\\/\\\/www.idermic.es\\\/es\\\/dermatologia_clinica\\\/melasma\\\/\"]}]},{\"@type\":\"ImageObject\",\"inLanguage\":\"es\",\"@id\":\"https:\\\/\\\/www.idermic.es\\\/es\\\/dermatologia_clinica\\\/melasma\\\/#primaryimage\",\"url\":\"https:\\\/\\\/www.idermic.es\\\/wp-content\\\/uploads\\\/2019\\\/01\\\/glass_green-1.jpg\",\"contentUrl\":\"https:\\\/\\\/www.idermic.es\\\/wp-content\\\/uploads\\\/2019\\\/01\\\/glass_green-1.jpg\"},{\"@type\":\"BreadcrumbList\",\"@id\":\"https:\\\/\\\/www.idermic.es\\\/es\\\/dermatologia_clinica\\\/melasma\\\/#breadcrumb\",\"itemListElement\":[{\"@type\":\"ListItem\",\"position\":1,\"name\":\"Inici\",\"item\":\"https:\\\/\\\/www.idermic.es\\\/es\\\/\"},{\"@type\":\"ListItem\",\"position\":2,\"name\":\"Melasma\"}]},{\"@type\":\"WebSite\",\"@id\":\"https:\\\/\\\/www.idermic.es\\\/#website\",\"url\":\"https:\\\/\\\/www.idermic.es\\\/\",\"name\":\"Idermic. Dermatolog\u00eda en Terrassa\",\"description\":\"Dermatolog\u00eda, Medicina est\u00e9tica, Cirurg\u00eda Pl\u00e0stica\",\"publisher\":{\"@id\":\"https:\\\/\\\/www.idermic.es\\\/#organization\"},\"potentialAction\":[{\"@type\":\"SearchAction\",\"target\":{\"@type\":\"EntryPoint\",\"urlTemplate\":\"https:\\\/\\\/www.idermic.es\\\/?s={search_term_string}\"},\"query-input\":{\"@type\":\"PropertyValueSpecification\",\"valueRequired\":true,\"valueName\":\"search_term_string\"}}],\"inLanguage\":\"es\"},{\"@type\":\"Organization\",\"@id\":\"https:\\\/\\\/www.idermic.es\\\/#organization\",\"name\":\"Idermic. Dermatolog\u00eda en Terrassa\",\"url\":\"https:\\\/\\\/www.idermic.es\\\/\",\"logo\":{\"@type\":\"ImageObject\",\"inLanguage\":\"es\",\"@id\":\"https:\\\/\\\/www.idermic.es\\\/#\\\/schema\\\/logo\\\/image\\\/\",\"url\":\"https:\\\/\\\/www.idermic.es\\\/wp-content\\\/uploads\\\/2025\\\/10\\\/Logo-Idermic.jpg\",\"contentUrl\":\"https:\\\/\\\/www.idermic.es\\\/wp-content\\\/uploads\\\/2025\\\/10\\\/Logo-Idermic.jpg\",\"width\":501,\"height\":502,\"caption\":\"Idermic. Dermatolog\u00eda en Terrassa\"},\"image\":{\"@id\":\"https:\\\/\\\/www.idermic.es\\\/#\\\/schema\\\/logo\\\/image\\\/\"},\"sameAs\":[\"https:\\\/\\\/www.facebook.com\\\/Idermic\",\"https:\\\/\\\/x.com\\\/idermic\",\"https:\\\/\\\/www.instagram.com\\\/idermicclinic\\\/\",\"https:\\\/\\\/www.youtube.com\\\/channel\\\/UCyAHC9-p8lc6hr_nguO8p_g\"]}]}<\/script>\n<!-- \/ Yoast SEO plugin. -->","yoast_head_json":{"title":"Melasma - Idermic. Dermatolog\u00eda en Terrassa","description":"Recupera una piel uniforme: tratamiento del melasma con peeling, l\u00e1ser y cuidados dermatol\u00f3gicos profesionales en Idermic.","robots":{"index":"index","follow":"follow","max-snippet":"max-snippet:-1","max-image-preview":"max-image-preview:large","max-video-preview":"max-video-preview:-1"},"canonical":"https:\/\/www.idermic.es\/es\/dermatologia_clinica\/melasma\/","og_locale":"es_ES","og_type":"article","og_title":"Melasma - Idermic. Dermatolog\u00eda en Terrassa","og_description":"Recupera una piel uniforme: tratamiento del melasma con peeling, l\u00e1ser y cuidados dermatol\u00f3gicos profesionales en Idermic.","og_url":"https:\/\/www.idermic.es\/es\/dermatologia_clinica\/melasma\/","og_site_name":"Idermic. Dermatolog\u00eda en Terrassa","article_publisher":"https:\/\/www.facebook.com\/Idermic","article_modified_time":"2026-07-06T08:01:12+00:00","og_image":[{"width":115,"height":2,"url":"https:\/\/www.idermic.es\/wp-content\/uploads\/2019\/01\/glass_green-1.jpg","type":"image\/jpeg"}],"twitter_card":"summary_large_image","twitter_site":"@idermic","twitter_misc":{"Tiempo de lectura":"7 minutos"},"schema":{"@context":"https:\/\/schema.org","@graph":[{"@type":"WebPage","@id":"https:\/\/www.idermic.es\/es\/dermatologia_clinica\/melasma\/","url":"https:\/\/www.idermic.es\/es\/dermatologia_clinica\/melasma\/","name":"Melasma - Idermic. Dermatolog\u00eda en Terrassa","isPartOf":{"@id":"https:\/\/www.idermic.es\/#website"},"primaryImageOfPage":{"@id":"https:\/\/www.idermic.es\/es\/dermatologia_clinica\/melasma\/#primaryimage"},"image":{"@id":"https:\/\/www.idermic.es\/es\/dermatologia_clinica\/melasma\/#primaryimage"},"thumbnailUrl":"https:\/\/www.idermic.es\/wp-content\/uploads\/2019\/01\/glass_green-1.jpg","datePublished":"2019-01-23T12:51:23+00:00","dateModified":"2026-07-06T08:01:12+00:00","description":"Recupera una piel uniforme: tratamiento del melasma con peeling, l\u00e1ser y cuidados dermatol\u00f3gicos profesionales en Idermic.","breadcrumb":{"@id":"https:\/\/www.idermic.es\/es\/dermatologia_clinica\/melasma\/#breadcrumb"},"inLanguage":"es","potentialAction":[{"@type":"ReadAction","target":["https:\/\/www.idermic.es\/es\/dermatologia_clinica\/melasma\/"]}]},{"@type":"ImageObject","inLanguage":"es","@id":"https:\/\/www.idermic.es\/es\/dermatologia_clinica\/melasma\/#primaryimage","url":"https:\/\/www.idermic.es\/wp-content\/uploads\/2019\/01\/glass_green-1.jpg","contentUrl":"https:\/\/www.idermic.es\/wp-content\/uploads\/2019\/01\/glass_green-1.jpg"},{"@type":"BreadcrumbList","@id":"https:\/\/www.idermic.es\/es\/dermatologia_clinica\/melasma\/#breadcrumb","itemListElement":[{"@type":"ListItem","position":1,"name":"Inici","item":"https:\/\/www.idermic.es\/es\/"},{"@type":"ListItem","position":2,"name":"Melasma"}]},{"@type":"WebSite","@id":"https:\/\/www.idermic.es\/#website","url":"https:\/\/www.idermic.es\/","name":"Idermic. Dermatolog\u00eda en Terrassa","description":"Dermatolog\u00eda, Medicina est\u00e9tica, Cirurg\u00eda Pl\u00e0stica","publisher":{"@id":"https:\/\/www.idermic.es\/#organization"},"potentialAction":[{"@type":"SearchAction","target":{"@type":"EntryPoint","urlTemplate":"https:\/\/www.idermic.es\/?s={search_term_string}"},"query-input":{"@type":"PropertyValueSpecification","valueRequired":true,"valueName":"search_term_string"}}],"inLanguage":"es"},{"@type":"Organization","@id":"https:\/\/www.idermic.es\/#organization","name":"Idermic. Dermatolog\u00eda en Terrassa","url":"https:\/\/www.idermic.es\/","logo":{"@type":"ImageObject","inLanguage":"es","@id":"https:\/\/www.idermic.es\/#\/schema\/logo\/image\/","url":"https:\/\/www.idermic.es\/wp-content\/uploads\/2025\/10\/Logo-Idermic.jpg","contentUrl":"https:\/\/www.idermic.es\/wp-content\/uploads\/2025\/10\/Logo-Idermic.jpg","width":501,"height":502,"caption":"Idermic. Dermatolog\u00eda en Terrassa"},"image":{"@id":"https:\/\/www.idermic.es\/#\/schema\/logo\/image\/"},"sameAs":["https:\/\/www.facebook.com\/Idermic","https:\/\/x.com\/idermic","https:\/\/www.instagram.com\/idermicclinic\/","https:\/\/www.youtube.com\/channel\/UCyAHC9-p8lc6hr_nguO8p_g"]}]}},"_links":{"self":[{"href":"https:\/\/www.idermic.es\/es\/wp-json\/wp\/v2\/dermatologia_clinica\/1378","targetHints":{"allow":["GET"]}}],"collection":[{"href":"https:\/\/www.idermic.es\/es\/wp-json\/wp\/v2\/dermatologia_clinica"}],"about":[{"href":"https:\/\/www.idermic.es\/es\/wp-json\/wp\/v2\/types\/dermatologia_clinica"}],"wp:attachment":[{"href":"https:\/\/www.idermic.es\/es\/wp-json\/wp\/v2\/media?parent=1378"}],"curies":[{"name":"wp","href":"https:\/\/api.w.org\/{rel}","templated":true}]}}