{"id":1372,"date":"2019-01-23T12:57:53","date_gmt":"2019-01-23T12:57:53","guid":{"rendered":"http:\/\/www.idermic.es\/dermatologia_clinica\/trastorns-pigmentacio\/"},"modified":"2026-07-06T07:51:34","modified_gmt":"2026-07-06T07:51:34","slug":"trastornos-pigmentacion","status":"publish","type":"dermatologia_clinica","link":"https:\/\/www.idermic.es\/es\/dermatologia_clinica\/trastornos-pigmentacion\/","title":{"rendered":"Trastornos de pigmentaci\u00f3n"},"content":{"rendered":"<p><div class=\"fusion-fullwidth fullwidth-box fusion-builder-row-1 nonhundred-percent-fullwidth non-hundred-percent-height-scrolling\" style=\"--awb-border-radius-top-left:0px;--awb-border-radius-top-right:0px;--awb-border-radius-bottom-right:0px;--awb-border-radius-bottom-left:0px;--awb-padding-top:25px;--awb-flex-wrap:wrap;\" ><div class=\"fusion-builder-row fusion-row\"><div class=\"fusion-layout-column fusion_builder_column fusion-builder-column-0 fusion_builder_column_1_1 1_1 fusion-one-full fusion-column-first fusion-column-last\" style=\"--awb-padding-bottom:40px;--awb-bg-size:cover;\"><div class=\"fusion-column-wrapper fusion-flex-column-wrapper-legacy\"><div class=\"fusion-text fusion-text-1\"><h1 style=\"text-align: center;\">DERMATOLOG\u00cdA CL\u00cdNICA<\/h1>\n<p><img decoding=\"async\" class=\"alignnone size-full wp-image-382 aligncenter\" src=\"https:\/\/www.idermic.es\/wp-content\/uploads\/2019\/01\/glass_green-1.jpg\" alt=\"\" width=\"115\" height=\"2\" srcset=\"https:\/\/www.idermic.es\/wp-content\/uploads\/2019\/01\/glass_green-1-66x2.jpg 66w, https:\/\/www.idermic.es\/wp-content\/uploads\/2019\/01\/glass_green-1.jpg 115w\" sizes=\"(max-width: 115px) 100vw, 115px\" \/><\/p>\n<\/div><div class=\"fusion-clearfix\"><\/div><\/div><\/div><\/div><\/div><div class=\"fusion-fullwidth fullwidth-box fusion-builder-row-2 nonhundred-percent-fullwidth non-hundred-percent-height-scrolling\" style=\"--awb-border-radius-top-left:0px;--awb-border-radius-top-right:0px;--awb-border-radius-bottom-right:0px;--awb-border-radius-bottom-left:0px;--awb-flex-wrap:wrap;\" ><div class=\"fusion-builder-row fusion-row\"><div class=\"fusion-layout-column fusion_builder_column fusion-builder-column-1 fusion_builder_column_1_3 1_3 fusion-one-third fusion-column-first\" style=\"--awb-bg-size:cover;width:33.333333333333%;width:calc(33.333333333333% - ( ( 4% + 4% ) * 0.33333333333333 ) );margin-right: 4%;\"><div class=\"fusion-column-wrapper fusion-flex-column-wrapper-legacy\"><div class=\"fusion-image-element in-legacy-container\" style=\"--awb-caption-title-font-family:var(--h2_typography-font-family);--awb-caption-title-font-weight:var(--h2_typography-font-weight);--awb-caption-title-font-style:var(--h2_typography-font-style);--awb-caption-title-size:var(--h2_typography-font-size);--awb-caption-title-transform:var(--h2_typography-text-transform);--awb-caption-title-line-height:var(--h2_typography-line-height);--awb-caption-title-letter-spacing:var(--h2_typography-letter-spacing);\"><span class=\" fusion-imageframe imageframe-none imageframe-1 hover-type-none\"><img decoding=\"async\" width=\"356\" height=\"2\" title=\"line_green\" src=\"https:\/\/www.idermic.es\/wp-content\/uploads\/2019\/01\/line_green.jpg\" alt class=\"img-responsive wp-image-1002\" srcset=\"https:\/\/www.idermic.es\/wp-content\/uploads\/2019\/01\/line_green-200x1.jpg 200w, https:\/\/www.idermic.es\/wp-content\/uploads\/2019\/01\/line_green.jpg 356w\" sizes=\"(max-width: 800px) 100vw, 356px\" \/><\/span><\/div><div class=\"fusion-title title fusion-title-1 fusion-sep-none fusion-title-text fusion-title-size-two\"><h2 class=\"fusion-title-heading title-heading-left\" style=\"margin:0;\">TRASTORNOS DE PIGMENTACI\u00d3N<\/h2><\/div><div class=\"fusion-title title fusion-title-2 fusion-sep-none fusion-title-text fusion-title-size-six\" style=\"--awb-margin-top:60px;\"><h6 class=\"fusion-title-heading title-heading-left\" style=\"margin:0;\">Una correcta valoraci\u00f3n permite lucir una piel sin manchas<\/h6><\/div><div class=\"fusion-clearfix\"><\/div><\/div><\/div><div class=\"fusion-layout-column fusion_builder_column fusion-builder-column-2 fusion_builder_column_1_3 1_3 fusion-one-third\" style=\"--awb-bg-size:cover;width:33.333333333333%;width:calc(33.333333333333% - ( ( 4% + 4% ) * 0.33333333333333 ) );margin-right: 4%;\"><div class=\"fusion-column-wrapper fusion-flex-column-wrapper-legacy\"><div class=\"fusion-image-element in-legacy-container\" style=\"--awb-caption-title-font-family:var(--h2_typography-font-family);--awb-caption-title-font-weight:var(--h2_typography-font-weight);--awb-caption-title-font-style:var(--h2_typography-font-style);--awb-caption-title-size:var(--h2_typography-font-size);--awb-caption-title-transform:var(--h2_typography-text-transform);--awb-caption-title-line-height:var(--h2_typography-line-height);--awb-caption-title-letter-spacing:var(--h2_typography-letter-spacing);\"><span class=\" fusion-imageframe imageframe-none imageframe-2 hover-type-none\"><img decoding=\"async\" width=\"356\" height=\"2\" title=\"line_green\" src=\"https:\/\/www.idermic.es\/wp-content\/uploads\/2019\/01\/line_green.jpg\" alt class=\"img-responsive wp-image-1002\" srcset=\"https:\/\/www.idermic.es\/wp-content\/uploads\/2019\/01\/line_green-200x1.jpg 200w, https:\/\/www.idermic.es\/wp-content\/uploads\/2019\/01\/line_green.jpg 356w\" sizes=\"(max-width: 800px) 100vw, 356px\" \/><\/span><\/div><div class=\"fusion-text fusion-text-2\"><p>Las ef\u00e9lides son manchas peque\u00f1as de color marr\u00f3n o rojizo localizadas en \u00e1reas expuestas al sol, principalmente cara, escote, espalda y brazos, que aparecen desde la infancia y se incrementan en n\u00famero con la edad. En invierno pueden disminuir e incluso desaparecer.<\/p>\n<p>Los lentigos solares suelen aparecer despu\u00e9s de los 30 o 40 a\u00f1os. Se trata de manchas ovaladas o redondas, de coloraci\u00f3n marr\u00f3n, uniformes y que se localizan en la cara o en el dorso de las manos. Son m\u00e1s grandes que las ef\u00e9lides y no desaparecen en invierno. Los lentigos solares no son cancerosos, ni tienen riesgo de producir un c\u00e1ncer de piel, pero nos dicen que la exposici\u00f3n solar ha sido excesiva y por lo tanto las personas con lentigos solares pueden tener otras lesiones que s\u00ed sean cancerosas.<\/p>\n<p>Por este motivo recomendamos la valoraci\u00f3n por un dermat\u00f3logo. Al ser lesiones benignas de la piel generalmente no necesitan tratamiento. Sin embargo, por motivos est\u00e9ticos se pueden eliminar mediante diferentes tratamientos como el peeling qu\u00edmico, la crioterapia, la luz intensa pulsada o el l\u00e1ser. No suelen responder bien a cremas despigmentantes. La mejor forma de prevenci\u00f3n es el uso de protectores solares y controlar la exposici\u00f3n al sol.<\/p>\n<\/div><div class=\"fusion-clearfix\"><\/div><\/div><\/div><div class=\"fusion-layout-column fusion_builder_column fusion-builder-column-3 fusion_builder_column_1_3 1_3 fusion-one-third fusion-column-last\" style=\"--awb-bg-size:cover;width:33.333333333333%;width:calc(33.333333333333% - ( ( 4% + 4% ) * 0.33333333333333 ) );\"><div class=\"fusion-column-wrapper fusion-flex-column-wrapper-legacy\"><div class=\"fusion-image-element in-legacy-container\" style=\"--awb-caption-title-font-family:var(--h2_typography-font-family);--awb-caption-title-font-weight:var(--h2_typography-font-weight);--awb-caption-title-font-style:var(--h2_typography-font-style);--awb-caption-title-size:var(--h2_typography-font-size);--awb-caption-title-transform:var(--h2_typography-text-transform);--awb-caption-title-line-height:var(--h2_typography-line-height);--awb-caption-title-letter-spacing:var(--h2_typography-letter-spacing);\"><span class=\" fusion-imageframe imageframe-none imageframe-3 hover-type-none\"><img decoding=\"async\" width=\"600\" height=\"757\" alt=\"Dermatolog\u00eda cl\u00ednica. Trastornos de la pigmentaci\u00f3n. Cl\u00ednica Idermic\" title=\"dc_trastorns_pigmentacio_idermic-1-600&#215;757\" src=\"https:\/\/www.idermic.es\/wp-content\/uploads\/2026\/01\/dc_trastorns_pigmentacio_idermic-1-600x757-1.jpg\" class=\"img-responsive wp-image-9250\" srcset=\"https:\/\/www.idermic.es\/wp-content\/uploads\/2026\/01\/dc_trastorns_pigmentacio_idermic-1-600x757-1-200x252.jpg 200w, https:\/\/www.idermic.es\/wp-content\/uploads\/2026\/01\/dc_trastorns_pigmentacio_idermic-1-600x757-1-400x505.jpg 400w, https:\/\/www.idermic.es\/wp-content\/uploads\/2026\/01\/dc_trastorns_pigmentacio_idermic-1-600x757-1.jpg 600w\" sizes=\"(max-width: 800px) 100vw, 400px\" \/><\/span><\/div><div class=\"fusion-clearfix\"><\/div><\/div><\/div><\/div><\/div><div class=\"fusion-fullwidth fullwidth-box fusion-builder-row-3 nonhundred-percent-fullwidth non-hundred-percent-height-scrolling\" style=\"--awb-border-radius-top-left:0px;--awb-border-radius-top-right:0px;--awb-border-radius-bottom-right:0px;--awb-border-radius-bottom-left:0px;--awb-flex-wrap:wrap;\" ><div class=\"fusion-builder-row fusion-row\"><div class=\"fusion-layout-column fusion_builder_column fusion-builder-column-4 fusion_builder_column_1_1 1_1 fusion-one-full fusion-column-first fusion-column-last\" style=\"--awb-bg-size:cover;\"><div class=\"fusion-column-wrapper fusion-flex-column-wrapper-legacy\"><div class=\"accordian fusion-accordian\" style=\"--awb-border-size:1px;--awb-icon-size:13px;--awb-content-font-size:15px;--awb-icon-alignment:left;--awb-hover-color:#f9f9f9;--awb-border-color:#cccccc;--awb-background-color:#ffffff;--awb-divider-color:#e0dede;--awb-divider-hover-color:#e0dede;--awb-icon-color:#ffffff;--awb-title-color:#ddbcb0;--awb-content-color:#505050;--awb-icon-box-color:#000000;--awb-toggle-hover-accent-color:#ddbcb0;--awb-title-font-family:&quot;Montserrat&quot;;--awb-title-font-weight:400;--awb-title-font-style:normal;--awb-content-font-family:&quot;Montserrat&quot;;--awb-content-font-style:normal;--awb-content-font-weight:300;\"><div class=\"panel-group fusion-toggle-icon-boxed\" id=\"accordion-1372-1\"><div class=\"fusion-panel panel-default panel-72ae319d3384f1c2b fusion-toggle-has-divider\"><div class=\"panel-heading\"><h4 class=\"panel-title toggle\" id=\"toggle_72ae319d3384f1c2b\"><a aria-expanded=\"false\" aria-controls=\"72ae319d3384f1c2b\" role=\"button\" data-toggle=\"collapse\" data-parent=\"#accordion-1372-1\" data-target=\"#72ae319d3384f1c2b\" href=\"#72ae319d3384f1c2b\"><span class=\"fusion-toggle-icon-wrapper\" aria-hidden=\"true\"><i class=\"fa-fusion-box active-icon awb-icon-minus\" aria-hidden=\"true\"><\/i><i class=\"fa-fusion-box inactive-icon awb-icon-plus\" aria-hidden=\"true\"><\/i><\/span><span class=\"fusion-toggle-heading\">Descripci\u00f3n de los Trastornos de Pigmentaci\u00f3n<\/span><\/a><\/h4><\/div><div id=\"72ae319d3384f1c2b\" class=\"panel-collapse collapse \" aria-labelledby=\"toggle_72ae319d3384f1c2b\"><div class=\"panel-body toggle-content fusion-clearfix\">\n<p>Los trastornos de pigmentaci\u00f3n son afecciones dermatol\u00f3gicas que afectan la coloraci\u00f3n natural de la piel. Estos problemas surgen debido a una alteraci\u00f3n en la producci\u00f3n de melanina, el pigmento responsable del color de la piel, el cabello y los ojos. La melanina es producida por c\u00e9lulas llamadas melanocitos, y cualquier disfunci\u00f3n en este proceso puede llevar a la aparici\u00f3n de zonas de piel m\u00e1s oscuras o m\u00e1s claras de lo normal.<\/p>\n<p>Entre los trastornos m\u00e1s comunes se encuentran el vitiligo, caracterizado por la p\u00e9rdida de pigmento en \u00e1reas delimitadas de la piel, y el melasma, que provoca manchas oscuras generalmente en la cara. Las causas de estos trastornos pueden ser variadas, incluyendo factores gen\u00e9ticos, hormonales, exposici\u00f3n al sol, e incluso estr\u00e9s.<\/p>\n<\/div><\/div><\/div><div class=\"fusion-panel panel-default panel-d5cef9dafe2617e80 fusion-toggle-has-divider\"><div class=\"panel-heading\"><h4 class=\"panel-title toggle\" id=\"toggle_d5cef9dafe2617e80\"><a aria-expanded=\"false\" aria-controls=\"d5cef9dafe2617e80\" role=\"button\" data-toggle=\"collapse\" data-parent=\"#accordion-1372-1\" data-target=\"#d5cef9dafe2617e80\" href=\"#d5cef9dafe2617e80\"><span class=\"fusion-toggle-icon-wrapper\" aria-hidden=\"true\"><i class=\"fa-fusion-box active-icon awb-icon-minus\" aria-hidden=\"true\"><\/i><i class=\"fa-fusion-box inactive-icon awb-icon-plus\" aria-hidden=\"true\"><\/i><\/span><span class=\"fusion-toggle-heading\">S\u00edntomas de los Trastornos de Pigmentaci\u00f3n<\/span><\/a><\/h4><\/div><div id=\"d5cef9dafe2617e80\" class=\"panel-collapse collapse \" aria-labelledby=\"toggle_d5cef9dafe2617e80\"><div class=\"panel-body toggle-content fusion-clearfix\">\n<p>Los s\u00edntomas de los trastornos de pigmentaci\u00f3n pueden variar dependiendo del tipo espec\u00edfico de afecci\u00f3n, pero suelen incluir cambios visibles en el color de la piel. A continuaci\u00f3n, se detallan algunos de los s\u00edntomas m\u00e1s comunes:<\/p>\n<ul>\n<li><strong>Manchas blancas o \u00e1reas despigmentadas<\/strong>: Com\u00fan en el vitiligo, donde el sistema inmunol\u00f3gico ataca a los melanocitos, resultando en la aparici\u00f3n de \u00e1reas de piel sin pigmento.<\/li>\n<li><strong>Manchas oscuras<\/strong>: En el caso del melasma, las manchas suelen ser de color marr\u00f3n o gris\u00e1ceo, y aparecen en \u00e1reas expuestas al sol, como la frente, las mejillas y el labio superior.<\/li>\n<li><strong>Hiperpigmentaci\u00f3n postinflamatoria<\/strong>: Puede ocurrir despu\u00e9s de una lesi\u00f3n cut\u00e1nea o inflamaci\u00f3n, como el acn\u00e9, donde la piel produce exceso de melanina en respuesta a la inflamaci\u00f3n.<\/li>\n<li><strong>Manchas rojas o marrones<\/strong>: Estas pueden ser indicativas de un proceso de cicatrizaci\u00f3n anormal, en donde la piel genera m\u00e1s pigmento en respuesta a una lesi\u00f3n.<\/li>\n<\/ul>\n<\/div><\/div><\/div><div class=\"fusion-panel panel-default panel-5509e8f28ea298094 fusion-toggle-has-divider\"><div class=\"panel-heading\"><h4 class=\"panel-title toggle\" id=\"toggle_5509e8f28ea298094\"><a aria-expanded=\"false\" aria-controls=\"5509e8f28ea298094\" role=\"button\" data-toggle=\"collapse\" data-parent=\"#accordion-1372-1\" data-target=\"#5509e8f28ea298094\" href=\"#5509e8f28ea298094\"><span class=\"fusion-toggle-icon-wrapper\" aria-hidden=\"true\"><i class=\"fa-fusion-box active-icon awb-icon-minus\" aria-hidden=\"true\"><\/i><i class=\"fa-fusion-box inactive-icon awb-icon-plus\" aria-hidden=\"true\"><\/i><\/span><span class=\"fusion-toggle-heading\">Diagn\u00f3stico de los Trastornos de Pigmentaci\u00f3n<\/span><\/a><\/h4><\/div><div id=\"5509e8f28ea298094\" class=\"panel-collapse collapse \" aria-labelledby=\"toggle_5509e8f28ea298094\"><div class=\"panel-body toggle-content fusion-clearfix\">\n<p>El diagn\u00f3stico de los trastornos de pigmentaci\u00f3n generalmente comienza con un examen f\u00edsico realizado por un dermat\u00f3logo. Es fundamental revisar el historial m\u00e9dico del paciente y evaluar la apariencia y distribuci\u00f3n de las manchas en la piel. Adem\u00e1s, se pueden utilizar varios m\u00e9todos diagn\u00f3sticos:<\/p>\n<ul>\n<li><strong>Examen con l\u00e1mpara de Wood<\/strong>: Esta l\u00e1mpara emite luz ultravioleta y permite al dermat\u00f3logo visualizar mejor las diferencias en la pigmentaci\u00f3n de la piel, ayudando a diferenciar entre distintos tipos de trastornos.<\/li>\n<li><strong>Biopsia de piel<\/strong>: En algunos casos, se puede tomar una muestra de piel para examinarla bajo el microscopio y descartar otras afecciones.<\/li>\n<li><strong>Pruebas de laboratorio<\/strong>: Pueden incluir an\u00e1lisis de sangre para descartar enfermedades autoinmunes o hormonales que puedan estar contribuyendo al trastorno de pigmentaci\u00f3n.<\/li>\n<\/ul>\n<\/div><\/div><\/div><div class=\"fusion-panel panel-default panel-baa3a4af154e61eb2 fusion-toggle-has-divider\"><div class=\"panel-heading\"><h4 class=\"panel-title toggle\" id=\"toggle_baa3a4af154e61eb2\"><a aria-expanded=\"false\" aria-controls=\"baa3a4af154e61eb2\" role=\"button\" data-toggle=\"collapse\" data-parent=\"#accordion-1372-1\" data-target=\"#baa3a4af154e61eb2\" href=\"#baa3a4af154e61eb2\"><span class=\"fusion-toggle-icon-wrapper\" aria-hidden=\"true\"><i class=\"fa-fusion-box active-icon awb-icon-minus\" aria-hidden=\"true\"><\/i><i class=\"fa-fusion-box inactive-icon awb-icon-plus\" aria-hidden=\"true\"><\/i><\/span><span class=\"fusion-toggle-heading\">Tratamiento de los Trastornos de Pigmentaci\u00f3n<\/span><\/a><\/h4><\/div><div id=\"baa3a4af154e61eb2\" class=\"panel-collapse collapse \" aria-labelledby=\"toggle_baa3a4af154e61eb2\"><div class=\"panel-body toggle-content fusion-clearfix\">\n<p>El tratamiento de los trastornos de pigmentaci\u00f3n depende del tipo y la gravedad de la afecci\u00f3n. Aqu\u00ed se describen algunos de los tratamientos m\u00e1s comunes:<\/p>\n<ul>\n<li><strong>Fototerapia<\/strong>: Utilizada en casos de vitiligo, la fototerapia con luz ultravioleta B (UVB) puede estimular la repigmentaci\u00f3n de la piel.<\/li>\n<li><strong>Cremas despigmentantes<\/strong>: Para condiciones como el melasma, se prescriben cremas que contienen hidroquinona, tretino\u00edna o corticosteroides, que ayudan a reducir la producci\u00f3n de melanina en la piel.<\/li>\n<li><strong>Terapia con l\u00e1ser<\/strong>: Indicada para tratar manchas hiperpigmentadas, el l\u00e1ser puede destruir las c\u00e9lulas productoras de melanina, reduciendo la apariencia de las manchas oscuras.<\/li>\n<li><strong>Tratamiento quir\u00fargico<\/strong>: En algunos casos de vitiligo resistente al tratamiento, se puede considerar la cirug\u00eda de injerto de piel o la micropigmentaci\u00f3n.<\/li>\n<\/ul>\n<\/div><\/div><\/div><div class=\"fusion-panel panel-default panel-04dbb375111064a22 fusion-toggle-has-divider\"><div class=\"panel-heading\"><h4 class=\"panel-title toggle\" id=\"toggle_04dbb375111064a22\"><a aria-expanded=\"false\" aria-controls=\"04dbb375111064a22\" role=\"button\" data-toggle=\"collapse\" data-parent=\"#accordion-1372-1\" data-target=\"#04dbb375111064a22\" href=\"#04dbb375111064a22\"><span class=\"fusion-toggle-icon-wrapper\" aria-hidden=\"true\"><i class=\"fa-fusion-box active-icon awb-icon-minus\" aria-hidden=\"true\"><\/i><i class=\"fa-fusion-box inactive-icon awb-icon-plus\" aria-hidden=\"true\"><\/i><\/span><span class=\"fusion-toggle-heading\">Factores de Riesgo<\/span><\/a><\/h4><\/div><div id=\"04dbb375111064a22\" class=\"panel-collapse collapse \" aria-labelledby=\"toggle_04dbb375111064a22\"><div class=\"panel-body toggle-content fusion-clearfix\">\n<p>Los trastornos de pigmentaci\u00f3n pueden estar influenciados por varios factores de riesgo, entre los que destacan:<\/p>\n<ul>\n<li><strong>Exposici\u00f3n al sol<\/strong>: La radiaci\u00f3n ultravioleta puede exacerbar trastornos como el melasma y la hiperpigmentaci\u00f3n postinflamatoria.<\/li>\n<li><strong>Factores gen\u00e9ticos<\/strong>: Muchas de estas afecciones tienen un componente hereditario, lo que significa que pueden ser m\u00e1s comunes en personas con antecedentes familiares de trastornos de pigmentaci\u00f3n.<\/li>\n<li><strong>Cambios hormonales<\/strong>: Particularmente en el caso del melasma, los cambios hormonales durante el embarazo o el uso de anticonceptivos pueden desencadenar la aparici\u00f3n de manchas oscuras.<\/li>\n<\/ul>\n<\/div><\/div><\/div><\/div><\/div><div class=\"fusion-clearfix\"><\/div><\/div><\/div><\/div><\/div><div class=\"fusion-fullwidth fullwidth-box fusion-builder-row-4 has-pattern-background has-mask-background nonhundred-percent-fullwidth non-hundred-percent-height-scrolling\" style=\"--awb-border-radius-top-left:0px;--awb-border-radius-top-right:0px;--awb-border-radius-bottom-right:0px;--awb-border-radius-bottom-left:0px;--awb-padding-top:20px;--awb-padding-bottom:32px;--awb-margin-top:48px;--awb-margin-bottom:32px;--awb-flex-wrap:wrap;\" ><div class=\"fusion-builder-row fusion-row\"><div class=\"fusion-layout-column fusion_builder_column fusion-builder-column-5 fusion_builder_column_1_2 1_2 fusion-one-half fusion-column-first fusion-column-inner-bg-wrapper\" style=\"--awb-padding-top:20px;--awb-padding-right:20px;--awb-padding-bottom:20px;--awb-padding-left:60px;--awb-inner-bg-color:#f4d0c2;--awb-inner-bg-color-hover:#f4d0c2;--awb-inner-bg-size:cover;width:50%;width:calc(50% - ( ( 4% ) * 0.5 ) );margin-right: 4%;\" data-scroll-devices=\"small-visibility,medium-visibility,large-visibility\"><span class=\"fusion-column-inner-bg hover-type-none\"><a class=\"fusion-column-anchor\" href=\"https:\/\/www.idermic.es\/es\/financiacion\/\"><span class=\"fusion-column-inner-bg-image\"><\/span><\/a><\/span><div class=\"fusion-column-wrapper fusion-column-has-shadow fusion-flex-column-wrapper-legacy\"><div style=\"text-align:center; max-width: 100%; width: calc(100% - 40px); margin: 0 auto;\">\n  <p style=\"color:white;margin:0;padding:15px 15px 0 15px;background-color:#ddbcb0;font-family:Montserrat;font-size:20px;font-weight:500;letter-spacing:2px;line-height:30px;\">\n    FINAN\u00c7AMENT 0% INTER\u00c8S\n  <\/p>\n  <p style=\"color:white;margin:0;padding:0 15px 15px 15px;background-color:#ddbcb0;font-family:Open Sans;font-size:12px;font-weight:500;letter-spacing:2px;line-height:30px;\">\n    LLEGIR M\u00c9S +\n  <\/p>\n<\/div><div class=\"fusion-clearfix\"><\/div><\/div><\/div><div class=\"fusion-layout-column fusion_builder_column fusion-builder-column-6 fusion_builder_column_1_2 1_2 fusion-one-half fusion-column-last fusion-column-inner-bg-wrapper\" style=\"--awb-padding-top:20px;--awb-padding-right:20px;--awb-padding-bottom:20px;--awb-padding-left:60px;--awb-inner-bg-color:#f4d0c2;--awb-inner-bg-color-hover:#f4d0c2;--awb-inner-bg-size:cover;width:50%;width:calc(50% - ( ( 4% ) * 0.5 ) );\" data-scroll-devices=\"small-visibility,medium-visibility,large-visibility\"><span class=\"fusion-column-inner-bg hover-type-none\"><a class=\"fusion-column-anchor\" href=\"https:\/\/www.idermic.es\/es\/preguntas-frecuentes\/\"><span class=\"fusion-column-inner-bg-image\"><\/span><\/a><\/span><div class=\"fusion-column-wrapper fusion-column-has-shadow fusion-flex-column-wrapper-legacy\"><div style=\"text-align:center; max-width: 100%; width: calc(100% - 40px); margin: 0 auto;\">\n  <p style=\"color:white;margin:0;padding:15px 15px 0 15px;background-color:#ddbcb0;font-family:Montserrat;font-size:20px;font-weight:500;letter-spacing:2px;line-height:30px;\">\n    PREGUNTES FREQ\u00dcENTS \n  <\/p>\n  <p style=\"color:white;margin:0;padding:0 15px 15px 15px;background-color:#ddbcb0;font-family:Open Sans;font-size:12px;font-weight:500;letter-spacing:2px;line-height:30px;\">\n    LLEGIR M\u00c9S +\n  <\/p>\n<\/div><div class=\"fusion-clearfix\"><\/div><\/div><\/div><\/div><\/div>\n<\/p>\n","protected":false},"featured_media":0,"template":"","class_list":["post-1372","dermatologia_clinica","type-dermatologia_clinica","status-publish","hentry"],"yoast_head":"<!-- This site is optimized with the Yoast SEO plugin v28.4 - https:\/\/yoast.com\/product\/yoast-seo-wordpress\/ -->\n<title>Trastornos de pigmentaci\u00f3n - Idermic. Dermatolog\u00eda en Terrassa<\/title>\n<meta name=\"description\" content=\"Informaci\u00f3n detallada sobre los trastornos de pigmentaci\u00f3n, incluyendo causas, s\u00edntomas, diagn\u00f3stico y opciones de tratamiento dermatol\u00f3gico.\" \/>\n<meta name=\"robots\" content=\"index, follow, max-snippet:-1, max-image-preview:large, max-video-preview:-1\" \/>\n<link rel=\"canonical\" href=\"https:\/\/www.idermic.es\/es\/dermatologia_clinica\/trastornos-pigmentacion\/\" \/>\n<meta property=\"og:locale\" content=\"es_ES\" \/>\n<meta property=\"og:type\" content=\"article\" \/>\n<meta property=\"og:title\" content=\"Trastornos de pigmentaci\u00f3n - Idermic. Dermatolog\u00eda en Terrassa\" \/>\n<meta property=\"og:description\" content=\"Informaci\u00f3n detallada sobre los trastornos de pigmentaci\u00f3n, incluyendo causas, s\u00edntomas, diagn\u00f3stico y opciones de tratamiento dermatol\u00f3gico.\" \/>\n<meta property=\"og:url\" content=\"https:\/\/www.idermic.es\/es\/dermatologia_clinica\/trastornos-pigmentacion\/\" \/>\n<meta property=\"og:site_name\" content=\"Idermic. Dermatolog\u00eda en Terrassa\" \/>\n<meta property=\"article:publisher\" content=\"https:\/\/www.facebook.com\/Idermic\" \/>\n<meta property=\"article:modified_time\" content=\"2026-07-06T07:51:34+00:00\" \/>\n<meta property=\"og:image\" content=\"https:\/\/www.idermic.es\/wp-content\/uploads\/2019\/01\/glass_green-1.jpg\" \/>\n\t<meta property=\"og:image:width\" content=\"115\" \/>\n\t<meta property=\"og:image:height\" content=\"2\" \/>\n\t<meta property=\"og:image:type\" content=\"image\/jpeg\" \/>\n<meta name=\"twitter:card\" content=\"summary_large_image\" \/>\n<meta name=\"twitter:site\" content=\"@idermic\" \/>\n<meta name=\"twitter:label1\" content=\"Tiempo de lectura\" \/>\n\t<meta name=\"twitter:data1\" content=\"6 minutos\" \/>\n<script type=\"application\/ld+json\" class=\"yoast-schema-graph\">{\"@context\":\"https:\\\/\\\/schema.org\",\"@graph\":[{\"@type\":\"WebPage\",\"@id\":\"https:\\\/\\\/www.idermic.es\\\/es\\\/dermatologia_clinica\\\/trastornos-pigmentacion\\\/\",\"url\":\"https:\\\/\\\/www.idermic.es\\\/es\\\/dermatologia_clinica\\\/trastornos-pigmentacion\\\/\",\"name\":\"Trastornos de pigmentaci\u00f3n - Idermic. Dermatolog\u00eda en Terrassa\",\"isPartOf\":{\"@id\":\"https:\\\/\\\/www.idermic.es\\\/#website\"},\"primaryImageOfPage\":{\"@id\":\"https:\\\/\\\/www.idermic.es\\\/es\\\/dermatologia_clinica\\\/trastornos-pigmentacion\\\/#primaryimage\"},\"image\":{\"@id\":\"https:\\\/\\\/www.idermic.es\\\/es\\\/dermatologia_clinica\\\/trastornos-pigmentacion\\\/#primaryimage\"},\"thumbnailUrl\":\"https:\\\/\\\/www.idermic.es\\\/wp-content\\\/uploads\\\/2019\\\/01\\\/glass_green-1.jpg\",\"datePublished\":\"2019-01-23T12:57:53+00:00\",\"dateModified\":\"2026-07-06T07:51:34+00:00\",\"description\":\"Informaci\u00f3n detallada sobre los trastornos de pigmentaci\u00f3n, incluyendo causas, s\u00edntomas, diagn\u00f3stico y opciones de tratamiento dermatol\u00f3gico.\",\"breadcrumb\":{\"@id\":\"https:\\\/\\\/www.idermic.es\\\/es\\\/dermatologia_clinica\\\/trastornos-pigmentacion\\\/#breadcrumb\"},\"inLanguage\":\"es\",\"potentialAction\":[{\"@type\":\"ReadAction\",\"target\":[\"https:\\\/\\\/www.idermic.es\\\/es\\\/dermatologia_clinica\\\/trastornos-pigmentacion\\\/\"]}]},{\"@type\":\"ImageObject\",\"inLanguage\":\"es\",\"@id\":\"https:\\\/\\\/www.idermic.es\\\/es\\\/dermatologia_clinica\\\/trastornos-pigmentacion\\\/#primaryimage\",\"url\":\"https:\\\/\\\/www.idermic.es\\\/wp-content\\\/uploads\\\/2019\\\/01\\\/glass_green-1.jpg\",\"contentUrl\":\"https:\\\/\\\/www.idermic.es\\\/wp-content\\\/uploads\\\/2019\\\/01\\\/glass_green-1.jpg\"},{\"@type\":\"BreadcrumbList\",\"@id\":\"https:\\\/\\\/www.idermic.es\\\/es\\\/dermatologia_clinica\\\/trastornos-pigmentacion\\\/#breadcrumb\",\"itemListElement\":[{\"@type\":\"ListItem\",\"position\":1,\"name\":\"Inici\",\"item\":\"https:\\\/\\\/www.idermic.es\\\/es\\\/\"},{\"@type\":\"ListItem\",\"position\":2,\"name\":\"Trastornos de pigmentaci\u00f3n\"}]},{\"@type\":\"WebSite\",\"@id\":\"https:\\\/\\\/www.idermic.es\\\/#website\",\"url\":\"https:\\\/\\\/www.idermic.es\\\/\",\"name\":\"Idermic. Dermatolog\u00eda en Terrassa\",\"description\":\"Dermatolog\u00eda, Medicina est\u00e9tica, Cirurg\u00eda Pl\u00e0stica\",\"publisher\":{\"@id\":\"https:\\\/\\\/www.idermic.es\\\/#organization\"},\"potentialAction\":[{\"@type\":\"SearchAction\",\"target\":{\"@type\":\"EntryPoint\",\"urlTemplate\":\"https:\\\/\\\/www.idermic.es\\\/?s={search_term_string}\"},\"query-input\":{\"@type\":\"PropertyValueSpecification\",\"valueRequired\":true,\"valueName\":\"search_term_string\"}}],\"inLanguage\":\"es\"},{\"@type\":\"Organization\",\"@id\":\"https:\\\/\\\/www.idermic.es\\\/#organization\",\"name\":\"Idermic. Dermatolog\u00eda en Terrassa\",\"url\":\"https:\\\/\\\/www.idermic.es\\\/\",\"logo\":{\"@type\":\"ImageObject\",\"inLanguage\":\"es\",\"@id\":\"https:\\\/\\\/www.idermic.es\\\/#\\\/schema\\\/logo\\\/image\\\/\",\"url\":\"https:\\\/\\\/www.idermic.es\\\/wp-content\\\/uploads\\\/2025\\\/10\\\/Logo-Idermic.jpg\",\"contentUrl\":\"https:\\\/\\\/www.idermic.es\\\/wp-content\\\/uploads\\\/2025\\\/10\\\/Logo-Idermic.jpg\",\"width\":501,\"height\":502,\"caption\":\"Idermic. Dermatolog\u00eda en Terrassa\"},\"image\":{\"@id\":\"https:\\\/\\\/www.idermic.es\\\/#\\\/schema\\\/logo\\\/image\\\/\"},\"sameAs\":[\"https:\\\/\\\/www.facebook.com\\\/Idermic\",\"https:\\\/\\\/x.com\\\/idermic\",\"https:\\\/\\\/www.instagram.com\\\/idermicclinic\\\/\",\"https:\\\/\\\/www.youtube.com\\\/channel\\\/UCyAHC9-p8lc6hr_nguO8p_g\"]}]}<\/script>\n<!-- \/ Yoast SEO plugin. -->","yoast_head_json":{"title":"Trastornos de pigmentaci\u00f3n - Idermic. Dermatolog\u00eda en Terrassa","description":"Informaci\u00f3n detallada sobre los trastornos de pigmentaci\u00f3n, incluyendo causas, s\u00edntomas, diagn\u00f3stico y opciones de tratamiento dermatol\u00f3gico.","robots":{"index":"index","follow":"follow","max-snippet":"max-snippet:-1","max-image-preview":"max-image-preview:large","max-video-preview":"max-video-preview:-1"},"canonical":"https:\/\/www.idermic.es\/es\/dermatologia_clinica\/trastornos-pigmentacion\/","og_locale":"es_ES","og_type":"article","og_title":"Trastornos de pigmentaci\u00f3n - Idermic. Dermatolog\u00eda en Terrassa","og_description":"Informaci\u00f3n detallada sobre los trastornos de pigmentaci\u00f3n, incluyendo causas, s\u00edntomas, diagn\u00f3stico y opciones de tratamiento dermatol\u00f3gico.","og_url":"https:\/\/www.idermic.es\/es\/dermatologia_clinica\/trastornos-pigmentacion\/","og_site_name":"Idermic. Dermatolog\u00eda en Terrassa","article_publisher":"https:\/\/www.facebook.com\/Idermic","article_modified_time":"2026-07-06T07:51:34+00:00","og_image":[{"width":115,"height":2,"url":"https:\/\/www.idermic.es\/wp-content\/uploads\/2019\/01\/glass_green-1.jpg","type":"image\/jpeg"}],"twitter_card":"summary_large_image","twitter_site":"@idermic","twitter_misc":{"Tiempo de lectura":"6 minutos"},"schema":{"@context":"https:\/\/schema.org","@graph":[{"@type":"WebPage","@id":"https:\/\/www.idermic.es\/es\/dermatologia_clinica\/trastornos-pigmentacion\/","url":"https:\/\/www.idermic.es\/es\/dermatologia_clinica\/trastornos-pigmentacion\/","name":"Trastornos de pigmentaci\u00f3n - Idermic. Dermatolog\u00eda en Terrassa","isPartOf":{"@id":"https:\/\/www.idermic.es\/#website"},"primaryImageOfPage":{"@id":"https:\/\/www.idermic.es\/es\/dermatologia_clinica\/trastornos-pigmentacion\/#primaryimage"},"image":{"@id":"https:\/\/www.idermic.es\/es\/dermatologia_clinica\/trastornos-pigmentacion\/#primaryimage"},"thumbnailUrl":"https:\/\/www.idermic.es\/wp-content\/uploads\/2019\/01\/glass_green-1.jpg","datePublished":"2019-01-23T12:57:53+00:00","dateModified":"2026-07-06T07:51:34+00:00","description":"Informaci\u00f3n detallada sobre los trastornos de pigmentaci\u00f3n, incluyendo causas, s\u00edntomas, diagn\u00f3stico y opciones de tratamiento dermatol\u00f3gico.","breadcrumb":{"@id":"https:\/\/www.idermic.es\/es\/dermatologia_clinica\/trastornos-pigmentacion\/#breadcrumb"},"inLanguage":"es","potentialAction":[{"@type":"ReadAction","target":["https:\/\/www.idermic.es\/es\/dermatologia_clinica\/trastornos-pigmentacion\/"]}]},{"@type":"ImageObject","inLanguage":"es","@id":"https:\/\/www.idermic.es\/es\/dermatologia_clinica\/trastornos-pigmentacion\/#primaryimage","url":"https:\/\/www.idermic.es\/wp-content\/uploads\/2019\/01\/glass_green-1.jpg","contentUrl":"https:\/\/www.idermic.es\/wp-content\/uploads\/2019\/01\/glass_green-1.jpg"},{"@type":"BreadcrumbList","@id":"https:\/\/www.idermic.es\/es\/dermatologia_clinica\/trastornos-pigmentacion\/#breadcrumb","itemListElement":[{"@type":"ListItem","position":1,"name":"Inici","item":"https:\/\/www.idermic.es\/es\/"},{"@type":"ListItem","position":2,"name":"Trastornos de pigmentaci\u00f3n"}]},{"@type":"WebSite","@id":"https:\/\/www.idermic.es\/#website","url":"https:\/\/www.idermic.es\/","name":"Idermic. Dermatolog\u00eda en Terrassa","description":"Dermatolog\u00eda, Medicina est\u00e9tica, Cirurg\u00eda Pl\u00e0stica","publisher":{"@id":"https:\/\/www.idermic.es\/#organization"},"potentialAction":[{"@type":"SearchAction","target":{"@type":"EntryPoint","urlTemplate":"https:\/\/www.idermic.es\/?s={search_term_string}"},"query-input":{"@type":"PropertyValueSpecification","valueRequired":true,"valueName":"search_term_string"}}],"inLanguage":"es"},{"@type":"Organization","@id":"https:\/\/www.idermic.es\/#organization","name":"Idermic. Dermatolog\u00eda en Terrassa","url":"https:\/\/www.idermic.es\/","logo":{"@type":"ImageObject","inLanguage":"es","@id":"https:\/\/www.idermic.es\/#\/schema\/logo\/image\/","url":"https:\/\/www.idermic.es\/wp-content\/uploads\/2025\/10\/Logo-Idermic.jpg","contentUrl":"https:\/\/www.idermic.es\/wp-content\/uploads\/2025\/10\/Logo-Idermic.jpg","width":501,"height":502,"caption":"Idermic. Dermatolog\u00eda en Terrassa"},"image":{"@id":"https:\/\/www.idermic.es\/#\/schema\/logo\/image\/"},"sameAs":["https:\/\/www.facebook.com\/Idermic","https:\/\/x.com\/idermic","https:\/\/www.instagram.com\/idermicclinic\/","https:\/\/www.youtube.com\/channel\/UCyAHC9-p8lc6hr_nguO8p_g"]}]}},"_links":{"self":[{"href":"https:\/\/www.idermic.es\/es\/wp-json\/wp\/v2\/dermatologia_clinica\/1372","targetHints":{"allow":["GET"]}}],"collection":[{"href":"https:\/\/www.idermic.es\/es\/wp-json\/wp\/v2\/dermatologia_clinica"}],"about":[{"href":"https:\/\/www.idermic.es\/es\/wp-json\/wp\/v2\/types\/dermatologia_clinica"}],"wp:attachment":[{"href":"https:\/\/www.idermic.es\/es\/wp-json\/wp\/v2\/media?parent=1372"}],"curies":[{"name":"wp","href":"https:\/\/api.w.org\/{rel}","templated":true}]}}