{"id":1364,"date":"2019-01-23T13:10:43","date_gmt":"2019-01-23T13:10:43","guid":{"rendered":"http:\/\/www.idermic.es\/dermatologia_clinica\/vitiligen\/"},"modified":"2026-07-06T07:38:09","modified_gmt":"2026-07-06T07:38:09","slug":"vitiligo","status":"publish","type":"dermatologia_clinica","link":"https:\/\/www.idermic.es\/es\/dermatologia_clinica\/vitiligo\/","title":{"rendered":"Vit\u00edligo"},"content":{"rendered":"<p><div class=\"fusion-fullwidth fullwidth-box fusion-builder-row-1 nonhundred-percent-fullwidth non-hundred-percent-height-scrolling\" style=\"--awb-border-radius-top-left:0px;--awb-border-radius-top-right:0px;--awb-border-radius-bottom-right:0px;--awb-border-radius-bottom-left:0px;--awb-padding-top:25px;--awb-flex-wrap:wrap;\" ><div class=\"fusion-builder-row fusion-row\"><div class=\"fusion-layout-column fusion_builder_column fusion-builder-column-0 fusion_builder_column_1_1 1_1 fusion-one-full fusion-column-first fusion-column-last\" style=\"--awb-padding-bottom:40px;--awb-bg-size:cover;\"><div class=\"fusion-column-wrapper fusion-flex-column-wrapper-legacy\"><div class=\"fusion-text fusion-text-1\"><h1 style=\"text-align: center;\">DERMATOLOG\u00cdA CL\u00cdNICA<\/h1>\n<p><img decoding=\"async\" class=\"alignnone size-full wp-image-382 aligncenter\" src=\"https:\/\/www.idermic.es\/wp-content\/uploads\/2019\/01\/glass_green-1.jpg\" alt=\"\" width=\"115\" height=\"2\" srcset=\"https:\/\/www.idermic.es\/wp-content\/uploads\/2019\/01\/glass_green-1-66x2.jpg 66w, https:\/\/www.idermic.es\/wp-content\/uploads\/2019\/01\/glass_green-1.jpg 115w\" sizes=\"(max-width: 115px) 100vw, 115px\" \/><\/p>\n<\/div><div class=\"fusion-clearfix\"><\/div><\/div><\/div><\/div><\/div><div class=\"fusion-fullwidth fullwidth-box fusion-builder-row-2 nonhundred-percent-fullwidth non-hundred-percent-height-scrolling\" style=\"--awb-border-radius-top-left:0px;--awb-border-radius-top-right:0px;--awb-border-radius-bottom-right:0px;--awb-border-radius-bottom-left:0px;--awb-flex-wrap:wrap;\" ><div class=\"fusion-builder-row fusion-row\"><div class=\"fusion-layout-column fusion_builder_column fusion-builder-column-1 fusion_builder_column_1_3 1_3 fusion-one-third fusion-column-first\" style=\"--awb-bg-size:cover;width:33.333333333333%;width:calc(33.333333333333% - ( ( 4% + 4% ) * 0.33333333333333 ) );margin-right: 4%;\"><div class=\"fusion-column-wrapper fusion-flex-column-wrapper-legacy\"><div class=\"fusion-image-element in-legacy-container\" style=\"--awb-caption-title-font-family:var(--h2_typography-font-family);--awb-caption-title-font-weight:var(--h2_typography-font-weight);--awb-caption-title-font-style:var(--h2_typography-font-style);--awb-caption-title-size:var(--h2_typography-font-size);--awb-caption-title-transform:var(--h2_typography-text-transform);--awb-caption-title-line-height:var(--h2_typography-line-height);--awb-caption-title-letter-spacing:var(--h2_typography-letter-spacing);\"><span class=\" fusion-imageframe imageframe-none imageframe-1 hover-type-none\"><img decoding=\"async\" width=\"356\" height=\"2\" title=\"line_green\" src=\"https:\/\/www.idermic.es\/wp-content\/uploads\/2019\/01\/line_green.jpg\" alt class=\"img-responsive wp-image-1002\" srcset=\"https:\/\/www.idermic.es\/wp-content\/uploads\/2019\/01\/line_green-200x1.jpg 200w, https:\/\/www.idermic.es\/wp-content\/uploads\/2019\/01\/line_green.jpg 356w\" sizes=\"(max-width: 800px) 100vw, 356px\" \/><\/span><\/div><div class=\"fusion-title title fusion-title-1 fusion-sep-none fusion-title-text fusion-title-size-two\"><h2 class=\"fusion-title-heading title-heading-left\" style=\"margin:0;\">VIT\u00cdLIGO<\/h2><\/div><div class=\"fusion-title title fusion-title-2 fusion-sep-none fusion-title-text fusion-title-size-six\" style=\"--awb-margin-top:60px;\"><h6 class=\"fusion-title-heading title-heading-left\" style=\"margin:0;\">Tratamiento para la eliminaci\u00f3n de las manchas blancas<\/h6><\/div><div class=\"fusion-clearfix\"><\/div><\/div><\/div><div class=\"fusion-layout-column fusion_builder_column fusion-builder-column-2 fusion_builder_column_1_3 1_3 fusion-one-third\" style=\"--awb-bg-size:cover;width:33.333333333333%;width:calc(33.333333333333% - ( ( 4% + 4% ) * 0.33333333333333 ) );margin-right: 4%;\"><div class=\"fusion-column-wrapper fusion-flex-column-wrapper-legacy\"><div class=\"fusion-image-element in-legacy-container\" style=\"--awb-caption-title-font-family:var(--h2_typography-font-family);--awb-caption-title-font-weight:var(--h2_typography-font-weight);--awb-caption-title-font-style:var(--h2_typography-font-style);--awb-caption-title-size:var(--h2_typography-font-size);--awb-caption-title-transform:var(--h2_typography-text-transform);--awb-caption-title-line-height:var(--h2_typography-line-height);--awb-caption-title-letter-spacing:var(--h2_typography-letter-spacing);\"><span class=\" fusion-imageframe imageframe-none imageframe-2 hover-type-none\"><img decoding=\"async\" width=\"356\" height=\"2\" title=\"line_green\" src=\"https:\/\/www.idermic.es\/wp-content\/uploads\/2019\/01\/line_green.jpg\" alt class=\"img-responsive wp-image-1002\" srcset=\"https:\/\/www.idermic.es\/wp-content\/uploads\/2019\/01\/line_green-200x1.jpg 200w, https:\/\/www.idermic.es\/wp-content\/uploads\/2019\/01\/line_green.jpg 356w\" sizes=\"(max-width: 800px) 100vw, 356px\" \/><\/span><\/div><div class=\"fusion-text fusion-text-2\"><p>El vit\u00edligo es una enfermedad de causa desconocida en la que los melanocitos (las c\u00e9lulas responsables de la pigmentaci\u00f3n de la piel) mueren. La prevalencia de esta afecci\u00f3n est\u00e1 entre el 0,5 y el 3% de la poblaci\u00f3n. Afecta a todas las razas y no hay diferencias entre sexos. En la mayor\u00eda de los casos comienza entre los 10 y los 30 a\u00f1os y se manifiesta por la aparici\u00f3n de manchas blancas que resultan de la ausencia del pigmento en la piel. En principio suelen ser zonas circulares con bordes definidos y con una extensi\u00f3n variable que suelen observarse m\u00e1s frecuentemente en las extremidades, zonas de extensi\u00f3n y flexi\u00f3n (rodillas y codos), la cara o los genitales. Las zonas despigmentadas con el tiempo pueden crecer y extenderse a cualquier otra parte del cuerpo. El vit\u00edligo no es contagioso.<\/p>\n<p>Esta enfermedad incrementa la susceptibilidad a las quemaduras solares en las zonas sin pigmentaci\u00f3n y causa principalmente problemas est\u00e9ticos. Los tratamientos son largos y pueden ser necesarios m\u00e1s de 6 meses m\u00e1s para ver resultados. Hay zonas que responden mucho mejor que otras. Hoy en d\u00eda, hay numerosas opciones de tratamiento. Adem\u00e1s de las terapias tradicionales, como el sistema de PUVA y las cremas con corticoides, se han desarrollado terapias como la UVB de banda estrecha, los psoralenos t\u00f3picos, la khellina t\u00f3pica y el uso de inmunomoduladores. Muchas veces hay que ensayar varios tratamientos para lograr resultados y en algunas ocasiones las lesiones se repigmentan espont\u00e1neamente.<\/p>\n<\/div><div class=\"fusion-clearfix\"><\/div><\/div><\/div><div class=\"fusion-layout-column fusion_builder_column fusion-builder-column-3 fusion_builder_column_1_3 1_3 fusion-one-third fusion-column-last\" style=\"--awb-bg-size:cover;width:33.333333333333%;width:calc(33.333333333333% - ( ( 4% + 4% ) * 0.33333333333333 ) );\"><div class=\"fusion-column-wrapper fusion-flex-column-wrapper-legacy\"><div class=\"fusion-image-element in-legacy-container\" style=\"--awb-caption-title-font-family:var(--h2_typography-font-family);--awb-caption-title-font-weight:var(--h2_typography-font-weight);--awb-caption-title-font-style:var(--h2_typography-font-style);--awb-caption-title-size:var(--h2_typography-font-size);--awb-caption-title-transform:var(--h2_typography-text-transform);--awb-caption-title-line-height:var(--h2_typography-line-height);--awb-caption-title-letter-spacing:var(--h2_typography-letter-spacing);\"><span class=\" fusion-imageframe imageframe-none imageframe-3 hover-type-none\"><img decoding=\"async\" width=\"600\" height=\"757\" alt=\"Dermatolog\u00eda cl\u00ednica. Vit\u00edligo. Cl\u00ednica Idermic\" title=\"dc_vitiligen_idermic-600&#215;757\" src=\"https:\/\/www.idermic.es\/wp-content\/uploads\/2026\/01\/dc_vitiligen_idermic-600x757-1.jpg\" class=\"img-responsive wp-image-9254\" srcset=\"https:\/\/www.idermic.es\/wp-content\/uploads\/2026\/01\/dc_vitiligen_idermic-600x757-1-200x252.jpg 200w, https:\/\/www.idermic.es\/wp-content\/uploads\/2026\/01\/dc_vitiligen_idermic-600x757-1-400x505.jpg 400w, https:\/\/www.idermic.es\/wp-content\/uploads\/2026\/01\/dc_vitiligen_idermic-600x757-1.jpg 600w\" sizes=\"(max-width: 800px) 100vw, 400px\" \/><\/span><\/div><div class=\"fusion-clearfix\"><\/div><\/div><\/div><\/div><\/div><div class=\"fusion-fullwidth fullwidth-box fusion-builder-row-3 has-pattern-background has-mask-background nonhundred-percent-fullwidth non-hundred-percent-height-scrolling\" style=\"--awb-border-radius-top-left:0px;--awb-border-radius-top-right:0px;--awb-border-radius-bottom-right:0px;--awb-border-radius-bottom-left:0px;--awb-padding-top:20px;--awb-padding-bottom:32px;--awb-margin-top:48px;--awb-margin-bottom:32px;--awb-flex-wrap:wrap;\" ><div class=\"fusion-builder-row fusion-row\"><div class=\"fusion-layout-column fusion_builder_column fusion-builder-column-4 fusion_builder_column_1_2 1_2 fusion-one-half fusion-column-first fusion-column-inner-bg-wrapper\" style=\"--awb-padding-top:20px;--awb-padding-right:20px;--awb-padding-bottom:20px;--awb-padding-left:60px;--awb-inner-bg-color:#f4d0c2;--awb-inner-bg-color-hover:#f4d0c2;--awb-inner-bg-size:cover;width:50%;width:calc(50% - ( ( 4% ) * 0.5 ) );margin-right: 4%;\" data-scroll-devices=\"small-visibility,medium-visibility,large-visibility\"><span class=\"fusion-column-inner-bg hover-type-none\"><a class=\"fusion-column-anchor\" href=\"https:\/\/www.idermic.es\/es\/financiacion\/\"><span class=\"fusion-column-inner-bg-image\"><\/span><\/a><\/span><div class=\"fusion-column-wrapper fusion-column-has-shadow fusion-flex-column-wrapper-legacy\"><div style=\"text-align:center; max-width: 100%; width: calc(100% - 40px); margin: 0 auto;\">\n  <p style=\"color:white;margin:0;padding:15px 15px 0 15px;background-color:#ddbcb0;font-family:Montserrat;font-size:20px;font-weight:500;letter-spacing:2px;line-height:30px;\">\n    FINAN\u00c7AMENT 0% INTER\u00c8S\n  <\/p>\n  <p style=\"color:white;margin:0;padding:0 15px 15px 15px;background-color:#ddbcb0;font-family:Open Sans;font-size:12px;font-weight:500;letter-spacing:2px;line-height:30px;\">\n    LLEGIR M\u00c9S +\n  <\/p>\n<\/div><div class=\"fusion-clearfix\"><\/div><\/div><\/div><div class=\"fusion-layout-column fusion_builder_column fusion-builder-column-5 fusion_builder_column_1_2 1_2 fusion-one-half fusion-column-last fusion-column-inner-bg-wrapper\" style=\"--awb-padding-top:20px;--awb-padding-right:20px;--awb-padding-bottom:20px;--awb-padding-left:60px;--awb-inner-bg-color:#f4d0c2;--awb-inner-bg-color-hover:#f4d0c2;--awb-inner-bg-size:cover;width:50%;width:calc(50% - ( ( 4% ) * 0.5 ) );\" data-scroll-devices=\"small-visibility,medium-visibility,large-visibility\"><span class=\"fusion-column-inner-bg hover-type-none\"><a class=\"fusion-column-anchor\" href=\"https:\/\/www.idermic.es\/es\/preguntas-frecuentes\/\"><span class=\"fusion-column-inner-bg-image\"><\/span><\/a><\/span><div class=\"fusion-column-wrapper fusion-column-has-shadow fusion-flex-column-wrapper-legacy\"><div style=\"text-align:center; max-width: 100%; width: calc(100% - 40px); margin: 0 auto;\">\n  <p style=\"color:white;margin:0;padding:15px 15px 0 15px;background-color:#ddbcb0;font-family:Montserrat;font-size:20px;font-weight:500;letter-spacing:2px;line-height:30px;\">\n    PREGUNTES FREQ\u00dcENTS \n  <\/p>\n  <p style=\"color:white;margin:0;padding:0 15px 15px 15px;background-color:#ddbcb0;font-family:Open Sans;font-size:12px;font-weight:500;letter-spacing:2px;line-height:30px;\">\n    LLEGIR M\u00c9S +\n  <\/p>\n<\/div><div class=\"fusion-clearfix\"><\/div><\/div><\/div><\/div><\/div>\n<\/p>\n","protected":false},"featured_media":0,"template":"","class_list":["post-1364","dermatologia_clinica","type-dermatologia_clinica","status-publish","hentry"],"yoast_head":"<!-- This site is optimized with the Yoast SEO plugin v28.4 - https:\/\/yoast.com\/product\/yoast-seo-wordpress\/ -->\n<title>Vit\u00edligo - Idermic. Dermatolog\u00eda en Terrassa<\/title>\n<meta name=\"robots\" content=\"index, follow, max-snippet:-1, max-image-preview:large, max-video-preview:-1\" \/>\n<link rel=\"canonical\" href=\"https:\/\/www.idermic.es\/es\/dermatologia_clinica\/vitiligo\/\" \/>\n<meta property=\"og:locale\" content=\"es_ES\" \/>\n<meta property=\"og:type\" content=\"article\" \/>\n<meta property=\"og:title\" content=\"Vit\u00edligo - Idermic. Dermatolog\u00eda en Terrassa\" \/>\n<meta property=\"og:url\" content=\"https:\/\/www.idermic.es\/es\/dermatologia_clinica\/vitiligo\/\" \/>\n<meta property=\"og:site_name\" content=\"Idermic. Dermatolog\u00eda en Terrassa\" \/>\n<meta property=\"article:publisher\" content=\"https:\/\/www.facebook.com\/Idermic\" \/>\n<meta property=\"article:modified_time\" content=\"2026-07-06T07:38:09+00:00\" \/>\n<meta property=\"og:image\" content=\"https:\/\/www.idermic.es\/wp-content\/uploads\/2019\/01\/glass_green-1.jpg\" \/>\n\t<meta property=\"og:image:width\" content=\"115\" \/>\n\t<meta property=\"og:image:height\" content=\"2\" \/>\n\t<meta property=\"og:image:type\" content=\"image\/jpeg\" \/>\n<meta name=\"twitter:card\" content=\"summary_large_image\" \/>\n<meta name=\"twitter:site\" content=\"@idermic\" \/>\n<meta name=\"twitter:label1\" content=\"Tiempo de lectura\" \/>\n\t<meta name=\"twitter:data1\" content=\"3 minutos\" \/>\n<script type=\"application\/ld+json\" class=\"yoast-schema-graph\">{\"@context\":\"https:\\\/\\\/schema.org\",\"@graph\":[{\"@type\":\"WebPage\",\"@id\":\"https:\\\/\\\/www.idermic.es\\\/es\\\/dermatologia_clinica\\\/vitiligo\\\/\",\"url\":\"https:\\\/\\\/www.idermic.es\\\/es\\\/dermatologia_clinica\\\/vitiligo\\\/\",\"name\":\"Vit\u00edligo - Idermic. Dermatolog\u00eda en Terrassa\",\"isPartOf\":{\"@id\":\"https:\\\/\\\/www.idermic.es\\\/#website\"},\"primaryImageOfPage\":{\"@id\":\"https:\\\/\\\/www.idermic.es\\\/es\\\/dermatologia_clinica\\\/vitiligo\\\/#primaryimage\"},\"image\":{\"@id\":\"https:\\\/\\\/www.idermic.es\\\/es\\\/dermatologia_clinica\\\/vitiligo\\\/#primaryimage\"},\"thumbnailUrl\":\"https:\\\/\\\/www.idermic.es\\\/wp-content\\\/uploads\\\/2019\\\/01\\\/glass_green-1.jpg\",\"datePublished\":\"2019-01-23T13:10:43+00:00\",\"dateModified\":\"2026-07-06T07:38:09+00:00\",\"breadcrumb\":{\"@id\":\"https:\\\/\\\/www.idermic.es\\\/es\\\/dermatologia_clinica\\\/vitiligo\\\/#breadcrumb\"},\"inLanguage\":\"es\",\"potentialAction\":[{\"@type\":\"ReadAction\",\"target\":[\"https:\\\/\\\/www.idermic.es\\\/es\\\/dermatologia_clinica\\\/vitiligo\\\/\"]}]},{\"@type\":\"ImageObject\",\"inLanguage\":\"es\",\"@id\":\"https:\\\/\\\/www.idermic.es\\\/es\\\/dermatologia_clinica\\\/vitiligo\\\/#primaryimage\",\"url\":\"https:\\\/\\\/www.idermic.es\\\/wp-content\\\/uploads\\\/2019\\\/01\\\/glass_green-1.jpg\",\"contentUrl\":\"https:\\\/\\\/www.idermic.es\\\/wp-content\\\/uploads\\\/2019\\\/01\\\/glass_green-1.jpg\"},{\"@type\":\"BreadcrumbList\",\"@id\":\"https:\\\/\\\/www.idermic.es\\\/es\\\/dermatologia_clinica\\\/vitiligo\\\/#breadcrumb\",\"itemListElement\":[{\"@type\":\"ListItem\",\"position\":1,\"name\":\"Inici\",\"item\":\"https:\\\/\\\/www.idermic.es\\\/es\\\/\"},{\"@type\":\"ListItem\",\"position\":2,\"name\":\"Vit\u00edligo\"}]},{\"@type\":\"WebSite\",\"@id\":\"https:\\\/\\\/www.idermic.es\\\/#website\",\"url\":\"https:\\\/\\\/www.idermic.es\\\/\",\"name\":\"Idermic. Dermatolog\u00eda en Terrassa\",\"description\":\"Dermatolog\u00eda, Medicina est\u00e9tica, Cirurg\u00eda Pl\u00e0stica\",\"publisher\":{\"@id\":\"https:\\\/\\\/www.idermic.es\\\/#organization\"},\"potentialAction\":[{\"@type\":\"SearchAction\",\"target\":{\"@type\":\"EntryPoint\",\"urlTemplate\":\"https:\\\/\\\/www.idermic.es\\\/?s={search_term_string}\"},\"query-input\":{\"@type\":\"PropertyValueSpecification\",\"valueRequired\":true,\"valueName\":\"search_term_string\"}}],\"inLanguage\":\"es\"},{\"@type\":\"Organization\",\"@id\":\"https:\\\/\\\/www.idermic.es\\\/#organization\",\"name\":\"Idermic. Dermatolog\u00eda en Terrassa\",\"url\":\"https:\\\/\\\/www.idermic.es\\\/\",\"logo\":{\"@type\":\"ImageObject\",\"inLanguage\":\"es\",\"@id\":\"https:\\\/\\\/www.idermic.es\\\/#\\\/schema\\\/logo\\\/image\\\/\",\"url\":\"https:\\\/\\\/www.idermic.es\\\/wp-content\\\/uploads\\\/2025\\\/10\\\/Logo-Idermic.jpg\",\"contentUrl\":\"https:\\\/\\\/www.idermic.es\\\/wp-content\\\/uploads\\\/2025\\\/10\\\/Logo-Idermic.jpg\",\"width\":501,\"height\":502,\"caption\":\"Idermic. Dermatolog\u00eda en Terrassa\"},\"image\":{\"@id\":\"https:\\\/\\\/www.idermic.es\\\/#\\\/schema\\\/logo\\\/image\\\/\"},\"sameAs\":[\"https:\\\/\\\/www.facebook.com\\\/Idermic\",\"https:\\\/\\\/x.com\\\/idermic\",\"https:\\\/\\\/www.instagram.com\\\/idermicclinic\\\/\",\"https:\\\/\\\/www.youtube.com\\\/channel\\\/UCyAHC9-p8lc6hr_nguO8p_g\"]}]}<\/script>\n<!-- \/ Yoast SEO plugin. -->","yoast_head_json":{"title":"Vit\u00edligo - Idermic. Dermatolog\u00eda en Terrassa","robots":{"index":"index","follow":"follow","max-snippet":"max-snippet:-1","max-image-preview":"max-image-preview:large","max-video-preview":"max-video-preview:-1"},"canonical":"https:\/\/www.idermic.es\/es\/dermatologia_clinica\/vitiligo\/","og_locale":"es_ES","og_type":"article","og_title":"Vit\u00edligo - Idermic. Dermatolog\u00eda en Terrassa","og_url":"https:\/\/www.idermic.es\/es\/dermatologia_clinica\/vitiligo\/","og_site_name":"Idermic. Dermatolog\u00eda en Terrassa","article_publisher":"https:\/\/www.facebook.com\/Idermic","article_modified_time":"2026-07-06T07:38:09+00:00","og_image":[{"width":115,"height":2,"url":"https:\/\/www.idermic.es\/wp-content\/uploads\/2019\/01\/glass_green-1.jpg","type":"image\/jpeg"}],"twitter_card":"summary_large_image","twitter_site":"@idermic","twitter_misc":{"Tiempo de lectura":"3 minutos"},"schema":{"@context":"https:\/\/schema.org","@graph":[{"@type":"WebPage","@id":"https:\/\/www.idermic.es\/es\/dermatologia_clinica\/vitiligo\/","url":"https:\/\/www.idermic.es\/es\/dermatologia_clinica\/vitiligo\/","name":"Vit\u00edligo - Idermic. Dermatolog\u00eda en Terrassa","isPartOf":{"@id":"https:\/\/www.idermic.es\/#website"},"primaryImageOfPage":{"@id":"https:\/\/www.idermic.es\/es\/dermatologia_clinica\/vitiligo\/#primaryimage"},"image":{"@id":"https:\/\/www.idermic.es\/es\/dermatologia_clinica\/vitiligo\/#primaryimage"},"thumbnailUrl":"https:\/\/www.idermic.es\/wp-content\/uploads\/2019\/01\/glass_green-1.jpg","datePublished":"2019-01-23T13:10:43+00:00","dateModified":"2026-07-06T07:38:09+00:00","breadcrumb":{"@id":"https:\/\/www.idermic.es\/es\/dermatologia_clinica\/vitiligo\/#breadcrumb"},"inLanguage":"es","potentialAction":[{"@type":"ReadAction","target":["https:\/\/www.idermic.es\/es\/dermatologia_clinica\/vitiligo\/"]}]},{"@type":"ImageObject","inLanguage":"es","@id":"https:\/\/www.idermic.es\/es\/dermatologia_clinica\/vitiligo\/#primaryimage","url":"https:\/\/www.idermic.es\/wp-content\/uploads\/2019\/01\/glass_green-1.jpg","contentUrl":"https:\/\/www.idermic.es\/wp-content\/uploads\/2019\/01\/glass_green-1.jpg"},{"@type":"BreadcrumbList","@id":"https:\/\/www.idermic.es\/es\/dermatologia_clinica\/vitiligo\/#breadcrumb","itemListElement":[{"@type":"ListItem","position":1,"name":"Inici","item":"https:\/\/www.idermic.es\/es\/"},{"@type":"ListItem","position":2,"name":"Vit\u00edligo"}]},{"@type":"WebSite","@id":"https:\/\/www.idermic.es\/#website","url":"https:\/\/www.idermic.es\/","name":"Idermic. Dermatolog\u00eda en Terrassa","description":"Dermatolog\u00eda, Medicina est\u00e9tica, Cirurg\u00eda Pl\u00e0stica","publisher":{"@id":"https:\/\/www.idermic.es\/#organization"},"potentialAction":[{"@type":"SearchAction","target":{"@type":"EntryPoint","urlTemplate":"https:\/\/www.idermic.es\/?s={search_term_string}"},"query-input":{"@type":"PropertyValueSpecification","valueRequired":true,"valueName":"search_term_string"}}],"inLanguage":"es"},{"@type":"Organization","@id":"https:\/\/www.idermic.es\/#organization","name":"Idermic. Dermatolog\u00eda en Terrassa","url":"https:\/\/www.idermic.es\/","logo":{"@type":"ImageObject","inLanguage":"es","@id":"https:\/\/www.idermic.es\/#\/schema\/logo\/image\/","url":"https:\/\/www.idermic.es\/wp-content\/uploads\/2025\/10\/Logo-Idermic.jpg","contentUrl":"https:\/\/www.idermic.es\/wp-content\/uploads\/2025\/10\/Logo-Idermic.jpg","width":501,"height":502,"caption":"Idermic. Dermatolog\u00eda en Terrassa"},"image":{"@id":"https:\/\/www.idermic.es\/#\/schema\/logo\/image\/"},"sameAs":["https:\/\/www.facebook.com\/Idermic","https:\/\/x.com\/idermic","https:\/\/www.instagram.com\/idermicclinic\/","https:\/\/www.youtube.com\/channel\/UCyAHC9-p8lc6hr_nguO8p_g"]}]}},"_links":{"self":[{"href":"https:\/\/www.idermic.es\/es\/wp-json\/wp\/v2\/dermatologia_clinica\/1364","targetHints":{"allow":["GET"]}}],"collection":[{"href":"https:\/\/www.idermic.es\/es\/wp-json\/wp\/v2\/dermatologia_clinica"}],"about":[{"href":"https:\/\/www.idermic.es\/es\/wp-json\/wp\/v2\/types\/dermatologia_clinica"}],"wp:attachment":[{"href":"https:\/\/www.idermic.es\/es\/wp-json\/wp\/v2\/media?parent=1364"}],"curies":[{"name":"wp","href":"https:\/\/api.w.org\/{rel}","templated":true}]}}