{"id":1436,"date":"2019-01-30T10:45:27","date_gmt":"2019-01-30T10:45:27","guid":{"rendered":"http:\/\/www.idermic.es\/cirurgia_plastica\/mames\/"},"modified":"2026-01-24T14:53:00","modified_gmt":"2026-01-24T14:53:00","slug":"mamas","status":"publish","type":"cirurgia_plastica","link":"https:\/\/www.idermic.es\/es\/cirurgia_plastica\/mamas\/","title":{"rendered":"Mamas"},"content":{"rendered":"<p><div class=\"fusion-fullwidth fullwidth-box fusion-builder-row-1 nonhundred-percent-fullwidth non-hundred-percent-height-scrolling\" style=\"--awb-border-radius-top-left:0px;--awb-border-radius-top-right:0px;--awb-border-radius-bottom-right:0px;--awb-border-radius-bottom-left:0px;--awb-padding-top:25px;--awb-flex-wrap:wrap;\" ><div class=\"fusion-builder-row fusion-row\"><div class=\"fusion-layout-column fusion_builder_column fusion-builder-column-0 fusion_builder_column_1_1 1_1 fusion-one-full fusion-column-first fusion-column-last\" style=\"--awb-padding-bottom:40px;--awb-bg-size:cover;\"><div class=\"fusion-column-wrapper fusion-flex-column-wrapper-legacy\"><div class=\"fusion-text fusion-text-1\"><h1 style=\"text-align: center;\">CIRUG\u00cdA PL\u00c1STICA<\/h1>\n<h5 style=\"text-align: center;\"><img decoding=\"async\" class=\"alignnone size-full wp-image-382 aligncenter\" src=\"https:\/\/www.idermic.es\/wp-content\/uploads\/2019\/01\/glass_green-1.jpg\" alt=\"\" width=\"115\" height=\"2\" srcset=\"https:\/\/www.idermic.es\/wp-content\/uploads\/2019\/01\/glass_green-1-66x2.jpg 66w, https:\/\/www.idermic.es\/wp-content\/uploads\/2019\/01\/glass_green-1.jpg 115w\" sizes=\"(max-width: 115px) 100vw, 115px\" \/><br \/>\nCIRURGIA CORPORAL<\/h5>\n<\/div><div class=\"fusion-clearfix\"><\/div><\/div><\/div><\/div><\/div><div class=\"fusion-fullwidth fullwidth-box fusion-builder-row-2 nonhundred-percent-fullwidth non-hundred-percent-height-scrolling\" style=\"--awb-border-radius-top-left:0px;--awb-border-radius-top-right:0px;--awb-border-radius-bottom-right:0px;--awb-border-radius-bottom-left:0px;--awb-flex-wrap:wrap;\" ><div class=\"fusion-builder-row fusion-row\"><div class=\"fusion-layout-column fusion_builder_column fusion-builder-column-1 fusion_builder_column_1_3 1_3 fusion-one-third fusion-column-first\" style=\"--awb-bg-size:cover;width:33.333333333333%;width:calc(33.333333333333% - ( ( 4% + 4% ) * 0.33333333333333 ) );margin-right: 4%;\"><div class=\"fusion-column-wrapper fusion-flex-column-wrapper-legacy\"><div class=\"fusion-image-element in-legacy-container\" style=\"--awb-caption-title-font-family:var(--h2_typography-font-family);--awb-caption-title-font-weight:var(--h2_typography-font-weight);--awb-caption-title-font-style:var(--h2_typography-font-style);--awb-caption-title-size:var(--h2_typography-font-size);--awb-caption-title-transform:var(--h2_typography-text-transform);--awb-caption-title-line-height:var(--h2_typography-line-height);--awb-caption-title-letter-spacing:var(--h2_typography-letter-spacing);\"><span class=\" fusion-imageframe imageframe-none imageframe-1 hover-type-none\"><img decoding=\"async\" width=\"356\" height=\"2\" title=\"line_green\" src=\"https:\/\/www.idermic.es\/wp-content\/uploads\/2019\/01\/line_green.jpg\" alt class=\"img-responsive wp-image-1002\" srcset=\"https:\/\/www.idermic.es\/wp-content\/uploads\/2019\/01\/line_green-200x1.jpg 200w, https:\/\/www.idermic.es\/wp-content\/uploads\/2019\/01\/line_green.jpg 356w\" sizes=\"(max-width: 800px) 100vw, 356px\" \/><\/span><\/div><div class=\"fusion-title title fusion-title-1 fusion-sep-none fusion-title-text fusion-title-size-two\"><h2 class=\"fusion-title-heading title-heading-left\" style=\"margin:0;\">MAMAS<\/h2><\/div><div class=\"fusion-title title fusion-title-2 fusion-sep-none fusion-title-text fusion-title-size-six\" style=\"--awb-margin-top:60px;\"><h6 class=\"fusion-title-heading title-heading-left\" style=\"margin:0;\">Consigue los pechos que siempre has so\u00f1ado con un resultado natural<\/h6><\/div><div class=\"fusion-clearfix\"><\/div><\/div><\/div><div class=\"fusion-layout-column fusion_builder_column fusion-builder-column-2 fusion_builder_column_1_3 1_3 fusion-one-third\" style=\"--awb-bg-size:cover;width:33.333333333333%;width:calc(33.333333333333% - ( ( 4% + 4% ) * 0.33333333333333 ) );margin-right: 4%;\"><div class=\"fusion-column-wrapper fusion-flex-column-wrapper-legacy\"><div class=\"fusion-image-element in-legacy-container\" style=\"--awb-caption-title-font-family:var(--h2_typography-font-family);--awb-caption-title-font-weight:var(--h2_typography-font-weight);--awb-caption-title-font-style:var(--h2_typography-font-style);--awb-caption-title-size:var(--h2_typography-font-size);--awb-caption-title-transform:var(--h2_typography-text-transform);--awb-caption-title-line-height:var(--h2_typography-line-height);--awb-caption-title-letter-spacing:var(--h2_typography-letter-spacing);\"><span class=\" fusion-imageframe imageframe-none imageframe-2 hover-type-none\"><img decoding=\"async\" width=\"356\" height=\"2\" title=\"line_green\" src=\"https:\/\/www.idermic.es\/wp-content\/uploads\/2019\/01\/line_green.jpg\" alt class=\"img-responsive wp-image-1002\" srcset=\"https:\/\/www.idermic.es\/wp-content\/uploads\/2019\/01\/line_green-200x1.jpg 200w, https:\/\/www.idermic.es\/wp-content\/uploads\/2019\/01\/line_green.jpg 356w\" sizes=\"(max-width: 800px) 100vw, 356px\" \/><\/span><\/div><div class=\"fusion-text fusion-text-2\"><p>TIPO DE CIRUG\u00cdAS:<\/p>\n<\/div><div class=\"accordian fusion-accordian\" style=\"--awb-border-size:1px;--awb-icon-size:13px;--awb-content-font-size:15px;--awb-icon-alignment:left;--awb-hover-color:#f9f9f9;--awb-border-color:#cccccc;--awb-background-color:#ffffff;--awb-divider-color:#e0dede;--awb-divider-hover-color:#e0dede;--awb-icon-color:#ffffff;--awb-title-color:#ddbcb0;--awb-content-color:#505050;--awb-icon-box-color:#000000;--awb-toggle-hover-accent-color:#ddbcb0;--awb-title-font-family:&quot;Montserrat&quot;;--awb-title-font-weight:400;--awb-title-font-style:normal;--awb-content-font-family:&quot;Montserrat&quot;;--awb-content-font-style:normal;--awb-content-font-weight:300;\"><div class=\"panel-group fusion-toggle-icon-boxed\" id=\"accordion-1436-1\"><div class=\"fusion-panel panel-default panel-c3ae7e6aa0cae0c6a fusion-toggle-has-divider\"><div class=\"panel-heading\"><h4 class=\"panel-title toggle\" id=\"toggle_c3ae7e6aa0cae0c6a\"><a aria-expanded=\"false\" aria-controls=\"c3ae7e6aa0cae0c6a\" role=\"button\" data-toggle=\"collapse\" data-parent=\"#accordion-1436-1\" data-target=\"#c3ae7e6aa0cae0c6a\" href=\"#c3ae7e6aa0cae0c6a\"><span class=\"fusion-toggle-icon-wrapper\" aria-hidden=\"true\"><i class=\"fa-fusion-box active-icon awb-icon-minus\" aria-hidden=\"true\"><\/i><i class=\"fa-fusion-box inactive-icon awb-icon-plus\" aria-hidden=\"true\"><\/i><\/span><span class=\"fusion-toggle-heading\">AUMENTO DE MAMAS<\/span><\/a><\/h4><\/div><div id=\"c3ae7e6aa0cae0c6a\" class=\"panel-collapse collapse \" aria-labelledby=\"toggle_c3ae7e6aa0cae0c6a\"><div class=\"panel-body toggle-content fusion-clearfix\">\n<p>Es un procedimiento quir\u00fargico que se realiza para mejorar el tama\u00f1o y la forma del pecho de la mujer en las siguientes situaciones: para mejorar la silueta de la mujer que piensa que sus pechos son demasiado peque\u00f1os, para corregir la reducci\u00f3n de pecho que se produce tras algunos embarazos y para corregir una diferencia de tama\u00f1o entre las dos mamas como un procedimiento reconstructivo tras la cirug\u00eda tumoral de la mama.<\/p>\n<h5>\u00bfC\u00d3MO SE REALIZA EL PROCEDIMIENTO?<\/h5>\n<p>Consiste en la colocaci\u00f3n de una pr\u00f3tesis mamaria de gel cohesivo de silicona a trav\u00e9s de una incisi\u00f3n cut\u00e1nea (pez\u00f3n, submamaria, axila) y seg\u00fan el caso situada por detr\u00e1s de la gl\u00e1ndula o por detr\u00e1s del m\u00fasculo. Se realiza con anestesia general y tiene una duraci\u00f3n de entre 1-1:30 horas.<\/p>\n<h5>\u00bfC\u00d3MO ES EL PROCESO DE RECUPERACI\u00d3N?<\/h5>\n<p>A las 24 horas de la cirug\u00eda la paciente podr\u00e1 irse a casa y llevar\u00e1 un vendaje que se quitar\u00e1 a los 3 d\u00edas. Es normal en este periodo que la paciente note molestias y tenga las mamas un poco hinchadas. Todos los s\u00edntomas se controlar\u00e1n con analg\u00e9sicos y antiinflamatorios. Es muy importante durante los primeros d\u00edas no realizar movimientos bruscos de brazos o levantar pesos.<br \/>\nA la semana de la cirug\u00eda ya se podr\u00e1n realizar pr\u00e1cticamente todas las actividades cotidianas, cocinar, ducharse sola, vestirse.<\/p>\n<h5>\u00bfCU\u00c1NDO APRECIAR\u00c9 LOS RESULTADOS?<\/h5>\n<p>El resultado se aprecia al mes de la cirug\u00eda, cuando la inflamaci\u00f3n ha disminuido. La cicatriz ser\u00e1 de una tonalidad rosada pero con los meses se hace imperceptible.<\/p>\n<\/div><\/div><\/div><div class=\"fusion-panel panel-default panel-de402a905298bb30f fusion-toggle-has-divider\"><div class=\"panel-heading\"><h4 class=\"panel-title toggle\" id=\"toggle_de402a905298bb30f\"><a aria-expanded=\"false\" aria-controls=\"de402a905298bb30f\" role=\"button\" data-toggle=\"collapse\" data-parent=\"#accordion-1436-1\" data-target=\"#de402a905298bb30f\" href=\"#de402a905298bb30f\"><span class=\"fusion-toggle-icon-wrapper\" aria-hidden=\"true\"><i class=\"fa-fusion-box active-icon awb-icon-minus\" aria-hidden=\"true\"><\/i><i class=\"fa-fusion-box inactive-icon awb-icon-plus\" aria-hidden=\"true\"><\/i><\/span><span class=\"fusion-toggle-heading\">REDUCCI\u00d3N DE MAMAS<\/span><\/a><\/h4><\/div><div id=\"de402a905298bb30f\" class=\"panel-collapse collapse \" aria-labelledby=\"toggle_de402a905298bb30f\"><div class=\"panel-body toggle-content fusion-clearfix\">\n<p>Es una t\u00e9cnica quir\u00fargica que como su nombre indica se utiliza para reducir el tama\u00f1o de las mamas. Normalmente las pacientes la solicitan para mejorar las molestias producidas por un pecho grande m\u00e1s que por un motivo puramente est\u00e9tico. La cirug\u00eda se realiza bajo anestesia general y suele tener una duraci\u00f3n de entre 2 y 3 horas. Posteriormente se realiza un vendaje que se mantendr\u00e1 durante 48-72 horas.<\/p>\n<h5>\u00bfC\u00d3MO SE REALIZA EL PROCEDIMIENTO?<\/h5>\n<p>Aunque no existen muchas t\u00e9cnicas, la mayor\u00eda consisten en realizar unos cortes alrededor de la aureola para elevar y resecar una cu\u00f1a de tejido mamario en su polo inferior. Normalmente requiere de una noche de ingreso hospitalario.<\/p>\n<h5>\u00bfC\u00d3MO ES EL PROCESO DE RECUPERACI\u00d3N?<\/h5>\n<p>Los primeros d\u00edas, la paciente puede notar sensaci\u00f3n de cansancio, molestias o dolor de mamas e hinchaz\u00f3n en las mismas. Con un correcto tratamiento analg\u00e9sico estos s\u00edntomas mitigan adecuadamente. Una vez retirado el vendaje se colocar\u00e1 un sost\u00e9n especial. Podr\u00e1 volver al trabajo a las 2-3 semanas, aunque es posible que a\u00fan note molestias durante 4-6 semanas.<\/p>\n<h5>\u00bfCU\u00c1NDO APRECIAR\u00c9 LOS RESULTADOS?<\/h5>\n<p>Aunque los resultados en cuanto a disminuci\u00f3n del tama\u00f1o son visibles desde un primer momento, con los meses la mama ir\u00e1 adquiriendo su forma definitiva.<\/p>\n<p>Es posible que los primeros meses note cambios en la sensibilidad del pez\u00f3n que suelen desparecer con el tiempo. Las t\u00e9cnicas de sutura empleadas van encaminadas a disminuir la visibilidad de las cicatrices. Con una adecuada cura de las mismas, \u00e9stas tienden a ir blanque\u00e1ndose y haci\u00e9ndose poco visibles.<\/p>\n<\/div><\/div><\/div><div class=\"fusion-panel panel-default panel-d760c08d6b40c1c77 fusion-toggle-has-divider\"><div class=\"panel-heading\"><h4 class=\"panel-title toggle\" id=\"toggle_d760c08d6b40c1c77\"><a aria-expanded=\"false\" aria-controls=\"d760c08d6b40c1c77\" role=\"button\" data-toggle=\"collapse\" data-parent=\"#accordion-1436-1\" data-target=\"#d760c08d6b40c1c77\" href=\"#d760c08d6b40c1c77\"><span class=\"fusion-toggle-icon-wrapper\" aria-hidden=\"true\"><i class=\"fa-fusion-box active-icon awb-icon-minus\" aria-hidden=\"true\"><\/i><i class=\"fa-fusion-box inactive-icon awb-icon-plus\" aria-hidden=\"true\"><\/i><\/span><span class=\"fusion-toggle-heading\">ELEVACI\u00d3N DE MAMAS<\/span><\/a><\/h4><\/div><div id=\"d760c08d6b40c1c77\" class=\"panel-collapse collapse \" aria-labelledby=\"toggle_d760c08d6b40c1c77\"><div class=\"panel-body toggle-content fusion-clearfix\">\n<p>Con los a\u00f1os, y tras diferentes circunstancias como el embarazo, la lactancia y la propia fuerza de la gravedad, la mama tiende a caer y perder volumen. La piel tiende a perder elasticidad por lo que tambi\u00e9n se altera la forma de la mama. La mastopexia o elevaci\u00f3n de las mamas es un procedimiento quir\u00fargico que se realiza para tratar la ca\u00edda y la p\u00e9rdida de volumen de la mama. Se realiza bajo anestesia general, tiene una duraci\u00f3n de entre 2-3 horas. Generalmente se requiere una noche de ingreso en la cl\u00ednica.<\/p>\n<h5>\u00bfC\u00d3MO SE REALIZA EL PROCEDIMIENTO?<\/h5>\n<p>Dependiendo del caso, las cicatrices se pueden situar alrededor de la aureola, verticalmente desde la aureola hasta el surco submamario e incluso horizontalmente, por debajo de la mama. Se elimina el exceso de piel y se coloca la aureola en su nueva posici\u00f3n. Si las mamas est\u00e1n muy vac\u00edas ser\u00e1 necesario colocar una pr\u00f3tesis mamaria con tal de recuperar el volumen y forma de las mismas.<\/p>\n<h5>\u00bfC\u00d3MO ES EL PROCESO DE RECUPERACI\u00d3N?<\/h5>\n<p>Tras la cirug\u00eda la paciente notar\u00e1 molestias en la zona operada ya que las mamas estar\u00e1n inflamadas. Estos s\u00edntomas se controlan con la medicaci\u00f3n y desaparecen al cabo de 1-2 semanas. Se puede notar la zona de la auerola adormecida pero generalmente es temporal y tiende a resolverse en unos meses.<\/p>\n<p>La paciente pude incorporarse al trabajo a partir de la 2\u00aa semana siempre y cuando no implique realizar esfuerzos f\u00edsicos como levantar pesos. A partir de las 4-6 semanas ya se puede llevar una vida normal.<\/p>\n<h5>\u00bfCU\u00c1NDO APRECIAR\u00c9 LOS RESULTADOS?<\/h5>\n<p>Los resultados son muy satisfactorios en aquellas pacientes que tienen unas expectativas realistas por lo que respecta a la intervenci\u00f3n. La mastopexia siempre deja cicatrices visibles que dependen sobre todo de la propia cicatrizaci\u00f3n de la paciente. El cirujano pl\u00e1stico aplicar\u00e1 las t\u00e9cnicas quir\u00fargicas adecuadas y le indicar\u00e1 el tratamiento postoperatorio \u00f3ptimo para que estas cicatrices se vean lo menos posible. Asimismo, con el paso del tiempo, las cicatrices son menos perceptibles.<\/p>\n<\/div><\/div><\/div><div class=\"fusion-panel panel-default panel-e82fd7ced8181891d fusion-toggle-has-divider\"><div class=\"panel-heading\"><h4 class=\"panel-title toggle\" id=\"toggle_e82fd7ced8181891d\"><a aria-expanded=\"false\" aria-controls=\"e82fd7ced8181891d\" role=\"button\" data-toggle=\"collapse\" data-parent=\"#accordion-1436-1\" data-target=\"#e82fd7ced8181891d\" href=\"#e82fd7ced8181891d\"><span class=\"fusion-toggle-icon-wrapper\" aria-hidden=\"true\"><i class=\"fa-fusion-box active-icon awb-icon-minus\" aria-hidden=\"true\"><\/i><i class=\"fa-fusion-box inactive-icon awb-icon-plus\" aria-hidden=\"true\"><\/i><\/span><span class=\"fusion-toggle-heading\">MAMAS TUBEROSAS<\/span><\/a><\/h4><\/div><div id=\"e82fd7ced8181891d\" class=\"panel-collapse collapse \" aria-labelledby=\"toggle_e82fd7ced8181891d\"><div class=\"panel-body toggle-content fusion-clearfix\">\n<p>Se define como mamas tuberosas a una anomal\u00eda mamaria debida a una falta de desarrollo del polo inferior de la mama que le da una forma de cono o tubo.<br \/>\nSe suelen ver como unas mamas muy separadas y con una forma tubular. Las areolas m\u00e1s grandes de lo normal y dilatadas por la herniaci\u00f3n del tejido mamario. Es habitual que las mamas sean de tama\u00f1o peque\u00f1o y asim\u00e9trico.<\/p>\n<h5>\u00bfC\u00d3MO SE REALIZA EL PROCEDIMIENTO?<\/h5>\n<p>La correcci\u00f3n quir\u00fargica es m\u00e1s compleja que un aumento mamario simple. De forma simplificada, consiste en modificar la base de la mama, redistribuir el tejido mamario, modificar la herniaci\u00f3n y el tama\u00f1o de las areolas y corregir el d\u00e9ficit de volumen.<\/p>\n<h5>\u00bfC\u00d3MO ES EL PROCESO DE RECUPERACI\u00d3N?<\/h5>\n<p>Tras la cirug\u00eda la paciente notar\u00e1 molestias en la zona operada ya que las mamas estar\u00e1n inflamadas. Estos s\u00edntomas se controlan con la medicaci\u00f3n y desaparecen al cabo de 1-2 semanas. Se puede notar la zona de la aureola adormecida pero generalmente es temporal y tiende a resolverse en unos meses.<\/p>\n<p>La paciente pude incorporarse al trabajo a partir de la 2\u00aa semana siempre y cuando no implique realizar esfuerzos f\u00edsicos como levantar pesos. A partir de las 4-6 semanas ya se puede llevar una vida normal.<\/p>\n<h5>\u00bfCU\u00c1NDO APRECIAR\u00c9 LOS RESULTADOS?<\/h5>\n<p>Los cambios iniciales se aprecian inmediatamente aunque con el paso de las semanas y los meses los tejidos se ir\u00e1n adaptando a la nueva situaci\u00f3n hasta adoptar la forma definitiva alrededor del a\u00f1o tras la intervenci\u00f3n.<\/p>\n<\/div><\/div><\/div><\/div><\/div><div class=\"fusion-clearfix\"><\/div><\/div><\/div><div class=\"fusion-layout-column fusion_builder_column fusion-builder-column-3 fusion_builder_column_1_3 1_3 fusion-one-third fusion-column-last\" style=\"--awb-bg-size:cover;width:33.333333333333%;width:calc(33.333333333333% - ( ( 4% + 4% ) * 0.33333333333333 ) );\"><div class=\"fusion-column-wrapper fusion-flex-column-wrapper-legacy\"><div class=\"fusion-image-element in-legacy-container\" style=\"--awb-caption-title-font-family:var(--h2_typography-font-family);--awb-caption-title-font-weight:var(--h2_typography-font-weight);--awb-caption-title-font-style:var(--h2_typography-font-style);--awb-caption-title-size:var(--h2_typography-font-size);--awb-caption-title-transform:var(--h2_typography-text-transform);--awb-caption-title-line-height:var(--h2_typography-line-height);--awb-caption-title-letter-spacing:var(--h2_typography-letter-spacing);\"><span class=\" fusion-imageframe imageframe-none imageframe-3 hover-type-none\"><img decoding=\"async\" width=\"600\" height=\"757\" alt=\"Cirug\u00eda pl\u00e1stica. Mamas. Cl\u00ednica Idermic\" title=\"cp_mames_idermic-600&#215;757\" src=\"https:\/\/www.idermic.es\/wp-content\/uploads\/2026\/01\/cp_mames_idermic-600x757-1.jpg\" class=\"img-responsive wp-image-9162\" srcset=\"https:\/\/www.idermic.es\/wp-content\/uploads\/2026\/01\/cp_mames_idermic-600x757-1-200x252.jpg 200w, https:\/\/www.idermic.es\/wp-content\/uploads\/2026\/01\/cp_mames_idermic-600x757-1-400x505.jpg 400w, https:\/\/www.idermic.es\/wp-content\/uploads\/2026\/01\/cp_mames_idermic-600x757-1.jpg 600w\" sizes=\"(max-width: 800px) 100vw, 400px\" \/><\/span><\/div><div class=\"fusion-clearfix\"><\/div><\/div><\/div><\/div><\/div><div class=\"fusion-fullwidth fullwidth-box fusion-builder-row-3 has-pattern-background has-mask-background nonhundred-percent-fullwidth non-hundred-percent-height-scrolling\" style=\"--awb-border-radius-top-left:0px;--awb-border-radius-top-right:0px;--awb-border-radius-bottom-right:0px;--awb-border-radius-bottom-left:0px;--awb-padding-top:0px;--awb-margin-top:32px;--awb-flex-wrap:wrap;\" ><div class=\"fusion-builder-row fusion-row\"><div class=\"fusion-layout-column fusion_builder_column fusion-builder-column-4 fusion_builder_column_1_2 1_2 fusion-one-half fusion-column-first fusion-column-inner-bg-wrapper\" style=\"--awb-padding-top:20px;--awb-padding-right:20px;--awb-padding-bottom:20px;--awb-padding-left:60px;--awb-inner-bg-color:#f4d0c2;--awb-inner-bg-color-hover:#f4d0c2;--awb-inner-bg-size:cover;width:50%;width:calc(50% - ( ( 4% ) * 0.5 ) );margin-right: 4%;\" data-scroll-devices=\"small-visibility,medium-visibility,large-visibility\"><span class=\"fusion-column-inner-bg hover-type-none\"><a class=\"fusion-column-anchor\" href=\"https:\/\/www.idermic.es\/es\/financiacion\/\"><span class=\"fusion-column-inner-bg-image\"><\/span><\/a><\/span><div class=\"fusion-column-wrapper fusion-column-has-shadow fusion-flex-column-wrapper-legacy\"><div style=\"text-align:center; max-width: 100%; width: calc(100% - 40px); margin: 0 auto;\">\n  <p style=\"color:white;margin:0;padding:15px 15px 0 15px;background-color:#ddbcb0;font-family:Montserrat;font-size:20px;font-weight:500;letter-spacing:2px;line-height:30px;\">\n    FINANCIACI\u00d3N 0% INTER\u00c9S\n  <\/p>\n  <p style=\"color:white;margin:0;padding:0 15px 15px 15px;background-color:#ddbcb0;font-family:Open Sans;font-size:12px;font-weight:500;letter-spacing:2px;line-height:30px;\">\n    LEER M\u00c1S +\n  <\/p>\n<\/div><div class=\"fusion-clearfix\"><\/div><\/div><\/div><div class=\"fusion-layout-column fusion_builder_column fusion-builder-column-5 fusion_builder_column_1_2 1_2 fusion-one-half fusion-column-last fusion-column-inner-bg-wrapper\" style=\"--awb-padding-top:20px;--awb-padding-right:20px;--awb-padding-bottom:20px;--awb-padding-left:60px;--awb-inner-bg-color:#f4d0c2;--awb-inner-bg-color-hover:#f4d0c2;--awb-inner-bg-size:cover;width:50%;width:calc(50% - ( ( 4% ) * 0.5 ) );\" data-scroll-devices=\"small-visibility,medium-visibility,large-visibility\"><span class=\"fusion-column-inner-bg hover-type-none\"><a class=\"fusion-column-anchor\" href=\"https:\/\/www.idermic.es\/es\/preguntas-frecuentes\/\"><span class=\"fusion-column-inner-bg-image\"><\/span><\/a><\/span><div class=\"fusion-column-wrapper fusion-column-has-shadow fusion-flex-column-wrapper-legacy\"><div style=\"text-align:center; max-width: 100%; width: calc(100% - 40px); margin: 0 auto;\">\n  <p style=\"color:white;margin:0;padding:15px 15px 0 15px;background-color:#ddbcb0;font-family:Montserrat;font-size:20px;font-weight:500;letter-spacing:2px;line-height:30px;\">\n    PREGUNTAS FRECUENTES \n  <\/p>\n  <p style=\"color:white;margin:0;padding:0 15px 15px 15px;background-color:#ddbcb0;font-family:Open Sans;font-size:12px;font-weight:500;letter-spacing:2px;line-height:30px;\">\n    LEER M\u00c1S +\n  <\/p>\n<\/div><div class=\"fusion-clearfix\"><\/div><\/div><\/div><\/div><\/div>\n<\/p>\n","protected":false},"featured_media":0,"template":"","class_list":["post-1436","cirurgia_plastica","type-cirurgia_plastica","status-publish","hentry"],"yoast_head":"<!-- This site is optimized with the Yoast SEO plugin v28.4 - https:\/\/yoast.com\/product\/yoast-seo-wordpress\/ -->\n<title>Mamas - Idermic. Dermatolog\u00eda en Terrassa<\/title>\n<meta name=\"robots\" content=\"index, follow, max-snippet:-1, max-image-preview:large, max-video-preview:-1\" \/>\n<link rel=\"canonical\" href=\"https:\/\/www.idermic.es\/es\/cirurgia_plastica\/mamas\/\" \/>\n<meta property=\"og:locale\" content=\"es_ES\" \/>\n<meta property=\"og:type\" content=\"article\" \/>\n<meta property=\"og:title\" content=\"Mamas - Idermic. Dermatolog\u00eda en Terrassa\" \/>\n<meta property=\"og:url\" content=\"https:\/\/www.idermic.es\/es\/cirurgia_plastica\/mamas\/\" \/>\n<meta property=\"og:site_name\" content=\"Idermic. Dermatolog\u00eda en Terrassa\" \/>\n<meta property=\"article:publisher\" content=\"https:\/\/www.facebook.com\/Idermic\" \/>\n<meta property=\"article:modified_time\" content=\"2026-01-24T14:53:00+00:00\" \/>\n<meta property=\"og:image\" content=\"https:\/\/www.idermic.es\/wp-content\/uploads\/2019\/01\/glass_green-1.jpg\" \/>\n\t<meta property=\"og:image:width\" content=\"115\" \/>\n\t<meta property=\"og:image:height\" content=\"2\" \/>\n\t<meta property=\"og:image:type\" content=\"image\/jpeg\" \/>\n<meta name=\"twitter:card\" content=\"summary_large_image\" \/>\n<meta name=\"twitter:site\" content=\"@idermic\" \/>\n<meta name=\"twitter:label1\" content=\"Tiempo de lectura\" \/>\n\t<meta name=\"twitter:data1\" content=\"12 minutos\" \/>\n<script type=\"application\/ld+json\" class=\"yoast-schema-graph\">{\"@context\":\"https:\\\/\\\/schema.org\",\"@graph\":[{\"@type\":\"WebPage\",\"@id\":\"https:\\\/\\\/www.idermic.es\\\/es\\\/cirurgia_plastica\\\/mamas\\\/\",\"url\":\"https:\\\/\\\/www.idermic.es\\\/es\\\/cirurgia_plastica\\\/mamas\\\/\",\"name\":\"Mamas - Idermic. Dermatolog\u00eda en Terrassa\",\"isPartOf\":{\"@id\":\"https:\\\/\\\/www.idermic.es\\\/#website\"},\"primaryImageOfPage\":{\"@id\":\"https:\\\/\\\/www.idermic.es\\\/es\\\/cirurgia_plastica\\\/mamas\\\/#primaryimage\"},\"image\":{\"@id\":\"https:\\\/\\\/www.idermic.es\\\/es\\\/cirurgia_plastica\\\/mamas\\\/#primaryimage\"},\"thumbnailUrl\":\"https:\\\/\\\/www.idermic.es\\\/wp-content\\\/uploads\\\/2019\\\/01\\\/glass_green-1.jpg\",\"datePublished\":\"2019-01-30T10:45:27+00:00\",\"dateModified\":\"2026-01-24T14:53:00+00:00\",\"breadcrumb\":{\"@id\":\"https:\\\/\\\/www.idermic.es\\\/es\\\/cirurgia_plastica\\\/mamas\\\/#breadcrumb\"},\"inLanguage\":\"es\",\"potentialAction\":[{\"@type\":\"ReadAction\",\"target\":[\"https:\\\/\\\/www.idermic.es\\\/es\\\/cirurgia_plastica\\\/mamas\\\/\"]}]},{\"@type\":\"ImageObject\",\"inLanguage\":\"es\",\"@id\":\"https:\\\/\\\/www.idermic.es\\\/es\\\/cirurgia_plastica\\\/mamas\\\/#primaryimage\",\"url\":\"https:\\\/\\\/www.idermic.es\\\/wp-content\\\/uploads\\\/2019\\\/01\\\/glass_green-1.jpg\",\"contentUrl\":\"https:\\\/\\\/www.idermic.es\\\/wp-content\\\/uploads\\\/2019\\\/01\\\/glass_green-1.jpg\"},{\"@type\":\"BreadcrumbList\",\"@id\":\"https:\\\/\\\/www.idermic.es\\\/es\\\/cirurgia_plastica\\\/mamas\\\/#breadcrumb\",\"itemListElement\":[{\"@type\":\"ListItem\",\"position\":1,\"name\":\"Inici\",\"item\":\"https:\\\/\\\/www.idermic.es\\\/es\\\/\"},{\"@type\":\"ListItem\",\"position\":2,\"name\":\"Mamas\"}]},{\"@type\":\"WebSite\",\"@id\":\"https:\\\/\\\/www.idermic.es\\\/#website\",\"url\":\"https:\\\/\\\/www.idermic.es\\\/\",\"name\":\"Idermic. Dermatolog\u00eda en Terrassa\",\"description\":\"Dermatolog\u00eda, Medicina est\u00e9tica, Cirurg\u00eda Pl\u00e0stica\",\"publisher\":{\"@id\":\"https:\\\/\\\/www.idermic.es\\\/#organization\"},\"potentialAction\":[{\"@type\":\"SearchAction\",\"target\":{\"@type\":\"EntryPoint\",\"urlTemplate\":\"https:\\\/\\\/www.idermic.es\\\/?s={search_term_string}\"},\"query-input\":{\"@type\":\"PropertyValueSpecification\",\"valueRequired\":true,\"valueName\":\"search_term_string\"}}],\"inLanguage\":\"es\"},{\"@type\":\"Organization\",\"@id\":\"https:\\\/\\\/www.idermic.es\\\/#organization\",\"name\":\"Idermic. Dermatolog\u00eda en Terrassa\",\"url\":\"https:\\\/\\\/www.idermic.es\\\/\",\"logo\":{\"@type\":\"ImageObject\",\"inLanguage\":\"es\",\"@id\":\"https:\\\/\\\/www.idermic.es\\\/#\\\/schema\\\/logo\\\/image\\\/\",\"url\":\"https:\\\/\\\/www.idermic.es\\\/wp-content\\\/uploads\\\/2025\\\/10\\\/Logo-Idermic.jpg\",\"contentUrl\":\"https:\\\/\\\/www.idermic.es\\\/wp-content\\\/uploads\\\/2025\\\/10\\\/Logo-Idermic.jpg\",\"width\":501,\"height\":502,\"caption\":\"Idermic. Dermatolog\u00eda en Terrassa\"},\"image\":{\"@id\":\"https:\\\/\\\/www.idermic.es\\\/#\\\/schema\\\/logo\\\/image\\\/\"},\"sameAs\":[\"https:\\\/\\\/www.facebook.com\\\/Idermic\",\"https:\\\/\\\/x.com\\\/idermic\",\"https:\\\/\\\/www.instagram.com\\\/idermicclinic\\\/\",\"https:\\\/\\\/www.youtube.com\\\/channel\\\/UCyAHC9-p8lc6hr_nguO8p_g\"]}]}<\/script>\n<!-- \/ Yoast SEO plugin. -->","yoast_head_json":{"title":"Mamas - Idermic. Dermatolog\u00eda en Terrassa","robots":{"index":"index","follow":"follow","max-snippet":"max-snippet:-1","max-image-preview":"max-image-preview:large","max-video-preview":"max-video-preview:-1"},"canonical":"https:\/\/www.idermic.es\/es\/cirurgia_plastica\/mamas\/","og_locale":"es_ES","og_type":"article","og_title":"Mamas - Idermic. Dermatolog\u00eda en Terrassa","og_url":"https:\/\/www.idermic.es\/es\/cirurgia_plastica\/mamas\/","og_site_name":"Idermic. Dermatolog\u00eda en Terrassa","article_publisher":"https:\/\/www.facebook.com\/Idermic","article_modified_time":"2026-01-24T14:53:00+00:00","og_image":[{"width":115,"height":2,"url":"https:\/\/www.idermic.es\/wp-content\/uploads\/2019\/01\/glass_green-1.jpg","type":"image\/jpeg"}],"twitter_card":"summary_large_image","twitter_site":"@idermic","twitter_misc":{"Tiempo de lectura":"12 minutos"},"schema":{"@context":"https:\/\/schema.org","@graph":[{"@type":"WebPage","@id":"https:\/\/www.idermic.es\/es\/cirurgia_plastica\/mamas\/","url":"https:\/\/www.idermic.es\/es\/cirurgia_plastica\/mamas\/","name":"Mamas - Idermic. Dermatolog\u00eda en Terrassa","isPartOf":{"@id":"https:\/\/www.idermic.es\/#website"},"primaryImageOfPage":{"@id":"https:\/\/www.idermic.es\/es\/cirurgia_plastica\/mamas\/#primaryimage"},"image":{"@id":"https:\/\/www.idermic.es\/es\/cirurgia_plastica\/mamas\/#primaryimage"},"thumbnailUrl":"https:\/\/www.idermic.es\/wp-content\/uploads\/2019\/01\/glass_green-1.jpg","datePublished":"2019-01-30T10:45:27+00:00","dateModified":"2026-01-24T14:53:00+00:00","breadcrumb":{"@id":"https:\/\/www.idermic.es\/es\/cirurgia_plastica\/mamas\/#breadcrumb"},"inLanguage":"es","potentialAction":[{"@type":"ReadAction","target":["https:\/\/www.idermic.es\/es\/cirurgia_plastica\/mamas\/"]}]},{"@type":"ImageObject","inLanguage":"es","@id":"https:\/\/www.idermic.es\/es\/cirurgia_plastica\/mamas\/#primaryimage","url":"https:\/\/www.idermic.es\/wp-content\/uploads\/2019\/01\/glass_green-1.jpg","contentUrl":"https:\/\/www.idermic.es\/wp-content\/uploads\/2019\/01\/glass_green-1.jpg"},{"@type":"BreadcrumbList","@id":"https:\/\/www.idermic.es\/es\/cirurgia_plastica\/mamas\/#breadcrumb","itemListElement":[{"@type":"ListItem","position":1,"name":"Inici","item":"https:\/\/www.idermic.es\/es\/"},{"@type":"ListItem","position":2,"name":"Mamas"}]},{"@type":"WebSite","@id":"https:\/\/www.idermic.es\/#website","url":"https:\/\/www.idermic.es\/","name":"Idermic. Dermatolog\u00eda en Terrassa","description":"Dermatolog\u00eda, Medicina est\u00e9tica, Cirurg\u00eda Pl\u00e0stica","publisher":{"@id":"https:\/\/www.idermic.es\/#organization"},"potentialAction":[{"@type":"SearchAction","target":{"@type":"EntryPoint","urlTemplate":"https:\/\/www.idermic.es\/?s={search_term_string}"},"query-input":{"@type":"PropertyValueSpecification","valueRequired":true,"valueName":"search_term_string"}}],"inLanguage":"es"},{"@type":"Organization","@id":"https:\/\/www.idermic.es\/#organization","name":"Idermic. Dermatolog\u00eda en Terrassa","url":"https:\/\/www.idermic.es\/","logo":{"@type":"ImageObject","inLanguage":"es","@id":"https:\/\/www.idermic.es\/#\/schema\/logo\/image\/","url":"https:\/\/www.idermic.es\/wp-content\/uploads\/2025\/10\/Logo-Idermic.jpg","contentUrl":"https:\/\/www.idermic.es\/wp-content\/uploads\/2025\/10\/Logo-Idermic.jpg","width":501,"height":502,"caption":"Idermic. Dermatolog\u00eda en Terrassa"},"image":{"@id":"https:\/\/www.idermic.es\/#\/schema\/logo\/image\/"},"sameAs":["https:\/\/www.facebook.com\/Idermic","https:\/\/x.com\/idermic","https:\/\/www.instagram.com\/idermicclinic\/","https:\/\/www.youtube.com\/channel\/UCyAHC9-p8lc6hr_nguO8p_g"]}]}},"_links":{"self":[{"href":"https:\/\/www.idermic.es\/es\/wp-json\/wp\/v2\/cirurgia_plastica\/1436","targetHints":{"allow":["GET"]}}],"collection":[{"href":"https:\/\/www.idermic.es\/es\/wp-json\/wp\/v2\/cirurgia_plastica"}],"about":[{"href":"https:\/\/www.idermic.es\/es\/wp-json\/wp\/v2\/types\/cirurgia_plastica"}],"wp:attachment":[{"href":"https:\/\/www.idermic.es\/es\/wp-json\/wp\/v2\/media?parent=1436"}],"curies":[{"name":"wp","href":"https:\/\/api.w.org\/{rel}","templated":true}]}}